{"id":2579,"date":"2025-09-22T13:58:34","date_gmt":"2025-09-22T11:58:34","guid":{"rendered":"https:\/\/www.camping-des-familles.com\/accueil\/"},"modified":"2025-12-09T12:11:24","modified_gmt":"2025-12-09T11:11:24","slug":"accueil","status":"publish","type":"page","link":"https:\/\/www.camping-des-familles.com\/nl\/","title":{"rendered":"Home"},"content":{"rendered":"\n<section class=\"wp-block-group gt_sidemosaique_002 has-custom-color-3-background-color has-background is-layout-flow wp-block-group-is-layout-flow\">\n<div class=\"wp-block-columns is-layout-flex wp-container-core-columns-is-layout-7fc3d43a wp-block-columns-is-layout-flex\">\n<div class=\"wp-block-column is-vertically-aligned-top left is-layout-flow wp-block-column-is-layout-flow\" style=\"flex-basis:60%\">\n<iframe width=\"100%\" height=\"550\" src=\"https:\/\/www.youtube.com\/embed\/1toF_9imjMk?si=25-jr5Lbkvu-_pHn&#038;rel=0\" title=\"Camping Camp\u00e9ole des Familles\" frameborder=\"0\" allow=\"accelerometer; autoplay; clipboard-write; encrypted-media; gyroscope; picture-in-picture; web-share\" referrerpolicy=\"strict-origin-when-cross-origin\" allowfullscreen=\"\"><\/iframe>\n\n\n\n<div class=\"wp-block-group bottom is-layout-flow wp-block-group-is-layout-flow\">\n<div class=\"wp-block-group title-group is-nowrap is-layout-flex wp-container-core-group-is-layout-6c531013 wp-block-group-is-layout-flex\">\n<figure class=\"wp-block-image size-large\"><img decoding=\"async\" width=\"75\" height=\"75\" src=\"https:\/\/www.camping-des-familles.com\/wp-content\/uploads\/2025\/09\/Vector-9.svg\" alt=\"Vector (9)\" class=\"wp-image-221\"\/><\/figure>\n\n\n\n<h1 class=\"wp-block-heading has-custom-color-4-color has-text-color has-link-color wp-elements-183a7662f11869f1ec32c7bc24eb130c\" style=\"text-transform:uppercase\"><span>Camping in de M\u00e9doc<\/span>, <br\/>bij Soulac-sur-Mer<\/h1>\n<\/div>\n\n\n\n<p class=\"has-custom-color-4-color has-text-color has-link-color wp-elements-b9990a65b03bbf4c396240f69216f5e2\" style=\"line-height:1.9\">Op zoek naar een <strong>rustige vakantie midden in de natuur<\/strong>? Camping des Familles Ecolodge, gelegen in Grayan-et-l&#8217;H\u00f4pital, verwelkomt je in een <strong>gezellige sfeer<\/strong>, op een steenworp afstand van de oceaan (5 min met de auto en 15 min met de fiets over de beveiligde fietspaden). Onze camping in de M\u00e9doc is de ideale uitvalsbasis om de <g id=\"gid_2\">stranden<\/g>, <g id=\"gid_3\">bossen <\/g>en <g id=\"gid_4\">wijnschatten<\/g> van de regio <g id=\"gid_2\">te ontdekken<\/g>. Onze medewerkers heten je van harte welkom voor een <strong>eenvoudige<\/strong>, <strong>authentieke <\/strong>en <strong>verkwikkende<\/strong> <strong>vakantie<\/strong>. Hier kun je de auto achterlaten en in alle rust genieten van de natuur, <strong>te voet of op de fiets<\/strong>.     <\/p>\n<\/div>\n<\/div>\n\n\n\n<div class=\"wp-block-column right is-layout-flow wp-block-column-is-layout-flow\" style=\"flex-basis:40%\">\n<div class=\"wp-block-group h1-like is-layout-flow wp-block-group-is-layout-flow\">\n<p class=\"has-custom-color-4-color has-text-color has-link-color has-pp-woodland-font-family wp-elements-646539eec37efc05b698beb5a50ef6b0\" style=\"font-size:clamp(50.171px, 3.136rem + ((1vw - 3.2px) * 4.051), 100px);font-style:normal;font-weight:200;text-transform:uppercase\">Adem <br\/>rust <br\/>in<\/p>\n<\/div>\n\n\n\n<figure class=\"wp-block-image size-full is-resized has-custom-border first-img gt-gsap-fadeIn\"><img decoding=\"async\" width=\"1707\" height=\"2560\" src=\"https:\/\/www.camping-des-familles.com\/wp-content\/uploads\/2025\/10\/Vacances-en-van-camping-des-familles-scaled.jpg\" alt=\"Kampeervakanties met het gezin\" class=\"wp-image-2130\" style=\"border-radius:5px;box-shadow:var(--wp--preset--shadow--deep);width:auto;height:705px\" srcset=\"https:\/\/www.camping-des-familles.com\/wp-content\/uploads\/2025\/10\/Vacances-en-van-camping-des-familles-scaled.jpg 1707w, https:\/\/www.camping-des-familles.com\/wp-content\/uploads\/2025\/10\/Vacances-en-van-camping-des-familles-200x300.jpg 200w, https:\/\/www.camping-des-familles.com\/wp-content\/uploads\/2025\/10\/Vacances-en-van-camping-des-familles-683x1024.jpg 683w, https:\/\/www.camping-des-familles.com\/wp-content\/uploads\/2025\/10\/Vacances-en-van-camping-des-familles-768x1152.jpg 768w, https:\/\/www.camping-des-familles.com\/wp-content\/uploads\/2025\/10\/Vacances-en-van-camping-des-familles-1024x1536.jpg 1024w, https:\/\/www.camping-des-familles.com\/wp-content\/uploads\/2025\/10\/Vacances-en-van-camping-des-familles-1365x2048.jpg 1365w\" sizes=\"(max-width: 1707px) 100vw, 1707px\" \/><\/figure>\n<\/div>\n<\/div>\n<\/section>\n\n<section class=\"wp-block-group gt_cta-multiple_004 bis is-layout-flow wp-block-group-is-layout-flow\" style=\"padding-bottom:var(--wp--preset--spacing--60)\">\n<div class=\"wp-block-columns alignwide top is-layout-flex wp-container-core-columns-is-layout-18fd109e wp-block-columns-is-layout-flex\" style=\"border-radius:0px;margin-top:0px;margin-right:0px;margin-bottom:0px;margin-left:0px;padding-top:0px;padding-right:0px;padding-bottom:0px;padding-left:0px\">\n<div class=\"wp-block-column is-vertically-aligned-center left is-layout-flow wp-block-column-is-layout-flow\" style=\"flex-basis:36%\">\n<div class=\"wp-block-group is-vertical is-content-justification-left is-nowrap is-layout-flex wp-container-core-group-is-layout-7c2e7db4 wp-block-group-is-layout-flex\" style=\"border-radius:0px;margin-top:0px;margin-right:0px;margin-bottom:0px;margin-left:0px;padding-top:0px;padding-right:0px;padding-bottom:0px;padding-left:0px\">\n<div class=\"wp-block-group h1-like has-pp-woodland-font-family has-global-padding is-layout-constrained wp-block-group-is-layout-constrained\">\n<p class=\"has-custom-color-1-color has-text-color has-link-color wp-elements-bfb05ccde52a28b1540cb1aefc42f187\" style=\"font-size:clamp(50.171px, 3.136rem + ((1vw - 3.2px) * 4.051), 100px);font-style:normal;font-weight:300;text-transform:uppercase\">Beweeg,<br\/> proef,<br\/><span>tril!<\/span><\/p>\n<\/div>\n<\/div>\n<\/div>\n\n\n\n<div class=\"wp-block-column is-vertically-aligned-center right is-layout-flow wp-block-column-is-layout-flow\" style=\"flex-basis:59%\">\n<div class=\"wp-block-group is-nowrap is-layout-flex wp-container-core-group-is-layout-cd9ab148 wp-block-group-is-layout-flex\">\n<figure class=\"wp-block-image size-full\"><img decoding=\"async\" width=\"87\" height=\"88\" src=\"https:\/\/www.camping-des-familles.com\/wp-content\/uploads\/2025\/09\/planche-de-surf-1.svg\" alt=\"surfplank 1\" class=\"wp-image-226\" style=\"object-fit:cover\"\/><\/figure>\n\n\n\n<h2 class=\"wp-block-heading has-text-align-left full-width has-gotham-rounded-font-family has-custom-color-1-color has-text-color\" style=\"margin-top:0px;margin-right:0px;margin-bottom:0px;margin-left:0px;font-size:clamp(27.894px, 1.743rem + ((1vw - 3.2px) * 1.635), 48px);font-style:normal;font-weight:300;line-height:1.0;text-transform:uppercase\"><span>4-sterrenservice en activiteiten<\/span><br\/> voor een ontspannen verblijf<\/h2>\n<\/div>\n\n\n\n<p class=\"has-text-align-left full-width has-custom-color-1-color has-text-color has-gotham-rounded-font-family\" style=\"margin-top:0px;margin-right:0px;margin-bottom:0px;margin-left:0px;font-size:clamp(14px, 0.875rem + ((1vw - 3.2px) * 0.244), 17px);font-style:normal;font-weight:300;line-height:1.9\">Camping des Familles Ecolodge biedt <a href=\"https:\/\/www.camping-des-familles.com\/nl\/camping-diensten-grayan-et-l-hopital\/\" data-type=\"page\" data-id=\"16\"><strong>4-sterrenservice in de M\u00e9doc<\/strong><\/a> om je verblijf zo aangenaam mogelijk te maken: <a href=\"https:\/\/www.camping-des-familles.com\/nl\/bar-restaurant-grayan-et-l-hopital\/\" data-type=\"page\" data-id=\"32\"><strong>bar-restaurant in de buurt van Soulac-sur-Mer<\/strong><\/a> met afhaalmaaltijden, snackbar, kruidenierswinkel, brood en gebak in de ochtend.<br\/>Overdag kun je je ontspannen of je vermaken met onze vele faciliteiten: <strong>verwarmd zwembad<\/strong>, <strong>kikkerbad<\/strong>, <strong>speeltuin<\/strong>, <strong>trampoline<\/strong>, <strong>jeu de boulesbaan<\/strong>, <strong>speelzaal<\/strong>, <strong>tafelvoetbal<\/strong>, <strong>biljart<\/strong> en <strong>tafeltennis.<\/strong> Er zijn ook <strong>mountainbikes en elektrische scooters<\/strong> te huur om de omgeving te verkennen. &#8217;s Avonds draait alles om gezelligheid, met <a href=\"https:\/\/www.camping-des-familles.com\/nl\/camping-animaties-grayan-et-l-hopital\/\" data-type=\"page\" data-id=\"20\">entertainment in de M\u00e9doc<\/a> en <strong>feestelijke avonden <\/strong>voor alle leeftijden!<br\/><\/p>\n<\/div>\n<\/div>\n\n\n\n<div data-swiper=\"{&quot;speed&quot;:400,&quot;spaceBetween&quot;:16,&quot;slidesPerView&quot;:3,&quot;createElements&quot;:true,&quot;loop&quot;:true,&quot;freemode&quot;:true,&quot;pagination&quot;:{&quot;el&quot;:&quot;.swiper-pagination&quot;,&quot;dynamicBullets&quot;:true},&quot;breakpoints&quot;:{&quot;0&quot;:{&quot;slidesPerView&quot;:1},&quot;1280&quot;:{&quot;slidesPerView&quot;:3}},&quot;navigation&quot;:false}\" class=\"wp-block-group bottom gt-is-slider gt-is-slider-desktop has-global-padding is-layout-constrained wp-block-group-is-layout-constrained\">\n<div class=\"wp-block-group is-layout-flow wp-block-group-is-layout-flow\"><a href=\"https:\/\/www.camping-des-familles.com\/camping-services-grayan-et-l-hopital\/\"    class=\"cta-2 wp-block-tiptip-hyperlink-group-block\" >\n<div class=\"wp-block-cover alignwide is-light has-custom-content-position is-position-top-center blob-image\" style=\"border-radius:5px\"><img decoding=\"async\" width=\"2000\" height=\"1350\" class=\"wp-block-cover__image-background wp-image-2138 size-full\" alt=\"Animations camping des familles m\u00e9doc\" src=\"https:\/\/www.camping-des-familles.com\/wp-content\/uploads\/2025\/10\/Animations-camping-des-familles-medoc.webp\" data-object-fit=\"cover\" srcset=\"https:\/\/www.camping-des-familles.com\/wp-content\/uploads\/2025\/10\/Animations-camping-des-familles-medoc.webp 2000w, https:\/\/www.camping-des-familles.com\/wp-content\/uploads\/2025\/10\/Animations-camping-des-familles-medoc-300x203.webp 300w, https:\/\/www.camping-des-familles.com\/wp-content\/uploads\/2025\/10\/Animations-camping-des-familles-medoc-1024x691.webp 1024w, https:\/\/www.camping-des-familles.com\/wp-content\/uploads\/2025\/10\/Animations-camping-des-familles-medoc-768x518.webp 768w, https:\/\/www.camping-des-familles.com\/wp-content\/uploads\/2025\/10\/Animations-camping-des-familles-medoc-1536x1037.webp 1536w\" sizes=\"(max-width: 2000px) 100vw, 2000px\" \/><span aria-hidden=\"true\" class=\"wp-block-cover__background has-custom-color-1-background-color has-background-dim-30 has-background-dim\"><\/span><div class=\"wp-block-cover__inner-container is-layout-flow wp-block-cover-is-layout-flow\">\n<div class=\"wp-block-group cta-content has-background is-horizontal is-content-justification-left is-nowrap is-layout-flex wp-container-core-group-is-layout-69c50b29 wp-block-group-is-layout-flex\" style=\"border-radius:0px;background-color:#FFFFFF00;min-height:731px;margin-top:0px;margin-right:0px;margin-bottom:0px;margin-left:0px;padding-top:0px;padding-right:0px;padding-bottom:0px;padding-left:var(--wp--preset--spacing--40)\">\n<figure class=\"wp-block-image size-large is-resized\" style=\"margin-top:0px;margin-right:0px;margin-bottom:0px;margin-left:0px\"><img decoding=\"async\" width=\"145\" height=\"141\" src=\"https:\/\/www.camping-des-familles.com\/wp-content\/uploads\/2025\/09\/Frame-1000005936.svg\" alt=\"Frame 1000005936\" class=\"wp-image-455\" style=\"width:94.97830963134766px\"\/><\/figure>\n\n\n\n<div class=\"wp-block-group has-global-padding is-content-justification-left is-layout-constrained wp-container-core-group-is-layout-9bc554a6 wp-block-group-is-layout-constrained\" style=\"margin-top:0px;margin-right:0px;margin-bottom:0px;margin-left:0px\">\n<p class=\"wp-block-heading has-gotham-rounded-font-family has-custom-color-4-color has-text-color has-pp-woodland-font-family\" style=\"margin-top:0px;margin-right:0px;margin-bottom:0px;margin-left:0px;font-size:clamp(22.041px, 1.378rem + ((1vw - 3.2px) * 1.135), 36px);font-style:normal;font-weight:200;line-height:1.0\">Ontdek<\/p>\n\n\n\n<p class=\"has-custom-color-4-color has-text-color has-link-color has-pp-woodland-font-family wp-elements-9d7f9e718504bc258ed2fd691d953b54\" style=\"font-size:clamp(33.419px, 2.089rem + ((1vw - 3.2px) * 2.161), 60px);font-style:normal;font-weight:700;text-transform:uppercase\">De diensten<\/p>\n<\/div>\n<\/div>\n<\/div><\/div>\n<\/a><\/div>\n\n\n\n<div class=\"wp-block-group is-layout-flow wp-block-group-is-layout-flow\"><a href=\"https:\/\/www.camping-des-familles.com\/bar-restaurant-grayan-et-l-hopital\/\"    class=\"cta-2 wp-block-tiptip-hyperlink-group-block\" >\n<div class=\"wp-block-cover alignwide has-custom-content-position is-position-top-center blob-image\" style=\"border-radius:0px\"><img decoding=\"async\" width=\"1707\" height=\"2560\" class=\"wp-block-cover__image-background wp-image-1645 size-full\" alt=\"bar cocktail camping des familles\" src=\"https:\/\/www.camping-des-familles.com\/wp-content\/uploads\/2025\/10\/bar-cocktail-camping-des-familles-scaled.jpg\" data-object-fit=\"cover\" srcset=\"https:\/\/www.camping-des-familles.com\/wp-content\/uploads\/2025\/10\/bar-cocktail-camping-des-familles-scaled.jpg 1707w, https:\/\/www.camping-des-familles.com\/wp-content\/uploads\/2025\/10\/bar-cocktail-camping-des-familles-200x300.jpg 200w, https:\/\/www.camping-des-familles.com\/wp-content\/uploads\/2025\/10\/bar-cocktail-camping-des-familles-683x1024.jpg 683w, https:\/\/www.camping-des-familles.com\/wp-content\/uploads\/2025\/10\/bar-cocktail-camping-des-familles-768x1152.jpg 768w, https:\/\/www.camping-des-familles.com\/wp-content\/uploads\/2025\/10\/bar-cocktail-camping-des-familles-1024x1536.jpg 1024w, https:\/\/www.camping-des-familles.com\/wp-content\/uploads\/2025\/10\/bar-cocktail-camping-des-familles-1365x2048.jpg 1365w\" sizes=\"(max-width: 1707px) 100vw, 1707px\" \/><span aria-hidden=\"true\" class=\"wp-block-cover__background has-custom-color-1-background-color has-background-dim-30 has-background-dim\"><\/span><div class=\"wp-block-cover__inner-container is-layout-flow wp-block-cover-is-layout-flow\">\n<div class=\"wp-block-group cta-content has-background is-horizontal is-content-justification-left is-nowrap is-layout-flex wp-container-core-group-is-layout-69c50b29 wp-block-group-is-layout-flex\" style=\"border-radius:0px;background-color:#FFFFFF00;min-height:731px;margin-top:0px;margin-right:0px;margin-bottom:0px;margin-left:0px;padding-top:0px;padding-right:0px;padding-bottom:0px;padding-left:var(--wp--preset--spacing--40)\">\n<figure class=\"wp-block-image size-large is-resized\" style=\"margin-top:0px;margin-right:0px;margin-bottom:0px;margin-left:0px\"><img decoding=\"async\" width=\"145\" height=\"141\" src=\"https:\/\/www.camping-des-familles.com\/wp-content\/uploads\/2025\/09\/Frame-1000005936.svg\" alt=\"Frame 1000005936\" class=\"wp-image-455\" style=\"width:94.97830963134766px\"\/><\/figure>\n\n\n\n<div class=\"wp-block-group has-global-padding is-content-justification-left is-layout-constrained wp-container-core-group-is-layout-9bc554a6 wp-block-group-is-layout-constrained\" style=\"margin-top:0px;margin-right:0px;margin-bottom:0px;margin-left:0px\">\n<p class=\"wp-block-heading has-gotham-rounded-font-family has-custom-color-4-color has-text-color has-pp-woodland-font-family\" style=\"margin-top:0px;margin-right:0px;margin-bottom:0px;margin-left:0px;font-size:clamp(22.041px, 1.378rem + ((1vw - 3.2px) * 1.135), 36px);font-style:normal;font-weight:200;line-height:1.0\">Ontdek<\/p>\n\n\n\n<p class=\"has-custom-color-4-color has-text-color has-link-color has-pp-woodland-font-family wp-elements-13092dad4a0eedd7fbbd738006262dcf\" style=\"font-size:clamp(33.419px, 2.089rem + ((1vw - 3.2px) * 2.161), 60px);font-style:normal;font-weight:700;text-transform:uppercase\">De bar restaurant<\/p>\n<\/div>\n<\/div>\n<\/div><\/div>\n<\/a><\/div>\n\n\n\n<div class=\"wp-block-group is-layout-flow wp-block-group-is-layout-flow\"><a href=\"https:\/\/www.camping-des-familles.com\/activites-sportives-medoc\/\"    class=\"cta-2 wp-block-tiptip-hyperlink-group-block\" >\n<div class=\"wp-block-cover alignwide has-custom-content-position is-position-top-center blob-image\" style=\"border-radius:0px\"><img decoding=\"async\" width=\"1620\" height=\"1080\" class=\"wp-block-cover__image-background wp-image-2382 size-full\" alt=\"zosh-mountain-15\" src=\"https:\/\/www.camping-des-familles.com\/wp-content\/uploads\/2025\/10\/zosh-mountain-15.jpg\" data-object-fit=\"cover\" srcset=\"https:\/\/www.camping-des-familles.com\/wp-content\/uploads\/2025\/10\/zosh-mountain-15.jpg 1620w, https:\/\/www.camping-des-familles.com\/wp-content\/uploads\/2025\/10\/zosh-mountain-15-300x200.jpg 300w, https:\/\/www.camping-des-familles.com\/wp-content\/uploads\/2025\/10\/zosh-mountain-15-1024x683.jpg 1024w, https:\/\/www.camping-des-familles.com\/wp-content\/uploads\/2025\/10\/zosh-mountain-15-768x512.jpg 768w, https:\/\/www.camping-des-familles.com\/wp-content\/uploads\/2025\/10\/zosh-mountain-15-1536x1024.jpg 1536w\" sizes=\"(max-width: 1620px) 100vw, 1620px\" \/><span aria-hidden=\"true\" class=\"wp-block-cover__background has-custom-color-1-background-color has-background-dim-30 has-background-dim\"><\/span><div class=\"wp-block-cover__inner-container is-layout-flow wp-block-cover-is-layout-flow\">\n<div class=\"wp-block-group cta-content has-background is-horizontal is-content-justification-left is-nowrap is-layout-flex wp-container-core-group-is-layout-69c50b29 wp-block-group-is-layout-flex\" style=\"border-radius:0px;background-color:#FFFFFF00;min-height:731px;margin-top:0px;margin-right:0px;margin-bottom:0px;margin-left:0px;padding-top:0px;padding-right:0px;padding-bottom:0px;padding-left:var(--wp--preset--spacing--40)\">\n<figure class=\"wp-block-image size-large is-resized\" style=\"margin-top:0px;margin-right:0px;margin-bottom:0px;margin-left:0px\"><img decoding=\"async\" width=\"145\" height=\"141\" src=\"https:\/\/www.camping-des-familles.com\/wp-content\/uploads\/2025\/09\/Frame-1000005936.svg\" alt=\"Frame 1000005936\" class=\"wp-image-455\" style=\"width:94.97830963134766px\"\/><\/figure>\n\n\n\n<div class=\"wp-block-group has-global-padding is-content-justification-left is-layout-constrained wp-container-core-group-is-layout-9bc554a6 wp-block-group-is-layout-constrained\" style=\"margin-top:0px;margin-right:0px;margin-bottom:0px;margin-left:0px\">\n<p class=\"wp-block-heading has-gotham-rounded-font-family has-custom-color-4-color has-text-color has-pp-woodland-font-family\" style=\"margin-top:0px;margin-right:0px;margin-bottom:0px;margin-left:0px;font-size:clamp(22.041px, 1.378rem + ((1vw - 3.2px) * 1.135), 36px);font-style:normal;font-weight:200;line-height:1.0\">Ontdek<\/p>\n\n\n\n<p class=\"has-custom-color-4-color has-text-color has-link-color has-pp-woodland-font-family wp-elements-c562e05415619b38415804d290d3eb8e\" style=\"font-size:clamp(33.419px, 2.089rem + ((1vw - 3.2px) * 2.161), 60px);font-style:normal;font-weight:700;text-transform:uppercase\">Sport<\/p>\n<\/div>\n<\/div>\n<\/div><\/div>\n<\/a><\/div>\n<\/div>\n<\/section>\n\n<section class=\"wp-block-group home-second gt-hide-mobile gt-hide-desktop is-layout-flow wp-block-group-is-layout-flow\">\n<div class=\"wp-block-cover alignfull has-parallax has-custom-content-position is-position-bottom-center blob-image\" style=\"min-height:150vh;aspect-ratio:unset;\"><div role=\"img\" aria-label=\"SPA Hammam pr\u00e8s de Grayan-et-l\u2019H\u00f4pital\" class=\"wp-block-cover__image-background wp-image-1866 size-full has-parallax\" style=\"background-position:50% 50%;background-image:url(https:\/\/www.camping-des-familles.com\/wp-content\/uploads\/2025\/10\/SPA-Hammam-pres-de-Grayan-et-lHopital-1.jpg)\"><\/div><span aria-hidden=\"true\" class=\"wp-block-cover__background has-background-dim-0 has-background-dim\" style=\"background-color:#755440\"><\/span><div class=\"wp-block-cover__inner-container is-layout-flow wp-block-cover-is-layout-flow\">\n<div class=\"wp-block-group top is-vertical is-content-justification-center is-layout-flex wp-container-core-group-is-layout-a019ff3b wp-block-group-is-layout-flex\" style=\"border-radius:0px;margin-top:0px;margin-right:0px;margin-bottom:0px;margin-left:0px;padding-top:0px;padding-right:17.55352783203125px;padding-bottom:0px;padding-left:17.5537109375px\">\n<div class=\"wp-block-group h1-like has-global-padding is-layout-constrained wp-block-group-is-layout-constrained\">\n<p class=\"has-text-align-center has-custom-color-4-color has-text-color has-link-color has-pp-woodland-font-family wp-elements-b822211d8726787d4f096085c15a7fd4\" style=\"font-size:clamp(57.464px, 3.592rem + ((1vw - 3.2px) * 5.003), 119px);font-style:normal;font-weight:200;text-transform:uppercase\"><span>Instant<\/span><br\/>opgeschort<\/p>\n<\/div>\n\n\n\n<div class=\"wp-block-group white-circle has-background is-vertical is-content-justification-center is-layout-flex wp-container-core-group-is-layout-e94e8dc5 wp-block-group-is-layout-flex\" style=\"border-radius:50px;background-color:#85765fb8;margin-top:0px;margin-right:0px;margin-bottom:0px;margin-left:0px;padding-top:0px;padding-right:0px;padding-bottom:0px;padding-left:0px\">\n<figure class=\"wp-block-image size-large is-resized\" style=\"margin-top:0px;margin-right:0px;margin-bottom:0px;margin-left:0px\"><img decoding=\"async\" width=\"120\" height=\"90\" src=\"https:\/\/www.camping-des-familles.com\/wp-content\/uploads\/2025\/09\/Layer_x0020_1.svg\" alt=\"Laag_x0020_1\" class=\"wp-image-236\" style=\"width:115px\"\/><\/figure>\n\n\n\n<div class=\"wp-block-group has-global-padding is-content-justification-center is-layout-constrained wp-container-core-group-is-layout-20e69b80 wp-block-group-is-layout-constrained\" style=\"margin-top:0px;margin-right:0px;margin-bottom:0px;margin-left:0px\">\n<p class=\"has-text-align-center wp-block-heading text-nowrap has-damirone-font-family has-custom-color-4-color has-text-color has-pp-woodland-font-family\" style=\"font-size:clamp(17.905px, 1.119rem + ((1vw - 3.2px) * 0.821), 28px);\">Ontspanning<\/p>\n<\/div>\n<\/div>\n\n\n\n<div class=\"wp-block-group white-circle has-background is-vertical is-content-justification-center is-layout-flex wp-container-core-group-is-layout-3e0a07d8 wp-block-group-is-layout-flex\" style=\"border-radius:50px;background-color:#85765fb8;margin-top:0px;margin-right:0px;margin-bottom:0px;margin-left:0px;padding-top:0px;padding-right:0px;padding-bottom:0px;padding-left:0px\">\n<figure class=\"wp-block-image size-large is-resized\" style=\"margin-top:0px;margin-right:0px;margin-bottom:0px;margin-left:0px\"><img decoding=\"async\" width=\"128\" height=\"81\" src=\"https:\/\/www.camping-des-familles.com\/wp-content\/uploads\/2025\/09\/Layer_x0020_1-1.svg\" alt=\"Laag_x0020_1 (1)\" class=\"wp-image-241\" style=\"width:108px\"\/><\/figure>\n\n\n\n<div class=\"wp-block-group has-global-padding is-content-justification-center is-layout-constrained wp-container-core-group-is-layout-20e69b80 wp-block-group-is-layout-constrained\" style=\"margin-top:0px;margin-right:0px;margin-bottom:0px;margin-left:0px\">\n<p class=\"has-text-align-center wp-block-heading text-nowrap has-damirone-font-family has-custom-color-4-color has-text-color has-pp-woodland-font-family\" style=\"font-size:clamp(17.905px, 1.119rem + ((1vw - 3.2px) * 0.821), 28px);text-transform:capitalize\">ontsnappen<\/p>\n<\/div>\n<\/div>\n\n\n\n<div class=\"wp-block-group white-circle has-custom-color-3-background-color has-background is-vertical is-content-justification-center is-layout-flex wp-container-core-group-is-layout-e94e8dc5 wp-block-group-is-layout-flex\" style=\"border-radius:50px;margin-top:0px;margin-right:0px;margin-bottom:0px;margin-left:0px;padding-top:0px;padding-right:0px;padding-bottom:0px;padding-left:0px\">\n<figure class=\"wp-block-image size-large is-resized\" style=\"margin-top:0px;margin-right:0px;margin-bottom:0px;margin-left:0px\"><img decoding=\"async\" width=\"90\" height=\"91\" src=\"https:\/\/www.camping-des-familles.com\/wp-content\/uploads\/2025\/09\/calme-1.svg\" alt=\"kalm 1\" class=\"wp-image-246\" style=\"width:108.76891326904297px\"\/><\/figure>\n\n\n\n<div class=\"wp-block-group has-global-padding is-content-justification-center is-layout-constrained wp-container-core-group-is-layout-1a6330c8 wp-block-group-is-layout-constrained\" style=\"margin-top:0px;margin-right:0px;margin-bottom:0px;margin-left:0px\">\n<p class=\"has-text-align-center wp-block-heading text-nowrap has-damirone-font-family has-custom-color-4-color has-text-color has-pp-woodland-font-family\" style=\"font-size:clamp(17.905px, 1.119rem + ((1vw - 3.2px) * 0.821), 28px);\">Rust<\/p>\n<\/div>\n<\/div>\n<\/div>\n\n\n\n<div class=\"wp-block-group bottom has-custom-color-3-background-color has-background is-vertical is-content-justification-stretch is-nowrap is-layout-flex wp-container-core-group-is-layout-d3bfd06e wp-block-group-is-layout-flex\" style=\"border-radius:0px;margin-top:0px;margin-right:0px;margin-bottom:0px;margin-left:0px;padding-top:var(--wp--preset--spacing--30);padding-right:0px;padding-bottom:var(--wp--preset--spacing--60);padding-left:0px\">\n<div class=\"wp-block-group has-global-padding is-content-justification-center is-layout-constrained wp-container-core-group-is-layout-0785c223 wp-block-group-is-layout-constrained\" style=\"margin-top:0px;margin-right:0px;margin-bottom:0px;margin-left:0px\">\n<h2 class=\"wp-block-heading has-text-align-center full-width has-damirone-font-family has-custom-color-4-color has-text-color\" style=\"margin-top:0px;margin-right:0px;margin-bottom:0px;margin-left:0px;font-size:clamp(27.894px, 1.743rem + ((1vw - 3.2px) * 1.635), 48px);font-style:normal;font-weight:400;line-height:1.2;text-transform:uppercase\"><span>Ontspanning: welzijn, spa<\/span><br\/>en zintuiglijke routes<\/h2>\n<\/div>\n\n\n\n<div class=\"wp-block-group has-global-padding is-content-justification-center is-layout-constrained wp-container-core-group-is-layout-6e8eba2e wp-block-group-is-layout-constrained\" style=\"margin-top:0px;margin-right:0px;margin-bottom:0px;margin-left:0px;padding-right:16rem;padding-left:16rem\">\n<p class=\"has-text-align-center full-width has-custom-color-4-color has-text-color has-poppins-font-family\" style=\"margin-top:0px;margin-right:0px;margin-bottom:0px;margin-left:0px;font-size:clamp(14px, 0.875rem + ((1vw - 3.2px) * 0.325), 18px);font-style:normal;font-weight:300;line-height:1.9\">Onze camping nodigt je uit om te ontspannen in <strong>een wellnessruimte die uniek is in de M\u00e9doc<\/strong>. Profiteer van onze spa, <strong>hammam, sauna, jacuzzi<\/strong> en zintuiglijke routes voor een moment van pure ontspanning. Een echte oase van rust om te ontdekken na een dag aan zee of een fietstocht.  <\/p>\n<\/div>\n\n\n<a href=\"https:\/\/www.camping-des-familles.com\/camping-bien-etre-spa-grayan-et-l-hopital\/\"    class=\"btn-1 wp-block-tiptip-hyperlink-group-block\" >\n<div class=\"wp-block-group is-nowrap is-layout-flex wp-container-core-group-is-layout-f1189ed3 wp-block-group-is-layout-flex\">\n<figure class=\"wp-block-image size-full is-style-rounded wp-duotone-unset-4 is-style-rounded--1\"><img decoding=\"async\" width=\"24\" height=\"28\" src=\"https:\/\/www.camping-des-familles.com\/wp-content\/uploads\/2025\/09\/Vector-19.svg\" alt=\"Vector (19)\" class=\"wp-image-509\" style=\"aspect-ratio:0.6666666666666666;object-fit:contain\"\/><\/figure>\n\n\n\n<p class=\"has-pp-woodland-font-family\" style=\"font-size:clamp(15.747px, 0.984rem + ((1vw - 3.2px) * 0.671), 24px);text-transform:uppercase\">Wellness en spa<\/p>\n<\/div>\n<\/a><\/div>\n<\/div><\/div>\n<\/section>\n\n<section class=\"wp-block-group gt_2-cta_009 is-layout-flow wp-block-group-is-layout-flow\" style=\"padding-top:var(--wp--preset--spacing--40);padding-bottom:var(--wp--preset--spacing--60)\">\n<div class=\"wp-block-group full-width is-vertical is-content-justification-stretch is-nowrap is-layout-flex wp-container-core-group-is-layout-ebdabf98 wp-block-group-is-layout-flex\" style=\"border-radius:0px;margin-top:0px;margin-right:0px;margin-bottom:0px;margin-left:0px;padding-top:var(--wp--preset--spacing--40);padding-right:0px;padding-bottom:0px;padding-left:0px\">\n<div class=\"wp-block-group h1-like has-global-padding is-layout-constrained wp-block-group-is-layout-constrained\">\n<p class=\"has-custom-color-3-color has-text-color has-link-color has-pp-woodland-font-family wp-elements-d89ff2d8b623142f1f0a2c3af24103a5\" style=\"font-size:clamp(50.171px, 3.136rem + ((1vw - 3.2px) * 4.051), 100px);font-style:normal;font-weight:200;text-transform:uppercase\">natuur, kalme<br\/><span>en een oase aan water<\/span><\/p>\n<\/div>\n\n\n\n<div data-swiper=\"{&quot;speed&quot;:400,&quot;spaceBetween&quot;:30,&quot;slidesPerView&quot;:1.5,&quot;createElements&quot;:true,&quot;loop&quot;:true,&quot;freemode&quot;:true,&quot;pagination&quot;:{&quot;el&quot;:&quot;.swiper-pagination&quot;,&quot;dynamicBullets&quot;:true},&quot;breakpoints&quot;:{&quot;0&quot;:{&quot;slidesPerView&quot;:1},&quot;599&quot;:{&quot;slidesPerView&quot;:1.5}},&quot;navigation&quot;:false,&quot;autoplay&quot;:{&quot;delay&quot;:3000,&quot;disableOnInteraction&quot;:false}}\" class=\"wp-block-group gt-is-slider gt-is-slider-desktop has-global-padding is-layout-constrained wp-block-group-is-layout-constrained\">\n<figure class=\"wp-block-image size-full animated fadeInRight\"><img decoding=\"async\" src=\"https:\/\/www.camping-des-familles.com\/wp-content\/uploads\/2025\/10\/piscine-camping-des-familles-e1759756645640.jpg\" alt=\"zwembad familiecamping\" class=\"wp-image-1213\"\/><\/figure>\n\n\n\n<figure class=\"wp-block-image size-full animated fadeInRight delay-200ms\"><img decoding=\"async\" width=\"1920\" height=\"2560\" src=\"https:\/\/www.camping-des-familles.com\/wp-content\/uploads\/2025\/10\/enfant-dans-la-piscine-du-camping-des-familles-scaled.jpg\" alt=\"kind in het zwembad van de familiecamping\" class=\"wp-image-2144\" srcset=\"https:\/\/www.camping-des-familles.com\/wp-content\/uploads\/2025\/10\/enfant-dans-la-piscine-du-camping-des-familles-scaled.jpg 1920w, https:\/\/www.camping-des-familles.com\/wp-content\/uploads\/2025\/10\/enfant-dans-la-piscine-du-camping-des-familles-225x300.jpg 225w, https:\/\/www.camping-des-familles.com\/wp-content\/uploads\/2025\/10\/enfant-dans-la-piscine-du-camping-des-familles-768x1024.jpg 768w, https:\/\/www.camping-des-familles.com\/wp-content\/uploads\/2025\/10\/enfant-dans-la-piscine-du-camping-des-familles-1152x1536.jpg 1152w, https:\/\/www.camping-des-familles.com\/wp-content\/uploads\/2025\/10\/enfant-dans-la-piscine-du-camping-des-familles-1536x2048.jpg 1536w\" sizes=\"(max-width: 1920px) 100vw, 1920px\" \/><\/figure>\n\n\n\n<figure class=\"wp-block-image size-full animated fadeInRight delay-100ms\"><img decoding=\"async\" width=\"2500\" height=\"1875\" src=\"https:\/\/www.camping-des-familles.com\/wp-content\/uploads\/2025\/10\/piscine-camping-familles.jpg\" alt=\"familie camping zwembad\" class=\"wp-image-2288\" srcset=\"https:\/\/www.camping-des-familles.com\/wp-content\/uploads\/2025\/10\/piscine-camping-familles.jpg 2500w, https:\/\/www.camping-des-familles.com\/wp-content\/uploads\/2025\/10\/piscine-camping-familles-300x225.jpg 300w, https:\/\/www.camping-des-familles.com\/wp-content\/uploads\/2025\/10\/piscine-camping-familles-1024x768.jpg 1024w, https:\/\/www.camping-des-familles.com\/wp-content\/uploads\/2025\/10\/piscine-camping-familles-768x576.jpg 768w, https:\/\/www.camping-des-familles.com\/wp-content\/uploads\/2025\/10\/piscine-camping-familles-1536x1152.jpg 1536w, https:\/\/www.camping-des-familles.com\/wp-content\/uploads\/2025\/10\/piscine-camping-familles-2048x1536.jpg 2048w\" sizes=\"(max-width: 2500px) 100vw, 2500px\" \/><\/figure>\n<\/div>\n\n\n\n<div class=\"wp-block-group full-width bottom is-vertical is-content-justification-left is-nowrap is-layout-flex wp-container-core-group-is-layout-ae809007 wp-block-group-is-layout-flex\" style=\"border-radius:0px;margin-top:0px;margin-right:0px;margin-bottom:0px;margin-left:0px;padding-top:0px;padding-right:20rem;padding-bottom:0px;padding-left:var(--wp--preset--spacing--60)\">\n<div class=\"wp-block-group full-width is-horizontal is-content-justification-left is-nowrap is-layout-flex wp-container-core-group-is-layout-275bb7d1 wp-block-group-is-layout-flex\" style=\"border-radius:0px;margin-top:0px;margin-right:0px;margin-bottom:0px;margin-left:0px;padding-top:0px;padding-right:0px;padding-bottom:0px;padding-left:0px\">\n<figure class=\"wp-block-image size-full\" style=\"margin-top:0px;margin-right:0px;margin-bottom:0px;margin-left:0px\"><img decoding=\"async\" width=\"87\" height=\"87\" src=\"https:\/\/www.camping-des-familles.com\/wp-content\/uploads\/2025\/09\/planche-de-surf-1-1.svg\" alt=\"planche-de-surf 1 (1)\" class=\"wp-image-256\" style=\"object-fit:cover\"\/><\/figure>\n\n\n\n<h2 class=\"wp-block-heading has-custom-color-3-color has-text-color has-link-color wp-elements-14742dde314bdb4ab8de3c38f047b0e2\" style=\"text-transform:uppercase\">Camping met <span>waterpark in de M\u00e9doc<\/span><\/h2>\n<\/div>\n\n\n\n<div class=\"wp-block-group is-layout-flow wp-block-group-is-layout-flow\" style=\"margin-top:0px;margin-right:0px;margin-bottom:0px;margin-left:0px;padding-right:var(--wp--preset--spacing--40)\">\n<p class=\"has-text-align-left full-width has-text-color has-mona-sans-font-family\" style=\"color:rgba(132,118,95,1);margin-top:0px;margin-right:0px;margin-bottom:0px;margin-left:0px;font-size:clamp(14px, 0.875rem + ((1vw - 3.2px) * 0.244), 17px);font-style:normal;font-weight:200;line-height:1.9\">De camping in de M\u00e9doc heeft een compleet <strong>zwemparadijs<\/strong>, ideaal voor plezier en ontspanning met het hele gezin. Kinderen kunnen genieten van <g id=\"gid_1\">waterspelletjes, een kleine glijbaan en een veilig peuterbad<\/g>, terwijl ouders kunnen ontspannen in het <g id=\"gid_2\">grote verwarmde zwembad<\/g>. Deze ruimte is het hele seizoen geopend en is een van de <strong>favoriete plekken van<\/strong> onze vakantiegangers!  <\/p>\n<\/div>\n\n\n<a href=\"https:\/\/www.camping-des-familles.com\/camping-piscine-chauffee-grayan-et-l-hopital\/\"    class=\"btn-1 wp-block-tiptip-hyperlink-group-block\" >\n<div class=\"wp-block-group is-nowrap is-layout-flex wp-container-core-group-is-layout-f1189ed3 wp-block-group-is-layout-flex\">\n<figure class=\"wp-block-image size-full has-custom-border is-style-rounded wp-duotone-unset-8 is-style-rounded--5\"><img decoding=\"async\" width=\"24\" height=\"28\" src=\"https:\/\/www.camping-des-familles.com\/wp-content\/uploads\/2025\/09\/Vector-20.svg\" alt=\"Vector (20)\" class=\"has-border-color wp-image-518\" style=\"border-color:#f9f3ee;border-width:1px;border-radius:5px;aspect-ratio:0.6666666666666666;object-fit:contain\"\/><\/figure>\n\n\n\n<p class=\"has-custom-color-3-color has-text-color has-link-color has-pp-woodland-font-family wp-elements-6b979e2c9bf41ffeb825b11a56402e89\" style=\"font-size:clamp(15.747px, 0.984rem + ((1vw - 3.2px) * 0.671), 24px);text-transform:uppercase\">aquatisch gebied<\/p>\n<\/div>\n<\/a><\/div>\n<\/div>\n<\/section>\n\n<section class=\"wp-block-group home-fourth has-custom-color-1-background-color has-background has-global-padding is-layout-constrained wp-block-group-is-layout-constrained\">\n<div class=\"wp-block-group top is-layout-flow wp-block-group-is-layout-flow\">\n<div class=\"wp-block-group is-vertical is-content-justification-center is-layout-flex wp-container-core-group-is-layout-44edecb3 wp-block-group-is-layout-flex\" style=\"margin-top:0px;margin-right:0px;margin-bottom:0px;margin-left:0px\">\n<figure class=\"wp-block-image size-large\"><img decoding=\"async\" width=\"75\" height=\"75\" src=\"https:\/\/www.camping-des-familles.com\/wp-content\/uploads\/2025\/09\/Vector-9.svg\" alt=\"Vector (9)\" class=\"wp-image-221\"\/><\/figure>\n\n\n\n<h2 class=\"wp-block-heading has-text-align-center full-width has-damirone-font-family has-custom-color-4-color has-text-color\" style=\"margin-top:0px;margin-right:0px;margin-bottom:0px;margin-left:0px;font-size:clamp(27.894px, 1.743rem + ((1vw - 3.2px) * 1.635), 48px);font-style:normal;font-weight:400;line-height:1.2;text-transform:uppercase\"><span>Huuraccommodatie<\/span><br\/>bij Soulac-sur-Mer<\/h2>\n<\/div>\n\n\n\n<div class=\"wp-block-group has-global-padding is-content-justification-center is-layout-constrained wp-container-core-group-is-layout-519de150 wp-block-group-is-layout-constrained\" style=\"margin-top:0px;margin-right:0px;margin-bottom:0px;margin-left:0px\">\n<p class=\"has-text-align-center full-width has-custom-color-4-color has-text-color has-link-color has-poppins-font-family wp-elements-b0f32a21f32a1b1ffee0277f24d9a277\" style=\"margin-top:0px;margin-right:0px;margin-bottom:0px;margin-left:0px;font-size:clamp(14px, 0.875rem + ((1vw - 3.2px) * 0.325), 18px);font-style:normal;font-weight:300;line-height:1.9\">Onze <a href=\"https:\/\/www.camping-des-familles.com\/nl\/locatie-kampeerplaats-grayan-et-l-hopital\/\" data-type=\"page\" data-id=\"40\">standplaatsen voor tenten, caravans of campers in de M\u00e9doc<\/a> liggen in een bebost park van <strong>2 hectare<\/strong> en zijn ruim en beplant met bomen. Wij bieden ook <strong>cottages, lodges en ecolodges<\/strong> voor een verblijf met alle comfort. Op slechts 5 km van het strand (15 minuten fietsen over het fietspad) is elke <a href=\"https:\/\/www.camping-des-familles.com\/location-cottage-grayan-et-l-hopital\/\" data-type=\"page\" data-id=\"36\">huuraccommodatie in de buurt van Soulac-sur-Mer<\/a> ontworpen om je rust, privacy en natuur te bieden. Het comfort is er, net als de prijs-kwaliteitverhouding, met veel speciale aanbiedingen voor een <a href=\"https:\/\/www.camping-des-familles.com\/nl\/goedkoop-kamperen-grayan-et-l-hopital\/\" data-type=\"page\" data-id=\"44\">goedkoop verblijf in de M\u00e9doc.<\/a> Ideaal voor gezinnen, stelletjes of vrienden.<\/p>\n<\/div>\n\n\n\n<div class=\"wp-block-group btn-banner is-horizontal is-content-justification-center is-nowrap is-layout-flex wp-container-core-group-is-layout-51154a8d wp-block-group-is-layout-flex\" style=\"border-radius:0px;margin-top:0px;margin-right:0px;margin-bottom:0px;margin-left:0px;padding-top:0px;padding-right:0px;padding-bottom:0px;padding-left:0px\"><a href=\"https:\/\/www.camping-des-familles.com\/location-mobil-home-grayan-et-l-hopital\/\"    class=\"btn-1 wp-block-tiptip-hyperlink-group-block\" >\n<div class=\"wp-block-group is-nowrap is-layout-flex wp-container-core-group-is-layout-f1189ed3 wp-block-group-is-layout-flex\">\n<figure class=\"wp-block-image size-full is-resized has-custom-border is-style-rounded wp-duotone-unset-12 is-style-rounded--9\"><img decoding=\"async\" width=\"24\" height=\"26\" src=\"https:\/\/www.camping-des-familles.com\/wp-content\/uploads\/2025\/09\/Vector-8.svg\" alt=\"Vector (8)\" class=\"wp-image-211\" style=\"border-style:none;border-width:0px;border-radius:0px;object-fit:cover;width:20px;height:30px\"\/><\/figure>\n\n\n\n<p class=\"has-custom-color-4-color has-text-color has-link-color has-pp-woodland-font-family wp-elements-80f8eb8bb1c9832123322f21e3fe33aa\" style=\"font-size:clamp(20px, 1.25rem + ((1vw - 3.2px) * 0.976), 32px);text-transform:uppercase\">Onze huuraccommodaties<\/p>\n<\/div>\n<\/a>\n\n<a href=\"https:\/\/www.camping-des-familles.com\/location-emplacement-grayan-et-l-hopital\/\"    class=\"btn-1 wp-block-tiptip-hyperlink-group-block\" >\n<div class=\"wp-block-group is-nowrap is-layout-flex wp-container-core-group-is-layout-f1189ed3 wp-block-group-is-layout-flex\">\n<figure class=\"wp-block-image size-full is-resized has-custom-border is-style-rounded wp-duotone-unset-16 is-style-rounded--13\"><img decoding=\"async\" width=\"24\" height=\"26\" src=\"https:\/\/www.camping-des-familles.com\/wp-content\/uploads\/2025\/09\/Vector-8.svg\" alt=\"Vector (8)\" class=\"wp-image-211\" style=\"border-style:none;border-width:0px;border-radius:0px;object-fit:cover;width:20px;height:30px\"\/><\/figure>\n\n\n\n<p class=\"has-custom-color-4-color has-text-color has-link-color has-pp-woodland-font-family wp-elements-b84c65a66dba46a37c33e15671164cb3\" style=\"font-size:clamp(20px, 1.25rem + ((1vw - 3.2px) * 0.976), 32px);text-transform:uppercase\">locaties<\/p>\n<\/div>\n<\/a>\n\n<a href=\"https:\/\/www.camping-des-familles.com\/camping-pas-cher-grayan-et-l-hopital\/\"    class=\"btn-1 wp-block-tiptip-hyperlink-group-block\" >\n<div class=\"wp-block-group is-nowrap is-layout-flex wp-container-core-group-is-layout-f1189ed3 wp-block-group-is-layout-flex\">\n<figure class=\"wp-block-image size-full is-resized has-custom-border is-style-rounded wp-duotone-unset-20 is-style-rounded--17\"><img decoding=\"async\" width=\"24\" height=\"26\" src=\"https:\/\/www.camping-des-familles.com\/wp-content\/uploads\/2025\/09\/Vector-8.svg\" alt=\"Vector (8)\" class=\"wp-image-211\" style=\"border-style:none;border-width:0px;border-radius:0px;object-fit:cover;width:20px;height:30px\"\/><\/figure>\n\n\n\n<p class=\"has-custom-color-4-color has-text-color has-link-color has-pp-woodland-font-family wp-elements-5a6f56c80978a6aabb0ec70bdb245de4\" style=\"font-size:clamp(20px, 1.25rem + ((1vw - 3.2px) * 0.976), 32px);text-transform:uppercase\">Onze tarieven<\/p>\n<\/div>\n<\/a><\/div>\n<\/div>\n\n\n\n<div data-swiper=\"{&quot;speed&quot;:400,&quot;spaceBetween&quot;:16,&quot;slidesPerView&quot;:1,&quot;createElements&quot;:true,&quot;loop&quot;:true,&quot;freemode&quot;:true,&quot;pagination&quot;:{&quot;el&quot;:&quot;.swiper-pagination&quot;,&quot;dynamicBullets&quot;:true},&quot;breakpoints&quot;:[{&quot;slidesPerView&quot;:1}],&quot;navigation&quot;:false,&quot;effect&quot;:&quot;fade&quot;}\" class=\"wp-block-group gt-is-slider gt-is-slider-desktop is-layout-flow wp-block-group-is-layout-flow\"><a href=\"https:\/\/www.camping-des-familles.com\/location-mobil-home-grayan-et-l-hopital\/\"    class=\"animated fadeInUp wp-block-tiptip-hyperlink-group-block\" >\n<div class=\"wp-block-cover alignfull blob-image animated fadeInUp\" style=\"min-height:90vh;aspect-ratio:unset;\"><img decoding=\"async\" width=\"2000\" height=\"1500\" class=\"wp-block-cover__image-background wp-image-1691 size-full\" alt=\"Locations camping des familles\" src=\"https:\/\/www.camping-des-familles.com\/wp-content\/uploads\/2025\/10\/Locations-camping-des-familles.jpg\" data-object-fit=\"cover\" srcset=\"https:\/\/www.camping-des-familles.com\/wp-content\/uploads\/2025\/10\/Locations-camping-des-familles.jpg 2000w, https:\/\/www.camping-des-familles.com\/wp-content\/uploads\/2025\/10\/Locations-camping-des-familles-300x225.jpg 300w, https:\/\/www.camping-des-familles.com\/wp-content\/uploads\/2025\/10\/Locations-camping-des-familles-1024x768.jpg 1024w, https:\/\/www.camping-des-familles.com\/wp-content\/uploads\/2025\/10\/Locations-camping-des-familles-768x576.jpg 768w, https:\/\/www.camping-des-familles.com\/wp-content\/uploads\/2025\/10\/Locations-camping-des-familles-1536x1152.jpg 1536w\" sizes=\"(max-width: 2000px) 100vw, 2000px\" \/><span aria-hidden=\"true\" class=\"wp-block-cover__background has-background-dim wp-block-cover__gradient-background has-background-gradient\" style=\"background:linear-gradient(0deg,rgb(1,1,1) 0%,rgba(0,0,0,0.34) 72%)\"><\/span><div class=\"wp-block-cover__inner-container is-layout-flow wp-block-cover-is-layout-flow\">\n<p class=\"has-text-align-center h1-like has-custom-color-4-color has-text-color has-link-color has-pp-woodland-font-family wp-elements-64998e3199756619704d58e28ba3131a\" style=\"font-size:clamp(52.9px, 3.306rem + ((1vw - 3.2px) * 4.398), 107px);font-style:normal;font-weight:200;text-transform:capitalize\"><span>Je toevluchtsoord<\/span><br\/>in het hart van de natuur<\/p>\n<\/div><\/div>\n<\/a>\n\n<a href=\"https:\/\/www.camping-des-familles.com\/location-emplacement-grayan-et-l-hopital\/\"    class=\"wp-block-tiptip-hyperlink-group-block\" >\n<div class=\"wp-block-cover alignfull blob-image\" style=\"min-height:90vh;aspect-ratio:unset;\"><img decoding=\"async\" width=\"2025\" height=\"1350\" class=\"wp-block-cover__image-background wp-image-1537 size-full\" alt=\"emplacement camping car proche de l'oc\u00e9an m\u00e9doc\" src=\"https:\/\/www.camping-des-familles.com\/wp-content\/uploads\/2025\/10\/emplacement-camping-car-proche-de-locean-medoc.jpg\" data-object-fit=\"cover\" srcset=\"https:\/\/www.camping-des-familles.com\/wp-content\/uploads\/2025\/10\/emplacement-camping-car-proche-de-locean-medoc.jpg 2025w, https:\/\/www.camping-des-familles.com\/wp-content\/uploads\/2025\/10\/emplacement-camping-car-proche-de-locean-medoc-300x200.jpg 300w, https:\/\/www.camping-des-familles.com\/wp-content\/uploads\/2025\/10\/emplacement-camping-car-proche-de-locean-medoc-1024x683.jpg 1024w, https:\/\/www.camping-des-familles.com\/wp-content\/uploads\/2025\/10\/emplacement-camping-car-proche-de-locean-medoc-768x512.jpg 768w, https:\/\/www.camping-des-familles.com\/wp-content\/uploads\/2025\/10\/emplacement-camping-car-proche-de-locean-medoc-1536x1024.jpg 1536w\" sizes=\"(max-width: 2025px) 100vw, 2025px\" \/><span aria-hidden=\"true\" class=\"wp-block-cover__background has-background-dim wp-block-cover__gradient-background has-background-gradient\" style=\"background:linear-gradient(0deg,rgb(1,1,1) 0%,rgba(0,0,0,0.34) 72%)\"><\/span><div class=\"wp-block-cover__inner-container is-layout-flow wp-block-cover-is-layout-flow\">\n<p class=\"has-text-align-center h1-like has-custom-color-4-color has-text-color has-link-color has-pp-woodland-font-family wp-elements-10c3aa274a8d480439d328ad8143e123\" style=\"font-size:clamp(52.9px, 3.306rem + ((1vw - 3.2px) * 4.398), 107px);font-style:normal;font-weight:200;text-transform:capitalize\"><span>Je nest <\/span><br\/>in het hart van het bos<\/p>\n<\/div><\/div>\n<\/a>\n\n<a href=\"https:\/\/www.camping-des-familles.com\/camping-pas-cher-grayan-et-l-hopital\/\"    class=\"wp-block-tiptip-hyperlink-group-block\" >\n<div class=\"wp-block-cover alignfull blob-image\" style=\"min-height:90vh;aspect-ratio:unset;\"><img decoding=\"async\" width=\"1707\" height=\"2560\" class=\"wp-block-cover__image-background wp-image-2152 size-full\" alt=\"cocon famille camping des familles\" src=\"https:\/\/www.camping-des-familles.com\/wp-content\/uploads\/2025\/10\/cocon-famille-camping-des-familles.webp\" data-object-fit=\"cover\" srcset=\"https:\/\/www.camping-des-familles.com\/wp-content\/uploads\/2025\/10\/cocon-famille-camping-des-familles.webp 1707w, https:\/\/www.camping-des-familles.com\/wp-content\/uploads\/2025\/10\/cocon-famille-camping-des-familles-200x300.webp 200w, https:\/\/www.camping-des-familles.com\/wp-content\/uploads\/2025\/10\/cocon-famille-camping-des-familles-683x1024.webp 683w, https:\/\/www.camping-des-familles.com\/wp-content\/uploads\/2025\/10\/cocon-famille-camping-des-familles-768x1152.webp 768w, https:\/\/www.camping-des-familles.com\/wp-content\/uploads\/2025\/10\/cocon-famille-camping-des-familles-1024x1536.webp 1024w, https:\/\/www.camping-des-familles.com\/wp-content\/uploads\/2025\/10\/cocon-famille-camping-des-familles-1366x2048.webp 1366w\" sizes=\"(max-width: 1707px) 100vw, 1707px\" \/><span aria-hidden=\"true\" class=\"wp-block-cover__background has-background-dim wp-block-cover__gradient-background has-background-gradient\" style=\"background:linear-gradient(0deg,rgb(1,1,1) 0%,rgba(0,0,0,0.34) 72%)\"><\/span><div class=\"wp-block-cover__inner-container is-layout-flow wp-block-cover-is-layout-flow\">\n<p class=\"has-text-align-center h1-like has-custom-color-4-color has-text-color has-link-color has-pp-woodland-font-family wp-elements-a9cc0c7f1ba57f4ca2f859e8f29bbe7a\" style=\"font-size:clamp(52.9px, 3.306rem + ((1vw - 3.2px) * 4.398), 107px);font-style:normal;font-weight:200;text-transform:capitalize\"><span>Je cocon<\/span><br\/>onder de dennenbomen<\/p>\n<\/div><\/div>\n<\/a><\/div>\n<\/section>\n\n<section class=\"wp-block-group gt_cta-multiple_004 is-layout-flow wp-block-group-is-layout-flow\" style=\"padding-bottom:var(--wp--preset--spacing--60)\">\n<div class=\"wp-block-columns alignwide top is-layout-flex wp-container-core-columns-is-layout-18fd109e wp-block-columns-is-layout-flex\" style=\"border-radius:0px;margin-top:0px;margin-right:0px;margin-bottom:0px;margin-left:0px;padding-top:0px;padding-right:0px;padding-bottom:0px;padding-left:0px\">\n<div class=\"wp-block-column is-vertically-aligned-center left is-layout-flow wp-block-column-is-layout-flow\" style=\"flex-basis:40%\">\n<div class=\"wp-block-group is-vertical is-content-justification-left is-nowrap is-layout-flex wp-container-core-group-is-layout-7c2e7db4 wp-block-group-is-layout-flex\" style=\"border-radius:0px;margin-top:0px;margin-right:0px;margin-bottom:0px;margin-left:0px;padding-top:0px;padding-right:0px;padding-bottom:0px;padding-left:0px\">\n<div class=\"wp-block-group h1-like has-pp-woodland-font-family has-global-padding is-layout-constrained wp-block-group-is-layout-constrained\">\n<p class=\"has-custom-color-3-color has-text-color has-link-color wp-elements-86732d932f89d8039e83dde71a12b346\" style=\"font-size:clamp(50.171px, 3.136rem + ((1vw - 3.2px) * 4.051), 100px);font-style:normal;font-weight:300;text-transform:uppercase\">een terroir<br\/><span>om van te genieten<\/span><\/p>\n<\/div>\n<\/div>\n<\/div>\n\n\n\n<div class=\"wp-block-column is-vertically-aligned-center right is-layout-flow wp-block-column-is-layout-flow\" style=\"flex-basis:59%\">\n<div class=\"wp-block-group title-group is-nowrap is-layout-flex wp-container-core-group-is-layout-b6e95508 wp-block-group-is-layout-flex\">\n<figure class=\"wp-block-image size-full\"><img decoding=\"async\" width=\"63\" height=\"94\" src=\"https:\/\/www.camping-des-familles.com\/wp-content\/uploads\/2025\/09\/Vector-24.svg\" alt=\"Vector (24)\" class=\"wp-image-653\" style=\"object-fit:cover\"\/><\/figure>\n\n\n\n<h2 class=\"wp-block-heading has-text-align-left full-width has-gotham-rounded-font-family has-custom-color-3-color has-text-color\" style=\"margin-top:0px;margin-right:0px;margin-bottom:0px;margin-left:0px;font-size:clamp(27.894px, 1.743rem + ((1vw - 3.2px) * 1.635), 48px);font-style:normal;font-weight:300;line-height:1.0;text-transform:uppercase\"><span>Verblijf in de M\u00e9doc:<\/span><br\/>gastronomie, stranden en ontspanning<\/h2>\n<\/div>\n\n\n\n<p class=\"has-text-align-left full-width has-custom-color-3-color has-text-color has-gotham-rounded-font-family\" style=\"margin-top:0px;margin-right:0px;margin-bottom:0px;margin-left:0px;font-size:clamp(14px, 0.875rem + ((1vw - 3.2px) * 0.244), 17px);font-style:normal;font-weight:300;line-height:1.9\">De M\u00e9doc, een echt juweeltje aan de Atlantische kust, zit <strong>vol verrassingen<\/strong>: <a href=\"https:\/\/www.camping-des-familles.com\/nl\/toerisme-stranden-medoc\/\" data-type=\"page\" data-id=\"48\">lange stranden in de buurt van de camping bij Soulac-sur-Mer<\/a> <strong>met de status van Blauwe Vlag<\/strong>, <strong>dennenbossen<\/strong>, <strong>fietspaden<\/strong>, <strong>lokale markten<\/strong>, <strong>typische haventjes<\/strong>, <strong>vissershutten in Talais<\/strong>&#8230; En niet te vergeten de<strong> wijnroute en streekproducten<\/strong>. Voor de kleintjes is er geen tekort aan activiteiten: skatepark, basketbalveld en voetbalveld op slechts <strong>5 minuten lopen<\/strong>!<\/p>\n\n\n\n<p>Je vakantie zal rijk zijn aan ontdekkingen en ontmoetingen, dus mis de lokale gastronomie niet en bezoek de <strong>lokale oesterkwekers<\/strong> voor een unieke proefervaring. Je hebt ook de kans om gezellige familiemomenten te delen tijdens een partijtje golf in de buurt van de camping: we liggen op slechts 2 minuten van de <strong>Balata Golf Practice<\/strong>! In de buurt kun je ook vissen op de <strong>vijvers van Barreyre<\/strong>. <\/p>\n\n\n\n<p class=\"has-text-align-left full-width has-custom-color-3-color has-text-color has-gotham-rounded-font-family\" style=\"margin-top:0px;margin-right:0px;margin-bottom:0px;margin-left:0px;font-size:clamp(14px, 0.875rem + ((1vw - 3.2px) * 0.244), 17px);font-style:normal;font-weight:300;line-height:1.9\">Als je op onze camping bij Soulac-sur-Mer verblijft, geniet je van een ideale ligging tussen <strong>de oceaan, de natuu<\/strong>r, <strong>de <a href=\"https:\/\/www.camping-des-familles.com\/nl\/gastronomie-wijnen-medoc\/\" data-type=\"page\" data-id=\"58\">gastronomie en de wijnroute van de M\u00e9doc<\/a>.<\/strong> Farniente, bezoeken om het <a href=\"https:\/\/www.camping-des-familles.com\/nl\/erfgoed-cultuur-medoc\/\" data-type=\"page\" data-id=\"52\">erfgoed en de cultuur van de M\u00e9doc te ontdekken<\/a> of <a href=\"https:\/\/www.camping-des-familles.com\/nl\/sportactiviteiten-medoc\/\" data-type=\"page\" data-id=\"54\">sportieve activiteiten in de buurt van Soulac-sur-Mer:<\/a> er is voor elk wat wils!<\/p>\n<\/div>\n<\/div>\n\n\n\n<div data-swiper=\"{&quot;speed&quot;:400,&quot;spaceBetween&quot;:16,&quot;slidesPerView&quot;:3,&quot;createElements&quot;:true,&quot;loop&quot;:true,&quot;freemode&quot;:true,&quot;breakpoints&quot;:{&quot;0&quot;:{&quot;slidesPerView&quot;:1},&quot;1280&quot;:{&quot;slidesPerView&quot;:3}},&quot;navigation&quot;:false}\" class=\"wp-block-group bottom gt-is-slider gt-is-slider-desktop is-content-justification-center is-nowrap is-layout-flex wp-container-core-group-is-layout-23441af8 wp-block-group-is-layout-flex\">\n<div class=\"wp-block-group is-layout-flow wp-block-group-is-layout-flow\"><a href=\"https:\/\/www.camping-des-familles.com\/tourisme-plages-medoc\/\"    class=\"cta-2 wp-block-tiptip-hyperlink-group-block\" >\n<div class=\"wp-block-cover alignwide is-light has-custom-content-position is-position-top-center blob-image\" style=\"border-radius:0px\"><img decoding=\"async\" width=\"1312\" height=\"1350\" class=\"wp-block-cover__image-background wp-image-1714 size-full\" alt=\"vue aerienne ocean plage\" src=\"https:\/\/www.camping-des-familles.com\/wp-content\/uploads\/2025\/10\/vue-aerienne-ocean-plage-1-e1759758711818.jpg\" data-object-fit=\"cover\" srcset=\"https:\/\/www.camping-des-familles.com\/wp-content\/uploads\/2025\/10\/vue-aerienne-ocean-plage-1-e1759758711818.jpg 1312w, https:\/\/www.camping-des-familles.com\/wp-content\/uploads\/2025\/10\/vue-aerienne-ocean-plage-1-e1759758711818-292x300.jpg 292w, https:\/\/www.camping-des-familles.com\/wp-content\/uploads\/2025\/10\/vue-aerienne-ocean-plage-1-e1759758711818-995x1024.jpg 995w, https:\/\/www.camping-des-familles.com\/wp-content\/uploads\/2025\/10\/vue-aerienne-ocean-plage-1-e1759758711818-768x790.jpg 768w\" sizes=\"(max-width: 1312px) 100vw, 1312px\" \/><span aria-hidden=\"true\" class=\"wp-block-cover__background has-custom-color-1-background-color has-background-dim-30 has-background-dim\"><\/span><div class=\"wp-block-cover__inner-container is-layout-flow wp-block-cover-is-layout-flow\">\n<div class=\"wp-block-group cta-content has-background is-horizontal is-content-justification-left is-nowrap is-layout-flex wp-container-core-group-is-layout-69c50b29 wp-block-group-is-layout-flex\" style=\"border-radius:0px;background-color:#FFFFFF00;min-height:731px;margin-top:0px;margin-right:0px;margin-bottom:0px;margin-left:0px;padding-top:0px;padding-right:0px;padding-bottom:0px;padding-left:var(--wp--preset--spacing--40)\">\n<figure class=\"wp-block-image size-large is-resized\" style=\"margin-top:0px;margin-right:0px;margin-bottom:0px;margin-left:0px\"><img decoding=\"async\" width=\"145\" height=\"141\" src=\"https:\/\/www.camping-des-familles.com\/wp-content\/uploads\/2025\/09\/Frame-1000005936.svg\" alt=\"Frame 1000005936\" class=\"wp-image-455\" style=\"width:94.97830963134766px\"\/><\/figure>\n\n\n\n<div class=\"wp-block-group has-global-padding is-content-justification-left is-layout-constrained wp-container-core-group-is-layout-9bc554a6 wp-block-group-is-layout-constrained\" style=\"margin-top:0px;margin-right:0px;margin-bottom:0px;margin-left:0px\">\n<p class=\"wp-block-heading has-gotham-rounded-font-family has-custom-color-4-color has-text-color has-pp-woodland-font-family\" style=\"margin-top:0px;margin-right:0px;margin-bottom:0px;margin-left:0px;font-size:clamp(22.041px, 1.378rem + ((1vw - 3.2px) * 1.135), 36px);font-style:normal;font-weight:200;line-height:1.0\">Ontdek<\/p>\n\n\n\n<p class=\"has-custom-color-4-color has-text-color has-link-color has-pp-woodland-font-family wp-elements-63b1c45c8c227cfb9fec44896bd5b258\" style=\"font-size:clamp(33.419px, 2.089rem + ((1vw - 3.2px) * 2.161), 60px);font-style:normal;font-weight:700;text-transform:uppercase\">De stranden<\/p>\n<\/div>\n<\/div>\n<\/div><\/div>\n<\/a><\/div>\n\n\n\n<div class=\"wp-block-group is-layout-flow wp-block-group-is-layout-flow\"><a href=\"https:\/\/www.camping-des-familles.com\/patrimoine-culture-medoc\/\"    class=\"cta-2 wp-block-tiptip-hyperlink-group-block\" >\n<div class=\"wp-block-cover alignwide is-light has-custom-content-position is-position-top-center blob-image\" style=\"border-radius:0px\"><img decoding=\"async\" width=\"427\" height=\"640\" class=\"wp-block-cover__image-background wp-image-1702 size-full\" alt=\"phare de cordouan\" src=\"https:\/\/www.camping-des-familles.com\/wp-content\/uploads\/2025\/10\/phare-de-cordouan-1.jpg\" data-object-fit=\"cover\" srcset=\"https:\/\/www.camping-des-familles.com\/wp-content\/uploads\/2025\/10\/phare-de-cordouan-1.jpg 427w, https:\/\/www.camping-des-familles.com\/wp-content\/uploads\/2025\/10\/phare-de-cordouan-1-200x300.jpg 200w\" sizes=\"(max-width: 427px) 100vw, 427px\" \/><span aria-hidden=\"true\" class=\"wp-block-cover__background has-custom-color-1-background-color has-background-dim-30 has-background-dim\"><\/span><div class=\"wp-block-cover__inner-container is-layout-flow wp-block-cover-is-layout-flow\">\n<div class=\"wp-block-group cta-content has-background is-horizontal is-content-justification-left is-nowrap is-layout-flex wp-container-core-group-is-layout-69c50b29 wp-block-group-is-layout-flex\" style=\"border-radius:0px;background-color:#FFFFFF00;min-height:731px;margin-top:0px;margin-right:0px;margin-bottom:0px;margin-left:0px;padding-top:0px;padding-right:0px;padding-bottom:0px;padding-left:var(--wp--preset--spacing--40)\">\n<figure class=\"wp-block-image size-large is-resized\" style=\"margin-top:0px;margin-right:0px;margin-bottom:0px;margin-left:0px\"><img decoding=\"async\" width=\"145\" height=\"141\" src=\"https:\/\/www.camping-des-familles.com\/wp-content\/uploads\/2025\/09\/Frame-1000005936.svg\" alt=\"Frame 1000005936\" class=\"wp-image-455\" style=\"width:94.97830963134766px\"\/><\/figure>\n\n\n\n<div class=\"wp-block-group has-global-padding is-content-justification-left is-layout-constrained wp-container-core-group-is-layout-9bc554a6 wp-block-group-is-layout-constrained\" style=\"margin-top:0px;margin-right:0px;margin-bottom:0px;margin-left:0px\">\n<p class=\"wp-block-heading has-gotham-rounded-font-family has-custom-color-4-color has-text-color has-pp-woodland-font-family\" style=\"margin-top:0px;margin-right:0px;margin-bottom:0px;margin-left:0px;font-size:clamp(22.041px, 1.378rem + ((1vw - 3.2px) * 1.135), 36px);font-style:normal;font-weight:200;line-height:1.0\">Ontdek<\/p>\n\n\n\n<p class=\"has-custom-color-4-color has-text-color has-link-color has-pp-woodland-font-family wp-elements-874622ac00c18f452cf4afd58c1a4d34\" style=\"font-size:clamp(33.419px, 2.089rem + ((1vw - 3.2px) * 2.161), 60px);font-style:normal;font-weight:700;text-transform:uppercase\">Erfgoed<\/p>\n<\/div>\n<\/div>\n<\/div><\/div>\n<\/a><\/div>\n\n\n\n<div class=\"wp-block-group is-layout-flow wp-block-group-is-layout-flow\"><a href=\"https:\/\/www.camping-des-familles.com\/activites-sportives-medoc\/\"    class=\"cta-2 wp-block-tiptip-hyperlink-group-block\" >\n<div class=\"wp-block-cover alignwide is-light has-custom-content-position is-position-top-center blob-image\" style=\"border-radius:0px\"><img decoding=\"async\" width=\"2000\" height=\"2500\" class=\"wp-block-cover__image-background wp-image-2234 size-full\" alt=\"plages proches du camping au m\u00e9doc\" src=\"https:\/\/www.camping-des-familles.com\/wp-content\/uploads\/2025\/10\/plages-proches-du-camping-au-medoc.webp\" data-object-fit=\"cover\" srcset=\"https:\/\/www.camping-des-familles.com\/wp-content\/uploads\/2025\/10\/plages-proches-du-camping-au-medoc.webp 2000w, https:\/\/www.camping-des-familles.com\/wp-content\/uploads\/2025\/10\/plages-proches-du-camping-au-medoc-240x300.webp 240w, https:\/\/www.camping-des-familles.com\/wp-content\/uploads\/2025\/10\/plages-proches-du-camping-au-medoc-819x1024.webp 819w, https:\/\/www.camping-des-familles.com\/wp-content\/uploads\/2025\/10\/plages-proches-du-camping-au-medoc-768x960.webp 768w, https:\/\/www.camping-des-familles.com\/wp-content\/uploads\/2025\/10\/plages-proches-du-camping-au-medoc-1229x1536.webp 1229w, https:\/\/www.camping-des-familles.com\/wp-content\/uploads\/2025\/10\/plages-proches-du-camping-au-medoc-1638x2048.webp 1638w\" sizes=\"(max-width: 2000px) 100vw, 2000px\" \/><span aria-hidden=\"true\" class=\"wp-block-cover__background has-custom-color-1-background-color has-background-dim-30 has-background-dim\"><\/span><div class=\"wp-block-cover__inner-container is-layout-flow wp-block-cover-is-layout-flow\">\n<div class=\"wp-block-group cta-content has-background is-horizontal is-content-justification-left is-nowrap is-layout-flex wp-container-core-group-is-layout-69c50b29 wp-block-group-is-layout-flex\" style=\"border-radius:0px;background-color:#FFFFFF00;min-height:731px;margin-top:0px;margin-right:0px;margin-bottom:0px;margin-left:0px;padding-top:0px;padding-right:0px;padding-bottom:0px;padding-left:var(--wp--preset--spacing--40)\">\n<figure class=\"wp-block-image size-large is-resized\" style=\"margin-top:0px;margin-right:0px;margin-bottom:0px;margin-left:0px\"><img decoding=\"async\" width=\"145\" height=\"141\" src=\"https:\/\/www.camping-des-familles.com\/wp-content\/uploads\/2025\/09\/Frame-1000005936.svg\" alt=\"Frame 1000005936\" class=\"wp-image-455\" style=\"width:94.97830963134766px\"\/><\/figure>\n\n\n\n<div class=\"wp-block-group has-global-padding is-content-justification-left is-layout-constrained wp-container-core-group-is-layout-9bc554a6 wp-block-group-is-layout-constrained\" style=\"margin-top:0px;margin-right:0px;margin-bottom:0px;margin-left:0px\">\n<p class=\"wp-block-heading has-gotham-rounded-font-family has-custom-color-4-color has-text-color has-pp-woodland-font-family\" style=\"margin-top:0px;margin-right:0px;margin-bottom:0px;margin-left:0px;font-size:clamp(22.041px, 1.378rem + ((1vw - 3.2px) * 1.135), 36px);font-style:normal;font-weight:200;line-height:1.0\">Ontdek<\/p>\n\n\n\n<p class=\"has-custom-color-4-color has-text-color has-link-color has-pp-woodland-font-family wp-elements-c562e05415619b38415804d290d3eb8e\" style=\"font-size:clamp(33.419px, 2.089rem + ((1vw - 3.2px) * 2.161), 60px);font-style:normal;font-weight:700;text-transform:uppercase\">Sport<\/p>\n<\/div>\n<\/div>\n<\/div><\/div>\n<\/a><\/div>\n\n\n\n<div class=\"wp-block-group is-layout-flow wp-block-group-is-layout-flow\"><a href=\"https:\/\/www.camping-des-familles.com\/gastronomie-vins-medoc\/\"    class=\"cta-2 wp-block-tiptip-hyperlink-group-block\" >\n<div class=\"wp-block-cover alignwide has-custom-content-position is-position-top-center blob-image\" style=\"border-radius:0px\"><img decoding=\"async\" width=\"2000\" height=\"1506\" class=\"wp-block-cover__image-background wp-image-2240 size-full\" alt=\"gastronomie et vins m\u00e9doc\" src=\"https:\/\/www.camping-des-familles.com\/wp-content\/uploads\/2025\/10\/gastronomie-et-vins-medoc.webp\" data-object-fit=\"cover\" srcset=\"https:\/\/www.camping-des-familles.com\/wp-content\/uploads\/2025\/10\/gastronomie-et-vins-medoc.webp 2000w, https:\/\/www.camping-des-familles.com\/wp-content\/uploads\/2025\/10\/gastronomie-et-vins-medoc-300x226.webp 300w, https:\/\/www.camping-des-familles.com\/wp-content\/uploads\/2025\/10\/gastronomie-et-vins-medoc-1024x771.webp 1024w, https:\/\/www.camping-des-familles.com\/wp-content\/uploads\/2025\/10\/gastronomie-et-vins-medoc-768x578.webp 768w, https:\/\/www.camping-des-familles.com\/wp-content\/uploads\/2025\/10\/gastronomie-et-vins-medoc-1536x1157.webp 1536w\" sizes=\"(max-width: 2000px) 100vw, 2000px\" \/><span aria-hidden=\"true\" class=\"wp-block-cover__background has-custom-color-1-background-color has-background-dim-30 has-background-dim\"><\/span><div class=\"wp-block-cover__inner-container is-layout-flow wp-block-cover-is-layout-flow\">\n<div class=\"wp-block-group cta-content has-background is-horizontal is-content-justification-left is-nowrap is-layout-flex wp-container-core-group-is-layout-69c50b29 wp-block-group-is-layout-flex\" style=\"border-radius:0px;background-color:#FFFFFF00;min-height:731px;margin-top:0px;margin-right:0px;margin-bottom:0px;margin-left:0px;padding-top:0px;padding-right:0px;padding-bottom:0px;padding-left:var(--wp--preset--spacing--40)\">\n<figure class=\"wp-block-image size-large is-resized\" style=\"margin-top:0px;margin-right:0px;margin-bottom:0px;margin-left:0px\"><img decoding=\"async\" width=\"145\" height=\"141\" src=\"https:\/\/www.camping-des-familles.com\/wp-content\/uploads\/2025\/09\/Frame-1000005936.svg\" alt=\"Frame 1000005936\" class=\"wp-image-455\" style=\"width:94.97830963134766px\"\/><\/figure>\n\n\n\n<div class=\"wp-block-group has-global-padding is-content-justification-left is-layout-constrained wp-container-core-group-is-layout-9bc554a6 wp-block-group-is-layout-constrained\" style=\"margin-top:0px;margin-right:0px;margin-bottom:0px;margin-left:0px\">\n<p class=\"wp-block-heading has-gotham-rounded-font-family has-custom-color-4-color has-text-color has-pp-woodland-font-family\" style=\"margin-top:0px;margin-right:0px;margin-bottom:0px;margin-left:0px;font-size:clamp(22.041px, 1.378rem + ((1vw - 3.2px) * 1.135), 36px);font-style:normal;font-weight:200;line-height:1.0\">Ontdek<\/p>\n\n\n\n<p class=\"has-custom-color-4-color has-text-color has-link-color has-pp-woodland-font-family wp-elements-836385e7095e6fe982108c764bf636f0\" style=\"font-size:clamp(33.419px, 2.089rem + ((1vw - 3.2px) * 2.161), 60px);font-style:normal;font-weight:700;text-transform:uppercase\">Gastronomie<\/p>\n<\/div>\n<\/div>\n<\/div><\/div>\n<\/a><\/div>\n<\/div>\n<\/section>\n\n<section class=\"wp-block-group gt_avis_009 is-layout-flow wp-block-group-is-layout-flow\">\n<div class=\"wp-block-cover is-light has-parallax\" style=\"padding-right:var(--wp--preset--spacing--60);padding-left:var(--wp--preset--spacing--60);min-height:100vh;aspect-ratio:unset;\"><div role=\"img\" aria-label=\"plage cote m\u00e9doc\" class=\"wp-block-cover__image-background wp-image-1737 size-large has-parallax\" style=\"background-position:50% 50%;background-image:url(https:\/\/www.camping-des-familles.com\/wp-content\/uploads\/2025\/10\/plage-cote-medoc-1024x576.jpg)\"><\/div><span aria-hidden=\"true\" class=\"wp-block-cover__background has-background-dim-0 has-background-dim\" style=\"background-color:#a59d90\"><\/span><div class=\"wp-block-cover__inner-container has-global-padding is-layout-constrained wp-container-core-cover-is-layout-8dd13e6d wp-block-cover-is-layout-constrained\">\n<div class=\"wp-block-group has-custom-color-3-background-color has-background has-global-padding is-layout-constrained wp-container-core-group-is-layout-3bfa357b wp-block-group-is-layout-constrained\" style=\"padding-top:var(--wp--preset--spacing--50);padding-right:var(--wp--preset--spacing--40);padding-bottom:var(--wp--preset--spacing--50);padding-left:var(--wp--preset--spacing--40)\">\n<div class=\"wp-block-columns is-layout-flex wp-container-core-columns-is-layout-28f84493 wp-block-columns-is-layout-flex\">\n<div class=\"wp-block-column is-layout-flow wp-block-column-is-layout-flow\">\n<p class=\"has-custom-color-4-color has-text-color has-link-color wp-elements-a3f509cafe36816f8db71d6f065a4aa7\" style=\"font-size:clamp(16.293px, 1.018rem + ((1vw - 3.2px) * 0.708), 25px);text-transform:uppercase\">Beoordelingen van klanten<\/p>\n\n\n\n<div class=\"wp-block-group h1-like has-global-padding is-layout-constrained wp-block-group-is-layout-constrained\">\n<p class=\"has-custom-color-4-color has-text-color has-link-color has-pp-woodland-font-family wp-elements-2a35277b6910cd6631944292dcf41129\" style=\"font-size:clamp(57.838px, 3.615rem + ((1vw - 3.2px) * 5.054), 120px);font-style:normal;font-weight:200;line-height:1;text-transform:uppercase\">hun<br\/><span>verhaal!<\/span><\/p>\n<\/div>\n<\/div>\n\n\n\n<div class=\"wp-block-column is-layout-flow wp-block-column-is-layout-flow\"><pre class=\"ti-widget\"><template id=\"trustindex-google-widget-html\"><div class=\" ti-widget  ti-goog ti-disable-font ti-review-text-mode-readmore ti-content-align-left\" data-no-translation=\"true\" data-time-locale=\"il y a %d %s|aujourd'hui|jour|jours|semaine|semaines|mois|mois|ann\u00e9e|ans\" data-layout-id=\"37\" data-layout-category=\"slider\" data-set-id=\"light-background\" data-pid=\"\" data-language=\"fr\" data-close-locale=\"Fermer\" data-css-version=\"2\" data-reply-by-locale=\"R\u00e9ponse du propri\u00e9taire\" data-pager-autoplay-timeout=\"6\"> <div class=\"ti-widget-container ti-col-1\"> <div class=\"ti-reviews-container\"> <div class=\"ti-controls\"> <div class=\"ti-next\" aria-label=\"Avis suivante\" role=\"button\"><\/div> <div class=\"ti-prev\" aria-label=\"Avis pr\u00e9c\u00e9dent\" role=\"button\"><\/div> <\/div> <div class=\"ti-reviews-container-wrapper\">  <div data-empty=\"0\" data-time=\"1757289600\" class=\"ti-review-item source-Google ti-image-layout-thumbnail\" data-id=\"cfcd208495d565ef66e7dff9f98764da\"> <div class=\"ti-inner\"> <div class=\"ti-review-header\"> <trustindex-image class=\"ti-platform-icon\" data-imgurl=\"https:\/\/cdn.trustindex.io\/assets\/platform\/Google\/icon.svg\" alt=\"\" width=\"20\" height=\"20\" loading=\"lazy\"><\/trustindex-image> <div class=\"ti-profile-img\"> <trustindex-image data-imgurl=\"https:\/\/lh3.googleusercontent.com\/a\/ACg8ocKXqGu6bw4f7JxalLcjHi6o0Xya2O2VIrjb_KNFZmVHpEMoig=w64-h64-c-rp-mo-br100\" alt=\"Fabrice Fouache profile picture\" loading=\"lazy\"><\/trustindex-image> <\/div> <div class=\"ti-profile-details\"> <div class=\"ti-name\"> Fabrice Fouache <\/div> <div class=\"ti-date\"><\/div> <\/div> <\/div> <span class=\"ti-stars\"><trustindex-image class=\"ti-star\" data-imgurl=\"https:\/\/cdn.trustindex.io\/assets\/platform\/Google\/star\/f.svg\" alt=\"Google\" width=\"17\" height=\"17\" loading=\"lazy\"><\/trustindex-image><trustindex-image class=\"ti-star\" data-imgurl=\"https:\/\/cdn.trustindex.io\/assets\/platform\/Google\/star\/f.svg\" alt=\"Google\" width=\"17\" height=\"17\" loading=\"lazy\"><\/trustindex-image><trustindex-image class=\"ti-star\" data-imgurl=\"https:\/\/cdn.trustindex.io\/assets\/platform\/Google\/star\/f.svg\" alt=\"Google\" width=\"17\" height=\"17\" loading=\"lazy\"><\/trustindex-image><trustindex-image class=\"ti-star\" data-imgurl=\"https:\/\/cdn.trustindex.io\/assets\/platform\/Google\/star\/f.svg\" alt=\"Google\" width=\"17\" height=\"17\" loading=\"lazy\"><\/trustindex-image><trustindex-image class=\"ti-star\" data-imgurl=\"https:\/\/cdn.trustindex.io\/assets\/platform\/Google\/star\/f.svg\" alt=\"Google\" width=\"17\" height=\"17\" loading=\"lazy\"><\/trustindex-image><span class=\"ti-verified-review ti-verified-platform\"><span class=\"ti-verified-tooltip\">Trustindex v\u00e9rifie que la source originale de l'avis est Google.<\/span><\/span><\/span> <div class=\"ti-review-text-container ti-review-content\"><!-- R-CONTENT -->Super camping, calme et ombrag\u00e9. Propri\u00e9taires tr\u00e8s accueillant et \u00e0 l'\u00e9coute. Propret\u00e9 irr\u00e9prochable. Emplacements tr\u00e8s spacieux malgr\u00e9 une installation imposante. Restaurant et service super sympa.H\u00e2te aux vacances 2023 pour revenir passer un super s\u00e9jour dans votre camping.<!-- R-CONTENT --><\/div> <span class=\"ti-read-more\" data-container=\".ti-review-content\" data-collapse-text=\"Cacher\" data-open-text=\"Lire la suite\"><\/span> <\/div> <\/div>  <div data-empty=\"0\" data-time=\"1756598400\" class=\"ti-review-item source-Google ti-image-layout-thumbnail\" data-id=\"cfcd208495d565ef66e7dff9f98764da\"> <div class=\"ti-inner\"> <div class=\"ti-review-header\"> <trustindex-image class=\"ti-platform-icon\" data-imgurl=\"https:\/\/cdn.trustindex.io\/assets\/platform\/Google\/icon.svg\" alt=\"\" width=\"20\" height=\"20\" loading=\"lazy\"><\/trustindex-image> <div class=\"ti-profile-img\"> <trustindex-image data-imgurl=\"https:\/\/lh3.googleusercontent.com\/a\/ACg8ocI-70ugHoyvjqtCQockUoiezZplM_rloRqgqTIeuqcvyzLkBA=w64-h64-c-rp-mo-ba2-br100\" alt=\"Emmanuel Limagne profile picture\" loading=\"lazy\"><\/trustindex-image> <\/div> <div class=\"ti-profile-details\"> <div class=\"ti-name\"> Emmanuel Limagne <\/div> <div class=\"ti-date\"><\/div> <\/div> <\/div> <span class=\"ti-stars\"><trustindex-image class=\"ti-star\" data-imgurl=\"https:\/\/cdn.trustindex.io\/assets\/platform\/Google\/star\/f.svg\" alt=\"Google\" width=\"17\" height=\"17\" loading=\"lazy\"><\/trustindex-image><trustindex-image class=\"ti-star\" data-imgurl=\"https:\/\/cdn.trustindex.io\/assets\/platform\/Google\/star\/f.svg\" alt=\"Google\" width=\"17\" height=\"17\" loading=\"lazy\"><\/trustindex-image><trustindex-image class=\"ti-star\" data-imgurl=\"https:\/\/cdn.trustindex.io\/assets\/platform\/Google\/star\/f.svg\" alt=\"Google\" width=\"17\" height=\"17\" loading=\"lazy\"><\/trustindex-image><trustindex-image class=\"ti-star\" data-imgurl=\"https:\/\/cdn.trustindex.io\/assets\/platform\/Google\/star\/f.svg\" alt=\"Google\" width=\"17\" height=\"17\" loading=\"lazy\"><\/trustindex-image><trustindex-image class=\"ti-star\" data-imgurl=\"https:\/\/cdn.trustindex.io\/assets\/platform\/Google\/star\/f.svg\" alt=\"Google\" width=\"17\" height=\"17\" loading=\"lazy\"><\/trustindex-image><span class=\"ti-verified-review ti-verified-platform\"><span class=\"ti-verified-tooltip\">Trustindex v\u00e9rifie que la source originale de l'avis est Google.<\/span><\/span><\/span> <div class=\"ti-review-text-container ti-review-content\"><!-- R-CONTENT -->Tr\u00e8s bon s\u00e9jour dans un vrai camping au calme et tr\u00e8s bien tenu. Il porte bien son nom on est bien en famille en s\u00e9curit\u00e9 et proche de l'oc\u00e9an.\nTr\u00e8s bon accueil, le personnel est tr\u00e8s agr\u00e9able.\nTr\u00e8s propre et bien tenu.\nCamping familial o\u00f9 il r\u00e8gne une bonne ambiance.<!-- R-CONTENT --><\/div> <span class=\"ti-read-more\" data-container=\".ti-review-content\" data-collapse-text=\"Cacher\" data-open-text=\"Lire la suite\"><\/span> <\/div> <\/div>  <div data-empty=\"0\" data-time=\"1756598400\" class=\"ti-review-item source-Google ti-image-layout-thumbnail\" data-id=\"cfcd208495d565ef66e7dff9f98764da\"> <div class=\"ti-inner\"> <div class=\"ti-review-header\"> <trustindex-image class=\"ti-platform-icon\" data-imgurl=\"https:\/\/cdn.trustindex.io\/assets\/platform\/Google\/icon.svg\" alt=\"\" width=\"20\" height=\"20\" loading=\"lazy\"><\/trustindex-image> <div class=\"ti-profile-img\"> <trustindex-image data-imgurl=\"https:\/\/lh3.googleusercontent.com\/a-\/ALV-UjVMacSwRhM1Y6Awe5vUO6ly5GP29YlgHp6G8HAoVhNmfzdyZgxG=w64-h64-c-rp-mo-br100\" alt=\"Nathalie Moal profile picture\" loading=\"lazy\"><\/trustindex-image> <\/div> <div class=\"ti-profile-details\"> <div class=\"ti-name\"> Nathalie Moal <\/div> <div class=\"ti-date\"><\/div> <\/div> <\/div> <span class=\"ti-stars\"><trustindex-image class=\"ti-star\" data-imgurl=\"https:\/\/cdn.trustindex.io\/assets\/platform\/Google\/star\/f.svg\" alt=\"Google\" width=\"17\" height=\"17\" loading=\"lazy\"><\/trustindex-image><trustindex-image class=\"ti-star\" data-imgurl=\"https:\/\/cdn.trustindex.io\/assets\/platform\/Google\/star\/f.svg\" alt=\"Google\" width=\"17\" height=\"17\" loading=\"lazy\"><\/trustindex-image><trustindex-image class=\"ti-star\" data-imgurl=\"https:\/\/cdn.trustindex.io\/assets\/platform\/Google\/star\/f.svg\" alt=\"Google\" width=\"17\" height=\"17\" loading=\"lazy\"><\/trustindex-image><trustindex-image class=\"ti-star\" data-imgurl=\"https:\/\/cdn.trustindex.io\/assets\/platform\/Google\/star\/f.svg\" alt=\"Google\" width=\"17\" height=\"17\" loading=\"lazy\"><\/trustindex-image><trustindex-image class=\"ti-star\" data-imgurl=\"https:\/\/cdn.trustindex.io\/assets\/platform\/Google\/star\/f.svg\" alt=\"Google\" width=\"17\" height=\"17\" loading=\"lazy\"><\/trustindex-image><span class=\"ti-verified-review ti-verified-platform\"><span class=\"ti-verified-tooltip\">Trustindex v\u00e9rifie que la source originale de l'avis est Google.<\/span><\/span><\/span> <div class=\"ti-review-text-container ti-review-content\"><!-- R-CONTENT -->Petit camping tr\u00e8s calme . Tr\u00e8s bon accueil, patron tr\u00e8s gentils. Soir\u00e9e moule frite extra<!-- R-CONTENT --><\/div> <span class=\"ti-read-more\" data-container=\".ti-review-content\" data-collapse-text=\"Cacher\" data-open-text=\"Lire la suite\"><\/span> <\/div> <\/div>  <div data-empty=\"0\" data-time=\"1756598400\" class=\"ti-review-item source-Google ti-image-layout-thumbnail\" data-id=\"cfcd208495d565ef66e7dff9f98764da\"> <div class=\"ti-inner\"> <div class=\"ti-review-header\"> <trustindex-image class=\"ti-platform-icon\" data-imgurl=\"https:\/\/cdn.trustindex.io\/assets\/platform\/Google\/icon.svg\" alt=\"\" width=\"20\" height=\"20\" loading=\"lazy\"><\/trustindex-image> <div class=\"ti-profile-img\"> <trustindex-image data-imgurl=\"https:\/\/lh3.googleusercontent.com\/a\/ACg8ocJrBOYV3wv-mKC22EN9EG8V9JnOtec_C0vf3fOmYfQH-rmCrA=w64-h64-c-rp-mo-br100\" alt=\"anthony lhommeau profile picture\" loading=\"lazy\"><\/trustindex-image> <\/div> <div class=\"ti-profile-details\"> <div class=\"ti-name\"> anthony lhommeau <\/div> <div class=\"ti-date\"><\/div> <\/div> <\/div> <span class=\"ti-stars\"><trustindex-image class=\"ti-star\" data-imgurl=\"https:\/\/cdn.trustindex.io\/assets\/platform\/Google\/star\/f.svg\" alt=\"Google\" width=\"17\" height=\"17\" loading=\"lazy\"><\/trustindex-image><trustindex-image class=\"ti-star\" data-imgurl=\"https:\/\/cdn.trustindex.io\/assets\/platform\/Google\/star\/f.svg\" alt=\"Google\" width=\"17\" height=\"17\" loading=\"lazy\"><\/trustindex-image><trustindex-image class=\"ti-star\" data-imgurl=\"https:\/\/cdn.trustindex.io\/assets\/platform\/Google\/star\/f.svg\" alt=\"Google\" width=\"17\" height=\"17\" loading=\"lazy\"><\/trustindex-image><trustindex-image class=\"ti-star\" data-imgurl=\"https:\/\/cdn.trustindex.io\/assets\/platform\/Google\/star\/f.svg\" alt=\"Google\" width=\"17\" height=\"17\" loading=\"lazy\"><\/trustindex-image><trustindex-image class=\"ti-star\" data-imgurl=\"https:\/\/cdn.trustindex.io\/assets\/platform\/Google\/star\/f.svg\" alt=\"Google\" width=\"17\" height=\"17\" loading=\"lazy\"><\/trustindex-image><span class=\"ti-verified-review ti-verified-platform\"><span class=\"ti-verified-tooltip\">Trustindex v\u00e9rifie que la source originale de l'avis est Google.<\/span><\/span><\/span> <div class=\"ti-review-text-container ti-review-content\"><!-- R-CONTENT -->Au top, camping \u00e0 taille humaine<!-- R-CONTENT --><\/div> <span class=\"ti-read-more\" data-container=\".ti-review-content\" data-collapse-text=\"Cacher\" data-open-text=\"Lire la suite\"><\/span> <\/div> <\/div>  <div data-empty=\"0\" data-time=\"1756512000\" class=\"ti-review-item source-Google ti-image-layout-thumbnail\" data-id=\"cfcd208495d565ef66e7dff9f98764da\"> <div class=\"ti-inner\"> <div class=\"ti-review-header\"> <trustindex-image class=\"ti-platform-icon\" data-imgurl=\"https:\/\/cdn.trustindex.io\/assets\/platform\/Google\/icon.svg\" alt=\"\" width=\"20\" height=\"20\" loading=\"lazy\"><\/trustindex-image> <div class=\"ti-profile-img\"> <trustindex-image data-imgurl=\"https:\/\/lh3.googleusercontent.com\/a-\/ALV-UjVHwrDGnilTqnUi-dTy0HVGaZpkVvLuCfT8zM_KHcgifuhYQzIPuA=w64-h64-c-rp-mo-ba2-br100\" alt=\"Elodie Bisounours profile picture\" loading=\"lazy\"><\/trustindex-image> <\/div> <div class=\"ti-profile-details\"> <div class=\"ti-name\"> Elodie Bisounours <\/div> <div class=\"ti-date\"><\/div> <\/div> <\/div> <span class=\"ti-stars\"><trustindex-image class=\"ti-star\" data-imgurl=\"https:\/\/cdn.trustindex.io\/assets\/platform\/Google\/star\/f.svg\" alt=\"Google\" width=\"17\" height=\"17\" loading=\"lazy\"><\/trustindex-image><trustindex-image class=\"ti-star\" data-imgurl=\"https:\/\/cdn.trustindex.io\/assets\/platform\/Google\/star\/f.svg\" alt=\"Google\" width=\"17\" height=\"17\" loading=\"lazy\"><\/trustindex-image><trustindex-image class=\"ti-star\" data-imgurl=\"https:\/\/cdn.trustindex.io\/assets\/platform\/Google\/star\/f.svg\" alt=\"Google\" width=\"17\" height=\"17\" loading=\"lazy\"><\/trustindex-image><trustindex-image class=\"ti-star\" data-imgurl=\"https:\/\/cdn.trustindex.io\/assets\/platform\/Google\/star\/f.svg\" alt=\"Google\" width=\"17\" height=\"17\" loading=\"lazy\"><\/trustindex-image><trustindex-image class=\"ti-star\" data-imgurl=\"https:\/\/cdn.trustindex.io\/assets\/platform\/Google\/star\/f.svg\" alt=\"Google\" width=\"17\" height=\"17\" loading=\"lazy\"><\/trustindex-image><span class=\"ti-verified-review ti-verified-platform\"><span class=\"ti-verified-tooltip\">Trustindex v\u00e9rifie que la source originale de l'avis est Google.<\/span><\/span><\/span> <div class=\"ti-review-text-container ti-review-content\"><!-- R-CONTENT -->Camping tr\u00e8s agr\u00e9able et calme, petite piscine mais tr\u00e8s bien pour nous, le g\u00e9rant \u00e9tait aux petits soins sur tout et nous a tr\u00e8s bien accueilli.\nNous n'avons pas fait attention aux animations mais lorsque nous sommes pass\u00e9s devant le concours de p\u00e9tanque beaucoup de lots \u00e9taient \u00e0 gagner notamment des troph\u00e9es que j'ai trouv\u00e9 vraiment chouette \u00e0 gagner et le concours \u00e0 dur\u00e9 longtemps et avait l'air bien amusant.\nJ'ai pass\u00e9 une agr\u00e9able semaine l\u00e0 bas, le seul soucis que je pourrais noter \u00e9tait les douches qui \u00e9taient dehors et o\u00f9 il n'y avait que de l'eau froide et la lumi\u00e8re ne fonctionnait pas mais nous avons donc pris notre douche derri\u00e8re la piscine aux douches plus en int\u00e9rieur qui elles \u00e9taient parfaites\n\nPetit point qui nous as bien fait rigol\u00e9 et plaisir, nous \u00e9tions souvent seuls dans la piscine et le g\u00e9rant est venu allum\u00e9 les jets d'eau rien que pour nous lorsqu'il nous a vus, je le remercie pour ce geste et sa gentillesse<!-- R-CONTENT --><\/div> <span class=\"ti-read-more\" data-container=\".ti-review-content\" data-collapse-text=\"Cacher\" data-open-text=\"Lire la suite\"><\/span> <\/div> <\/div>  <div data-empty=\"0\" data-time=\"1755993600\" class=\"ti-review-item source-Google ti-image-layout-thumbnail\" data-id=\"cfcd208495d565ef66e7dff9f98764da\"> <div class=\"ti-inner\"> <div class=\"ti-review-header\"> <trustindex-image class=\"ti-platform-icon\" data-imgurl=\"https:\/\/cdn.trustindex.io\/assets\/platform\/Google\/icon.svg\" alt=\"\" width=\"20\" height=\"20\" loading=\"lazy\"><\/trustindex-image> <div class=\"ti-profile-img\"> <trustindex-image data-imgurl=\"https:\/\/lh3.googleusercontent.com\/a\/ACg8ocJliG2rRvB_GlH2H9RpDwwyUAp95kG3ymA9rP5xDLZhFfWlYg=w64-h64-c-rp-mo-ba3-br100\" alt=\"Romy S profile picture\" loading=\"lazy\"><\/trustindex-image> <\/div> <div class=\"ti-profile-details\"> <div class=\"ti-name\"> Romy S <\/div> <div class=\"ti-date\"><\/div> <\/div> <\/div> <span class=\"ti-stars\"><trustindex-image class=\"ti-star\" data-imgurl=\"https:\/\/cdn.trustindex.io\/assets\/platform\/Google\/star\/f.svg\" alt=\"Google\" width=\"17\" height=\"17\" loading=\"lazy\"><\/trustindex-image><trustindex-image class=\"ti-star\" data-imgurl=\"https:\/\/cdn.trustindex.io\/assets\/platform\/Google\/star\/f.svg\" alt=\"Google\" width=\"17\" height=\"17\" loading=\"lazy\"><\/trustindex-image><trustindex-image class=\"ti-star\" data-imgurl=\"https:\/\/cdn.trustindex.io\/assets\/platform\/Google\/star\/f.svg\" alt=\"Google\" width=\"17\" height=\"17\" loading=\"lazy\"><\/trustindex-image><trustindex-image class=\"ti-star\" data-imgurl=\"https:\/\/cdn.trustindex.io\/assets\/platform\/Google\/star\/f.svg\" alt=\"Google\" width=\"17\" height=\"17\" loading=\"lazy\"><\/trustindex-image><trustindex-image class=\"ti-star\" data-imgurl=\"https:\/\/cdn.trustindex.io\/assets\/platform\/Google\/star\/e.svg\" alt=\"Google\" width=\"17\" height=\"17\" loading=\"lazy\"><\/trustindex-image><span class=\"ti-verified-review ti-verified-platform\"><span class=\"ti-verified-tooltip\">Trustindex v\u00e9rifie que la source originale de l'avis est Google.<\/span><\/span><\/span> <div class=\"ti-review-text-container ti-review-content\"><!-- R-CONTENT -->Camping tr\u00e8s agr\u00e9able \u00e0 quelques minutes des plages de Soulac-Sur-Mer. G\u00e9rante accueillante professionnelle et r\u00e9active. Camping dot\u00e9 de mobil-home spacieux et bien \u00e9quip\u00e9s ainsi que des jeux pour les enfants. Les espaces sont tr\u00e8s bien entretenus et les sanitaires toujours propres. Vous pourrez \u00e9galement profiter d'activit\u00e9s et soir\u00e9es sympathiques.\nSeul petit b\u00e9mol en terme de restauration o\u00f9 la, LE \u201dil n'y en plus\" a \u00e9t\u00e9 r\u00e9curent (certainement d\u00f9 \u00e0 l'approche de fin de saison) Ceci \u00e9tant, la cuisine est bien pr\u00e9par\u00e9e et les pizzas d\u00e9licieuses.\nNous avons pass\u00e9 un agr\u00e9able s\u00e9jour et recommandons le camping des familles.<!-- R-CONTENT --><\/div> <span class=\"ti-read-more\" data-container=\".ti-review-content\" data-collapse-text=\"Cacher\" data-open-text=\"Lire la suite\"><\/span> <\/div> <\/div>  <div data-empty=\"0\" data-time=\"1755907200\" class=\"ti-review-item source-Google ti-image-layout-thumbnail\" data-id=\"cfcd208495d565ef66e7dff9f98764da\"> <div class=\"ti-inner\"> <div class=\"ti-review-header\"> <trustindex-image class=\"ti-platform-icon\" data-imgurl=\"https:\/\/cdn.trustindex.io\/assets\/platform\/Google\/icon.svg\" alt=\"\" width=\"20\" height=\"20\" loading=\"lazy\"><\/trustindex-image> <div class=\"ti-profile-img\"> <trustindex-image data-imgurl=\"https:\/\/lh3.googleusercontent.com\/a-\/ALV-UjXMT01cjk79LtcWaK7ct2Vqr83LzkxEOtIpIdvhS5SvfMKnpnnd=w64-h64-c-rp-mo-ba3-br100\" alt=\"Markus Westarp profile picture\" loading=\"lazy\"><\/trustindex-image> <\/div> <div class=\"ti-profile-details\"> <div class=\"ti-name\"> Markus Westarp <\/div> <div class=\"ti-date\"><\/div> <\/div> <\/div> <span class=\"ti-stars\"><trustindex-image class=\"ti-star\" data-imgurl=\"https:\/\/cdn.trustindex.io\/assets\/platform\/Google\/star\/f.svg\" alt=\"Google\" width=\"17\" height=\"17\" loading=\"lazy\"><\/trustindex-image><trustindex-image class=\"ti-star\" data-imgurl=\"https:\/\/cdn.trustindex.io\/assets\/platform\/Google\/star\/f.svg\" alt=\"Google\" width=\"17\" height=\"17\" loading=\"lazy\"><\/trustindex-image><trustindex-image class=\"ti-star\" data-imgurl=\"https:\/\/cdn.trustindex.io\/assets\/platform\/Google\/star\/f.svg\" alt=\"Google\" width=\"17\" height=\"17\" loading=\"lazy\"><\/trustindex-image><trustindex-image class=\"ti-star\" data-imgurl=\"https:\/\/cdn.trustindex.io\/assets\/platform\/Google\/star\/f.svg\" alt=\"Google\" width=\"17\" height=\"17\" loading=\"lazy\"><\/trustindex-image><trustindex-image class=\"ti-star\" data-imgurl=\"https:\/\/cdn.trustindex.io\/assets\/platform\/Google\/star\/e.svg\" alt=\"Google\" width=\"17\" height=\"17\" loading=\"lazy\"><\/trustindex-image><span class=\"ti-verified-review ti-verified-platform\"><span class=\"ti-verified-tooltip\">Trustindex v\u00e9rifie que la source originale de l'avis est Google.<\/span><\/span><\/span> <div class=\"ti-review-text-container ti-review-content\"><!-- R-CONTENT -->Sehr sch\u00f6ner ruhiger Campingplatz. Nettes Personal, Sanit\u00e4ranlagen waren sauber. Der Pool war sauber und die Kids hatten ihren Spa\u00df. Die Betreiber waren steht's hilfbereit und immer freundlich und zuvorkommend. Hatten eine sch\u00f6ne Zeit.<!-- R-CONTENT --><\/div> <span class=\"ti-read-more\" data-container=\".ti-review-content\" data-collapse-text=\"Cacher\" data-open-text=\"Lire la suite\"><\/span> <\/div> <\/div>  <div data-empty=\"0\" data-time=\"1755907200\" class=\"ti-review-item source-Google ti-image-layout-thumbnail\" data-id=\"cfcd208495d565ef66e7dff9f98764da\"> <div class=\"ti-inner\"> <div class=\"ti-review-header\"> <trustindex-image class=\"ti-platform-icon\" data-imgurl=\"https:\/\/cdn.trustindex.io\/assets\/platform\/Google\/icon.svg\" alt=\"\" width=\"20\" height=\"20\" loading=\"lazy\"><\/trustindex-image> <div class=\"ti-profile-img\"> <trustindex-image data-imgurl=\"https:\/\/lh3.googleusercontent.com\/a-\/ALV-UjUH1d8OnaO9HWxEMP837ax7F1YE_9EyhF7LCONxMlMfffwY2ED1rA=w64-h64-c-rp-mo-br100\" alt=\"sandrine fournier profile picture\" loading=\"lazy\"><\/trustindex-image> <\/div> <div class=\"ti-profile-details\"> <div class=\"ti-name\"> sandrine fournier <\/div> <div class=\"ti-date\"><\/div> <\/div> <\/div> <span class=\"ti-stars\"><trustindex-image class=\"ti-star\" data-imgurl=\"https:\/\/cdn.trustindex.io\/assets\/platform\/Google\/star\/f.svg\" alt=\"Google\" width=\"17\" height=\"17\" loading=\"lazy\"><\/trustindex-image><trustindex-image class=\"ti-star\" data-imgurl=\"https:\/\/cdn.trustindex.io\/assets\/platform\/Google\/star\/f.svg\" alt=\"Google\" width=\"17\" height=\"17\" loading=\"lazy\"><\/trustindex-image><trustindex-image class=\"ti-star\" data-imgurl=\"https:\/\/cdn.trustindex.io\/assets\/platform\/Google\/star\/f.svg\" alt=\"Google\" width=\"17\" height=\"17\" loading=\"lazy\"><\/trustindex-image><trustindex-image class=\"ti-star\" data-imgurl=\"https:\/\/cdn.trustindex.io\/assets\/platform\/Google\/star\/f.svg\" alt=\"Google\" width=\"17\" height=\"17\" loading=\"lazy\"><\/trustindex-image><trustindex-image class=\"ti-star\" data-imgurl=\"https:\/\/cdn.trustindex.io\/assets\/platform\/Google\/star\/f.svg\" alt=\"Google\" width=\"17\" height=\"17\" loading=\"lazy\"><\/trustindex-image><span class=\"ti-verified-review ti-verified-platform\"><span class=\"ti-verified-tooltip\">Trustindex v\u00e9rifie que la source originale de l'avis est Google.<\/span><\/span><\/span> <div class=\"ti-review-text-container ti-review-content\"><!-- R-CONTENT -->Super camping, avec de super dirigeant. Tout le personnel est tr\u00e8s sympathique.\nC'est pour cela que l'on revient tous les ans<!-- R-CONTENT --><\/div> <span class=\"ti-read-more\" data-container=\".ti-review-content\" data-collapse-text=\"Cacher\" data-open-text=\"Lire la suite\"><\/span> <\/div> <\/div>  <\/div> <\/div> <div class=\"ti-controls-line\"> <div class=\"dot\"><\/div> <\/div>    <\/div> <\/div> <\/template><\/pre><div data-src=\"https:\/\/cdn.trustindex.io\/loader.js?wp-widget\" data-template-id=\"trustindex-google-widget-html\" data-css-url=\"https:\/\/www.camping-des-familles.com\/wp-content\/uploads\/trustindex-google-widget.css?1761902397\"><\/div>\n<\/div>\n<\/div>\n<\/div>\n<\/div><\/div>\n<\/section>\n\n<section class=\"wp-block-group home-ninth has-custom-color-4-background-color has-background has-global-padding is-layout-constrained wp-block-group-is-layout-constrained\">\n<div class=\"wp-block-columns is-layout-flex wp-container-core-columns-is-layout-28f84493 wp-block-columns-is-layout-flex\">\n<div class=\"wp-block-column is-vertically-aligned-center left is-layout-flow wp-block-column-is-layout-flow\">\n<p class=\"has-custom-color-3-color has-text-color has-link-color wp-elements-7b9300e76f2a9487e117b936f41a9402\" style=\"font-size:clamp(17.371px, 1.086rem + ((1vw - 3.2px) * 0.783), 27px);text-transform:uppercase\">Faq<\/p>\n\n\n\n<div class=\"wp-block-group like-title-content is-nowrap is-layout-flex wp-container-core-group-is-layout-f66f9956 wp-block-group-is-layout-flex\">\n<figure class=\"wp-block-image size-full\" style=\"margin-top:25px\"><img decoding=\"async\" width=\"70\" height=\"69\" src=\"https:\/\/www.camping-des-familles.com\/wp-content\/uploads\/2025\/09\/Vector-22.svg\" alt=\"Vector (22)\" class=\"wp-image-528\" style=\"object-fit:cover\"\/><\/figure>\n\n\n\n<div class=\"wp-block-group h1-like has-custom-color-1-color has-text-color has-link-color wp-elements-6eb6c241176ce4879b05a3e4461b97a3 has-global-padding is-layout-constrained wp-block-group-is-layout-constrained\">\n<p class=\"has-custom-color-3-color has-text-color has-link-color has-pp-woodland-font-family wp-elements-389504859f6656f8fce338756e07518f\" style=\"font-size:clamp(52.9px, 3.306rem + ((1vw - 3.2px) * 4.398), 107px);font-style:normal;font-weight:200;text-transform:uppercase\"> <br\/>Alles is<br\/> <span> helder! <\/span><\/p>\n<\/div>\n<\/div>\n<\/div>\n\n\n\n<div class=\"wp-block-column right is-layout-flow wp-block-column-is-layout-flow\"><details style=\"--faq-color:#2b577c;\" class=\"gt-fse-faq animated fadeInUp wp-elements-2ba58dc7183de46e47b0e41bf8cb64dc wp-block-gt-gt-fse-faq has-text-color has-custom-color-4-color has-background has-custom-color-1-background-color has-pp-woodland-font-family\" data-wp-interactive=\"gt-fse-faq\" data-wp-context='{\"isOpen\": false}'>\n\t<summary aria-expanded=\"false\" class=\"gt-fse-faq-summary\" data-wp-on--click=\"actions.toggle\" data-wp-bind--aria-expanded=\"context.isOpen\">\n\t\t<div class=\"gt-fse-faq-summary-text\">\n\t\t\tHoe ver ligt de camping van het strand?\t\t<\/div>\n\t\t<span class=\"gt-fse-faq-opener\"><\/span>\n\t<\/summary>\n\t<div class=\"gt-fse-faq-content\">\n\t\t\n\n<p>De camping ligt op 5 km van het strand van Le Gurp. Bereikbaar met de auto (5 min) of in alle veiligheid via fietspaden (15 min). <\/p>\n\n\t<\/div>\n<\/details>\n\n\n\n<details style=\"--faq-color:#2b577c;\" class=\"gt-fse-faq animated fadeInUp delay-100ms wp-elements-0e4f22613c5d54e4d9501fdcb34e9386 wp-block-gt-gt-fse-faq has-text-color has-custom-color-4-color has-background has-custom-color-1-background-color has-pp-woodland-font-family\" data-wp-interactive=\"gt-fse-faq\" data-wp-context='{\"isOpen\": false}'>\n\t<summary aria-expanded=\"false\" class=\"gt-fse-faq-summary\" data-wp-on--click=\"actions.toggle\" data-wp-bind--aria-expanded=\"context.isOpen\">\n\t\t<div class=\"gt-fse-faq-summary-text\">\n\t\t\tKunnen er fietsen worden gehuurd op de camping?\t\t<\/div>\n\t\t<span class=\"gt-fse-faq-opener\"><\/span>\n\t<\/summary>\n\t<div class=\"gt-fse-faq-content\">\n\t\t\n\n<p>All-terrain elektrische fietsen en scooters te huur (4u, dag, week).  <\/p>\n\n\t<\/div>\n<\/details>\n\n\n\n<details style=\"--faq-color:#2b577c;\" class=\"gt-fse-faq animated fadeInUp delay-200ms wp-elements-cc4196350803ef85cdef453c6433d594 wp-block-gt-gt-fse-faq has-text-color has-custom-color-4-color has-background has-custom-color-1-background-color has-pp-woodland-font-family\" data-wp-interactive=\"gt-fse-faq\" data-wp-context='{\"isOpen\": false}'>\n\t<summary aria-expanded=\"false\" class=\"gt-fse-faq-summary\" data-wp-on--click=\"actions.toggle\" data-wp-bind--aria-expanded=\"context.isOpen\">\n\t\t<div class=\"gt-fse-faq-summary-text\">\n\t\t\tIs er een restaurant ter plaatse?\t\t<\/div>\n\t\t<span class=\"gt-fse-faq-opener\"><\/span>\n\t<\/summary>\n\t<div class=\"gt-fse-faq-content\">\n\t\t\n\n<p>De bar\/restaurant is in juli en augustus 7 dagen per week geopend van 8.00 tot middernacht. Ontbijt, snacks, salades, ijs, cr\u00eapes, drankjes en dagmenu. Elke week themamaaltijden.  <\/p>\n\n\t<\/div>\n<\/details>\n\n\n\n<details style=\"--faq-color:#2b577c;\" class=\"gt-fse-faq animated fadeInUp delay-200ms wp-elements-ddd90e1ce81270ce44c256cecfe123b8 wp-block-gt-gt-fse-faq has-text-color has-custom-color-4-color has-background has-custom-color-1-background-color has-pp-woodland-font-family\" data-wp-interactive=\"gt-fse-faq\" data-wp-context='{\"isOpen\": false}'>\n\t<summary aria-expanded=\"false\" class=\"gt-fse-faq-summary\" data-wp-on--click=\"actions.toggle\" data-wp-bind--aria-expanded=\"context.isOpen\">\n\t\t<div class=\"gt-fse-faq-summary-text\">\n\t\t\tIs wifi gratis en beschikbaar op het hele landgoed?\t\t<\/div>\n\t\t<span class=\"gt-fse-faq-opener\"><\/span>\n\t<\/summary>\n\t<div class=\"gt-fse-faq-content\">\n\t\t\n\n<p>Het is gratis in het restaurant, bij de receptie en in de speeltuinen.<\/p>\n\n\t<\/div>\n<\/details>\n\n\n\n<details style=\"--faq-color:#2b577c;\" class=\"gt-fse-faq animated fadeInUp delay-500ms wp-elements-652ad23d04b03df8a171845c74a7f44c wp-block-gt-gt-fse-faq has-text-color has-custom-color-4-color has-background has-custom-color-1-background-color has-pp-woodland-font-family\" data-wp-interactive=\"gt-fse-faq\" data-wp-context='{\"isOpen\": false}'>\n\t<summary aria-expanded=\"false\" class=\"gt-fse-faq-summary\" data-wp-on--click=\"actions.toggle\" data-wp-bind--aria-expanded=\"context.isOpen\">\n\t\t<div class=\"gt-fse-faq-summary-text\">\n\t\t\tIs het zwembad verwarmd?\t\t<\/div>\n\t\t<span class=\"gt-fse-faq-opener\"><\/span>\n\t<\/summary>\n\t<div class=\"gt-fse-faq-content\">\n\t\t\n\n<p>Het zwembad is verwarmd van juni tot september.<\/p>\n\n\t<\/div>\n<\/details>\n\n<\/div>\n<\/div>\n\n\n\n<div style=\"height:76px\" aria-hidden=\"true\" class=\"wp-block-spacer gt-hide-mobile\"><\/div>\n\n\n<div style=\"--documents-icon-width:50px;--documents-icon-height:50px;--documents-icon-border-radius:0px;--documents-icon-background-color:transparent;--documents-icon-color:#a99a82;--documents-icon-background-color-hover:transparent;--documents-icon-color-hover:#000000;--documents-direction:row;--documents-gap:10px;--documents-padding:0px;\" class=\"gt-fse-documents--row wp-block-gt-gt-fse-documents has-medium-font-size\">\n    \n                    <button\n                data-wp-interactive=\"gt-fse-documents\"\n                data-wp-on--click=\"actions.openLightbox\"\n                class=\"gt-fse-documents__item\"\n                data-file=\"https:\/\/www.camping-des-familles.com\/wp-content\/uploads\/2025\/10\/charte-ecoresponsable.pdf\"\n                title=\"MILIEUVERANTWOORD HANDELEN\">\n                                    <span class=\"gt-fse-documents__item__icon\" style=\"-webkit-mask-image:url(https:\/\/www.camping-des-familles.com\/wp-content\/uploads\/2025\/10\/ampoule-ecologique.svg);mask-image:url(https:\/\/www.camping-des-familles.com\/wp-content\/uploads\/2025\/10\/ampoule-ecologique.svg);\"><\/span>\n                                <span class=\"gt-fse-documents__item__name\">MILIEUVERANTWOORD HANDELEN<\/span>\n            <\/button>\n\n            \n                    <button\n                data-wp-interactive=\"gt-fse-documents\"\n                data-wp-on--click=\"actions.openLightbox\"\n                class=\"gt-fse-documents__item\"\n                data-file=\"https:\/\/www.camping-des-familles.com\/wp-content\/uploads\/2025\/10\/Reglement-interieur.pdf\"\n                title=\"INTERNE REGELS\">\n                                    <span class=\"gt-fse-documents__item__icon\" style=\"-webkit-mask-image:url(https:\/\/www.camping-des-familles.com\/wp-content\/uploads\/2025\/10\/regles-1.svg);mask-image:url(https:\/\/www.camping-des-familles.com\/wp-content\/uploads\/2025\/10\/regles-1.svg);\"><\/span>\n                                <span class=\"gt-fse-documents__item__name\">INTERNE REGELS<\/span>\n            <\/button>\n\n            \n                    <button\n                data-wp-interactive=\"gt-fse-documents\"\n                data-wp-on--click=\"actions.openLightbox\"\n                class=\"gt-fse-documents__item\"\n                data-file=\"https:\/\/www.camping-des-familles.com\/wp-content\/uploads\/2025\/10\/Plan-du-camping-2026.pdf\"\n                title=\"CAMPING PLATTEGROND\">\n                                    <span class=\"gt-fse-documents__item__icon\" style=\"-webkit-mask-image:url(https:\/\/www.camping-des-familles.com\/wp-content\/uploads\/2025\/10\/plan-daction.svg);mask-image:url(https:\/\/www.camping-des-familles.com\/wp-content\/uploads\/2025\/10\/plan-daction.svg);\"><\/span>\n                                <span class=\"gt-fse-documents__item__name\">CAMPING PLATTEGROND<\/span>\n            <\/button>\n\n            \n                    <button\n                data-wp-interactive=\"gt-fse-documents\"\n                data-wp-on--click=\"actions.openLightbox\"\n                class=\"gt-fse-documents__item\"\n                data-file=\"https:\/\/www.camping-des-familles.com\/wp-content\/uploads\/2025\/10\/CONDITIONS-GENERALES-DE-VENTES-CGV-camping-des-familles_compressed.pdf\"\n                title=\"ALGEMENE VOORWAARDEN\">\n                                    <span class=\"gt-fse-documents__item__icon\" style=\"-webkit-mask-image:url(https:\/\/www.camping-des-familles.com\/wp-content\/uploads\/2025\/10\/contracter-1.svg);mask-image:url(https:\/\/www.camping-des-familles.com\/wp-content\/uploads\/2025\/10\/contracter-1.svg);\"><\/span>\n                                <span class=\"gt-fse-documents__item__name\">ALGEMENE VOORWAARDEN<\/span>\n            <\/button>\n\n            \n<\/div><\/section>\n\n<p><\/p>\n","protected":false},"excerpt":{"rendered":"<p>Camping in de M\u00e9doc, bij Soulac-sur-Mer Op zoek naar een rustige vakantie midden in de natuur? Camping des Familles Ecolodge, gelegen in Grayan-et-l&#8217;H\u00f4pital, verwelkomt je in een gezellige sfeer, op een steenworp afstand van de oceaan (5 min met de auto en 15 min met de fiets over de beveiligde fietspaden). Onze camping in de [&hellip;]<\/p>\n","protected":false},"author":1,"featured_media":0,"parent":0,"menu_order":0,"comment_status":"closed","ping_status":"closed","template":"","meta":{"_acf_changed":false,"_seopress_robots_primary_cat":"","_seopress_titles_title":"Camping bij Soulac-sur-Mer, in de M\u00e9doc","_seopress_titles_desc":"Camping in de M\u00e9doc bij Soulac-sur-Mer: verwarmd zwembad, spa, restaurant, gezinsactiviteiten en ongerepte natuur. Verblijf op Camping des Familles Ecolodge, op 5 minuten van het strand. ","_seopress_robots_index":"","_gt_ctv_global_id":"14469","_gt_ctv_id_group":false,"inline_featured_image":false,"gt_fse_maillage_image":"","gt_fse_maillage_titre":"Automatisch ontwerp","gt_fse_maillage_alt":"Automatisch ontwerp","gt_fse_maillage_resume":"","_gt_maillage_image":0,"_gt_maillage_video":0,"_gt_maillage_title":"","footnotes":""},"categories":[],"tags":[],"class_list":["post-2579","page","type-page","status-publish","hentry"],"acf":[],"_links":{"self":[{"href":"https:\/\/www.camping-des-familles.com\/nl\/wp-json\/wp\/v2\/pages\/2579","targetHints":{"allow":["GET"]}}],"collection":[{"href":"https:\/\/www.camping-des-familles.com\/nl\/wp-json\/wp\/v2\/pages"}],"about":[{"href":"https:\/\/www.camping-des-familles.com\/nl\/wp-json\/wp\/v2\/types\/page"}],"author":[{"embeddable":true,"href":"https:\/\/www.camping-des-familles.com\/nl\/wp-json\/wp\/v2\/users\/1"}],"replies":[{"embeddable":true,"href":"https:\/\/www.camping-des-familles.com\/nl\/wp-json\/wp\/v2\/comments?post=2579"}],"version-history":[{"count":37,"href":"https:\/\/www.camping-des-familles.com\/nl\/wp-json\/wp\/v2\/pages\/2579\/revisions"}],"predecessor-version":[{"id":4644,"href":"https:\/\/www.camping-des-familles.com\/nl\/wp-json\/wp\/v2\/pages\/2579\/revisions\/4644"}],"wp:attachment":[{"href":"https:\/\/www.camping-des-familles.com\/nl\/wp-json\/wp\/v2\/media?parent=2579"}],"wp:term":[{"taxonomy":"category","embeddable":true,"href":"https:\/\/www.camping-des-familles.com\/nl\/wp-json\/wp\/v2\/categories?post=2579"},{"taxonomy":"post_tag","embeddable":true,"href":"https:\/\/www.camping-des-familles.com\/nl\/wp-json\/wp\/v2\/tags?post=2579"}],"curies":[{"name":"wp","href":"https:\/\/api.w.org\/{rel}","templated":true}]}}