{"id":2425,"date":"2025-09-22T14:00:10","date_gmt":"2025-09-22T12:00:10","guid":{"rendered":"https:\/\/www.camping-des-familles.com\/patrimoine-culture-medoc\/"},"modified":"2025-11-11T10:08:59","modified_gmt":"2025-11-11T09:08:59","slug":"erfgoed-cultuur-medoc","status":"publish","type":"page","link":"https:\/\/www.camping-des-familles.com\/nl\/erfgoed-cultuur-medoc\/","title":{"rendered":"Erfgoed en cultuur"},"content":{"rendered":"\n<section class=\"wp-block-group home-third bis has-global-padding is-layout-constrained wp-block-group-is-layout-constrained\">\n<div class=\"wp-block-columns is-layout-flex wp-container-core-columns-is-layout-28f84493 wp-block-columns-is-layout-flex\">\n<div class=\"wp-block-column is-vertically-aligned-center right is-layout-flow wp-block-column-is-layout-flow\" style=\"flex-basis:50%\">\n<h1 class=\"wp-block-heading has-text-align-left full-width has-damirone-font-family has-custom-color-1-color has-text-color\" style=\"margin-top:0px;margin-right:0px;margin-bottom:0px;margin-left:0px;padding-bottom:var(--wp--preset--spacing--20);font-size:clamp(28.836px, 1.802rem + ((1vw - 3.2px) * 1.721), 50px);font-style:normal;font-weight:400;line-height:1.2;text-transform:uppercase\">Ontdek de M\u00e9doc <span>en zijn schatten<\/span><\/h1>\n\n\n\n<p class=\"has-custom-color-3-color has-text-color has-link-color wp-elements-1d0950516873e44780252696606f87ad\" style=\"line-height:1.9\"><a href=\"https:\/\/www.camping-des-familles.com\/nl\/toerisme-stranden-medoc\/\" data-type=\"page\" data-id=\"48\">De M\u00e9doc is meer dan fijne zandstranden<\/a>! Onze <a href=\"https:\/\/www.camping-des-familles.com\/nl\/\" data-type=\"page\" data-id=\"8\">camping bij Soulac-sur-Mer<\/a> is ook een uitstekende uitvalsbasis om het<strong> erfgoed en de cultuur<\/strong> van de M\u00e9doc te ontdekken. <strong>Majestueuze vuurtorens<\/strong>, <strong>pittoreske dorpjes<\/strong>, <strong>kleurrijke markten<\/strong>, <strong>tradities <\/strong>en <strong>lokale gastronomie<\/strong> vormen samen een gebied dat rijk is aan ontdekkingen. Het is onmogelijk om de vele wijnmakerijen, kelders, ch\u00e2teaux en lokale oesterproducenten in de regio te missen. Laat je tijdens een weekend of vakantie verrassen door de <strong>geschiedenis en authenticiteit<\/strong> van deze prachtige regio in het zuidwesten. <\/p>\n<\/div>\n\n\n\n<div class=\"wp-block-column left is-layout-flow wp-block-column-is-layout-flow\" style=\"flex-basis:50%\">\n<div class=\"wp-block-group is-layout-flow wp-block-group-is-layout-flow\">\n<div class=\"wp-block-group is-layout-flow wp-block-group-is-layout-flow\">\n<figure class=\"wp-block-image size-full is-resized gt-gsap-fadeIn\"><img decoding=\"async\" width=\"424\" height=\"446\" src=\"https:\/\/www.camping-des-familles.com\/wp-content\/uploads\/2025\/10\/villa-soulacaise2-e1759501485128.jpg\" alt=\"villa soulacaise2\" class=\"wp-image-1376\" style=\"width:auto;height:900px\" srcset=\"https:\/\/www.camping-des-familles.com\/wp-content\/uploads\/2025\/10\/villa-soulacaise2-e1759501485128.jpg 424w, https:\/\/www.camping-des-familles.com\/wp-content\/uploads\/2025\/10\/villa-soulacaise2-e1759501485128-285x300.jpg 285w\" sizes=\"(max-width: 424px) 100vw, 424px\" \/><\/figure>\n<\/div>\n<\/div>\n<\/div>\n<\/div>\n<\/section>\n\n<section class=\"wp-block-group home-fourth page-two has-custom-color-1-background-color has-background has-global-padding is-layout-constrained wp-block-group-is-layout-constrained\">\n<div class=\"wp-block-group has-global-padding is-content-justification-center is-layout-constrained wp-container-core-group-is-layout-519de150 wp-block-group-is-layout-constrained\" style=\"margin-top:0px;margin-right:0px;margin-bottom:0px;margin-left:0px\">\n<h2 class=\"wp-block-heading has-text-align-center full-width has-damirone-font-family has-base-2-color has-text-color\" style=\"margin-top:0px;margin-right:0px;margin-bottom:0px;margin-left:0px;font-size:clamp(24.034px, 1.502rem + ((1vw - 3.2px) * 1.298), 40px);font-style:normal;font-weight:400;line-height:1.2;text-transform:uppercase\"><span>Bezienswaardigheden<\/span> in de buurt van de camping<\/h2>\n<\/div>\n\n\n\n<div class=\"wp-block-group has-global-padding is-content-justification-center is-layout-constrained wp-container-core-group-is-layout-8f5500b1 wp-block-group-is-layout-constrained\" style=\"margin-top:0px;margin-right:0px;margin-bottom:0px;margin-left:0px;padding-bottom:var(--wp--preset--spacing--30)\">\n<p class=\"has-text-align-center full-width has-base-2-color has-text-color has-link-color has-poppins-font-family wp-elements-3cc3f3d63911c7c96e0aaf1085303467\" style=\"margin-top:0px;margin-right:0px;margin-bottom:0px;margin-left:0px;font-size:clamp(14px, 0.875rem + ((1vw - 3.2px) * 0.325), 18px);font-style:normal;font-weight:300;line-height:1.9\">Op een paar minuten van de camping ontdek je een uniek erfgoed: <strong>kleurrijke carrelets aan de oevers van de riviermonding<\/strong>, <strong>levendige guinguettes<\/strong>, <strong>boerenmarkten<\/strong>, <strong>moerassen <\/strong>en <strong>haventjes<\/strong>. De <strong>nabijgelegen voie verte<\/strong> maakt het gemakkelijk om je te verplaatsen vanaf de camping, dus laat je auto tijdens je verblijf op de parkeerplaats staan en ga op pad <strong>met de fiets<\/strong>, <s> <\/s>of <strong>neem een<\/strong> <strong>ALL-TERRAIN elektrische <\/strong> <strong>scooter<\/strong> (direct te huur op de camping) om de omgeving te verkennen!  <\/p>\n\n\n\n<p class=\"has-text-align-center full-width has-base-2-color has-text-color has-link-color has-poppins-font-family wp-elements-f2557dd2b32cf37679432b99044c5013\" style=\"margin-top:0px;margin-right:0px;margin-bottom:0px;margin-left:0px;font-size:clamp(14px, 0.875rem + ((1vw - 3.2px) * 0.325), 18px);font-style:normal;font-weight:300;line-height:1.9\">Mis de emblematische historische bezienswaardigheden niet, zoals <a href=\"https:\/\/www.phare-de-cordouan.fr\/\" target=\"_blank\" rel=\"noreferrer noopener nofollow\">de vuurtoren van Cordouan<\/a>, die op de UNESCO-lijst staat (verkozen tot 2e favoriete monument van Frankrijk in 2025) of de <a href=\"https:\/\/www.medoc-atlantique.com\/sit\/basilique-notre-dame-de-la-fin-des-terres-7107959\/\" target=\"_blank\" rel=\"noreferrer noopener nofollow\">basiliek in Soulac-sur-Mer<\/a>. Je kunt ook de <a href=\"https:\/\/www.camping-des-familles.com\/nl\/gastronomie-wijnen-medoc\/\" data-type=\"page\" data-id=\"58\">lokale smaken van de M\u00e9doc<\/a> proeven: <strong>oesters<\/strong>, <strong>garnalen uit de riviermonding<\/strong> en de <strong>beroemde noisettines<\/strong>.<\/p>\n<\/div>\n\n\n\n<div class=\"wp-block-cover alignfull blob-image gt-gsap-fadeInUp\" style=\"min-height:80vh;aspect-ratio:unset;\"><img decoding=\"async\" width=\"2000\" height=\"1250\" class=\"wp-block-cover__image-background wp-image-1387 size-full\" alt=\"_basilique Soulac-sur-Mer\" src=\"https:\/\/www.camping-des-familles.com\/wp-content\/uploads\/2025\/10\/basilique-Soulac-sur-Mer.jpg\" data-object-fit=\"cover\" srcset=\"https:\/\/www.camping-des-familles.com\/wp-content\/uploads\/2025\/10\/basilique-Soulac-sur-Mer.jpg 2000w, https:\/\/www.camping-des-familles.com\/wp-content\/uploads\/2025\/10\/basilique-Soulac-sur-Mer-300x188.jpg 300w, https:\/\/www.camping-des-familles.com\/wp-content\/uploads\/2025\/10\/basilique-Soulac-sur-Mer-1024x640.jpg 1024w, https:\/\/www.camping-des-familles.com\/wp-content\/uploads\/2025\/10\/basilique-Soulac-sur-Mer-768x480.jpg 768w, https:\/\/www.camping-des-familles.com\/wp-content\/uploads\/2025\/10\/basilique-Soulac-sur-Mer-1536x960.jpg 1536w\" sizes=\"(max-width: 2000px) 100vw, 2000px\" \/><span aria-hidden=\"true\" class=\"wp-block-cover__background has-background-dim wp-block-cover__gradient-background has-background-gradient\" style=\"background:linear-gradient(0deg,rgb(1,1,1) 0%,rgba(0,0,0,0.34) 72%)\"><\/span><div class=\"wp-block-cover__inner-container is-layout-flow wp-block-cover-is-layout-flow\">\n<p class=\"has-text-align-center h1-like has-pp-woodland-font-family\" style=\"font-size:clamp(67.975px, 4.248rem + ((1vw - 3.2px) * 6.506), 148px);line-height:1\"><span>Historische <\/span> <br\/><span> <\/span> sites  <\/p>\n<\/div><\/div>\n<\/section>\n\n<section class=\"wp-block-group home-third page-third has-global-padding is-layout-constrained wp-block-group-is-layout-constrained\">\n<div class=\"wp-block-columns is-layout-flex wp-container-core-columns-is-layout-28f84493 wp-block-columns-is-layout-flex\">\n<div class=\"wp-block-column left is-layout-flow wp-block-column-is-layout-flow\" style=\"flex-basis:50%\">\n<div data-swiper=\"{&quot;speed&quot;:400,&quot;spaceBetween&quot;:16,&quot;slidesPerView&quot;:1,&quot;createElements&quot;:true,&quot;loop&quot;:true,&quot;freemode&quot;:true,&quot;breakpoints&quot;:[{&quot;slidesPerView&quot;:1}],&quot;pagination&quot;:false,&quot;effect&quot;:&quot;fade&quot;,&quot;navigation&quot;:false}\" class=\"wp-block-group gt-is-slider gt-is-slider-desktop is-layout-flow wp-block-group-is-layout-flow\">\n<div class=\"wp-block-group is-layout-flow wp-block-group-is-layout-flow\">\n<figure class=\"wp-block-image size-full is-resized gt-gsap-fadeIn\"><img decoding=\"async\" width=\"463\" height=\"400\" src=\"https:\/\/www.camping-des-familles.com\/wp-content\/uploads\/2025\/10\/parc-ostreicole-e1760615666988.jpg\" alt=\"oesterkwekerij\" class=\"wp-image-2322\" style=\"width:auto;height:900px\" srcset=\"https:\/\/www.camping-des-familles.com\/wp-content\/uploads\/2025\/10\/parc-ostreicole-e1760615666988.jpg 463w, https:\/\/www.camping-des-familles.com\/wp-content\/uploads\/2025\/10\/parc-ostreicole-e1760615666988-300x259.jpg 300w\" sizes=\"(max-width: 463px) 100vw, 463px\" \/><\/figure>\n<\/div>\n<\/div>\n<\/div>\n\n\n\n<div class=\"wp-block-column is-vertically-aligned-center right is-layout-flow wp-block-column-is-layout-flow\" style=\"flex-basis:50%\">\n<h2 class=\"wp-block-heading\" style=\"text-transform:uppercase\">Camping ideaal <span>gelegen om de regio te ontdekken<\/span><\/h2>\n\n\n\n<p class=\"has-custom-color-3-color has-text-color has-link-color wp-elements-91db818a60504c96e5c5ab3b2554faaa\" style=\"line-height:1.9\">Dankzij de centrale ligging kun je met onze camping gemakkelijk de M\u00e9doc bezoeken en genieten van alle <a href=\"https:\/\/www.camping-des-familles.com\/nl\/sportactiviteiten-medoc\/\">sportieve activiteiten in de buurt van Soulac-sur-Mer<\/a>. Met een lengte van 75 kilometer, een breedte tot 12 kilometer en een oppervlakte van 635 km\u00b2 is het estuarium van de Gironde het<strong> grootste estuarium van West-Europa<\/strong> en beschikt het over een <strong>uitzonderlijke omgeving<\/strong>: <strong>wilde eilanden<\/strong>,<strong> natuurlijke oevers<\/strong>, <strong>riffen<\/strong>, <strong>gevarieerde fauna<\/strong>&#8230; Je kunt zelfs een cruise of een overtocht maken vanaf Le Verdon. Voor cultuurliefhebbers biedt de regio ook <strong>festivals<\/strong>, <strong>tentoonstellingen <\/strong>en<strong> erfgoedtours<\/strong>.<\/p>\n<\/div>\n<\/div>\n<\/section>\n\n<section class=\"wp-block-group page-maillage has-global-padding is-layout-constrained wp-block-group-is-layout-constrained\">\n<div class=\"wp-block-group is-horizontal is-layout-flex wp-container-core-group-is-layout-1b39ef27 wp-block-group-is-layout-flex\">\n<figure class=\"wp-block-image size-large\" style=\"margin-top:0px;margin-right:0px;margin-bottom:0px;margin-left:0px\"><img decoding=\"async\" width=\"63\" height=\"94\" src=\"https:\/\/www.camping-des-familles.com\/wp-content\/uploads\/2025\/09\/Vector-24.svg\" alt=\"Vector (24)\" class=\"wp-image-653\" style=\"object-fit:cover\"\/><\/figure>\n\n\n\n<div class=\"wp-block-group h1-like has-custom-color-1-color has-text-color has-link-color wp-elements-cbfa7a147c7f75b797f0003905213dd0 has-global-padding is-layout-constrained wp-block-group-is-layout-constrained\">\n<p class=\"has-custom-color-3-color has-text-color has-link-color has-pp-woodland-font-family wp-elements-adb1caa31c8595469b160dd82741c132\" style=\"font-size:clamp(52.9px, 3.306rem + ((1vw - 3.2px) * 4.398), 107px);font-style:normal;font-weight:200;text-transform:uppercase\">Ontdek<br\/><span>sporten, smaken en stranden<\/span><\/p>\n<\/div>\n<\/div>\n\n\n\n<div class=\"wp-block-query is-layout-flow wp-block-query-is-layout-flow\"><ul class=\"animated fadeInUp wp-block-post-template is-layout-flow wp-block-post-template-is-layout-flow\"><li class=\"wp-block-post post-2410 page type-page status-publish has-post-thumbnail hentry\">\n\n<figure class=\"wp-block-image\"><img decoding=\"async\" src=\"https:\/\/www.camping-des-familles.com\/wp-content\/uploads\/2025\/10\/kayak_activites.jpg\" alt=\"Sport\"\/><\/figure>\n\n\n\n<p class=\"has-text-align-center has-base-2-color has-text-color has-link-color has-pp-woodland-font-family wp-elements-6ced9490183e5f4edfb72dbec622f35f\" style=\"font-size:clamp(18.959px, 1.185rem + ((1vw - 3.2px) * 0.898), 30px);text-transform:uppercase\">Sport<\/p>\n\n\n<a class=\"is-style-lien-cover wp-block-read-more\" href=\"https:\/\/www.camping-des-familles.com\/nl\/sportactiviteiten-medoc\/\" target=\"_self\">Lees verder<span class=\"screen-reader-text\">: Sport<\/span><\/a>\n<\/li><li class=\"wp-block-post post-2482 page type-page status-publish has-post-thumbnail hentry\">\n\n<figure class=\"wp-block-image\"><img decoding=\"async\" src=\"https:\/\/www.camping-des-familles.com\/wp-content\/uploads\/2025\/10\/Gastronomie-et-vins-scaled.jpg\" alt=\"Gastronomie en wijn\"\/><\/figure>\n\n\n\n<p class=\"has-text-align-center has-base-2-color has-text-color has-link-color has-pp-woodland-font-family wp-elements-6ced9490183e5f4edfb72dbec622f35f\" style=\"font-size:clamp(18.959px, 1.185rem + ((1vw - 3.2px) * 0.898), 30px);text-transform:uppercase\">Gastronomie en wijn<\/p>\n\n\n<a class=\"is-style-lien-cover wp-block-read-more\" href=\"https:\/\/www.camping-des-familles.com\/nl\/gastronomie-wijnen-medoc\/\" target=\"_self\">Lees verder<span class=\"screen-reader-text\">: Gastronomie en wijn<\/span><\/a>\n<\/li><li class=\"wp-block-post post-2489 page type-page status-publish has-post-thumbnail hentry\">\n\n<figure class=\"wp-block-image\"><img decoding=\"async\" src=\"https:\/\/www.camping-des-familles.com\/wp-content\/uploads\/2025\/10\/vue-aerienne-ocean-plage.jpg\" alt=\"De stranden\"\/><\/figure>\n\n\n\n<p class=\"has-text-align-center has-base-2-color has-text-color has-link-color has-pp-woodland-font-family wp-elements-6ced9490183e5f4edfb72dbec622f35f\" style=\"font-size:clamp(18.959px, 1.185rem + ((1vw - 3.2px) * 0.898), 30px);text-transform:uppercase\">De stranden<\/p>\n\n\n<a class=\"is-style-lien-cover wp-block-read-more\" href=\"https:\/\/www.camping-des-familles.com\/nl\/toerisme-stranden-medoc\/\" target=\"_self\">Lees verder<span class=\"screen-reader-text\">: De stranden<\/span><\/a>\n<\/li><\/ul><\/div>\n<\/section>\n","protected":false},"excerpt":{"rendered":"<p>Ontdek de M\u00e9doc en zijn schatten De M\u00e9doc is meer dan fijne zandstranden! Onze camping bij Soulac-sur-Mer is ook een uitstekende uitvalsbasis om het erfgoed en de cultuur van de M\u00e9doc te ontdekken. Majestueuze vuurtorens, pittoreske dorpjes, kleurrijke markten, tradities en lokale gastronomie vormen samen een gebied dat rijk is aan ontdekkingen. Het is onmogelijk [&hellip;]<\/p>\n","protected":false},"author":1,"featured_media":1383,"parent":0,"menu_order":0,"comment_status":"closed","ping_status":"closed","template":"","meta":{"_acf_changed":false,"_seopress_robots_primary_cat":"","_seopress_titles_title":"Toerisme in de M\u00e9doc I Erfgoed en cultuur van de M\u00e9doc","_seopress_titles_desc":"Ontdek vanaf Camping des Familles bij Soulac-sur-Mer het erfgoed en de cultuur van de M\u00e9doc: vuurtorens, pittoreske dorpjes, markten, gastronomie en historische bezienswaardigheden.","_seopress_robots_index":"","_gt_ctv_global_id":"14469","_gt_ctv_id_group":false,"inline_featured_image":false,"gt_fse_maillage_image":"https:\/\/www.camping-des-familles.com\/wp-content\/uploads\/2025\/10\/Soulac-sur-Mer.jpg","gt_fse_maillage_titre":"Erfgoed en cultuur","gt_fse_maillage_alt":"Erfgoed en cultuur","gt_fse_maillage_resume":"","_gt_maillage_image":0,"_gt_maillage_video":0,"_gt_maillage_title":"","footnotes":""},"categories":[],"tags":[],"class_list":["post-2425","page","type-page","status-publish","has-post-thumbnail","hentry"],"acf":[],"_links":{"self":[{"href":"https:\/\/www.camping-des-familles.com\/nl\/wp-json\/wp\/v2\/pages\/2425","targetHints":{"allow":["GET"]}}],"collection":[{"href":"https:\/\/www.camping-des-familles.com\/nl\/wp-json\/wp\/v2\/pages"}],"about":[{"href":"https:\/\/www.camping-des-familles.com\/nl\/wp-json\/wp\/v2\/types\/page"}],"author":[{"embeddable":true,"href":"https:\/\/www.camping-des-familles.com\/nl\/wp-json\/wp\/v2\/users\/1"}],"replies":[{"embeddable":true,"href":"https:\/\/www.camping-des-familles.com\/nl\/wp-json\/wp\/v2\/comments?post=2425"}],"version-history":[{"count":19,"href":"https:\/\/www.camping-des-familles.com\/nl\/wp-json\/wp\/v2\/pages\/2425\/revisions"}],"predecessor-version":[{"id":4256,"href":"https:\/\/www.camping-des-familles.com\/nl\/wp-json\/wp\/v2\/pages\/2425\/revisions\/4256"}],"wp:featuredmedia":[{"embeddable":true,"href":"https:\/\/www.camping-des-familles.com\/nl\/wp-json\/wp\/v2\/media\/1383"}],"wp:attachment":[{"href":"https:\/\/www.camping-des-familles.com\/nl\/wp-json\/wp\/v2\/media?parent=2425"}],"wp:term":[{"taxonomy":"category","embeddable":true,"href":"https:\/\/www.camping-des-familles.com\/nl\/wp-json\/wp\/v2\/categories?post=2425"},{"taxonomy":"post_tag","embeddable":true,"href":"https:\/\/www.camping-des-familles.com\/nl\/wp-json\/wp\/v2\/tags?post=2425"}],"curies":[{"name":"wp","href":"https:\/\/api.w.org\/{rel}","templated":true}]}}