{"id":2606,"date":"2025-09-22T13:58:55","date_gmt":"2025-09-22T11:58:55","guid":{"rendered":"https:\/\/www.camping-des-familles.com\/camping-animations-grayan-et-l-hopital\/"},"modified":"2025-11-11T10:11:39","modified_gmt":"2025-11-11T09:11:39","slug":"camping-animaciones-grayan-et-l-hopital","status":"publish","type":"page","link":"https:\/\/www.camping-des-familles.com\/es\/camping-animaciones-grayan-et-l-hopital\/","title":{"rendered":"Nuestros eventos"},"content":{"rendered":"\n<section class=\"wp-block-group home-third bis has-global-padding is-layout-constrained wp-block-group-is-layout-constrained\">\n<div class=\"wp-block-columns is-layout-flex wp-container-core-columns-is-layout-28f84493 wp-block-columns-is-layout-flex\">\n<div class=\"wp-block-column is-vertically-aligned-center right is-layout-flow wp-block-column-is-layout-flow\" style=\"flex-basis:50%\">\n<h1 class=\"wp-block-heading has-text-align-left full-width has-damirone-font-family has-custom-color-1-color has-text-color\" style=\"margin-top:0px;margin-right:0px;margin-bottom:0px;margin-left:0px;padding-bottom:var(--wp--preset--spacing--20);font-size:clamp(28.836px, 1.802rem + ((1vw - 3.2px) * 1.721), 50px);font-style:normal;font-weight:400;line-height:1.2;text-transform:uppercase\">Camping con animaci\u00f3n <span>cerca de Soulac-sur-Mer<\/span><\/h1>\n\n\n\n<p class=\"has-custom-color-3-color has-text-color has-link-color wp-elements-56c39cfc99929fc4c6ae6b1973bf458a\" style=\"line-height:1.9\">En el coraz\u00f3n de nuestro <a href=\"https:\/\/www.camping-des-familles.com\/es\/\" data-type=\"page\" data-id=\"8\">camping cerca de Soulac-sur-Mer<\/a>, disfrute de unas vacaciones llenas de <strong>momentos para compartir<\/strong> y <strong>buen humor<\/strong>. Nuestro camping con animaci\u00f3n en el M\u00e9doc se enorgullece de ofrecer <strong>actividades variadas para toda la familia<\/strong>. Aqu\u00ed, tanto peque\u00f1os como mayores encuentran lo que buscan: entre juegos, torneos, veladas festivas y momentos de relax, cada uno crea sus propios recuerdos. El <strong>ambiente c\u00e1lido<\/strong> y acogedor de nuestro camping favorece los encuentros y el placer de estar juntos, con total <strong>sencillez y en plena naturaleza<\/strong>, durante su <a href=\"https:\/\/www.camping-des-familles.com\/es\/camping-ecologico-grayan-et-l-hopital\/\" data-type=\"page\" data-id=\"12\">estancia ecol\u00f3gica en el M\u00e9doc<\/a>. <\/p>\n<\/div>\n\n\n\n<div class=\"wp-block-column left is-layout-flow wp-block-column-is-layout-flow\" style=\"flex-basis:50%\">\n<div class=\"wp-block-group is-layout-flow wp-block-group-is-layout-flow\">\n<div class=\"wp-block-group is-layout-flow wp-block-group-is-layout-flow\">\n<figure class=\"wp-block-image size-full is-resized gt-gsap-fadeIn\"><img decoding=\"async\" width=\"900\" height=\"900\" src=\"https:\/\/www.camping-des-familles.com\/wp-content\/uploads\/2025\/10\/famille-heureuse-au-camping-des-familles.jpg\" alt=\"familia feliz en el camping familiar\" class=\"wp-image-1154\" style=\"width:auto;height:900px\" srcset=\"https:\/\/www.camping-des-familles.com\/wp-content\/uploads\/2025\/10\/famille-heureuse-au-camping-des-familles.jpg 900w, https:\/\/www.camping-des-familles.com\/wp-content\/uploads\/2025\/10\/famille-heureuse-au-camping-des-familles-300x300.jpg 300w, https:\/\/www.camping-des-familles.com\/wp-content\/uploads\/2025\/10\/famille-heureuse-au-camping-des-familles-150x150.jpg 150w, https:\/\/www.camping-des-familles.com\/wp-content\/uploads\/2025\/10\/famille-heureuse-au-camping-des-familles-768x768.jpg 768w\" sizes=\"(max-width: 900px) 100vw, 900px\" \/><\/figure>\n<\/div>\n<\/div>\n<\/div>\n<\/div>\n<\/section>\n\n<section class=\"wp-block-group home-fourth page-two has-custom-color-1-background-color has-background has-global-padding is-layout-constrained wp-block-group-is-layout-constrained\">\n<div class=\"wp-block-group has-global-padding is-content-justification-center is-layout-constrained wp-container-core-group-is-layout-519de150 wp-block-group-is-layout-constrained\" style=\"margin-top:0px;margin-right:0px;margin-bottom:0px;margin-left:0px\">\n<h2 class=\"wp-block-heading has-text-align-center full-width has-damirone-font-family has-base-2-color has-text-color\" style=\"margin-top:0px;margin-right:0px;margin-bottom:0px;margin-left:0px;font-size:clamp(24.034px, 1.502rem + ((1vw - 3.2px) * 1.298), 40px);font-style:normal;font-weight:400;line-height:1.2;text-transform:uppercase\"><span>Club infantil <\/span> para ni\u00f1os a partir de 5 a\u00f1os<\/h2>\n<\/div>\n\n\n\n<div class=\"wp-block-group has-global-padding is-content-justification-center is-layout-constrained wp-container-core-group-is-layout-8f5500b1 wp-block-group-is-layout-constrained\" style=\"margin-top:0px;margin-right:0px;margin-bottom:0px;margin-left:0px;padding-bottom:var(--wp--preset--spacing--30)\">\n<p class=\"has-text-align-center full-width has-base-2-color has-text-color has-link-color has-poppins-font-family wp-elements-7d7281968ccefc3573c1ea3975007c7a\" style=\"margin-top:0px;margin-right:0px;margin-bottom:0px;margin-left:0px;font-size:clamp(14px, 0.875rem + ((1vw - 3.2px) * 0.325), 18px);font-style:normal;font-weight:300;line-height:1.9\">Nuestros animadores acogen a los ni\u00f1os a partir de 5 a\u00f1os en un <strong>espacio dedicado al ocio <\/strong>y la <strong>creatividad<\/strong>. De lunes a viernes, de 10 a 12 h. Concursos de dibujo, b\u00fasquedas del tesoro, juegos en grupo, miniolimpiadas y actividades de manualidades punt\u00faan sus ma\u00f1anas. Adem\u00e1s del club, pueden disfrutar de la<strong>zona de juegos<\/strong>, <strong>cama el\u00e1stica<\/strong>, <strong>piscina infantil <\/strong>, <strong>ping-pong<\/strong>&#8230; \u00a1Toda <strong>una diversi\u00f3n segura<\/strong> mientras sus padres se relajan junto a la piscina del camping con animaci\u00f3n en el M\u00e9doc!   <\/p>\n<\/div>\n\n\n\n<div class=\"wp-block-cover alignfull blob-image gt-gsap-fadeInUp\" style=\"min-height:80vh;aspect-ratio:unset;\"><img decoding=\"async\" width=\"1861\" height=\"1135\" class=\"wp-block-cover__image-background wp-image-1160 size-full\" alt=\"activit\u00e9s enfants camping m\u00e9doc\" src=\"https:\/\/www.camping-des-familles.com\/wp-content\/uploads\/2025\/10\/activites-enfants-camping-medoc.jpg\" style=\"object-position:17% 100%\" data-object-fit=\"cover\" data-object-position=\"17% 100%\" srcset=\"https:\/\/www.camping-des-familles.com\/wp-content\/uploads\/2025\/10\/activites-enfants-camping-medoc.jpg 1861w, https:\/\/www.camping-des-familles.com\/wp-content\/uploads\/2025\/10\/activites-enfants-camping-medoc-300x183.jpg 300w, https:\/\/www.camping-des-familles.com\/wp-content\/uploads\/2025\/10\/activites-enfants-camping-medoc-1024x625.jpg 1024w, https:\/\/www.camping-des-familles.com\/wp-content\/uploads\/2025\/10\/activites-enfants-camping-medoc-768x468.jpg 768w, https:\/\/www.camping-des-familles.com\/wp-content\/uploads\/2025\/10\/activites-enfants-camping-medoc-1536x937.jpg 1536w\" sizes=\"(max-width: 1861px) 100vw, 1861px\" \/><span aria-hidden=\"true\" class=\"wp-block-cover__background has-background-dim wp-block-cover__gradient-background has-background-gradient\" style=\"background:linear-gradient(0deg,rgb(1,1,1) 0%,rgba(0,0,0,0.34) 72%)\"><\/span><div class=\"wp-block-cover__inner-container is-layout-flow wp-block-cover-is-layout-flow\">\n<p class=\"has-text-align-center h1-like has-pp-woodland-font-family\" style=\"font-size:clamp(67.975px, 4.248rem + ((1vw - 3.2px) * 6.506), 148px);line-height:1\">Divi\u00e9rtete<br\/><span>Blossoming<\/span><\/p>\n<\/div><\/div>\n<\/section>\n\n<section class=\"wp-block-group home-third page-third has-global-padding is-layout-constrained wp-block-group-is-layout-constrained\">\n<div class=\"wp-block-columns is-layout-flex wp-container-core-columns-is-layout-28f84493 wp-block-columns-is-layout-flex\">\n<div class=\"wp-block-column left is-layout-flow wp-block-column-is-layout-flow\" style=\"flex-basis:50%\">\n<div data-swiper=\"{&quot;speed&quot;:400,&quot;spaceBetween&quot;:16,&quot;slidesPerView&quot;:1,&quot;createElements&quot;:true,&quot;loop&quot;:true,&quot;freemode&quot;:true,&quot;breakpoints&quot;:[{&quot;slidesPerView&quot;:1}],&quot;pagination&quot;:false,&quot;effect&quot;:&quot;fade&quot;,&quot;navigation&quot;:false}\" class=\"wp-block-group gt-is-slider gt-is-slider-desktop is-layout-flow wp-block-group-is-layout-flow\">\n<div class=\"wp-block-group is-layout-flow wp-block-group-is-layout-flow\">\n<figure class=\"wp-block-image size-full is-resized gt-gsap-fadeIn\"><img decoding=\"async\" width=\"903\" height=\"936\" src=\"https:\/\/www.camping-des-familles.com\/wp-content\/uploads\/2025\/10\/Activite-petanque-camping-au-medoc-e1759408107653.jpg\" alt=\"Actividad de petanca en el camping M&#xE9;doc\" class=\"wp-image-1180\" style=\"width:auto;height:900px\" srcset=\"https:\/\/www.camping-des-familles.com\/wp-content\/uploads\/2025\/10\/Activite-petanque-camping-au-medoc-e1759408107653.jpg 903w, https:\/\/www.camping-des-familles.com\/wp-content\/uploads\/2025\/10\/Activite-petanque-camping-au-medoc-e1759408107653-289x300.jpg 289w, https:\/\/www.camping-des-familles.com\/wp-content\/uploads\/2025\/10\/Activite-petanque-camping-au-medoc-e1759408107653-768x796.jpg 768w\" sizes=\"(max-width: 903px) 100vw, 903px\" \/><\/figure>\n<\/div>\n<\/div>\n<\/div>\n\n\n\n<div class=\"wp-block-column is-vertically-aligned-center right is-layout-flow wp-block-column-is-layout-flow\" style=\"flex-basis:50%\">\n<h2 class=\"wp-block-heading has-custom-color-1-color has-text-color has-link-color wp-elements-877476f3208d78001d8278c3ba8156dd\" style=\"text-transform:uppercase\">Zonas de juego e instalaciones deportivas <span>en el M\u00e9doc<\/span><\/h2>\n\n\n\n<p class=\"has-custom-color-3-color has-text-color has-link-color wp-elements-93f7e066c94dd74ebb74403f647d2827\" style=\"line-height:1.9\">El camping con animaci\u00f3n cerca de Soulac-sur-Mer te ofrece <a href=\"https:\/\/www.camping-des-familles.com\/es\/camping-servicios-grayan-et-l-hopital\/\" data-type=\"page\" data-id=\"16\">servicios de 4 estrellas en el M\u00e9doc<\/a> y cuenta con una <strong>gran zona de juegos con toboganes<\/strong>, <strong>juegos para trepar<\/strong> y <strong>columpios<\/strong>, sin olvidar las instalaciones para adolescentes: <strong>futbol\u00edn<\/strong>, <strong>billar<\/strong>, <strong>mesas de ping-pong<\/strong> y <strong>pistas para torneos de petanca<\/strong> o <strong>voleibol<\/strong>. Una aut\u00e9ntica zona de animaci\u00f3n al aire libre, a dos pasos de los alojamientos.<\/p>\n<\/div>\n<\/div>\n<\/section>\n\n<section class=\"wp-block-group home-third bis has-global-padding is-layout-constrained wp-block-group-is-layout-constrained\">\n<div class=\"wp-block-columns is-layout-flex wp-container-core-columns-is-layout-28f84493 wp-block-columns-is-layout-flex\">\n<div class=\"wp-block-column is-vertically-aligned-center right is-layout-flow wp-block-column-is-layout-flow\" style=\"flex-basis:50%\">\n<h2 class=\"wp-block-heading has-text-align-left full-width has-damirone-font-family has-custom-color-1-color has-text-color\" style=\"margin-top:0px;margin-right:0px;margin-bottom:0px;margin-left:0px;padding-bottom:var(--wp--preset--spacing--20);font-size:clamp(28.836px, 1.802rem + ((1vw - 3.2px) * 1.721), 50px);font-style:normal;font-weight:400;line-height:1.2;text-transform:uppercase\">Animaci\u00f3n familiar <span>en el camping<\/span><\/h2>\n\n\n\n<p class=\"has-custom-color-3-color has-text-color has-link-color wp-elements-0313179211b7d1db0c7c066b394b8106\" style=\"line-height:1.9\">Todas las semanas se ofrece un <strong>programa variado<\/strong> para las familias: clases de baile o Zumba, sesiones de relajaci\u00f3n, torneos deportivos, diana gigante&#8230; Y para los que prefieren un ritmo m\u00e1s pausado, holgazanear junto a la piscina, leer a la sombra o dar un paseo en bici. \u00a1Y no te pierdas nuestras <strong>catas de vino<\/strong>, <strong>barbacoas comunitarias<\/strong> y <strong>animados aperitivos<\/strong> en el bar del camping con animaci\u00f3n en el M\u00e9doc! <br\/><\/p>\n<\/div>\n\n\n\n<div class=\"wp-block-column left is-layout-flow wp-block-column-is-layout-flow\" style=\"flex-basis:50%\">\n<div class=\"wp-block-group is-layout-flow wp-block-group-is-layout-flow\">\n<div class=\"wp-block-group is-layout-flow wp-block-group-is-layout-flow\">\n<figure class=\"wp-block-image size-full is-resized gt-gsap-fadeIn\"><img decoding=\"async\" width=\"942\" height=\"900\" src=\"https:\/\/www.camping-des-familles.com\/wp-content\/uploads\/2025\/10\/zumba-au-camping-des-familles.jpg\" alt=\"zumba en el camping familiar\" class=\"wp-image-1197\" style=\"width:auto;height:900px\" srcset=\"https:\/\/www.camping-des-familles.com\/wp-content\/uploads\/2025\/10\/zumba-au-camping-des-familles.jpg 942w, https:\/\/www.camping-des-familles.com\/wp-content\/uploads\/2025\/10\/zumba-au-camping-des-familles-300x287.jpg 300w, https:\/\/www.camping-des-familles.com\/wp-content\/uploads\/2025\/10\/zumba-au-camping-des-familles-768x734.jpg 768w\" sizes=\"(max-width: 942px) 100vw, 942px\" \/><\/figure>\n<\/div>\n<\/div>\n<\/div>\n<\/div>\n<\/section>\n\n<section class=\"wp-block-group home-fourth page-two has-custom-color-1-background-color has-background has-global-padding is-layout-constrained wp-block-group-is-layout-constrained\">\n<div class=\"wp-block-group has-global-padding is-content-justification-center is-layout-constrained wp-container-core-group-is-layout-519de150 wp-block-group-is-layout-constrained\" style=\"margin-top:0px;margin-right:0px;margin-bottom:0px;margin-left:0px\">\n<h2 class=\"wp-block-heading has-text-align-center full-width has-damirone-font-family has-base-2-color has-text-color\" style=\"margin-top:0px;margin-right:0px;margin-bottom:0px;margin-left:0px;font-size:clamp(24.034px, 1.502rem + ((1vw - 3.2px) * 1.298), 40px);font-style:normal;font-weight:400;line-height:1.2;text-transform:uppercase\"><span>Entretenimiento <\/span> para toda la familia<\/h2>\n<\/div>\n\n\n\n<div class=\"wp-block-group has-global-padding is-content-justification-center is-layout-constrained wp-container-core-group-is-layout-8f5500b1 wp-block-group-is-layout-constrained\" style=\"margin-top:0px;margin-right:0px;margin-bottom:0px;margin-left:0px;padding-bottom:var(--wp--preset--spacing--30)\">\n<p class=\"has-text-align-center full-width has-base-2-color has-text-color has-link-color has-poppins-font-family wp-elements-3bfccc53a225af401f7c8c78b236bbe8\" style=\"margin-top:0px;margin-right:0px;margin-bottom:0px;margin-left:0px;font-size:clamp(14px, 0.875rem + ((1vw - 3.2px) * 0.325), 18px);font-style:normal;font-weight:300;line-height:1.9\">Al caer la noche, el ambiente se intensifica con nuestras <strong>veladas tem\u00e1ticas<\/strong>: discoteca, karaoke, juegos musicales, conciertos o mercados nocturnos. J\u00f3venes y mayores se ir\u00e1n con <strong>estrellas en los ojos<\/strong>, en un ambiente que siempre respeta la calma del camping con animaci\u00f3n cerca de Soulac-sur-Mer. \u00a1La forma<strong> perfecta<\/strong> de acabar el d\u00eda!  <\/p>\n<\/div>\n\n\n\n<div class=\"wp-block-cover alignfull blob-image gt-gsap-fadeInUp\" style=\"min-height:80vh;aspect-ratio:unset;\"><img decoding=\"async\" width=\"2560\" height=\"1707\" class=\"wp-block-cover__image-background wp-image-1203 size-full\" alt=\"animation soir\u00e9e disco\" src=\"https:\/\/www.camping-des-familles.com\/wp-content\/uploads\/2025\/10\/animation-soiree-disco-scaled-e1759408733921.jpg\" data-object-fit=\"cover\" srcset=\"https:\/\/www.camping-des-familles.com\/wp-content\/uploads\/2025\/10\/animation-soiree-disco-scaled-e1759408733921.jpg 2560w, https:\/\/www.camping-des-familles.com\/wp-content\/uploads\/2025\/10\/animation-soiree-disco-scaled-e1759408733921-300x200.jpg 300w, https:\/\/www.camping-des-familles.com\/wp-content\/uploads\/2025\/10\/animation-soiree-disco-scaled-e1759408733921-1024x683.jpg 1024w, https:\/\/www.camping-des-familles.com\/wp-content\/uploads\/2025\/10\/animation-soiree-disco-scaled-e1759408733921-768x512.jpg 768w, https:\/\/www.camping-des-familles.com\/wp-content\/uploads\/2025\/10\/animation-soiree-disco-scaled-e1759408733921-1536x1024.jpg 1536w, https:\/\/www.camping-des-familles.com\/wp-content\/uploads\/2025\/10\/animation-soiree-disco-scaled-e1759408733921-2048x1366.jpg 2048w\" sizes=\"(max-width: 2560px) 100vw, 2560px\" \/><span aria-hidden=\"true\" class=\"wp-block-cover__background has-background-dim wp-block-cover__gradient-background has-background-gradient\" style=\"background:linear-gradient(0deg,rgb(1,1,1) 0%,rgba(0,0,0,0.34) 72%)\"><\/span><div class=\"wp-block-cover__inner-container is-layout-flow wp-block-cover-is-layout-flow\">\n<p class=\"has-text-align-center h1-like has-pp-woodland-font-family\" style=\"font-size:clamp(67.975px, 4.248rem + ((1vw - 3.2px) * 6.506), 148px);line-height:1\">Tardes<br\/><\/p>\n<\/div><\/div>\n<\/section>\n\n<section class=\"wp-block-group page-maillage has-global-padding is-layout-constrained wp-block-group-is-layout-constrained\">\n<div class=\"wp-block-group is-horizontal is-layout-flex wp-container-core-group-is-layout-1b39ef27 wp-block-group-is-layout-flex\">\n<figure class=\"wp-block-image size-large\" style=\"margin-top:0px;margin-right:0px;margin-bottom:0px;margin-left:0px\"><img decoding=\"async\" width=\"63\" height=\"94\" src=\"https:\/\/www.camping-des-familles.com\/wp-content\/uploads\/2025\/09\/Vector-24.svg\" alt=\"Vector (24)\" class=\"wp-image-653\" style=\"object-fit:cover\"\/><\/figure>\n\n\n\n<div class=\"wp-block-group h1-like has-custom-color-1-color has-text-color has-link-color wp-elements-e0d17f525db9b274f8297925e74332ff has-global-padding is-layout-constrained wp-block-group-is-layout-constrained\">\n<p class=\"has-custom-color-3-color has-text-color has-link-color has-pp-woodland-font-family wp-elements-309666dce14cb9b264e3fb56c633083a\" style=\"font-size:clamp(52.9px, 3.306rem + ((1vw - 3.2px) * 4.398), 107px);font-style:normal;font-weight:200;text-transform:uppercase\">Descubre<span> nuestro camping y nuestros servicios <\/span> <\/p>\n<\/div>\n<\/div>\n\n\n\n<div class=\"wp-block-query is-layout-flow wp-block-query-is-layout-flow\"><ul class=\"animated fadeInUp wp-block-post-template is-layout-flow wp-block-post-template-is-layout-flow\"><li class=\"wp-block-post post-2509 page type-page status-publish has-post-thumbnail hentry\">\n\n<figure class=\"wp-block-image\"><img decoding=\"async\" src=\"https:\/\/www.camping-des-familles.com\/wp-content\/uploads\/2025\/10\/piscine-camping-des-familles.jpg\" alt=\"piscina camping familiar\"\/><\/figure>\n\n\n\n<p class=\"has-text-align-center has-base-2-color has-text-color has-link-color has-pp-woodland-font-family wp-elements-6ced9490183e5f4edfb72dbec622f35f\" style=\"font-size:clamp(18.959px, 1.185rem + ((1vw - 3.2px) * 0.898), 30px);text-transform:uppercase\">Zona acu\u00e1tica<\/p>\n\n\n<a class=\"is-style-lien-cover wp-block-read-more\" href=\"https:\/\/www.camping-des-familles.com\/es\/camping-piscina-climatizada-grayan-et-l-hopital\/\" target=\"_self\">Leer m\u00e1s<span class=\"screen-reader-text\">: Zona acu\u00e1tica<\/span><\/a>\n<\/li><li class=\"wp-block-post post-2584 page type-page status-publish has-post-thumbnail hentry\">\n\n<figure class=\"wp-block-image\"><img decoding=\"async\" src=\"https:\/\/www.camping-des-familles.com\/wp-content\/uploads\/2025\/10\/ecotourisme-au-medoc.jpg\" alt=\"Nuestros compromisos\"\/><\/figure>\n\n\n\n<p class=\"has-text-align-center has-base-2-color has-text-color has-link-color has-pp-woodland-font-family wp-elements-6ced9490183e5f4edfb72dbec622f35f\" style=\"font-size:clamp(18.959px, 1.185rem + ((1vw - 3.2px) * 0.898), 30px);text-transform:uppercase\">Nuestros compromisos<\/p>\n\n\n<a class=\"is-style-lien-cover wp-block-read-more\" href=\"https:\/\/www.camping-des-familles.com\/es\/camping-ecologico-grayan-et-l-hopital\/\" target=\"_self\">Leer m\u00e1s<span class=\"screen-reader-text\">: Nuestros compromisos<\/span><\/a>\n<\/li><li class=\"wp-block-post post-2565 page type-page status-publish has-post-thumbnail hentry\">\n\n<figure class=\"wp-block-image\"><img decoding=\"async\" src=\"https:\/\/www.camping-des-familles.com\/wp-content\/uploads\/2025\/10\/epicerie-a-proximite-du-camping-medoc.jpg\" alt=\"tienda de comestibles cerca del camping m\u00e9doc\"\/><\/figure>\n\n\n\n<p class=\"has-text-align-center has-base-2-color has-text-color has-link-color has-pp-woodland-font-family wp-elements-6ced9490183e5f4edfb72dbec622f35f\" style=\"font-size:clamp(18.959px, 1.185rem + ((1vw - 3.2px) * 0.898), 30px);text-transform:uppercase\">Nuestros servicios<\/p>\n\n\n<a class=\"is-style-lien-cover wp-block-read-more\" href=\"https:\/\/www.camping-des-familles.com\/es\/camping-servicios-grayan-et-l-hopital\/\" target=\"_self\">Leer m\u00e1s<span class=\"screen-reader-text\">: Nuestros servicios<\/span><\/a>\n<\/li><\/ul><\/div>\n<\/section>\n","protected":false},"excerpt":{"rendered":"<p>Camping con animaci\u00f3n cerca de Soulac-sur-Mer En el coraz\u00f3n de nuestro camping cerca de Soulac-sur-Mer, disfrute de unas vacaciones llenas de momentos para compartir y buen humor. Nuestro camping con animaci\u00f3n en el M\u00e9doc se enorgullece de ofrecer actividades variadas para toda la familia. Aqu\u00ed, tanto peque\u00f1os como mayores encuentran lo que buscan: entre juegos, [&hellip;]<\/p>\n","protected":false},"author":1,"featured_media":1153,"parent":0,"menu_order":0,"comment_status":"closed","ping_status":"closed","template":"","meta":{"_acf_changed":false,"_seopress_robots_primary_cat":"","_seopress_titles_title":"Animaciones de camping cerca de Soulac-sur-Mer | Club enfants M\u00e9doc","_seopress_titles_desc":"En el Camping des Familles, cerca de Soulac-sur-Mer, podr\u00e1s disfrutar de un amplio abanico de actividades, como un club infantil para ni\u00f1os a partir de 5 a\u00f1os, torneos deportivos, veladas festivas y actividades familiares en el M\u00e9doc.","_seopress_robots_index":"","_gt_ctv_global_id":"14469","_gt_ctv_id_group":false,"inline_featured_image":false,"gt_fse_maillage_image":"https:\/\/www.camping-des-familles.com\/wp-content\/uploads\/2025\/10\/Zumba-au-camping-medoc-e1759409631954.jpg","gt_fse_maillage_titre":"Nuestros eventos","gt_fse_maillage_alt":"Zumba en el camping de M\u00e9doc","gt_fse_maillage_resume":"","_gt_maillage_image":0,"_gt_maillage_video":0,"_gt_maillage_title":"","footnotes":""},"categories":[],"tags":[],"class_list":["post-2606","page","type-page","status-publish","has-post-thumbnail","hentry"],"acf":[],"_links":{"self":[{"href":"https:\/\/www.camping-des-familles.com\/es\/wp-json\/wp\/v2\/pages\/2606","targetHints":{"allow":["GET"]}}],"collection":[{"href":"https:\/\/www.camping-des-familles.com\/es\/wp-json\/wp\/v2\/pages"}],"about":[{"href":"https:\/\/www.camping-des-familles.com\/es\/wp-json\/wp\/v2\/types\/page"}],"author":[{"embeddable":true,"href":"https:\/\/www.camping-des-familles.com\/es\/wp-json\/wp\/v2\/users\/1"}],"replies":[{"embeddable":true,"href":"https:\/\/www.camping-des-familles.com\/es\/wp-json\/wp\/v2\/comments?post=2606"}],"version-history":[{"count":28,"href":"https:\/\/www.camping-des-familles.com\/es\/wp-json\/wp\/v2\/pages\/2606\/revisions"}],"predecessor-version":[{"id":4280,"href":"https:\/\/www.camping-des-familles.com\/es\/wp-json\/wp\/v2\/pages\/2606\/revisions\/4280"}],"wp:featuredmedia":[{"embeddable":true,"href":"https:\/\/www.camping-des-familles.com\/es\/wp-json\/wp\/v2\/media\/1153"}],"wp:attachment":[{"href":"https:\/\/www.camping-des-familles.com\/es\/wp-json\/wp\/v2\/media?parent=2606"}],"wp:term":[{"taxonomy":"category","embeddable":true,"href":"https:\/\/www.camping-des-familles.com\/es\/wp-json\/wp\/v2\/categories?post=2606"},{"taxonomy":"post_tag","embeddable":true,"href":"https:\/\/www.camping-des-familles.com\/es\/wp-json\/wp\/v2\/tags?post=2606"}],"curies":[{"name":"wp","href":"https:\/\/api.w.org\/{rel}","templated":true}]}}