{"id":2584,"date":"2025-09-22T13:58:43","date_gmt":"2025-09-22T11:58:43","guid":{"rendered":"https:\/\/www.camping-des-familles.com\/camping-ecologique-grayan-et-l-hopital\/"},"modified":"2025-11-11T10:07:06","modified_gmt":"2025-11-11T09:07:06","slug":"camping-ecologico-grayan-et-l-hopital","status":"publish","type":"page","link":"https:\/\/www.camping-des-familles.com\/es\/camping-ecologico-grayan-et-l-hopital\/","title":{"rendered":"Nuestros compromisos"},"content":{"rendered":"\n<section class=\"wp-block-group home-third bis has-global-padding is-layout-constrained wp-block-group-is-layout-constrained\">\n<div class=\"wp-block-columns is-layout-flex wp-container-core-columns-is-layout-28f84493 wp-block-columns-is-layout-flex\">\n<div class=\"wp-block-column is-vertically-aligned-center right is-layout-flow wp-block-column-is-layout-flow\" style=\"flex-basis:50%\">\n<h1 class=\"wp-block-heading has-text-align-left full-width has-damirone-font-family has-custom-color-1-color has-text-color\" style=\"margin-top:0px;margin-right:0px;margin-bottom:0px;margin-left:0px;padding-bottom:var(--wp--preset--spacing--20);font-size:clamp(28.836px, 1.802rem + ((1vw - 3.2px) * 1.721), 50px);font-style:normal;font-weight:400;line-height:1.2;text-transform:uppercase\">Camping ecol\u00f3gico <strong>cerca de Soulac-sur-Mer<\/strong><\/h1>\n\n\n\n<p class=\"has-custom-color-3-color has-text-color has-link-color wp-elements-cb1d6b009382bc736fa476b25bb46bbf\" style=\"line-height:1.9\">En el Camping des Familles Ecolodge, creemos que es posible combinar <strong>la comodidad con el respeto al medio ambiente<\/strong>. Enclavado en plena naturaleza, nuestro camping ecol\u00f3gico cerca de Soulac-sur-Mer es para quienes buscan un <g id=\"gid_1\">entorno aut\u00e9ntico<\/g>, donde la naturaleza se preserva y se valora. Aqu\u00ed podr\u00e1s disfrutar de una estancia relajante gracias a <g id=\"gid_2\">nuestros servicios de 4 estrellas cerca de Soulac-sur-Mer<\/g>, en un entorno donde los coches se quedan en el aparcamiento, para animarte a <g id=\"gid_3\">desconectar<\/g> y<g id=\"gid_4\"> volver a lo esencial<\/g>. Un <strong>enfoque comprometido<\/strong> que hace del <a href=\"https:\/\/www.camping-des-familles.com\/es\/\" data-type=\"page\" data-id=\"8\">camping en el M\u00e9doc<\/a> mucho m\u00e1s que un simple destino de vacaciones.   <\/p>\n<\/div>\n\n\n\n<div class=\"wp-block-column left is-layout-flow wp-block-column-is-layout-flow\" style=\"flex-basis:50%\">\n<div class=\"wp-block-group is-layout-flow wp-block-group-is-layout-flow\">\n<div class=\"wp-block-group is-layout-flow wp-block-group-is-layout-flow\">\n<figure class=\"wp-block-image size-full gt-gsap-fadeIn\"><img decoding=\"async\" width=\"2500\" height=\"1667\" src=\"https:\/\/www.camping-des-familles.com\/wp-content\/uploads\/2025\/10\/camping-des-familles-dans-la-nature.jpg\" alt=\"acampada familiar en el campo\" class=\"wp-image-1063\" style=\"aspect-ratio:2\/3;object-fit:cover\" srcset=\"https:\/\/www.camping-des-familles.com\/wp-content\/uploads\/2025\/10\/camping-des-familles-dans-la-nature.jpg 2500w, https:\/\/www.camping-des-familles.com\/wp-content\/uploads\/2025\/10\/camping-des-familles-dans-la-nature-300x200.jpg 300w, https:\/\/www.camping-des-familles.com\/wp-content\/uploads\/2025\/10\/camping-des-familles-dans-la-nature-1024x683.jpg 1024w, https:\/\/www.camping-des-familles.com\/wp-content\/uploads\/2025\/10\/camping-des-familles-dans-la-nature-768x512.jpg 768w, https:\/\/www.camping-des-familles.com\/wp-content\/uploads\/2025\/10\/camping-des-familles-dans-la-nature-1536x1024.jpg 1536w, https:\/\/www.camping-des-familles.com\/wp-content\/uploads\/2025\/10\/camping-des-familles-dans-la-nature-2048x1366.jpg 2048w\" sizes=\"(max-width: 2500px) 100vw, 2500px\" \/><\/figure>\n<\/div>\n<\/div>\n<\/div>\n<\/div>\n<\/section>\n\n<section class=\"wp-block-group home-fourth page-two has-custom-color-1-background-color has-background has-global-padding is-layout-constrained wp-block-group-is-layout-constrained\">\n<div class=\"wp-block-group has-global-padding is-content-justification-center is-layout-constrained wp-container-core-group-is-layout-519de150 wp-block-group-is-layout-constrained\" style=\"margin-top:0px;margin-right:0px;margin-bottom:0px;margin-left:0px\">\n<h2 class=\"wp-block-heading has-text-align-center full-width has-damirone-font-family has-base-2-color has-text-color\" style=\"margin-top:0px;margin-right:0px;margin-bottom:0px;margin-left:0px;font-size:clamp(24.034px, 1.502rem + ((1vw - 3.2px) * 1.298), 40px);font-style:normal;font-weight:400;line-height:1.2;text-transform:uppercase\"><span>Nuestros compromisos<\/span><strong> <\/strong><\/h2>\n<\/div>\n\n\n\n<div class=\"wp-block-group has-global-padding is-content-justification-center is-layout-constrained wp-container-core-group-is-layout-8f5500b1 wp-block-group-is-layout-constrained\" style=\"margin-top:0px;margin-right:0px;margin-bottom:0px;margin-left:0px;padding-bottom:var(--wp--preset--spacing--30)\">\n<p class=\"has-text-align-center full-width has-base-2-color has-text-color has-link-color has-poppins-font-family wp-elements-f9f7b5e580fb3c6378e0fb78cf9262c0\" style=\"margin-top:0px;margin-right:0px;margin-bottom:0px;margin-left:0px;font-size:clamp(14px, 0.875rem + ((1vw - 3.2px) * 0.325), 18px);font-style:normal;font-weight:300;line-height:1.9\">Nuestro camping ecol\u00f3gico del M\u00e9doc adopta<strong> medidas concretas<\/strong> para limitar su huella medioambiental. Esto empieza con <g id=\"gid_1\">una cuidadosa gesti\u00f3n<\/g> del agua y la energ\u00eda, una f\u00e1cil<g id=\"gid_2\"> clasificaci\u00f3n selectiva <\/g>y la<g id=\"gid_3\"> reducci\u00f3n de residuos<\/g>, as\u00ed como el uso de <g id=\"gid_4\">materiales sostenibles <\/g>para el equipamiento del camping. <g id=\"gid_5\">La iluminaci\u00f3n solar<\/g> y la<g id=\"gid_6\">integraci\u00f3n armoniosa del alojamiento<\/g> en el paisaje son parte integrante de nuestra visi\u00f3n del <g id=\"gid_7\">turismo sostenible<\/g>. Cada gesto cuenta, y animamos a nuestros veraneantes a adoptar tambi\u00e9n pr\u00e1cticas m\u00e1s <strong>respetuosas<\/strong>.   <br\/><\/p>\n<\/div>\n\n\n\n<div class=\"wp-block-cover alignfull blob-image gt-gsap-fadeInUp\" style=\"min-height:80vh;aspect-ratio:unset;\"><img decoding=\"async\" width=\"2000\" height=\"1250\" class=\"wp-block-cover__image-background wp-image-1070 size-full\" alt=\"tris selectif\" src=\"https:\/\/www.camping-des-familles.com\/wp-content\/uploads\/2025\/10\/tris-selectif.jpg\" data-object-fit=\"cover\" srcset=\"https:\/\/www.camping-des-familles.com\/wp-content\/uploads\/2025\/10\/tris-selectif.jpg 2000w, https:\/\/www.camping-des-familles.com\/wp-content\/uploads\/2025\/10\/tris-selectif-300x188.jpg 300w, https:\/\/www.camping-des-familles.com\/wp-content\/uploads\/2025\/10\/tris-selectif-1024x640.jpg 1024w, https:\/\/www.camping-des-familles.com\/wp-content\/uploads\/2025\/10\/tris-selectif-768x480.jpg 768w, https:\/\/www.camping-des-familles.com\/wp-content\/uploads\/2025\/10\/tris-selectif-1536x960.jpg 1536w\" sizes=\"(max-width: 2000px) 100vw, 2000px\" \/><span aria-hidden=\"true\" class=\"wp-block-cover__background has-background-dim wp-block-cover__gradient-background has-background-gradient\" style=\"background:linear-gradient(0deg,rgb(1,1,1) 0%,rgba(0,0,0,0.34) 72%)\"><\/span><div class=\"wp-block-cover__inner-container is-layout-flow wp-block-cover-is-layout-flow\">\n<p class=\"has-text-align-center h1-like has-pp-woodland-font-family\" style=\"font-size:clamp(67.975px, 4.248rem + ((1vw - 3.2px) * 6.506), 148px);line-height:1\">Turismo<strong> <\/strong><br\/><span><strong>sostenible<\/strong><\/span><\/p>\n<\/div><\/div>\n<\/section>\n\n<section class=\"wp-block-group home-third page-third has-global-padding is-layout-constrained wp-block-group-is-layout-constrained\">\n<div class=\"wp-block-columns is-layout-flex wp-container-core-columns-is-layout-28f84493 wp-block-columns-is-layout-flex\">\n<div class=\"wp-block-column left is-layout-flow wp-block-column-is-layout-flow\" style=\"flex-basis:50%\">\n<div data-swiper=\"{&quot;speed&quot;:400,&quot;spaceBetween&quot;:16,&quot;slidesPerView&quot;:1,&quot;createElements&quot;:true,&quot;loop&quot;:true,&quot;freemode&quot;:true,&quot;breakpoints&quot;:[{&quot;slidesPerView&quot;:1}],&quot;pagination&quot;:false,&quot;effect&quot;:&quot;fade&quot;,&quot;navigation&quot;:false}\" class=\"wp-block-group gt-is-slider gt-is-slider-desktop is-layout-flow wp-block-group-is-layout-flow\">\n<div class=\"wp-block-group is-layout-flow wp-block-group-is-layout-flow\">\n<figure class=\"wp-block-image size-full is-resized gt-gsap-fadeIn\"><img decoding=\"async\" width=\"900\" height=\"900\" src=\"https:\/\/www.camping-des-familles.com\/wp-content\/uploads\/2025\/10\/ecodolges-dans-le-medoc.jpg\" alt=\"ecodolges en el medoc\" class=\"wp-image-1077\" style=\"width:auto;height:900px\" srcset=\"https:\/\/www.camping-des-familles.com\/wp-content\/uploads\/2025\/10\/ecodolges-dans-le-medoc.jpg 900w, https:\/\/www.camping-des-familles.com\/wp-content\/uploads\/2025\/10\/ecodolges-dans-le-medoc-300x300.jpg 300w, https:\/\/www.camping-des-familles.com\/wp-content\/uploads\/2025\/10\/ecodolges-dans-le-medoc-150x150.jpg 150w, https:\/\/www.camping-des-familles.com\/wp-content\/uploads\/2025\/10\/ecodolges-dans-le-medoc-768x768.jpg 768w\" sizes=\"(max-width: 900px) 100vw, 900px\" \/><\/figure>\n<\/div>\n<\/div>\n<\/div>\n\n\n\n<div class=\"wp-block-column is-vertically-aligned-center right is-layout-flow wp-block-column-is-layout-flow\" style=\"flex-basis:50%\">\n<h2 class=\"wp-block-heading\" style=\"text-transform:uppercase\">Nuestras acciones en favor del <span>medio ambiente<\/span><\/h2>\n\n\n\n<p class=\"has-custom-color-3-color has-text-color has-link-color wp-elements-ad56ff28b3675a73b0abf2dd7f9c9dde\" style=\"line-height:1.9\">Hemos optado por fomentar la <strong>movilidad suave<\/strong>, con bicicletas y patinetes el\u00e9ctricos de alquiler in situ, f\u00e1cil acceso a carriles bici y proximidad a las playas. Se ha preservado el entorno boscoso del camping, y la instalaci\u00f3n de<g id=\"gid_1\"> paneles solares en los aseos<\/g> del camping y su <g id=\"gid_2\">sistema de ahorro de agua <\/g>contribuyen a reducir nuestro consumo de energ\u00eda. Nuestro bar-restaurante utiliza productos <g id=\"gid_4\">locales<\/g> de temporada. \u00a1Tambi\u00e9n somos socios del <a href=\"https:\/\/www.pnr-medoc.fr\/\" target=\"_blank\" rel=\"noreferrer noopener\">Parc Naturel R\u00e9gional du M\u00e9doc<\/a>! Este enfoque, que queremos que sea <strong>transparente <\/strong>y <strong>accesible para todos<\/strong>, forma parte de nuestra voluntad de ofrecerte<strong> unas vacaciones responsables<\/strong> en un camping ecol\u00f3gico del M\u00e9doc, donde la naturaleza es mucho m\u00e1s que un tel\u00f3n de fondo: est\u00e1 en <strong>el centro de tu estancia <\/strong>y de <a href=\"https:\/\/www.camping-des-familles.com\/es\/camping-animaciones-grayan-et-l-hopital\/\" data-type=\"page\" data-id=\"20\">las actividades que se ofrecen en el M\u00e9doc <\/a>.   <br\/><\/p>\n<\/div>\n<\/div>\n<\/section>\n\n<section class=\"wp-block-group page-maillage has-global-padding is-layout-constrained wp-block-group-is-layout-constrained\">\n<div class=\"wp-block-group is-horizontal is-layout-flex wp-container-core-group-is-layout-1b39ef27 wp-block-group-is-layout-flex\">\n<figure class=\"wp-block-image size-large\" style=\"margin-top:0px;margin-right:0px;margin-bottom:0px;margin-left:0px\"><img decoding=\"async\" width=\"63\" height=\"94\" src=\"https:\/\/www.camping-des-familles.com\/wp-content\/uploads\/2025\/09\/Vector-24.svg\" alt=\"Vector (24)\" class=\"wp-image-653\" style=\"object-fit:cover\"\/><\/figure>\n\n\n\n<div class=\"wp-block-group h1-like has-custom-color-1-color has-text-color has-link-color wp-elements-278d3d96a19546261717f580dfdfab62 has-global-padding is-layout-constrained wp-block-group-is-layout-constrained\">\n<p class=\"has-custom-color-3-color has-text-color has-link-color has-pp-woodland-font-family wp-elements-d2c390ed427d4dc09db3e0d3e8f493e4\" style=\"font-size:clamp(52.9px, 3.306rem + ((1vw - 3.2px) * 4.398), 107px);font-style:normal;font-weight:200;text-transform:uppercase\">Descubre <span>el arte de entretener y divertirte<\/span><\/p>\n<\/div>\n<\/div>\n\n\n\n<div class=\"wp-block-query is-layout-flow wp-block-query-is-layout-flow\"><ul class=\"animated fadeInUp wp-block-post-template is-layout-flow wp-block-post-template-is-layout-flow\"><li class=\"wp-block-post post-2606 page type-page status-publish has-post-thumbnail hentry\">\n\n<figure class=\"wp-block-image\"><img decoding=\"async\" src=\"https:\/\/www.camping-des-familles.com\/wp-content\/uploads\/2025\/10\/Zumba-au-camping-medoc-e1759409631954.jpg\" alt=\"Zumba en el camping de M\u00e9doc\"\/><\/figure>\n\n\n\n<p class=\"has-text-align-center has-base-2-color has-text-color has-link-color has-pp-woodland-font-family wp-elements-6ced9490183e5f4edfb72dbec622f35f\" style=\"font-size:clamp(18.959px, 1.185rem + ((1vw - 3.2px) * 0.898), 30px);text-transform:uppercase\">Nuestros eventos<\/p>\n\n\n<a class=\"is-style-lien-cover wp-block-read-more\" href=\"https:\/\/www.camping-des-familles.com\/es\/camping-animaciones-grayan-et-l-hopital\/\" target=\"_self\">Leer m\u00e1s<span class=\"screen-reader-text\">: Nuestros eventos<\/span><\/a>\n<\/li><li class=\"wp-block-post post-2565 page type-page status-publish has-post-thumbnail hentry\">\n\n<figure class=\"wp-block-image\"><img decoding=\"async\" src=\"https:\/\/www.camping-des-familles.com\/wp-content\/uploads\/2025\/10\/epicerie-a-proximite-du-camping-medoc.jpg\" alt=\"tienda de comestibles cerca del camping m\u00e9doc\"\/><\/figure>\n\n\n\n<p class=\"has-text-align-center has-base-2-color has-text-color has-link-color has-pp-woodland-font-family wp-elements-6ced9490183e5f4edfb72dbec622f35f\" style=\"font-size:clamp(18.959px, 1.185rem + ((1vw - 3.2px) * 0.898), 30px);text-transform:uppercase\">Nuestros servicios<\/p>\n\n\n<a class=\"is-style-lien-cover wp-block-read-more\" href=\"https:\/\/www.camping-des-familles.com\/es\/camping-servicios-grayan-et-l-hopital\/\" target=\"_self\">Leer m\u00e1s<span class=\"screen-reader-text\">: Nuestros servicios<\/span><\/a>\n<\/li><li class=\"wp-block-post post-2540 page type-page status-publish has-post-thumbnail hentry\">\n\n<figure class=\"wp-block-image\"><img decoding=\"async\" src=\"https:\/\/www.camping-des-familles.com\/wp-content\/uploads\/2025\/10\/soiree-moules-frites-camping-pres-de-Soulac-sur-Mer-e1759409962301.jpg\" alt=\"mejillones y patatas fritas noche de acampada cerca de Soulac-sur-Mer\"\/><\/figure>\n\n\n\n<p class=\"has-text-align-center has-base-2-color has-text-color has-link-color has-pp-woodland-font-family wp-elements-6ced9490183e5f4edfb72dbec622f35f\" style=\"font-size:clamp(18.959px, 1.185rem + ((1vw - 3.2px) * 0.898), 30px);text-transform:uppercase\">Catering<\/p>\n\n\n<a class=\"is-style-lien-cover wp-block-read-more\" href=\"https:\/\/www.camping-des-familles.com\/es\/bar-y-restaurante-grayan-et-l-hopital\/\" target=\"_self\">Leer m\u00e1s<span class=\"screen-reader-text\">: Catering<\/span><\/a>\n<\/li><\/ul><\/div>\n<\/section>\n","protected":false},"excerpt":{"rendered":"<p>Camping ecol\u00f3gico cerca de Soulac-sur-Mer En el Camping des Familles Ecolodge, creemos que es posible combinar la comodidad con el respeto al medio ambiente. Enclavado en plena naturaleza, nuestro camping ecol\u00f3gico cerca de Soulac-sur-Mer es para quienes buscan un entorno aut\u00e9ntico, donde la naturaleza se preserva y se valora. Aqu\u00ed podr\u00e1s disfrutar de una estancia [&hellip;]<\/p>\n","protected":false},"author":1,"featured_media":1092,"parent":0,"menu_order":0,"comment_status":"closed","ping_status":"closed","template":"","meta":{"_acf_changed":false,"_seopress_robots_primary_cat":"","_seopress_titles_title":"Camping ecorresponsable cerca de Soulac-sur-Mer en el M\u00e9doc","_seopress_titles_desc":"Descubre el Camping des Familles Ecolodge, un camping ecol\u00f3gico y ecorresponsable cerca de Soulac-sur-Mer, en el M\u00e9doc. Al\u00f3jate en plena naturaleza, disfruta de servicios de 4 estrellas y adopta medidas concretas para proteger el medio ambiente: energ\u00edas renovables, movilidad suave y productos locales. ","_seopress_robots_index":"","_gt_ctv_global_id":"14469","_gt_ctv_id_group":false,"inline_featured_image":false,"gt_fse_maillage_image":"https:\/\/www.camping-des-familles.com\/wp-content\/uploads\/2025\/10\/ecotourisme-au-medoc.jpg","gt_fse_maillage_titre":"Nuestros compromisos","gt_fse_maillage_alt":"Nuestros compromisos","gt_fse_maillage_resume":"","_gt_maillage_image":0,"_gt_maillage_video":0,"_gt_maillage_title":"","footnotes":""},"categories":[],"tags":[],"class_list":["post-2584","page","type-page","status-publish","has-post-thumbnail","hentry"],"acf":[],"_links":{"self":[{"href":"https:\/\/www.camping-des-familles.com\/es\/wp-json\/wp\/v2\/pages\/2584","targetHints":{"allow":["GET"]}}],"collection":[{"href":"https:\/\/www.camping-des-familles.com\/es\/wp-json\/wp\/v2\/pages"}],"about":[{"href":"https:\/\/www.camping-des-familles.com\/es\/wp-json\/wp\/v2\/types\/page"}],"author":[{"embeddable":true,"href":"https:\/\/www.camping-des-familles.com\/es\/wp-json\/wp\/v2\/users\/1"}],"replies":[{"embeddable":true,"href":"https:\/\/www.camping-des-familles.com\/es\/wp-json\/wp\/v2\/comments?post=2584"}],"version-history":[{"count":16,"href":"https:\/\/www.camping-des-familles.com\/es\/wp-json\/wp\/v2\/pages\/2584\/revisions"}],"predecessor-version":[{"id":4240,"href":"https:\/\/www.camping-des-familles.com\/es\/wp-json\/wp\/v2\/pages\/2584\/revisions\/4240"}],"wp:featuredmedia":[{"embeddable":true,"href":"https:\/\/www.camping-des-familles.com\/es\/wp-json\/wp\/v2\/media\/1092"}],"wp:attachment":[{"href":"https:\/\/www.camping-des-familles.com\/es\/wp-json\/wp\/v2\/media?parent=2584"}],"wp:term":[{"taxonomy":"category","embeddable":true,"href":"https:\/\/www.camping-des-familles.com\/es\/wp-json\/wp\/v2\/categories?post=2584"},{"taxonomy":"post_tag","embeddable":true,"href":"https:\/\/www.camping-des-familles.com\/es\/wp-json\/wp\/v2\/tags?post=2584"}],"curies":[{"name":"wp","href":"https:\/\/api.w.org\/{rel}","templated":true}]}}