{"id":2565,"date":"2025-09-22T13:58:49","date_gmt":"2025-09-22T11:58:49","guid":{"rendered":"https:\/\/www.camping-des-familles.com\/camping-services-grayan-et-l-hopital\/"},"modified":"2025-11-11T10:03:01","modified_gmt":"2025-11-11T09:03:01","slug":"camping-servicios-grayan-et-l-hopital","status":"publish","type":"page","link":"https:\/\/www.camping-des-familles.com\/es\/camping-servicios-grayan-et-l-hopital\/","title":{"rendered":"Nuestros servicios"},"content":{"rendered":"\n<section class=\"wp-block-group home-third bis has-global-padding is-layout-constrained wp-block-group-is-layout-constrained\">\n<div class=\"wp-block-columns is-layout-flex wp-container-core-columns-is-layout-28f84493 wp-block-columns-is-layout-flex\">\n<div class=\"wp-block-column is-vertically-aligned-center right is-layout-flow wp-block-column-is-layout-flow\" style=\"flex-basis:50%\">\n<h1 class=\"wp-block-heading has-text-align-left full-width has-damirone-font-family has-custom-color-1-color has-text-color\" style=\"margin-top:0px;margin-right:0px;margin-bottom:0px;margin-left:0px;padding-bottom:var(--wp--preset--spacing--20);font-size:clamp(28.836px, 1.802rem + ((1vw - 3.2px) * 1.721), 50px);font-style:normal;font-weight:400;line-height:1.2;text-transform:uppercase\"><strong>Camping con servicios<\/strong> <br\/>en el M\u00e9doc<\/h1>\n\n\n\n<p class=\"has-custom-color-3-color has-text-color has-link-color wp-elements-33e80b35c4848655e4dbf1aa3c0d542e\" style=\"line-height:1.9\">Situado entre las playas m\u00e1s bellas del M\u00e9doc y el estuario de la Gironda, nuestro camping con servicios en el M\u00e9doc es el <strong>destino ideal<\/strong> para tus vacaciones. A pocos minutos de los mejores lugares para practicar surf, podr\u00e1s disfrutar de servicios pensados para <g id=\"gid_1\">simplificar tus vacaciones<\/g>. <g id=\"gid_2\">El camping del<\/g> M\u00e9doc te acoge en el coraz\u00f3n de un<g id=\"gid_3\"> parque arbolado<\/g> de 2 hect\u00e1reas, donde todo es <g id=\"gid_4\">accesible a pie o en bicicleta<\/g> para disfrutar de una escapada realmente relajante. A s\u00f3lo 800 metros del centro del pueblo de Grayan-et-l&#8217;H\u00f4pital, podr\u00e1s disfrutar de todos los <strong>comercios locales <\/strong>y de <strong>actividades deportivas y culturales<\/strong>.   <\/p>\n<\/div>\n\n\n\n<div class=\"wp-block-column left is-layout-flow wp-block-column-is-layout-flow\" style=\"flex-basis:50%\">\n<div class=\"wp-block-group is-layout-flow wp-block-group-is-layout-flow\">\n<div class=\"wp-block-group is-layout-flow wp-block-group-is-layout-flow\">\n<figure class=\"wp-block-image size-full is-resized gt-gsap-fadeIn\"><img decoding=\"async\" width=\"900\" height=\"900\" src=\"https:\/\/www.camping-des-familles.com\/wp-content\/uploads\/2025\/10\/ecotourisme-camping-au-medoc.jpg\" alt=\"camping ecoturismo en el medoc\" class=\"wp-image-1116\" style=\"width:auto;height:900px\" srcset=\"https:\/\/www.camping-des-familles.com\/wp-content\/uploads\/2025\/10\/ecotourisme-camping-au-medoc.jpg 900w, https:\/\/www.camping-des-familles.com\/wp-content\/uploads\/2025\/10\/ecotourisme-camping-au-medoc-300x300.jpg 300w, https:\/\/www.camping-des-familles.com\/wp-content\/uploads\/2025\/10\/ecotourisme-camping-au-medoc-150x150.jpg 150w, https:\/\/www.camping-des-familles.com\/wp-content\/uploads\/2025\/10\/ecotourisme-camping-au-medoc-768x768.jpg 768w\" sizes=\"(max-width: 900px) 100vw, 900px\" \/><\/figure>\n<\/div>\n<\/div>\n<\/div>\n<\/div>\n<\/section>\n\n<section class=\"wp-block-group home-fourth page-two has-custom-color-1-background-color has-background has-global-padding is-layout-constrained wp-block-group-is-layout-constrained\">\n<div class=\"wp-block-group has-global-padding is-content-justification-center is-layout-constrained wp-container-core-group-is-layout-519de150 wp-block-group-is-layout-constrained\" style=\"margin-top:0px;margin-right:0px;margin-bottom:0px;margin-left:0px\">\n<h2 class=\"wp-block-heading has-text-align-center full-width has-damirone-font-family has-base-2-color has-text-color\" style=\"margin-top:0px;margin-right:0px;margin-bottom:0px;margin-left:0px;font-size:clamp(24.034px, 1.502rem + ((1vw - 3.2px) * 1.298), 40px);font-style:normal;font-weight:400;line-height:1.2;text-transform:uppercase\">Bienvenido al <span>camping <\/span> de Grayan-et-l&#8217;H\u00f4pital<\/h2>\n<\/div>\n\n\n\n<div class=\"wp-block-group has-global-padding is-content-justification-center is-layout-constrained wp-container-core-group-is-layout-8f5500b1 wp-block-group-is-layout-constrained\" style=\"margin-top:0px;margin-right:0px;margin-bottom:0px;margin-left:0px;padding-bottom:var(--wp--preset--spacing--30)\">\n<p class=\"has-text-align-center full-width has-base-2-color has-text-color has-link-color has-poppins-font-family wp-elements-59f3dd83f8a8e96159855ef1c8241f3e\" style=\"margin-top:0px;margin-right:0px;margin-bottom:0px;margin-left:0px;font-size:clamp(14px, 0.875rem + ((1vw - 3.2px) * 0.325), 18px);font-style:normal;font-weight:300;line-height:1.9\">A tu llegada, nuestros equipos te recibir\u00e1n en la recepci\u00f3n del camping en <strong>un ambiente c\u00e1lido y familiar<\/strong>. Te daremos toda la informaci\u00f3n que necesites para <g id=\"gid_1\">descubrir la regi\u00f3n<\/g>, las actividades cercanas, los mercados locales y las rutas de senderismo. Nuestros <g id=\"gid_2\">horarios de apertura se adaptan a la temporada <\/g>, para que estemos disponibles cuando nos necesites: de 8.00 a 13.00 y de 14.00 a 19.00 en <g id=\"gid_3\">temporada alta<\/g> (s\u00e1bados y domingos de 8.00 a 20.00) y de 9.00 a 12.00 y de 16.00 a 18.00 en <g id=\"gid_4\">temporada baja<\/g>. Aprovecha la <strong>conexi\u00f3n Wi-Fi gratuita<\/strong> en el restaurante, el parque infantil, la piscina y las zonas de recepci\u00f3n (en el resto del recinto es de pago).   <\/p>\n<\/div>\n\n\n\n<div class=\"wp-block-cover alignfull blob-image gt-gsap-fadeInUp\" style=\"min-height:80vh;aspect-ratio:unset;\"><img decoding=\"async\" width=\"1861\" height=\"1135\" class=\"wp-block-cover__image-background wp-image-1099 size-full\" alt=\"AIRE JEUX\" src=\"https:\/\/www.camping-des-familles.com\/wp-content\/uploads\/2025\/10\/AIRE-JEUX.jpg\" data-object-fit=\"cover\" srcset=\"https:\/\/www.camping-des-familles.com\/wp-content\/uploads\/2025\/10\/AIRE-JEUX.jpg 1861w, https:\/\/www.camping-des-familles.com\/wp-content\/uploads\/2025\/10\/AIRE-JEUX-300x183.jpg 300w, https:\/\/www.camping-des-familles.com\/wp-content\/uploads\/2025\/10\/AIRE-JEUX-1024x625.jpg 1024w, https:\/\/www.camping-des-familles.com\/wp-content\/uploads\/2025\/10\/AIRE-JEUX-768x468.jpg 768w, https:\/\/www.camping-des-familles.com\/wp-content\/uploads\/2025\/10\/AIRE-JEUX-1536x937.jpg 1536w\" sizes=\"(max-width: 1861px) 100vw, 1861px\" \/><span aria-hidden=\"true\" class=\"wp-block-cover__background has-background-dim wp-block-cover__gradient-background has-background-gradient\" style=\"background:linear-gradient(0deg,rgb(1,1,1) 0%,rgba(0,0,0,0.34) 72%)\"><\/span><div class=\"wp-block-cover__inner-container is-layout-flow wp-block-cover-is-layout-flow\">\n<p class=\"has-text-align-center h1-like has-pp-woodland-font-family\" style=\"font-size:clamp(67.975px, 4.248rem + ((1vw - 3.2px) * 6.506), 148px);line-height:1\">Ambiente<span>familiar<\/span><br\/><span><\/span><\/p>\n<\/div><\/div>\n<\/section>\n\n<section class=\"wp-block-group home-third page-third has-global-padding is-layout-constrained wp-block-group-is-layout-constrained\">\n<div class=\"wp-block-columns is-layout-flex wp-container-core-columns-is-layout-28f84493 wp-block-columns-is-layout-flex\">\n<div class=\"wp-block-column left is-layout-flow wp-block-column-is-layout-flow\" style=\"flex-basis:50%\">\n<div data-swiper=\"{&quot;speed&quot;:400,&quot;spaceBetween&quot;:16,&quot;slidesPerView&quot;:1,&quot;createElements&quot;:true,&quot;loop&quot;:true,&quot;freemode&quot;:true,&quot;breakpoints&quot;:[{&quot;slidesPerView&quot;:1}],&quot;pagination&quot;:false,&quot;effect&quot;:&quot;fade&quot;,&quot;navigation&quot;:false}\" class=\"wp-block-group gt-is-slider gt-is-slider-desktop is-layout-flow wp-block-group-is-layout-flow\">\n<div class=\"wp-block-group is-layout-flow wp-block-group-is-layout-flow\">\n<figure class=\"wp-block-image size-full is-resized gt-gsap-fadeIn\"><img decoding=\"async\" width=\"920\" height=\"900\" src=\"https:\/\/www.camping-des-familles.com\/wp-content\/uploads\/2025\/10\/Piste-cyclables-au-medoc-e1759405981853.jpg\" alt=\"Carriles bici en el M&#xE9;doc\" class=\"wp-image-1122\" style=\"object-fit:cover;width:900px;height:900px\" srcset=\"https:\/\/www.camping-des-familles.com\/wp-content\/uploads\/2025\/10\/Piste-cyclables-au-medoc-e1759405981853.jpg 920w, https:\/\/www.camping-des-familles.com\/wp-content\/uploads\/2025\/10\/Piste-cyclables-au-medoc-e1759405981853-300x293.jpg 300w, https:\/\/www.camping-des-familles.com\/wp-content\/uploads\/2025\/10\/Piste-cyclables-au-medoc-e1759405981853-768x751.jpg 768w\" sizes=\"(max-width: 920px) 100vw, 920px\" \/><\/figure>\n<\/div>\n<\/div>\n<\/div>\n\n\n\n<div class=\"wp-block-column is-vertically-aligned-center right is-layout-flow wp-block-column-is-layout-flow\" style=\"flex-basis:50%\">\n<h2 class=\"wp-block-heading has-custom-color-1-color has-text-color has-link-color wp-elements-b36a12036caffb7a70558a4db5b31e4c\" style=\"text-transform:uppercase\">Instalaciones para ciclistas <span>y senderistas<\/span><\/h2>\n\n\n\n<p class=\"has-custom-color-3-color has-text-color has-link-color wp-elements-3168add66a3ac41bff3199b0df50d75a\" style=\"line-height:1.9\">El Camping des Familles Ecolodge ha sido galardonado con la etiqueta <strong>\u00abAccueil V\u00e9lo<\/strong>\u00ab, y est\u00e1 cerca de <strong>bosques con <\/strong> <strong>carriles bici<\/strong> y <strong>pistas<\/strong>, con servicios espec\u00edficos que incluyen un cobertizo para bicicletas, kit de reparaci\u00f3n y documentaci\u00f3n sobre las rutas ciclistas del M\u00e9doc. Ideal para <strong>cicloturistas<\/strong>, para hacer una parada en la <strong>V\u00e9lodyss\u00e9e <\/strong>o para <strong>explorar los alrededores a pie<\/strong> con la mochila a la espalda. Tambi\u00e9n ofrecemos <strong><a href=\"https:\/\/www.camping-des-familles.com\/es\/actividades-deportivas-medoc\/#trottinette-electrique\">patinetes el\u00e9ctricos<\/a><\/strong> para que puedas explorar los alrededores de forma divertida y entretenida. <br\/>El camping con servicios cerca de Soulac-sur-Mer es el destino perfecto si buscas <a href=\"https:\/\/www.camping-des-familles.com\/es\/camping-ecologico-grayan-et-l-hopital\/\" data-type=\"page\" data-id=\"12\">unas vacaciones ecol\u00f3gicas en el M\u00e9doc<\/a>. <\/p>\n<\/div>\n<\/div>\n<\/section>\n\n<section class=\"wp-block-group home-third bis has-global-padding is-layout-constrained wp-block-group-is-layout-constrained\">\n<div class=\"wp-block-columns is-layout-flex wp-container-core-columns-is-layout-28f84493 wp-block-columns-is-layout-flex\">\n<div class=\"wp-block-column is-vertically-aligned-center right is-layout-flow wp-block-column-is-layout-flow\" style=\"flex-basis:50%\">\n<h2 class=\"wp-block-heading has-text-align-left full-width has-damirone-font-family has-custom-color-1-color has-text-color\" style=\"margin-top:0px;margin-right:0px;margin-bottom:0px;margin-left:0px;padding-bottom:var(--wp--preset--spacing--20);font-size:clamp(28.836px, 1.802rem + ((1vw - 3.2px) * 1.721), 50px);font-style:normal;font-weight:400;line-height:1.2;text-transform:uppercase\">Viajar <span>con tu mascota<\/span><\/h2>\n\n\n\n<p class=\"has-custom-color-3-color has-text-color has-link-color wp-elements-2df1774ebb842902bc92d258232f421c\" style=\"line-height:1.9\">Nuestros <strong>amigos de cuatro patas son bienvenidos <\/strong>en nuestro camping con servicios en el M\u00e9doc. Se aceptan perros (excepto los de categor\u00eda 1 y 2),<g id=\"gid_1\"> tatuados y vacunados<\/g>, hasta un l\u00edmite de<g id=\"gid_2\">uno por alojamiento<\/g>. As\u00ed podr\u00e1s disfrutar de tus vacaciones con toda la familia, \u00a1sin excepci\u00f3n!  <\/p>\n<\/div>\n\n\n\n<div class=\"wp-block-column left is-layout-flow wp-block-column-is-layout-flow\" style=\"flex-basis:50%\">\n<div class=\"wp-block-group is-layout-flow wp-block-group-is-layout-flow\">\n<div class=\"wp-block-group is-layout-flow wp-block-group-is-layout-flow\">\n<figure class=\"wp-block-image size-full is-resized gt-gsap-fadeIn\"><img decoding=\"async\" width=\"942\" height=\"873\" src=\"https:\/\/www.camping-des-familles.com\/wp-content\/uploads\/2025\/10\/chien-au-camping-e1760103450144.jpg\" alt=\"perro en el camping\" class=\"wp-image-1110\" style=\"width:auto;height:900px\" srcset=\"https:\/\/www.camping-des-familles.com\/wp-content\/uploads\/2025\/10\/chien-au-camping-e1760103450144.jpg 942w, https:\/\/www.camping-des-familles.com\/wp-content\/uploads\/2025\/10\/chien-au-camping-e1760103450144-300x278.jpg 300w, https:\/\/www.camping-des-familles.com\/wp-content\/uploads\/2025\/10\/chien-au-camping-e1760103450144-768x712.jpg 768w\" sizes=\"(max-width: 942px) 100vw, 942px\" \/><\/figure>\n<\/div>\n<\/div>\n<\/div>\n<\/div>\n<\/section>\n\n<section class=\"wp-block-group home-fourth page-two has-custom-color-1-background-color has-background has-global-padding is-layout-constrained wp-block-group-is-layout-constrained\">\n<div class=\"wp-block-group has-global-padding is-content-justification-center is-layout-constrained wp-container-core-group-is-layout-519de150 wp-block-group-is-layout-constrained\" style=\"margin-top:0px;margin-right:0px;margin-bottom:0px;margin-left:0px\">\n<h2 class=\"wp-block-heading has-text-align-center full-width has-damirone-font-family has-base-2-color has-text-color\" style=\"margin-top:0px;margin-right:0px;margin-bottom:0px;margin-left:0px;font-size:clamp(24.034px, 1.502rem + ((1vw - 3.2px) * 1.298), 40px);font-style:normal;font-weight:400;line-height:1.2;text-transform:uppercase\"><span>Panader\u00eda <\/span> y pasteler\u00eda<\/h2>\n<\/div>\n\n\n\n<div class=\"wp-block-group has-global-padding is-content-justification-center is-layout-constrained wp-container-core-group-is-layout-8f5500b1 wp-block-group-is-layout-constrained\" style=\"margin-top:0px;margin-right:0px;margin-bottom:0px;margin-left:0px;padding-bottom:var(--wp--preset--spacing--30)\">\n<p class=\"has-text-align-center full-width has-base-2-color has-text-color has-link-color has-poppins-font-family wp-elements-f33768553dcd0b5b45d28425520a452e\" style=\"margin-top:0px;margin-right:0px;margin-bottom:0px;margin-left:0px;font-size:clamp(14px, 0.875rem + ((1vw - 3.2px) * 0.325), 18px);font-style:normal;font-weight:300;line-height:1.9\">\u00bfQu\u00e9 puede haber mejor que<strong>despertarse con el olor de los pasteles<\/strong> mientras est\u00e1s de vacaciones?<\/p>\n\n\n\n<p class=\"has-text-align-center full-width has-base-2-color has-text-color has-link-color has-poppins-font-family wp-elements-bbd76d45cae4359a1eff716885edeb71\" style=\"margin-top:0px;margin-right:0px;margin-bottom:0px;margin-left:0px;font-size:clamp(14px, 0.875rem + ((1vw - 3.2px) * 0.325), 18px);font-style:normal;font-weight:300;line-height:1.9\">En el camping con servicios, cerca de Soulac-sur-Mer, pide la v\u00edspera antes de las 18 h tus <strong>cruasanes y baguettes<\/strong>, disponibles a partir de las 8 h en recepci\u00f3n o para disfrutar en la terraza del bar. Un<strong> sencillo placer <\/strong>para empezar bien el d\u00eda. <\/p>\n<\/div>\n\n\n\n<div class=\"wp-block-cover alignfull blob-image gt-gsap-fadeInUp\" style=\"min-height:80vh;aspect-ratio:unset;\"><img decoding=\"async\" width=\"2000\" height=\"1250\" class=\"wp-block-cover__image-background wp-image-1127 size-full\" alt=\"d\u00e9p\u00f4t de pain au camping m\u00e9doc\" src=\"https:\/\/www.camping-des-familles.com\/wp-content\/uploads\/2025\/10\/depot-de-pain-au-camping-medoc.jpg\" data-object-fit=\"cover\" srcset=\"https:\/\/www.camping-des-familles.com\/wp-content\/uploads\/2025\/10\/depot-de-pain-au-camping-medoc.jpg 2000w, https:\/\/www.camping-des-familles.com\/wp-content\/uploads\/2025\/10\/depot-de-pain-au-camping-medoc-300x188.jpg 300w, https:\/\/www.camping-des-familles.com\/wp-content\/uploads\/2025\/10\/depot-de-pain-au-camping-medoc-1024x640.jpg 1024w, https:\/\/www.camping-des-familles.com\/wp-content\/uploads\/2025\/10\/depot-de-pain-au-camping-medoc-768x480.jpg 768w, https:\/\/www.camping-des-familles.com\/wp-content\/uploads\/2025\/10\/depot-de-pain-au-camping-medoc-1536x960.jpg 1536w\" sizes=\"(max-width: 2000px) 100vw, 2000px\" \/><span aria-hidden=\"true\" class=\"wp-block-cover__background has-background-dim wp-block-cover__gradient-background has-background-gradient\" style=\"background:linear-gradient(0deg,rgb(1,1,1) 0%,rgba(0,0,0,0.34) 72%)\"><\/span><div class=\"wp-block-cover__inner-container is-layout-flow wp-block-cover-is-layout-flow\">\n<p class=\"has-text-align-center h1-like has-pp-woodland-font-family\" style=\"font-size:clamp(67.975px, 4.248rem + ((1vw - 3.2px) * 6.506), 148px);line-height:1\">Peque\u00f1os<span>placeres<\/span><br\/><span><strong> <\/strong><\/span> <\/p>\n<\/div><\/div>\n<\/section>\n\n<section class=\"wp-block-group home-third page-third has-global-padding is-layout-constrained wp-block-group-is-layout-constrained\">\n<div class=\"wp-block-columns is-layout-flex wp-container-core-columns-is-layout-ec2e7a44 wp-block-columns-is-layout-flex\" style=\"padding-top:0;padding-bottom:0\">\n<div class=\"wp-block-column left is-layout-flow wp-block-column-is-layout-flow\" style=\"flex-basis:50%\">\n<div data-swiper=\"{&quot;speed&quot;:400,&quot;spaceBetween&quot;:16,&quot;slidesPerView&quot;:1,&quot;createElements&quot;:true,&quot;loop&quot;:true,&quot;freemode&quot;:true,&quot;breakpoints&quot;:[{&quot;slidesPerView&quot;:1}],&quot;pagination&quot;:false,&quot;effect&quot;:&quot;fade&quot;,&quot;navigation&quot;:false}\" class=\"wp-block-group gt-is-slider gt-is-slider-desktop is-layout-flow wp-block-group-is-layout-flow\">\n<div class=\"wp-block-group is-layout-flow wp-block-group-is-layout-flow\">\n<figure class=\"wp-block-image size-full is-resized gt-gsap-fadeIn\"><img decoding=\"async\" width=\"942\" height=\"900\" src=\"https:\/\/www.camping-des-familles.com\/wp-content\/uploads\/2025\/10\/location-de-serviettes.jpg\" alt=\"alquiler de toallas\" class=\"wp-image-1134\" style=\"width:auto;height:900px\" srcset=\"https:\/\/www.camping-des-familles.com\/wp-content\/uploads\/2025\/10\/location-de-serviettes.jpg 942w, https:\/\/www.camping-des-familles.com\/wp-content\/uploads\/2025\/10\/location-de-serviettes-300x287.jpg 300w, https:\/\/www.camping-des-familles.com\/wp-content\/uploads\/2025\/10\/location-de-serviettes-768x734.jpg 768w\" sizes=\"(max-width: 942px) 100vw, 942px\" \/><\/figure>\n<\/div>\n<\/div>\n<\/div>\n\n\n\n<div class=\"wp-block-column is-vertically-aligned-center right is-layout-flow wp-block-column-is-layout-flow\" style=\"flex-basis:50%\">\n<h2 class=\"wp-block-heading has-custom-color-1-color has-text-color has-link-color wp-elements-3309d32f7c38d814a55823a628c8fdcf\" style=\"text-transform:uppercase\">Alquileres extra <span>para mayor comodidad<\/span><\/h2>\n\n\n\n<p class=\"has-custom-color-3-color has-text-color has-link-color wp-elements-0f431b2d5e483ea8832e8a5bbd46c8fc\" style=\"line-height:1.9\">Nevera, trona, cuna, juego de s\u00e1banas, toallas, lavander\u00eda o paquete de limpieza&#8230; Disfrute de nuestros <strong>servicios a la carta<\/strong>, nuestras <a href=\"https:\/\/www.camping-des-familles.com\/es\/camping-animaciones-grayan-et-l-hopital\/\" data-type=\"page\" data-id=\"20\">instalaciones y actividades familiares en el M\u00e9doc<\/a> para aligerar el equipaje y pasar una estancia inolvidable. Las s<strong>\u00e1banas est\u00e1n incluidas<\/strong> en la gama <strong>Premium<\/strong>. Disfrute de un <strong>20 % de descuento en el paquete de limpieza de su alojamiento<\/strong> reservando el servicio con antelaci\u00f3n.<\/p>\n<\/div>\n<\/div>\n<\/section>\n\n<section class=\"wp-block-group home-third bis has-global-padding is-layout-constrained wp-block-group-is-layout-constrained\" style=\"padding-top:0;padding-bottom:0\">\n<div class=\"wp-block-columns is-layout-flex wp-container-core-columns-is-layout-28f84493 wp-block-columns-is-layout-flex\">\n<div class=\"wp-block-column is-vertically-aligned-center right is-layout-flow wp-block-column-is-layout-flow\" style=\"flex-basis:50%\">\n<h2 class=\"wp-block-heading has-text-align-left full-width has-damirone-font-family has-custom-color-1-color has-text-color\" style=\"margin-top:0px;margin-right:0px;margin-bottom:0px;margin-left:0px;padding-bottom:var(--wp--preset--spacing--20);font-size:clamp(28.836px, 1.802rem + ((1vw - 3.2px) * 1.721), 50px);font-style:normal;font-weight:400;line-height:1.2;text-transform:uppercase\">Comestibles y tiendas <span>cerca<\/span><\/h2>\n\n\n\n<p class=\"has-custom-color-3-color has-text-color has-link-color wp-elements-e8c7ca40f1609906e3a1ed4a278608ad\" style=\"line-height:1.9\">Hay una <strong>tienda de comestibles<\/strong> de urgencia con productos de primera necesidad. Tambi\u00e9n encontrar\u00e1s todas las comodidades en el centro del pueblo,<g id=\"gid_1\"> a 800 m del camping <\/g>con servicios del M\u00e9doc: <g id=\"gid_2\">minimercado<\/g>, <g id=\"gid_3\">estanco<\/g>, <g id=\"gid_4\">restaurantes <\/g>y<g id=\"gid_5\"> servicios sanitarios<\/g>. \u00a1Pr\u00e1ctico para<strong> unas vacaciones sin coche<\/strong>!  <\/p>\n<\/div>\n\n\n\n<div class=\"wp-block-column left is-layout-flow wp-block-column-is-layout-flow\" style=\"flex-basis:50%\">\n<div class=\"wp-block-group is-layout-flow wp-block-group-is-layout-flow\">\n<div class=\"wp-block-group is-layout-flow wp-block-group-is-layout-flow\">\n<figure class=\"wp-block-image size-full is-resized gt-gsap-fadeIn\"><img decoding=\"async\" width=\"942\" height=\"900\" src=\"https:\/\/www.camping-des-familles.com\/wp-content\/uploads\/2025\/10\/epicerie-a-proximite-du-camping-medoc.jpg\" alt=\"tienda de comestibles cerca del camping m&#xE9;doc\" class=\"wp-image-1139\" style=\"width:auto;height:900px\" srcset=\"https:\/\/www.camping-des-familles.com\/wp-content\/uploads\/2025\/10\/epicerie-a-proximite-du-camping-medoc.jpg 942w, https:\/\/www.camping-des-familles.com\/wp-content\/uploads\/2025\/10\/epicerie-a-proximite-du-camping-medoc-300x287.jpg 300w, https:\/\/www.camping-des-familles.com\/wp-content\/uploads\/2025\/10\/epicerie-a-proximite-du-camping-medoc-768x734.jpg 768w\" sizes=\"(max-width: 942px) 100vw, 942px\" \/><\/figure>\n<\/div>\n<\/div>\n<\/div>\n<\/div>\n<\/section>\n\n<section class=\"wp-block-group page-maillage has-global-padding is-layout-constrained wp-block-group-is-layout-constrained\">\n<div class=\"wp-block-group is-horizontal is-layout-flex wp-container-core-group-is-layout-1b39ef27 wp-block-group-is-layout-flex\">\n<figure class=\"wp-block-image size-large\" style=\"margin-top:0px;margin-right:0px;margin-bottom:0px;margin-left:0px\"><img decoding=\"async\" width=\"63\" height=\"94\" src=\"https:\/\/www.camping-des-familles.com\/wp-content\/uploads\/2025\/09\/Vector-24.svg\" alt=\"Vector (24)\" class=\"wp-image-653\" style=\"object-fit:cover\"\/><\/figure>\n\n\n\n<div class=\"wp-block-group h1-like has-custom-color-1-color has-text-color has-link-color wp-elements-23b4f1f8c15e571ae7446539d0131769 has-global-padding is-layout-constrained wp-block-group-is-layout-constrained\">\n<p class=\"has-custom-color-3-color has-text-color has-link-color has-pp-woodland-font-family wp-elements-8847239475fd424cd4addbed9201c275\" style=\"font-size:clamp(52.9px, 3.306rem + ((1vw - 3.2px) * 4.398), 107px);font-style:normal;font-weight:200;text-transform:uppercase\">Sum\u00e9rgete<span>, mu\u00e9vete, <\/span><br\/><span>\u00a1disfruta!<\/span><\/p>\n<\/div>\n<\/div>\n\n\n\n<div class=\"wp-block-query is-layout-flow wp-block-query-is-layout-flow\"><ul class=\"animated fadeInUp wp-block-post-template is-layout-flow wp-block-post-template-is-layout-flow\"><li class=\"wp-block-post post-2509 page type-page status-publish has-post-thumbnail hentry\">\n\n<figure class=\"wp-block-image\"><img decoding=\"async\" src=\"https:\/\/www.camping-des-familles.com\/wp-content\/uploads\/2025\/10\/piscine-camping-des-familles.jpg\" alt=\"piscina camping familiar\"\/><\/figure>\n\n\n\n<p class=\"has-text-align-center has-base-2-color has-text-color has-link-color has-pp-woodland-font-family wp-elements-6ced9490183e5f4edfb72dbec622f35f\" style=\"font-size:clamp(18.959px, 1.185rem + ((1vw - 3.2px) * 0.898), 30px);text-transform:uppercase\">Zona acu\u00e1tica<\/p>\n\n\n<a class=\"is-style-lien-cover wp-block-read-more\" href=\"https:\/\/www.camping-des-familles.com\/es\/camping-piscina-climatizada-grayan-et-l-hopital\/\" target=\"_self\">Leer m\u00e1s<span class=\"screen-reader-text\">: Zona acu\u00e1tica<\/span><\/a>\n<\/li><li class=\"wp-block-post post-2606 page type-page status-publish has-post-thumbnail hentry\">\n\n<figure class=\"wp-block-image\"><img decoding=\"async\" src=\"https:\/\/www.camping-des-familles.com\/wp-content\/uploads\/2025\/10\/Zumba-au-camping-medoc-e1759409631954.jpg\" alt=\"Zumba en el camping de M\u00e9doc\"\/><\/figure>\n\n\n\n<p class=\"has-text-align-center has-base-2-color has-text-color has-link-color has-pp-woodland-font-family wp-elements-6ced9490183e5f4edfb72dbec622f35f\" style=\"font-size:clamp(18.959px, 1.185rem + ((1vw - 3.2px) * 0.898), 30px);text-transform:uppercase\">Nuestros eventos<\/p>\n\n\n<a class=\"is-style-lien-cover wp-block-read-more\" href=\"https:\/\/www.camping-des-familles.com\/es\/camping-animaciones-grayan-et-l-hopital\/\" target=\"_self\">Leer m\u00e1s<span class=\"screen-reader-text\">: Nuestros eventos<\/span><\/a>\n<\/li><li class=\"wp-block-post post-2540 page type-page status-publish has-post-thumbnail hentry\">\n\n<figure class=\"wp-block-image\"><img decoding=\"async\" src=\"https:\/\/www.camping-des-familles.com\/wp-content\/uploads\/2025\/10\/soiree-moules-frites-camping-pres-de-Soulac-sur-Mer-e1759409962301.jpg\" alt=\"mejillones y patatas fritas noche de acampada cerca de Soulac-sur-Mer\"\/><\/figure>\n\n\n\n<p class=\"has-text-align-center has-base-2-color has-text-color has-link-color has-pp-woodland-font-family wp-elements-6ced9490183e5f4edfb72dbec622f35f\" style=\"font-size:clamp(18.959px, 1.185rem + ((1vw - 3.2px) * 0.898), 30px);text-transform:uppercase\">Catering<\/p>\n\n\n<a class=\"is-style-lien-cover wp-block-read-more\" href=\"https:\/\/www.camping-des-familles.com\/es\/bar-y-restaurante-grayan-et-l-hopital\/\" target=\"_self\">Leer m\u00e1s<span class=\"screen-reader-text\">: Catering<\/span><\/a>\n<\/li><\/ul><\/div>\n<\/section>\n","protected":false},"excerpt":{"rendered":"<p>Camping con servicios en el M\u00e9doc Situado entre las playas m\u00e1s bellas del M\u00e9doc y el estuario de la Gironda, nuestro camping con servicios en el M\u00e9doc es el destino ideal para tus vacaciones. A pocos minutos de los mejores lugares para practicar surf, podr\u00e1s disfrutar de servicios pensados para simplificar tus vacaciones. El camping [&hellip;]<\/p>\n","protected":false},"author":1,"featured_media":1148,"parent":0,"menu_order":0,"comment_status":"closed","ping_status":"closed","template":"","meta":{"_acf_changed":false,"_seopress_robots_primary_cat":"","_seopress_titles_title":"Servicios de camping cerca de Soulac-sur-Mer I Camping 4 estrellas M\u00e9doc","_seopress_titles_desc":"Aprovecha los servicios de 4 estrellas del Camping des Familles, cerca de Soulac-sur-Mer: wifi, dep\u00f3sito de pan, alquiler de bicicletas, guarda bicicletas, admite mascotas y tiendas en las inmediaciones.","_seopress_robots_index":"","_gt_ctv_global_id":"14469","_gt_ctv_id_group":false,"inline_featured_image":false,"gt_fse_maillage_image":"https:\/\/www.camping-des-familles.com\/wp-content\/uploads\/2025\/10\/epicerie-a-proximite-du-camping-medoc.jpg","gt_fse_maillage_titre":"Nuestros servicios","gt_fse_maillage_alt":"tienda de comestibles cerca del camping m\u00e9doc","gt_fse_maillage_resume":"","_gt_maillage_image":0,"_gt_maillage_video":0,"_gt_maillage_title":"","footnotes":""},"categories":[],"tags":[],"class_list":["post-2565","page","type-page","status-publish","has-post-thumbnail","hentry"],"acf":[],"_links":{"self":[{"href":"https:\/\/www.camping-des-familles.com\/es\/wp-json\/wp\/v2\/pages\/2565","targetHints":{"allow":["GET"]}}],"collection":[{"href":"https:\/\/www.camping-des-familles.com\/es\/wp-json\/wp\/v2\/pages"}],"about":[{"href":"https:\/\/www.camping-des-familles.com\/es\/wp-json\/wp\/v2\/types\/page"}],"author":[{"embeddable":true,"href":"https:\/\/www.camping-des-familles.com\/es\/wp-json\/wp\/v2\/users\/1"}],"replies":[{"embeddable":true,"href":"https:\/\/www.camping-des-familles.com\/es\/wp-json\/wp\/v2\/comments?post=2565"}],"version-history":[{"count":30,"href":"https:\/\/www.camping-des-familles.com\/es\/wp-json\/wp\/v2\/pages\/2565\/revisions"}],"predecessor-version":[{"id":4204,"href":"https:\/\/www.camping-des-familles.com\/es\/wp-json\/wp\/v2\/pages\/2565\/revisions\/4204"}],"wp:featuredmedia":[{"embeddable":true,"href":"https:\/\/www.camping-des-familles.com\/es\/wp-json\/wp\/v2\/media\/1148"}],"wp:attachment":[{"href":"https:\/\/www.camping-des-familles.com\/es\/wp-json\/wp\/v2\/media?parent=2565"}],"wp:term":[{"taxonomy":"category","embeddable":true,"href":"https:\/\/www.camping-des-familles.com\/es\/wp-json\/wp\/v2\/categories?post=2565"},{"taxonomy":"post_tag","embeddable":true,"href":"https:\/\/www.camping-des-familles.com\/es\/wp-json\/wp\/v2\/tags?post=2565"}],"curies":[{"name":"wp","href":"https:\/\/api.w.org\/{rel}","templated":true}]}}