{"id":2533,"date":"2025-09-22T13:59:27","date_gmt":"2025-09-22T11:59:27","guid":{"rendered":"https:\/\/www.camping-des-familles.com\/location-mobil-home-grayan-et-l-hopital\/"},"modified":"2025-12-12T11:33:58","modified_gmt":"2025-12-12T10:33:58","slug":"alquiler-de-mobil-homes-en-grayan-et-l-hopital","status":"publish","type":"page","link":"https:\/\/www.camping-des-familles.com\/es\/alquiler-de-mobil-homes-en-grayan-et-l-hopital\/","title":{"rendered":"Alquileres"},"content":{"rendered":"\n<section class=\"wp-block-group alignfull gt-reveal fiche-content page-hebergement has-global-padding is-layout-constrained wp-container-core-group-is-layout-0ce4e8f2 wp-block-group-is-layout-constrained\" style=\"padding-top:var(--wp--preset--spacing--30);padding-bottom:var(--wp--preset--spacing--30)\">\n<h1 class=\"wp-block-heading has-text-align-center full-width has-damirone-font-family has-custom-color-1-color has-text-color\" style=\"margin-top:0px;margin-right:0px;margin-bottom:0px;margin-left:0px;padding-bottom:var(--wp--preset--spacing--20);font-size:clamp(28.836px, 1.802rem + ((1vw - 3.2px) * 1.721), 50px);font-style:normal;font-weight:400;line-height:1.2;text-transform:uppercase\"><span>Alquiler de casas rurales<\/span> <br\/>en el M\u00e9doc<\/h1>\n\n\n\n<p class=\"has-text-align-center has-custom-color-3-color has-text-color has-link-color gt-no-padding-mobile wp-elements-b90e9a14a38ebc1334846e0b1f3b8fcb\" style=\"padding-right:var(--wp--preset--spacing--60);padding-left:var(--wp--preset--spacing--60);line-height:1.9\">Descubre nuestro <strong>confortable alojamiento <\/strong>para unas vacaciones en plena libertad en una casa rural de alquiler en el M\u00e9doc. Situado en 2 hect\u00e1reas de parque arbolado, el Camping des Familles Ecolodge ofrece alojamientos adaptados a todas las necesidades: <strong>parejas<\/strong>, <strong>familias<\/strong>, <strong>surfistas <\/strong>o <strong>excursionistas<\/strong>. Situado a s\u00f3lo <g id=\"gid_5\">5 km de la playa<\/g>, nuestro <g id=\"gid_6\">camping cerca de Soulac-sur-Mer<\/g> te garantiza una estancia tranquila y relajante, cerca de <g id=\"gid_7\">actividades y tiendas<\/g>. Disfrutar\u00e1s de un alojamiento funcional en un <strong>entorno verde<\/strong>, <strong>en armon\u00eda con el medio ambiente<\/strong>.     <br\/><\/p>\n\n\n\n<div class=\"wp-block-group has-global-padding is-layout-constrained wp-block-group-is-layout-constrained\" style=\"padding-top:var(--wp--preset--spacing--40);padding-bottom:var(--wp--preset--spacing--40)\">\n<div\n    class=\"gt-hebergements-filtres gt-hebergements-filtres--accordeons  gt-hebergements-filtres--grid wp-block-gt-gt-fse-hebergements\"    data-wp-interactive=\"gt\/fse\/filtres\"\n    data-wp-on--keydown=\"actions.handleKeydown\"\n    data-wp-on-document--click=\"actions.outsideClick\"\n    data-wp-context='{\"isSidebar\":false,\"isSidebarOpen\":true,\"isStickyButton\":false,\"isAccordeon\":true}'>\n    <div class=\"gt-hebergements-actions\">\n        \n        <button\n            class=\"gt-hebergements-open-button \"\n            data-wp-on--click=\"actions.toggleSidebar\"\n            data-wp-bind--aria-expanded=\"context.isSidebarOpen\"\n            data-wp-class--active=\"state.activeCheckboxes\"\n            style=\"display:flex;align-items:center;gap:0;flex-direction:row;\">\n                        <span class=\"gt-hebergements-label-button\">Filtres<\/span>\n            <span\n                data-wp-text=\"state.activeCheckboxes\"\n                data-wp-bind--hidden=\"!state.activeCheckboxes\"><\/span>\n        <\/button>\n\n        <div data-wp-bind--hidden=\"!state.activeCheckboxes\">\n            <button\n                class=\"gt-hebergements-reset-button\"\n                data-wp-on--click=\"actions.clearAllFilters\">\n                <i class=\"fas fa-undo-alt\"><\/i>\n                Restablece            <\/button>\n        <\/div>\n    <\/div>\n\n    <div\n        class=\"gt-hebergements-filtres__sidebar\"\n        data-wp-bind--hidden=\"!context.isSidebarOpen\"\n        data-wp-class--opened=\"context.isSidebarOpen\"\n\n                style=\"grid-template-columns: repeat(auto-fit, minmax(3rem, 1fr))\"\n        >\n                                                            <div\n                    class=\"gt-hebergements-filtre closed\"\n                    data-gt-filtre-name=\"capacities\"\n                    data-gt-cookie=\"gtCapacities\"\n                    aria-expanded=\"\"\n                    data-gt-filtre-operator=\"&gt;=\">\n\n                                        <p\n                        class=\"gt-hebergements-filtre__name\"\n                        data-wp-on--click=\"actions.toggleFilter\"\n                        style=\"\n                            background-color: #84765f;\n                            color: #f9f3ee;\n                            border-radius: 0px;\n                            padding: 0.5rem 1rem 0.5rem 1rem;\n                        \">\n                        <span>\n                            N\u00famero de personas                            <span\n                                class=\"gt-hebergements-filtre__count\"\n                                data-wp-bind--hidden=\"!state.count.capacities\"\n                                data-wp-text=\"state.count.capacities\"\n                                hidden>\n                            <\/span>\n                        <\/span>\n                    <\/p>\n                    <div\n                        class=\"gt-hebergements-filtre__content\"\n                        style=\"\n                            background-color: #84765f;\n                            color: #f9f3ee;\n                            border-radius: 0px;\n                            padding: 0.5rem 1rem 0.5rem 1rem;\n                        \">\n                        <label>\n                            <input\n                                type=\"checkbox\"\n                                name=\"capacities[]\"\n                                data-wp-on--click=\"actions.clearFilter\"\n                                value=\"\"\n                                checked \/>\n                            <span class=\"custom-checkbox\"><\/span>\n                            Todos                        <\/label>\n\n                                                                                <label>\n                                <input\n                                    type=\"checkbox\"\n                                    name=\"capacities[]\"\n                                    data-wp-on--click=\"actions.runFilters\"\n                                    value=\"45\"\n                                     \/>\n                                <span class=\"custom-checkbox\"><\/span>\n                                1                                                            <\/label>\n                                                                                <label>\n                                <input\n                                    type=\"checkbox\"\n                                    name=\"capacities[]\"\n                                    data-wp-on--click=\"actions.runFilters\"\n                                    value=\"38\"\n                                     \/>\n                                <span class=\"custom-checkbox\"><\/span>\n                                2                                                            <\/label>\n                                                                                <label>\n                                <input\n                                    type=\"checkbox\"\n                                    name=\"capacities[]\"\n                                    data-wp-on--click=\"actions.runFilters\"\n                                    value=\"39\"\n                                     \/>\n                                <span class=\"custom-checkbox\"><\/span>\n                                3                                                            <\/label>\n                                                                                <label>\n                                <input\n                                    type=\"checkbox\"\n                                    name=\"capacities[]\"\n                                    data-wp-on--click=\"actions.runFilters\"\n                                    value=\"25\"\n                                     \/>\n                                <span class=\"custom-checkbox\"><\/span>\n                                4                                                            <\/label>\n                                                                                <label>\n                                <input\n                                    type=\"checkbox\"\n                                    name=\"capacities[]\"\n                                    data-wp-on--click=\"actions.runFilters\"\n                                    value=\"40\"\n                                     \/>\n                                <span class=\"custom-checkbox\"><\/span>\n                                5                                                            <\/label>\n                                                                                <label>\n                                <input\n                                    type=\"checkbox\"\n                                    name=\"capacities[]\"\n                                    data-wp-on--click=\"actions.runFilters\"\n                                    value=\"33\"\n                                     \/>\n                                <span class=\"custom-checkbox\"><\/span>\n                                6                                                            <\/label>\n                                            <\/div>\n                <\/div>\n                                                                                                                                                <div\n                    class=\"gt-hebergements-filtre closed\"\n                    data-gt-filtre-name=\"rooms\"\n                    data-gt-cookie=\"gtRooms\"\n                    aria-expanded=\"\"\n                    data-gt-filtre-operator=\"OR\">\n\n                                        <p\n                        class=\"gt-hebergements-filtre__name\"\n                        data-wp-on--click=\"actions.toggleFilter\"\n                        style=\"\n                            background-color: #84765f;\n                            color: #f9f3ee;\n                            border-radius: 0px;\n                            padding: 0.5rem 1rem 0.5rem 1rem;\n                        \">\n                        <span>\n                            N\u00famero de habitaciones                            <span\n                                class=\"gt-hebergements-filtre__count\"\n                                data-wp-bind--hidden=\"!state.count.rooms\"\n                                data-wp-text=\"state.count.rooms\"\n                                hidden>\n                            <\/span>\n                        <\/span>\n                    <\/p>\n                    <div\n                        class=\"gt-hebergements-filtre__content\"\n                        style=\"\n                            background-color: #84765f;\n                            color: #f9f3ee;\n                            border-radius: 0px;\n                            padding: 0.5rem 1rem 0.5rem 1rem;\n                        \">\n                        <label>\n                            <input\n                                type=\"checkbox\"\n                                name=\"rooms[]\"\n                                data-wp-on--click=\"actions.clearFilter\"\n                                value=\"\"\n                                checked \/>\n                            <span class=\"custom-checkbox\"><\/span>\n                            Todos                        <\/label>\n\n                                                                                <label>\n                                <input\n                                    type=\"checkbox\"\n                                    name=\"rooms[]\"\n                                    data-wp-on--click=\"actions.runFilters\"\n                                    value=\"26\"\n                                     \/>\n                                <span class=\"custom-checkbox\"><\/span>\n                                2                                                            <\/label>\n                                                                                <label>\n                                <input\n                                    type=\"checkbox\"\n                                    name=\"rooms[]\"\n                                    data-wp-on--click=\"actions.runFilters\"\n                                    value=\"34\"\n                                     \/>\n                                <span class=\"custom-checkbox\"><\/span>\n                                3                                                            <\/label>\n                                            <\/div>\n                <\/div>\n                                                                <div\n                    class=\"gt-hebergements-filtre closed\"\n                    data-gt-filtre-name=\"bathrooms\"\n                    data-gt-cookie=\"gtBathrooms\"\n                    aria-expanded=\"\"\n                    data-gt-filtre-operator=\"OR\">\n\n                                        <p\n                        class=\"gt-hebergements-filtre__name\"\n                        data-wp-on--click=\"actions.toggleFilter\"\n                        style=\"\n                            background-color: #84765f;\n                            color: #f9f3ee;\n                            border-radius: 0px;\n                            padding: 0.5rem 1rem 0.5rem 1rem;\n                        \">\n                        <span>\n                            N\u00famero de ba\u00f1os                            <span\n                                class=\"gt-hebergements-filtre__count\"\n                                data-wp-bind--hidden=\"!state.count.bathrooms\"\n                                data-wp-text=\"state.count.bathrooms\"\n                                hidden>\n                            <\/span>\n                        <\/span>\n                    <\/p>\n                    <div\n                        class=\"gt-hebergements-filtre__content\"\n                        style=\"\n                            background-color: #84765f;\n                            color: #f9f3ee;\n                            border-radius: 0px;\n                            padding: 0.5rem 1rem 0.5rem 1rem;\n                        \">\n                        <label>\n                            <input\n                                type=\"checkbox\"\n                                name=\"bathrooms[]\"\n                                data-wp-on--click=\"actions.clearFilter\"\n                                value=\"\"\n                                checked \/>\n                            <span class=\"custom-checkbox\"><\/span>\n                            Todos                        <\/label>\n\n                                                                                <label>\n                                <input\n                                    type=\"checkbox\"\n                                    name=\"bathrooms[]\"\n                                    data-wp-on--click=\"actions.runFilters\"\n                                    value=\"27\"\n                                     \/>\n                                <span class=\"custom-checkbox\"><\/span>\n                                1                                                            <\/label>\n                                                                                <label>\n                                <input\n                                    type=\"checkbox\"\n                                    name=\"bathrooms[]\"\n                                    data-wp-on--click=\"actions.runFilters\"\n                                    value=\"37\"\n                                     \/>\n                                <span class=\"custom-checkbox\"><\/span>\n                                2                                                            <\/label>\n                                            <\/div>\n                <\/div>\n                                            <\/div>\n<\/div>\n\n\n<div data-wp-context=\"{}\" data-wp-interactive=\"core\/query\" data-wp-key=\"1\" data-wp-router-region=\"query-1\" class=\"wp-block-query alignwide gt-fse-hebergements is-layout-flow wp-block-query-is-layout-flow gt-fse-widgets-ctv-open-product\"><ul class=\"columns-3 wp-block-post-template is-layout-grid wp-container-core-post-template-is-layout-6d3fbd8f wp-block-post-template-is-layout-grid gt-fse-widgets-ctv-open-product\"><li data-gt-Thelis-product-id=\"\" data-gt-bathrooms=\"37\" data-gt-campings=\"\" data-gt-capacities=\"33\" data-gt-ctv-product-id=\"111958\" data-gt-gammes=\"\" data-gt-options=\"\" data-gt-rooms=\"34\" data-gt-superficies=\"36\" data-gt-types=\"24\" data-wp-key=\"post-template-item-2681\" class=\"wp-block-post post-2681 hebergement type-hebergement status-publish has-post-thumbnail hentry gt-hebergements-types-locatifs gt-hebergements-nombre-personnes-33 gt-hebergements-nombre-chambres-34 gt-hebergements-nombre-sdb-37 gt-hebergements-superficie-36 gt-fse-widgets-ctv-open-product\">\n<figure style=\"aspect-ratio:4\/3;\" class=\"hebergement-featured-image wp-block-post-featured-image gt-fse-widgets-ctv-open-product\"><img decoding=\"async\" width=\"2560\" height=\"1419\" src=\"https:\/\/www.camping-des-familles.com\/wp-content\/uploads\/2025\/12\/Premium-3ch-2sdb-scaled.jpg\" class=\"attachment-full size-full wp-post-image gt-fse-widgets-ctv-open-product\" alt=\"Premium 3ch 2sdb\" style=\"border-radius:0px;width:100%;height:100%;object-fit:cover;\" srcset=\"https:\/\/www.camping-des-familles.com\/wp-content\/uploads\/2025\/12\/Premium-3ch-2sdb-scaled.jpg 2560w, https:\/\/www.camping-des-familles.com\/wp-content\/uploads\/2025\/12\/Premium-3ch-2sdb-300x166.jpg 300w, https:\/\/www.camping-des-familles.com\/wp-content\/uploads\/2025\/12\/Premium-3ch-2sdb-1024x567.jpg 1024w, https:\/\/www.camping-des-familles.com\/wp-content\/uploads\/2025\/12\/Premium-3ch-2sdb-768x426.jpg 768w, https:\/\/www.camping-des-familles.com\/wp-content\/uploads\/2025\/12\/Premium-3ch-2sdb-1536x851.jpg 1536w, https:\/\/www.camping-des-familles.com\/wp-content\/uploads\/2025\/12\/Premium-3ch-2sdb-2048x1135.jpg 2048w\" sizes=\"(max-width: 2560px) 100vw, 2560px\" \/><\/figure>\n\n\n<div class=\"wp-block-group gt-hebergement-content is-content-justification-center is-nowrap is-layout-flex wp-container-core-group-is-layout-dad6e7c6 wp-block-group-is-layout-flex gt-fse-widgets-ctv-open-product\" style=\"padding-top:var(--wp--preset--spacing--10);padding-right:var(--wp--preset--spacing--10);padding-bottom:var(--wp--preset--spacing--10);padding-left:var(--wp--preset--spacing--10)\">\n<div class=\"wp-block-group has-global-padding is-layout-constrained wp-block-group-is-layout-constrained gt-fse-widgets-ctv-open-product\">\n<p class=\"has-text-align-left hebergement-title has-custom-color-1-color has-text-color has-link-color has-pp-woodland-font-family wp-elements-ad327c4a8e76e78cdeb84c30899babdd gt-fse-widgets-ctv-open-product\" style=\"font-size:clamp(1.119rem, 1.119rem + ((1vw - 0.2rem) * 0.821), 1.75rem);\">Familias de acogida<\/p>\n<\/div>\n<\/div>\n\n\n\n<div class=\"wp-block-group gt-hebergement-foot is-layout-flow wp-container-core-group-is-layout-a77db08e wp-block-group-is-layout-flow gt-fse-widgets-ctv-open-product\">\n\n\n<div class=\"wp-block-group is-content-justification-center is-layout-flex wp-container-core-group-is-layout-266b37b4 wp-block-group-is-layout-flex gt-fse-widgets-ctv-open-product\" style=\"margin-top:0;margin-bottom:var(--wp--preset--spacing--20)\">\n<div class=\"wp-block-group hebergement-info is-horizontal is-content-justification-center is-nowrap is-layout-flex wp-container-core-group-is-layout-8d39ddb4 wp-block-group-is-layout-flex gt-fse-widgets-ctv-open-product\">\n<figure class=\"wp-block-image size-medium is-resized wp-duotone-unset-1 gt-fse-widgets-ctv-open-product\"><img decoding=\"async\" src=\"https:\/\/fermedes4chenes.fr\/wp-content\/uploads\/2024\/12\/utilisateur.svg\" alt=\"usuario\" class=\"wp-image-2009 gt-fse-widgets-ctv-open-product\" style=\"width:25px\"\/><\/figure>\n\n\n\n<div class=\"wp-block-group is-nowrap is-layout-flex wp-container-core-group-is-layout-4b0a85f0 wp-block-group-is-layout-flex gt-fse-widgets-ctv-open-product\"><div class=\"taxonomy-gt-hebergements-nombre-personnes wp-block-post-terms gt-fse-widgets-ctv-open-product\"><span class=\"gt-fse-widgets-ctv-open-product\"><span class=\"gt-hebergements-option-name gt-fse-widgets-ctv-open-product\">6<\/span><\/span><\/div>\n\n\n<p class=\"gt-fse-widgets-ctv-open-product\">Pers.<\/p>\n<\/div>\n<\/div>\n\n\n\n<div class=\"wp-block-group hebergement-info is-horizontal is-content-justification-center is-nowrap is-layout-flex wp-container-core-group-is-layout-8d39ddb4 wp-block-group-is-layout-flex gt-fse-widgets-ctv-open-product\">\n<figure class=\"wp-block-image size-full is-resized wp-duotone-unset-2 gt-fse-widgets-ctv-open-product\"><img decoding=\"async\" src=\"https:\/\/fermedes4chenes.fr\/wp-content\/uploads\/2024\/12\/lit.svg\" alt=\"cama\" class=\"wp-image-1999 gt-fse-widgets-ctv-open-product\" style=\"width:25px\"\/><\/figure>\n\n\n\n<div class=\"wp-block-group is-nowrap is-layout-flex wp-container-core-group-is-layout-4b0a85f0 wp-block-group-is-layout-flex gt-fse-widgets-ctv-open-product\"><div class=\"taxonomy-gt-hebergements-nombre-chambres wp-block-post-terms gt-fse-widgets-ctv-open-product\"><span class=\"gt-fse-widgets-ctv-open-product\"><span class=\"gt-hebergements-option-name gt-fse-widgets-ctv-open-product\">3<\/span><\/span><\/div>\n\n\n<p class=\"gt-fse-widgets-ctv-open-product\">Hab.<\/p>\n<\/div>\n<\/div>\n\n\n\n<div class=\"wp-block-group hebergement-info is-horizontal is-content-justification-center is-nowrap is-layout-flex wp-container-core-group-is-layout-8d39ddb4 wp-block-group-is-layout-flex gt-fse-widgets-ctv-open-product\">\n<figure class=\"wp-block-image size-medium is-resized gt-fse-widgets-ctv-open-product\"><img decoding=\"async\" src=\"https:\/\/fermedes4chenes.fr\/wp-content\/uploads\/2024\/12\/surface.svg\" alt=\"superficie\" class=\"wp-image-1994 gt-fse-widgets-ctv-open-product\" style=\"width:25px\"\/><\/figure>\n\n\n\n<div class=\"wp-block-group is-nowrap is-layout-flex wp-container-core-group-is-layout-4b0a85f0 wp-block-group-is-layout-flex gt-fse-widgets-ctv-open-product\"><div class=\"taxonomy-gt-hebergements-superficie wp-block-post-terms gt-fse-widgets-ctv-open-product\"><span class=\"gt-fse-widgets-ctv-open-product\"><span class=\"gt-hebergements-option-name gt-fse-widgets-ctv-open-product\">36<\/span><\/span><\/div>\n\n\n<p class=\"gt-fse-widgets-ctv-open-product\"><sup class=\"gt-fse-widgets-ctv-open-product\">m2<\/sup><\/p>\n<\/div>\n<\/div>\n\n\n\n<div class=\"wp-block-group hebergement-info is-horizontal is-content-justification-center is-nowrap is-layout-flex wp-container-core-group-is-layout-8d39ddb4 wp-block-group-is-layout-flex gt-fse-widgets-ctv-open-product\">\n<figure class=\"wp-block-image size-medium is-resized gt-fse-widgets-ctv-open-product\"><img decoding=\"async\" width=\"512\" height=\"512\" src=\"https:\/\/www.camping-des-familles.com\/wp-content\/uploads\/2025\/12\/douche.svg\" alt=\"ducha\" class=\"wp-image-4660 gt-fse-widgets-ctv-open-product\" style=\"width:25px\"\/><\/figure>\n\n\n\n<div class=\"wp-block-group is-nowrap is-layout-flex wp-container-core-group-is-layout-4b0a85f0 wp-block-group-is-layout-flex gt-fse-widgets-ctv-open-product\"><div class=\"taxonomy-gt-hebergements-nombre-sdb wp-block-post-terms gt-fse-widgets-ctv-open-product\"><span class=\"gt-fse-widgets-ctv-open-product\"><span class=\"gt-hebergements-option-name gt-fse-widgets-ctv-open-product\">2<\/span><\/span><\/div>\n\n\n<p class=\"gt-fse-widgets-ctv-open-product\">ba\u00f1o<\/p>\n<\/div>\n<\/div>\n<\/div>\n<\/div>\n\n<\/li><li data-gt-Thelis-product-id=\"\" data-gt-bathrooms=\"27\" data-gt-campings=\"\" data-gt-capacities=\"33\" data-gt-ctv-product-id=\"81606\" data-gt-gammes=\"\" data-gt-options=\"\" data-gt-rooms=\"34\" data-gt-superficies=\"36\" data-gt-types=\"24\" data-wp-key=\"post-template-item-2684\" class=\"wp-block-post post-2684 hebergement type-hebergement status-publish has-post-thumbnail hentry gt-hebergements-types-locatifs gt-hebergements-nombre-personnes-33 gt-hebergements-nombre-chambres-34 gt-hebergements-nombre-sdb-27 gt-hebergements-superficie-36 gt-fse-widgets-ctv-open-product\">\n<figure style=\"aspect-ratio:4\/3;\" class=\"hebergement-featured-image wp-block-post-featured-image gt-fse-widgets-ctv-open-product\"><img decoding=\"async\" width=\"972\" height=\"729\" src=\"https:\/\/www.camping-des-familles.com\/wp-content\/uploads\/2025\/10\/Mobilhome-PREMIUM-3-CH-6-PERS-36m\u00b2-TV-CLIM-LV-DRAPS-inclus-a-la-semaine.png\" class=\"attachment-full size-full wp-post-image gt-fse-widgets-ctv-open-product\" alt=\"Mobilhome PREMIUM 3 CH - 6 PERS 36m\u00b2 - TV + CLIM + LV + DRAPS (incluido por semana)\" style=\"border-radius:0px;width:100%;height:100%;object-fit:cover;\" srcset=\"https:\/\/www.camping-des-familles.com\/wp-content\/uploads\/2025\/10\/Mobilhome-PREMIUM-3-CH-6-PERS-36m\u00b2-TV-CLIM-LV-DRAPS-inclus-a-la-semaine.png 972w, https:\/\/www.camping-des-familles.com\/wp-content\/uploads\/2025\/10\/Mobilhome-PREMIUM-3-CH-6-PERS-36m\u00b2-TV-CLIM-LV-DRAPS-inclus-a-la-semaine-300x225.png 300w, https:\/\/www.camping-des-familles.com\/wp-content\/uploads\/2025\/10\/Mobilhome-PREMIUM-3-CH-6-PERS-36m\u00b2-TV-CLIM-LV-DRAPS-inclus-a-la-semaine-768x576.png 768w\" sizes=\"(max-width: 972px) 100vw, 972px\" \/><\/figure>\n\n\n<div class=\"wp-block-group gt-hebergement-content is-content-justification-center is-nowrap is-layout-flex wp-container-core-group-is-layout-dad6e7c6 wp-block-group-is-layout-flex gt-fse-widgets-ctv-open-product\" style=\"padding-top:var(--wp--preset--spacing--10);padding-right:var(--wp--preset--spacing--10);padding-bottom:var(--wp--preset--spacing--10);padding-left:var(--wp--preset--spacing--10)\">\n<div class=\"wp-block-group has-global-padding is-layout-constrained wp-block-group-is-layout-constrained gt-fse-widgets-ctv-open-product\">\n<p class=\"has-text-align-left hebergement-title has-custom-color-1-color has-text-color has-link-color has-pp-woodland-font-family wp-elements-ad327c4a8e76e78cdeb84c30899babdd gt-fse-widgets-ctv-open-product\" style=\"font-size:clamp(1.119rem, 1.119rem + ((1vw - 0.2rem) * 0.821), 1.75rem);\">Familias de acogida<\/p>\n<\/div>\n<\/div>\n\n\n\n<div class=\"wp-block-group gt-hebergement-foot is-layout-flow wp-container-core-group-is-layout-a77db08e wp-block-group-is-layout-flow gt-fse-widgets-ctv-open-product\">\n\n\n<div class=\"wp-block-group is-content-justification-center is-layout-flex wp-container-core-group-is-layout-266b37b4 wp-block-group-is-layout-flex gt-fse-widgets-ctv-open-product\" style=\"margin-top:0;margin-bottom:var(--wp--preset--spacing--20)\">\n<div class=\"wp-block-group hebergement-info is-horizontal is-content-justification-center is-nowrap is-layout-flex wp-container-core-group-is-layout-8d39ddb4 wp-block-group-is-layout-flex gt-fse-widgets-ctv-open-product\">\n<figure class=\"wp-block-image size-medium is-resized wp-duotone-unset-3 gt-fse-widgets-ctv-open-product\"><img decoding=\"async\" src=\"https:\/\/fermedes4chenes.fr\/wp-content\/uploads\/2024\/12\/utilisateur.svg\" alt=\"usuario\" class=\"wp-image-2009 gt-fse-widgets-ctv-open-product\" style=\"width:25px\"\/><\/figure>\n\n\n\n<div class=\"wp-block-group is-nowrap is-layout-flex wp-container-core-group-is-layout-4b0a85f0 wp-block-group-is-layout-flex gt-fse-widgets-ctv-open-product\"><div class=\"taxonomy-gt-hebergements-nombre-personnes wp-block-post-terms gt-fse-widgets-ctv-open-product\"><span class=\"gt-fse-widgets-ctv-open-product\"><span class=\"gt-hebergements-option-name gt-fse-widgets-ctv-open-product\">6<\/span><\/span><\/div>\n\n\n<p class=\"gt-fse-widgets-ctv-open-product\">Pers.<\/p>\n<\/div>\n<\/div>\n\n\n\n<div class=\"wp-block-group hebergement-info is-horizontal is-content-justification-center is-nowrap is-layout-flex wp-container-core-group-is-layout-8d39ddb4 wp-block-group-is-layout-flex gt-fse-widgets-ctv-open-product\">\n<figure class=\"wp-block-image size-full is-resized wp-duotone-unset-4 gt-fse-widgets-ctv-open-product\"><img decoding=\"async\" src=\"https:\/\/fermedes4chenes.fr\/wp-content\/uploads\/2024\/12\/lit.svg\" alt=\"cama\" class=\"wp-image-1999 gt-fse-widgets-ctv-open-product\" style=\"width:25px\"\/><\/figure>\n\n\n\n<div class=\"wp-block-group is-nowrap is-layout-flex wp-container-core-group-is-layout-4b0a85f0 wp-block-group-is-layout-flex gt-fse-widgets-ctv-open-product\"><div class=\"taxonomy-gt-hebergements-nombre-chambres wp-block-post-terms gt-fse-widgets-ctv-open-product\"><span class=\"gt-fse-widgets-ctv-open-product\"><span class=\"gt-hebergements-option-name gt-fse-widgets-ctv-open-product\">3<\/span><\/span><\/div>\n\n\n<p class=\"gt-fse-widgets-ctv-open-product\">Hab.<\/p>\n<\/div>\n<\/div>\n\n\n\n<div class=\"wp-block-group hebergement-info is-horizontal is-content-justification-center is-nowrap is-layout-flex wp-container-core-group-is-layout-8d39ddb4 wp-block-group-is-layout-flex gt-fse-widgets-ctv-open-product\">\n<figure class=\"wp-block-image size-medium is-resized gt-fse-widgets-ctv-open-product\"><img decoding=\"async\" src=\"https:\/\/fermedes4chenes.fr\/wp-content\/uploads\/2024\/12\/surface.svg\" alt=\"superficie\" class=\"wp-image-1994 gt-fse-widgets-ctv-open-product\" style=\"width:25px\"\/><\/figure>\n\n\n\n<div class=\"wp-block-group is-nowrap is-layout-flex wp-container-core-group-is-layout-4b0a85f0 wp-block-group-is-layout-flex gt-fse-widgets-ctv-open-product\"><div class=\"taxonomy-gt-hebergements-superficie wp-block-post-terms gt-fse-widgets-ctv-open-product\"><span class=\"gt-fse-widgets-ctv-open-product\"><span class=\"gt-hebergements-option-name gt-fse-widgets-ctv-open-product\">36<\/span><\/span><\/div>\n\n\n<p class=\"gt-fse-widgets-ctv-open-product\"><sup class=\"gt-fse-widgets-ctv-open-product\">m2<\/sup><\/p>\n<\/div>\n<\/div>\n\n\n\n<div class=\"wp-block-group hebergement-info is-horizontal is-content-justification-center is-nowrap is-layout-flex wp-container-core-group-is-layout-8d39ddb4 wp-block-group-is-layout-flex gt-fse-widgets-ctv-open-product\">\n<figure class=\"wp-block-image size-medium is-resized gt-fse-widgets-ctv-open-product\"><img decoding=\"async\" width=\"512\" height=\"512\" src=\"https:\/\/www.camping-des-familles.com\/wp-content\/uploads\/2025\/12\/douche.svg\" alt=\"ducha\" class=\"wp-image-4660 gt-fse-widgets-ctv-open-product\" style=\"width:25px\"\/><\/figure>\n\n\n\n<div class=\"wp-block-group is-nowrap is-layout-flex wp-container-core-group-is-layout-4b0a85f0 wp-block-group-is-layout-flex gt-fse-widgets-ctv-open-product\"><div class=\"taxonomy-gt-hebergements-nombre-sdb wp-block-post-terms gt-fse-widgets-ctv-open-product\"><span class=\"gt-fse-widgets-ctv-open-product\"><span class=\"gt-hebergements-option-name gt-fse-widgets-ctv-open-product\">1<\/span><\/span><\/div>\n\n\n<p class=\"gt-fse-widgets-ctv-open-product\">ba\u00f1o<\/p>\n<\/div>\n<\/div>\n<\/div>\n<\/div>\n\n<\/li><li data-gt-Thelis-product-id=\"\" data-gt-bathrooms=\"27\" data-gt-campings=\"\" data-gt-capacities=\"25\" data-gt-ctv-product-id=\"124149\" data-gt-gammes=\"\" data-gt-options=\"47,48,46\" data-gt-rooms=\"26\" data-gt-superficies=\"30\" data-gt-types=\"24\" data-wp-key=\"post-template-item-2729\" class=\"wp-block-post post-2729 hebergement type-hebergement status-publish has-post-thumbnail hentry gt-hebergements-options-clim gt-hebergements-options-lave-vaisselle gt-hebergements-options-tv gt-hebergements-types-locatifs gt-hebergements-nombre-personnes-25 gt-hebergements-nombre-chambres-26 gt-hebergements-nombre-sdb-27 gt-hebergements-superficie-30 gt-fse-widgets-ctv-open-product\">\n<figure style=\"aspect-ratio:4\/3;\" class=\"hebergement-featured-image wp-block-post-featured-image gt-fse-widgets-ctv-open-product\"><img decoding=\"async\" width=\"2560\" height=\"1541\" src=\"https:\/\/www.camping-des-familles.com\/wp-content\/uploads\/2025\/10\/premium-2ch-D-scaled.jpg\" class=\"attachment-full size-full wp-post-image gt-fse-widgets-ctv-open-product\" alt=\"prima 2ch D\" style=\"border-radius:0px;width:100%;height:100%;object-fit:cover;\" srcset=\"https:\/\/www.camping-des-familles.com\/wp-content\/uploads\/2025\/10\/premium-2ch-D-scaled.jpg 2560w, https:\/\/www.camping-des-familles.com\/wp-content\/uploads\/2025\/10\/premium-2ch-D-300x181.jpg 300w, https:\/\/www.camping-des-familles.com\/wp-content\/uploads\/2025\/10\/premium-2ch-D-1024x616.jpg 1024w, https:\/\/www.camping-des-familles.com\/wp-content\/uploads\/2025\/10\/premium-2ch-D-768x462.jpg 768w, https:\/\/www.camping-des-familles.com\/wp-content\/uploads\/2025\/10\/premium-2ch-D-1536x925.jpg 1536w, https:\/\/www.camping-des-familles.com\/wp-content\/uploads\/2025\/10\/premium-2ch-D-2048x1233.jpg 2048w\" sizes=\"(max-width: 2560px) 100vw, 2560px\" \/><\/figure>\n\n\n<div class=\"wp-block-group gt-hebergement-content is-content-justification-center is-nowrap is-layout-flex wp-container-core-group-is-layout-dad6e7c6 wp-block-group-is-layout-flex gt-fse-widgets-ctv-open-product\" style=\"padding-top:var(--wp--preset--spacing--10);padding-right:var(--wp--preset--spacing--10);padding-bottom:var(--wp--preset--spacing--10);padding-left:var(--wp--preset--spacing--10)\">\n<div class=\"wp-block-group has-global-padding is-layout-constrained wp-block-group-is-layout-constrained gt-fse-widgets-ctv-open-product\">\n<p class=\"has-text-align-left hebergement-title has-custom-color-1-color has-text-color has-link-color has-pp-woodland-font-family wp-elements-ad327c4a8e76e78cdeb84c30899babdd gt-fse-widgets-ctv-open-product\" style=\"font-size:clamp(1.119rem, 1.119rem + ((1vw - 0.2rem) * 0.821), 1.75rem);\">Familias de acogida<\/p>\n<\/div>\n<\/div>\n\n\n\n<div class=\"wp-block-group gt-hebergement-foot is-layout-flow wp-container-core-group-is-layout-a77db08e wp-block-group-is-layout-flow gt-fse-widgets-ctv-open-product\"><div class=\"taxonomy-gt-hebergements-options wp-block-post-terms gt-fse-widgets-ctv-open-product\"><span class=\"option-clim gt-fse-widgets-ctv-open-product\"><img decoding=\"async\" class=\"gt-hebergements-option-icon gt-fse-widgets-ctv-open-product\" src=\"https:\/\/www.camping-des-familles.com\/wp-content\/uploads\/2025\/12\/climatisation.svg\" alt=\"Clim\" style=\"display: inline-block; width: 1.5rem; height: 1.5rem; margin-right: 0.5rem; vertical-align: middle;\" \/><span class=\"gt-hebergements-option-name gt-fse-widgets-ctv-open-product\">Clim<\/span><\/span><span class=\"wp-block-post-terms__separator gt-fse-widgets-ctv-open-product\">, <\/span><span class=\"option-lave-vaisselle gt-fse-widgets-ctv-open-product\"><img decoding=\"async\" class=\"gt-hebergements-option-icon gt-fse-widgets-ctv-open-product\" src=\"https:\/\/www.camping-des-familles.com\/wp-content\/uploads\/2025\/12\/lave-vaisselle.svg\" alt=\"Lave-vaisselle\" style=\"display: inline-block; width: 1.5rem; height: 1.5rem; margin-right: 0.5rem; vertical-align: middle;\" \/><span class=\"gt-hebergements-option-name gt-fse-widgets-ctv-open-product\">Lave-vaisselle<\/span><\/span><span class=\"wp-block-post-terms__separator gt-fse-widgets-ctv-open-product\">, <\/span><span class=\"option-tv gt-fse-widgets-ctv-open-product\"><img decoding=\"async\" class=\"gt-hebergements-option-icon gt-fse-widgets-ctv-open-product\" src=\"https:\/\/www.camping-des-familles.com\/wp-content\/uploads\/2025\/12\/moniteur-tv.svg\" alt=\"TV\" style=\"display: inline-block; width: 1.5rem; height: 1.5rem; margin-right: 0.5rem; vertical-align: middle;\" \/><span class=\"gt-hebergements-option-name gt-fse-widgets-ctv-open-product\">TV<\/span><\/span><\/div>\n\n\n<div class=\"wp-block-group is-content-justification-center is-layout-flex wp-container-core-group-is-layout-266b37b4 wp-block-group-is-layout-flex gt-fse-widgets-ctv-open-product\" style=\"margin-top:0;margin-bottom:var(--wp--preset--spacing--20)\">\n<div class=\"wp-block-group hebergement-info is-horizontal is-content-justification-center is-nowrap is-layout-flex wp-container-core-group-is-layout-8d39ddb4 wp-block-group-is-layout-flex gt-fse-widgets-ctv-open-product\">\n<figure class=\"wp-block-image size-medium is-resized wp-duotone-unset-5 gt-fse-widgets-ctv-open-product\"><img decoding=\"async\" src=\"https:\/\/fermedes4chenes.fr\/wp-content\/uploads\/2024\/12\/utilisateur.svg\" alt=\"usuario\" class=\"wp-image-2009 gt-fse-widgets-ctv-open-product\" style=\"width:25px\"\/><\/figure>\n\n\n\n<div class=\"wp-block-group is-nowrap is-layout-flex wp-container-core-group-is-layout-4b0a85f0 wp-block-group-is-layout-flex gt-fse-widgets-ctv-open-product\"><div class=\"taxonomy-gt-hebergements-nombre-personnes wp-block-post-terms gt-fse-widgets-ctv-open-product\"><span class=\"gt-fse-widgets-ctv-open-product\"><span class=\"gt-hebergements-option-name gt-fse-widgets-ctv-open-product\">4<\/span><\/span><\/div>\n\n\n<p class=\"gt-fse-widgets-ctv-open-product\">Pers.<\/p>\n<\/div>\n<\/div>\n\n\n\n<div class=\"wp-block-group hebergement-info is-horizontal is-content-justification-center is-nowrap is-layout-flex wp-container-core-group-is-layout-8d39ddb4 wp-block-group-is-layout-flex gt-fse-widgets-ctv-open-product\">\n<figure class=\"wp-block-image size-full is-resized wp-duotone-unset-6 gt-fse-widgets-ctv-open-product\"><img decoding=\"async\" src=\"https:\/\/fermedes4chenes.fr\/wp-content\/uploads\/2024\/12\/lit.svg\" alt=\"cama\" class=\"wp-image-1999 gt-fse-widgets-ctv-open-product\" style=\"width:25px\"\/><\/figure>\n\n\n\n<div class=\"wp-block-group is-nowrap is-layout-flex wp-container-core-group-is-layout-4b0a85f0 wp-block-group-is-layout-flex gt-fse-widgets-ctv-open-product\"><div class=\"taxonomy-gt-hebergements-nombre-chambres wp-block-post-terms gt-fse-widgets-ctv-open-product\"><span class=\"gt-fse-widgets-ctv-open-product\"><span class=\"gt-hebergements-option-name gt-fse-widgets-ctv-open-product\">2<\/span><\/span><\/div>\n\n\n<p class=\"gt-fse-widgets-ctv-open-product\">Hab.<\/p>\n<\/div>\n<\/div>\n\n\n\n<div class=\"wp-block-group hebergement-info is-horizontal is-content-justification-center is-nowrap is-layout-flex wp-container-core-group-is-layout-8d39ddb4 wp-block-group-is-layout-flex gt-fse-widgets-ctv-open-product\">\n<figure class=\"wp-block-image size-medium is-resized gt-fse-widgets-ctv-open-product\"><img decoding=\"async\" src=\"https:\/\/fermedes4chenes.fr\/wp-content\/uploads\/2024\/12\/surface.svg\" alt=\"superficie\" class=\"wp-image-1994 gt-fse-widgets-ctv-open-product\" style=\"width:25px\"\/><\/figure>\n\n\n\n<div class=\"wp-block-group is-nowrap is-layout-flex wp-container-core-group-is-layout-4b0a85f0 wp-block-group-is-layout-flex gt-fse-widgets-ctv-open-product\"><div class=\"taxonomy-gt-hebergements-superficie wp-block-post-terms gt-fse-widgets-ctv-open-product\"><span class=\"gt-fse-widgets-ctv-open-product\"><span class=\"gt-hebergements-option-name gt-fse-widgets-ctv-open-product\">32<\/span><\/span><\/div>\n\n\n<p class=\"gt-fse-widgets-ctv-open-product\"><sup class=\"gt-fse-widgets-ctv-open-product\">m2<\/sup><\/p>\n<\/div>\n<\/div>\n\n\n\n<div class=\"wp-block-group hebergement-info is-horizontal is-content-justification-center is-nowrap is-layout-flex wp-container-core-group-is-layout-8d39ddb4 wp-block-group-is-layout-flex gt-fse-widgets-ctv-open-product\">\n<figure class=\"wp-block-image size-medium is-resized gt-fse-widgets-ctv-open-product\"><img decoding=\"async\" width=\"512\" height=\"512\" src=\"https:\/\/www.camping-des-familles.com\/wp-content\/uploads\/2025\/12\/douche.svg\" alt=\"ducha\" class=\"wp-image-4660 gt-fse-widgets-ctv-open-product\" style=\"width:25px\"\/><\/figure>\n\n\n\n<div class=\"wp-block-group is-nowrap is-layout-flex wp-container-core-group-is-layout-4b0a85f0 wp-block-group-is-layout-flex gt-fse-widgets-ctv-open-product\"><div class=\"taxonomy-gt-hebergements-nombre-sdb wp-block-post-terms gt-fse-widgets-ctv-open-product\"><span class=\"gt-fse-widgets-ctv-open-product\"><span class=\"gt-hebergements-option-name gt-fse-widgets-ctv-open-product\">1<\/span><\/span><\/div>\n\n\n<p class=\"gt-fse-widgets-ctv-open-product\">ba\u00f1o<\/p>\n<\/div>\n<\/div>\n<\/div>\n<\/div>\n\n<\/li><li data-gt-Thelis-product-id=\"\" data-gt-bathrooms=\"27\" data-gt-campings=\"\" data-gt-capacities=\"25\" data-gt-ctv-product-id=\"111636\" data-gt-gammes=\"\" data-gt-options=\"47,48,46\" data-gt-rooms=\"26\" data-gt-superficies=\"30\" data-gt-types=\"24\" data-wp-key=\"post-template-item-2706\" class=\"wp-block-post post-2706 hebergement type-hebergement status-publish has-post-thumbnail hentry gt-hebergements-options-clim gt-hebergements-options-lave-vaisselle gt-hebergements-options-tv gt-hebergements-types-locatifs gt-hebergements-nombre-personnes-25 gt-hebergements-nombre-chambres-26 gt-hebergements-nombre-sdb-27 gt-hebergements-superficie-30 gt-fse-widgets-ctv-open-product\">\n<figure style=\"aspect-ratio:4\/3;\" class=\"hebergement-featured-image wp-block-post-featured-image gt-fse-widgets-ctv-open-product\"><img decoding=\"async\" width=\"2560\" height=\"1541\" src=\"https:\/\/www.camping-des-familles.com\/wp-content\/uploads\/2025\/10\/premium-2ch-D-scaled.jpg\" class=\"attachment-full size-full wp-post-image gt-fse-widgets-ctv-open-product\" alt=\"prima 2ch D\" style=\"border-radius:0px;width:100%;height:100%;object-fit:cover;\" srcset=\"https:\/\/www.camping-des-familles.com\/wp-content\/uploads\/2025\/10\/premium-2ch-D-scaled.jpg 2560w, https:\/\/www.camping-des-familles.com\/wp-content\/uploads\/2025\/10\/premium-2ch-D-300x181.jpg 300w, https:\/\/www.camping-des-familles.com\/wp-content\/uploads\/2025\/10\/premium-2ch-D-1024x616.jpg 1024w, https:\/\/www.camping-des-familles.com\/wp-content\/uploads\/2025\/10\/premium-2ch-D-768x462.jpg 768w, https:\/\/www.camping-des-familles.com\/wp-content\/uploads\/2025\/10\/premium-2ch-D-1536x925.jpg 1536w, https:\/\/www.camping-des-familles.com\/wp-content\/uploads\/2025\/10\/premium-2ch-D-2048x1233.jpg 2048w\" sizes=\"(max-width: 2560px) 100vw, 2560px\" \/><\/figure>\n\n\n<div class=\"wp-block-group gt-hebergement-content is-content-justification-center is-nowrap is-layout-flex wp-container-core-group-is-layout-dad6e7c6 wp-block-group-is-layout-flex gt-fse-widgets-ctv-open-product\" style=\"padding-top:var(--wp--preset--spacing--10);padding-right:var(--wp--preset--spacing--10);padding-bottom:var(--wp--preset--spacing--10);padding-left:var(--wp--preset--spacing--10)\">\n<div class=\"wp-block-group has-global-padding is-layout-constrained wp-block-group-is-layout-constrained gt-fse-widgets-ctv-open-product\">\n<p class=\"has-text-align-left hebergement-title has-custom-color-1-color has-text-color has-link-color has-pp-woodland-font-family wp-elements-ad327c4a8e76e78cdeb84c30899babdd gt-fse-widgets-ctv-open-product\" style=\"font-size:clamp(1.119rem, 1.119rem + ((1vw - 0.2rem) * 0.821), 1.75rem);\">Familias de acogida<\/p>\n<\/div>\n<\/div>\n\n\n\n<div class=\"wp-block-group gt-hebergement-foot is-layout-flow wp-container-core-group-is-layout-a77db08e wp-block-group-is-layout-flow gt-fse-widgets-ctv-open-product\"><div class=\"taxonomy-gt-hebergements-options wp-block-post-terms gt-fse-widgets-ctv-open-product\"><span class=\"option-clim gt-fse-widgets-ctv-open-product\"><img decoding=\"async\" class=\"gt-hebergements-option-icon gt-fse-widgets-ctv-open-product\" src=\"https:\/\/www.camping-des-familles.com\/wp-content\/uploads\/2025\/12\/climatisation.svg\" alt=\"Clim\" style=\"display: inline-block; width: 1.5rem; height: 1.5rem; margin-right: 0.5rem; vertical-align: middle;\" \/><span class=\"gt-hebergements-option-name gt-fse-widgets-ctv-open-product\">Clim<\/span><\/span><span class=\"wp-block-post-terms__separator gt-fse-widgets-ctv-open-product\">, <\/span><span class=\"option-lave-vaisselle gt-fse-widgets-ctv-open-product\"><img decoding=\"async\" class=\"gt-hebergements-option-icon gt-fse-widgets-ctv-open-product\" src=\"https:\/\/www.camping-des-familles.com\/wp-content\/uploads\/2025\/12\/lave-vaisselle.svg\" alt=\"Lave-vaisselle\" style=\"display: inline-block; width: 1.5rem; height: 1.5rem; margin-right: 0.5rem; vertical-align: middle;\" \/><span class=\"gt-hebergements-option-name gt-fse-widgets-ctv-open-product\">Lave-vaisselle<\/span><\/span><span class=\"wp-block-post-terms__separator gt-fse-widgets-ctv-open-product\">, <\/span><span class=\"option-tv gt-fse-widgets-ctv-open-product\"><img decoding=\"async\" class=\"gt-hebergements-option-icon gt-fse-widgets-ctv-open-product\" src=\"https:\/\/www.camping-des-familles.com\/wp-content\/uploads\/2025\/12\/moniteur-tv.svg\" alt=\"TV\" style=\"display: inline-block; width: 1.5rem; height: 1.5rem; margin-right: 0.5rem; vertical-align: middle;\" \/><span class=\"gt-hebergements-option-name gt-fse-widgets-ctv-open-product\">TV<\/span><\/span><\/div>\n\n\n<div class=\"wp-block-group is-content-justification-center is-layout-flex wp-container-core-group-is-layout-266b37b4 wp-block-group-is-layout-flex gt-fse-widgets-ctv-open-product\" style=\"margin-top:0;margin-bottom:var(--wp--preset--spacing--20)\">\n<div class=\"wp-block-group hebergement-info is-horizontal is-content-justification-center is-nowrap is-layout-flex wp-container-core-group-is-layout-8d39ddb4 wp-block-group-is-layout-flex gt-fse-widgets-ctv-open-product\">\n<figure class=\"wp-block-image size-medium is-resized wp-duotone-unset-7 gt-fse-widgets-ctv-open-product\"><img decoding=\"async\" src=\"https:\/\/fermedes4chenes.fr\/wp-content\/uploads\/2024\/12\/utilisateur.svg\" alt=\"usuario\" class=\"wp-image-2009 gt-fse-widgets-ctv-open-product\" style=\"width:25px\"\/><\/figure>\n\n\n\n<div class=\"wp-block-group is-nowrap is-layout-flex wp-container-core-group-is-layout-4b0a85f0 wp-block-group-is-layout-flex gt-fse-widgets-ctv-open-product\"><div class=\"taxonomy-gt-hebergements-nombre-personnes wp-block-post-terms gt-fse-widgets-ctv-open-product\"><span class=\"gt-fse-widgets-ctv-open-product\"><span class=\"gt-hebergements-option-name gt-fse-widgets-ctv-open-product\">4<\/span><\/span><\/div>\n\n\n<p class=\"gt-fse-widgets-ctv-open-product\">Pers.<\/p>\n<\/div>\n<\/div>\n\n\n\n<div class=\"wp-block-group hebergement-info is-horizontal is-content-justification-center is-nowrap is-layout-flex wp-container-core-group-is-layout-8d39ddb4 wp-block-group-is-layout-flex gt-fse-widgets-ctv-open-product\">\n<figure class=\"wp-block-image size-full is-resized wp-duotone-unset-8 gt-fse-widgets-ctv-open-product\"><img decoding=\"async\" src=\"https:\/\/fermedes4chenes.fr\/wp-content\/uploads\/2024\/12\/lit.svg\" alt=\"cama\" class=\"wp-image-1999 gt-fse-widgets-ctv-open-product\" style=\"width:25px\"\/><\/figure>\n\n\n\n<div class=\"wp-block-group is-nowrap is-layout-flex wp-container-core-group-is-layout-4b0a85f0 wp-block-group-is-layout-flex gt-fse-widgets-ctv-open-product\"><div class=\"taxonomy-gt-hebergements-nombre-chambres wp-block-post-terms gt-fse-widgets-ctv-open-product\"><span class=\"gt-fse-widgets-ctv-open-product\"><span class=\"gt-hebergements-option-name gt-fse-widgets-ctv-open-product\">2<\/span><\/span><\/div>\n\n\n<p class=\"gt-fse-widgets-ctv-open-product\">Hab.<\/p>\n<\/div>\n<\/div>\n\n\n\n<div class=\"wp-block-group hebergement-info is-horizontal is-content-justification-center is-nowrap is-layout-flex wp-container-core-group-is-layout-8d39ddb4 wp-block-group-is-layout-flex gt-fse-widgets-ctv-open-product\">\n<figure class=\"wp-block-image size-medium is-resized gt-fse-widgets-ctv-open-product\"><img decoding=\"async\" src=\"https:\/\/fermedes4chenes.fr\/wp-content\/uploads\/2024\/12\/surface.svg\" alt=\"superficie\" class=\"wp-image-1994 gt-fse-widgets-ctv-open-product\" style=\"width:25px\"\/><\/figure>\n\n\n\n<div class=\"wp-block-group is-nowrap is-layout-flex wp-container-core-group-is-layout-4b0a85f0 wp-block-group-is-layout-flex gt-fse-widgets-ctv-open-product\"><div class=\"taxonomy-gt-hebergements-superficie wp-block-post-terms gt-fse-widgets-ctv-open-product\"><span class=\"gt-fse-widgets-ctv-open-product\"><span class=\"gt-hebergements-option-name gt-fse-widgets-ctv-open-product\">32<\/span><\/span><\/div>\n\n\n<p class=\"gt-fse-widgets-ctv-open-product\"><sup class=\"gt-fse-widgets-ctv-open-product\">m2<\/sup><\/p>\n<\/div>\n<\/div>\n\n\n\n<div class=\"wp-block-group hebergement-info is-horizontal is-content-justification-center is-nowrap is-layout-flex wp-container-core-group-is-layout-8d39ddb4 wp-block-group-is-layout-flex gt-fse-widgets-ctv-open-product\">\n<figure class=\"wp-block-image size-medium is-resized gt-fse-widgets-ctv-open-product\"><img decoding=\"async\" width=\"512\" height=\"512\" src=\"https:\/\/www.camping-des-familles.com\/wp-content\/uploads\/2025\/12\/douche.svg\" alt=\"ducha\" class=\"wp-image-4660 gt-fse-widgets-ctv-open-product\" style=\"width:25px\"\/><\/figure>\n\n\n\n<div class=\"wp-block-group is-nowrap is-layout-flex wp-container-core-group-is-layout-4b0a85f0 wp-block-group-is-layout-flex gt-fse-widgets-ctv-open-product\"><div class=\"taxonomy-gt-hebergements-nombre-sdb wp-block-post-terms gt-fse-widgets-ctv-open-product\"><span class=\"gt-fse-widgets-ctv-open-product\"><span class=\"gt-hebergements-option-name gt-fse-widgets-ctv-open-product\">1<\/span><\/span><\/div>\n\n\n<p class=\"gt-fse-widgets-ctv-open-product\">ba\u00f1o<\/p>\n<\/div>\n<\/div>\n<\/div>\n<\/div>\n\n<\/li><li data-gt-Thelis-product-id=\"\" data-gt-bathrooms=\"27\" data-gt-campings=\"\" data-gt-capacities=\"25\" data-gt-ctv-product-id=\"72811\" data-gt-gammes=\"\" data-gt-options=\"\" data-gt-rooms=\"26\" data-gt-superficies=\"30\" data-gt-types=\"24\" data-wp-key=\"post-template-item-2682\" class=\"wp-block-post post-2682 hebergement type-hebergement status-publish has-post-thumbnail hentry gt-hebergements-types-locatifs gt-hebergements-nombre-personnes-25 gt-hebergements-nombre-chambres-26 gt-hebergements-nombre-sdb-27 gt-hebergements-superficie-30 gt-fse-widgets-ctv-open-product\">\n<figure style=\"aspect-ratio:4\/3;\" class=\"hebergement-featured-image wp-block-post-featured-image gt-fse-widgets-ctv-open-product\"><img decoding=\"async\" width=\"2000\" height=\"1500\" src=\"https:\/\/www.camping-des-familles.com\/wp-content\/uploads\/2025\/10\/LODGE-2-CH-4-PERS-32m\u00b2.jpg\" class=\"attachment-full size-full wp-post-image gt-fse-widgets-ctv-open-product\" alt=\"LODGE 2 DORMITORIOS - 4 PERSONAS 32m\u00b2 - Francia\" style=\"border-radius:0px;width:100%;height:100%;object-fit:cover;\" srcset=\"https:\/\/www.camping-des-familles.com\/wp-content\/uploads\/2025\/10\/LODGE-2-CH-4-PERS-32m\u00b2.jpg 2000w, https:\/\/www.camping-des-familles.com\/wp-content\/uploads\/2025\/10\/LODGE-2-CH-4-PERS-32m\u00b2-300x225.jpg 300w, https:\/\/www.camping-des-familles.com\/wp-content\/uploads\/2025\/10\/LODGE-2-CH-4-PERS-32m\u00b2-1024x768.jpg 1024w, https:\/\/www.camping-des-familles.com\/wp-content\/uploads\/2025\/10\/LODGE-2-CH-4-PERS-32m\u00b2-768x576.jpg 768w, https:\/\/www.camping-des-familles.com\/wp-content\/uploads\/2025\/10\/LODGE-2-CH-4-PERS-32m\u00b2-1536x1152.jpg 1536w\" sizes=\"(max-width: 2000px) 100vw, 2000px\" \/><\/figure>\n\n\n<div class=\"wp-block-group gt-hebergement-content is-content-justification-center is-nowrap is-layout-flex wp-container-core-group-is-layout-dad6e7c6 wp-block-group-is-layout-flex gt-fse-widgets-ctv-open-product\" style=\"padding-top:var(--wp--preset--spacing--10);padding-right:var(--wp--preset--spacing--10);padding-bottom:var(--wp--preset--spacing--10);padding-left:var(--wp--preset--spacing--10)\">\n<div class=\"wp-block-group has-global-padding is-layout-constrained wp-block-group-is-layout-constrained gt-fse-widgets-ctv-open-product\">\n<p class=\"has-text-align-left hebergement-title has-custom-color-1-color has-text-color has-link-color has-pp-woodland-font-family wp-elements-ad327c4a8e76e78cdeb84c30899babdd gt-fse-widgets-ctv-open-product\" style=\"font-size:clamp(1.119rem, 1.119rem + ((1vw - 0.2rem) * 0.821), 1.75rem);\">Ecolodge<\/p>\n<\/div>\n<\/div>\n\n\n\n<div class=\"wp-block-group gt-hebergement-foot is-layout-flow wp-container-core-group-is-layout-a77db08e wp-block-group-is-layout-flow gt-fse-widgets-ctv-open-product\">\n\n\n<div class=\"wp-block-group is-content-justification-center is-layout-flex wp-container-core-group-is-layout-266b37b4 wp-block-group-is-layout-flex gt-fse-widgets-ctv-open-product\" style=\"margin-top:0;margin-bottom:var(--wp--preset--spacing--20)\">\n<div class=\"wp-block-group hebergement-info is-horizontal is-content-justification-center is-nowrap is-layout-flex wp-container-core-group-is-layout-8d39ddb4 wp-block-group-is-layout-flex gt-fse-widgets-ctv-open-product\">\n<figure class=\"wp-block-image size-medium is-resized wp-duotone-unset-9 gt-fse-widgets-ctv-open-product\"><img decoding=\"async\" src=\"https:\/\/fermedes4chenes.fr\/wp-content\/uploads\/2024\/12\/utilisateur.svg\" alt=\"usuario\" class=\"wp-image-2009 gt-fse-widgets-ctv-open-product\" style=\"width:25px\"\/><\/figure>\n\n\n\n<div class=\"wp-block-group is-nowrap is-layout-flex wp-container-core-group-is-layout-4b0a85f0 wp-block-group-is-layout-flex gt-fse-widgets-ctv-open-product\"><div class=\"taxonomy-gt-hebergements-nombre-personnes wp-block-post-terms gt-fse-widgets-ctv-open-product\"><span class=\"gt-fse-widgets-ctv-open-product\"><span class=\"gt-hebergements-option-name gt-fse-widgets-ctv-open-product\">4<\/span><\/span><\/div>\n\n\n<p class=\"gt-fse-widgets-ctv-open-product\">Pers.<\/p>\n<\/div>\n<\/div>\n\n\n\n<div class=\"wp-block-group hebergement-info is-horizontal is-content-justification-center is-nowrap is-layout-flex wp-container-core-group-is-layout-8d39ddb4 wp-block-group-is-layout-flex gt-fse-widgets-ctv-open-product\">\n<figure class=\"wp-block-image size-full is-resized wp-duotone-unset-10 gt-fse-widgets-ctv-open-product\"><img decoding=\"async\" src=\"https:\/\/fermedes4chenes.fr\/wp-content\/uploads\/2024\/12\/lit.svg\" alt=\"cama\" class=\"wp-image-1999 gt-fse-widgets-ctv-open-product\" style=\"width:25px\"\/><\/figure>\n\n\n\n<div class=\"wp-block-group is-nowrap is-layout-flex wp-container-core-group-is-layout-4b0a85f0 wp-block-group-is-layout-flex gt-fse-widgets-ctv-open-product\"><div class=\"taxonomy-gt-hebergements-nombre-chambres wp-block-post-terms gt-fse-widgets-ctv-open-product\"><span class=\"gt-fse-widgets-ctv-open-product\"><span class=\"gt-hebergements-option-name gt-fse-widgets-ctv-open-product\">2<\/span><\/span><\/div>\n\n\n<p class=\"gt-fse-widgets-ctv-open-product\">Hab.<\/p>\n<\/div>\n<\/div>\n\n\n\n<div class=\"wp-block-group hebergement-info is-horizontal is-content-justification-center is-nowrap is-layout-flex wp-container-core-group-is-layout-8d39ddb4 wp-block-group-is-layout-flex gt-fse-widgets-ctv-open-product\">\n<figure class=\"wp-block-image size-medium is-resized gt-fse-widgets-ctv-open-product\"><img decoding=\"async\" src=\"https:\/\/fermedes4chenes.fr\/wp-content\/uploads\/2024\/12\/surface.svg\" alt=\"superficie\" class=\"wp-image-1994 gt-fse-widgets-ctv-open-product\" style=\"width:25px\"\/><\/figure>\n\n\n\n<div class=\"wp-block-group is-nowrap is-layout-flex wp-container-core-group-is-layout-4b0a85f0 wp-block-group-is-layout-flex gt-fse-widgets-ctv-open-product\"><div class=\"taxonomy-gt-hebergements-superficie wp-block-post-terms gt-fse-widgets-ctv-open-product\"><span class=\"gt-fse-widgets-ctv-open-product\"><span class=\"gt-hebergements-option-name gt-fse-widgets-ctv-open-product\">32<\/span><\/span><\/div>\n\n\n<p class=\"gt-fse-widgets-ctv-open-product\"><sup class=\"gt-fse-widgets-ctv-open-product\">m2<\/sup><\/p>\n<\/div>\n<\/div>\n\n\n\n<div class=\"wp-block-group hebergement-info is-horizontal is-content-justification-center is-nowrap is-layout-flex wp-container-core-group-is-layout-8d39ddb4 wp-block-group-is-layout-flex gt-fse-widgets-ctv-open-product\">\n<figure class=\"wp-block-image size-medium is-resized gt-fse-widgets-ctv-open-product\"><img decoding=\"async\" width=\"512\" height=\"512\" src=\"https:\/\/www.camping-des-familles.com\/wp-content\/uploads\/2025\/12\/douche.svg\" alt=\"ducha\" class=\"wp-image-4660 gt-fse-widgets-ctv-open-product\" style=\"width:25px\"\/><\/figure>\n\n\n\n<div class=\"wp-block-group is-nowrap is-layout-flex wp-container-core-group-is-layout-4b0a85f0 wp-block-group-is-layout-flex gt-fse-widgets-ctv-open-product\"><div class=\"taxonomy-gt-hebergements-nombre-sdb wp-block-post-terms gt-fse-widgets-ctv-open-product\"><span class=\"gt-fse-widgets-ctv-open-product\"><span class=\"gt-hebergements-option-name gt-fse-widgets-ctv-open-product\">1<\/span><\/span><\/div>\n\n\n<p class=\"gt-fse-widgets-ctv-open-product\">ba\u00f1o<\/p>\n<\/div>\n<\/div>\n<\/div>\n<\/div>\n\n<\/li><li data-gt-Thelis-product-id=\"\" data-gt-bathrooms=\"27\" data-gt-campings=\"\" data-gt-capacities=\"25\" data-gt-ctv-product-id=\"111609\" data-gt-gammes=\"\" data-gt-options=\"\" data-gt-rooms=\"26\" data-gt-superficies=\"30\" data-gt-types=\"24\" data-wp-key=\"post-template-item-2702\" class=\"wp-block-post post-2702 hebergement type-hebergement status-publish has-post-thumbnail hentry gt-hebergements-types-locatifs gt-hebergements-nombre-personnes-25 gt-hebergements-nombre-chambres-26 gt-hebergements-nombre-sdb-27 gt-hebergements-superficie-30 gt-fse-widgets-ctv-open-product\">\n<figure style=\"aspect-ratio:4\/3;\" class=\"hebergement-featured-image wp-block-post-featured-image gt-fse-widgets-ctv-open-product\"><img decoding=\"async\" width=\"2000\" height=\"1656\" src=\"https:\/\/www.camping-des-familles.com\/wp-content\/uploads\/2025\/10\/ecolodge-camping-medoc.jpg\" class=\"attachment-full size-full wp-post-image gt-fse-widgets-ctv-open-product\" alt=\"ecolodge camping m\u00e9doc\" style=\"border-radius:0px;width:100%;height:100%;object-fit:cover;\" srcset=\"https:\/\/www.camping-des-familles.com\/wp-content\/uploads\/2025\/10\/ecolodge-camping-medoc.jpg 2000w, https:\/\/www.camping-des-familles.com\/wp-content\/uploads\/2025\/10\/ecolodge-camping-medoc-300x248.jpg 300w, https:\/\/www.camping-des-familles.com\/wp-content\/uploads\/2025\/10\/ecolodge-camping-medoc-1024x848.jpg 1024w, https:\/\/www.camping-des-familles.com\/wp-content\/uploads\/2025\/10\/ecolodge-camping-medoc-768x636.jpg 768w, https:\/\/www.camping-des-familles.com\/wp-content\/uploads\/2025\/10\/ecolodge-camping-medoc-1536x1272.jpg 1536w\" sizes=\"(max-width: 2000px) 100vw, 2000px\" \/><\/figure>\n\n\n<div class=\"wp-block-group gt-hebergement-content is-content-justification-center is-nowrap is-layout-flex wp-container-core-group-is-layout-dad6e7c6 wp-block-group-is-layout-flex gt-fse-widgets-ctv-open-product\" style=\"padding-top:var(--wp--preset--spacing--10);padding-right:var(--wp--preset--spacing--10);padding-bottom:var(--wp--preset--spacing--10);padding-left:var(--wp--preset--spacing--10)\">\n<div class=\"wp-block-group has-global-padding is-layout-constrained wp-block-group-is-layout-constrained gt-fse-widgets-ctv-open-product\">\n<p class=\"has-text-align-left hebergement-title has-custom-color-1-color has-text-color has-link-color has-pp-woodland-font-family wp-elements-ad327c4a8e76e78cdeb84c30899babdd gt-fse-widgets-ctv-open-product\" style=\"font-size:clamp(1.119rem, 1.119rem + ((1vw - 0.2rem) * 0.821), 1.75rem);\">Ecolodge<\/p>\n<\/div>\n<\/div>\n\n\n\n<div class=\"wp-block-group gt-hebergement-foot is-layout-flow wp-container-core-group-is-layout-a77db08e wp-block-group-is-layout-flow gt-fse-widgets-ctv-open-product\">\n\n\n<div class=\"wp-block-group is-content-justification-center is-layout-flex wp-container-core-group-is-layout-266b37b4 wp-block-group-is-layout-flex gt-fse-widgets-ctv-open-product\" style=\"margin-top:0;margin-bottom:var(--wp--preset--spacing--20)\">\n<div class=\"wp-block-group hebergement-info is-horizontal is-content-justification-center is-nowrap is-layout-flex wp-container-core-group-is-layout-8d39ddb4 wp-block-group-is-layout-flex gt-fse-widgets-ctv-open-product\">\n<figure class=\"wp-block-image size-medium is-resized wp-duotone-unset-11 gt-fse-widgets-ctv-open-product\"><img decoding=\"async\" src=\"https:\/\/fermedes4chenes.fr\/wp-content\/uploads\/2024\/12\/utilisateur.svg\" alt=\"usuario\" class=\"wp-image-2009 gt-fse-widgets-ctv-open-product\" style=\"width:25px\"\/><\/figure>\n\n\n\n<div class=\"wp-block-group is-nowrap is-layout-flex wp-container-core-group-is-layout-4b0a85f0 wp-block-group-is-layout-flex gt-fse-widgets-ctv-open-product\"><div class=\"taxonomy-gt-hebergements-nombre-personnes wp-block-post-terms gt-fse-widgets-ctv-open-product\"><span class=\"gt-fse-widgets-ctv-open-product\"><span class=\"gt-hebergements-option-name gt-fse-widgets-ctv-open-product\">4<\/span><\/span><\/div>\n\n\n<p class=\"gt-fse-widgets-ctv-open-product\">Pers.<\/p>\n<\/div>\n<\/div>\n\n\n\n<div class=\"wp-block-group hebergement-info is-horizontal is-content-justification-center is-nowrap is-layout-flex wp-container-core-group-is-layout-8d39ddb4 wp-block-group-is-layout-flex gt-fse-widgets-ctv-open-product\">\n<figure class=\"wp-block-image size-full is-resized wp-duotone-unset-12 gt-fse-widgets-ctv-open-product\"><img decoding=\"async\" src=\"https:\/\/fermedes4chenes.fr\/wp-content\/uploads\/2024\/12\/lit.svg\" alt=\"cama\" class=\"wp-image-1999 gt-fse-widgets-ctv-open-product\" style=\"width:25px\"\/><\/figure>\n\n\n\n<div class=\"wp-block-group is-nowrap is-layout-flex wp-container-core-group-is-layout-4b0a85f0 wp-block-group-is-layout-flex gt-fse-widgets-ctv-open-product\"><div class=\"taxonomy-gt-hebergements-nombre-chambres wp-block-post-terms gt-fse-widgets-ctv-open-product\"><span class=\"gt-fse-widgets-ctv-open-product\"><span class=\"gt-hebergements-option-name gt-fse-widgets-ctv-open-product\">2<\/span><\/span><\/div>\n\n\n<p class=\"gt-fse-widgets-ctv-open-product\">Hab.<\/p>\n<\/div>\n<\/div>\n\n\n\n<div class=\"wp-block-group hebergement-info is-horizontal is-content-justification-center is-nowrap is-layout-flex wp-container-core-group-is-layout-8d39ddb4 wp-block-group-is-layout-flex gt-fse-widgets-ctv-open-product\">\n<figure class=\"wp-block-image size-medium is-resized gt-fse-widgets-ctv-open-product\"><img decoding=\"async\" src=\"https:\/\/fermedes4chenes.fr\/wp-content\/uploads\/2024\/12\/surface.svg\" alt=\"superficie\" class=\"wp-image-1994 gt-fse-widgets-ctv-open-product\" style=\"width:25px\"\/><\/figure>\n\n\n\n<div class=\"wp-block-group is-nowrap is-layout-flex wp-container-core-group-is-layout-4b0a85f0 wp-block-group-is-layout-flex gt-fse-widgets-ctv-open-product\"><div class=\"taxonomy-gt-hebergements-superficie wp-block-post-terms gt-fse-widgets-ctv-open-product\"><span class=\"gt-fse-widgets-ctv-open-product\"><span class=\"gt-hebergements-option-name gt-fse-widgets-ctv-open-product\">32<\/span><\/span><\/div>\n\n\n<p class=\"gt-fse-widgets-ctv-open-product\"><sup class=\"gt-fse-widgets-ctv-open-product\">m2<\/sup><\/p>\n<\/div>\n<\/div>\n\n\n\n<div class=\"wp-block-group hebergement-info is-horizontal is-content-justification-center is-nowrap is-layout-flex wp-container-core-group-is-layout-8d39ddb4 wp-block-group-is-layout-flex gt-fse-widgets-ctv-open-product\">\n<figure class=\"wp-block-image size-medium is-resized gt-fse-widgets-ctv-open-product\"><img decoding=\"async\" width=\"512\" height=\"512\" src=\"https:\/\/www.camping-des-familles.com\/wp-content\/uploads\/2025\/12\/douche.svg\" alt=\"ducha\" class=\"wp-image-4660 gt-fse-widgets-ctv-open-product\" style=\"width:25px\"\/><\/figure>\n\n\n\n<div class=\"wp-block-group is-nowrap is-layout-flex wp-container-core-group-is-layout-4b0a85f0 wp-block-group-is-layout-flex gt-fse-widgets-ctv-open-product\"><div class=\"taxonomy-gt-hebergements-nombre-sdb wp-block-post-terms gt-fse-widgets-ctv-open-product\"><span class=\"gt-fse-widgets-ctv-open-product\"><span class=\"gt-hebergements-option-name gt-fse-widgets-ctv-open-product\">1<\/span><\/span><\/div>\n\n\n<p class=\"gt-fse-widgets-ctv-open-product\">ba\u00f1o<\/p>\n<\/div>\n<\/div>\n<\/div>\n<\/div>\n\n<\/li><li data-gt-Thelis-product-id=\"\" data-gt-bathrooms=\"27\" data-gt-campings=\"\" data-gt-capacities=\"33\" data-gt-ctv-product-id=\"72814\" data-gt-gammes=\"\" data-gt-options=\"\" data-gt-rooms=\"34\" data-gt-superficies=\"35\" data-gt-types=\"24\" data-wp-key=\"post-template-item-2704\" class=\"wp-block-post post-2704 hebergement type-hebergement status-publish has-post-thumbnail hentry gt-hebergements-types-locatifs gt-hebergements-nombre-personnes-33 gt-hebergements-nombre-chambres-34 gt-hebergements-nombre-sdb-27 gt-hebergements-superficie-35 gt-fse-widgets-ctv-open-product\">\n<figure style=\"aspect-ratio:4\/3;\" class=\"hebergement-featured-image wp-block-post-featured-image gt-fse-widgets-ctv-open-product\"><img decoding=\"async\" width=\"1348\" height=\"918\" src=\"https:\/\/www.camping-des-familles.com\/wp-content\/uploads\/2025\/10\/MH-WELCOME-1.jpg\" class=\"attachment-full size-full wp-post-image gt-fse-widgets-ctv-open-product\" alt=\"MH BIENVENIDO\" style=\"border-radius:0px;width:100%;height:100%;object-fit:cover;\" srcset=\"https:\/\/www.camping-des-familles.com\/wp-content\/uploads\/2025\/10\/MH-WELCOME-1.jpg 1348w, https:\/\/www.camping-des-familles.com\/wp-content\/uploads\/2025\/10\/MH-WELCOME-1-300x204.jpg 300w, https:\/\/www.camping-des-familles.com\/wp-content\/uploads\/2025\/10\/MH-WELCOME-1-1024x697.jpg 1024w, https:\/\/www.camping-des-familles.com\/wp-content\/uploads\/2025\/10\/MH-WELCOME-1-768x523.jpg 768w\" sizes=\"(max-width: 1348px) 100vw, 1348px\" \/><\/figure>\n\n\n<div class=\"wp-block-group gt-hebergement-content is-content-justification-center is-nowrap is-layout-flex wp-container-core-group-is-layout-dad6e7c6 wp-block-group-is-layout-flex gt-fse-widgets-ctv-open-product\" style=\"padding-top:var(--wp--preset--spacing--10);padding-right:var(--wp--preset--spacing--10);padding-bottom:var(--wp--preset--spacing--10);padding-left:var(--wp--preset--spacing--10)\">\n<div class=\"wp-block-group has-global-padding is-layout-constrained wp-block-group-is-layout-constrained gt-fse-widgets-ctv-open-product\">\n<p class=\"has-text-align-left hebergement-title has-custom-color-1-color has-text-color has-link-color has-pp-woodland-font-family wp-elements-ad327c4a8e76e78cdeb84c30899babdd gt-fse-widgets-ctv-open-product\" style=\"font-size:clamp(1.119rem, 1.119rem + ((1vw - 0.2rem) * 0.821), 1.75rem);\">Caba\u00f1a des Pins<\/p>\n<\/div>\n<\/div>\n\n\n\n<div class=\"wp-block-group gt-hebergement-foot is-layout-flow wp-container-core-group-is-layout-a77db08e wp-block-group-is-layout-flow gt-fse-widgets-ctv-open-product\">\n\n\n<div class=\"wp-block-group is-content-justification-center is-layout-flex wp-container-core-group-is-layout-266b37b4 wp-block-group-is-layout-flex gt-fse-widgets-ctv-open-product\" style=\"margin-top:0;margin-bottom:var(--wp--preset--spacing--20)\">\n<div class=\"wp-block-group hebergement-info is-horizontal is-content-justification-center is-nowrap is-layout-flex wp-container-core-group-is-layout-8d39ddb4 wp-block-group-is-layout-flex gt-fse-widgets-ctv-open-product\">\n<figure class=\"wp-block-image size-medium is-resized wp-duotone-unset-13 gt-fse-widgets-ctv-open-product\"><img decoding=\"async\" src=\"https:\/\/fermedes4chenes.fr\/wp-content\/uploads\/2024\/12\/utilisateur.svg\" alt=\"usuario\" class=\"wp-image-2009 gt-fse-widgets-ctv-open-product\" style=\"width:25px\"\/><\/figure>\n\n\n\n<div class=\"wp-block-group is-nowrap is-layout-flex wp-container-core-group-is-layout-4b0a85f0 wp-block-group-is-layout-flex gt-fse-widgets-ctv-open-product\"><div class=\"taxonomy-gt-hebergements-nombre-personnes wp-block-post-terms gt-fse-widgets-ctv-open-product\"><span class=\"gt-fse-widgets-ctv-open-product\"><span class=\"gt-hebergements-option-name gt-fse-widgets-ctv-open-product\">6<\/span><\/span><\/div>\n\n\n<p class=\"gt-fse-widgets-ctv-open-product\">Pers.<\/p>\n<\/div>\n<\/div>\n\n\n\n<div class=\"wp-block-group hebergement-info is-horizontal is-content-justification-center is-nowrap is-layout-flex wp-container-core-group-is-layout-8d39ddb4 wp-block-group-is-layout-flex gt-fse-widgets-ctv-open-product\">\n<figure class=\"wp-block-image size-full is-resized wp-duotone-unset-14 gt-fse-widgets-ctv-open-product\"><img decoding=\"async\" src=\"https:\/\/fermedes4chenes.fr\/wp-content\/uploads\/2024\/12\/lit.svg\" alt=\"cama\" class=\"wp-image-1999 gt-fse-widgets-ctv-open-product\" style=\"width:25px\"\/><\/figure>\n\n\n\n<div class=\"wp-block-group is-nowrap is-layout-flex wp-container-core-group-is-layout-4b0a85f0 wp-block-group-is-layout-flex gt-fse-widgets-ctv-open-product\"><div class=\"taxonomy-gt-hebergements-nombre-chambres wp-block-post-terms gt-fse-widgets-ctv-open-product\"><span class=\"gt-fse-widgets-ctv-open-product\"><span class=\"gt-hebergements-option-name gt-fse-widgets-ctv-open-product\">3<\/span><\/span><\/div>\n\n\n<p class=\"gt-fse-widgets-ctv-open-product\">Hab.<\/p>\n<\/div>\n<\/div>\n\n\n\n<div class=\"wp-block-group hebergement-info is-horizontal is-content-justification-center is-nowrap is-layout-flex wp-container-core-group-is-layout-8d39ddb4 wp-block-group-is-layout-flex gt-fse-widgets-ctv-open-product\">\n<figure class=\"wp-block-image size-medium is-resized gt-fse-widgets-ctv-open-product\"><img decoding=\"async\" src=\"https:\/\/fermedes4chenes.fr\/wp-content\/uploads\/2024\/12\/surface.svg\" alt=\"superficie\" class=\"wp-image-1994 gt-fse-widgets-ctv-open-product\" style=\"width:25px\"\/><\/figure>\n\n\n\n<div class=\"wp-block-group is-nowrap is-layout-flex wp-container-core-group-is-layout-4b0a85f0 wp-block-group-is-layout-flex gt-fse-widgets-ctv-open-product\"><div class=\"taxonomy-gt-hebergements-superficie wp-block-post-terms gt-fse-widgets-ctv-open-product\"><span class=\"gt-fse-widgets-ctv-open-product\"><span class=\"gt-hebergements-option-name gt-fse-widgets-ctv-open-product\">31<\/span><\/span><\/div>\n\n\n<p class=\"gt-fse-widgets-ctv-open-product\"><sup class=\"gt-fse-widgets-ctv-open-product\">m2<\/sup><\/p>\n<\/div>\n<\/div>\n\n\n\n<div class=\"wp-block-group hebergement-info is-horizontal is-content-justification-center is-nowrap is-layout-flex wp-container-core-group-is-layout-8d39ddb4 wp-block-group-is-layout-flex gt-fse-widgets-ctv-open-product\">\n<figure class=\"wp-block-image size-medium is-resized gt-fse-widgets-ctv-open-product\"><img decoding=\"async\" width=\"512\" height=\"512\" src=\"https:\/\/www.camping-des-familles.com\/wp-content\/uploads\/2025\/12\/douche.svg\" alt=\"ducha\" class=\"wp-image-4660 gt-fse-widgets-ctv-open-product\" style=\"width:25px\"\/><\/figure>\n\n\n\n<div class=\"wp-block-group is-nowrap is-layout-flex wp-container-core-group-is-layout-4b0a85f0 wp-block-group-is-layout-flex gt-fse-widgets-ctv-open-product\"><div class=\"taxonomy-gt-hebergements-nombre-sdb wp-block-post-terms gt-fse-widgets-ctv-open-product\"><span class=\"gt-fse-widgets-ctv-open-product\"><span class=\"gt-hebergements-option-name gt-fse-widgets-ctv-open-product\">1<\/span><\/span><\/div>\n\n\n<p class=\"gt-fse-widgets-ctv-open-product\">ba\u00f1o<\/p>\n<\/div>\n<\/div>\n<\/div>\n<\/div>\n\n<\/li><li data-gt-Thelis-product-id=\"\" data-gt-bathrooms=\"27\" data-gt-campings=\"\" data-gt-capacities=\"33\" data-gt-ctv-product-id=\"111605\" data-gt-gammes=\"\" data-gt-options=\"\" data-gt-rooms=\"34\" data-gt-superficies=\"35\" data-gt-types=\"24\" data-wp-key=\"post-template-item-2697\" class=\"wp-block-post post-2697 hebergement type-hebergement status-publish has-post-thumbnail hentry gt-hebergements-types-locatifs gt-hebergements-nombre-personnes-33 gt-hebergements-nombre-chambres-34 gt-hebergements-nombre-sdb-27 gt-hebergements-superficie-35 gt-fse-widgets-ctv-open-product\">\n<figure style=\"aspect-ratio:4\/3;\" class=\"hebergement-featured-image wp-block-post-featured-image gt-fse-widgets-ctv-open-product\"><img decoding=\"async\" width=\"1348\" height=\"918\" src=\"https:\/\/www.camping-des-familles.com\/wp-content\/uploads\/2025\/10\/MH-WELCOME-e1759750456608.jpg\" class=\"attachment-full size-full wp-post-image gt-fse-widgets-ctv-open-product\" alt=\"MH BIENVENIDO\" style=\"border-radius:0px;width:100%;height:100%;object-fit:cover;\" \/><\/figure>\n\n\n<div class=\"wp-block-group gt-hebergement-content is-content-justification-center is-nowrap is-layout-flex wp-container-core-group-is-layout-dad6e7c6 wp-block-group-is-layout-flex gt-fse-widgets-ctv-open-product\" style=\"padding-top:var(--wp--preset--spacing--10);padding-right:var(--wp--preset--spacing--10);padding-bottom:var(--wp--preset--spacing--10);padding-left:var(--wp--preset--spacing--10)\">\n<div class=\"wp-block-group has-global-padding is-layout-constrained wp-block-group-is-layout-constrained gt-fse-widgets-ctv-open-product\">\n<p class=\"has-text-align-left hebergement-title has-custom-color-1-color has-text-color has-link-color has-pp-woodland-font-family wp-elements-ad327c4a8e76e78cdeb84c30899babdd gt-fse-widgets-ctv-open-product\" style=\"font-size:clamp(1.119rem, 1.119rem + ((1vw - 0.2rem) * 0.821), 1.75rem);\">Caba\u00f1a des Pins<\/p>\n<\/div>\n<\/div>\n\n\n\n<div class=\"wp-block-group gt-hebergement-foot is-layout-flow wp-container-core-group-is-layout-a77db08e wp-block-group-is-layout-flow gt-fse-widgets-ctv-open-product\">\n\n\n<div class=\"wp-block-group is-content-justification-center is-layout-flex wp-container-core-group-is-layout-266b37b4 wp-block-group-is-layout-flex gt-fse-widgets-ctv-open-product\" style=\"margin-top:0;margin-bottom:var(--wp--preset--spacing--20)\">\n<div class=\"wp-block-group hebergement-info is-horizontal is-content-justification-center is-nowrap is-layout-flex wp-container-core-group-is-layout-8d39ddb4 wp-block-group-is-layout-flex gt-fse-widgets-ctv-open-product\">\n<figure class=\"wp-block-image size-medium is-resized wp-duotone-unset-15 gt-fse-widgets-ctv-open-product\"><img decoding=\"async\" src=\"https:\/\/fermedes4chenes.fr\/wp-content\/uploads\/2024\/12\/utilisateur.svg\" alt=\"usuario\" class=\"wp-image-2009 gt-fse-widgets-ctv-open-product\" style=\"width:25px\"\/><\/figure>\n\n\n\n<div class=\"wp-block-group is-nowrap is-layout-flex wp-container-core-group-is-layout-4b0a85f0 wp-block-group-is-layout-flex gt-fse-widgets-ctv-open-product\"><div class=\"taxonomy-gt-hebergements-nombre-personnes wp-block-post-terms gt-fse-widgets-ctv-open-product\"><span class=\"gt-fse-widgets-ctv-open-product\"><span class=\"gt-hebergements-option-name gt-fse-widgets-ctv-open-product\">6<\/span><\/span><\/div>\n\n\n<p class=\"gt-fse-widgets-ctv-open-product\">Pers.<\/p>\n<\/div>\n<\/div>\n\n\n\n<div class=\"wp-block-group hebergement-info is-horizontal is-content-justification-center is-nowrap is-layout-flex wp-container-core-group-is-layout-8d39ddb4 wp-block-group-is-layout-flex gt-fse-widgets-ctv-open-product\">\n<figure class=\"wp-block-image size-full is-resized wp-duotone-unset-16 gt-fse-widgets-ctv-open-product\"><img decoding=\"async\" src=\"https:\/\/fermedes4chenes.fr\/wp-content\/uploads\/2024\/12\/lit.svg\" alt=\"cama\" class=\"wp-image-1999 gt-fse-widgets-ctv-open-product\" style=\"width:25px\"\/><\/figure>\n\n\n\n<div class=\"wp-block-group is-nowrap is-layout-flex wp-container-core-group-is-layout-4b0a85f0 wp-block-group-is-layout-flex gt-fse-widgets-ctv-open-product\"><div class=\"taxonomy-gt-hebergements-nombre-chambres wp-block-post-terms gt-fse-widgets-ctv-open-product\"><span class=\"gt-fse-widgets-ctv-open-product\"><span class=\"gt-hebergements-option-name gt-fse-widgets-ctv-open-product\">3<\/span><\/span><\/div>\n\n\n<p class=\"gt-fse-widgets-ctv-open-product\">Hab.<\/p>\n<\/div>\n<\/div>\n\n\n\n<div class=\"wp-block-group hebergement-info is-horizontal is-content-justification-center is-nowrap is-layout-flex wp-container-core-group-is-layout-8d39ddb4 wp-block-group-is-layout-flex gt-fse-widgets-ctv-open-product\">\n<figure class=\"wp-block-image size-medium is-resized gt-fse-widgets-ctv-open-product\"><img decoding=\"async\" src=\"https:\/\/fermedes4chenes.fr\/wp-content\/uploads\/2024\/12\/surface.svg\" alt=\"superficie\" class=\"wp-image-1994 gt-fse-widgets-ctv-open-product\" style=\"width:25px\"\/><\/figure>\n\n\n\n<div class=\"wp-block-group is-nowrap is-layout-flex wp-container-core-group-is-layout-4b0a85f0 wp-block-group-is-layout-flex gt-fse-widgets-ctv-open-product\"><div class=\"taxonomy-gt-hebergements-superficie wp-block-post-terms gt-fse-widgets-ctv-open-product\"><span class=\"gt-fse-widgets-ctv-open-product\"><span class=\"gt-hebergements-option-name gt-fse-widgets-ctv-open-product\">31<\/span><\/span><\/div>\n\n\n<p class=\"gt-fse-widgets-ctv-open-product\"><sup class=\"gt-fse-widgets-ctv-open-product\">m2<\/sup><\/p>\n<\/div>\n<\/div>\n\n\n\n<div class=\"wp-block-group hebergement-info is-horizontal is-content-justification-center is-nowrap is-layout-flex wp-container-core-group-is-layout-8d39ddb4 wp-block-group-is-layout-flex gt-fse-widgets-ctv-open-product\">\n<figure class=\"wp-block-image size-medium is-resized gt-fse-widgets-ctv-open-product\"><img decoding=\"async\" width=\"512\" height=\"512\" src=\"https:\/\/www.camping-des-familles.com\/wp-content\/uploads\/2025\/12\/douche.svg\" alt=\"ducha\" class=\"wp-image-4660 gt-fse-widgets-ctv-open-product\" style=\"width:25px\"\/><\/figure>\n\n\n\n<div class=\"wp-block-group is-nowrap is-layout-flex wp-container-core-group-is-layout-4b0a85f0 wp-block-group-is-layout-flex gt-fse-widgets-ctv-open-product\"><div class=\"taxonomy-gt-hebergements-nombre-sdb wp-block-post-terms gt-fse-widgets-ctv-open-product\"><span class=\"gt-fse-widgets-ctv-open-product\"><span class=\"gt-hebergements-option-name gt-fse-widgets-ctv-open-product\">1<\/span><\/span><\/div>\n\n\n<p class=\"gt-fse-widgets-ctv-open-product\">ba\u00f1o<\/p>\n<\/div>\n<\/div>\n<\/div>\n<\/div>\n\n<\/li><li data-gt-Thelis-product-id=\"\" data-gt-bathrooms=\"27\" data-gt-campings=\"\" data-gt-capacities=\"25\" data-gt-ctv-product-id=\"118933\" data-gt-gammes=\"\" data-gt-options=\"\" data-gt-rooms=\"26\" data-gt-superficies=\"28\" data-gt-types=\"24\" data-wp-key=\"post-template-item-2696\" class=\"wp-block-post post-2696 hebergement type-hebergement status-publish has-post-thumbnail hentry gt-hebergements-types-locatifs gt-hebergements-nombre-personnes-25 gt-hebergements-nombre-chambres-26 gt-hebergements-nombre-sdb-27 gt-hebergements-superficie-28 gt-fse-widgets-ctv-open-product\">\n<figure style=\"aspect-ratio:4\/3;\" class=\"hebergement-featured-image wp-block-post-featured-image gt-fse-widgets-ctv-open-product\"><img decoding=\"async\" width=\"2500\" height=\"1877\" src=\"https:\/\/www.camping-des-familles.com\/wp-content\/uploads\/2025\/09\/MH-CABANE.jpg\" class=\"attachment-full size-full wp-post-image gt-fse-widgets-ctv-open-product\" alt=\"MH CABANE\" style=\"border-radius:0px;width:100%;height:100%;object-fit:cover;\" srcset=\"https:\/\/www.camping-des-familles.com\/wp-content\/uploads\/2025\/09\/MH-CABANE.jpg 2500w, https:\/\/www.camping-des-familles.com\/wp-content\/uploads\/2025\/09\/MH-CABANE-300x225.jpg 300w, https:\/\/www.camping-des-familles.com\/wp-content\/uploads\/2025\/09\/MH-CABANE-1024x769.jpg 1024w, https:\/\/www.camping-des-familles.com\/wp-content\/uploads\/2025\/09\/MH-CABANE-768x577.jpg 768w, https:\/\/www.camping-des-familles.com\/wp-content\/uploads\/2025\/09\/MH-CABANE-1536x1153.jpg 1536w, https:\/\/www.camping-des-familles.com\/wp-content\/uploads\/2025\/09\/MH-CABANE-2048x1538.jpg 2048w\" sizes=\"(max-width: 2500px) 100vw, 2500px\" \/><\/figure>\n\n\n<div class=\"wp-block-group gt-hebergement-content is-content-justification-center is-nowrap is-layout-flex wp-container-core-group-is-layout-dad6e7c6 wp-block-group-is-layout-flex gt-fse-widgets-ctv-open-product\" style=\"padding-top:var(--wp--preset--spacing--10);padding-right:var(--wp--preset--spacing--10);padding-bottom:var(--wp--preset--spacing--10);padding-left:var(--wp--preset--spacing--10)\">\n<div class=\"wp-block-group has-global-padding is-layout-constrained wp-block-group-is-layout-constrained gt-fse-widgets-ctv-open-product\">\n<p class=\"has-text-align-left hebergement-title has-custom-color-1-color has-text-color has-link-color has-pp-woodland-font-family wp-elements-ad327c4a8e76e78cdeb84c30899babdd gt-fse-widgets-ctv-open-product\" style=\"font-size:clamp(1.119rem, 1.119rem + ((1vw - 0.2rem) * 0.821), 1.75rem);\">Albergue SURFEUR<\/p>\n<\/div>\n<\/div>\n\n\n\n<div class=\"wp-block-group gt-hebergement-foot is-layout-flow wp-container-core-group-is-layout-a77db08e wp-block-group-is-layout-flow gt-fse-widgets-ctv-open-product\">\n\n\n<div class=\"wp-block-group is-content-justification-center is-layout-flex wp-container-core-group-is-layout-266b37b4 wp-block-group-is-layout-flex gt-fse-widgets-ctv-open-product\" style=\"margin-top:0;margin-bottom:var(--wp--preset--spacing--20)\">\n<div class=\"wp-block-group hebergement-info is-horizontal is-content-justification-center is-nowrap is-layout-flex wp-container-core-group-is-layout-8d39ddb4 wp-block-group-is-layout-flex gt-fse-widgets-ctv-open-product\">\n<figure class=\"wp-block-image size-medium is-resized wp-duotone-unset-17 gt-fse-widgets-ctv-open-product\"><img decoding=\"async\" src=\"https:\/\/fermedes4chenes.fr\/wp-content\/uploads\/2024\/12\/utilisateur.svg\" alt=\"usuario\" class=\"wp-image-2009 gt-fse-widgets-ctv-open-product\" style=\"width:25px\"\/><\/figure>\n\n\n\n<div class=\"wp-block-group is-nowrap is-layout-flex wp-container-core-group-is-layout-4b0a85f0 wp-block-group-is-layout-flex gt-fse-widgets-ctv-open-product\"><div class=\"taxonomy-gt-hebergements-nombre-personnes wp-block-post-terms gt-fse-widgets-ctv-open-product\"><span class=\"gt-fse-widgets-ctv-open-product\"><span class=\"gt-hebergements-option-name gt-fse-widgets-ctv-open-product\">4<\/span><\/span><\/div>\n\n\n<p class=\"gt-fse-widgets-ctv-open-product\">Pers.<\/p>\n<\/div>\n<\/div>\n\n\n\n<div class=\"wp-block-group hebergement-info is-horizontal is-content-justification-center is-nowrap is-layout-flex wp-container-core-group-is-layout-8d39ddb4 wp-block-group-is-layout-flex gt-fse-widgets-ctv-open-product\">\n<figure class=\"wp-block-image size-full is-resized wp-duotone-unset-18 gt-fse-widgets-ctv-open-product\"><img decoding=\"async\" src=\"https:\/\/fermedes4chenes.fr\/wp-content\/uploads\/2024\/12\/lit.svg\" alt=\"cama\" class=\"wp-image-1999 gt-fse-widgets-ctv-open-product\" style=\"width:25px\"\/><\/figure>\n\n\n\n<div class=\"wp-block-group is-nowrap is-layout-flex wp-container-core-group-is-layout-4b0a85f0 wp-block-group-is-layout-flex gt-fse-widgets-ctv-open-product\"><div class=\"taxonomy-gt-hebergements-nombre-chambres wp-block-post-terms gt-fse-widgets-ctv-open-product\"><span class=\"gt-fse-widgets-ctv-open-product\"><span class=\"gt-hebergements-option-name gt-fse-widgets-ctv-open-product\">2<\/span><\/span><\/div>\n\n\n<p class=\"gt-fse-widgets-ctv-open-product\">Hab.<\/p>\n<\/div>\n<\/div>\n\n\n\n<div class=\"wp-block-group hebergement-info is-horizontal is-content-justification-center is-nowrap is-layout-flex wp-container-core-group-is-layout-8d39ddb4 wp-block-group-is-layout-flex gt-fse-widgets-ctv-open-product\">\n<figure class=\"wp-block-image size-medium is-resized gt-fse-widgets-ctv-open-product\"><img decoding=\"async\" src=\"https:\/\/fermedes4chenes.fr\/wp-content\/uploads\/2024\/12\/surface.svg\" alt=\"superficie\" class=\"wp-image-1994 gt-fse-widgets-ctv-open-product\" style=\"width:25px\"\/><\/figure>\n\n\n\n<div class=\"wp-block-group is-nowrap is-layout-flex wp-container-core-group-is-layout-4b0a85f0 wp-block-group-is-layout-flex gt-fse-widgets-ctv-open-product\"><div class=\"taxonomy-gt-hebergements-superficie wp-block-post-terms gt-fse-widgets-ctv-open-product\"><span class=\"gt-fse-widgets-ctv-open-product\"><span class=\"gt-hebergements-option-name gt-fse-widgets-ctv-open-product\">24<\/span><\/span><\/div>\n\n\n<p class=\"gt-fse-widgets-ctv-open-product\"><sup class=\"gt-fse-widgets-ctv-open-product\">m2<\/sup><\/p>\n<\/div>\n<\/div>\n\n\n\n<div class=\"wp-block-group hebergement-info is-horizontal is-content-justification-center is-nowrap is-layout-flex wp-container-core-group-is-layout-8d39ddb4 wp-block-group-is-layout-flex gt-fse-widgets-ctv-open-product\">\n<figure class=\"wp-block-image size-medium is-resized gt-fse-widgets-ctv-open-product\"><img decoding=\"async\" width=\"512\" height=\"512\" src=\"https:\/\/www.camping-des-familles.com\/wp-content\/uploads\/2025\/12\/douche.svg\" alt=\"ducha\" class=\"wp-image-4660 gt-fse-widgets-ctv-open-product\" style=\"width:25px\"\/><\/figure>\n\n\n\n<div class=\"wp-block-group is-nowrap is-layout-flex wp-container-core-group-is-layout-4b0a85f0 wp-block-group-is-layout-flex gt-fse-widgets-ctv-open-product\"><div class=\"taxonomy-gt-hebergements-nombre-sdb wp-block-post-terms gt-fse-widgets-ctv-open-product\"><span class=\"gt-fse-widgets-ctv-open-product\"><span class=\"gt-hebergements-option-name gt-fse-widgets-ctv-open-product\">1<\/span><\/span><\/div>\n\n\n<p class=\"gt-fse-widgets-ctv-open-product\">ba\u00f1o<\/p>\n<\/div>\n<\/div>\n<\/div>\n<\/div>\n\n<\/li><li data-gt-Thelis-product-id=\"\" data-gt-bathrooms=\"27\" data-gt-campings=\"\" data-gt-capacities=\"25\" data-gt-ctv-product-id=\"149556\" data-gt-gammes=\"\" data-gt-options=\"47\" data-gt-rooms=\"26\" data-gt-superficies=\"28\" data-gt-types=\"24\" data-wp-key=\"post-template-item-4867\" class=\"wp-block-post post-4867 hebergement type-hebergement status-publish has-post-thumbnail hentry gt-hebergements-options-clim gt-hebergements-types-locatifs gt-hebergements-nombre-personnes-25 gt-hebergements-nombre-chambres-26 gt-hebergements-nombre-sdb-27 gt-hebergements-superficie-28 gt-fse-widgets-ctv-open-product\">\n<figure style=\"aspect-ratio:4\/3;\" class=\"hebergement-featured-image wp-block-post-featured-image gt-fse-widgets-ctv-open-product\"><img decoding=\"async\" width=\"2500\" height=\"1875\" src=\"https:\/\/www.camping-des-familles.com\/wp-content\/uploads\/2026\/03\/MH-CABANE5.jpg\" class=\"attachment-full size-full wp-post-image gt-fse-widgets-ctv-open-product\" alt=\"MH CABANE5\" style=\"border-radius:0px;width:100%;height:100%;object-fit:cover;\" srcset=\"https:\/\/www.camping-des-familles.com\/wp-content\/uploads\/2026\/03\/MH-CABANE5.jpg 2500w, https:\/\/www.camping-des-familles.com\/wp-content\/uploads\/2026\/03\/MH-CABANE5-300x225.jpg 300w, https:\/\/www.camping-des-familles.com\/wp-content\/uploads\/2026\/03\/MH-CABANE5-1024x768.jpg 1024w, https:\/\/www.camping-des-familles.com\/wp-content\/uploads\/2026\/03\/MH-CABANE5-768x576.jpg 768w, https:\/\/www.camping-des-familles.com\/wp-content\/uploads\/2026\/03\/MH-CABANE5-1536x1152.jpg 1536w, https:\/\/www.camping-des-familles.com\/wp-content\/uploads\/2026\/03\/MH-CABANE5-2048x1536.jpg 2048w\" sizes=\"(max-width: 2500px) 100vw, 2500px\" \/><\/figure>\n\n\n<div class=\"wp-block-group gt-hebergement-content is-content-justification-center is-nowrap is-layout-flex wp-container-core-group-is-layout-dad6e7c6 wp-block-group-is-layout-flex gt-fse-widgets-ctv-open-product\" style=\"padding-top:var(--wp--preset--spacing--10);padding-right:var(--wp--preset--spacing--10);padding-bottom:var(--wp--preset--spacing--10);padding-left:var(--wp--preset--spacing--10)\">\n<div class=\"wp-block-group has-global-padding is-layout-constrained wp-block-group-is-layout-constrained gt-fse-widgets-ctv-open-product\">\n<p class=\"has-text-align-left hebergement-title has-custom-color-1-color has-text-color has-link-color has-pp-woodland-font-family wp-elements-ad327c4a8e76e78cdeb84c30899babdd gt-fse-widgets-ctv-open-product\" style=\"font-size:clamp(1.119rem, 1.119rem + ((1vw - 0.2rem) * 0.821), 1.75rem);\">LODGE SURFEUR &#8211; Llegada el s\u00e1bado (julio y agosto)<\/p>\n<\/div>\n<\/div>\n\n\n\n<div class=\"wp-block-group gt-hebergement-foot is-layout-flow wp-container-core-group-is-layout-a77db08e wp-block-group-is-layout-flow gt-fse-widgets-ctv-open-product\"><div class=\"taxonomy-gt-hebergements-options wp-block-post-terms gt-fse-widgets-ctv-open-product\"><span class=\"option-clim gt-fse-widgets-ctv-open-product\"><img decoding=\"async\" class=\"gt-hebergements-option-icon gt-fse-widgets-ctv-open-product\" src=\"https:\/\/www.camping-des-familles.com\/wp-content\/uploads\/2025\/12\/climatisation.svg\" alt=\"Clim\" style=\"display: inline-block; width: 1.5rem; height: 1.5rem; margin-right: 0.5rem; vertical-align: middle;\" \/><span class=\"gt-hebergements-option-name gt-fse-widgets-ctv-open-product\">Clim<\/span><\/span><\/div>\n\n\n<div class=\"wp-block-group is-content-justification-center is-layout-flex wp-container-core-group-is-layout-266b37b4 wp-block-group-is-layout-flex gt-fse-widgets-ctv-open-product\" style=\"margin-top:0;margin-bottom:var(--wp--preset--spacing--20)\">\n<div class=\"wp-block-group hebergement-info is-horizontal is-content-justification-center is-nowrap is-layout-flex wp-container-core-group-is-layout-8d39ddb4 wp-block-group-is-layout-flex gt-fse-widgets-ctv-open-product\">\n<figure class=\"wp-block-image size-medium is-resized wp-duotone-unset-19 gt-fse-widgets-ctv-open-product\"><img decoding=\"async\" src=\"https:\/\/fermedes4chenes.fr\/wp-content\/uploads\/2024\/12\/utilisateur.svg\" alt=\"usuario\" class=\"wp-image-2009 gt-fse-widgets-ctv-open-product\" style=\"width:25px\"\/><\/figure>\n\n\n\n<div class=\"wp-block-group is-nowrap is-layout-flex wp-container-core-group-is-layout-4b0a85f0 wp-block-group-is-layout-flex gt-fse-widgets-ctv-open-product\"><div class=\"taxonomy-gt-hebergements-nombre-personnes wp-block-post-terms gt-fse-widgets-ctv-open-product\"><span class=\"gt-fse-widgets-ctv-open-product\"><span class=\"gt-hebergements-option-name gt-fse-widgets-ctv-open-product\">4<\/span><\/span><\/div>\n\n\n<p class=\"gt-fse-widgets-ctv-open-product\">Pers.<\/p>\n<\/div>\n<\/div>\n\n\n\n<div class=\"wp-block-group hebergement-info is-horizontal is-content-justification-center is-nowrap is-layout-flex wp-container-core-group-is-layout-8d39ddb4 wp-block-group-is-layout-flex gt-fse-widgets-ctv-open-product\">\n<figure class=\"wp-block-image size-full is-resized wp-duotone-unset-20 gt-fse-widgets-ctv-open-product\"><img decoding=\"async\" src=\"https:\/\/fermedes4chenes.fr\/wp-content\/uploads\/2024\/12\/lit.svg\" alt=\"cama\" class=\"wp-image-1999 gt-fse-widgets-ctv-open-product\" style=\"width:25px\"\/><\/figure>\n\n\n\n<div class=\"wp-block-group is-nowrap is-layout-flex wp-container-core-group-is-layout-4b0a85f0 wp-block-group-is-layout-flex gt-fse-widgets-ctv-open-product\"><div class=\"taxonomy-gt-hebergements-nombre-chambres wp-block-post-terms gt-fse-widgets-ctv-open-product\"><span class=\"gt-fse-widgets-ctv-open-product\"><span class=\"gt-hebergements-option-name gt-fse-widgets-ctv-open-product\">2<\/span><\/span><\/div>\n\n\n<p class=\"gt-fse-widgets-ctv-open-product\">Hab.<\/p>\n<\/div>\n<\/div>\n\n\n\n<div class=\"wp-block-group hebergement-info is-horizontal is-content-justification-center is-nowrap is-layout-flex wp-container-core-group-is-layout-8d39ddb4 wp-block-group-is-layout-flex gt-fse-widgets-ctv-open-product\">\n<figure class=\"wp-block-image size-medium is-resized gt-fse-widgets-ctv-open-product\"><img decoding=\"async\" src=\"https:\/\/fermedes4chenes.fr\/wp-content\/uploads\/2024\/12\/surface.svg\" alt=\"superficie\" class=\"wp-image-1994 gt-fse-widgets-ctv-open-product\" style=\"width:25px\"\/><\/figure>\n\n\n\n<div class=\"wp-block-group is-nowrap is-layout-flex wp-container-core-group-is-layout-4b0a85f0 wp-block-group-is-layout-flex gt-fse-widgets-ctv-open-product\"><div class=\"taxonomy-gt-hebergements-superficie wp-block-post-terms gt-fse-widgets-ctv-open-product\"><span class=\"gt-fse-widgets-ctv-open-product\"><span class=\"gt-hebergements-option-name gt-fse-widgets-ctv-open-product\">24<\/span><\/span><\/div>\n\n\n<p class=\"gt-fse-widgets-ctv-open-product\"><sup class=\"gt-fse-widgets-ctv-open-product\">m2<\/sup><\/p>\n<\/div>\n<\/div>\n\n\n\n<div class=\"wp-block-group hebergement-info is-horizontal is-content-justification-center is-nowrap is-layout-flex wp-container-core-group-is-layout-8d39ddb4 wp-block-group-is-layout-flex gt-fse-widgets-ctv-open-product\">\n<figure class=\"wp-block-image size-medium is-resized gt-fse-widgets-ctv-open-product\"><img decoding=\"async\" width=\"512\" height=\"512\" src=\"https:\/\/www.camping-des-familles.com\/wp-content\/uploads\/2025\/12\/douche.svg\" alt=\"ducha\" class=\"wp-image-4660 gt-fse-widgets-ctv-open-product\" style=\"width:25px\"\/><\/figure>\n\n\n\n<div class=\"wp-block-group is-nowrap is-layout-flex wp-container-core-group-is-layout-4b0a85f0 wp-block-group-is-layout-flex gt-fse-widgets-ctv-open-product\"><div class=\"taxonomy-gt-hebergements-nombre-sdb wp-block-post-terms gt-fse-widgets-ctv-open-product\"><span class=\"gt-fse-widgets-ctv-open-product\"><span class=\"gt-hebergements-option-name gt-fse-widgets-ctv-open-product\">1<\/span><\/span><\/div>\n\n\n<p class=\"gt-fse-widgets-ctv-open-product\">ba\u00f1o<\/p>\n<\/div>\n<\/div>\n<\/div>\n<\/div>\n\n<\/li><li data-gt-Thelis-product-id=\"\" data-gt-bathrooms=\"27\" data-gt-campings=\"\" data-gt-capacities=\"25\" data-gt-ctv-product-id=\"111593\" data-gt-gammes=\"\" data-gt-options=\"\" data-gt-rooms=\"26\" data-gt-superficies=\"32\" data-gt-types=\"24\" data-wp-key=\"post-template-item-2721\" class=\"wp-block-post post-2721 hebergement type-hebergement status-publish has-post-thumbnail hentry gt-hebergements-types-locatifs gt-hebergements-nombre-personnes-25 gt-hebergements-nombre-chambres-26 gt-hebergements-nombre-sdb-27 gt-hebergements-superficie-32 gt-fse-widgets-ctv-open-product\">\n<figure style=\"aspect-ratio:4\/3;\" class=\"hebergement-featured-image wp-block-post-featured-image gt-fse-widgets-ctv-open-product\"><img decoding=\"async\" width=\"2074\" height=\"1539\" src=\"https:\/\/www.camping-des-familles.com\/wp-content\/uploads\/2025\/12\/cottage-des-pins-2ch-3.png\" class=\"attachment-full size-full wp-post-image gt-fse-widgets-ctv-open-product\" alt=\"cottage des pins 2ch (3)\" style=\"border-radius:0px;width:100%;height:100%;object-fit:cover;\" srcset=\"https:\/\/www.camping-des-familles.com\/wp-content\/uploads\/2025\/12\/cottage-des-pins-2ch-3.png 2074w, https:\/\/www.camping-des-familles.com\/wp-content\/uploads\/2025\/12\/cottage-des-pins-2ch-3-300x223.png 300w, https:\/\/www.camping-des-familles.com\/wp-content\/uploads\/2025\/12\/cottage-des-pins-2ch-3-1024x760.png 1024w, https:\/\/www.camping-des-familles.com\/wp-content\/uploads\/2025\/12\/cottage-des-pins-2ch-3-768x570.png 768w, https:\/\/www.camping-des-familles.com\/wp-content\/uploads\/2025\/12\/cottage-des-pins-2ch-3-1536x1140.png 1536w, https:\/\/www.camping-des-familles.com\/wp-content\/uploads\/2025\/12\/cottage-des-pins-2ch-3-2048x1520.png 2048w\" sizes=\"(max-width: 2074px) 100vw, 2074px\" \/><\/figure>\n\n\n<div class=\"wp-block-group gt-hebergement-content is-content-justification-center is-nowrap is-layout-flex wp-container-core-group-is-layout-dad6e7c6 wp-block-group-is-layout-flex gt-fse-widgets-ctv-open-product\" style=\"padding-top:var(--wp--preset--spacing--10);padding-right:var(--wp--preset--spacing--10);padding-bottom:var(--wp--preset--spacing--10);padding-left:var(--wp--preset--spacing--10)\">\n<div class=\"wp-block-group has-global-padding is-layout-constrained wp-block-group-is-layout-constrained gt-fse-widgets-ctv-open-product\">\n<p class=\"has-text-align-left hebergement-title has-custom-color-1-color has-text-color has-link-color has-pp-woodland-font-family wp-elements-ad327c4a8e76e78cdeb84c30899babdd gt-fse-widgets-ctv-open-product\" style=\"font-size:clamp(1.119rem, 1.119rem + ((1vw - 0.2rem) * 0.821), 1.75rem);\">Caba\u00f1a des Pins<\/p>\n<\/div>\n<\/div>\n\n\n\n<div class=\"wp-block-group gt-hebergement-foot is-layout-flow wp-container-core-group-is-layout-a77db08e wp-block-group-is-layout-flow gt-fse-widgets-ctv-open-product\">\n\n\n<div class=\"wp-block-group is-content-justification-center is-layout-flex wp-container-core-group-is-layout-266b37b4 wp-block-group-is-layout-flex gt-fse-widgets-ctv-open-product\" style=\"margin-top:0;margin-bottom:var(--wp--preset--spacing--20)\">\n<div class=\"wp-block-group hebergement-info is-horizontal is-content-justification-center is-nowrap is-layout-flex wp-container-core-group-is-layout-8d39ddb4 wp-block-group-is-layout-flex gt-fse-widgets-ctv-open-product\">\n<figure class=\"wp-block-image size-medium is-resized wp-duotone-unset-21 gt-fse-widgets-ctv-open-product\"><img decoding=\"async\" src=\"https:\/\/fermedes4chenes.fr\/wp-content\/uploads\/2024\/12\/utilisateur.svg\" alt=\"usuario\" class=\"wp-image-2009 gt-fse-widgets-ctv-open-product\" style=\"width:25px\"\/><\/figure>\n\n\n\n<div class=\"wp-block-group is-nowrap is-layout-flex wp-container-core-group-is-layout-4b0a85f0 wp-block-group-is-layout-flex gt-fse-widgets-ctv-open-product\"><div class=\"taxonomy-gt-hebergements-nombre-personnes wp-block-post-terms gt-fse-widgets-ctv-open-product\"><span class=\"gt-fse-widgets-ctv-open-product\"><span class=\"gt-hebergements-option-name gt-fse-widgets-ctv-open-product\">4<\/span><\/span><\/div>\n\n\n<p class=\"gt-fse-widgets-ctv-open-product\">Pers.<\/p>\n<\/div>\n<\/div>\n\n\n\n<div class=\"wp-block-group hebergement-info is-horizontal is-content-justification-center is-nowrap is-layout-flex wp-container-core-group-is-layout-8d39ddb4 wp-block-group-is-layout-flex gt-fse-widgets-ctv-open-product\">\n<figure class=\"wp-block-image size-full is-resized wp-duotone-unset-22 gt-fse-widgets-ctv-open-product\"><img decoding=\"async\" src=\"https:\/\/fermedes4chenes.fr\/wp-content\/uploads\/2024\/12\/lit.svg\" alt=\"cama\" class=\"wp-image-1999 gt-fse-widgets-ctv-open-product\" style=\"width:25px\"\/><\/figure>\n\n\n\n<div class=\"wp-block-group is-nowrap is-layout-flex wp-container-core-group-is-layout-4b0a85f0 wp-block-group-is-layout-flex gt-fse-widgets-ctv-open-product\"><div class=\"taxonomy-gt-hebergements-nombre-chambres wp-block-post-terms gt-fse-widgets-ctv-open-product\"><span class=\"gt-fse-widgets-ctv-open-product\"><span class=\"gt-hebergements-option-name gt-fse-widgets-ctv-open-product\">2<\/span><\/span><\/div>\n\n\n<p class=\"gt-fse-widgets-ctv-open-product\">Hab.<\/p>\n<\/div>\n<\/div>\n\n\n\n<div class=\"wp-block-group hebergement-info is-horizontal is-content-justification-center is-nowrap is-layout-flex wp-container-core-group-is-layout-8d39ddb4 wp-block-group-is-layout-flex gt-fse-widgets-ctv-open-product\">\n<figure class=\"wp-block-image size-medium is-resized gt-fse-widgets-ctv-open-product\"><img decoding=\"async\" src=\"https:\/\/fermedes4chenes.fr\/wp-content\/uploads\/2024\/12\/surface.svg\" alt=\"superficie\" class=\"wp-image-1994 gt-fse-widgets-ctv-open-product\" style=\"width:25px\"\/><\/figure>\n\n\n\n<div class=\"wp-block-group is-nowrap is-layout-flex wp-container-core-group-is-layout-4b0a85f0 wp-block-group-is-layout-flex gt-fse-widgets-ctv-open-product\"><div class=\"taxonomy-gt-hebergements-superficie wp-block-post-terms gt-fse-widgets-ctv-open-product\"><span class=\"gt-fse-widgets-ctv-open-product\"><span class=\"gt-hebergements-option-name gt-fse-widgets-ctv-open-product\">28<\/span><\/span><\/div>\n\n\n<p class=\"gt-fse-widgets-ctv-open-product\"><sup class=\"gt-fse-widgets-ctv-open-product\">m2<\/sup><\/p>\n<\/div>\n<\/div>\n\n\n\n<div class=\"wp-block-group hebergement-info is-horizontal is-content-justification-center is-nowrap is-layout-flex wp-container-core-group-is-layout-8d39ddb4 wp-block-group-is-layout-flex gt-fse-widgets-ctv-open-product\">\n<figure class=\"wp-block-image size-medium is-resized gt-fse-widgets-ctv-open-product\"><img decoding=\"async\" width=\"512\" height=\"512\" src=\"https:\/\/www.camping-des-familles.com\/wp-content\/uploads\/2025\/12\/douche.svg\" alt=\"ducha\" class=\"wp-image-4660 gt-fse-widgets-ctv-open-product\" style=\"width:25px\"\/><\/figure>\n\n\n\n<div class=\"wp-block-group is-nowrap is-layout-flex wp-container-core-group-is-layout-4b0a85f0 wp-block-group-is-layout-flex gt-fse-widgets-ctv-open-product\"><div class=\"taxonomy-gt-hebergements-nombre-sdb wp-block-post-terms gt-fse-widgets-ctv-open-product\"><span class=\"gt-fse-widgets-ctv-open-product\"><span class=\"gt-hebergements-option-name gt-fse-widgets-ctv-open-product\">1<\/span><\/span><\/div>\n\n\n<p class=\"gt-fse-widgets-ctv-open-product\">ba\u00f1o<\/p>\n<\/div>\n<\/div>\n<\/div>\n<\/div>\n\n<\/li><li data-gt-Thelis-product-id=\"\" data-gt-bathrooms=\"27\" data-gt-campings=\"\" data-gt-capacities=\"25\" data-gt-ctv-product-id=\"72817\" data-gt-gammes=\"\" data-gt-options=\"\" data-gt-rooms=\"26\" data-gt-superficies=\"32\" data-gt-types=\"24\" data-wp-key=\"post-template-item-2714\" class=\"wp-block-post post-2714 hebergement type-hebergement status-publish has-post-thumbnail hentry gt-hebergements-types-locatifs gt-hebergements-nombre-personnes-25 gt-hebergements-nombre-chambres-26 gt-hebergements-nombre-sdb-27 gt-hebergements-superficie-32 gt-fse-widgets-ctv-open-product\">\n<figure style=\"aspect-ratio:4\/3;\" class=\"hebergement-featured-image wp-block-post-featured-image gt-fse-widgets-ctv-open-product\"><img decoding=\"async\" width=\"2074\" height=\"1539\" src=\"https:\/\/www.camping-des-familles.com\/wp-content\/uploads\/2025\/12\/cottage-des-pins-2ch-3.png\" class=\"attachment-full size-full wp-post-image gt-fse-widgets-ctv-open-product\" alt=\"cottage des pins 2ch (3)\" style=\"border-radius:0px;width:100%;height:100%;object-fit:cover;\" srcset=\"https:\/\/www.camping-des-familles.com\/wp-content\/uploads\/2025\/12\/cottage-des-pins-2ch-3.png 2074w, https:\/\/www.camping-des-familles.com\/wp-content\/uploads\/2025\/12\/cottage-des-pins-2ch-3-300x223.png 300w, https:\/\/www.camping-des-familles.com\/wp-content\/uploads\/2025\/12\/cottage-des-pins-2ch-3-1024x760.png 1024w, https:\/\/www.camping-des-familles.com\/wp-content\/uploads\/2025\/12\/cottage-des-pins-2ch-3-768x570.png 768w, https:\/\/www.camping-des-familles.com\/wp-content\/uploads\/2025\/12\/cottage-des-pins-2ch-3-1536x1140.png 1536w, https:\/\/www.camping-des-familles.com\/wp-content\/uploads\/2025\/12\/cottage-des-pins-2ch-3-2048x1520.png 2048w\" sizes=\"(max-width: 2074px) 100vw, 2074px\" \/><\/figure>\n\n\n<div class=\"wp-block-group gt-hebergement-content is-content-justification-center is-nowrap is-layout-flex wp-container-core-group-is-layout-dad6e7c6 wp-block-group-is-layout-flex gt-fse-widgets-ctv-open-product\" style=\"padding-top:var(--wp--preset--spacing--10);padding-right:var(--wp--preset--spacing--10);padding-bottom:var(--wp--preset--spacing--10);padding-left:var(--wp--preset--spacing--10)\">\n<div class=\"wp-block-group has-global-padding is-layout-constrained wp-block-group-is-layout-constrained gt-fse-widgets-ctv-open-product\">\n<p class=\"has-text-align-left hebergement-title has-custom-color-1-color has-text-color has-link-color has-pp-woodland-font-family wp-elements-ad327c4a8e76e78cdeb84c30899babdd gt-fse-widgets-ctv-open-product\" style=\"font-size:clamp(1.119rem, 1.119rem + ((1vw - 0.2rem) * 0.821), 1.75rem);\">Caba\u00f1a des Pins<\/p>\n<\/div>\n<\/div>\n\n\n\n<div class=\"wp-block-group gt-hebergement-foot is-layout-flow wp-container-core-group-is-layout-a77db08e wp-block-group-is-layout-flow gt-fse-widgets-ctv-open-product\">\n\n\n<div class=\"wp-block-group is-content-justification-center is-layout-flex wp-container-core-group-is-layout-266b37b4 wp-block-group-is-layout-flex gt-fse-widgets-ctv-open-product\" style=\"margin-top:0;margin-bottom:var(--wp--preset--spacing--20)\">\n<div class=\"wp-block-group hebergement-info is-horizontal is-content-justification-center is-nowrap is-layout-flex wp-container-core-group-is-layout-8d39ddb4 wp-block-group-is-layout-flex gt-fse-widgets-ctv-open-product\">\n<figure class=\"wp-block-image size-medium is-resized wp-duotone-unset-23 gt-fse-widgets-ctv-open-product\"><img decoding=\"async\" src=\"https:\/\/fermedes4chenes.fr\/wp-content\/uploads\/2024\/12\/utilisateur.svg\" alt=\"usuario\" class=\"wp-image-2009 gt-fse-widgets-ctv-open-product\" style=\"width:25px\"\/><\/figure>\n\n\n\n<div class=\"wp-block-group is-nowrap is-layout-flex wp-container-core-group-is-layout-4b0a85f0 wp-block-group-is-layout-flex gt-fse-widgets-ctv-open-product\"><div class=\"taxonomy-gt-hebergements-nombre-personnes wp-block-post-terms gt-fse-widgets-ctv-open-product\"><span class=\"gt-fse-widgets-ctv-open-product\"><span class=\"gt-hebergements-option-name gt-fse-widgets-ctv-open-product\">4<\/span><\/span><\/div>\n\n\n<p class=\"gt-fse-widgets-ctv-open-product\">Pers.<\/p>\n<\/div>\n<\/div>\n\n\n\n<div class=\"wp-block-group hebergement-info is-horizontal is-content-justification-center is-nowrap is-layout-flex wp-container-core-group-is-layout-8d39ddb4 wp-block-group-is-layout-flex gt-fse-widgets-ctv-open-product\">\n<figure class=\"wp-block-image size-full is-resized wp-duotone-unset-24 gt-fse-widgets-ctv-open-product\"><img decoding=\"async\" src=\"https:\/\/fermedes4chenes.fr\/wp-content\/uploads\/2024\/12\/lit.svg\" alt=\"cama\" class=\"wp-image-1999 gt-fse-widgets-ctv-open-product\" style=\"width:25px\"\/><\/figure>\n\n\n\n<div class=\"wp-block-group is-nowrap is-layout-flex wp-container-core-group-is-layout-4b0a85f0 wp-block-group-is-layout-flex gt-fse-widgets-ctv-open-product\"><div class=\"taxonomy-gt-hebergements-nombre-chambres wp-block-post-terms gt-fse-widgets-ctv-open-product\"><span class=\"gt-fse-widgets-ctv-open-product\"><span class=\"gt-hebergements-option-name gt-fse-widgets-ctv-open-product\">2<\/span><\/span><\/div>\n\n\n<p class=\"gt-fse-widgets-ctv-open-product\">Hab.<\/p>\n<\/div>\n<\/div>\n\n\n\n<div class=\"wp-block-group hebergement-info is-horizontal is-content-justification-center is-nowrap is-layout-flex wp-container-core-group-is-layout-8d39ddb4 wp-block-group-is-layout-flex gt-fse-widgets-ctv-open-product\">\n<figure class=\"wp-block-image size-medium is-resized gt-fse-widgets-ctv-open-product\"><img decoding=\"async\" src=\"https:\/\/fermedes4chenes.fr\/wp-content\/uploads\/2024\/12\/surface.svg\" alt=\"superficie\" class=\"wp-image-1994 gt-fse-widgets-ctv-open-product\" style=\"width:25px\"\/><\/figure>\n\n\n\n<div class=\"wp-block-group is-nowrap is-layout-flex wp-container-core-group-is-layout-4b0a85f0 wp-block-group-is-layout-flex gt-fse-widgets-ctv-open-product\"><div class=\"taxonomy-gt-hebergements-superficie wp-block-post-terms gt-fse-widgets-ctv-open-product\"><span class=\"gt-fse-widgets-ctv-open-product\"><span class=\"gt-hebergements-option-name gt-fse-widgets-ctv-open-product\">28<\/span><\/span><\/div>\n\n\n<p class=\"gt-fse-widgets-ctv-open-product\"><sup class=\"gt-fse-widgets-ctv-open-product\">m2<\/sup><\/p>\n<\/div>\n<\/div>\n\n\n\n<div class=\"wp-block-group hebergement-info is-horizontal is-content-justification-center is-nowrap is-layout-flex wp-container-core-group-is-layout-8d39ddb4 wp-block-group-is-layout-flex gt-fse-widgets-ctv-open-product\">\n<figure class=\"wp-block-image size-medium is-resized gt-fse-widgets-ctv-open-product\"><img decoding=\"async\" width=\"512\" height=\"512\" src=\"https:\/\/www.camping-des-familles.com\/wp-content\/uploads\/2025\/12\/douche.svg\" alt=\"ducha\" class=\"wp-image-4660 gt-fse-widgets-ctv-open-product\" style=\"width:25px\"\/><\/figure>\n\n\n\n<div class=\"wp-block-group is-nowrap is-layout-flex wp-container-core-group-is-layout-4b0a85f0 wp-block-group-is-layout-flex gt-fse-widgets-ctv-open-product\"><div class=\"taxonomy-gt-hebergements-nombre-sdb wp-block-post-terms gt-fse-widgets-ctv-open-product\"><span class=\"gt-fse-widgets-ctv-open-product\"><span class=\"gt-hebergements-option-name gt-fse-widgets-ctv-open-product\">1<\/span><\/span><\/div>\n\n\n<p class=\"gt-fse-widgets-ctv-open-product\">ba\u00f1o<\/p>\n<\/div>\n<\/div>\n<\/div>\n<\/div>\n\n<\/li><li data-gt-Thelis-product-id=\"\" data-gt-bathrooms=\"27\" data-gt-campings=\"\" data-gt-capacities=\"25\" data-gt-ctv-product-id=\"72819\" data-gt-gammes=\"\" data-gt-options=\"\" data-gt-rooms=\"26\" data-gt-superficies=\"29\" data-gt-types=\"24,43\" data-wp-key=\"post-template-item-2708\" class=\"wp-block-post post-2708 hebergement type-hebergement status-publish hentry gt-hebergements-types-locatifs gt-hebergements-types-offres gt-hebergements-nombre-personnes-25 gt-hebergements-nombre-chambres-26 gt-hebergements-nombre-sdb-27 gt-hebergements-superficie-29 gt-fse-widgets-ctv-open-product\">\n\n\n\n<div class=\"wp-block-group gt-hebergement-content is-content-justification-center is-nowrap is-layout-flex wp-container-core-group-is-layout-dad6e7c6 wp-block-group-is-layout-flex gt-fse-widgets-ctv-open-product\" style=\"padding-top:var(--wp--preset--spacing--10);padding-right:var(--wp--preset--spacing--10);padding-bottom:var(--wp--preset--spacing--10);padding-left:var(--wp--preset--spacing--10)\">\n<div class=\"wp-block-group has-global-padding is-layout-constrained wp-block-group-is-layout-constrained gt-fse-widgets-ctv-open-product\">\n<p class=\"has-text-align-left hebergement-title has-custom-color-1-color has-text-color has-link-color has-pp-woodland-font-family wp-elements-ad327c4a8e76e78cdeb84c30899babdd gt-fse-widgets-ctv-open-product\" style=\"font-size:clamp(1.119rem, 1.119rem + ((1vw - 0.2rem) * 0.821), 1.75rem);\">Naturaleza rural<\/p>\n<\/div>\n<\/div>\n\n\n\n<div class=\"wp-block-group gt-hebergement-foot is-layout-flow wp-container-core-group-is-layout-a77db08e wp-block-group-is-layout-flow gt-fse-widgets-ctv-open-product\">\n\n\n<div class=\"wp-block-group is-content-justification-center is-layout-flex wp-container-core-group-is-layout-266b37b4 wp-block-group-is-layout-flex gt-fse-widgets-ctv-open-product\" style=\"margin-top:0;margin-bottom:var(--wp--preset--spacing--20)\">\n<div class=\"wp-block-group hebergement-info is-horizontal is-content-justification-center is-nowrap is-layout-flex wp-container-core-group-is-layout-8d39ddb4 wp-block-group-is-layout-flex gt-fse-widgets-ctv-open-product\">\n<figure class=\"wp-block-image size-medium is-resized wp-duotone-unset-25 gt-fse-widgets-ctv-open-product\"><img decoding=\"async\" src=\"https:\/\/fermedes4chenes.fr\/wp-content\/uploads\/2024\/12\/utilisateur.svg\" alt=\"usuario\" class=\"wp-image-2009 gt-fse-widgets-ctv-open-product\" style=\"width:25px\"\/><\/figure>\n\n\n\n<div class=\"wp-block-group is-nowrap is-layout-flex wp-container-core-group-is-layout-4b0a85f0 wp-block-group-is-layout-flex gt-fse-widgets-ctv-open-product\"><div class=\"taxonomy-gt-hebergements-nombre-personnes wp-block-post-terms gt-fse-widgets-ctv-open-product\"><span class=\"gt-fse-widgets-ctv-open-product\"><span class=\"gt-hebergements-option-name gt-fse-widgets-ctv-open-product\">4<\/span><\/span><\/div>\n\n\n<p class=\"gt-fse-widgets-ctv-open-product\">Pers.<\/p>\n<\/div>\n<\/div>\n\n\n\n<div class=\"wp-block-group hebergement-info is-horizontal is-content-justification-center is-nowrap is-layout-flex wp-container-core-group-is-layout-8d39ddb4 wp-block-group-is-layout-flex gt-fse-widgets-ctv-open-product\">\n<figure class=\"wp-block-image size-full is-resized wp-duotone-unset-26 gt-fse-widgets-ctv-open-product\"><img decoding=\"async\" src=\"https:\/\/fermedes4chenes.fr\/wp-content\/uploads\/2024\/12\/lit.svg\" alt=\"cama\" class=\"wp-image-1999 gt-fse-widgets-ctv-open-product\" style=\"width:25px\"\/><\/figure>\n\n\n\n<div class=\"wp-block-group is-nowrap is-layout-flex wp-container-core-group-is-layout-4b0a85f0 wp-block-group-is-layout-flex gt-fse-widgets-ctv-open-product\"><div class=\"taxonomy-gt-hebergements-nombre-chambres wp-block-post-terms gt-fse-widgets-ctv-open-product\"><span class=\"gt-fse-widgets-ctv-open-product\"><span class=\"gt-hebergements-option-name gt-fse-widgets-ctv-open-product\">2<\/span><\/span><\/div>\n\n\n<p class=\"gt-fse-widgets-ctv-open-product\">Hab.<\/p>\n<\/div>\n<\/div>\n\n\n\n<div class=\"wp-block-group hebergement-info is-horizontal is-content-justification-center is-nowrap is-layout-flex wp-container-core-group-is-layout-8d39ddb4 wp-block-group-is-layout-flex gt-fse-widgets-ctv-open-product\">\n<figure class=\"wp-block-image size-medium is-resized gt-fse-widgets-ctv-open-product\"><img decoding=\"async\" src=\"https:\/\/fermedes4chenes.fr\/wp-content\/uploads\/2024\/12\/surface.svg\" alt=\"superficie\" class=\"wp-image-1994 gt-fse-widgets-ctv-open-product\" style=\"width:25px\"\/><\/figure>\n\n\n\n<div class=\"wp-block-group is-nowrap is-layout-flex wp-container-core-group-is-layout-4b0a85f0 wp-block-group-is-layout-flex gt-fse-widgets-ctv-open-product\"><div class=\"taxonomy-gt-hebergements-superficie wp-block-post-terms gt-fse-widgets-ctv-open-product\"><span class=\"gt-fse-widgets-ctv-open-product\"><span class=\"gt-hebergements-option-name gt-fse-widgets-ctv-open-product\">20<\/span><\/span><\/div>\n\n\n<p class=\"gt-fse-widgets-ctv-open-product\"><sup class=\"gt-fse-widgets-ctv-open-product\">m2<\/sup><\/p>\n<\/div>\n<\/div>\n\n\n\n<div class=\"wp-block-group hebergement-info is-horizontal is-content-justification-center is-nowrap is-layout-flex wp-container-core-group-is-layout-8d39ddb4 wp-block-group-is-layout-flex gt-fse-widgets-ctv-open-product\">\n<figure class=\"wp-block-image size-medium is-resized gt-fse-widgets-ctv-open-product\"><img decoding=\"async\" width=\"512\" height=\"512\" src=\"https:\/\/www.camping-des-familles.com\/wp-content\/uploads\/2025\/12\/douche.svg\" alt=\"ducha\" class=\"wp-image-4660 gt-fse-widgets-ctv-open-product\" style=\"width:25px\"\/><\/figure>\n\n\n\n<div class=\"wp-block-group is-nowrap is-layout-flex wp-container-core-group-is-layout-4b0a85f0 wp-block-group-is-layout-flex gt-fse-widgets-ctv-open-product\"><div class=\"taxonomy-gt-hebergements-nombre-sdb wp-block-post-terms gt-fse-widgets-ctv-open-product\"><span class=\"gt-fse-widgets-ctv-open-product\"><span class=\"gt-hebergements-option-name gt-fse-widgets-ctv-open-product\">1<\/span><\/span><\/div>\n\n\n<p class=\"gt-fse-widgets-ctv-open-product\">ba\u00f1o<\/p>\n<\/div>\n<\/div>\n<\/div>\n<\/div>\n\n<\/li><\/ul><\/div>\n<\/div>\n\n\n\n<div style=\"height:6rem\" aria-hidden=\"true\" class=\"wp-block-spacer gt-hide-mobile\"><\/div>\n<\/section>\n\n<section class=\"wp-block-group home-fourth page-two has-custom-color-1-background-color has-background has-global-padding is-layout-constrained wp-block-group-is-layout-constrained\">\n<div class=\"wp-block-group has-global-padding is-content-justification-center is-layout-constrained wp-container-core-group-is-layout-519de150 wp-block-group-is-layout-constrained\" style=\"margin-top:0px;margin-right:0px;margin-bottom:0px;margin-left:0px\">\n<h2 class=\"wp-block-heading has-text-align-center full-width has-damirone-font-family has-base-2-color has-text-color\" style=\"margin-top:0px;margin-right:0px;margin-bottom:0px;margin-left:0px;font-size:clamp(24.034px, 1.502rem + ((1vw - 3.2px) * 1.298), 40px);font-style:normal;font-weight:400;line-height:1.2;text-transform:uppercase\"><span>Alquiler de albergues ecol\u00f3gicos <\/span>en el M\u00e9doc<\/h2>\n<\/div>\n\n\n\n<div class=\"wp-block-group has-global-padding is-content-justification-center is-layout-constrained wp-container-core-group-is-layout-8f5500b1 wp-block-group-is-layout-constrained\" style=\"margin-top:0px;margin-right:0px;margin-bottom:0px;margin-left:0px;padding-bottom:var(--wp--preset--spacing--30)\">\n<p class=\"has-text-align-center full-width has-base-2-color has-text-color has-link-color has-poppins-font-family wp-elements-2ae8157bdad843b02d60d68c5f7feb70\" style=\"margin-top:0px;margin-right:0px;margin-bottom:0px;margin-left:0px;font-size:clamp(14px, 0.875rem + ((1vw - 3.2px) * 0.325), 18px);font-style:normal;font-weight:300;line-height:1.9\">Si quieres disfrutar del <strong>encanto de la madera<\/strong> sin renunciar a <strong>las comodidades modernas<\/strong>, opta por alquilar ecolodges en el M\u00e9doc. Pueden alojar hasta <strong>4 personas<\/strong> y est\u00e1n totalmente equipados para una <strong>estancia tranquila a la sombra de los pinos<\/strong>. Disfruta de una <g id=\"gid_4\">terraza cubierta<\/g> equipada con una mesa y 6 sillas, <g id=\"gid_5\">aire acondicionado <\/g>y <g id=\"gid_6\">ropa de cama c\u00f3moda<\/g>. Elige entre alquilar una casa rural en el M\u00e9doc o una <a href=\"https:\/\/www.camping-des-familles.com\/es\/alquila-una-parcela-grayan-et-l-hopital\/\" data-type=\"page\" data-id=\"40\">parcela para tienda cerca de Soulac-sur-Mer<\/a>: \u00a1te encantar\u00e1n tus vacaciones de cualquier forma!     <br\/><\/p>\n<\/div>\n\n\n\n<div class=\"wp-block-cover alignfull blob-image gt-gsap-fadeInUp\" style=\"min-height:80vh;aspect-ratio:unset;\"><img decoding=\"async\" width=\"2000\" height=\"1656\" class=\"wp-block-cover__image-background wp-image-1486 size-full\" alt=\"ecolodge camping m\u00e9doc\" src=\"https:\/\/www.camping-des-familles.com\/wp-content\/uploads\/2025\/10\/ecolodge-camping-medoc.jpg\" data-object-fit=\"cover\" srcset=\"https:\/\/www.camping-des-familles.com\/wp-content\/uploads\/2025\/10\/ecolodge-camping-medoc.jpg 2000w, https:\/\/www.camping-des-familles.com\/wp-content\/uploads\/2025\/10\/ecolodge-camping-medoc-300x248.jpg 300w, https:\/\/www.camping-des-familles.com\/wp-content\/uploads\/2025\/10\/ecolodge-camping-medoc-1024x848.jpg 1024w, https:\/\/www.camping-des-familles.com\/wp-content\/uploads\/2025\/10\/ecolodge-camping-medoc-768x636.jpg 768w, https:\/\/www.camping-des-familles.com\/wp-content\/uploads\/2025\/10\/ecolodge-camping-medoc-1536x1272.jpg 1536w\" sizes=\"(max-width: 2000px) 100vw, 2000px\" \/><span aria-hidden=\"true\" class=\"wp-block-cover__background has-background-dim wp-block-cover__gradient-background has-background-gradient\" style=\"background:linear-gradient(0deg,rgb(1,1,1) 0%,rgba(0,0,0,0.34) 72%)\"><\/span><div class=\"wp-block-cover__inner-container is-layout-flow wp-block-cover-is-layout-flow\">\n<p class=\"has-text-align-center h1-like has-pp-woodland-font-family\" style=\"font-size:clamp(67.975px, 4.248rem + ((1vw - 3.2px) * 6.506), 148px);line-height:1\">Todo el<span>confort de<\/span><br\/><span><\/span><\/p>\n<\/div><\/div>\n<\/section>\n\n<section class=\"wp-block-group home-third page-third has-global-padding is-layout-constrained wp-block-group-is-layout-constrained\">\n<div class=\"wp-block-columns is-layout-flex wp-container-core-columns-is-layout-28f84493 wp-block-columns-is-layout-flex\">\n<div class=\"wp-block-column left is-layout-flow wp-block-column-is-layout-flow\" style=\"flex-basis:50%\">\n<div data-swiper=\"{&quot;speed&quot;:400,&quot;spaceBetween&quot;:16,&quot;slidesPerView&quot;:1,&quot;createElements&quot;:true,&quot;loop&quot;:true,&quot;freemode&quot;:true,&quot;breakpoints&quot;:[{&quot;slidesPerView&quot;:1}],&quot;pagination&quot;:false,&quot;effect&quot;:&quot;fade&quot;,&quot;navigation&quot;:false}\" class=\"wp-block-group gt-is-slider gt-is-slider-desktop is-layout-flow wp-block-group-is-layout-flow\">\n<div class=\"wp-block-group is-layout-flow wp-block-group-is-layout-flow\">\n<figure class=\"wp-block-image size-full is-resized gt-gsap-fadeIn\"><img decoding=\"async\" width=\"1920\" height=\"2040\" src=\"https:\/\/www.camping-des-familles.com\/wp-content\/uploads\/2025\/10\/MOBIL-HOME-MALIN-CONFORT-MEDOC-scaled-e1759750531412.jpg\" alt=\"MOBIL HOME MALIN CONFORT MEDOC\" class=\"wp-image-1510\" style=\"width:auto;height:900px\" srcset=\"https:\/\/www.camping-des-familles.com\/wp-content\/uploads\/2025\/10\/MOBIL-HOME-MALIN-CONFORT-MEDOC-scaled-e1759750531412.jpg 1920w, https:\/\/www.camping-des-familles.com\/wp-content\/uploads\/2025\/10\/MOBIL-HOME-MALIN-CONFORT-MEDOC-scaled-e1759750531412-282x300.jpg 282w, https:\/\/www.camping-des-familles.com\/wp-content\/uploads\/2025\/10\/MOBIL-HOME-MALIN-CONFORT-MEDOC-scaled-e1759750531412-964x1024.jpg 964w, https:\/\/www.camping-des-familles.com\/wp-content\/uploads\/2025\/10\/MOBIL-HOME-MALIN-CONFORT-MEDOC-scaled-e1759750531412-768x816.jpg 768w, https:\/\/www.camping-des-familles.com\/wp-content\/uploads\/2025\/10\/MOBIL-HOME-MALIN-CONFORT-MEDOC-scaled-e1759750531412-1446x1536.jpg 1446w\" sizes=\"(max-width: 1920px) 100vw, 1920px\" \/><\/figure>\n<\/div>\n<\/div>\n<\/div>\n\n\n\n<div class=\"wp-block-column is-vertically-aligned-center right is-layout-flow wp-block-column-is-layout-flow\" style=\"flex-basis:50%\">\n<h2 class=\"wp-block-heading\" style=\"text-transform:uppercase\">Nuestra gama de casas rurales de alquiler <span>cerca de Soulac-sur-Mer<\/span><\/h2>\n\n\n\n<p class=\"has-custom-color-3-color has-text-color has-link-color wp-elements-189065da00e657575ac7eef10fd6fb7b\" style=\"line-height:1.9\">\u00bfBuscas un alojamiento totalmente de madera <strong>cerca de la naturaleza<\/strong>? Descubre nuestras <g id=\"gid_1\">Caba\u00f1as de Surf<\/g>, ideales para un descanso relajante <g id=\"gid_2\">a pocos minutos del oc\u00e9ano<\/g> (la playa m\u00e1s cercana est\u00e1 a s\u00f3lo 15 minutos en bicicleta). Este alojamiento de alquiler en el M\u00e9doc tiene capacidad para <strong>4 personas<\/strong> y dispone de terraza semicubierta y TV. Sencillos, bien equipados y pr\u00e1cticos, atraen a los veraneantes que buscan <a href=\"https:\/\/www.camping-des-familles.com\/es\/camping-barato-grayan-et-l-hopital\/\" data-type=\"page\" data-id=\"44\">una buena relaci\u00f3n calidad-precio para una estancia cerca de Soulac-sur-Mer<\/a>. Si eliges este tipo de alojamiento, tendr\u00e1s acceso a todos los servicios del camping: <strong>piscina climatizada<\/strong>, <strong>animaci\u00f3n<\/strong>, <strong>bar<\/strong>, <strong>restaurante <\/strong>y <strong>alquiler de bicicletas y<\/strong> <strong>patinetes el\u00e9ctricos<\/strong>.    <\/p>\n\n\n\n<p class=\"has-custom-color-3-color has-text-color has-link-color wp-elements-9abb76ae56081a3126e622cf1250b9a7\" style=\"line-height:1.9\">\u00bfPrefieres m\u00e1s espacio? Los <strong>Cottages<\/strong> <strong>Les Pins<\/strong> <strong> (de 4 a 6 plazas)<\/strong> son la soluci\u00f3n perfecta para las familias. Tienen habitaciones separadas, una zona de cocina, un cuarto de ducha y una terraza semicubierta para comer al aire libre.  <\/p>\n\n\n\n<p class=\"has-custom-color-3-color has-text-color has-link-color wp-elements-a5a3241acd1f8cd315a9a1df61cd3535\" style=\"line-height:1.9\">Nuestras <strong>Casitas Naturales para 4 personas<\/strong> tambi\u00e9n son una alternativa econ\u00f3mica y c\u00f3moda. Para una estancia a\u00fan m\u00e1s acogedora, opta por las <strong>Casitas Familiares<\/strong>, con aire acondicionado, TV, lavavajillas, ropa de cama XL y s\u00e1banas incluidas. <\/p>\n<\/div>\n<\/div>\n<\/section>\n\n<section class=\"wp-block-group home-third bis has-global-padding is-layout-constrained wp-block-group-is-layout-constrained\">\n<div class=\"wp-block-columns is-layout-flex wp-container-core-columns-is-layout-28f84493 wp-block-columns-is-layout-flex\">\n<div class=\"wp-block-column is-vertically-aligned-center right is-layout-flow wp-block-column-is-layout-flow\" style=\"flex-basis:50%\">\n<h2 class=\"wp-block-heading has-text-align-left full-width has-damirone-font-family has-custom-color-1-color has-text-color\" style=\"margin-top:0px;margin-right:0px;margin-bottom:0px;margin-left:0px;padding-bottom:var(--wp--preset--spacing--20);font-size:clamp(28.836px, 1.802rem + ((1vw - 3.2px) * 1.721), 50px);font-style:normal;font-weight:400;line-height:1.2;text-transform:uppercase\">Tu <span>c\u00f3modo<\/span> alojamiento<\/h2>\n\n\n\n<p class=\"has-custom-color-3-color has-text-color has-link-color wp-elements-408bbb4484fa93453f80dae4464c7636\" style=\"line-height:1.9\">Cada caba\u00f1a tiene una <strong>parcela espaciosa<\/strong> en un entorno tranquilo y verde. Las instalaciones de nuestros alojamientos te permitir\u00e1n disfrutar de una <strong>estancia<\/strong> despreocupada y <strong>relajante<\/strong>: TV, cocina totalmente equipada, aire acondicionado, ropa de cama c\u00f3moda&#8230; Ya est\u00e9s aqu\u00ed una semana o un fin de semana, encontrar\u00e1s la combinaci\u00f3n perfecta de <strong>naturaleza<\/strong>, <strong>comodidad <\/strong>y <strong>convivencia<\/strong>. Ya seas una pareja, un grupo de amigos o una familia, alquila una casa rural cerca de Soulac-sur-Mer y disfruta al m\u00e1ximo de la regi\u00f3n.  <\/p>\n\n\n\n<p class=\"has-custom-color-3-color has-text-color has-link-color wp-elements-51893235b164b2d95a60e18592324a78\" style=\"line-height:1.9\"><\/p>\n<\/div>\n\n\n\n<div class=\"wp-block-column left is-layout-flow wp-block-column-is-layout-flow\" style=\"flex-basis:50%\">\n<div class=\"wp-block-group is-layout-flow wp-block-group-is-layout-flow\">\n<div class=\"wp-block-group is-layout-flow wp-block-group-is-layout-flow\">\n<figure class=\"wp-block-image size-full is-resized gt-gsap-fadeIn\"><img decoding=\"async\" width=\"1875\" height=\"2192\" src=\"https:\/\/www.camping-des-familles.com\/wp-content\/uploads\/2025\/10\/MH-CABANE-CAMPING-MEDOC-e1759750658633.jpg\" alt=\"MH CABANE CAMPING MEDOC\" class=\"wp-image-1516\" style=\"width:auto;height:900px\" srcset=\"https:\/\/www.camping-des-familles.com\/wp-content\/uploads\/2025\/10\/MH-CABANE-CAMPING-MEDOC-e1759750658633.jpg 1875w, https:\/\/www.camping-des-familles.com\/wp-content\/uploads\/2025\/10\/MH-CABANE-CAMPING-MEDOC-e1759750658633-257x300.jpg 257w, https:\/\/www.camping-des-familles.com\/wp-content\/uploads\/2025\/10\/MH-CABANE-CAMPING-MEDOC-e1759750658633-876x1024.jpg 876w, https:\/\/www.camping-des-familles.com\/wp-content\/uploads\/2025\/10\/MH-CABANE-CAMPING-MEDOC-e1759750658633-768x898.jpg 768w, https:\/\/www.camping-des-familles.com\/wp-content\/uploads\/2025\/10\/MH-CABANE-CAMPING-MEDOC-e1759750658633-1314x1536.jpg 1314w, https:\/\/www.camping-des-familles.com\/wp-content\/uploads\/2025\/10\/MH-CABANE-CAMPING-MEDOC-e1759750658633-1752x2048.jpg 1752w\" sizes=\"(max-width: 1875px) 100vw, 1875px\" \/><\/figure>\n<\/div>\n<\/div>\n<\/div>\n<\/div>\n<\/section>\n\n<section class=\"wp-block-group page-maillage has-global-padding is-layout-constrained wp-block-group-is-layout-constrained\">\n<div class=\"wp-block-group is-horizontal is-layout-flex wp-container-core-group-is-layout-1b39ef27 wp-block-group-is-layout-flex\">\n<figure class=\"wp-block-image size-large\" style=\"margin-top:0px;margin-right:0px;margin-bottom:0px;margin-left:0px\"><img decoding=\"async\" width=\"63\" height=\"94\" src=\"https:\/\/www.camping-des-familles.com\/wp-content\/uploads\/2025\/09\/Vector-24.svg\" alt=\"Vector (24)\" class=\"wp-image-653\" style=\"object-fit:cover\"\/><\/figure>\n\n\n\n<div class=\"wp-block-group h1-like has-custom-color-1-color has-text-color has-link-color wp-elements-ef3c67efceaee8a8021d83bfa5bb86e7 has-global-padding is-layout-constrained wp-block-group-is-layout-constrained\">\n<p class=\"has-custom-color-3-color has-text-color has-link-color has-pp-woodland-font-family wp-elements-cb57dbcbc1596fe475d5e269f9b50056\" style=\"font-size:clamp(52.9px, 3.306rem + ((1vw - 3.2px) * 4.398), 107px);font-style:normal;font-weight:200;text-transform:uppercase\">Descubre<br\/><span>nuestros precios, ubicaciones y servicios<\/span><\/p>\n<\/div>\n<\/div>\n\n\n\n<div class=\"wp-block-query is-layout-flow wp-block-query-is-layout-flow\"><ul class=\"animated fadeInUp wp-block-post-template is-layout-flow wp-block-post-template-is-layout-flow\"><li class=\"wp-block-post post-2465 page type-page status-publish has-post-thumbnail hentry\">\n\n<figure class=\"wp-block-image\"><img decoding=\"async\" src=\"https:\/\/www.camping-des-familles.com\/wp-content\/uploads\/2025\/10\/camping-des-familles-medoc.jpg\" alt=\"Parcelas\"\/><\/figure>\n\n\n\n<p class=\"has-text-align-center has-base-2-color has-text-color has-link-color has-pp-woodland-font-family wp-elements-6ced9490183e5f4edfb72dbec622f35f\" style=\"font-size:clamp(18.959px, 1.185rem + ((1vw - 3.2px) * 0.898), 30px);text-transform:uppercase\">Parcelas<\/p>\n\n\n<a class=\"is-style-lien-cover wp-block-read-more\" href=\"https:\/\/www.camping-des-familles.com\/es\/alquila-una-parcela-grayan-et-l-hopital\/\" target=\"_self\">Leer m\u00e1s<span class=\"screen-reader-text\">: Parcelas<\/span><\/a>\n<\/li><li class=\"wp-block-post post-2565 page type-page status-publish has-post-thumbnail hentry\">\n\n<figure class=\"wp-block-image\"><img decoding=\"async\" src=\"https:\/\/www.camping-des-familles.com\/wp-content\/uploads\/2025\/10\/epicerie-a-proximite-du-camping-medoc.jpg\" alt=\"tienda de comestibles cerca del camping m\u00e9doc\"\/><\/figure>\n\n\n\n<p class=\"has-text-align-center has-base-2-color has-text-color has-link-color has-pp-woodland-font-family wp-elements-6ced9490183e5f4edfb72dbec622f35f\" style=\"font-size:clamp(18.959px, 1.185rem + ((1vw - 3.2px) * 0.898), 30px);text-transform:uppercase\">Nuestros servicios<\/p>\n\n\n<a class=\"is-style-lien-cover wp-block-read-more\" href=\"https:\/\/www.camping-des-familles.com\/es\/camping-servicios-grayan-et-l-hopital\/\" target=\"_self\">Leer m\u00e1s<span class=\"screen-reader-text\">: Nuestros servicios<\/span><\/a>\n<\/li><li class=\"wp-block-post post-2460 page type-page status-publish has-post-thumbnail hentry\">\n\n<figure class=\"wp-block-image\"><img decoding=\"async\" src=\"https:\/\/www.camping-des-familles.com\/wp-content\/uploads\/2025\/10\/malin-4-pers-c.jpg\" alt=\"malin-4-pers-c\"\/><\/figure>\n\n\n\n<p class=\"has-text-align-center has-base-2-color has-text-color has-link-color has-pp-woodland-font-family wp-elements-6ced9490183e5f4edfb72dbec622f35f\" style=\"font-size:clamp(18.959px, 1.185rem + ((1vw - 3.2px) * 0.898), 30px);text-transform:uppercase\">Tarifas y promociones<\/p>\n\n\n<a class=\"is-style-lien-cover wp-block-read-more\" href=\"https:\/\/www.camping-des-familles.com\/es\/camping-barato-grayan-et-l-hopital\/\" target=\"_self\">Leer m\u00e1s<span class=\"screen-reader-text\">: Tarifas y promociones<\/span><\/a>\n<\/li><\/ul><\/div>\n<\/section>\n","protected":false},"excerpt":{"rendered":"<p>Alquiler de casas rurales en el M\u00e9doc Descubre nuestro confortable alojamiento para unas vacaciones en plena libertad en una casa rural de alquiler en el M\u00e9doc. Situado en 2 hect\u00e1reas de parque arbolado, el Camping des Familles Ecolodge ofrece alojamientos adaptados a todas las necesidades: parejas, familias, surfistas o excursionistas. Situado a s\u00f3lo 5 km [&hellip;]<\/p>\n","protected":false},"author":1,"featured_media":1474,"parent":0,"menu_order":0,"comment_status":"closed","ping_status":"closed","template":"","meta":{"_acf_changed":false,"_seopress_robots_primary_cat":"","_seopress_titles_title":"Alquiler casa rural M\u00e9doc | Alquiler casa rural cerca de Soulac-sur-Mer","_seopress_titles_desc":"Alquila una caba\u00f1a, un albergue o un ecolodge en el Camping des Familles, cerca de Soulac-sur-Mer: alojamientos c\u00f3modos, espaciosos y bien equipados para unas vacaciones en familia o con amigos en el M\u00e9doc.","_seopress_robots_index":"","_gt_ctv_global_id":"14469","_gt_ctv_id_group":false,"inline_featured_image":false,"gt_fse_maillage_image":"https:\/\/www.camping-des-familles.com\/wp-content\/uploads\/2025\/10\/Locations-camping-des-familles-au-medoc.jpg","gt_fse_maillage_titre":"Alquileres","gt_fse_maillage_alt":"Alquiler de campings familiares en el M\u00e9doc","gt_fse_maillage_resume":"","_gt_maillage_image":0,"_gt_maillage_video":0,"_gt_maillage_title":"","footnotes":""},"categories":[],"tags":[],"class_list":["post-2533","page","type-page","status-publish","has-post-thumbnail","hentry"],"acf":[],"_links":{"self":[{"href":"https:\/\/www.camping-des-familles.com\/es\/wp-json\/wp\/v2\/pages\/2533","targetHints":{"allow":["GET"]}}],"collection":[{"href":"https:\/\/www.camping-des-familles.com\/es\/wp-json\/wp\/v2\/pages"}],"about":[{"href":"https:\/\/www.camping-des-familles.com\/es\/wp-json\/wp\/v2\/types\/page"}],"author":[{"embeddable":true,"href":"https:\/\/www.camping-des-familles.com\/es\/wp-json\/wp\/v2\/users\/1"}],"replies":[{"embeddable":true,"href":"https:\/\/www.camping-des-familles.com\/es\/wp-json\/wp\/v2\/comments?post=2533"}],"version-history":[{"count":31,"href":"https:\/\/www.camping-des-familles.com\/es\/wp-json\/wp\/v2\/pages\/2533\/revisions"}],"predecessor-version":[{"id":4695,"href":"https:\/\/www.camping-des-familles.com\/es\/wp-json\/wp\/v2\/pages\/2533\/revisions\/4695"}],"wp:featuredmedia":[{"embeddable":true,"href":"https:\/\/www.camping-des-familles.com\/es\/wp-json\/wp\/v2\/media\/1474"}],"wp:attachment":[{"href":"https:\/\/www.camping-des-familles.com\/es\/wp-json\/wp\/v2\/media?parent=2533"}],"wp:term":[{"taxonomy":"category","embeddable":true,"href":"https:\/\/www.camping-des-familles.com\/es\/wp-json\/wp\/v2\/categories?post=2533"},{"taxonomy":"post_tag","embeddable":true,"href":"https:\/\/www.camping-des-familles.com\/es\/wp-json\/wp\/v2\/tags?post=2533"}],"curies":[{"name":"wp","href":"https:\/\/api.w.org\/{rel}","templated":true}]}}