{"id":2509,"date":"2025-09-22T13:59:04","date_gmt":"2025-09-22T11:59:04","guid":{"rendered":"https:\/\/www.camping-des-familles.com\/camping-piscine-chauffee-grayan-et-l-hopital\/"},"modified":"2025-11-11T15:24:53","modified_gmt":"2025-11-11T14:24:53","slug":"camping-piscina-climatizada-grayan-et-l-hopital","status":"publish","type":"page","link":"https:\/\/www.camping-des-familles.com\/es\/camping-piscina-climatizada-grayan-et-l-hopital\/","title":{"rendered":"Zona acu\u00e1tica"},"content":{"rendered":"\n<section class=\"wp-block-group home-third bis has-global-padding is-layout-constrained wp-block-group-is-layout-constrained\">\n<div class=\"wp-block-columns is-layout-flex wp-container-core-columns-is-layout-28f84493 wp-block-columns-is-layout-flex\">\n<div class=\"wp-block-column is-vertically-aligned-center right is-layout-flow wp-block-column-is-layout-flow\" style=\"flex-basis:50%\">\n<h1 class=\"wp-block-heading has-text-align-left full-width has-damirone-font-family has-custom-color-1-color has-text-color\" style=\"margin-top:0px;margin-right:0px;margin-bottom:0px;margin-left:0px;padding-bottom:var(--wp--preset--spacing--20);font-size:clamp(28.836px, 1.802rem + ((1vw - 3.2px) * 1.721), 50px);font-style:normal;font-weight:400;line-height:1.2;text-transform:uppercase\">Camping con piscina climatizada <span>en el M\u00e9doc<\/span><\/h1>\n\n\n\n<p class=\"has-custom-color-3-color has-text-color has-link-color wp-elements-134c73da7d816288c3541e41945cbe6f\" style=\"line-height:1.9\">\u00bfQuieres refrescarte, relajarte o simplemente divertirte? El Camping des Familles Ecolodge dispone de un <g id=\"gid_0\">espacio acu\u00e1tico <\/g>para todos los gustos. Idealmente situado en Grayan-et-l&#8217;H\u00f4pital, nuestro camping con piscina climatizada en el M\u00e9doc ofrece un <g id=\"gid_1\">entorno relajante<\/g> en <g id=\"gid_2\">plena naturaleza<\/g>, a pocos minutos de las playas. A partir de la primavera, podr\u00e1s disfrutar del ba\u00f1o todo el a\u00f1o gracias a la<g id=\"gid_3\"> temperatura ideal del agua<\/g>. En tus pr\u00f3ximas vacaciones en un <a href=\"https:\/\/www.camping-des-familles.com\/es\/\" data-type=\"page\" data-id=\"8\">camping cerca de Soulac-sur-Mer<\/a>, sum\u00e9rgete en un <strong>mundo acu\u00e1tico para toda la familia<\/strong>.      <\/p>\n<\/div>\n\n\n\n<div class=\"wp-block-column left is-layout-flow wp-block-column-is-layout-flow\" style=\"flex-basis:50%\">\n<div class=\"wp-block-group is-layout-flow wp-block-group-is-layout-flow\">\n<div class=\"wp-block-group is-layout-flow wp-block-group-is-layout-flow\">\n<figure class=\"wp-block-image size-full is-resized gt-gsap-fadeIn\"><img decoding=\"async\" width=\"1920\" height=\"2560\" src=\"https:\/\/www.camping-des-familles.com\/wp-content\/uploads\/2025\/09\/image_ed0629-scaled.webp\" alt=\"imagen_ed0629\" class=\"wp-image-136\" style=\"width:auto;height:900px\" srcset=\"https:\/\/www.camping-des-familles.com\/wp-content\/uploads\/2025\/09\/image_ed0629-scaled.webp 1920w, https:\/\/www.camping-des-familles.com\/wp-content\/uploads\/2025\/09\/image_ed0629-225x300.webp 225w, https:\/\/www.camping-des-familles.com\/wp-content\/uploads\/2025\/09\/image_ed0629-768x1024.webp 768w, https:\/\/www.camping-des-familles.com\/wp-content\/uploads\/2025\/09\/image_ed0629-1152x1536.webp 1152w, https:\/\/www.camping-des-familles.com\/wp-content\/uploads\/2025\/09\/image_ed0629-1536x2048.webp 1536w\" sizes=\"(max-width: 1920px) 100vw, 1920px\" \/><\/figure>\n<\/div>\n<\/div>\n<\/div>\n<\/div>\n<\/section>\n\n<section class=\"wp-block-group home-fourth page-two has-custom-color-1-background-color has-background has-global-padding is-layout-constrained wp-block-group-is-layout-constrained\">\n<div class=\"wp-block-group top has-global-padding is-layout-constrained wp-block-group-is-layout-constrained\">\n<div class=\"wp-block-group has-global-padding is-content-justification-center is-layout-constrained wp-container-core-group-is-layout-519de150 wp-block-group-is-layout-constrained\" style=\"margin-top:0px;margin-right:0px;margin-bottom:0px;margin-left:0px\">\n<h2 class=\"wp-block-heading has-text-align-center full-width has-damirone-font-family has-base-2-color has-text-color\" style=\"margin-top:0px;margin-right:0px;margin-bottom:0px;margin-left:0px;font-size:clamp(24.034px, 1.502rem + ((1vw - 3.2px) * 1.298), 40px);font-style:normal;font-weight:400;line-height:1.2;text-transform:uppercase\"><span>Zona acu\u00e1tica<\/span> para peque\u00f1os y mayores<\/h2>\n<\/div>\n\n\n\n<div class=\"wp-block-group has-global-padding is-content-justification-center is-layout-constrained wp-container-core-group-is-layout-8f5500b1 wp-block-group-is-layout-constrained\" style=\"margin-top:0px;margin-right:0px;margin-bottom:0px;margin-left:0px;padding-bottom:var(--wp--preset--spacing--30)\">\n<p class=\"has-text-align-center full-width has-base-2-color has-text-color has-link-color has-poppins-font-family wp-elements-666cba2432026698936313d6dbe1794a\" style=\"margin-top:0px;margin-right:0px;margin-bottom:0px;margin-left:0px;font-size:clamp(14px, 0.875rem + ((1vw - 3.2px) * 0.325), 18px);font-style:normal;font-weight:300;line-height:1.9\">Nuestra zona acu\u00e1tica atrae a todas las generaciones: una <strong>gran piscina climatizada<\/strong> para nadar y relajarse, una<strong> piscina infantil para los m\u00e1s peque\u00f1os<\/strong>,<strong> divertidos juegos acu\u00e1ticos<\/strong>, un <strong>peque\u00f1o tobog\u00e1n para los ni\u00f1os<\/strong>&#8230; y amplias zonas alrededor de la piscina para tumbarse al sol. Todo el recinto es seguro para que los ni\u00f1os puedan jugar <g id=\"gid_4\">con toda tranquilidad<\/g>, bajo la atenta mirada de sus padres, ya que el ba\u00f1o no est\u00e1 supervisado. Es el lugar ideal para alternar <strong>ba\u00f1os<\/strong>, <strong>risas <\/strong>y <strong>momentos de complicidad<\/strong>.  <\/p>\n<\/div>\n<\/div>\n\n\n\n<div class=\"wp-block-cover alignfull blob-image gt-gsap-fadeInUp\" style=\"min-height:80vh;aspect-ratio:unset;\"><img decoding=\"async\" width=\"2000\" height=\"1500\" class=\"wp-block-cover__image-background wp-image-1218 size-full\" alt=\"piscine camping des familles au m\u00e9doc\" src=\"https:\/\/www.camping-des-familles.com\/wp-content\/uploads\/2025\/10\/piscine-camping-des-familles-au-medoc.jpg\" data-object-fit=\"cover\" srcset=\"https:\/\/www.camping-des-familles.com\/wp-content\/uploads\/2025\/10\/piscine-camping-des-familles-au-medoc.jpg 2000w, https:\/\/www.camping-des-familles.com\/wp-content\/uploads\/2025\/10\/piscine-camping-des-familles-au-medoc-300x225.jpg 300w, https:\/\/www.camping-des-familles.com\/wp-content\/uploads\/2025\/10\/piscine-camping-des-familles-au-medoc-1024x768.jpg 1024w, https:\/\/www.camping-des-familles.com\/wp-content\/uploads\/2025\/10\/piscine-camping-des-familles-au-medoc-768x576.jpg 768w, https:\/\/www.camping-des-familles.com\/wp-content\/uploads\/2025\/10\/piscine-camping-des-familles-au-medoc-1536x1152.jpg 1536w\" sizes=\"(max-width: 2000px) 100vw, 2000px\" \/><span aria-hidden=\"true\" class=\"wp-block-cover__background has-background-dim wp-block-cover__gradient-background has-background-gradient\" style=\"background:linear-gradient(0deg,rgb(1,1,1) 0%,rgba(0,0,0,0.34) 72%)\"><\/span><div class=\"wp-block-cover__inner-container is-layout-flow wp-block-cover-is-layout-flow\">\n<p class=\"has-text-align-center h1-like has-pp-woodland-font-family\" style=\"font-size:clamp(67.975px, 4.248rem + ((1vw - 3.2px) * 6.506), 148px);line-height:1\">Risas<br\/><span>Splash<\/span><\/p>\n<\/div><\/div>\n<\/section>\n\n<section class=\"wp-block-group home-third page-third has-global-padding is-layout-constrained wp-block-group-is-layout-constrained\">\n<div class=\"wp-block-columns is-layout-flex wp-container-core-columns-is-layout-28f84493 wp-block-columns-is-layout-flex\">\n<div class=\"wp-block-column left is-layout-flow wp-block-column-is-layout-flow\" style=\"flex-basis:50%\">\n<div data-swiper=\"{&quot;speed&quot;:400,&quot;spaceBetween&quot;:16,&quot;slidesPerView&quot;:1,&quot;createElements&quot;:true,&quot;loop&quot;:true,&quot;freemode&quot;:true,&quot;breakpoints&quot;:[{&quot;slidesPerView&quot;:1}],&quot;pagination&quot;:false,&quot;effect&quot;:&quot;fade&quot;,&quot;navigation&quot;:false}\" class=\"wp-block-group gt-is-slider gt-is-slider-desktop is-layout-flow wp-block-group-is-layout-flow\">\n<div class=\"wp-block-group is-layout-flow wp-block-group-is-layout-flow\">\n<figure class=\"wp-block-image size-full is-resized gt-gsap-fadeIn\"><img decoding=\"async\" width=\"942\" height=\"900\" src=\"https:\/\/www.camping-des-familles.com\/wp-content\/uploads\/2025\/10\/camping-avec-piscine-pres-de-Soulac-sur-Mer.jpg\" alt=\"camping con piscina cerca de Soulac-sur-Mer\" class=\"wp-image-1240\" style=\"width:auto;height:900px\" srcset=\"https:\/\/www.camping-des-familles.com\/wp-content\/uploads\/2025\/10\/camping-avec-piscine-pres-de-Soulac-sur-Mer.jpg 942w, https:\/\/www.camping-des-familles.com\/wp-content\/uploads\/2025\/10\/camping-avec-piscine-pres-de-Soulac-sur-Mer-300x287.jpg 300w, https:\/\/www.camping-des-familles.com\/wp-content\/uploads\/2025\/10\/camping-avec-piscine-pres-de-Soulac-sur-Mer-768x734.jpg 768w\" sizes=\"(max-width: 942px) 100vw, 942px\" \/><\/figure>\n<\/div>\n<\/div>\n<\/div>\n\n\n\n<div class=\"wp-block-column is-vertically-aligned-center right is-layout-flow wp-block-column-is-layout-flow\" style=\"flex-basis:50%\">\n<h2 class=\"wp-block-heading\" style=\"text-transform:uppercase\">Relajarse en un camping con piscina <span>cerca de Soulac-sur-Mer<\/span><\/h2>\n\n\n\n<p class=\"has-custom-color-3-color has-text-color has-link-color wp-elements-29103e76c41cc13797d7bcb4f069c25a\" style=\"line-height:1.9\">No hay nada como relajarse en una<strong> tumbona a la sombra de una sombrilla<\/strong>, o darse un <strong>refrescante chapuz\u00f3n <\/strong>despu\u00e9s de un paseo en bici. Tanto si prefieres relajarte como mantenerte activo, nuestro camping con piscina climatizada cerca de Soulac-sur-Mer te garantiza un aut\u00e9ntico momento de relax. La zona de la piscina es el <strong>coraz\u00f3n de la vida en el camping<\/strong>: un lugar donde reunirse, compartir y relajarse en un ambiente c\u00e1lido y familiar.    <\/p>\n\n\n\n<p class=\"has-custom-color-3-color has-text-color has-link-color wp-elements-d4362890cd8e4ee40c627507ec3bd688\"><strong>Las tardes junto al agua<\/strong>, tranquilas y apacibles, redondean d\u00edas ricos en descubrimientos y sonrisas.<\/p>\n<\/div>\n<\/div>\n<\/section>\n\n<section class=\"wp-block-group page-maillage has-global-padding is-layout-constrained wp-block-group-is-layout-constrained\">\n<div class=\"wp-block-group title-group is-horizontal is-layout-flex wp-container-core-group-is-layout-1b39ef27 wp-block-group-is-layout-flex\">\n<figure class=\"wp-block-image size-large\" style=\"margin-top:0px;margin-right:0px;margin-bottom:0px;margin-left:0px\"><img decoding=\"async\" width=\"63\" height=\"94\" src=\"https:\/\/www.camping-des-familles.com\/wp-content\/uploads\/2025\/09\/Vector-24.svg\" alt=\"Vector (24)\" class=\"wp-image-653\" style=\"object-fit:cover\"\/><\/figure>\n\n\n\n<div class=\"wp-block-group h1-like has-custom-color-1-color has-text-color has-link-color wp-elements-cbc16bdc2e102cd61b715254b577d8ca has-global-padding is-layout-constrained wp-block-group-is-layout-constrained\">\n<p class=\"has-custom-color-3-color has-text-color has-link-color has-pp-woodland-font-family wp-elements-56be56ede58705c03ca0937a9e0e351b\" style=\"font-size:clamp(52.9px, 3.306rem + ((1vw - 3.2px) * 4.398), 107px);font-style:normal;font-weight:200;text-transform:uppercase\">Descubre los <span>servicios, la gastronom\u00eda y el bienestar<\/span><\/p>\n<\/div>\n<\/div>\n\n\n\n<div class=\"wp-block-query is-layout-flow wp-block-query-is-layout-flow\"><ul class=\"animated fadeInUp wp-block-post-template is-layout-flow wp-block-post-template-is-layout-flow\"><li class=\"wp-block-post post-2606 page type-page status-publish has-post-thumbnail hentry\">\n\n<figure class=\"wp-block-image\"><img decoding=\"async\" src=\"https:\/\/www.camping-des-familles.com\/wp-content\/uploads\/2025\/10\/Zumba-au-camping-medoc-e1759409631954.jpg\" alt=\"Zumba en el camping de M\u00e9doc\"\/><\/figure>\n\n\n\n<p class=\"has-text-align-center has-base-2-color has-text-color has-link-color has-pp-woodland-font-family wp-elements-6ced9490183e5f4edfb72dbec622f35f\" style=\"font-size:clamp(18.959px, 1.185rem + ((1vw - 3.2px) * 0.898), 30px);text-transform:uppercase\">Nuestros eventos<\/p>\n\n\n<a class=\"is-style-lien-cover wp-block-read-more\" href=\"https:\/\/www.camping-des-familles.com\/es\/camping-animaciones-grayan-et-l-hopital\/\" target=\"_self\">Leer m\u00e1s<span class=\"screen-reader-text\">: Nuestros eventos<\/span><\/a>\n<\/li><li class=\"wp-block-post post-2565 page type-page status-publish has-post-thumbnail hentry\">\n\n<figure class=\"wp-block-image\"><img decoding=\"async\" src=\"https:\/\/www.camping-des-familles.com\/wp-content\/uploads\/2025\/10\/epicerie-a-proximite-du-camping-medoc.jpg\" alt=\"tienda de comestibles cerca del camping m\u00e9doc\"\/><\/figure>\n\n\n\n<p class=\"has-text-align-center has-base-2-color has-text-color has-link-color has-pp-woodland-font-family wp-elements-6ced9490183e5f4edfb72dbec622f35f\" style=\"font-size:clamp(18.959px, 1.185rem + ((1vw - 3.2px) * 0.898), 30px);text-transform:uppercase\">Nuestros servicios<\/p>\n\n\n<a class=\"is-style-lien-cover wp-block-read-more\" href=\"https:\/\/www.camping-des-familles.com\/es\/camping-servicios-grayan-et-l-hopital\/\" target=\"_self\">Leer m\u00e1s<span class=\"screen-reader-text\">: Nuestros servicios<\/span><\/a>\n<\/li><li class=\"wp-block-post post-2540 page type-page status-publish has-post-thumbnail hentry\">\n\n<figure class=\"wp-block-image\"><img decoding=\"async\" src=\"https:\/\/www.camping-des-familles.com\/wp-content\/uploads\/2025\/10\/soiree-moules-frites-camping-pres-de-Soulac-sur-Mer-e1759409962301.jpg\" alt=\"mejillones y patatas fritas noche de acampada cerca de Soulac-sur-Mer\"\/><\/figure>\n\n\n\n<p class=\"has-text-align-center has-base-2-color has-text-color has-link-color has-pp-woodland-font-family wp-elements-6ced9490183e5f4edfb72dbec622f35f\" style=\"font-size:clamp(18.959px, 1.185rem + ((1vw - 3.2px) * 0.898), 30px);text-transform:uppercase\">Catering<\/p>\n\n\n<a class=\"is-style-lien-cover wp-block-read-more\" href=\"https:\/\/www.camping-des-familles.com\/es\/bar-y-restaurante-grayan-et-l-hopital\/\" target=\"_self\">Leer m\u00e1s<span class=\"screen-reader-text\">: Catering<\/span><\/a>\n<\/li><\/ul><\/div>\n<\/section>\n","protected":false},"excerpt":{"rendered":"<p>Camping con piscina climatizada en el M\u00e9doc \u00bfQuieres refrescarte, relajarte o simplemente divertirte? El Camping des Familles Ecolodge dispone de un espacio acu\u00e1tico para todos los gustos. Idealmente situado en Grayan-et-l&#8217;H\u00f4pital, nuestro camping con piscina climatizada en el M\u00e9doc ofrece un entorno relajante en plena naturaleza, a pocos minutos de las playas. A partir de [&hellip;]<\/p>\n","protected":false},"author":1,"featured_media":2511,"parent":0,"menu_order":0,"comment_status":"closed","ping_status":"closed","template":"","meta":{"_acf_changed":false,"_seopress_robots_primary_cat":"","_seopress_titles_title":"Camping con piscina climatizada cerca de Soulac-sur-Mer, en el M\u00e9doc","_seopress_titles_desc":"En el Camping des Familles, cerca de Soulac-sur-Mer, disfruta de piscina climatizada, piscina infantil y juegos acu\u00e1ticos para ni\u00f1os. D\u00edas de ocio, relajaci\u00f3n y ba\u00f1o en familia en el M\u00e9doc. ","_seopress_robots_index":"","_gt_ctv_global_id":"14469","_gt_ctv_id_group":false,"inline_featured_image":false,"gt_fse_maillage_image":"https:\/\/www.camping-des-familles.com\/wp-content\/uploads\/2025\/10\/piscine-camping-des-familles.jpg","gt_fse_maillage_titre":"Zona acu\u00e1tica","gt_fse_maillage_alt":"piscina camping familiar","gt_fse_maillage_resume":"","_gt_maillage_image":0,"_gt_maillage_video":0,"_gt_maillage_title":"","footnotes":""},"categories":[],"tags":[],"class_list":["post-2509","page","type-page","status-publish","has-post-thumbnail","hentry"],"acf":[],"_links":{"self":[{"href":"https:\/\/www.camping-des-familles.com\/es\/wp-json\/wp\/v2\/pages\/2509","targetHints":{"allow":["GET"]}}],"collection":[{"href":"https:\/\/www.camping-des-familles.com\/es\/wp-json\/wp\/v2\/pages"}],"about":[{"href":"https:\/\/www.camping-des-familles.com\/es\/wp-json\/wp\/v2\/types\/page"}],"author":[{"embeddable":true,"href":"https:\/\/www.camping-des-familles.com\/es\/wp-json\/wp\/v2\/users\/1"}],"replies":[{"embeddable":true,"href":"https:\/\/www.camping-des-familles.com\/es\/wp-json\/wp\/v2\/comments?post=2509"}],"version-history":[{"count":16,"href":"https:\/\/www.camping-des-familles.com\/es\/wp-json\/wp\/v2\/pages\/2509\/revisions"}],"predecessor-version":[{"id":4364,"href":"https:\/\/www.camping-des-familles.com\/es\/wp-json\/wp\/v2\/pages\/2509\/revisions\/4364"}],"wp:featuredmedia":[{"embeddable":true,"href":"https:\/\/www.camping-des-familles.com\/es\/wp-json\/wp\/v2\/media\/2511"}],"wp:attachment":[{"href":"https:\/\/www.camping-des-familles.com\/es\/wp-json\/wp\/v2\/media?parent=2509"}],"wp:term":[{"taxonomy":"category","embeddable":true,"href":"https:\/\/www.camping-des-familles.com\/es\/wp-json\/wp\/v2\/categories?post=2509"},{"taxonomy":"post_tag","embeddable":true,"href":"https:\/\/www.camping-des-familles.com\/es\/wp-json\/wp\/v2\/tags?post=2509"}],"curies":[{"name":"wp","href":"https:\/\/api.w.org\/{rel}","templated":true}]}}