{"id":2494,"date":"2025-09-22T14:00:25","date_gmt":"2025-09-22T12:00:25","guid":{"rendered":"https:\/\/www.camping-des-familles.com\/activites-sportives-medoc\/"},"modified":"2025-11-11T10:27:14","modified_gmt":"2025-11-11T09:27:14","slug":"actividades-deportivas-medoc","status":"publish","type":"page","link":"https:\/\/www.camping-des-familles.com\/es\/actividades-deportivas-medoc\/","title":{"rendered":"Actividades deportivas"},"content":{"rendered":"\n<section class=\"wp-block-group home-third bis has-global-padding is-layout-constrained wp-block-group-is-layout-constrained\">\n<div class=\"wp-block-columns is-layout-flex wp-container-core-columns-is-layout-28f84493 wp-block-columns-is-layout-flex\">\n<div class=\"wp-block-column is-vertically-aligned-center right is-layout-flow wp-block-column-is-layout-flow\" style=\"flex-basis:50%\">\n<h1 class=\"wp-block-heading has-text-align-left full-width has-damirone-font-family has-custom-color-1-color has-text-color\" style=\"margin-top:0px;margin-right:0px;margin-bottom:0px;margin-left:0px;padding-bottom:var(--wp--preset--spacing--20);font-size:clamp(28.836px, 1.802rem + ((1vw - 3.2px) * 1.721), 50px);font-style:normal;font-weight:400;line-height:1.2;text-transform:uppercase\">Qu\u00e9 hacer en <span>el M\u00e9doc<\/span><\/h1>\n\n\n\n<p class=\"has-custom-color-3-color has-text-color has-link-color wp-elements-7d4e8b0433796fe9f9018fbe885b2764\" style=\"line-height:1.9\">En<strong> plena campi\u00f1a del M\u00e9doc<\/strong>, el Camping des Familles Ecolodge es la base ideal para <strong>unas vacaciones din\u00e1micas y variadas<\/strong>. Si te gusta el ciclismo, el surf o las actividades al aire libre, hay muchas formas de aprovechar al m\u00e1ximo tu estancia. Desde <a href=\"https:\/\/www.camping-des-familles.com\/es\/\" data-type=\"page\" data-id=\"8\">nuestro camping en el M\u00e9doc<\/a>, tienes f\u00e1cil acceso a multitud de<strong>actividades familiares en el M\u00e9doc<\/strong>, para grandes y peque\u00f1os.   <\/p>\n<\/div>\n\n\n\n<div class=\"wp-block-column left is-layout-flow wp-block-column-is-layout-flow\" style=\"flex-basis:50%\">\n<div class=\"wp-block-group is-layout-flow wp-block-group-is-layout-flow\">\n<div class=\"wp-block-group is-layout-flow wp-block-group-is-layout-flow\">\n<figure class=\"wp-block-image size-full is-resized gt-gsap-fadeIn\"><img decoding=\"async\" width=\"1707\" height=\"2048\" src=\"https:\/\/www.camping-des-familles.com\/wp-content\/uploads\/2025\/10\/Trottinette-bois-scaled-e1760616365770.jpg\" alt=\"Patinete de madera\" class=\"wp-image-2332\" style=\"width:auto;height:900px\" srcset=\"https:\/\/www.camping-des-familles.com\/wp-content\/uploads\/2025\/10\/Trottinette-bois-scaled-e1760616365770.jpg 1707w, https:\/\/www.camping-des-familles.com\/wp-content\/uploads\/2025\/10\/Trottinette-bois-scaled-e1760616365770-250x300.jpg 250w, https:\/\/www.camping-des-familles.com\/wp-content\/uploads\/2025\/10\/Trottinette-bois-scaled-e1760616365770-854x1024.jpg 854w, https:\/\/www.camping-des-familles.com\/wp-content\/uploads\/2025\/10\/Trottinette-bois-scaled-e1760616365770-768x921.jpg 768w, https:\/\/www.camping-des-familles.com\/wp-content\/uploads\/2025\/10\/Trottinette-bois-scaled-e1760616365770-1280x1536.jpg 1280w\" sizes=\"(max-width: 1707px) 100vw, 1707px\" \/><\/figure>\n<\/div>\n<\/div>\n<\/div>\n<\/div>\n<\/section>\n\n<section id=\"trottinette-electrique\" class=\"wp-block-group home-fourth page-two has-custom-color-1-background-color has-background has-global-padding is-layout-constrained wp-block-group-is-layout-constrained\">\n<div class=\"wp-block-group has-global-padding is-content-justification-center is-layout-constrained wp-container-core-group-is-layout-519de150 wp-block-group-is-layout-constrained\" style=\"margin-top:0px;margin-right:0px;margin-bottom:0px;margin-left:0px\">\n<h2 class=\"wp-block-heading has-text-align-center full-width has-damirone-font-family has-base-2-color has-text-color\" style=\"margin-top:0px;margin-right:0px;margin-bottom:0px;margin-left:0px;font-size:clamp(24.034px, 1.502rem + ((1vw - 3.2px) * 1.298), 40px);font-style:normal;font-weight:400;line-height:1.2;text-transform:uppercase\">Alquiler <span>de scooters el\u00e9ctricos todoterreno<\/span> <\/h2>\n<\/div>\n\n\n\n<div class=\"wp-block-group has-global-padding is-content-justification-center is-layout-constrained wp-container-core-group-is-layout-8f5500b1 wp-block-group-is-layout-constrained\" style=\"margin-top:0px;margin-right:0px;margin-bottom:0px;margin-left:0px;padding-bottom:var(--wp--preset--spacing--30)\">\n<p class=\"has-text-align-center full-width has-base-2-color has-text-color has-link-color has-poppins-font-family wp-elements-d9fc3fd1d3bb8e7962fa67210ad0a84a\" style=\"margin-top:0px;margin-right:0px;margin-bottom:0px;margin-left:0px;font-size:clamp(14px, 0.875rem + ((1vw - 3.2px) * 0.325), 18px);font-style:normal;font-weight:300;line-height:1.9\">Para explorar los alrededores de una forma diferente y descubrir el <a href=\"https:\/\/www.camping-des-familles.com\/es\/patrimonio-cultura-medoc\/\" data-type=\"page\" data-id=\"52\">patrimonio y la cultura del M\u00e9doc<\/a>, \u00a1prueba el <strong>patinete el\u00e9ctrico todoterreno<\/strong>! Accesible para todos, se puede alquilar directamente en el camping y permite recorrer los <strong>senderos forestales<\/strong> y las <strong>pistas ciclables<\/strong> de una forma divertida. El alquiler est\u00e1 disponible por periodos de 4 horas o por d\u00edas, a partir de los 14 a\u00f1os. Una <strong>actividad original y ecol\u00f3gica<\/strong>, perfecta para descubrir Grayan-et-l&#8217;H\u00f4pital y sus alrededores sin esfuerzo y divirti\u00e9ndose.<\/p>\n\n\n\n<div class=\"wp-block-buttons is-content-justification-center is-layout-flex wp-container-core-buttons-is-layout-a89b3969 wp-block-buttons-is-layout-flex\">\n<div class=\"wp-block-button has-custom-width wp-block-button__width-25 is-style-outline is-style-outline--1\"><a class=\"wp-block-button__link has-base-color has-text-color has-link-color wp-element-button\" href=\"https:\/\/www.camping-des-familles.com\/wp-content\/uploads\/2025\/11\/tarif-et-plan-location-trott-V2.pdf\" target=\"_blank\" rel=\"noreferrer noopener\">Tarifas de alquiler<\/a><\/div>\n<\/div>\n<\/div>\n\n\n\n<div class=\"wp-block-cover alignfull blob-image gt-gsap-fadeInUp\" style=\"min-height:80vh;aspect-ratio:unset;\"><img decoding=\"async\" width=\"2560\" height=\"1362\" class=\"wp-block-cover__image-background wp-image-2335 size-full\" alt=\"Trottinette tout terrain dunes\" src=\"https:\/\/www.camping-des-familles.com\/wp-content\/uploads\/2025\/10\/Trottinette-tout-terrain-dunes-scaled.jpg\" data-object-fit=\"cover\" srcset=\"https:\/\/www.camping-des-familles.com\/wp-content\/uploads\/2025\/10\/Trottinette-tout-terrain-dunes-scaled.jpg 2560w, https:\/\/www.camping-des-familles.com\/wp-content\/uploads\/2025\/10\/Trottinette-tout-terrain-dunes-300x160.jpg 300w, https:\/\/www.camping-des-familles.com\/wp-content\/uploads\/2025\/10\/Trottinette-tout-terrain-dunes-1024x545.jpg 1024w, https:\/\/www.camping-des-familles.com\/wp-content\/uploads\/2025\/10\/Trottinette-tout-terrain-dunes-768x409.jpg 768w, https:\/\/www.camping-des-familles.com\/wp-content\/uploads\/2025\/10\/Trottinette-tout-terrain-dunes-1536x817.jpg 1536w, https:\/\/www.camping-des-familles.com\/wp-content\/uploads\/2025\/10\/Trottinette-tout-terrain-dunes-2048x1090.jpg 2048w\" sizes=\"(max-width: 2560px) 100vw, 2560px\" \/><span aria-hidden=\"true\" class=\"wp-block-cover__background has-background-dim wp-block-cover__gradient-background has-background-gradient\" style=\"background:linear-gradient(0deg,rgb(1,1,1) 0%,rgba(0,0,0,0.34) 72%)\"><\/span><div class=\"wp-block-cover__inner-container is-layout-flow wp-block-cover-is-layout-flow\">\n<p class=\"has-text-align-center h1-like has-pp-woodland-font-family\" style=\"font-size:clamp(67.975px, 4.248rem + ((1vw - 3.2px) * 6.506), 148px);line-height:1\">Todos los<span>terrenos de<\/span><br\/><span><\/span><\/p>\n<\/div><\/div>\n<\/section>\n\n<section class=\"wp-block-group home-third page-third has-global-padding is-layout-constrained wp-block-group-is-layout-constrained\">\n<div class=\"wp-block-columns is-layout-flex wp-container-core-columns-is-layout-28f84493 wp-block-columns-is-layout-flex\">\n<div class=\"wp-block-column left is-layout-flow wp-block-column-is-layout-flow\" style=\"flex-basis:50%\">\n<div data-swiper=\"{&quot;speed&quot;:400,&quot;spaceBetween&quot;:16,&quot;slidesPerView&quot;:1,&quot;createElements&quot;:true,&quot;loop&quot;:true,&quot;freemode&quot;:true,&quot;breakpoints&quot;:[{&quot;slidesPerView&quot;:1}],&quot;pagination&quot;:false,&quot;effect&quot;:&quot;fade&quot;,&quot;navigation&quot;:false}\" class=\"wp-block-group gt-is-slider gt-is-slider-desktop is-layout-flow wp-block-group-is-layout-flow\">\n<div class=\"wp-block-group is-layout-flow wp-block-group-is-layout-flow\">\n<figure class=\"wp-block-image size-full is-resized gt-gsap-fadeIn\"><img decoding=\"async\" width=\"1293\" height=\"1250\" src=\"https:\/\/www.camping-des-familles.com\/wp-content\/uploads\/2025\/10\/balades-a-poney--e1759502817135.jpg\" alt=\"paseos en poni\" class=\"wp-image-1440\" style=\"width:auto;height:900px\" srcset=\"https:\/\/www.camping-des-familles.com\/wp-content\/uploads\/2025\/10\/balades-a-poney--e1759502817135.jpg 1293w, https:\/\/www.camping-des-familles.com\/wp-content\/uploads\/2025\/10\/balades-a-poney--e1759502817135-300x290.jpg 300w, https:\/\/www.camping-des-familles.com\/wp-content\/uploads\/2025\/10\/balades-a-poney--e1759502817135-1024x990.jpg 1024w, https:\/\/www.camping-des-familles.com\/wp-content\/uploads\/2025\/10\/balades-a-poney--e1759502817135-768x742.jpg 768w\" sizes=\"(max-width: 1293px) 100vw, 1293px\" \/><\/figure>\n<\/div>\n<\/div>\n<\/div>\n\n\n\n<div class=\"wp-block-column is-vertically-aligned-center right is-layout-flow wp-block-column-is-layout-flow\" style=\"flex-basis:50%\">\n<h2 class=\"wp-block-heading\" style=\"text-transform:uppercase\">Actividades para ni\u00f1os <span>cerca del camping<\/span><\/h2>\n\n\n\n<p class=\"has-custom-color-3-color has-text-color has-link-color wp-elements-0190d3787db4f1cf9e106c55be298b15\" style=\"line-height:1.9\">Grayan-et-l&#8217;H\u00f4pital, enclavado <strong>entre pinares y playas salvajes<\/strong>, ofrece multitud de actividades para tus hijos. A las familias les encantar\u00e1 el <g id=\"gid_1\">Parque de la Aventura de Montalivet<\/g>, con sus <g id=\"gid_2\">recorridos de escalada de \u00e1rboles<\/g> y<g id=\"gid_3\"> juegos al aire libre<\/g>. Tambi\u00e9n hay muchas<strong> actividades para ni\u00f1os<\/strong> cerca de Soulac-sur-Mer, como minigolf, paseos en poni y en minitren, un parque urbano (a 5 minutos a pie), bodysurf en la Plage du Gurp, iniciaci\u00f3n a la pesca \u00a1e incluso <a href=\"https:\/\/www.laforetderobin.com\/\" target=\"_blank\" rel=\"noreferrer noopener nofollow\">iniciaci\u00f3n al tiro con arco<\/a>!  <\/p>\n<\/div>\n<\/div>\n<\/section>\n\n<section class=\"wp-block-group home-third bis has-global-padding is-layout-constrained wp-block-group-is-layout-constrained\">\n<div class=\"wp-block-columns is-layout-flex wp-container-core-columns-is-layout-28f84493 wp-block-columns-is-layout-flex\">\n<div class=\"wp-block-column is-vertically-aligned-center right is-layout-flow wp-block-column-is-layout-flow\" style=\"flex-basis:50%\">\n<h2 class=\"wp-block-heading has-text-align-left full-width has-damirone-font-family has-custom-color-1-color has-text-color\" style=\"margin-top:0px;margin-right:0px;margin-bottom:0px;margin-left:0px;padding-bottom:var(--wp--preset--spacing--20);font-size:clamp(28.836px, 1.802rem + ((1vw - 3.2px) * 1.721), 50px);font-style:normal;font-weight:400;line-height:1.2;text-transform:uppercase\">Actividades <span>para toda la familia<\/span><\/h2>\n\n\n\n<p class=\"has-custom-color-3-color has-text-color has-link-color wp-elements-7cd915701494c17536a463eb8c67867c\" style=\"line-height:1.9\">El <a href=\"https:\/\/www.camping-des-familles.com\/es\/gastronomia-vino-medoc\/\" data-type=\"page\" data-id=\"58\">M\u00e9doc<\/a> es tambi\u00e9n un gran lugar para descubrir con toda la familia, con <strong>paseos en bicicleta<\/strong> por el <a href=\"https:\/\/www.lavelodyssee.com\/\" target=\"_blank\" rel=\"noreferrer noopener\">V\u00e9lodyss\u00e9e<\/a>, <strong>mercados locales<\/strong>, <strong>paseos en barco<\/strong>, <strong>picnics en la playa<\/strong> y <strong>visitas a bodegas <\/strong>para descubrir la gastronom\u00eda y los vinos del M\u00e9doc.<\/p>\n\n\n\n<p class=\"has-custom-color-3-color has-text-color has-link-color wp-elements-d268cf40725c6bf0344029ba39f564a1\" style=\"line-height:1.9\">Los amantes de la naturaleza disfrutar\u00e1n paseando a pie o en bicicleta por la <strong>campi\u00f1a virgen<\/strong>, mientras que los aficionados al surf podr\u00e1n <strong>disfrutar de las olas de la Plage du Gurp<\/strong>. Aprovecha los <strong>eventos locales<\/strong> organizados durante el verano: <a href=\"https:\/\/www.soulac1900.com\/\" target=\"_blank\" rel=\"noreferrer noopener nofollow\">Soulac 1900<\/a>, el <a href=\"https:\/\/www.westeurobikes.com\/show-bike-montalivet\/\" target=\"_blank\" rel=\"noreferrer noopener nofollow\">Showbike de Montalivet<\/a>, la <a href=\"https:\/\/www.medoc-atlantique.com\/tous-les-grands-evenements\/fetes-de-la-mer\/\" target=\"_blank\" rel=\"noreferrer noopener nofollow\">Fiesta del Mar<\/a> desde las playas de Verdon a las de Lacanau y el <a href=\"https:\/\/www.marathondumedoc.com\/\" target=\"_blank\" rel=\"noreferrer noopener nofollow\">Marat\u00f3n de los Castillos del M\u00e9doc<\/a>. <\/p>\n\n\n\n<p class=\"has-custom-color-3-color has-text-color has-link-color wp-elements-b481750374264e7bf5eaa304018fac79\" style=\"line-height:1.9\">Los amantes de la historia podr\u00e1n seguir los pasos de los <strong>peregrinos en el Camino de Santiago<\/strong>, visitando la <a href=\"https:\/\/www.medoc-atlantique.com\/sit\/la-chapelle-saint-jean-baptiste-de-lhopital-7098846\/\" target=\"_blank\" rel=\"noreferrer noopener nofollow\">capilla Saint-Jean-Baptiste de l&#8217;H\u00f4pital<\/a>. Por \u00faltimo, eventos locales como la <strong>carrera de motocross Gurp TT<\/strong> o los <strong>festivales de verano<\/strong> animan la regi\u00f3n durante todo el a\u00f1o.<\/p>\n<\/div>\n\n\n\n<div class=\"wp-block-column left is-layout-flow wp-block-column-is-layout-flow\" style=\"flex-basis:50%\">\n<div class=\"wp-block-group is-layout-flow wp-block-group-is-layout-flow\">\n<div class=\"wp-block-group is-layout-flow wp-block-group-is-layout-flow\">\n<figure class=\"wp-block-image size-full is-resized gt-gsap-fadeIn\"><img decoding=\"async\" width=\"550\" height=\"533\" src=\"https:\/\/www.camping-des-familles.com\/wp-content\/uploads\/2025\/10\/chemin-compostelle-GRAYAN-e1759503294892.jpg\" alt=\"chemin compostelle GRAYAN\" class=\"wp-image-1458\" style=\"width:auto;height:900px\" srcset=\"https:\/\/www.camping-des-familles.com\/wp-content\/uploads\/2025\/10\/chemin-compostelle-GRAYAN-e1759503294892.jpg 550w, https:\/\/www.camping-des-familles.com\/wp-content\/uploads\/2025\/10\/chemin-compostelle-GRAYAN-e1759503294892-300x291.jpg 300w\" sizes=\"(max-width: 550px) 100vw, 550px\" \/><\/figure>\n<\/div>\n<\/div>\n<\/div>\n<\/div>\n<\/section>\n\n<section class=\"wp-block-group home-third page-third has-global-padding is-layout-constrained wp-block-group-is-layout-constrained\">\n<div class=\"wp-block-columns is-layout-flex wp-container-core-columns-is-layout-28f84493 wp-block-columns-is-layout-flex\">\n<div class=\"wp-block-column left is-layout-flow wp-block-column-is-layout-flow\" style=\"flex-basis:50%\">\n<div data-swiper=\"{&quot;speed&quot;:400,&quot;spaceBetween&quot;:16,&quot;slidesPerView&quot;:1,&quot;createElements&quot;:true,&quot;loop&quot;:true,&quot;freemode&quot;:true,&quot;breakpoints&quot;:[{&quot;slidesPerView&quot;:1}],&quot;pagination&quot;:false,&quot;effect&quot;:&quot;fade&quot;,&quot;navigation&quot;:false}\" class=\"wp-block-group gt-is-slider gt-is-slider-desktop is-layout-flow wp-block-group-is-layout-flow\">\n<div class=\"wp-block-group is-layout-flow wp-block-group-is-layout-flow\">\n<figure class=\"wp-block-image size-full is-resized gt-gsap-fadeIn\"><img decoding=\"async\" width=\"1024\" height=\"1024\" src=\"https:\/\/www.camping-des-familles.com\/wp-content\/uploads\/2025\/10\/peche-aux-etangs-de-la-Barreyre-edited.jpg\" alt=\"pesca en los estanques de Barreyre\" class=\"wp-image-2377\" style=\"width:auto;height:900px\" srcset=\"https:\/\/www.camping-des-familles.com\/wp-content\/uploads\/2025\/10\/peche-aux-etangs-de-la-Barreyre-edited.jpg 1024w, https:\/\/www.camping-des-familles.com\/wp-content\/uploads\/2025\/10\/peche-aux-etangs-de-la-Barreyre-edited-300x300.jpg 300w, https:\/\/www.camping-des-familles.com\/wp-content\/uploads\/2025\/10\/peche-aux-etangs-de-la-Barreyre-edited-150x150.jpg 150w, https:\/\/www.camping-des-familles.com\/wp-content\/uploads\/2025\/10\/peche-aux-etangs-de-la-Barreyre-edited-768x768.jpg 768w\" sizes=\"(max-width: 1024px) 100vw, 1024px\" \/><\/figure>\n<\/div>\n<\/div>\n<\/div>\n\n\n\n<div class=\"wp-block-column is-vertically-aligned-center right is-layout-flow wp-block-column-is-layout-flow\" style=\"flex-basis:50%\">\n<h3 class=\"wp-block-heading full-width has-damirone-font-family has-custom-color-1-color has-text-color\" style=\"margin-top:0px;margin-right:0px;margin-bottom:0px;margin-left:0px;padding-bottom:var(--wp--preset--spacing--20);font-size:clamp(28.836px, 1.802rem + ((1vw - 3.2px) * 1.721), 50px);font-style:normal;font-weight:400;line-height:1.2;text-transform:uppercase\">Actividades al aire libre <strong><strong>en el M\u00e9doc<\/strong>: pesca, golf y skate park<\/strong><\/h3>\n\n\n\n<p class=\"has-custom-color-3-color has-text-color has-link-color wp-elements-dd3cc7e0d2011ade157534dc9ec47535\" style=\"line-height:1.9\">\u00c0 proximit\u00e9 du Camping des Familles Ecolodge, plusieurs activit\u00e9s raviront petits et grands : la <strong>p\u00eache aux \u00e9tangs de la Barreyre<\/strong> (5 min en voiture) pour un moment de calme au bord de l\u2019eau, une partie de <strong>golf au Golf de Balata<\/strong> pour les amateurs de pr\u00e9cision, ou encore une s\u00e9ance de glisse au <strong><a href=\"https:\/\/www.medoc-atlantique.com\/sit\/pumptrack-7107952\/\" target=\"_blank\" rel=\"noreferrer noopener nofollow\">Pumptrack et Skate Park de Grayan<\/a><\/strong>. Entre naturaleza, deporte y relajaci\u00f3n, estas variadas actividades le prometen unas vacaciones animadas y agradables en el coraz\u00f3n del M\u00e9doc.<\/p>\n<\/div>\n<\/div>\n<\/section>\n\n<section class=\"wp-block-group home-fourth page-two has-custom-color-1-background-color has-background has-global-padding is-layout-constrained wp-block-group-is-layout-constrained\">\n<div class=\"wp-block-group has-global-padding is-content-justification-center is-layout-constrained wp-container-core-group-is-layout-519de150 wp-block-group-is-layout-constrained\" style=\"margin-top:0px;margin-right:0px;margin-bottom:0px;margin-left:0px\">\n<h2 class=\"wp-block-heading has-text-align-center full-width has-damirone-font-family has-base-2-color has-text-color\" style=\"margin-top:0px;margin-right:0px;margin-bottom:0px;margin-left:0px;font-size:clamp(24.034px, 1.502rem + ((1vw - 3.2px) * 1.298), 40px);font-style:normal;font-weight:400;line-height:1.2;text-transform:uppercase\">Nuestras actividades deportivas <span>cerca de Soulac-sur-Mer<\/span><\/h2>\n\n\n\n<p class=\"has-text-align-center has-base-color has-text-color has-link-color wp-elements-22c105ca4a0963d6c464c88f3c618bf3\">\u00bfBuscas emociones fuertes? Prueba a <g id=\"gid_0\">hacer surf<\/g>, <g id=\"gid_1\">moto acu\u00e1tica<\/g>, <g id=\"gid_2\">paddle board <\/g>o <g id=\"gid_3\">submarinismo<\/g>. <g id=\"gid_4\">La playa de Montalivet y Soulac-sur-Mer<\/g> son<g id=\"gid_5\"> lugares muy conocidos<\/g> para practicar deportes acu\u00e1ticos en el M\u00e9doc. Los amantes de la naturaleza no se quedar\u00e1n atr\u00e1s con el <strong>senderismo<\/strong>, la <strong>equitaci\u00f3n <\/strong>o el <strong>pirag\u00fcismo <\/strong>en los lagos y r\u00edos. Alquiler <span>de scooters el\u00e9ctricos todoterreno<\/span>    <\/p>\n\n\n\n<div style=\"height:45px\" aria-hidden=\"true\" class=\"wp-block-spacer gt-hide-mobile\"><\/div>\n<\/div>\n\n\n\n<div class=\"wp-block-cover alignfull blob-image gt-gsap-fadeInUp\" style=\"min-height:80vh;aspect-ratio:unset;\"><img decoding=\"async\" width=\"2560\" height=\"1707\" class=\"wp-block-cover__image-background wp-image-2360 size-full\" alt=\"sortie surf\" src=\"https:\/\/www.camping-des-familles.com\/wp-content\/uploads\/2025\/10\/sortie-surf-1-scaled.jpg\" data-object-fit=\"cover\" srcset=\"https:\/\/www.camping-des-familles.com\/wp-content\/uploads\/2025\/10\/sortie-surf-1-scaled.jpg 2560w, https:\/\/www.camping-des-familles.com\/wp-content\/uploads\/2025\/10\/sortie-surf-1-300x200.jpg 300w, https:\/\/www.camping-des-familles.com\/wp-content\/uploads\/2025\/10\/sortie-surf-1-1024x683.jpg 1024w, https:\/\/www.camping-des-familles.com\/wp-content\/uploads\/2025\/10\/sortie-surf-1-768x512.jpg 768w, https:\/\/www.camping-des-familles.com\/wp-content\/uploads\/2025\/10\/sortie-surf-1-1536x1024.jpg 1536w, https:\/\/www.camping-des-familles.com\/wp-content\/uploads\/2025\/10\/sortie-surf-1-2048x1365.jpg 2048w\" sizes=\"(max-width: 2560px) 100vw, 2560px\" \/><span aria-hidden=\"true\" class=\"wp-block-cover__background has-background-dim wp-block-cover__gradient-background has-background-gradient\" style=\"background:linear-gradient(0deg,rgb(1,1,1) 0%,rgba(0,0,0,0.34) 72%)\"><\/span><div class=\"wp-block-cover__inner-container is-layout-flow wp-block-cover-is-layout-flow\">\n<p class=\"has-text-align-center h1-like has-pp-woodland-font-family\" style=\"font-size:clamp(67.975px, 4.248rem + ((1vw - 3.2px) * 6.506), 148px);line-height:1\">Deportes<br\/><\/p>\n<\/div><\/div>\n<\/section>\n\n<section class=\"wp-block-group page-maillage has-global-padding is-layout-constrained wp-block-group-is-layout-constrained\">\n<div class=\"wp-block-group is-horizontal is-layout-flex wp-container-core-group-is-layout-1b39ef27 wp-block-group-is-layout-flex\">\n<figure class=\"wp-block-image size-large\" style=\"margin-top:0px;margin-right:0px;margin-bottom:0px;margin-left:0px\"><img decoding=\"async\" width=\"63\" height=\"94\" src=\"https:\/\/www.camping-des-familles.com\/wp-content\/uploads\/2025\/09\/Vector-24.svg\" alt=\"Vector (24)\" class=\"wp-image-653\" style=\"object-fit:cover\"\/><\/figure>\n\n\n\n<div class=\"wp-block-group h1-like has-custom-color-1-color has-text-color has-link-color wp-elements-ec9469685ea0f3f08824a36e2b809218 has-global-padding is-layout-constrained wp-block-group-is-layout-constrained\">\n<p class=\"has-custom-color-3-color has-text-color has-link-color has-pp-woodland-font-family wp-elements-c56b157a57a8a6183d5b38a8870a7318\" style=\"font-size:clamp(52.9px, 3.306rem + ((1vw - 3.2px) * 4.398), 107px);font-style:normal;font-weight:200;text-transform:uppercase\">Descubre<span>la historia, los sabores y las playas de<\/span><br\/><span><\/span><\/p>\n<\/div>\n<\/div>\n\n\n\n<div class=\"wp-block-query is-layout-flow wp-block-query-is-layout-flow\"><ul class=\"animated fadeInUp wp-block-post-template is-layout-flow wp-block-post-template-is-layout-flow\"><li class=\"wp-block-post post-2422 page type-page status-publish has-post-thumbnail hentry\">\n\n<figure class=\"wp-block-image\"><img decoding=\"async\" src=\"https:\/\/www.camping-des-familles.com\/wp-content\/uploads\/2025\/10\/Gastronomie-et-vins-scaled.jpg\" alt=\"Gastronom\u00eda y vino\"\/><\/figure>\n\n\n\n<p class=\"has-text-align-center has-base-2-color has-text-color has-link-color has-pp-woodland-font-family wp-elements-6ced9490183e5f4edfb72dbec622f35f\" style=\"font-size:clamp(18.959px, 1.185rem + ((1vw - 3.2px) * 0.898), 30px);text-transform:uppercase\">Gastronom\u00eda y vino<\/p>\n\n\n<a class=\"is-style-lien-cover wp-block-read-more\" href=\"https:\/\/www.camping-des-familles.com\/es\/gastronomia-vino-medoc\/\" target=\"_self\">Leer m\u00e1s<span class=\"screen-reader-text\">: Gastronom\u00eda y vino<\/span><\/a>\n<\/li><li class=\"wp-block-post post-2476 page type-page status-publish has-post-thumbnail hentry\">\n\n<figure class=\"wp-block-image\"><img decoding=\"async\" src=\"https:\/\/www.camping-des-familles.com\/wp-content\/uploads\/2025\/10\/vue-aerienne-ocean-plage.jpg\" alt=\"Las playas\"\/><\/figure>\n\n\n\n<p class=\"has-text-align-center has-base-2-color has-text-color has-link-color has-pp-woodland-font-family wp-elements-6ced9490183e5f4edfb72dbec622f35f\" style=\"font-size:clamp(18.959px, 1.185rem + ((1vw - 3.2px) * 0.898), 30px);text-transform:uppercase\">Las playas<\/p>\n\n\n<a class=\"is-style-lien-cover wp-block-read-more\" href=\"https:\/\/www.camping-des-familles.com\/es\/turismo-playas-medoc\/\" target=\"_self\">Leer m\u00e1s<span class=\"screen-reader-text\">: Las playas<\/span><\/a>\n<\/li><li class=\"wp-block-post post-2491 page type-page status-publish has-post-thumbnail hentry\">\n\n<figure class=\"wp-block-image\"><img decoding=\"async\" src=\"https:\/\/www.camping-des-familles.com\/wp-content\/uploads\/2025\/10\/Soulac-sur-Mer.jpg\" alt=\"Patrimonio y cultura\"\/><\/figure>\n\n\n\n<p class=\"has-text-align-center has-base-2-color has-text-color has-link-color has-pp-woodland-font-family wp-elements-6ced9490183e5f4edfb72dbec622f35f\" style=\"font-size:clamp(18.959px, 1.185rem + ((1vw - 3.2px) * 0.898), 30px);text-transform:uppercase\">Patrimonio y cultura<\/p>\n\n\n<a class=\"is-style-lien-cover wp-block-read-more\" href=\"https:\/\/www.camping-des-familles.com\/es\/patrimonio-cultura-medoc\/\" target=\"_self\">Leer m\u00e1s<span class=\"screen-reader-text\">: Patrimonio y cultura<\/span><\/a>\n<\/li><\/ul><\/div>\n<\/section>\n","protected":false},"excerpt":{"rendered":"<p>Qu\u00e9 hacer en el M\u00e9doc En plena campi\u00f1a del M\u00e9doc, el Camping des Familles Ecolodge es la base ideal para unas vacaciones din\u00e1micas y variadas. Si te gusta el ciclismo, el surf o las actividades al aire libre, hay muchas formas de aprovechar al m\u00e1ximo tu estancia. Desde nuestro camping en el M\u00e9doc, tienes f\u00e1cil [&hellip;]<\/p>\n","protected":false},"author":1,"featured_media":1468,"parent":0,"menu_order":0,"comment_status":"closed","ping_status":"closed","template":"","meta":{"_acf_changed":false,"_seopress_robots_primary_cat":"","_seopress_titles_title":"Actividades deportivas cerca de Soulac-sur-Mer en el M\u00e9doc","_seopress_titles_desc":"Desde el Camping des Familles, cerca de Soulac-sur-Mer, disfruta de una gran variedad de actividades deportivas en el M\u00e9doc: surf, paddle-board, ciclismo, patinetes el\u00e9ctricos, equitaci\u00f3n y actividades de ocio para toda la familia.","_seopress_robots_index":"","_gt_ctv_global_id":"14469","_gt_ctv_id_group":false,"inline_featured_image":false,"gt_fse_maillage_image":"https:\/\/www.camping-des-familles.com\/wp-content\/uploads\/2025\/10\/kayak_activites.jpg","gt_fse_maillage_titre":"Actividades deportivas","gt_fse_maillage_alt":"Actividades deportivas","gt_fse_maillage_resume":"","_gt_maillage_image":0,"_gt_maillage_video":0,"_gt_maillage_title":"","footnotes":""},"categories":[],"tags":[],"class_list":["post-2494","page","type-page","status-publish","has-post-thumbnail","hentry"],"acf":[],"_links":{"self":[{"href":"https:\/\/www.camping-des-familles.com\/es\/wp-json\/wp\/v2\/pages\/2494","targetHints":{"allow":["GET"]}}],"collection":[{"href":"https:\/\/www.camping-des-familles.com\/es\/wp-json\/wp\/v2\/pages"}],"about":[{"href":"https:\/\/www.camping-des-familles.com\/es\/wp-json\/wp\/v2\/types\/page"}],"author":[{"embeddable":true,"href":"https:\/\/www.camping-des-familles.com\/es\/wp-json\/wp\/v2\/users\/1"}],"replies":[{"embeddable":true,"href":"https:\/\/www.camping-des-familles.com\/es\/wp-json\/wp\/v2\/comments?post=2494"}],"version-history":[{"count":26,"href":"https:\/\/www.camping-des-familles.com\/es\/wp-json\/wp\/v2\/pages\/2494\/revisions"}],"predecessor-version":[{"id":4311,"href":"https:\/\/www.camping-des-familles.com\/es\/wp-json\/wp\/v2\/pages\/2494\/revisions\/4311"}],"wp:featuredmedia":[{"embeddable":true,"href":"https:\/\/www.camping-des-familles.com\/es\/wp-json\/wp\/v2\/media\/1468"}],"wp:attachment":[{"href":"https:\/\/www.camping-des-familles.com\/es\/wp-json\/wp\/v2\/media?parent=2494"}],"wp:term":[{"taxonomy":"category","embeddable":true,"href":"https:\/\/www.camping-des-familles.com\/es\/wp-json\/wp\/v2\/categories?post=2494"},{"taxonomy":"post_tag","embeddable":true,"href":"https:\/\/www.camping-des-familles.com\/es\/wp-json\/wp\/v2\/tags?post=2494"}],"curies":[{"name":"wp","href":"https:\/\/api.w.org\/{rel}","templated":true}]}}