{"id":2491,"date":"2025-09-22T14:00:10","date_gmt":"2025-09-22T12:00:10","guid":{"rendered":"https:\/\/www.camping-des-familles.com\/patrimoine-culture-medoc\/"},"modified":"2025-11-11T10:09:45","modified_gmt":"2025-11-11T09:09:45","slug":"patrimonio-cultura-medoc","status":"publish","type":"page","link":"https:\/\/www.camping-des-familles.com\/es\/patrimonio-cultura-medoc\/","title":{"rendered":"Patrimonio y cultura"},"content":{"rendered":"\n<section class=\"wp-block-group home-third bis has-global-padding is-layout-constrained wp-block-group-is-layout-constrained\">\n<div class=\"wp-block-columns is-layout-flex wp-container-core-columns-is-layout-28f84493 wp-block-columns-is-layout-flex\">\n<div class=\"wp-block-column is-vertically-aligned-center right is-layout-flow wp-block-column-is-layout-flow\" style=\"flex-basis:50%\">\n<h1 class=\"wp-block-heading has-text-align-left full-width has-damirone-font-family has-custom-color-1-color has-text-color\" style=\"margin-top:0px;margin-right:0px;margin-bottom:0px;margin-left:0px;padding-bottom:var(--wp--preset--spacing--20);font-size:clamp(28.836px, 1.802rem + ((1vw - 3.2px) * 1.721), 50px);font-style:normal;font-weight:400;line-height:1.2;text-transform:uppercase\">Descubre el M\u00e9doc <span>y sus tesoros<\/span><\/h1>\n\n\n\n<p class=\"has-custom-color-3-color has-text-color has-link-color wp-elements-e2388b1f214627b909eda928ed2ae227\" style=\"line-height:1.9\">\u00a1 <a href=\"https:\/\/www.camping-des-familles.com\/es\/turismo-playas-medoc\/\" data-type=\"page\" data-id=\"48\">El M\u00e9doc es mucho m\u00e1s que playas de arena fina<\/a>! Nuestro <a href=\"https:\/\/www.camping-des-familles.com\/es\/\" data-type=\"page\" data-id=\"8\">camping cerca de Soulac-sur-Mer<\/a> es tambi\u00e9n una base excelente para explorar el<strong> patrimonio y la cultura<\/strong> del M\u00e9doc. <strong>Majestuosos faros<\/strong>, <strong>pueblos pintorescos<\/strong>, <strong>coloridos mercados<\/strong>, <strong>tradiciones <\/strong>y <strong>gastronom\u00eda local<\/strong> conforman una zona rica en descubrimientos. Es imposible perderse las numerosas bodegas, cavas, ch\u00e2teaux y productores locales de ostras de la regi\u00f3n. Durante un fin de semana o en tus vacaciones, d\u00e9jate sorprender por la <strong>historia y la autenticidad<\/strong> de esta bella regi\u00f3n del Suroeste. <\/p>\n<\/div>\n\n\n\n<div class=\"wp-block-column left is-layout-flow wp-block-column-is-layout-flow\" style=\"flex-basis:50%\">\n<div class=\"wp-block-group is-layout-flow wp-block-group-is-layout-flow\">\n<div class=\"wp-block-group is-layout-flow wp-block-group-is-layout-flow\">\n<figure class=\"wp-block-image size-full is-resized gt-gsap-fadeIn\"><img decoding=\"async\" width=\"424\" height=\"446\" src=\"https:\/\/www.camping-des-familles.com\/wp-content\/uploads\/2025\/10\/villa-soulacaise2-e1759501485128.jpg\" alt=\"villa soulacaise2\" class=\"wp-image-1376\" style=\"width:auto;height:900px\" srcset=\"https:\/\/www.camping-des-familles.com\/wp-content\/uploads\/2025\/10\/villa-soulacaise2-e1759501485128.jpg 424w, https:\/\/www.camping-des-familles.com\/wp-content\/uploads\/2025\/10\/villa-soulacaise2-e1759501485128-285x300.jpg 285w\" sizes=\"(max-width: 424px) 100vw, 424px\" \/><\/figure>\n<\/div>\n<\/div>\n<\/div>\n<\/div>\n<\/section>\n\n<section class=\"wp-block-group home-fourth page-two has-custom-color-1-background-color has-background has-global-padding is-layout-constrained wp-block-group-is-layout-constrained\">\n<div class=\"wp-block-group has-global-padding is-content-justification-center is-layout-constrained wp-container-core-group-is-layout-519de150 wp-block-group-is-layout-constrained\" style=\"margin-top:0px;margin-right:0px;margin-bottom:0px;margin-left:0px\">\n<h2 class=\"wp-block-heading has-text-align-center full-width has-damirone-font-family has-base-2-color has-text-color\" style=\"margin-top:0px;margin-right:0px;margin-bottom:0px;margin-left:0px;font-size:clamp(24.034px, 1.502rem + ((1vw - 3.2px) * 1.298), 40px);font-style:normal;font-weight:400;line-height:1.2;text-transform:uppercase\"><span>Lugares de inter\u00e9s<\/span> cerca del camping<\/h2>\n<\/div>\n\n\n\n<div class=\"wp-block-group has-global-padding is-content-justification-center is-layout-constrained wp-container-core-group-is-layout-8f5500b1 wp-block-group-is-layout-constrained\" style=\"margin-top:0px;margin-right:0px;margin-bottom:0px;margin-left:0px;padding-bottom:var(--wp--preset--spacing--30)\">\n<p class=\"has-text-align-center full-width has-base-2-color has-text-color has-link-color has-poppins-font-family wp-elements-90e3d3c1aa0b52081894aed0e61db9c6\" style=\"margin-top:0px;margin-right:0px;margin-bottom:0px;margin-left:0px;font-size:clamp(14px, 0.875rem + ((1vw - 3.2px) * 0.325), 18px);font-style:normal;font-weight:300;line-height:1.9\">A pocos minutos del camping, estar\u00e1s en camino de descubrir un patrimonio \u00fanico: <strong>carrelets de colores a orillas del estuario<\/strong>, <strong>animadas guinguettes<\/strong>, <strong>mercados de agricultores<\/strong>, <strong>marismas <\/strong>y <strong>peque\u00f1os puertos<\/strong>. La <strong>cercana voie verte<\/strong> facilita los desplazamientos desde el camping, as\u00ed que deja el coche en el aparcamiento durante tu estancia y sal <strong>en bici<\/strong>, <s> <\/s>o coge <strong>un patinete<\/strong> <strong>el\u00e9ctrico ALL-TERRAIN <\/strong>(disponible para alquilar directamente en el camping) \u00a1para explorar los alrededores!  <\/p>\n\n\n\n<p class=\"has-text-align-center full-width has-base-2-color has-text-color has-link-color has-poppins-font-family wp-elements-2a0aef6ceabad893e78bb92687b24b73\" style=\"margin-top:0px;margin-right:0px;margin-bottom:0px;margin-left:0px;font-size:clamp(14px, 0.875rem + ((1vw - 3.2px) * 0.325), 18px);font-style:normal;font-weight:300;line-height:1.9\">No te pierdas los lugares hist\u00f3ricos emblem\u00e1ticos, como el <a href=\"https:\/\/www.phare-de-cordouan.fr\/\" target=\"_blank\" rel=\"noreferrer noopener nofollow\">faro de Cordouan<\/a>, catalogado por la UNESCO (votado 2\u00ba monumento favorito de Francia en 2025) o la <a href=\"https:\/\/www.medoc-atlantique.com\/sit\/basilique-notre-dame-de-la-fin-des-terres-7107959\/\" target=\"_blank\" rel=\"noreferrer noopener nofollow\">bas\u00edlica de Soulac-sur-Mer<\/a>. Tambi\u00e9n podr\u00e1s degustar los <a href=\"https:\/\/www.camping-des-familles.com\/es\/gastronomia-vino-medoc\/\" data-type=\"page\" data-id=\"58\">sabores locales del M\u00e9doc<\/a>: <strong>ostras<\/strong>, <strong>gambas del estuario<\/strong> y los <strong>famosos noisettines<\/strong>.<\/p>\n<\/div>\n\n\n\n<div class=\"wp-block-cover alignfull blob-image gt-gsap-fadeInUp\" style=\"min-height:80vh;aspect-ratio:unset;\"><img decoding=\"async\" width=\"2000\" height=\"1250\" class=\"wp-block-cover__image-background wp-image-1387 size-full\" alt=\"_basilique Soulac-sur-Mer\" src=\"https:\/\/www.camping-des-familles.com\/wp-content\/uploads\/2025\/10\/basilique-Soulac-sur-Mer.jpg\" data-object-fit=\"cover\" srcset=\"https:\/\/www.camping-des-familles.com\/wp-content\/uploads\/2025\/10\/basilique-Soulac-sur-Mer.jpg 2000w, https:\/\/www.camping-des-familles.com\/wp-content\/uploads\/2025\/10\/basilique-Soulac-sur-Mer-300x188.jpg 300w, https:\/\/www.camping-des-familles.com\/wp-content\/uploads\/2025\/10\/basilique-Soulac-sur-Mer-1024x640.jpg 1024w, https:\/\/www.camping-des-familles.com\/wp-content\/uploads\/2025\/10\/basilique-Soulac-sur-Mer-768x480.jpg 768w, https:\/\/www.camping-des-familles.com\/wp-content\/uploads\/2025\/10\/basilique-Soulac-sur-Mer-1536x960.jpg 1536w\" sizes=\"(max-width: 2000px) 100vw, 2000px\" \/><span aria-hidden=\"true\" class=\"wp-block-cover__background has-background-dim wp-block-cover__gradient-background has-background-gradient\" style=\"background:linear-gradient(0deg,rgb(1,1,1) 0%,rgba(0,0,0,0.34) 72%)\"><\/span><div class=\"wp-block-cover__inner-container is-layout-flow wp-block-cover-is-layout-flow\">\n<p class=\"has-text-align-center h1-like has-pp-woodland-font-family\" style=\"font-size:clamp(67.975px, 4.248rem + ((1vw - 3.2px) * 6.506), 148px);line-height:1\">Sitios <span>hist\u00f3ricos <\/span> <br\/><span> <\/span> <\/p>\n<\/div><\/div>\n<\/section>\n\n<section class=\"wp-block-group home-third page-third has-global-padding is-layout-constrained wp-block-group-is-layout-constrained\">\n<div class=\"wp-block-columns is-layout-flex wp-container-core-columns-is-layout-28f84493 wp-block-columns-is-layout-flex\">\n<div class=\"wp-block-column left is-layout-flow wp-block-column-is-layout-flow\" style=\"flex-basis:50%\">\n<div data-swiper=\"{&quot;speed&quot;:400,&quot;spaceBetween&quot;:16,&quot;slidesPerView&quot;:1,&quot;createElements&quot;:true,&quot;loop&quot;:true,&quot;freemode&quot;:true,&quot;breakpoints&quot;:[{&quot;slidesPerView&quot;:1}],&quot;pagination&quot;:false,&quot;effect&quot;:&quot;fade&quot;,&quot;navigation&quot;:false}\" class=\"wp-block-group gt-is-slider gt-is-slider-desktop is-layout-flow wp-block-group-is-layout-flow\">\n<div class=\"wp-block-group is-layout-flow wp-block-group-is-layout-flow\">\n<figure class=\"wp-block-image size-full is-resized gt-gsap-fadeIn\"><img decoding=\"async\" width=\"463\" height=\"400\" src=\"https:\/\/www.camping-des-familles.com\/wp-content\/uploads\/2025\/10\/parc-ostreicole-e1760615666988.jpg\" alt=\"criadero de ostras\" class=\"wp-image-2322\" style=\"width:auto;height:900px\" srcset=\"https:\/\/www.camping-des-familles.com\/wp-content\/uploads\/2025\/10\/parc-ostreicole-e1760615666988.jpg 463w, https:\/\/www.camping-des-familles.com\/wp-content\/uploads\/2025\/10\/parc-ostreicole-e1760615666988-300x259.jpg 300w\" sizes=\"(max-width: 463px) 100vw, 463px\" \/><\/figure>\n<\/div>\n<\/div>\n<\/div>\n\n\n\n<div class=\"wp-block-column is-vertically-aligned-center right is-layout-flow wp-block-column-is-layout-flow\" style=\"flex-basis:50%\">\n<h2 class=\"wp-block-heading\" style=\"text-transform:uppercase\">Camping idealmente <span>situado para descubrir la regi\u00f3n<\/span><\/h2>\n\n\n\n<p class=\"has-custom-color-3-color has-text-color has-link-color wp-elements-da592ff885bfe102a60e506e805a63d8\" style=\"line-height:1.9\">Gracias a su c\u00e9ntrica ubicaci\u00f3n, nuestro camping te facilita la visita del M\u00e9doc y el disfrute de todas las <a href=\"https:\/\/www.camping-des-familles.com\/es\/actividades-deportivas-medoc\/\">actividades deportivas disponibles cerca de Soulac-sur-Mer<\/a>. Con una longitud de 75 kil\u00f3metros, una anchura de hasta 12 kil\u00f3metros y una superficie de 635 km\u00b2, el estuario de la Gironda es el<strong> mayor estuario de Europa Occidental<\/strong>, y cuenta con un <strong>entorno excepcional<\/strong>: <strong>islas salvajes<\/strong>,<strong> riberas naturales<\/strong>, <strong>arrecifes<\/strong>, <strong>fauna variada<\/strong>&#8230; Incluso puedes hacer un crucero o una traves\u00eda en ferry desde Le Verdon. Para los aficionados a la cultura, la regi\u00f3n tambi\u00e9n ofrece <strong>festivales<\/strong>, <strong>exposiciones <\/strong>y<strong> recorridos por el patrimonio<\/strong>.<\/p>\n<\/div>\n<\/div>\n<\/section>\n\n<section class=\"wp-block-group page-maillage has-global-padding is-layout-constrained wp-block-group-is-layout-constrained\">\n<div class=\"wp-block-group is-horizontal is-layout-flex wp-container-core-group-is-layout-1b39ef27 wp-block-group-is-layout-flex\">\n<figure class=\"wp-block-image size-large\" style=\"margin-top:0px;margin-right:0px;margin-bottom:0px;margin-left:0px\"><img decoding=\"async\" width=\"63\" height=\"94\" src=\"https:\/\/www.camping-des-familles.com\/wp-content\/uploads\/2025\/09\/Vector-24.svg\" alt=\"Vector (24)\" class=\"wp-image-653\" style=\"object-fit:cover\"\/><\/figure>\n\n\n\n<div class=\"wp-block-group h1-like has-custom-color-1-color has-text-color has-link-color wp-elements-744917266d91031831f47dcaef649af8 has-global-padding is-layout-constrained wp-block-group-is-layout-constrained\">\n<p class=\"has-custom-color-3-color has-text-color has-link-color has-pp-woodland-font-family wp-elements-e26be7cb1dd8e5471a937fb8d6b172f2\" style=\"font-size:clamp(52.9px, 3.306rem + ((1vw - 3.2px) * 4.398), 107px);font-style:normal;font-weight:200;text-transform:uppercase\">Descubre<br\/><span>deportes, sabores y playas<\/span><\/p>\n<\/div>\n<\/div>\n\n\n\n<div class=\"wp-block-query is-layout-flow wp-block-query-is-layout-flow\"><ul class=\"animated fadeInUp wp-block-post-template is-layout-flow wp-block-post-template-is-layout-flow\"><li class=\"wp-block-post post-2494 page type-page status-publish has-post-thumbnail hentry\">\n\n<figure class=\"wp-block-image\"><img decoding=\"async\" src=\"https:\/\/www.camping-des-familles.com\/wp-content\/uploads\/2025\/10\/kayak_activites.jpg\" alt=\"Actividades deportivas\"\/><\/figure>\n\n\n\n<p class=\"has-text-align-center has-base-2-color has-text-color has-link-color has-pp-woodland-font-family wp-elements-6ced9490183e5f4edfb72dbec622f35f\" style=\"font-size:clamp(18.959px, 1.185rem + ((1vw - 3.2px) * 0.898), 30px);text-transform:uppercase\">Actividades deportivas<\/p>\n\n\n<a class=\"is-style-lien-cover wp-block-read-more\" href=\"https:\/\/www.camping-des-familles.com\/es\/actividades-deportivas-medoc\/\" target=\"_self\">Leer m\u00e1s<span class=\"screen-reader-text\">: Actividades deportivas<\/span><\/a>\n<\/li><li class=\"wp-block-post post-2422 page type-page status-publish has-post-thumbnail hentry\">\n\n<figure class=\"wp-block-image\"><img decoding=\"async\" src=\"https:\/\/www.camping-des-familles.com\/wp-content\/uploads\/2025\/10\/Gastronomie-et-vins-scaled.jpg\" alt=\"Gastronom\u00eda y vino\"\/><\/figure>\n\n\n\n<p class=\"has-text-align-center has-base-2-color has-text-color has-link-color has-pp-woodland-font-family wp-elements-6ced9490183e5f4edfb72dbec622f35f\" style=\"font-size:clamp(18.959px, 1.185rem + ((1vw - 3.2px) * 0.898), 30px);text-transform:uppercase\">Gastronom\u00eda y vino<\/p>\n\n\n<a class=\"is-style-lien-cover wp-block-read-more\" href=\"https:\/\/www.camping-des-familles.com\/es\/gastronomia-vino-medoc\/\" target=\"_self\">Leer m\u00e1s<span class=\"screen-reader-text\">: Gastronom\u00eda y vino<\/span><\/a>\n<\/li><li class=\"wp-block-post post-2476 page type-page status-publish has-post-thumbnail hentry\">\n\n<figure class=\"wp-block-image\"><img decoding=\"async\" src=\"https:\/\/www.camping-des-familles.com\/wp-content\/uploads\/2025\/10\/vue-aerienne-ocean-plage.jpg\" alt=\"Las playas\"\/><\/figure>\n\n\n\n<p class=\"has-text-align-center has-base-2-color has-text-color has-link-color has-pp-woodland-font-family wp-elements-6ced9490183e5f4edfb72dbec622f35f\" style=\"font-size:clamp(18.959px, 1.185rem + ((1vw - 3.2px) * 0.898), 30px);text-transform:uppercase\">Las playas<\/p>\n\n\n<a class=\"is-style-lien-cover wp-block-read-more\" href=\"https:\/\/www.camping-des-familles.com\/es\/turismo-playas-medoc\/\" target=\"_self\">Leer m\u00e1s<span class=\"screen-reader-text\">: Las playas<\/span><\/a>\n<\/li><\/ul><\/div>\n<\/section>\n","protected":false},"excerpt":{"rendered":"<p>Descubre el M\u00e9doc y sus tesoros \u00a1 El M\u00e9doc es mucho m\u00e1s que playas de arena fina! Nuestro camping cerca de Soulac-sur-Mer es tambi\u00e9n una base excelente para explorar el patrimonio y la cultura del M\u00e9doc. Majestuosos faros, pueblos pintorescos, coloridos mercados, tradiciones y gastronom\u00eda local conforman una zona rica en descubrimientos. Es imposible perderse [&hellip;]<\/p>\n","protected":false},"author":1,"featured_media":1386,"parent":0,"menu_order":0,"comment_status":"closed","ping_status":"closed","template":"","meta":{"_acf_changed":false,"_seopress_robots_primary_cat":"","_seopress_titles_title":"Turismo en el M\u00e9doc I Patrimonio y cultura del M\u00e9doc","_seopress_titles_desc":"Desde el Camping des Familles, cerca de Soulac-sur-Mer, descubre el patrimonio y la cultura del M\u00e9doc: faros, pueblos pintorescos, mercados, gastronom\u00eda y lugares hist\u00f3ricos.","_seopress_robots_index":"","_gt_ctv_global_id":"14469","_gt_ctv_id_group":false,"inline_featured_image":false,"gt_fse_maillage_image":"https:\/\/www.camping-des-familles.com\/wp-content\/uploads\/2025\/10\/Soulac-sur-Mer.jpg","gt_fse_maillage_titre":"Patrimonio y cultura","gt_fse_maillage_alt":"Patrimonio y cultura","gt_fse_maillage_resume":"","_gt_maillage_image":0,"_gt_maillage_video":0,"_gt_maillage_title":"","footnotes":""},"categories":[],"tags":[],"class_list":["post-2491","page","type-page","status-publish","has-post-thumbnail","hentry"],"acf":[],"_links":{"self":[{"href":"https:\/\/www.camping-des-familles.com\/es\/wp-json\/wp\/v2\/pages\/2491","targetHints":{"allow":["GET"]}}],"collection":[{"href":"https:\/\/www.camping-des-familles.com\/es\/wp-json\/wp\/v2\/pages"}],"about":[{"href":"https:\/\/www.camping-des-familles.com\/es\/wp-json\/wp\/v2\/types\/page"}],"author":[{"embeddable":true,"href":"https:\/\/www.camping-des-familles.com\/es\/wp-json\/wp\/v2\/users\/1"}],"replies":[{"embeddable":true,"href":"https:\/\/www.camping-des-familles.com\/es\/wp-json\/wp\/v2\/comments?post=2491"}],"version-history":[{"count":21,"href":"https:\/\/www.camping-des-familles.com\/es\/wp-json\/wp\/v2\/pages\/2491\/revisions"}],"predecessor-version":[{"id":4264,"href":"https:\/\/www.camping-des-familles.com\/es\/wp-json\/wp\/v2\/pages\/2491\/revisions\/4264"}],"wp:featuredmedia":[{"embeddable":true,"href":"https:\/\/www.camping-des-familles.com\/es\/wp-json\/wp\/v2\/media\/1386"}],"wp:attachment":[{"href":"https:\/\/www.camping-des-familles.com\/es\/wp-json\/wp\/v2\/media?parent=2491"}],"wp:term":[{"taxonomy":"category","embeddable":true,"href":"https:\/\/www.camping-des-familles.com\/es\/wp-json\/wp\/v2\/categories?post=2491"},{"taxonomy":"post_tag","embeddable":true,"href":"https:\/\/www.camping-des-familles.com\/es\/wp-json\/wp\/v2\/tags?post=2491"}],"curies":[{"name":"wp","href":"https:\/\/api.w.org\/{rel}","templated":true}]}}