{"id":2476,"date":"2025-09-22T13:59:56","date_gmt":"2025-09-22T11:59:56","guid":{"rendered":"https:\/\/www.camping-des-familles.com\/tourisme-plages-medoc\/"},"modified":"2025-11-11T10:12:18","modified_gmt":"2025-11-11T09:12:18","slug":"turismo-playas-medoc","status":"publish","type":"page","link":"https:\/\/www.camping-des-familles.com\/es\/turismo-playas-medoc\/","title":{"rendered":"Las playas"},"content":{"rendered":"\n<section class=\"wp-block-group home-third bis has-global-padding is-layout-constrained wp-block-group-is-layout-constrained\">\n<div class=\"wp-block-columns is-layout-flex wp-container-core-columns-is-layout-28f84493 wp-block-columns-is-layout-flex\">\n<div class=\"wp-block-column is-vertically-aligned-center right is-layout-flow wp-block-column-is-layout-flow\" style=\"flex-basis:50%\">\n<h1 class=\"wp-block-heading has-text-align-left full-width has-damirone-font-family has-custom-color-1-color has-text-color\" style=\"margin-top:0px;margin-right:0px;margin-bottom:0px;margin-left:0px;padding-bottom:var(--wp--preset--spacing--20);font-size:clamp(28.836px, 1.802rem + ((1vw - 3.2px) * 1.721), 50px);font-style:normal;font-weight:400;line-height:1.2;text-transform:uppercase\">Descubre las playas de <span>los alrededores<\/span><\/h1>\n\n\n\n<p class=\"has-custom-color-3-color has-text-color has-link-color wp-elements-41339f1f8372bd66720eede0563a4220\" style=\"line-height:1.9\">\u00bfBuscas arena fina, oc\u00e9ano y naturaleza? Bienvenido al Camping des Familles Ecolodge, el punto de partida ideal para descubrir las playas m\u00e1s bellas del M\u00e9doc. Desde nuestro camping <a href=\"https:\/\/www.camping-des-familles.com\/es\/\" data-type=\"page\" data-id=\"8\">cerca de Soulac-sur-Mer<\/a>, sal en bici o en <a href=\"https:\/\/www.camping-des-familles.com\/es\/actividades-deportivas-medoc\/#trottinette-electrique\">patinete el\u00e9ctrico todo terreno<\/a> para descubrir las playas de <strong>Montalivet<\/strong>, <strong>Le Gurp<\/strong>, <strong>Soulac-sur-Mer<\/strong> y <strong>Hourtin<\/strong>. Todas son de f\u00e1cil y r\u00e1pido acceso y ofrecen <strong>el marco ideal para nadar<\/strong>, <strong>hacer surf<\/strong>,<strong> jugar en la playa<\/strong> o <strong>ir de picnic<\/strong>. Unas vacaciones<strong> con los pies en el agua<\/strong> te esperan en esta costa virgen.    <\/p>\n<\/div>\n\n\n\n<div class=\"wp-block-column left is-layout-flow wp-block-column-is-layout-flow\" style=\"flex-basis:50%\">\n<div class=\"wp-block-group is-layout-flow wp-block-group-is-layout-flow\">\n<div class=\"wp-block-group is-layout-flow wp-block-group-is-layout-flow\">\n<figure class=\"wp-block-image size-full is-resized gt-gsap-fadeIn\"><img decoding=\"async\" width=\"1271\" height=\"2560\" src=\"https:\/\/www.camping-des-familles.com\/wp-content\/uploads\/2025\/10\/Plage-Arros-edited-scaled.jpg\" alt=\"Playa de Arros\" class=\"wp-image-3459\" style=\"width:auto;height:900px\" srcset=\"https:\/\/www.camping-des-familles.com\/wp-content\/uploads\/2025\/10\/Plage-Arros-edited-scaled.jpg 1271w, https:\/\/www.camping-des-familles.com\/wp-content\/uploads\/2025\/10\/Plage-Arros-edited-149x300.jpg 149w, https:\/\/www.camping-des-familles.com\/wp-content\/uploads\/2025\/10\/Plage-Arros-edited-508x1024.jpg 508w, https:\/\/www.camping-des-familles.com\/wp-content\/uploads\/2025\/10\/Plage-Arros-edited-768x1547.jpg 768w, https:\/\/www.camping-des-familles.com\/wp-content\/uploads\/2025\/10\/Plage-Arros-edited-763x1536.jpg 763w, https:\/\/www.camping-des-familles.com\/wp-content\/uploads\/2025\/10\/Plage-Arros-edited-1017x2048.jpg 1017w\" sizes=\"(max-width: 1271px) 100vw, 1271px\" \/><\/figure>\n<\/div>\n<\/div>\n<\/div>\n<\/div>\n<\/section>\n\n<section class=\"wp-block-group home-fourth page-two has-custom-color-1-background-color has-background has-global-padding is-layout-constrained wp-block-group-is-layout-constrained\">\n<div class=\"wp-block-group has-global-padding is-content-justification-center is-layout-constrained wp-container-core-group-is-layout-519de150 wp-block-group-is-layout-constrained\" style=\"margin-top:0px;margin-right:0px;margin-bottom:0px;margin-left:0px\">\n<h2 class=\"wp-block-heading has-text-align-center full-width has-damirone-font-family has-base-2-color has-text-color\" style=\"margin-top:0px;margin-right:0px;margin-bottom:0px;margin-left:0px;font-size:clamp(24.034px, 1.502rem + ((1vw - 3.2px) * 1.298), 40px);font-style:normal;font-weight:400;line-height:1.2;text-transform:uppercase\"><span>Las playas m\u00e1s bonitas<\/span> del M\u00e9doc<\/h2>\n<\/div>\n\n\n\n<div class=\"wp-block-group has-global-padding is-content-justification-center is-layout-constrained wp-container-core-group-is-layout-8f5500b1 wp-block-group-is-layout-constrained\" style=\"margin-top:0px;margin-right:0px;margin-bottom:0px;margin-left:0px;padding-bottom:var(--wp--preset--spacing--30)\">\n<p class=\"has-text-align-center full-width has-base-2-color has-text-color has-link-color has-poppins-font-family wp-elements-d21ac969437a059d1783b179302e4ed4\" style=\"margin-top:0px;margin-right:0px;margin-bottom:0px;margin-left:0px;font-size:clamp(14px, 0.875rem + ((1vw - 3.2px) * 0.325), 18px);font-style:normal;font-weight:300;line-height:1.9\">Con sus kil\u00f3metros de costa, el M\u00e9doc es un <strong>escenario de postal<\/strong>. Te encantar\u00e1n <strong>las largas playas de arena <\/strong>bordeadas de dunas y pinos, galardonadas con la<strong> Bandera Azul<\/strong>. La <a href=\"https:\/\/www.medoc-atlantique.com\/sit\/plage-surveillee-du-gurp-7098603\/\" target=\"_blank\" rel=\"noreferrer noopener nofollow\">playa de Gurp<\/a>, a s\u00f3lo 5 km, es perfecta para las familias, con su <strong>suave oleaje<\/strong> y <strong>su playa vigilada<\/strong>. La <strong>m\u00e1s animada<\/strong> <a href=\"https:\/\/www.vendaysmontalivet.com\/\" target=\"_blank\" rel=\"noreferrer noopener nofollow\">Montalivet<\/a> es conocida por <strong>su mercado <\/strong>y sus <strong>actividades<\/strong>. M\u00e1s al norte, la playa de Le <a href=\"https:\/\/www.medoc-atlantique.com\/le-verdon-sur-mer\/\" target=\"_blank\" rel=\"noreferrer noopener nofollow\">Verdon-sur-Mer<\/a> ofrece una <strong>vista \u00fanica del faro de Cordouan<\/strong>. Si prefieres alejarte del centro de la ciudad, la <a href=\"https:\/\/www.medoc-atlantique.com\/sit\/plage-surveillee-lamelie-7125044\/\" target=\"_blank\" rel=\"noreferrer noopener nofollow\">playa de Am\u00e9lie<\/a> es el lugar ideal para un ba\u00f1o familiar vigilado en un entorno natural virgen. Son <strong>lugares ineludibles<\/strong> para disfrutar del sol, del oc\u00e9ano y de las <a href=\"https:\/\/www.camping-des-familles.com\/es\/actividades-deportivas-medoc\/\" data-type=\"page\" data-id=\"54\">actividades deportivas disponibles cerca de Soulac-sur-Mer<\/a> con total libertad.     <br\/><\/p>\n<\/div>\n\n\n\n<div class=\"wp-block-cover alignfull blob-image gt-gsap-fadeInUp\" style=\"min-height:80vh;aspect-ratio:unset;\"><img decoding=\"async\" width=\"2160\" height=\"1350\" class=\"wp-block-cover__image-background wp-image-1361 size-full\" alt=\"Plage Ganivelle\" src=\"https:\/\/www.camping-des-familles.com\/wp-content\/uploads\/2025\/10\/Plage-Ganivelle.jpg\" data-object-fit=\"cover\" srcset=\"https:\/\/www.camping-des-familles.com\/wp-content\/uploads\/2025\/10\/Plage-Ganivelle.jpg 2160w, https:\/\/www.camping-des-familles.com\/wp-content\/uploads\/2025\/10\/Plage-Ganivelle-300x188.jpg 300w, https:\/\/www.camping-des-familles.com\/wp-content\/uploads\/2025\/10\/Plage-Ganivelle-1024x640.jpg 1024w, https:\/\/www.camping-des-familles.com\/wp-content\/uploads\/2025\/10\/Plage-Ganivelle-768x480.jpg 768w, https:\/\/www.camping-des-familles.com\/wp-content\/uploads\/2025\/10\/Plage-Ganivelle-1536x960.jpg 1536w, https:\/\/www.camping-des-familles.com\/wp-content\/uploads\/2025\/10\/Plage-Ganivelle-2048x1280.jpg 2048w\" sizes=\"(max-width: 2160px) 100vw, 2160px\" \/><span aria-hidden=\"true\" class=\"wp-block-cover__background has-background-dim wp-block-cover__gradient-background has-background-gradient\" style=\"background:linear-gradient(0deg,rgb(1,1,1) 0%,rgba(0,0,0,0.34) 72%)\"><\/span><div class=\"wp-block-cover__inner-container is-layout-flow wp-block-cover-is-layout-flow\">\n<p class=\"has-text-align-center h1-like has-pp-woodland-font-family\" style=\"font-size:clamp(67.975px, 4.248rem + ((1vw - 3.2px) * 6.506), 148px);line-height:1\">Olas <br\/> <\/p>\n<\/div><\/div>\n<\/section>\n\n<section class=\"wp-block-group home-third page-third has-global-padding is-layout-constrained wp-block-group-is-layout-constrained\">\n<div class=\"wp-block-columns is-layout-flex wp-container-core-columns-is-layout-28f84493 wp-block-columns-is-layout-flex\">\n<div class=\"wp-block-column left is-layout-flow wp-block-column-is-layout-flow\" style=\"flex-basis:50%\">\n<div data-swiper=\"{&quot;speed&quot;:400,&quot;spaceBetween&quot;:16,&quot;slidesPerView&quot;:1,&quot;createElements&quot;:true,&quot;loop&quot;:true,&quot;freemode&quot;:true,&quot;breakpoints&quot;:[{&quot;slidesPerView&quot;:1}],&quot;pagination&quot;:false,&quot;effect&quot;:&quot;fade&quot;,&quot;navigation&quot;:false}\" class=\"wp-block-group gt-is-slider gt-is-slider-desktop is-layout-flow wp-block-group-is-layout-flow\">\n<div class=\"wp-block-group is-layout-flow wp-block-group-is-layout-flow\">\n<figure class=\"wp-block-image size-full is-resized gt-gsap-fadeIn\"><img decoding=\"async\" width=\"1707\" height=\"2560\" src=\"https:\/\/www.camping-des-familles.com\/wp-content\/uploads\/2025\/10\/surf-pres-de-Soulac-sur-Mer-scaled.jpg\" alt=\"surf cerca de Soulac-sur-Mer\" class=\"wp-image-1351\" style=\"width:auto;height:900px\" srcset=\"https:\/\/www.camping-des-familles.com\/wp-content\/uploads\/2025\/10\/surf-pres-de-Soulac-sur-Mer-scaled.jpg 1707w, https:\/\/www.camping-des-familles.com\/wp-content\/uploads\/2025\/10\/surf-pres-de-Soulac-sur-Mer-200x300.jpg 200w, https:\/\/www.camping-des-familles.com\/wp-content\/uploads\/2025\/10\/surf-pres-de-Soulac-sur-Mer-683x1024.jpg 683w, https:\/\/www.camping-des-familles.com\/wp-content\/uploads\/2025\/10\/surf-pres-de-Soulac-sur-Mer-768x1152.jpg 768w, https:\/\/www.camping-des-familles.com\/wp-content\/uploads\/2025\/10\/surf-pres-de-Soulac-sur-Mer-1024x1536.jpg 1024w, https:\/\/www.camping-des-familles.com\/wp-content\/uploads\/2025\/10\/surf-pres-de-Soulac-sur-Mer-1365x2048.jpg 1365w\" sizes=\"(max-width: 1707px) 100vw, 1707px\" \/><\/figure>\n<\/div>\n<\/div>\n<\/div>\n\n\n\n<div class=\"wp-block-column is-vertically-aligned-center right is-layout-flow wp-block-column-is-layout-flow\" style=\"flex-basis:50%\">\n<h2 class=\"wp-block-heading\" style=\"text-transform:uppercase\">El placer de nadar y hacer surf <span>a tiro de piedra del camping<\/span><\/h2>\n\n\n\n<p class=\"has-custom-color-3-color has-text-color has-link-color wp-elements-4e56b292f96c430cef2689642b57c549\" style=\"line-height:1.9\">El M\u00e9doc es un <strong>patio de recreo ideal<\/strong> tanto para <strong>principiantes como para surfistas experimentados<\/strong>. Varias <strong>escuelas de surf<\/strong> acogen a j\u00f3venes y mayores para iniciarse en las olas del Atl\u00e1ntico. El surf es parte integrante de <a href=\"https:\/\/www.camping-des-familles.com\/es\/patrimonio-cultura-medoc\/\" data-type=\"page\" data-id=\"52\">la cultura del M\u00e9doc<\/a>, ya que sus playas lo convierten en un aut\u00e9ntico para\u00edso para los deportes acu\u00e1ticos. <a href=\"https:\/\/www.medoc-atlantique.com\/surf\/\" target=\"_blank\" rel=\"noreferrer noopener nofollow\">La cultura del surf est\u00e1 omnipresente en el M\u00e9doc<\/a>, y cuando te alojes en el Camping des Familles Ecolodge, estar\u00e1s a s\u00f3lo <strong>unas pedaladas <\/strong>del <strong>lugar perfecto para probarlo<\/strong>. <br\/><strong> Los aficionados a la ociosidad<\/strong> no se quedar\u00e1n atr\u00e1s: c\u00f3cteles junto al agua, descubrir la <a href=\"https:\/\/www.camping-des-familles.com\/es\/gastronomia-vino-medoc\/\" data-type=\"page\" data-id=\"58\">gastronom\u00eda y los vinos del M\u00e9doc<\/a>, nadar en familia o dar largos paseos por la playa&#8230; hay <strong>para todos los gustos<\/strong>.   <\/p>\n\n\n\n<p class=\"has-custom-color-3-color has-text-color has-link-color wp-elements-51893235b164b2d95a60e18592324a78\" style=\"line-height:1.9\"><\/p>\n<\/div>\n<\/div>\n<\/section>\n\n<section class=\"wp-block-group home-third bis has-global-padding is-layout-constrained wp-block-group-is-layout-constrained\">\n<div class=\"wp-block-columns is-layout-flex wp-container-core-columns-is-layout-28f84493 wp-block-columns-is-layout-flex\">\n<div class=\"wp-block-column is-vertically-aligned-center right is-layout-flow wp-block-column-is-layout-flow\" style=\"flex-basis:50%\">\n<h2 class=\"wp-block-heading has-text-align-left full-width has-damirone-font-family has-custom-color-1-color has-text-color\" style=\"margin-top:0px;margin-right:0px;margin-bottom:0px;margin-left:0px;padding-bottom:var(--wp--preset--spacing--20);font-size:clamp(28.836px, 1.802rem + ((1vw - 3.2px) * 1.721), 50px);font-style:normal;font-weight:400;line-height:1.2;text-transform:uppercase\">Recorre el estuario <span>de la Gironda<\/span><\/h2>\n\n\n\n<p class=\"has-custom-color-3-color has-text-color has-link-color wp-elements-c80a45c28dcc8be34c98be77772b9f4b\" style=\"line-height:1.9\">No te vayas sin dedicar tiempo a explorar el estuario de la Gironda. Esta<strong> zona \u00fanica de Europa<\/strong> occidental, de 12 km de ancho en algunos puntos, alberga <strong>islas<\/strong>, <strong>marismas<\/strong>, <strong>coloridos carrelets<\/strong> y <strong>una fauna excepcional<\/strong>. Aprovecha tu estancia para visitar peque\u00f1os puertos como <a href=\"https:\/\/www.medoc-atlantique.com\/sit\/port-de-saint-vivien-de-medoc-7098517\/\" target=\"_blank\" rel=\"noreferrer noopener nofollow\">Saint-Vivien<\/a> o <a href=\"https:\/\/www.medoc-atlantique.com\/estuaire\/talais\/\" target=\"_blank\" rel=\"noreferrer noopener nofollow\">Talais<\/a>, o haz un crucero hasta el <a href=\"https:\/\/www.phare-de-cordouan.fr\/\" target=\"_blank\" rel=\"noreferrer noopener nofollow\">faro de Cordouan<\/a> (votado 2\u00ba monumento favorito de Francia).  <br\/><\/p>\n<\/div>\n\n\n\n<div class=\"wp-block-column left is-layout-flow wp-block-column-is-layout-flow\" style=\"flex-basis:50%\">\n<div class=\"wp-block-group is-layout-flow wp-block-group-is-layout-flow\">\n<div class=\"wp-block-group is-layout-flow wp-block-group-is-layout-flow\">\n<figure class=\"wp-block-image size-full is-resized gt-gsap-fadeIn\"><img decoding=\"async\" width=\"942\" height=\"900\" src=\"https:\/\/www.camping-des-familles.com\/wp-content\/uploads\/2025\/10\/phare-de-Cordouan-.jpg\" alt=\"Faro de Cordouan\" class=\"wp-image-1371\" style=\"width:auto;height:900px\" srcset=\"https:\/\/www.camping-des-familles.com\/wp-content\/uploads\/2025\/10\/phare-de-Cordouan-.jpg 942w, https:\/\/www.camping-des-familles.com\/wp-content\/uploads\/2025\/10\/phare-de-Cordouan--300x287.jpg 300w, https:\/\/www.camping-des-familles.com\/wp-content\/uploads\/2025\/10\/phare-de-Cordouan--768x734.jpg 768w\" sizes=\"(max-width: 942px) 100vw, 942px\" \/><\/figure>\n<\/div>\n<\/div>\n<\/div>\n<\/div>\n<\/section>\n\n<section class=\"wp-block-group page-maillage has-global-padding is-layout-constrained wp-block-group-is-layout-constrained\">\n<div class=\"wp-block-group is-horizontal is-layout-flex wp-container-core-group-is-layout-1b39ef27 wp-block-group-is-layout-flex\">\n<figure class=\"wp-block-image size-large\" style=\"margin-top:0px;margin-right:0px;margin-bottom:0px;margin-left:0px\"><img decoding=\"async\" width=\"63\" height=\"94\" src=\"https:\/\/www.camping-des-familles.com\/wp-content\/uploads\/2025\/09\/Vector-24.svg\" alt=\"Vector (24)\" class=\"wp-image-653\" style=\"object-fit:cover\"\/><\/figure>\n\n\n\n<div class=\"wp-block-group h1-like has-custom-color-1-color has-text-color has-link-color wp-elements-1bce8cbf986a89ed00349347e062275d has-global-padding is-layout-constrained wp-block-group-is-layout-constrained\">\n<p class=\"has-custom-color-3-color has-text-color has-link-color has-pp-woodland-font-family wp-elements-b7b390b67f11fcc155dd59d131f9c9fc\" style=\"font-size:clamp(52.9px, 3.306rem + ((1vw - 3.2px) * 4.398), 107px);font-style:normal;font-weight:200;text-transform:uppercase\">Descubre <span>el ocio, el vino y la historia<\/span><\/p>\n<\/div>\n<\/div>\n\n\n\n<div class=\"wp-block-query is-layout-flow wp-block-query-is-layout-flow\"><ul class=\"animated fadeInUp wp-block-post-template is-layout-flow wp-block-post-template-is-layout-flow\"><li class=\"wp-block-post post-2494 page type-page status-publish has-post-thumbnail hentry\">\n\n<figure class=\"wp-block-image\"><img decoding=\"async\" src=\"https:\/\/www.camping-des-familles.com\/wp-content\/uploads\/2025\/10\/kayak_activites.jpg\" alt=\"Actividades deportivas\"\/><\/figure>\n\n\n\n<p class=\"has-text-align-center has-base-2-color has-text-color has-link-color has-pp-woodland-font-family wp-elements-6ced9490183e5f4edfb72dbec622f35f\" style=\"font-size:clamp(18.959px, 1.185rem + ((1vw - 3.2px) * 0.898), 30px);text-transform:uppercase\">Actividades deportivas<\/p>\n\n\n<a class=\"is-style-lien-cover wp-block-read-more\" href=\"https:\/\/www.camping-des-familles.com\/es\/actividades-deportivas-medoc\/\" target=\"_self\">Leer m\u00e1s<span class=\"screen-reader-text\">: Actividades deportivas<\/span><\/a>\n<\/li><li class=\"wp-block-post post-2422 page type-page status-publish has-post-thumbnail hentry\">\n\n<figure class=\"wp-block-image\"><img decoding=\"async\" src=\"https:\/\/www.camping-des-familles.com\/wp-content\/uploads\/2025\/10\/Gastronomie-et-vins-scaled.jpg\" alt=\"Gastronom\u00eda y vino\"\/><\/figure>\n\n\n\n<p class=\"has-text-align-center has-base-2-color has-text-color has-link-color has-pp-woodland-font-family wp-elements-6ced9490183e5f4edfb72dbec622f35f\" style=\"font-size:clamp(18.959px, 1.185rem + ((1vw - 3.2px) * 0.898), 30px);text-transform:uppercase\">Gastronom\u00eda y vino<\/p>\n\n\n<a class=\"is-style-lien-cover wp-block-read-more\" href=\"https:\/\/www.camping-des-familles.com\/es\/gastronomia-vino-medoc\/\" target=\"_self\">Leer m\u00e1s<span class=\"screen-reader-text\">: Gastronom\u00eda y vino<\/span><\/a>\n<\/li><li class=\"wp-block-post post-2491 page type-page status-publish has-post-thumbnail hentry\">\n\n<figure class=\"wp-block-image\"><img decoding=\"async\" src=\"https:\/\/www.camping-des-familles.com\/wp-content\/uploads\/2025\/10\/Soulac-sur-Mer.jpg\" alt=\"Patrimonio y cultura\"\/><\/figure>\n\n\n\n<p class=\"has-text-align-center has-base-2-color has-text-color has-link-color has-pp-woodland-font-family wp-elements-6ced9490183e5f4edfb72dbec622f35f\" style=\"font-size:clamp(18.959px, 1.185rem + ((1vw - 3.2px) * 0.898), 30px);text-transform:uppercase\">Patrimonio y cultura<\/p>\n\n\n<a class=\"is-style-lien-cover wp-block-read-more\" href=\"https:\/\/www.camping-des-familles.com\/es\/patrimonio-cultura-medoc\/\" target=\"_self\">Leer m\u00e1s<span class=\"screen-reader-text\">: Patrimonio y cultura<\/span><\/a>\n<\/li><\/ul><\/div>\n<\/section>\n","protected":false},"excerpt":{"rendered":"<p>Descubre las playas de los alrededores \u00bfBuscas arena fina, oc\u00e9ano y naturaleza? Bienvenido al Camping des Familles Ecolodge, el punto de partida ideal para descubrir las playas m\u00e1s bellas del M\u00e9doc. Desde nuestro camping cerca de Soulac-sur-Mer, sal en bici o en patinete el\u00e9ctrico todo terreno para descubrir las playas de Montalivet, Le Gurp, Soulac-sur-Mer [&hellip;]<\/p>\n","protected":false},"author":1,"featured_media":1324,"parent":0,"menu_order":0,"comment_status":"closed","ping_status":"closed","template":"","meta":{"_acf_changed":false,"_seopress_robots_primary_cat":"","_seopress_titles_title":"Descubre las playas m\u00e1s bellas del M\u00e9doc desde el camping","_seopress_titles_desc":"Desde el Camping des Familles, cerca de Soulac-sur-Mer, descubre las playas m\u00e1s bellas del M\u00e9doc: nada, practica surf, rel\u00e1jate y pasea en familia o con amigos.","_seopress_robots_index":"","_gt_ctv_global_id":"14469","_gt_ctv_id_group":false,"inline_featured_image":false,"gt_fse_maillage_image":"https:\/\/www.camping-des-familles.com\/wp-content\/uploads\/2025\/10\/vue-aerienne-ocean-plage.jpg","gt_fse_maillage_titre":"Las playas","gt_fse_maillage_alt":"Las playas","gt_fse_maillage_resume":"","_gt_maillage_image":0,"_gt_maillage_video":0,"_gt_maillage_title":"","footnotes":""},"categories":[],"tags":[],"class_list":["post-2476","page","type-page","status-publish","has-post-thumbnail","hentry"],"acf":[],"_links":{"self":[{"href":"https:\/\/www.camping-des-familles.com\/es\/wp-json\/wp\/v2\/pages\/2476","targetHints":{"allow":["GET"]}}],"collection":[{"href":"https:\/\/www.camping-des-familles.com\/es\/wp-json\/wp\/v2\/pages"}],"about":[{"href":"https:\/\/www.camping-des-familles.com\/es\/wp-json\/wp\/v2\/types\/page"}],"author":[{"embeddable":true,"href":"https:\/\/www.camping-des-familles.com\/es\/wp-json\/wp\/v2\/users\/1"}],"replies":[{"embeddable":true,"href":"https:\/\/www.camping-des-familles.com\/es\/wp-json\/wp\/v2\/comments?post=2476"}],"version-history":[{"count":28,"href":"https:\/\/www.camping-des-familles.com\/es\/wp-json\/wp\/v2\/pages\/2476\/revisions"}],"predecessor-version":[{"id":4292,"href":"https:\/\/www.camping-des-familles.com\/es\/wp-json\/wp\/v2\/pages\/2476\/revisions\/4292"}],"wp:featuredmedia":[{"embeddable":true,"href":"https:\/\/www.camping-des-familles.com\/es\/wp-json\/wp\/v2\/media\/1324"}],"wp:attachment":[{"href":"https:\/\/www.camping-des-familles.com\/es\/wp-json\/wp\/v2\/media?parent=2476"}],"wp:term":[{"taxonomy":"category","embeddable":true,"href":"https:\/\/www.camping-des-familles.com\/es\/wp-json\/wp\/v2\/categories?post=2476"},{"taxonomy":"post_tag","embeddable":true,"href":"https:\/\/www.camping-des-familles.com\/es\/wp-json\/wp\/v2\/tags?post=2476"}],"curies":[{"name":"wp","href":"https:\/\/api.w.org\/{rel}","templated":true}]}}