{"id":2465,"date":"2025-09-22T13:59:35","date_gmt":"2025-09-22T11:59:35","guid":{"rendered":"https:\/\/www.camping-des-familles.com\/location-emplacement-grayan-et-l-hopital\/"},"modified":"2025-11-11T09:52:58","modified_gmt":"2025-11-11T08:52:58","slug":"alquila-una-parcela-grayan-et-l-hopital","status":"publish","type":"page","link":"https:\/\/www.camping-des-familles.com\/es\/alquila-una-parcela-grayan-et-l-hopital\/","title":{"rendered":"Parcelas"},"content":{"rendered":"\n<section class=\"wp-block-group alignfull gt-reveal fiche-content page-hebergement has-global-padding is-layout-constrained wp-container-core-group-is-layout-19e250f3 wp-block-group-is-layout-constrained\">\n<div class=\"wp-block-group has-global-padding is-layout-constrained wp-block-group-is-layout-constrained\" style=\"padding-top:var(--wp--preset--spacing--40);padding-bottom:var(--wp--preset--spacing--40)\">\n<h1 class=\"wp-block-heading has-text-align-center full-width has-damirone-font-family has-custom-color-1-color has-text-color\" style=\"margin-top:0px;margin-right:0px;margin-bottom:0px;margin-left:0px;padding-bottom:var(--wp--preset--spacing--20);font-size:clamp(28.836px, 1.802rem + ((1vw - 3.2px) * 1.721), 50px);font-style:normal;font-weight:400;line-height:1.2;text-transform:uppercase\"><span>Alquila una parcela<\/span><br\/>cerca de Soulac-sur-Mer<\/h1>\n\n\n\n<p class=\"has-text-align-center has-custom-color-3-color has-text-color has-link-color gt-no-padding-mobile wp-elements-264033e0cce4d3a592a6d8f1c584069a\" style=\"padding-right:var(--wp--preset--spacing--60);padding-left:var(--wp--preset--spacing--60);line-height:1.9\">\u00bfTe gusta <strong>la acampada tradicional <\/strong>? Elige alquilar una parcela cerca de Soulac-sur-Mer en un entorno <g id=\"gid_1\">natural<\/g>, <g id=\"gid_2\">tranquilo <\/g>y <g id=\"gid_3\">sombreado<\/g>. El Camping des Familles Ecolodge te da la bienvenida a Grayan-et-l&#8217;H\u00f4pital, a 5 km de las playas, para que disfrutes de una aut\u00e9ntica estancia en <g id=\"gid_4\">tienda de campa\u00f1a<\/g>, <g id=\"gid_5\">caravana <\/g>o <g id=\"gid_6\">autocaravana<\/g>. En nuestro <a href=\"https:\/\/www.camping-des-familles.com\/es\/\" data-type=\"page\" data-id=\"8\">camping del M\u00e9doc<\/a>, podr\u00e1s aparcar tu veh\u00edculo, respirar el aire del mar y disfrutar plenamente del <strong>paisaje que te rodea<\/strong>. Aqu\u00ed no hay estr\u00e9s: todo est\u00e1 pensado para tu comodidad y tranquilidad.    <br\/><\/p>\n\n\n\n<div data-wp-context=\"{}\" data-wp-interactive=\"core\/query\" data-wp-key=\"1\" data-wp-router-region=\"query-1\" class=\"wp-block-query alignwide gt-fse-hebergements is-layout-flow wp-block-query-is-layout-flow gt-fse-widgets-ctv-open-product\"><ul class=\"columns-3 wp-block-post-template is-layout-grid wp-container-core-post-template-is-layout-6d3fbd8f wp-block-post-template-is-layout-grid gt-fse-widgets-ctv-open-product\"><li data-gt-Thelis-product-id=\"\" data-gt-bathrooms=\"\" data-gt-campings=\"\" data-gt-capacities=\"38,39,25,40,33\" data-gt-ctv-product-id=\"111561\" data-gt-gammes=\"\" data-gt-options=\"\" data-gt-rooms=\"\" data-gt-superficies=\"42\" data-gt-types=\"31,43\" data-wp-key=\"post-template-item-2691\" class=\"wp-block-post post-2691 hebergement type-hebergement status-publish has-post-thumbnail hentry gt-hebergements-types-emplacements gt-hebergements-types-offres gt-hebergements-nombre-personnes-38 gt-hebergements-nombre-personnes-39 gt-hebergements-nombre-personnes-25 gt-hebergements-nombre-personnes-40 gt-hebergements-nombre-personnes-33 gt-hebergements-superficie-42 gt-fse-widgets-ctv-open-product\">\n<figure style=\"aspect-ratio:4\/3;\" class=\"hebergement-featured-image wp-block-post-featured-image gt-fse-widgets-ctv-open-product\"><img decoding=\"async\" width=\"2022\" height=\"1350\" src=\"https:\/\/www.camping-des-familles.com\/wp-content\/uploads\/2025\/10\/emplacements-camping-car-medoc-e1759751044839.jpg\" class=\"attachment-full size-full wp-post-image gt-fse-widgets-ctv-open-product\" alt=\"parcelas para autocaravanas en medoc\" style=\"border-radius:0px;width:100%;height:100%;object-fit:cover;\" \/><\/figure>\n\n\n<div class=\"wp-block-group gt-hebergement-content is-content-justification-center is-nowrap is-layout-flex wp-container-core-group-is-layout-dad6e7c6 wp-block-group-is-layout-flex gt-fse-widgets-ctv-open-product\" style=\"padding-top:var(--wp--preset--spacing--10);padding-right:var(--wp--preset--spacing--10);padding-bottom:var(--wp--preset--spacing--10);padding-left:var(--wp--preset--spacing--10)\">\n<div class=\"wp-block-group has-global-padding is-layout-constrained wp-block-group-is-layout-constrained gt-fse-widgets-ctv-open-product\">\n<p class=\"hebergement-title has-custom-color-1-color has-text-color has-link-color has-pp-woodland-font-family wp-elements-415647ea71c39b808a9308772272f0dd gt-fse-widgets-ctv-open-product\" style=\"font-size:clamp(1.119rem, 1.119rem + ((1vw - 0.2rem) * 0.821), 1.75rem);\">Paquete CAMPING CAR &amp; VAN (electricidad incluida)<\/p>\n<\/div>\n<\/div>\n\n\n\n<div class=\"wp-block-group gt-hebergement-foot is-layout-flow wp-container-core-group-is-layout-a77db08e wp-block-group-is-layout-flow gt-fse-widgets-ctv-open-product\">\n<div class=\"wp-block-group is-content-justification-center is-layout-flex wp-container-core-group-is-layout-54e55615 wp-block-group-is-layout-flex gt-fse-widgets-ctv-open-product\" style=\"margin-top:0;margin-bottom:var(--wp--preset--spacing--20)\">\n<div class=\"wp-block-group hebergement-info is-horizontal is-content-justification-center is-nowrap is-layout-flex wp-container-core-group-is-layout-8d39ddb4 wp-block-group-is-layout-flex gt-fse-widgets-ctv-open-product\">\n<figure class=\"wp-block-image size-medium is-resized wp-duotone-unset-1 gt-fse-widgets-ctv-open-product\"><img decoding=\"async\" src=\"https:\/\/fermedes4chenes.fr\/wp-content\/uploads\/2024\/12\/utilisateur.svg\" alt=\"usuario\" class=\"wp-image-2009 gt-fse-widgets-ctv-open-product\" style=\"width:25px\"\/><\/figure>\n\n\n\n<div class=\"wp-block-group is-nowrap is-layout-flex wp-container-core-group-is-layout-4b0a85f0 wp-block-group-is-layout-flex gt-fse-widgets-ctv-open-product\"><div class=\"taxonomy-gt-hebergements-nombre-personnes wp-block-post-terms gt-fse-widgets-ctv-open-product\"><span class=\"gt-fse-widgets-ctv-open-product\"><span class=\"gt-hebergements-option-name gt-fse-widgets-ctv-open-product\">2<\/span><\/span><span class=\"wp-block-post-terms__separator gt-fse-widgets-ctv-open-product\">, <\/span><span class=\"gt-fse-widgets-ctv-open-product\"><span class=\"gt-hebergements-option-name gt-fse-widgets-ctv-open-product\">3<\/span><\/span><span class=\"wp-block-post-terms__separator gt-fse-widgets-ctv-open-product\">, <\/span><span class=\"gt-fse-widgets-ctv-open-product\"><span class=\"gt-hebergements-option-name gt-fse-widgets-ctv-open-product\">4<\/span><\/span><span class=\"wp-block-post-terms__separator gt-fse-widgets-ctv-open-product\">, <\/span><span class=\"gt-fse-widgets-ctv-open-product\"><span class=\"gt-hebergements-option-name gt-fse-widgets-ctv-open-product\">5<\/span><\/span><span class=\"wp-block-post-terms__separator gt-fse-widgets-ctv-open-product\">, <\/span><span class=\"gt-fse-widgets-ctv-open-product\"><span class=\"gt-hebergements-option-name gt-fse-widgets-ctv-open-product\">6<\/span><\/span><\/div>\n\n\n<p class=\"gt-fse-widgets-ctv-open-product\">Pers.<\/p>\n<\/div>\n<\/div>\n\n\n\n<div class=\"wp-block-group hebergement-info is-horizontal is-content-justification-center is-nowrap is-layout-flex wp-container-core-group-is-layout-8d39ddb4 wp-block-group-is-layout-flex gt-fse-widgets-ctv-open-product\">\n<figure class=\"wp-block-image size-full is-resized wp-duotone-unset-2 gt-fse-widgets-ctv-open-product\"><img decoding=\"async\" src=\"https:\/\/fermedes4chenes.fr\/wp-content\/uploads\/2024\/12\/lit.svg\" alt=\"cama\" class=\"wp-image-1999 gt-fse-widgets-ctv-open-product\" style=\"width:25px\"\/><\/figure>\n\n\n\n<div class=\"wp-block-group is-nowrap is-layout-flex wp-container-core-group-is-layout-4b0a85f0 wp-block-group-is-layout-flex gt-fse-widgets-ctv-open-product\">\n\n\n<p class=\"gt-fse-widgets-ctv-open-product\">Ch.<\/p>\n<\/div>\n<\/div>\n\n\n\n<div class=\"wp-block-group hebergement-info is-horizontal is-content-justification-center is-nowrap is-layout-flex wp-container-core-group-is-layout-8d39ddb4 wp-block-group-is-layout-flex gt-fse-widgets-ctv-open-product\">\n<figure class=\"wp-block-image size-medium is-resized gt-fse-widgets-ctv-open-product\"><img decoding=\"async\" src=\"https:\/\/fermedes4chenes.fr\/wp-content\/uploads\/2024\/12\/surface.svg\" alt=\"superficie\" class=\"wp-image-1994 gt-fse-widgets-ctv-open-product\" style=\"width:25px\"\/><\/figure>\n\n\n\n<div class=\"wp-block-group is-nowrap is-layout-flex wp-container-core-group-is-layout-4b0a85f0 wp-block-group-is-layout-flex gt-fse-widgets-ctv-open-product\"><div class=\"taxonomy-gt-hebergements-superficie wp-block-post-terms gt-fse-widgets-ctv-open-product\"><span class=\"gt-fse-widgets-ctv-open-product\"><span class=\"gt-hebergements-option-name gt-fse-widgets-ctv-open-product\">100<\/span><\/span><\/div>\n\n\n<p class=\"gt-fse-widgets-ctv-open-product\"><sup class=\"gt-fse-widgets-ctv-open-product\">m2<\/sup><\/p>\n<\/div>\n<\/div>\n<\/div>\n<\/div>\n\n<\/li><li data-gt-Thelis-product-id=\"\" data-gt-bathrooms=\"\" data-gt-campings=\"\" data-gt-capacities=\"38,39,25,40,33\" data-gt-ctv-product-id=\"72810\" data-gt-gammes=\"\" data-gt-options=\"\" data-gt-rooms=\"\" data-gt-superficies=\"42\" data-gt-types=\"31\" data-wp-key=\"post-template-item-2734\" class=\"wp-block-post post-2734 hebergement type-hebergement status-publish has-post-thumbnail hentry gt-hebergements-types-emplacements gt-hebergements-nombre-personnes-38 gt-hebergements-nombre-personnes-39 gt-hebergements-nombre-personnes-25 gt-hebergements-nombre-personnes-40 gt-hebergements-nombre-personnes-33 gt-hebergements-superficie-42 gt-fse-widgets-ctv-open-product\">\n<figure style=\"aspect-ratio:4\/3;\" class=\"hebergement-featured-image wp-block-post-featured-image gt-fse-widgets-ctv-open-product\"><img decoding=\"async\" width=\"2000\" height=\"1503\" src=\"https:\/\/www.camping-des-familles.com\/wp-content\/uploads\/2025\/10\/Emplacement-voiture-tente-ou-caravane_.jpg\" class=\"attachment-full size-full wp-post-image gt-fse-widgets-ctv-open-product\" alt=\"Emplacement  voiture tente ou caravane_\" style=\"border-radius:0px;width:100%;height:100%;object-fit:cover;\" srcset=\"https:\/\/www.camping-des-familles.com\/wp-content\/uploads\/2025\/10\/Emplacement-voiture-tente-ou-caravane_.jpg 2000w, https:\/\/www.camping-des-familles.com\/wp-content\/uploads\/2025\/10\/Emplacement-voiture-tente-ou-caravane_-300x225.jpg 300w, https:\/\/www.camping-des-familles.com\/wp-content\/uploads\/2025\/10\/Emplacement-voiture-tente-ou-caravane_-1024x770.jpg 1024w, https:\/\/www.camping-des-familles.com\/wp-content\/uploads\/2025\/10\/Emplacement-voiture-tente-ou-caravane_-768x577.jpg 768w, https:\/\/www.camping-des-familles.com\/wp-content\/uploads\/2025\/10\/Emplacement-voiture-tente-ou-caravane_-1536x1154.jpg 1536w\" sizes=\"(max-width: 2000px) 100vw, 2000px\" \/><\/figure>\n\n\n<div class=\"wp-block-group gt-hebergement-content is-content-justification-center is-nowrap is-layout-flex wp-container-core-group-is-layout-dad6e7c6 wp-block-group-is-layout-flex gt-fse-widgets-ctv-open-product\" style=\"padding-top:var(--wp--preset--spacing--10);padding-right:var(--wp--preset--spacing--10);padding-bottom:var(--wp--preset--spacing--10);padding-left:var(--wp--preset--spacing--10)\">\n<div class=\"wp-block-group has-global-padding is-layout-constrained wp-block-group-is-layout-constrained gt-fse-widgets-ctv-open-product\">\n<p class=\"hebergement-title has-custom-color-1-color has-text-color has-link-color has-pp-woodland-font-family wp-elements-415647ea71c39b808a9308772272f0dd gt-fse-widgets-ctv-open-product\" style=\"font-size:clamp(1.119rem, 1.119rem + ((1vw - 0.2rem) * 0.821), 1.75rem);\">Parcela: coche + tienda o caravana (electricidad incluida)<\/p>\n<\/div>\n<\/div>\n\n\n\n<div class=\"wp-block-group gt-hebergement-foot is-layout-flow wp-container-core-group-is-layout-a77db08e wp-block-group-is-layout-flow gt-fse-widgets-ctv-open-product\">\n<div class=\"wp-block-group is-content-justification-center is-layout-flex wp-container-core-group-is-layout-54e55615 wp-block-group-is-layout-flex gt-fse-widgets-ctv-open-product\" style=\"margin-top:0;margin-bottom:var(--wp--preset--spacing--20)\">\n<div class=\"wp-block-group hebergement-info is-horizontal is-content-justification-center is-nowrap is-layout-flex wp-container-core-group-is-layout-8d39ddb4 wp-block-group-is-layout-flex gt-fse-widgets-ctv-open-product\">\n<figure class=\"wp-block-image size-medium is-resized wp-duotone-unset-3 gt-fse-widgets-ctv-open-product\"><img decoding=\"async\" src=\"https:\/\/fermedes4chenes.fr\/wp-content\/uploads\/2024\/12\/utilisateur.svg\" alt=\"usuario\" class=\"wp-image-2009 gt-fse-widgets-ctv-open-product\" style=\"width:25px\"\/><\/figure>\n\n\n\n<div class=\"wp-block-group is-nowrap is-layout-flex wp-container-core-group-is-layout-4b0a85f0 wp-block-group-is-layout-flex gt-fse-widgets-ctv-open-product\"><div class=\"taxonomy-gt-hebergements-nombre-personnes wp-block-post-terms gt-fse-widgets-ctv-open-product\"><span class=\"gt-fse-widgets-ctv-open-product\"><span class=\"gt-hebergements-option-name gt-fse-widgets-ctv-open-product\">2<\/span><\/span><span class=\"wp-block-post-terms__separator gt-fse-widgets-ctv-open-product\">, <\/span><span class=\"gt-fse-widgets-ctv-open-product\"><span class=\"gt-hebergements-option-name gt-fse-widgets-ctv-open-product\">3<\/span><\/span><span class=\"wp-block-post-terms__separator gt-fse-widgets-ctv-open-product\">, <\/span><span class=\"gt-fse-widgets-ctv-open-product\"><span class=\"gt-hebergements-option-name gt-fse-widgets-ctv-open-product\">4<\/span><\/span><span class=\"wp-block-post-terms__separator gt-fse-widgets-ctv-open-product\">, <\/span><span class=\"gt-fse-widgets-ctv-open-product\"><span class=\"gt-hebergements-option-name gt-fse-widgets-ctv-open-product\">5<\/span><\/span><span class=\"wp-block-post-terms__separator gt-fse-widgets-ctv-open-product\">, <\/span><span class=\"gt-fse-widgets-ctv-open-product\"><span class=\"gt-hebergements-option-name gt-fse-widgets-ctv-open-product\">6<\/span><\/span><\/div>\n\n\n<p class=\"gt-fse-widgets-ctv-open-product\">Pers.<\/p>\n<\/div>\n<\/div>\n\n\n\n<div class=\"wp-block-group hebergement-info is-horizontal is-content-justification-center is-nowrap is-layout-flex wp-container-core-group-is-layout-8d39ddb4 wp-block-group-is-layout-flex gt-fse-widgets-ctv-open-product\">\n<figure class=\"wp-block-image size-full is-resized wp-duotone-unset-4 gt-fse-widgets-ctv-open-product\"><img decoding=\"async\" src=\"https:\/\/fermedes4chenes.fr\/wp-content\/uploads\/2024\/12\/lit.svg\" alt=\"cama\" class=\"wp-image-1999 gt-fse-widgets-ctv-open-product\" style=\"width:25px\"\/><\/figure>\n\n\n\n<div class=\"wp-block-group is-nowrap is-layout-flex wp-container-core-group-is-layout-4b0a85f0 wp-block-group-is-layout-flex gt-fse-widgets-ctv-open-product\">\n\n\n<p class=\"gt-fse-widgets-ctv-open-product\">Ch.<\/p>\n<\/div>\n<\/div>\n\n\n\n<div class=\"wp-block-group hebergement-info is-horizontal is-content-justification-center is-nowrap is-layout-flex wp-container-core-group-is-layout-8d39ddb4 wp-block-group-is-layout-flex gt-fse-widgets-ctv-open-product\">\n<figure class=\"wp-block-image size-medium is-resized gt-fse-widgets-ctv-open-product\"><img decoding=\"async\" src=\"https:\/\/fermedes4chenes.fr\/wp-content\/uploads\/2024\/12\/surface.svg\" alt=\"superficie\" class=\"wp-image-1994 gt-fse-widgets-ctv-open-product\" style=\"width:25px\"\/><\/figure>\n\n\n\n<div class=\"wp-block-group is-nowrap is-layout-flex wp-container-core-group-is-layout-4b0a85f0 wp-block-group-is-layout-flex gt-fse-widgets-ctv-open-product\"><div class=\"taxonomy-gt-hebergements-superficie wp-block-post-terms gt-fse-widgets-ctv-open-product\"><span class=\"gt-fse-widgets-ctv-open-product\"><span class=\"gt-hebergements-option-name gt-fse-widgets-ctv-open-product\">100<\/span><\/span><\/div>\n\n\n<p class=\"gt-fse-widgets-ctv-open-product\"><sup class=\"gt-fse-widgets-ctv-open-product\">m2<\/sup><\/p>\n<\/div>\n<\/div>\n<\/div>\n<\/div>\n\n<\/li><li data-gt-Thelis-product-id=\"\" data-gt-bathrooms=\"\" data-gt-campings=\"\" data-gt-capacities=\"38,39,25,40,33\" data-gt-ctv-product-id=\"111565\" data-gt-gammes=\"\" data-gt-options=\"\" data-gt-rooms=\"\" data-gt-superficies=\"42\" data-gt-types=\"31,43\" data-wp-key=\"post-template-item-2690\" class=\"wp-block-post post-2690 hebergement type-hebergement status-publish has-post-thumbnail hentry gt-hebergements-types-emplacements gt-hebergements-types-offres gt-hebergements-nombre-personnes-38 gt-hebergements-nombre-personnes-39 gt-hebergements-nombre-personnes-25 gt-hebergements-nombre-personnes-40 gt-hebergements-nombre-personnes-33 gt-hebergements-superficie-42 gt-fse-widgets-ctv-open-product\">\n<figure style=\"aspect-ratio:4\/3;\" class=\"hebergement-featured-image wp-block-post-featured-image gt-fse-widgets-ctv-open-product\"><img decoding=\"async\" width=\"2000\" height=\"1250\" src=\"https:\/\/www.camping-des-familles.com\/wp-content\/uploads\/2025\/10\/Forfait-RANDONNEURS-CYCLISTES.jpg\" class=\"attachment-full size-full wp-post-image gt-fse-widgets-ctv-open-product\" alt=\"Paquete EXCURSIONISTAS Y CICLISTAS\" style=\"border-radius:0px;width:100%;height:100%;object-fit:cover;\" srcset=\"https:\/\/www.camping-des-familles.com\/wp-content\/uploads\/2025\/10\/Forfait-RANDONNEURS-CYCLISTES.jpg 2000w, https:\/\/www.camping-des-familles.com\/wp-content\/uploads\/2025\/10\/Forfait-RANDONNEURS-CYCLISTES-300x188.jpg 300w, https:\/\/www.camping-des-familles.com\/wp-content\/uploads\/2025\/10\/Forfait-RANDONNEURS-CYCLISTES-1024x640.jpg 1024w, https:\/\/www.camping-des-familles.com\/wp-content\/uploads\/2025\/10\/Forfait-RANDONNEURS-CYCLISTES-768x480.jpg 768w, https:\/\/www.camping-des-familles.com\/wp-content\/uploads\/2025\/10\/Forfait-RANDONNEURS-CYCLISTES-1536x960.jpg 1536w\" sizes=\"(max-width: 2000px) 100vw, 2000px\" \/><\/figure>\n\n\n<div class=\"wp-block-group gt-hebergement-content is-content-justification-center is-nowrap is-layout-flex wp-container-core-group-is-layout-dad6e7c6 wp-block-group-is-layout-flex gt-fse-widgets-ctv-open-product\" style=\"padding-top:var(--wp--preset--spacing--10);padding-right:var(--wp--preset--spacing--10);padding-bottom:var(--wp--preset--spacing--10);padding-left:var(--wp--preset--spacing--10)\">\n<div class=\"wp-block-group has-global-padding is-layout-constrained wp-block-group-is-layout-constrained gt-fse-widgets-ctv-open-product\">\n<p class=\"hebergement-title has-custom-color-1-color has-text-color has-link-color has-pp-woodland-font-family wp-elements-415647ea71c39b808a9308772272f0dd gt-fse-widgets-ctv-open-product\" style=\"font-size:clamp(1.119rem, 1.119rem + ((1vw - 0.2rem) * 0.821), 1.75rem);\">Paquete EXCURSIONISTAS Y CICLISTAS<\/p>\n<\/div>\n<\/div>\n\n\n\n<div class=\"wp-block-group gt-hebergement-foot is-layout-flow wp-container-core-group-is-layout-a77db08e wp-block-group-is-layout-flow gt-fse-widgets-ctv-open-product\">\n<div class=\"wp-block-group is-content-justification-center is-layout-flex wp-container-core-group-is-layout-54e55615 wp-block-group-is-layout-flex gt-fse-widgets-ctv-open-product\" style=\"margin-top:0;margin-bottom:var(--wp--preset--spacing--20)\">\n<div class=\"wp-block-group hebergement-info is-horizontal is-content-justification-center is-nowrap is-layout-flex wp-container-core-group-is-layout-8d39ddb4 wp-block-group-is-layout-flex gt-fse-widgets-ctv-open-product\">\n<figure class=\"wp-block-image size-medium is-resized wp-duotone-unset-5 gt-fse-widgets-ctv-open-product\"><img decoding=\"async\" src=\"https:\/\/fermedes4chenes.fr\/wp-content\/uploads\/2024\/12\/utilisateur.svg\" alt=\"usuario\" class=\"wp-image-2009 gt-fse-widgets-ctv-open-product\" style=\"width:25px\"\/><\/figure>\n\n\n\n<div class=\"wp-block-group is-nowrap is-layout-flex wp-container-core-group-is-layout-4b0a85f0 wp-block-group-is-layout-flex gt-fse-widgets-ctv-open-product\"><div class=\"taxonomy-gt-hebergements-nombre-personnes wp-block-post-terms gt-fse-widgets-ctv-open-product\"><span class=\"gt-fse-widgets-ctv-open-product\"><span class=\"gt-hebergements-option-name gt-fse-widgets-ctv-open-product\">2<\/span><\/span><span class=\"wp-block-post-terms__separator gt-fse-widgets-ctv-open-product\">, <\/span><span class=\"gt-fse-widgets-ctv-open-product\"><span class=\"gt-hebergements-option-name gt-fse-widgets-ctv-open-product\">3<\/span><\/span><span class=\"wp-block-post-terms__separator gt-fse-widgets-ctv-open-product\">, <\/span><span class=\"gt-fse-widgets-ctv-open-product\"><span class=\"gt-hebergements-option-name gt-fse-widgets-ctv-open-product\">4<\/span><\/span><span class=\"wp-block-post-terms__separator gt-fse-widgets-ctv-open-product\">, <\/span><span class=\"gt-fse-widgets-ctv-open-product\"><span class=\"gt-hebergements-option-name gt-fse-widgets-ctv-open-product\">5<\/span><\/span><span class=\"wp-block-post-terms__separator gt-fse-widgets-ctv-open-product\">, <\/span><span class=\"gt-fse-widgets-ctv-open-product\"><span class=\"gt-hebergements-option-name gt-fse-widgets-ctv-open-product\">6<\/span><\/span><\/div>\n\n\n<p class=\"gt-fse-widgets-ctv-open-product\">Pers.<\/p>\n<\/div>\n<\/div>\n\n\n\n<div class=\"wp-block-group hebergement-info is-horizontal is-content-justification-center is-nowrap is-layout-flex wp-container-core-group-is-layout-8d39ddb4 wp-block-group-is-layout-flex gt-fse-widgets-ctv-open-product\">\n<figure class=\"wp-block-image size-full is-resized wp-duotone-unset-6 gt-fse-widgets-ctv-open-product\"><img decoding=\"async\" src=\"https:\/\/fermedes4chenes.fr\/wp-content\/uploads\/2024\/12\/lit.svg\" alt=\"cama\" class=\"wp-image-1999 gt-fse-widgets-ctv-open-product\" style=\"width:25px\"\/><\/figure>\n\n\n\n<div class=\"wp-block-group is-nowrap is-layout-flex wp-container-core-group-is-layout-4b0a85f0 wp-block-group-is-layout-flex gt-fse-widgets-ctv-open-product\">\n\n\n<p class=\"gt-fse-widgets-ctv-open-product\">Ch.<\/p>\n<\/div>\n<\/div>\n\n\n\n<div class=\"wp-block-group hebergement-info is-horizontal is-content-justification-center is-nowrap is-layout-flex wp-container-core-group-is-layout-8d39ddb4 wp-block-group-is-layout-flex gt-fse-widgets-ctv-open-product\">\n<figure class=\"wp-block-image size-medium is-resized gt-fse-widgets-ctv-open-product\"><img decoding=\"async\" src=\"https:\/\/fermedes4chenes.fr\/wp-content\/uploads\/2024\/12\/surface.svg\" alt=\"superficie\" class=\"wp-image-1994 gt-fse-widgets-ctv-open-product\" style=\"width:25px\"\/><\/figure>\n\n\n\n<div class=\"wp-block-group is-nowrap is-layout-flex wp-container-core-group-is-layout-4b0a85f0 wp-block-group-is-layout-flex gt-fse-widgets-ctv-open-product\"><div class=\"taxonomy-gt-hebergements-superficie wp-block-post-terms gt-fse-widgets-ctv-open-product\"><span class=\"gt-fse-widgets-ctv-open-product\"><span class=\"gt-hebergements-option-name gt-fse-widgets-ctv-open-product\">100<\/span><\/span><\/div>\n\n\n<p class=\"gt-fse-widgets-ctv-open-product\"><sup class=\"gt-fse-widgets-ctv-open-product\">m2<\/sup><\/p>\n<\/div>\n<\/div>\n<\/div>\n<\/div>\n\n<\/li><\/ul><\/div>\n<\/div>\n\n\n\n<div style=\"height:6rem\" aria-hidden=\"true\" class=\"wp-block-spacer gt-hide-mobile\"><\/div>\n<\/section>\n\n<section class=\"wp-block-group home-fourth page-two has-custom-color-1-background-color has-background has-global-padding is-layout-constrained wp-block-group-is-layout-constrained\">\n<div class=\"wp-block-group has-global-padding is-content-justification-center is-layout-constrained wp-container-core-group-is-layout-519de150 wp-block-group-is-layout-constrained\" style=\"margin-top:0px;margin-right:0px;margin-bottom:0px;margin-left:0px\">\n<h2 class=\"wp-block-heading has-text-align-center full-width has-damirone-font-family has-base-2-color has-text-color\" style=\"margin-top:0px;margin-right:0px;margin-bottom:0px;margin-left:0px;font-size:clamp(24.034px, 1.502rem + ((1vw - 3.2px) * 1.298), 40px);font-style:normal;font-weight:400;line-height:1.2;text-transform:uppercase\"><span>Parcelas para tiendas,<\/span> caravanas y furgonetas<\/h2>\n<\/div>\n\n\n\n<div class=\"wp-block-group has-global-padding is-content-justification-center is-layout-constrained wp-container-core-group-is-layout-8f5500b1 wp-block-group-is-layout-constrained\" style=\"margin-top:0px;margin-right:0px;margin-bottom:0px;margin-left:0px;padding-bottom:var(--wp--preset--spacing--30)\">\n<p class=\"has-text-align-center full-width has-base-2-color has-text-color has-link-color has-poppins-font-family wp-elements-92504947dab5badfa878a2506d7629f1\" style=\"margin-top:0px;margin-right:0px;margin-bottom:0px;margin-left:0px;font-size:clamp(14px, 0.875rem + ((1vw - 3.2px) * 0.325), 18px);font-style:normal;font-weight:300;line-height:1.9\">Nuestras parcelas, de<strong>unos 100 m\u00b2<\/strong>, son llanas, delimitadas y sombreadas, con posibilidad de <strong>conexi\u00f3n el\u00e9ctrica<\/strong>. Tanto si eres un campista solitario, una familia o una furgoneta, encontrar\u00e1s un lugar ideal para acampar. Todas las parcelas de alquiler del M\u00e9doc tienen acceso a los servicios del camping: <g id=\"gid_2\">instalaciones sanitarias modernas<\/g>, <g id=\"gid_3\">piscina climatizada<\/g>, <g id=\"gid_4\">zona de juegos<\/g>, <g id=\"gid_5\">bar<\/g>, <g id=\"gid_6\">restaurante<\/g>, <g id=\"gid_7\">animaci\u00f3n <\/g>y <g id=\"gid_8\">dep\u00f3sito de pan<\/g>. Esta es tu oportunidad de disfrutar de la experiencia de acampar <strong>con total sencillez<\/strong>, en un <strong>entorno seguro y acogedor<\/strong>.   <\/p>\n<\/div>\n\n\n\n<div class=\"wp-block-cover alignfull blob-image gt-gsap-fadeInUp\" style=\"min-height:80vh;aspect-ratio:unset;\"><img decoding=\"async\" width=\"1600\" height=\"896\" class=\"wp-block-cover__image-background wp-image-2318 size-full\" alt=\"van life familles chien\" src=\"https:\/\/www.camping-des-familles.com\/wp-content\/uploads\/2025\/10\/van-life-familles-chien.jpg\" style=\"object-position:55% 11%\" data-object-fit=\"cover\" data-object-position=\"55% 11%\" srcset=\"https:\/\/www.camping-des-familles.com\/wp-content\/uploads\/2025\/10\/van-life-familles-chien.jpg 1600w, https:\/\/www.camping-des-familles.com\/wp-content\/uploads\/2025\/10\/van-life-familles-chien-300x168.jpg 300w, https:\/\/www.camping-des-familles.com\/wp-content\/uploads\/2025\/10\/van-life-familles-chien-1024x573.jpg 1024w, https:\/\/www.camping-des-familles.com\/wp-content\/uploads\/2025\/10\/van-life-familles-chien-768x430.jpg 768w, https:\/\/www.camping-des-familles.com\/wp-content\/uploads\/2025\/10\/van-life-familles-chien-1536x860.jpg 1536w\" sizes=\"(max-width: 1600px) 100vw, 1600px\" \/><span aria-hidden=\"true\" class=\"wp-block-cover__background has-background-dim wp-block-cover__gradient-background has-background-gradient\" style=\"background:linear-gradient(0deg,rgb(1,1,1) 0%,rgba(0,0,0,0.34) 72%)\"><\/span><div class=\"wp-block-cover__inner-container is-layout-flow wp-block-cover-is-layout-flow\">\n<p class=\"has-text-align-center h1-like has-pp-woodland-font-family\" style=\"font-size:clamp(67.975px, 4.248rem + ((1vw - 3.2px) * 6.506), 148px);line-height:1\">Furgoneta<br\/><span>o autocaravana<\/span><\/p>\n<\/div><\/div>\n<\/section>\n\n<section class=\"wp-block-group home-third page-third has-global-padding is-layout-constrained wp-block-group-is-layout-constrained\">\n<div class=\"wp-block-columns is-layout-flex wp-container-core-columns-is-layout-28f84493 wp-block-columns-is-layout-flex\">\n<div class=\"wp-block-column left is-layout-flow wp-block-column-is-layout-flow\" style=\"flex-basis:50%\">\n<div data-swiper=\"{&quot;speed&quot;:400,&quot;spaceBetween&quot;:16,&quot;slidesPerView&quot;:1,&quot;createElements&quot;:true,&quot;loop&quot;:true,&quot;freemode&quot;:true,&quot;breakpoints&quot;:[{&quot;slidesPerView&quot;:1}],&quot;pagination&quot;:false,&quot;effect&quot;:&quot;fade&quot;,&quot;navigation&quot;:false}\" class=\"wp-block-group gt-is-slider gt-is-slider-desktop is-layout-flow wp-block-group-is-layout-flow\">\n<div class=\"wp-block-group is-layout-flow wp-block-group-is-layout-flow\">\n<figure class=\"wp-block-image size-full is-resized gt-gsap-fadeIn\"><img decoding=\"async\" width=\"1350\" height=\"1350\" src=\"https:\/\/www.camping-des-familles.com\/wp-content\/uploads\/2025\/10\/empalcements-camping-des-familles-dans-le-medoc-edited.jpg\" alt=\"campings familiares en el medoc\" class=\"wp-image-2222\" style=\"width:auto;height:900px\" srcset=\"https:\/\/www.camping-des-familles.com\/wp-content\/uploads\/2025\/10\/empalcements-camping-des-familles-dans-le-medoc-edited.jpg 1350w, https:\/\/www.camping-des-familles.com\/wp-content\/uploads\/2025\/10\/empalcements-camping-des-familles-dans-le-medoc-edited-300x300.jpg 300w, https:\/\/www.camping-des-familles.com\/wp-content\/uploads\/2025\/10\/empalcements-camping-des-familles-dans-le-medoc-edited-1024x1024.jpg 1024w, https:\/\/www.camping-des-familles.com\/wp-content\/uploads\/2025\/10\/empalcements-camping-des-familles-dans-le-medoc-edited-150x150.jpg 150w, https:\/\/www.camping-des-familles.com\/wp-content\/uploads\/2025\/10\/empalcements-camping-des-familles-dans-le-medoc-edited-768x768.jpg 768w\" sizes=\"(max-width: 1350px) 100vw, 1350px\" \/><\/figure>\n<\/div>\n<\/div>\n<\/div>\n\n\n\n<div class=\"wp-block-column is-vertically-aligned-center right is-layout-flow wp-block-column-is-layout-flow\" style=\"flex-basis:50%\">\n<h2 class=\"wp-block-heading\" style=\"text-transform:uppercase\">Alojamiento en autocaravana <span>en el M\u00e9doc<\/span><\/h2>\n\n\n\n<p class=\"has-custom-color-3-color has-text-color has-link-color wp-elements-cf20ee6451d06b1099f8f7ac2afd0fcd\" style=\"line-height:1.9\">El camping tambi\u00e9n dispone de un <strong>\u00e1rea apta para autocaravanas<\/strong>, con agua, <strong>electricidad <\/strong>y <strong>acceso r\u00e1pido y f\u00e1cil a las playas<\/strong> (15 minutos en bici por el carril bici seguro). Una base perfecta para explorar la regi\u00f3n, desde Soulac-sur-Mer hasta los grandes lagos pasando por la ruta del vino. Para una <strong>parada de una noche o una estancia m\u00e1s larga<\/strong>, ser\u00e1s m\u00e1s que bienvenido a nuestro terreno de alquiler en el M\u00e9doc.  <\/p>\n<\/div>\n<\/div>\n<\/section>\n\n<section class=\"wp-block-group home-third bis has-global-padding is-layout-constrained wp-block-group-is-layout-constrained\">\n<div class=\"wp-block-columns is-layout-flex wp-container-core-columns-is-layout-28f84493 wp-block-columns-is-layout-flex\">\n<div class=\"wp-block-column is-vertically-aligned-center right is-layout-flow wp-block-column-is-layout-flow\" style=\"flex-basis:50%\">\n<h2 class=\"wp-block-heading has-text-align-left full-width has-damirone-font-family has-custom-color-1-color has-text-color\" style=\"margin-top:0px;margin-right:0px;margin-bottom:0px;margin-left:0px;padding-bottom:var(--wp--preset--spacing--20);font-size:clamp(28.836px, 1.802rem + ((1vw - 3.2px) * 1.721), 50px);font-style:normal;font-weight:400;line-height:1.2;text-transform:uppercase\">Alquiler de material <span>adicional<\/span><\/h2>\n\n\n\n<p class=\"has-custom-color-3-color has-text-color has-link-color wp-elements-cc9dfc3bab7cb0468d538404a7adce63\" style=\"line-height:1.9\">Para <strong>una comodidad \u00f3ptima<\/strong>, puedes completar tu estancia contratando una nevera, una cuna o trona, juegos de s\u00e1banas y toallas, o un paquete de limpieza. Estos servicios te permiten <g id=\"gid_1\">viajar ligero conservando tu independencia<\/g>. Tambi\u00e9n merece la pena echar un vistazo: \u00a1nuestras <a href=\"https:\/\/www.camping-des-familles.com\/es\/alquiler-de-mobil-homes-en-grayan-et-l-hopital\/\" data-type=\"page\" data-id=\"36\">casas m\u00f3viles de alquiler cerca de Soulac-sur-Mer<\/a> para <strong>disfrutar de una gran variedad de placeres<\/strong>!  <br\/><\/p>\n<\/div>\n\n\n\n<div class=\"wp-block-column left is-layout-flow wp-block-column-is-layout-flow\" style=\"flex-basis:50%\">\n<div class=\"wp-block-group is-layout-flow wp-block-group-is-layout-flow\">\n<div class=\"wp-block-group is-layout-flow wp-block-group-is-layout-flow\">\n<figure class=\"wp-block-image size-full is-resized gt-gsap-fadeIn\"><img decoding=\"async\" width=\"940\" height=\"874\" src=\"https:\/\/www.camping-des-familles.com\/wp-content\/uploads\/2025\/10\/location-de-serviettes-1-e1760108481758.jpg\" alt=\"alquiler de toallas\" class=\"wp-image-1547\" style=\"width:auto;height:900px\" srcset=\"https:\/\/www.camping-des-familles.com\/wp-content\/uploads\/2025\/10\/location-de-serviettes-1-e1760108481758.jpg 940w, https:\/\/www.camping-des-familles.com\/wp-content\/uploads\/2025\/10\/location-de-serviettes-1-e1760108481758-300x279.jpg 300w, https:\/\/www.camping-des-familles.com\/wp-content\/uploads\/2025\/10\/location-de-serviettes-1-e1760108481758-768x714.jpg 768w\" sizes=\"(max-width: 940px) 100vw, 940px\" \/><\/figure>\n<\/div>\n<\/div>\n<\/div>\n<\/div>\n<\/section>\n\n<section class=\"wp-block-group home-third page-third has-global-padding is-layout-constrained wp-block-group-is-layout-constrained\">\n<div class=\"wp-block-columns is-layout-flex wp-container-core-columns-is-layout-28f84493 wp-block-columns-is-layout-flex\">\n<div class=\"wp-block-column left is-layout-flow wp-block-column-is-layout-flow\" style=\"flex-basis:50%\">\n<div data-swiper=\"{&quot;speed&quot;:400,&quot;spaceBetween&quot;:16,&quot;slidesPerView&quot;:1,&quot;createElements&quot;:true,&quot;loop&quot;:true,&quot;freemode&quot;:true,&quot;breakpoints&quot;:[{&quot;slidesPerView&quot;:1}],&quot;pagination&quot;:false,&quot;effect&quot;:&quot;fade&quot;,&quot;navigation&quot;:false}\" class=\"wp-block-group gt-is-slider gt-is-slider-desktop is-layout-flow wp-block-group-is-layout-flow\">\n<div class=\"wp-block-group is-layout-flow wp-block-group-is-layout-flow\">\n<figure class=\"wp-block-image size-full is-resized gt-gsap-fadeIn\"><img decoding=\"async\" width=\"942\" height=\"900\" src=\"https:\/\/www.camping-des-familles.com\/wp-content\/uploads\/2025\/10\/mobilite-reduite.jpg\" alt=\"movilidad reducida\" class=\"wp-image-1557\" style=\"width:auto;height:900px\" srcset=\"https:\/\/www.camping-des-familles.com\/wp-content\/uploads\/2025\/10\/mobilite-reduite.jpg 942w, https:\/\/www.camping-des-familles.com\/wp-content\/uploads\/2025\/10\/mobilite-reduite-300x287.jpg 300w, https:\/\/www.camping-des-familles.com\/wp-content\/uploads\/2025\/10\/mobilite-reduite-768x734.jpg 768w\" sizes=\"(max-width: 942px) 100vw, 942px\" \/><\/figure>\n<\/div>\n<\/div>\n<\/div>\n\n\n\n<div class=\"wp-block-column is-vertically-aligned-center right is-layout-flow wp-block-column-is-layout-flow\" style=\"flex-basis:50%\">\n<h2 class=\"wp-block-heading\" style=\"text-transform:uppercase\">Nuestros aseos modernos y de alta calidad <span>con acceso PMR<\/span><\/h2>\n\n\n\n<p class=\"has-custom-color-3-color has-text-color has-link-color wp-elements-a04301011b7cb8f46319bff06deb4f46\" style=\"line-height:1.9\">Nuestros bloques sanitarios est\u00e1n <strong>limpios, son espaciosos <\/strong>y <strong>accesibles para las personas con movilidad reducida<\/strong>. Se mantienen con regularidad para garantizar la <strong>comodidad y la higiene<\/strong> de todos los veraneantes. Duchas, lavabos, WC, lavamanos: todo lo que necesitas para una estancia relajante. Prestamos verdadera atenci\u00f3n a la calidad de tus vacaciones en nuestro <a href=\"https:\/\/www.camping-des-familles.com\/es\/camping-barato-grayan-et-l-hopital\/\" data-type=\"page\" data-id=\"44\">camping econ\u00f3mico del M\u00e9doc<\/a>.   <br\/><\/p>\n<\/div>\n<\/div>\n<\/section>\n\n<section class=\"wp-block-group page-maillage has-global-padding is-layout-constrained wp-block-group-is-layout-constrained\">\n<div class=\"wp-block-group is-horizontal is-layout-flex wp-container-core-group-is-layout-1b39ef27 wp-block-group-is-layout-flex\">\n<figure class=\"wp-block-image size-large\" style=\"margin-top:0px;margin-right:0px;margin-bottom:0px;margin-left:0px\"><img decoding=\"async\" width=\"63\" height=\"94\" src=\"https:\/\/www.camping-des-familles.com\/wp-content\/uploads\/2025\/09\/Vector-24.svg\" alt=\"Vector (24)\" class=\"wp-image-653\" style=\"object-fit:cover\"\/><\/figure>\n\n\n\n<div class=\"wp-block-group h1-like has-custom-color-1-color has-text-color has-link-color wp-elements-e3e7b6bcdc0b7e3df9eb389fe2af79ec has-global-padding is-layout-constrained wp-block-group-is-layout-constrained\">\n<p class=\"has-custom-color-3-color has-text-color has-link-color has-pp-woodland-font-family wp-elements-971959627247e340887a447a0a915214\" style=\"font-size:clamp(52.9px, 3.306rem + ((1vw - 3.2px) * 4.398), 107px);font-style:normal;font-weight:200;text-transform:uppercase\">Descubre<br\/> <span>nuestras vacaciones y servicios<\/span><\/p>\n<\/div>\n<\/div>\n\n\n\n<div class=\"wp-block-query is-layout-flow wp-block-query-is-layout-flow\"><ul class=\"animated fadeInUp wp-block-post-template is-layout-flow wp-block-post-template-is-layout-flow\"><li class=\"wp-block-post post-2533 page type-page status-publish has-post-thumbnail hentry\">\n\n<figure class=\"wp-block-image\"><img decoding=\"async\" src=\"https:\/\/www.camping-des-familles.com\/wp-content\/uploads\/2025\/10\/Locations-camping-des-familles-au-medoc.jpg\" alt=\"Alquiler de campings familiares en el M\u00e9doc\"\/><\/figure>\n\n\n\n<p class=\"has-text-align-center has-base-2-color has-text-color has-link-color has-pp-woodland-font-family wp-elements-6ced9490183e5f4edfb72dbec622f35f\" style=\"font-size:clamp(18.959px, 1.185rem + ((1vw - 3.2px) * 0.898), 30px);text-transform:uppercase\">Alquileres<\/p>\n\n\n<a class=\"is-style-lien-cover wp-block-read-more\" href=\"https:\/\/www.camping-des-familles.com\/es\/alquiler-de-mobil-homes-en-grayan-et-l-hopital\/\" target=\"_self\">Leer m\u00e1s<span class=\"screen-reader-text\">: Alquileres<\/span><\/a>\n<\/li><li class=\"wp-block-post post-2565 page type-page status-publish has-post-thumbnail hentry\">\n\n<figure class=\"wp-block-image\"><img decoding=\"async\" src=\"https:\/\/www.camping-des-familles.com\/wp-content\/uploads\/2025\/10\/epicerie-a-proximite-du-camping-medoc.jpg\" alt=\"tienda de comestibles cerca del camping m\u00e9doc\"\/><\/figure>\n\n\n\n<p class=\"has-text-align-center has-base-2-color has-text-color has-link-color has-pp-woodland-font-family wp-elements-6ced9490183e5f4edfb72dbec622f35f\" style=\"font-size:clamp(18.959px, 1.185rem + ((1vw - 3.2px) * 0.898), 30px);text-transform:uppercase\">Nuestros servicios<\/p>\n\n\n<a class=\"is-style-lien-cover wp-block-read-more\" href=\"https:\/\/www.camping-des-familles.com\/es\/camping-servicios-grayan-et-l-hopital\/\" target=\"_self\">Leer m\u00e1s<span class=\"screen-reader-text\">: Nuestros servicios<\/span><\/a>\n<\/li><li class=\"wp-block-post post-2460 page type-page status-publish has-post-thumbnail hentry\">\n\n<figure class=\"wp-block-image\"><img decoding=\"async\" src=\"https:\/\/www.camping-des-familles.com\/wp-content\/uploads\/2025\/10\/malin-4-pers-c.jpg\" alt=\"malin-4-pers-c\"\/><\/figure>\n\n\n\n<p class=\"has-text-align-center has-base-2-color has-text-color has-link-color has-pp-woodland-font-family wp-elements-6ced9490183e5f4edfb72dbec622f35f\" style=\"font-size:clamp(18.959px, 1.185rem + ((1vw - 3.2px) * 0.898), 30px);text-transform:uppercase\">Tarifas y promociones<\/p>\n\n\n<a class=\"is-style-lien-cover wp-block-read-more\" href=\"https:\/\/www.camping-des-familles.com\/es\/camping-barato-grayan-et-l-hopital\/\" target=\"_self\">Leer m\u00e1s<span class=\"screen-reader-text\">: Tarifas y promociones<\/span><\/a>\n<\/li><\/ul><\/div>\n<\/section>\n","protected":false},"excerpt":{"rendered":"<p>Alquila una parcelacerca de Soulac-sur-Mer \u00bfTe gusta la acampada tradicional ? Elige alquilar una parcela cerca de Soulac-sur-Mer en un entorno natural, tranquilo y sombreado. El Camping des Familles Ecolodge te da la bienvenida a Grayan-et-l&#8217;H\u00f4pital, a 5 km de las playas, para que disfrutes de una aut\u00e9ntica estancia en tienda de campa\u00f1a, caravana o [&hellip;]<\/p>\n","protected":false},"author":1,"featured_media":1535,"parent":0,"menu_order":0,"comment_status":"closed","ping_status":"closed","template":"","meta":{"_acf_changed":false,"_seopress_robots_primary_cat":"","_seopress_titles_title":"Alquilar una parcela cerca de Soulac-sur-Mer | Caravaning M\u00e9doc","_seopress_titles_desc":"Alquila una parcela sombreada para tu tienda, caravana o autocaravana en el Camping des Familles, cerca de Soulac-sur-Mer. Servicios, instalaciones sanitarias modernas y acceso a las playas del M\u00e9doc. ","_seopress_robots_index":"","_gt_ctv_global_id":"14469","_gt_ctv_id_group":false,"inline_featured_image":false,"gt_fse_maillage_image":"https:\/\/www.camping-des-familles.com\/wp-content\/uploads\/2025\/10\/camping-des-familles-medoc.jpg","gt_fse_maillage_titre":"Parcelas","gt_fse_maillage_alt":"Parcelas","gt_fse_maillage_resume":"","_gt_maillage_image":0,"_gt_maillage_video":0,"_gt_maillage_title":"","footnotes":""},"categories":[],"tags":[],"class_list":["post-2465","page","type-page","status-publish","has-post-thumbnail","hentry"],"acf":[],"_links":{"self":[{"href":"https:\/\/www.camping-des-familles.com\/es\/wp-json\/wp\/v2\/pages\/2465","targetHints":{"allow":["GET"]}}],"collection":[{"href":"https:\/\/www.camping-des-familles.com\/es\/wp-json\/wp\/v2\/pages"}],"about":[{"href":"https:\/\/www.camping-des-familles.com\/es\/wp-json\/wp\/v2\/types\/page"}],"author":[{"embeddable":true,"href":"https:\/\/www.camping-des-familles.com\/es\/wp-json\/wp\/v2\/users\/1"}],"replies":[{"embeddable":true,"href":"https:\/\/www.camping-des-familles.com\/es\/wp-json\/wp\/v2\/comments?post=2465"}],"version-history":[{"count":19,"href":"https:\/\/www.camping-des-familles.com\/es\/wp-json\/wp\/v2\/pages\/2465\/revisions"}],"predecessor-version":[{"id":4185,"href":"https:\/\/www.camping-des-familles.com\/es\/wp-json\/wp\/v2\/pages\/2465\/revisions\/4185"}],"wp:featuredmedia":[{"embeddable":true,"href":"https:\/\/www.camping-des-familles.com\/es\/wp-json\/wp\/v2\/media\/1535"}],"wp:attachment":[{"href":"https:\/\/www.camping-des-familles.com\/es\/wp-json\/wp\/v2\/media?parent=2465"}],"wp:term":[{"taxonomy":"category","embeddable":true,"href":"https:\/\/www.camping-des-familles.com\/es\/wp-json\/wp\/v2\/categories?post=2465"},{"taxonomy":"post_tag","embeddable":true,"href":"https:\/\/www.camping-des-familles.com\/es\/wp-json\/wp\/v2\/tags?post=2465"}],"curies":[{"name":"wp","href":"https:\/\/api.w.org\/{rel}","templated":true}]}}