{"id":2460,"date":"2025-09-22T13:59:42","date_gmt":"2025-09-22T11:59:42","guid":{"rendered":"https:\/\/www.camping-des-familles.com\/camping-pas-cher-grayan-et-l-hopital\/"},"modified":"2025-11-11T10:09:58","modified_gmt":"2025-11-11T09:09:58","slug":"camping-barato-grayan-et-l-hopital","status":"publish","type":"page","link":"https:\/\/www.camping-des-familles.com\/es\/camping-barato-grayan-et-l-hopital\/","title":{"rendered":"Tarifas y promociones"},"content":{"rendered":"\n<section class=\"wp-block-group alignfull gt-reveal fiche-content page-hebergement has-global-padding is-layout-constrained wp-container-core-group-is-layout-26f5e65e wp-block-group-is-layout-constrained\" style=\"padding-top:var(--wp--preset--spacing--40);padding-bottom:var(--wp--preset--spacing--30)\">\n<h1 class=\"wp-block-heading has-text-align-center full-width has-damirone-font-family has-custom-color-1-color has-text-color\" style=\"margin-top:0px;margin-right:0px;margin-bottom:0px;margin-left:0px;padding-bottom:var(--wp--preset--spacing--20);font-size:clamp(28.836px, 1.802rem + ((1vw - 3.2px) * 1.721), 50px);font-style:normal;font-weight:400;line-height:1.2;text-transform:uppercase\">Acampar al mejor precio <span>en el M\u00e9doc<\/span><\/h1>\n\n\n\n<p class=\"has-text-align-center has-custom-color-3-color has-text-color has-link-color gt-no-padding-mobile wp-elements-3f841ce9686aecdf64349a2a91b56128\" style=\"padding-right:var(--wp--preset--spacing--60);padding-left:var(--wp--preset--spacing--60);line-height:1.9\">\u00bfBuscas <strong>unas vacaciones junto al mar<\/strong> sin arruinarte? El Camping des Familles Ecolodge ofrece <strong>una excelente relaci\u00f3n calidad-precio<\/strong> para una estancia confortable en un entorno c\u00e1lido y natural. Situado en Grayan-et-l&#8217;H\u00f4pital, nuestro camping econ\u00f3mico del M\u00e9doc es la elecci\u00f3n inteligente para <g id=\"gid_2\">unas vacaciones estupendas con un presupuesto ajustado<\/g>. A s\u00f3lo 5 km de las playas y a 15 minutos en bicicleta, disfrutar\u00e1s de una <g id=\"gid_3\">ubicaci\u00f3n ideal<\/g>,<g id=\"gid_4\">completas instalaciones<\/g> y un <g id=\"gid_5\">ambiente familiar<\/g>, todo ello a un precio asequible. Descubre <a href=\"https:\/\/www.camping-des-familles.com\/es\/\" data-type=\"page\" data-id=\"8\">nuestro camping cerca de Soulac-sur-Mer <\/a>y <strong>reserva con tranquilidad<\/strong>.     <\/p>\n<\/section>\n\n<div class=\"wp-block-group has-base-2-background-color has-background has-global-padding is-layout-constrained wp-block-group-is-layout-constrained\" style=\"padding-top:var(--wp--preset--spacing--40);padding-bottom:var(--wp--preset--spacing--40)\"><div class=\"wp-block-gt-gt-fse-widgets-ctv\" data-wp-interactive=\"gt\/ctv\/widgets\">\n\n                        <ctv-availability data-background-color=\"#FFFFFFFF\" data-background-color=\"#f9f3ee\"><\/ctv-availability>\n        \n    <\/div>\n<\/div>\n\n<section class=\"wp-block-group home-fourth page-two has-custom-color-1-background-color has-background has-global-padding is-layout-constrained wp-block-group-is-layout-constrained\">\n<div class=\"wp-block-group has-global-padding is-content-justification-center is-layout-constrained wp-container-core-group-is-layout-519de150 wp-block-group-is-layout-constrained\" style=\"margin-top:0px;margin-right:0px;margin-bottom:0px;margin-left:0px\">\n<h2 class=\"wp-block-heading has-text-align-center full-width has-damirone-font-family has-base-2-color has-text-color\" style=\"margin-top:0px;margin-right:0px;margin-bottom:0px;margin-left:0px;font-size:clamp(24.034px, 1.502rem + ((1vw - 3.2px) * 1.298), 40px);font-style:normal;font-weight:400;line-height:1.2;text-transform:uppercase\"><span>Alojamiento confortable<\/span> al mejor precio<\/h2>\n<\/div>\n\n\n\n<div class=\"wp-block-group has-global-padding is-content-justification-center is-layout-constrained wp-container-core-group-is-layout-8f5500b1 wp-block-group-is-layout-constrained\" style=\"margin-top:0px;margin-right:0px;margin-bottom:0px;margin-left:0px;padding-bottom:var(--wp--preset--spacing--30)\">\n<p class=\"has-text-align-center full-width has-base-2-color has-text-color has-link-color has-poppins-font-family wp-elements-8d356b298ce7c738dfce7ab1eec1d206\" style=\"margin-top:0px;margin-right:0px;margin-bottom:0px;margin-left:0px;font-size:clamp(14px, 0.875rem + ((1vw - 3.2px) * 0.325), 18px);font-style:normal;font-weight:300;line-height:1.9\">Ofrecemos varias gamas de <a href=\"https:\/\/www.camping-des-familles.com\/es\/alquiler-de-mobil-homes-en-grayan-et-l-hopital\/\" data-type=\"page\" data-id=\"36\">mobil homes de alquiler cerca de Soulac-sur-Mer<\/a> para todos los gustos y presupuestos: la gama Malin para <strong>unas vacaciones econ\u00f3micas<\/strong>, la gama Welcome para<strong> m\u00e1s espacio<\/strong>, y la gama Premium con <strong>aire acondicionado y ropa de cama incluida<\/strong>. Tambi\u00e9n encontrar\u00e1s<a href=\"https:\/\/www.camping-des-familles.com\/es\/alquila-una-parcela-grayan-et-l-hopital\/\" data-type=\"page\" data-id=\"40\"> amplias parcelas en el M\u00e9doc<\/a> para <strong>tiendas<\/strong>, <strong>caravanas <\/strong>o <strong>autocaravanas<\/strong>. Todos nuestros alojamientos ofrecen todos los <strong>servicios del camping<\/strong>: piscina climatizada, animaci\u00f3n, alquiler de bicicletas y patinetes el\u00e9ctricos, bar-restaurante&#8230; \u00a1Unas <strong>aut\u00e9nticas vacaciones<\/strong> sin renunciar a la comodidad!<\/p>\n<\/div>\n\n\n\n<div class=\"wp-block-cover alignfull blob-image gt-gsap-fadeInUp\" style=\"min-height:80vh;aspect-ratio:unset;\"><img decoding=\"async\" width=\"2048\" height=\"1274\" class=\"wp-block-cover__image-background wp-image-1574 size-full\" alt=\"Mobil home premium-6-pers-m\u00e9doc\" src=\"https:\/\/www.camping-des-familles.com\/wp-content\/uploads\/2025\/10\/Mobil-home-premium-6-pers-medoc.jpg\" data-object-fit=\"cover\" srcset=\"https:\/\/www.camping-des-familles.com\/wp-content\/uploads\/2025\/10\/Mobil-home-premium-6-pers-medoc.jpg 2048w, https:\/\/www.camping-des-familles.com\/wp-content\/uploads\/2025\/10\/Mobil-home-premium-6-pers-medoc-300x187.jpg 300w, https:\/\/www.camping-des-familles.com\/wp-content\/uploads\/2025\/10\/Mobil-home-premium-6-pers-medoc-1024x637.jpg 1024w, https:\/\/www.camping-des-familles.com\/wp-content\/uploads\/2025\/10\/Mobil-home-premium-6-pers-medoc-768x478.jpg 768w, https:\/\/www.camping-des-familles.com\/wp-content\/uploads\/2025\/10\/Mobil-home-premium-6-pers-medoc-1536x956.jpg 1536w\" sizes=\"(max-width: 2048px) 100vw, 2048px\" \/><span aria-hidden=\"true\" class=\"wp-block-cover__background has-background-dim wp-block-cover__gradient-background has-background-gradient\" style=\"background:linear-gradient(0deg,rgb(1,1,1) 0%,rgba(0,0,0,0.34) 72%)\"><\/span><div class=\"wp-block-cover__inner-container is-layout-flow wp-block-cover-is-layout-flow\">\n<p class=\"has-text-align-center h1-like has-pp-woodland-font-family\" style=\"font-size:clamp(67.975px, 4.248rem + ((1vw - 3.2px) * 6.506), 148px);line-height:1\">Confort<br\/><span>a bajo precio<\/span><\/p>\n<\/div><\/div>\n<\/section>\n\n<section class=\"wp-block-group home-third page-third has-global-padding is-layout-constrained wp-block-group-is-layout-constrained\">\n<div class=\"wp-block-columns is-layout-flex wp-container-core-columns-is-layout-28f84493 wp-block-columns-is-layout-flex\">\n<div class=\"wp-block-column left is-layout-flow wp-block-column-is-layout-flow\" style=\"flex-basis:50%\">\n<div data-swiper=\"{&quot;speed&quot;:400,&quot;spaceBetween&quot;:16,&quot;slidesPerView&quot;:1,&quot;createElements&quot;:true,&quot;loop&quot;:true,&quot;freemode&quot;:true,&quot;breakpoints&quot;:[{&quot;slidesPerView&quot;:1}],&quot;pagination&quot;:false,&quot;effect&quot;:&quot;fade&quot;,&quot;navigation&quot;:false}\" class=\"wp-block-group gt-is-slider gt-is-slider-desktop is-layout-flow wp-block-group-is-layout-flow\">\n<div class=\"wp-block-group is-layout-flow wp-block-group-is-layout-flow\">\n<figure class=\"wp-block-image size-full is-resized gt-gsap-fadeIn\"><img decoding=\"async\" width=\"1875\" height=\"1958\" src=\"https:\/\/www.camping-des-familles.com\/wp-content\/uploads\/2025\/10\/Mobil-home-cabane-prix-abordable-e1759752430327.jpg\" alt=\"Caba&#xF1;a m&#xF3;vil asequible\" class=\"wp-image-1586\" style=\"width:auto;height:900px\" srcset=\"https:\/\/www.camping-des-familles.com\/wp-content\/uploads\/2025\/10\/Mobil-home-cabane-prix-abordable-e1759752430327.jpg 1875w, https:\/\/www.camping-des-familles.com\/wp-content\/uploads\/2025\/10\/Mobil-home-cabane-prix-abordable-e1759752430327-287x300.jpg 287w, https:\/\/www.camping-des-familles.com\/wp-content\/uploads\/2025\/10\/Mobil-home-cabane-prix-abordable-e1759752430327-981x1024.jpg 981w, https:\/\/www.camping-des-familles.com\/wp-content\/uploads\/2025\/10\/Mobil-home-cabane-prix-abordable-e1759752430327-768x802.jpg 768w, https:\/\/www.camping-des-familles.com\/wp-content\/uploads\/2025\/10\/Mobil-home-cabane-prix-abordable-e1759752430327-1471x1536.jpg 1471w\" sizes=\"(max-width: 1875px) 100vw, 1875px\" \/><\/figure>\n<\/div>\n<\/div>\n<\/div>\n\n\n\n<div class=\"wp-block-column is-vertically-aligned-center right is-layout-flow wp-block-column-is-layout-flow\" style=\"flex-basis:50%\">\n<h2 class=\"wp-block-heading\" style=\"text-transform:uppercase\">Camping con promociones <span>cerca de Soulac-sur-Mer<\/span><\/h2>\n\n\n\n<p class=\"has-custom-color-3-color has-text-color has-link-color wp-elements-cd03ee2993a75eed4a262c7d49bc0e6a\" style=\"line-height:1.9\">A lo largo del a\u00f1o, ponemos en marcha <strong>ofertas especiales <\/strong>(estancias largas, tarifas para excursionistas y ciclistas, ofertas de fin de semana fuera de temporada, etc.), <strong>paquetes ventajosos<\/strong> (alojamiento + actividades), etc.<strong> <\/strong>y <strong>ofertas especiales de vez en cuando<\/strong> para ofrecerte las <strong>mejores tarifas<\/strong>. Descuentos para estancias largas, ofertas de \u00faltima hora, promociones de temporada baja&#8230; No olvides consultar nuestra p\u00e1gina con regularidad para no perderte nada. Si reservas con antelaci\u00f3n, tambi\u00e9n podr\u00e1s acceder a nuestros <strong>alojamientos m\u00e1s populares a precios bajos<\/strong>.  <\/p>\n\n\n<div class=\"wp-block-gt-gt-fse-widgets-ctv\" data-wp-interactive=\"gt\/ctv\/widgets\">\n\n            <ctv-offers data-display-mode=\"carousel\" ><\/ctv-offers>\n\n    <\/div>\n<\/div>\n<\/div>\n<\/section>\n\n<section class=\"wp-block-group home-third bis has-global-padding is-layout-constrained wp-block-group-is-layout-constrained\">\n<div class=\"wp-block-columns is-layout-flex wp-container-core-columns-is-layout-28f84493 wp-block-columns-is-layout-flex\">\n<div class=\"wp-block-column is-vertically-aligned-center right is-layout-flow wp-block-column-is-layout-flow\" style=\"flex-basis:50%\">\n<h2 class=\"wp-block-heading has-text-align-left full-width has-damirone-font-family has-custom-color-1-color has-text-color\" style=\"margin-top:0px;margin-right:0px;margin-bottom:0px;margin-left:0px;padding-bottom:var(--wp--preset--spacing--20);font-size:clamp(28.836px, 1.802rem + ((1vw - 3.2px) * 1.721), 50px);font-style:normal;font-weight:400;line-height:1.2;text-transform:uppercase\">Reservar <span>directamente<\/span><\/h2>\n\n\n\n<p class=\"has-custom-color-3-color has-text-color has-link-color wp-elements-f219d44cd5436b48d360fbd2104f12b7\" style=\"line-height:1.9\">Para beneficiarte de las mejores tarifas garantizadas, te aconsejamos que<strong> reserves directamente en nuestro sitio web<\/strong>. Adem\u00e1s de <strong>beneficiarte de las promociones actuales<\/strong>, evitar\u00e1s los costes adicionales de las plataformas de terceros. Reservar directamente es <strong>sencillo<\/strong>, <strong>r\u00e1pido <\/strong>y <strong>seguro<\/strong>. Tambi\u00e9n puedes llamarnos para recibir <strong>asesoramiento personalizado<\/strong>: nuestro equipo estar\u00e1 encantado de ayudarte. Reserva con inteligencia, reserva directamente, en un camping barato cerca de Soulac-sur-Mer.    <\/p>\n<\/div>\n\n\n\n<div class=\"wp-block-column left is-layout-flow wp-block-column-is-layout-flow\" style=\"flex-basis:50%\">\n<div class=\"wp-block-group is-layout-flow wp-block-group-is-layout-flow\">\n<div class=\"wp-block-group is-layout-flow wp-block-group-is-layout-flow\">\n<figure class=\"wp-block-image size-full is-resized gt-gsap-fadeIn\"><img decoding=\"async\" width=\"990\" height=\"897\" src=\"https:\/\/www.camping-des-familles.com\/wp-content\/uploads\/2025\/10\/famille-heureuse-en-vacances-e1759752604389.jpg\" alt=\"familia feliz en vacaciones\" class=\"wp-image-1592\" style=\"width:auto;height:900px\" srcset=\"https:\/\/www.camping-des-familles.com\/wp-content\/uploads\/2025\/10\/famille-heureuse-en-vacances-e1759752604389.jpg 990w, https:\/\/www.camping-des-familles.com\/wp-content\/uploads\/2025\/10\/famille-heureuse-en-vacances-e1759752604389-300x272.jpg 300w, https:\/\/www.camping-des-familles.com\/wp-content\/uploads\/2025\/10\/famille-heureuse-en-vacances-e1759752604389-768x696.jpg 768w\" sizes=\"(max-width: 990px) 100vw, 990px\" \/><\/figure>\n<\/div>\n<\/div>\n<\/div>\n<\/div>\n<\/section>\n\n<section class=\"wp-block-group page-maillage has-global-padding is-layout-constrained wp-block-group-is-layout-constrained\">\n<div class=\"wp-block-group is-horizontal is-layout-flex wp-container-core-group-is-layout-1b39ef27 wp-block-group-is-layout-flex\">\n<figure class=\"wp-block-image size-large\" style=\"margin-top:0px;margin-right:0px;margin-bottom:0px;margin-left:0px\"><img decoding=\"async\" width=\"63\" height=\"94\" src=\"https:\/\/www.camping-des-familles.com\/wp-content\/uploads\/2025\/09\/Vector-24.svg\" alt=\"Vector (24)\" class=\"wp-image-653\" style=\"object-fit:cover\"\/><\/figure>\n\n\n\n<div class=\"wp-block-group h1-like has-custom-color-1-color has-text-color has-link-color wp-elements-50b152984aaf01ed0ba0f5623eeaef95 has-global-padding is-layout-constrained wp-block-group-is-layout-constrained\">\n<p class=\"has-custom-color-3-color has-text-color has-link-color has-pp-woodland-font-family wp-elements-c88810fbdc1c5ab4f388fbed263fe555\" style=\"font-size:clamp(52.9px, 3.306rem + ((1vw - 3.2px) * 4.398), 107px);font-style:normal;font-weight:200;text-transform:uppercase\">Descubre el <span>confort, la naturaleza y los servicios<\/span><\/p>\n<\/div>\n<\/div>\n\n\n\n<div class=\"wp-block-query is-layout-flow wp-block-query-is-layout-flow\"><ul class=\"animated fadeInUp wp-block-post-template is-layout-flow wp-block-post-template-is-layout-flow\"><li class=\"wp-block-post post-2465 page type-page status-publish has-post-thumbnail hentry\">\n\n<figure class=\"wp-block-image\"><img decoding=\"async\" src=\"https:\/\/www.camping-des-familles.com\/wp-content\/uploads\/2025\/10\/camping-des-familles-medoc.jpg\" alt=\"Parcelas\"\/><\/figure>\n\n\n\n<p class=\"has-text-align-center has-base-2-color has-text-color has-link-color has-pp-woodland-font-family wp-elements-6ced9490183e5f4edfb72dbec622f35f\" style=\"font-size:clamp(18.959px, 1.185rem + ((1vw - 3.2px) * 0.898), 30px);text-transform:uppercase\">Parcelas<\/p>\n\n\n<a class=\"is-style-lien-cover wp-block-read-more\" href=\"https:\/\/www.camping-des-familles.com\/es\/alquila-una-parcela-grayan-et-l-hopital\/\" target=\"_self\">Leer m\u00e1s<span class=\"screen-reader-text\">: Parcelas<\/span><\/a>\n<\/li><li class=\"wp-block-post post-2533 page type-page status-publish has-post-thumbnail hentry\">\n\n<figure class=\"wp-block-image\"><img decoding=\"async\" src=\"https:\/\/www.camping-des-familles.com\/wp-content\/uploads\/2025\/10\/Locations-camping-des-familles-au-medoc.jpg\" alt=\"Alquiler de campings familiares en el M\u00e9doc\"\/><\/figure>\n\n\n\n<p class=\"has-text-align-center has-base-2-color has-text-color has-link-color has-pp-woodland-font-family wp-elements-6ced9490183e5f4edfb72dbec622f35f\" style=\"font-size:clamp(18.959px, 1.185rem + ((1vw - 3.2px) * 0.898), 30px);text-transform:uppercase\">Alquileres<\/p>\n\n\n<a class=\"is-style-lien-cover wp-block-read-more\" href=\"https:\/\/www.camping-des-familles.com\/es\/alquiler-de-mobil-homes-en-grayan-et-l-hopital\/\" target=\"_self\">Leer m\u00e1s<span class=\"screen-reader-text\">: Alquileres<\/span><\/a>\n<\/li><li class=\"wp-block-post post-2565 page type-page status-publish has-post-thumbnail hentry\">\n\n<figure class=\"wp-block-image\"><img decoding=\"async\" src=\"https:\/\/www.camping-des-familles.com\/wp-content\/uploads\/2025\/10\/epicerie-a-proximite-du-camping-medoc.jpg\" alt=\"tienda de comestibles cerca del camping m\u00e9doc\"\/><\/figure>\n\n\n\n<p class=\"has-text-align-center has-base-2-color has-text-color has-link-color has-pp-woodland-font-family wp-elements-6ced9490183e5f4edfb72dbec622f35f\" style=\"font-size:clamp(18.959px, 1.185rem + ((1vw - 3.2px) * 0.898), 30px);text-transform:uppercase\">Nuestros servicios<\/p>\n\n\n<a class=\"is-style-lien-cover wp-block-read-more\" href=\"https:\/\/www.camping-des-familles.com\/es\/camping-servicios-grayan-et-l-hopital\/\" target=\"_self\">Leer m\u00e1s<span class=\"screen-reader-text\">: Nuestros servicios<\/span><\/a>\n<\/li><\/ul><\/div>\n<\/section>\n","protected":false},"excerpt":{"rendered":"<p>Acampar al mejor precio en el M\u00e9doc \u00bfBuscas unas vacaciones junto al mar sin arruinarte? El Camping des Familles Ecolodge ofrece una excelente relaci\u00f3n calidad-precio para una estancia confortable en un entorno c\u00e1lido y natural. Situado en Grayan-et-l&#8217;H\u00f4pital, nuestro camping econ\u00f3mico del M\u00e9doc es la elecci\u00f3n inteligente para unas vacaciones estupendas con un presupuesto ajustado. [&hellip;]<\/p>\n","protected":false},"author":1,"featured_media":1613,"parent":0,"menu_order":0,"comment_status":"closed","ping_status":"closed","template":"","meta":{"_acf_changed":false,"_seopress_robots_primary_cat":"","_seopress_titles_title":"Camping barato Soulac-sur-Mer | Camping promociones M\u00e9doc","_seopress_titles_desc":"Disfruta de unas vacaciones baratas en el Camping des Familles, cerca de Soulac-sur-Mer: mobil homes y parcelas a precios econ\u00f3micos, promociones de temporada y servicios incluidos en el M\u00e9doc.","_seopress_robots_index":"","_gt_ctv_global_id":"14469","_gt_ctv_id_group":false,"inline_featured_image":false,"gt_fse_maillage_image":"https:\/\/www.camping-des-familles.com\/wp-content\/uploads\/2025\/10\/malin-4-pers-c.jpg","gt_fse_maillage_titre":"Tarifas y promociones","gt_fse_maillage_alt":"malin-4-pers-c","gt_fse_maillage_resume":"","_gt_maillage_image":0,"_gt_maillage_video":0,"_gt_maillage_title":"","footnotes":""},"categories":[],"tags":[],"class_list":["post-2460","page","type-page","status-publish","has-post-thumbnail","hentry"],"acf":[],"_links":{"self":[{"href":"https:\/\/www.camping-des-familles.com\/es\/wp-json\/wp\/v2\/pages\/2460","targetHints":{"allow":["GET"]}}],"collection":[{"href":"https:\/\/www.camping-des-familles.com\/es\/wp-json\/wp\/v2\/pages"}],"about":[{"href":"https:\/\/www.camping-des-familles.com\/es\/wp-json\/wp\/v2\/types\/page"}],"author":[{"embeddable":true,"href":"https:\/\/www.camping-des-familles.com\/es\/wp-json\/wp\/v2\/users\/1"}],"replies":[{"embeddable":true,"href":"https:\/\/www.camping-des-familles.com\/es\/wp-json\/wp\/v2\/comments?post=2460"}],"version-history":[{"count":19,"href":"https:\/\/www.camping-des-familles.com\/es\/wp-json\/wp\/v2\/pages\/2460\/revisions"}],"predecessor-version":[{"id":4272,"href":"https:\/\/www.camping-des-familles.com\/es\/wp-json\/wp\/v2\/pages\/2460\/revisions\/4272"}],"wp:featuredmedia":[{"embeddable":true,"href":"https:\/\/www.camping-des-familles.com\/es\/wp-json\/wp\/v2\/media\/1613"}],"wp:attachment":[{"href":"https:\/\/www.camping-des-familles.com\/es\/wp-json\/wp\/v2\/media?parent=2460"}],"wp:term":[{"taxonomy":"category","embeddable":true,"href":"https:\/\/www.camping-des-familles.com\/es\/wp-json\/wp\/v2\/categories?post=2460"},{"taxonomy":"post_tag","embeddable":true,"href":"https:\/\/www.camping-des-familles.com\/es\/wp-json\/wp\/v2\/tags?post=2460"}],"curies":[{"name":"wp","href":"https:\/\/api.w.org\/{rel}","templated":true}]}}