{"id":2422,"date":"2025-09-22T14:00:39","date_gmt":"2025-09-22T12:00:39","guid":{"rendered":"https:\/\/www.camping-des-familles.com\/gastronomie-vins-medoc\/"},"modified":"2025-11-11T10:08:24","modified_gmt":"2025-11-11T09:08:24","slug":"gastronomia-vino-medoc","status":"publish","type":"page","link":"https:\/\/www.camping-des-familles.com\/es\/gastronomia-vino-medoc\/","title":{"rendered":"Gastronom\u00eda y vino"},"content":{"rendered":"\n<section class=\"wp-block-group home-third bis has-global-padding is-layout-constrained wp-block-group-is-layout-constrained\">\n<div class=\"wp-block-columns is-layout-flex wp-container-core-columns-is-layout-28f84493 wp-block-columns-is-layout-flex\">\n<div class=\"wp-block-column is-vertically-aligned-center right is-layout-flow wp-block-column-is-layout-flow\" style=\"flex-basis:50%\">\n<h1 class=\"wp-block-heading has-text-align-left full-width has-damirone-font-family has-custom-color-1-color has-text-color\" style=\"margin-top:0px;margin-right:0px;margin-bottom:0px;margin-left:0px;padding-bottom:var(--wp--preset--spacing--20);font-size:clamp(28.836px, 1.802rem + ((1vw - 3.2px) * 1.721), 50px);font-style:normal;font-weight:400;line-height:1.2;text-transform:uppercase\">Descubre el saber hacer local <span>del M\u00e9doc<\/span> <\/h1>\n\n\n\n<p class=\"has-custom-color-3-color has-text-color has-link-color wp-elements-0b90b9cc58492c45902ddf2cc63ee421\" style=\"line-height:1.9\">Nuestra regi\u00f3n es tambi\u00e9n una tierra de <strong>sabores<\/strong>, <strong>tradiciones<\/strong>, <a href=\"https:\/\/www.camping-des-familles.com\/es\/patrimonio-cultura-medoc\/\" data-type=\"page\" data-id=\"52\">patrimonio y cultura medocina<\/a>. Durante su estancia en el <a href=\"https:\/\/www.camping-des-familles.com\/es\/\" data-type=\"page\" data-id=\"8\">camping cerca de Soulac-sur-Mer<\/a>, salga al encuentro de los <strong>artesanos y productores locales<\/strong> para disfrutar de una inmersi\u00f3n gastron\u00f3mica. Vinos prestigiosos, marisco, dulces y un saber hacer ancestral: todo est\u00e1 aqu\u00ed para <a href=\"https:\/\/www.medoc-atlantique.com\/patrimoine\/esprit-epicurien\/vignobles-et-route-des-vins\/\" target=\"_blank\" rel=\"noreferrer noopener nofollow\">descubrir los vinos del M\u00e9doc<\/a> y disfrutar de <strong>unas vacaciones epic\u00fareas al aire libre<\/strong>. Prep\u00e1rate para una <strong>experiencia culinaria y cultural \u00fanica<\/strong>.<br\/><\/p>\n<\/div>\n\n\n\n<div class=\"wp-block-column left is-layout-flow wp-block-column-is-layout-flow\" style=\"flex-basis:50%\">\n<div class=\"wp-block-group is-layout-flow wp-block-group-is-layout-flow\">\n<div class=\"wp-block-group is-layout-flow wp-block-group-is-layout-flow\">\n<figure class=\"wp-block-image size-full is-resized gt-gsap-fadeIn\"><img decoding=\"async\" width=\"1707\" height=\"2052\" src=\"https:\/\/www.camping-des-familles.com\/wp-content\/uploads\/2025\/10\/vins-du-medoc-scaled-e1759501888678.jpg\" alt=\"vinos de medoc\" class=\"wp-image-1403\" style=\"width:auto;height:900px\" srcset=\"https:\/\/www.camping-des-familles.com\/wp-content\/uploads\/2025\/10\/vins-du-medoc-scaled-e1759501888678.jpg 1707w, https:\/\/www.camping-des-familles.com\/wp-content\/uploads\/2025\/10\/vins-du-medoc-scaled-e1759501888678-250x300.jpg 250w, https:\/\/www.camping-des-familles.com\/wp-content\/uploads\/2025\/10\/vins-du-medoc-scaled-e1759501888678-852x1024.jpg 852w, https:\/\/www.camping-des-familles.com\/wp-content\/uploads\/2025\/10\/vins-du-medoc-scaled-e1759501888678-768x923.jpg 768w, https:\/\/www.camping-des-familles.com\/wp-content\/uploads\/2025\/10\/vins-du-medoc-scaled-e1759501888678-1278x1536.jpg 1278w, https:\/\/www.camping-des-familles.com\/wp-content\/uploads\/2025\/10\/vins-du-medoc-scaled-e1759501888678-1704x2048.jpg 1704w\" sizes=\"(max-width: 1707px) 100vw, 1707px\" \/><\/figure>\n<\/div>\n<\/div>\n<\/div>\n<\/div>\n<\/section>\n\n<section class=\"wp-block-group home-fourth page-two has-custom-color-1-background-color has-background has-global-padding is-layout-constrained wp-block-group-is-layout-constrained\">\n<div class=\"wp-block-group has-global-padding is-content-justification-center is-layout-constrained wp-container-core-group-is-layout-519de150 wp-block-group-is-layout-constrained\" style=\"margin-top:0px;margin-right:0px;margin-bottom:0px;margin-left:0px\">\n<h2 class=\"wp-block-heading has-text-align-center full-width has-damirone-font-family has-base-2-color has-text-color\" style=\"margin-top:0px;margin-right:0px;margin-bottom:0px;margin-left:0px;font-size:clamp(24.034px, 1.502rem + ((1vw - 3.2px) * 1.298), 40px);font-style:normal;font-weight:400;line-height:1.2;text-transform:uppercase\">\u00a1<span>Guinguettes y productores<\/span> te esperan!<\/h2>\n<\/div>\n\n\n\n<div class=\"wp-block-group has-global-padding is-content-justification-center is-layout-constrained wp-container-core-group-is-layout-8f5500b1 wp-block-group-is-layout-constrained\" style=\"margin-top:0px;margin-right:0px;margin-bottom:0px;margin-left:0px;padding-bottom:var(--wp--preset--spacing--30)\">\n<p class=\"has-text-align-center full-width has-base-2-color has-text-color has-link-color has-poppins-font-family wp-elements-7f6a20540a25c27b6bef3e713623497e\" style=\"margin-top:0px;margin-right:0px;margin-bottom:0px;margin-left:0px;font-size:clamp(14px, 0.875rem + ((1vw - 3.2px) * 0.325), 18px);font-style:normal;font-weight:300;line-height:1.9\">Despu\u00e9s de un d\u00eda con los pies en la arena en las <a href=\"https:\/\/www.camping-des-familles.com\/es\/turismo-playas-medoc\/\" data-type=\"page\" data-id=\"48\">playas cercanas al camping en el M\u00e9doc<\/a>, d\u00e9jate tentar por la<strong> <\/strong>Tambi\u00e9n podr\u00e1s aprovechar <a href=\"https:\/\/www.sudouest.fr\/gironde\/de-guinguettes-en-guinguettes-balade-gastronomique-en-medoc-le-long-de-l-estuaire-16385869.php\" target=\"_blank\" rel=\"noreferrer noopener nofollow\">las numerosas tabernas del estuario<\/a>, los <strong>mercados de Soulac-sur-Mer<\/strong> y <strong>Montalivet <\/strong>y la <strong>venta directa de productos locales<\/strong>. No te pierdas los famosos <a href=\"https:\/\/www.medoc-atlantique.com\/sit\/noisettines-du-medoc-7202276\/\" target=\"_blank\" rel=\"noreferrer noopener nofollow\">Noisettines du M\u00e9doc<\/a>: en un principio, \u00c9dith y Michel, entonces costurera y cocinero, decidieron instalarse en este almac\u00e9n de vino en ruinas de 200 a\u00f1os de antig\u00fcedad con sus escasos medios para construir su vida familiar. Fue entonces cuando Michel decidi\u00f3 reinventar para Edith una <strong>antigua receta que databa de 1649<\/strong>, y tras muchos ensayos utilizando avellanas, una fruta que siempre le ha gustado, cre\u00f3 <strong>la Noisettine<\/strong>.<\/p>\n\n\n\n<p><\/p>\n\n\n\n<p class=\"has-text-align-center full-width has-base-2-color has-text-color has-link-color has-poppins-font-family wp-elements-8843bc22bb4a4d1caa86808dbdaead9d\" style=\"margin-top:0px;margin-right:0px;margin-bottom:0px;margin-left:0px;font-size:clamp(14px, 0.875rem + ((1vw - 3.2px) * 0.325), 18px);font-style:normal;font-weight:300;line-height:1.9\">En Saint-Vivien-de-M\u00e9doc, hay una granja ins\u00f3lita que deber\u00eda llamarte la atenci\u00f3n&#8230; Resulta que all\u00ed se cultiva una <strong>microalga<\/strong> extremadamente rica en minerales y vitaminas. \u00bfY cu\u00e1l es? <g id=\"gid_1\">La espirulina<\/g>. Aporta a tu cuerpo todos los nutrientes que necesita, y es una <g id=\"gid_2\">planta extraordinaria<\/g>. Para descubrir todos sus secretos, \u00a1ven a conocer a Jo\u00ebl y Tiphaine!    <\/p>\n\n\n\n<p class=\"has-text-align-center full-width has-base-2-color has-text-color has-link-color has-poppins-font-family wp-elements-b180ac08bca5b9afe049d9992259d12c\" style=\"margin-top:0px;margin-right:0px;margin-bottom:0px;margin-left:0px;font-size:clamp(14px, 0.875rem + ((1vw - 3.2px) * 0.325), 18px);font-style:normal;font-weight:300;line-height:1.9\">Prueba la <strong>miel local<\/strong>, las <strong>ostras criadas en el estuario<\/strong> o las <strong>gambas del Medoc<\/strong>. Cada bocado cuenta una historia. \u00bfTe apetece probar la artesan\u00eda local? Visita la <a href=\"https:\/\/www.nadalie.fr\/\" target=\"_blank\" rel=\"noreferrer noopener nofollow\">Tonnellerie Nadali\u00e9<\/a> en Ludon-M\u00e9doc o a los <strong>creadores de felpudos<\/strong> hechos con cuerdas recicladas en Montalivet.   <\/p>\n<\/div>\n\n\n\n<div class=\"wp-block-cover alignfull blob-image gt-gsap-fadeInUp\" style=\"min-height:80vh;aspect-ratio:unset;\"><img decoding=\"async\" width=\"2400\" height=\"1350\" class=\"wp-block-cover__image-background wp-image-1413 size-full\" alt=\"Gastronomie huitres et Vin\" src=\"https:\/\/www.camping-des-familles.com\/wp-content\/uploads\/2025\/10\/Gastronomie-huitres-et-Vin.jpg\" data-object-fit=\"cover\" srcset=\"https:\/\/www.camping-des-familles.com\/wp-content\/uploads\/2025\/10\/Gastronomie-huitres-et-Vin.jpg 2400w, https:\/\/www.camping-des-familles.com\/wp-content\/uploads\/2025\/10\/Gastronomie-huitres-et-Vin-300x169.jpg 300w, https:\/\/www.camping-des-familles.com\/wp-content\/uploads\/2025\/10\/Gastronomie-huitres-et-Vin-1024x576.jpg 1024w, https:\/\/www.camping-des-familles.com\/wp-content\/uploads\/2025\/10\/Gastronomie-huitres-et-Vin-768x432.jpg 768w, https:\/\/www.camping-des-familles.com\/wp-content\/uploads\/2025\/10\/Gastronomie-huitres-et-Vin-1536x864.jpg 1536w, https:\/\/www.camping-des-familles.com\/wp-content\/uploads\/2025\/10\/Gastronomie-huitres-et-Vin-2048x1152.jpg 2048w\" sizes=\"(max-width: 2400px) 100vw, 2400px\" \/><span aria-hidden=\"true\" class=\"wp-block-cover__background has-background-dim wp-block-cover__gradient-background has-background-gradient\" style=\"background:linear-gradient(0deg,rgb(1,1,1) 0%,rgba(0,0,0,0.34) 72%)\"><\/span><div class=\"wp-block-cover__inner-container is-layout-flow wp-block-cover-is-layout-flow\">\n<p class=\"has-text-align-center h1-like has-pp-woodland-font-family\" style=\"font-size:clamp(67.975px, 4.248rem + ((1vw - 3.2px) * 6.506), 148px);line-height:1\">Terroir<br\/><\/p>\n<\/div><\/div>\n<\/section>\n\n<section class=\"wp-block-group home-third page-third has-global-padding is-layout-constrained wp-block-group-is-layout-constrained\">\n<div class=\"wp-block-columns is-layout-flex wp-container-core-columns-is-layout-28f84493 wp-block-columns-is-layout-flex\">\n<div class=\"wp-block-column left is-layout-flow wp-block-column-is-layout-flow\" style=\"flex-basis:50%\">\n<div data-swiper=\"{&quot;speed&quot;:400,&quot;spaceBetween&quot;:16,&quot;slidesPerView&quot;:1,&quot;createElements&quot;:true,&quot;loop&quot;:true,&quot;freemode&quot;:true,&quot;breakpoints&quot;:[{&quot;slidesPerView&quot;:1}],&quot;pagination&quot;:false,&quot;effect&quot;:&quot;fade&quot;,&quot;navigation&quot;:false}\" class=\"wp-block-group gt-is-slider gt-is-slider-desktop is-layout-flow wp-block-group-is-layout-flow\">\n<div class=\"wp-block-group is-layout-flow wp-block-group-is-layout-flow\">\n<figure class=\"wp-block-image size-full gt-gsap-fadeIn\"><img decoding=\"async\" width=\"1373\" height=\"1200\" src=\"https:\/\/www.camping-des-familles.com\/wp-content\/uploads\/2025\/10\/route-chateaux-vins-du-Medoc.webp\" alt=\"ruta ch&#xE2;teaux vins du M&#xE9;doc\" class=\"wp-image-2086\" style=\"aspect-ratio:1;object-fit:cover\" srcset=\"https:\/\/www.camping-des-familles.com\/wp-content\/uploads\/2025\/10\/route-chateaux-vins-du-Medoc.webp 1373w, https:\/\/www.camping-des-familles.com\/wp-content\/uploads\/2025\/10\/route-chateaux-vins-du-Medoc-300x262.webp 300w, https:\/\/www.camping-des-familles.com\/wp-content\/uploads\/2025\/10\/route-chateaux-vins-du-Medoc-1024x895.webp 1024w, https:\/\/www.camping-des-familles.com\/wp-content\/uploads\/2025\/10\/route-chateaux-vins-du-Medoc-768x671.webp 768w\" sizes=\"(max-width: 1373px) 100vw, 1373px\" \/><\/figure>\n<\/div>\n<\/div>\n<\/div>\n\n\n\n<div class=\"wp-block-column is-vertically-aligned-center right is-layout-flow wp-block-column-is-layout-flow\" style=\"flex-basis:50%\">\n<h2 class=\"wp-block-heading\" style=\"text-transform:uppercase\">Grands-crus en la ruta del vino <span>de M\u00e9doc<\/span><\/h2>\n\n\n\n<p class=\"has-custom-color-3-color has-text-color has-link-color wp-elements-7a076c955019946b564729b1af7da02e\" style=\"line-height:1.9\">Recorre la famosa ruta del vino del M\u00e9doc, tambi\u00e9n conocida como <a href=\"https:\/\/www.winalist.fr\/blog\/vignobles-france\/vignoble-bordeaux\/route-des-vins-medoc?srsltid=AfmBOoo3KiryQzCrPd8ZfCZX1JGCT9TgQsYugBKDGqYlXQXqtkPrJMzf\" target=\"_blank\" rel=\"noreferrer noopener nofollow\">Ruta de los Castillos<\/a>, para descubrir las <strong>famosas fincas situadas entre Margaux<\/strong> y Le <strong>Verdon-sur-Mer<\/strong>. Esta emblem\u00e1tica ruta se extiende a lo largo de <strong>m\u00e1s de 80 km entre Burdeos y la Punta de Grave<\/strong>, en Gironda. Ofrece a los amantes del vino la oportunidad de descubrir algunas de<strong> las fincas m\u00e1s prestigiosas del mundo<\/strong>, como los famosos ch\u00e2teaux de Pauillac, Saint-Julien y Saint-Est\u00e8phe. Es una buena idea recorrer la ruta <strong>de norte a sur<\/strong>, sobre todo en verano, para hacer visitas m\u00e1s privadas a las bodegas. Por el camino, disfrutar\u00e1s de <strong>paisajes variados<\/strong>, desde <strong>vi\u00f1edos<\/strong> y <strong>bosques <\/strong>hasta las <strong>orillas del estuario <\/strong>de la Gironda. Todo ello mientras descubres la<strong>historia y la maestr\u00eda de los grandes vinos del M\u00e9doc<\/strong>. <\/p>\n\n\n\n<p class=\"has-custom-color-3-color has-text-color has-link-color wp-elements-326e0bc532be6a86c31fab7dbe515bd8\" style=\"line-height:1.9\">Catas, visitas a bodegas, paseos por vi\u00f1edos&#8230; Es una visita <strong>obligada para <\/strong>los amantes de los buenos vinos.  <\/p>\n<\/div>\n<\/div>\n<\/section>\n\n<section class=\"wp-block-group home-third bis has-global-padding is-layout-constrained wp-block-group-is-layout-constrained\">\n<div class=\"wp-block-columns is-layout-flex wp-container-core-columns-is-layout-28f84493 wp-block-columns-is-layout-flex\">\n<div class=\"wp-block-column is-vertically-aligned-center right is-layout-flow wp-block-column-is-layout-flow\" style=\"flex-basis:50%\">\n<h2 class=\"wp-block-heading has-text-align-left full-width has-damirone-font-family has-custom-color-1-color has-text-color\" style=\"margin-top:0px;margin-right:0px;margin-bottom:0px;margin-left:0px;padding-bottom:var(--wp--preset--spacing--20);font-size:clamp(28.836px, 1.802rem + ((1vw - 3.2px) * 1.721), 50px);font-style:normal;font-weight:400;line-height:1.2;text-transform:uppercase\">Visitas familiares <span>para conocer a los artesanos<\/span><\/h2>\n\n\n\n<p class=\"has-custom-color-3-color has-text-color has-link-color wp-elements-5dc92993c02a9d99d4c2fcdd706d3e91\" style=\"line-height:1.9\">Adem\u00e1s de las degustaciones, varios sitios ofrecen<strong> <\/strong><a href=\"https:\/\/www.lesgrappes.com\/vignerons\" target=\"_blank\" rel=\"noreferrer noopener nofollow\">visitas educativas <\/a>para j\u00f3venes y mayores. Aprende a reconocer <strong>los aromas de un vino<\/strong>, descubre <strong>c\u00f3mo se fabrica una barrica<\/strong> o participa en un <strong>taller culinario<\/strong>. Esta forma de turismo en la ruta del vino del M\u00e9doc atrae tanto a <strong>epic\u00fareos <\/strong>como a <strong>familias curiosas<\/strong>. Si prefieres compartir risas y diversi\u00f3n con tu familia, hay muchas <a href=\"https:\/\/www.camping-des-familles.com\/es\/actividades-deportivas-medoc\/\" data-type=\"page\" data-id=\"54\">actividades deportivas disponibles cerca de Soulac-sur-Mer<\/a>.<\/p>\n<\/div>\n\n\n\n<div class=\"wp-block-column left is-layout-flow wp-block-column-is-layout-flow\" style=\"flex-basis:50%\">\n<div class=\"wp-block-group is-layout-flow wp-block-group-is-layout-flow\">\n<div class=\"wp-block-group is-layout-flow wp-block-group-is-layout-flow\">\n<figure class=\"wp-block-image size-full is-resized gt-gsap-fadeIn\"><img decoding=\"async\" width=\"1203\" height=\"1280\" src=\"https:\/\/www.camping-des-familles.com\/wp-content\/uploads\/2025\/10\/Gastronomie13-vin-e1759502367171.jpg\" alt=\"  barrica de vino de medoc  \" class=\"wp-image-1423\" style=\"width:auto;height:900px\" srcset=\"https:\/\/www.camping-des-familles.com\/wp-content\/uploads\/2025\/10\/Gastronomie13-vin-e1759502367171.jpg 1203w, https:\/\/www.camping-des-familles.com\/wp-content\/uploads\/2025\/10\/Gastronomie13-vin-e1759502367171-282x300.jpg 282w, https:\/\/www.camping-des-familles.com\/wp-content\/uploads\/2025\/10\/Gastronomie13-vin-e1759502367171-962x1024.jpg 962w, https:\/\/www.camping-des-familles.com\/wp-content\/uploads\/2025\/10\/Gastronomie13-vin-e1759502367171-768x817.jpg 768w\" sizes=\"(max-width: 1203px) 100vw, 1203px\" \/><\/figure>\n<\/div>\n<\/div>\n<\/div>\n<\/div>\n<\/section>\n\n<section class=\"wp-block-group page-maillage has-global-padding is-layout-constrained wp-block-group-is-layout-constrained\">\n<div class=\"wp-block-group is-horizontal is-layout-flex wp-container-core-group-is-layout-1b39ef27 wp-block-group-is-layout-flex\">\n<figure class=\"wp-block-image size-large\" style=\"margin-top:0px;margin-right:0px;margin-bottom:0px;margin-left:0px\"><img decoding=\"async\" width=\"63\" height=\"94\" src=\"https:\/\/www.camping-des-familles.com\/wp-content\/uploads\/2025\/09\/Vector-24.svg\" alt=\"Vector (24)\" class=\"wp-image-653\" style=\"object-fit:cover\"\/><\/figure>\n\n\n\n<div class=\"wp-block-group h1-like has-custom-color-1-color has-text-color has-link-color wp-elements-f942b1ca819f35e84af83ad902da43ff has-global-padding is-layout-constrained wp-block-group-is-layout-constrained\">\n<p class=\"has-custom-color-3-color has-text-color has-link-color has-pp-woodland-font-family wp-elements-fe816ec4fd8477a25d627bb6e5bb85c7\" style=\"font-size:clamp(52.9px, 3.306rem + ((1vw - 3.2px) * 4.398), 107px);font-style:normal;font-weight:200;text-transform:uppercase\">Descubre<br\/><span>patrimonio, deporte y playas<\/span><\/p>\n<\/div>\n<\/div>\n\n\n\n<div class=\"wp-block-query is-layout-flow wp-block-query-is-layout-flow\"><ul class=\"animated fadeInUp wp-block-post-template is-layout-flow wp-block-post-template-is-layout-flow\"><li class=\"wp-block-post post-2494 page type-page status-publish has-post-thumbnail hentry\">\n\n<figure class=\"wp-block-image\"><img decoding=\"async\" src=\"https:\/\/www.camping-des-familles.com\/wp-content\/uploads\/2025\/10\/kayak_activites.jpg\" alt=\"Actividades deportivas\"\/><\/figure>\n\n\n\n<p class=\"has-text-align-center has-base-2-color has-text-color has-link-color has-pp-woodland-font-family wp-elements-6ced9490183e5f4edfb72dbec622f35f\" style=\"font-size:clamp(18.959px, 1.185rem + ((1vw - 3.2px) * 0.898), 30px);text-transform:uppercase\">Actividades deportivas<\/p>\n\n\n<a class=\"is-style-lien-cover wp-block-read-more\" href=\"https:\/\/www.camping-des-familles.com\/es\/actividades-deportivas-medoc\/\" target=\"_self\">Leer m\u00e1s<span class=\"screen-reader-text\">: Actividades deportivas<\/span><\/a>\n<\/li><li class=\"wp-block-post post-2476 page type-page status-publish has-post-thumbnail hentry\">\n\n<figure class=\"wp-block-image\"><img decoding=\"async\" src=\"https:\/\/www.camping-des-familles.com\/wp-content\/uploads\/2025\/10\/vue-aerienne-ocean-plage.jpg\" alt=\"Las playas\"\/><\/figure>\n\n\n\n<p class=\"has-text-align-center has-base-2-color has-text-color has-link-color has-pp-woodland-font-family wp-elements-6ced9490183e5f4edfb72dbec622f35f\" style=\"font-size:clamp(18.959px, 1.185rem + ((1vw - 3.2px) * 0.898), 30px);text-transform:uppercase\">Las playas<\/p>\n\n\n<a class=\"is-style-lien-cover wp-block-read-more\" href=\"https:\/\/www.camping-des-familles.com\/es\/turismo-playas-medoc\/\" target=\"_self\">Leer m\u00e1s<span class=\"screen-reader-text\">: Las playas<\/span><\/a>\n<\/li><li class=\"wp-block-post post-2491 page type-page status-publish has-post-thumbnail hentry\">\n\n<figure class=\"wp-block-image\"><img decoding=\"async\" src=\"https:\/\/www.camping-des-familles.com\/wp-content\/uploads\/2025\/10\/Soulac-sur-Mer.jpg\" alt=\"Patrimonio y cultura\"\/><\/figure>\n\n\n\n<p class=\"has-text-align-center has-base-2-color has-text-color has-link-color has-pp-woodland-font-family wp-elements-6ced9490183e5f4edfb72dbec622f35f\" style=\"font-size:clamp(18.959px, 1.185rem + ((1vw - 3.2px) * 0.898), 30px);text-transform:uppercase\">Patrimonio y cultura<\/p>\n\n\n<a class=\"is-style-lien-cover wp-block-read-more\" href=\"https:\/\/www.camping-des-familles.com\/es\/patrimonio-cultura-medoc\/\" target=\"_self\">Leer m\u00e1s<span class=\"screen-reader-text\">: Patrimonio y cultura<\/span><\/a>\n<\/li><\/ul><\/div>\n<\/section>\n","protected":false},"excerpt":{"rendered":"<p>Descubre el saber hacer local del M\u00e9doc Nuestra regi\u00f3n es tambi\u00e9n una tierra de sabores, tradiciones, patrimonio y cultura medocina. Durante su estancia en el camping cerca de Soulac-sur-Mer, salga al encuentro de los artesanos y productores locales para disfrutar de una inmersi\u00f3n gastron\u00f3mica. Vinos prestigiosos, marisco, dulces y un saber hacer ancestral: todo est\u00e1 [&hellip;]<\/p>\n","protected":false},"author":1,"featured_media":1401,"parent":0,"menu_order":0,"comment_status":"closed","ping_status":"closed","template":"","meta":{"_acf_changed":false,"_seopress_robots_primary_cat":"","_seopress_titles_title":"La ruta del vino del M\u00e9doc I Descubre la gastronom\u00eda del M\u00e9doc","_seopress_titles_desc":"Descubre la gastronom\u00eda y los vinos del M\u00e9doc desde el Camping des Familles, cerca de Soulac-sur-Mer: degustaciones, mercados, ostras, Noisettines y la ruta de los Grands Crus.","_seopress_robots_index":"","_gt_ctv_global_id":"14469","_gt_ctv_id_group":false,"inline_featured_image":false,"gt_fse_maillage_image":"https:\/\/www.camping-des-familles.com\/wp-content\/uploads\/2025\/10\/Gastronomie-et-vins-scaled.jpg","gt_fse_maillage_titre":"Gastronom\u00eda y vino","gt_fse_maillage_alt":"Gastronom\u00eda y vino","gt_fse_maillage_resume":"","_gt_maillage_image":0,"_gt_maillage_video":0,"_gt_maillage_title":"","footnotes":""},"categories":[],"tags":[],"class_list":["post-2422","page","type-page","status-publish","has-post-thumbnail","hentry"],"acf":[],"_links":{"self":[{"href":"https:\/\/www.camping-des-familles.com\/es\/wp-json\/wp\/v2\/pages\/2422","targetHints":{"allow":["GET"]}}],"collection":[{"href":"https:\/\/www.camping-des-familles.com\/es\/wp-json\/wp\/v2\/pages"}],"about":[{"href":"https:\/\/www.camping-des-familles.com\/es\/wp-json\/wp\/v2\/types\/page"}],"author":[{"embeddable":true,"href":"https:\/\/www.camping-des-familles.com\/es\/wp-json\/wp\/v2\/users\/1"}],"replies":[{"embeddable":true,"href":"https:\/\/www.camping-des-familles.com\/es\/wp-json\/wp\/v2\/comments?post=2422"}],"version-history":[{"count":24,"href":"https:\/\/www.camping-des-familles.com\/es\/wp-json\/wp\/v2\/pages\/2422\/revisions"}],"predecessor-version":[{"id":4248,"href":"https:\/\/www.camping-des-familles.com\/es\/wp-json\/wp\/v2\/pages\/2422\/revisions\/4248"}],"wp:featuredmedia":[{"embeddable":true,"href":"https:\/\/www.camping-des-familles.com\/es\/wp-json\/wp\/v2\/media\/1401"}],"wp:attachment":[{"href":"https:\/\/www.camping-des-familles.com\/es\/wp-json\/wp\/v2\/media?parent=2422"}],"wp:term":[{"taxonomy":"category","embeddable":true,"href":"https:\/\/www.camping-des-familles.com\/es\/wp-json\/wp\/v2\/categories?post=2422"},{"taxonomy":"post_tag","embeddable":true,"href":"https:\/\/www.camping-des-familles.com\/es\/wp-json\/wp\/v2\/tags?post=2422"}],"curies":[{"name":"wp","href":"https:\/\/api.w.org\/{rel}","templated":true}]}}