{"id":2608,"date":"2025-09-22T14:00:10","date_gmt":"2025-09-22T12:00:10","guid":{"rendered":"https:\/\/www.camping-des-familles.com\/patrimoine-culture-medoc\/"},"modified":"2025-11-11T10:09:06","modified_gmt":"2025-11-11T09:09:06","slug":"kulturerbe-kultur-medoc","status":"publish","type":"page","link":"https:\/\/www.camping-des-familles.com\/de\/kulturerbe-kultur-medoc\/","title":{"rendered":"Kulturerbe und Kultur"},"content":{"rendered":"\n<section class=\"wp-block-group home-third bis has-global-padding is-layout-constrained wp-block-group-is-layout-constrained\">\n<div class=\"wp-block-columns is-layout-flex wp-container-core-columns-is-layout-28f84493 wp-block-columns-is-layout-flex\">\n<div class=\"wp-block-column is-vertically-aligned-center right is-layout-flow wp-block-column-is-layout-flow\" style=\"flex-basis:50%\">\n<h1 class=\"wp-block-heading has-text-align-left full-width has-damirone-font-family has-custom-color-1-color has-text-color\" style=\"margin-top:0px;margin-right:0px;margin-bottom:0px;margin-left:0px;padding-bottom:var(--wp--preset--spacing--20);font-size:clamp(28.836px, 1.802rem + ((1vw - 3.2px) * 1.721), 50px);font-style:normal;font-weight:400;line-height:1.2;text-transform:uppercase\">Entdecken Sie das M\u00e9doc <span>und seine Sch\u00e4tze<\/span><\/h1>\n\n\n\n<p class=\"has-custom-color-3-color has-text-color has-link-color wp-elements-ae921314619ea6f840e98843f8bcee17\" style=\"line-height:1.9\"><a href=\"https:\/\/www.camping-des-familles.com\/de\/tourismus-straende-medoc\/\" data-type=\"page\" data-id=\"48\">Im M\u00e9doc gibt es nicht nur feine Sandstr\u00e4nde<\/a>! Unser <a href=\"https:\/\/www.camping-des-familles.com\/de\/\" data-type=\"page\" data-id=\"8\">Campingplatz in der N\u00e4he von Soulac-sur-Mer<\/a> ist auch ein ausgezeichneter Ausgangspunkt, um das M\u00e9doc in Sachen<strong> Kulturerbe und Kultur<\/strong> zu erkunden. <strong>Majest\u00e4tische Leuchtt\u00fcrme<\/strong>, <strong>malerische D\u00f6rfer<\/strong>, <strong>farbenfrohe M\u00e4rkte<\/strong>, <strong>Traditionen <\/strong>und die <strong>lokale Gastronomie<\/strong> bilden eine Region, in der es viel zu entdecken gibt. Es ist unm\u00f6glich, die Weing\u00fcter, die in der Region sehr pr\u00e4sent sind, die Weinkellereien, die Schl\u00f6sser und die lokalen Austernz\u00fcchter zu \u00fcbersehen. Lassen Sie sich an einem Wochenende oder w\u00e4hrend Ihres Urlaubs von der <strong>Geschichte und der Authentizit\u00e4t<\/strong> dieser sch\u00f6nen Region im S\u00fcdwesten \u00fcberraschen. <\/p>\n<\/div>\n\n\n\n<div class=\"wp-block-column left is-layout-flow wp-block-column-is-layout-flow\" style=\"flex-basis:50%\">\n<div class=\"wp-block-group is-layout-flow wp-block-group-is-layout-flow\">\n<div class=\"wp-block-group is-layout-flow wp-block-group-is-layout-flow\">\n<figure class=\"wp-block-image size-full is-resized gt-gsap-fadeIn\"><img decoding=\"async\" width=\"424\" height=\"446\" src=\"https:\/\/www.camping-des-familles.com\/wp-content\/uploads\/2025\/10\/villa-soulacaise2-e1759501485128.jpg\" alt=\"villa soulacaise2\" class=\"wp-image-1376\" style=\"width:auto;height:900px\" srcset=\"https:\/\/www.camping-des-familles.com\/wp-content\/uploads\/2025\/10\/villa-soulacaise2-e1759501485128.jpg 424w, https:\/\/www.camping-des-familles.com\/wp-content\/uploads\/2025\/10\/villa-soulacaise2-e1759501485128-285x300.jpg 285w\" sizes=\"(max-width: 424px) 100vw, 424px\" \/><\/figure>\n<\/div>\n<\/div>\n<\/div>\n<\/div>\n<\/section>\n\n<section class=\"wp-block-group home-fourth page-two has-custom-color-1-background-color has-background has-global-padding is-layout-constrained wp-block-group-is-layout-constrained\">\n<div class=\"wp-block-group has-global-padding is-content-justification-center is-layout-constrained wp-container-core-group-is-layout-519de150 wp-block-group-is-layout-constrained\" style=\"margin-top:0px;margin-right:0px;margin-bottom:0px;margin-left:0px\">\n<h2 class=\"wp-block-heading has-text-align-center full-width has-damirone-font-family has-base-2-color has-text-color\" style=\"margin-top:0px;margin-right:0px;margin-bottom:0px;margin-left:0px;font-size:clamp(24.034px, 1.502rem + ((1vw - 3.2px) * 1.298), 40px);font-style:normal;font-weight:400;line-height:1.2;text-transform:uppercase\"><span>Sehensw\u00fcrdigkeiten<\/span> in der N\u00e4he des Campingplatzes<\/h2>\n<\/div>\n\n\n\n<div class=\"wp-block-group has-global-padding is-content-justification-center is-layout-constrained wp-container-core-group-is-layout-8f5500b1 wp-block-group-is-layout-constrained\" style=\"margin-top:0px;margin-right:0px;margin-bottom:0px;margin-left:0px;padding-bottom:var(--wp--preset--spacing--30)\">\n<p class=\"has-text-align-center full-width has-base-2-color has-text-color has-link-color has-poppins-font-family wp-elements-62f751b5eaeab838dee4df69db6ef26c\" style=\"margin-top:0px;margin-right:0px;margin-bottom:0px;margin-left:0px;font-size:clamp(14px, 0.875rem + ((1vw - 3.2px) * 0.325), 18px);font-style:normal;font-weight:300;line-height:1.9\">Vom Campingplatz aus k\u00f6nnen Sie in wenigen Minuten ein einzigartiges Kulturerbe entdecken: <strong>bunte Kiele an der M\u00fcndung<\/strong>, <strong>lebhafte Guinguetten<\/strong>, <strong>Bauernm\u00e4rkte<\/strong>, <strong>S\u00fcmpfe <\/strong>und <strong>kleine H\u00e4fen<\/strong>. Die <strong>N\u00e4he zum Gr\u00fcnen<\/strong> Weg macht es einfach, sich vom Campingplatz aus fortzubewegen. Lassen Sie Ihr Auto w\u00e4hrend Ihres Aufenthalts auf dem Parkplatz und fahren Sie <strong>mit dem Fahrrad<\/strong>, <s> <\/s>oder <strong>mit einem<\/strong> <strong>elektrischen Gel\u00e4nde-Scooter <\/strong>(direkt vom Campingplatz aus zu mieten), um die Umgebung zu erkunden!  <\/p>\n\n\n\n<p class=\"has-text-align-center full-width has-base-2-color has-text-color has-link-color has-poppins-font-family wp-elements-78a5d754b902a6a5791d0c6b3d12e30d\" style=\"margin-top:0px;margin-right:0px;margin-bottom:0px;margin-left:0px;font-size:clamp(14px, 0.875rem + ((1vw - 3.2px) * 0.325), 18px);font-style:normal;font-weight:300;line-height:1.9\">Verpassen Sie nicht die emblematischen historischen St\u00e4tten wie den <a href=\"https:\/\/www.phare-de-cordouan.fr\/\" target=\"_blank\" rel=\"noreferrer noopener nofollow\">UNESCO-Leuchtturm von Cordouan<\/a>(2025 zum zweitbeliebtesten Denkmal der Franzosen gew\u00e4hlt) oder die <a href=\"https:\/\/www.medoc-atlantique.com\/sit\/basilique-notre-dame-de-la-fin-des-terres-7107959\/\" target=\"_blank\" rel=\"noreferrer noopener nofollow\">Basilika von Soulac-sur-Mer<\/a>. Probieren Sie auch den <a href=\"https:\/\/www.camping-des-familles.com\/de\/gastronomie-weine-medoc\/\" data-type=\"page\" data-id=\"58\">lokalen Geschmack des M\u00e9doc<\/a>: <strong>Austern<\/strong>, <strong>Gambas aus der M\u00fcndung<\/strong> und die <strong>ber\u00fchmten Noisettines<\/strong>.<\/p>\n<\/div>\n\n\n\n<div class=\"wp-block-cover alignfull blob-image gt-gsap-fadeInUp\" style=\"min-height:80vh;aspect-ratio:unset;\"><img decoding=\"async\" width=\"2000\" height=\"1250\" class=\"wp-block-cover__image-background wp-image-1387 size-full\" alt=\"_basilique Soulac-sur-Mer\" src=\"https:\/\/www.camping-des-familles.com\/wp-content\/uploads\/2025\/10\/basilique-Soulac-sur-Mer.jpg\" data-object-fit=\"cover\" srcset=\"https:\/\/www.camping-des-familles.com\/wp-content\/uploads\/2025\/10\/basilique-Soulac-sur-Mer.jpg 2000w, https:\/\/www.camping-des-familles.com\/wp-content\/uploads\/2025\/10\/basilique-Soulac-sur-Mer-300x188.jpg 300w, https:\/\/www.camping-des-familles.com\/wp-content\/uploads\/2025\/10\/basilique-Soulac-sur-Mer-1024x640.jpg 1024w, https:\/\/www.camping-des-familles.com\/wp-content\/uploads\/2025\/10\/basilique-Soulac-sur-Mer-768x480.jpg 768w, https:\/\/www.camping-des-familles.com\/wp-content\/uploads\/2025\/10\/basilique-Soulac-sur-Mer-1536x960.jpg 1536w\" sizes=\"(max-width: 2000px) 100vw, 2000px\" \/><span aria-hidden=\"true\" class=\"wp-block-cover__background has-background-dim wp-block-cover__gradient-background has-background-gradient\" style=\"background:linear-gradient(0deg,rgb(1,1,1) 0%,rgba(0,0,0,0.34) 72%)\"><\/span><div class=\"wp-block-cover__inner-container is-layout-flow wp-block-cover-is-layout-flow\">\n<p class=\"has-text-align-center h1-like has-pp-woodland-font-family\" style=\"font-size:clamp(67.975px, 4.248rem + ((1vw - 3.2px) * 6.506), 148px);line-height:1\"><span>Historische <\/span> Seiten <br\/> <\/p>\n<\/div><\/div>\n<\/section>\n\n<section class=\"wp-block-group home-third page-third has-global-padding is-layout-constrained wp-block-group-is-layout-constrained\">\n<div class=\"wp-block-columns is-layout-flex wp-container-core-columns-is-layout-28f84493 wp-block-columns-is-layout-flex\">\n<div class=\"wp-block-column left is-layout-flow wp-block-column-is-layout-flow\" style=\"flex-basis:50%\">\n<div data-swiper=\"{&quot;speed&quot;:400,&quot;spaceBetween&quot;:16,&quot;slidesPerView&quot;:1,&quot;createElements&quot;:true,&quot;loop&quot;:true,&quot;freemode&quot;:true,&quot;breakpoints&quot;:[{&quot;slidesPerView&quot;:1}],&quot;pagination&quot;:false,&quot;effect&quot;:&quot;fade&quot;,&quot;navigation&quot;:false}\" class=\"wp-block-group gt-is-slider gt-is-slider-desktop is-layout-flow wp-block-group-is-layout-flow\">\n<div class=\"wp-block-group is-layout-flow wp-block-group-is-layout-flow\">\n<figure class=\"wp-block-image size-full is-resized gt-gsap-fadeIn\"><img decoding=\"async\" width=\"463\" height=\"400\" src=\"https:\/\/www.camping-des-familles.com\/wp-content\/uploads\/2025\/10\/parc-ostreicole-e1760615666988.jpg\" alt=\"Austernpark\" class=\"wp-image-2322\" style=\"width:auto;height:900px\" srcset=\"https:\/\/www.camping-des-familles.com\/wp-content\/uploads\/2025\/10\/parc-ostreicole-e1760615666988.jpg 463w, https:\/\/www.camping-des-familles.com\/wp-content\/uploads\/2025\/10\/parc-ostreicole-e1760615666988-300x259.jpg 300w\" sizes=\"(max-width: 463px) 100vw, 463px\" \/><\/figure>\n<\/div>\n<\/div>\n<\/div>\n\n\n\n<div class=\"wp-block-column is-vertically-aligned-center right is-layout-flow wp-block-column-is-layout-flow\" style=\"flex-basis:50%\">\n<h2 class=\"wp-block-heading\" style=\"text-transform:uppercase\">Ideal <span>gelegener<\/span> Campingplatz <span>, um die Region zu erkunden<\/span><\/h2>\n\n\n\n<p class=\"has-custom-color-3-color has-text-color has-link-color wp-elements-3523ab8356c6db9dd969028f7d42ff3a\" style=\"line-height:1.9\">Dank der zentralen Lage unseres Campingplatzes k\u00f6nnen Sie das M\u00e9doc leicht besuchen und alle <a href=\"https:\/\/www.camping-des-familles.com\/de\/sportliche-aktivitaten-medoc\/\">Sportm\u00f6glichkeiten in der N\u00e4he von Soulac-sur-Mer<\/a> nutzen. Mit einer L\u00e4nge von 75 km, einer Breite von bis zu 12 km und einer Fl\u00e4che von 635 km\u00b2 ist die Gironde-M\u00fcndung die<strong> gr\u00f6\u00dfte M\u00fcndung Westeuropas<\/strong> und bietet eine <strong>au\u00dfergew\u00f6hnliche Umgebung<\/strong>: <strong>wilde Inseln<\/strong>,<strong> nat\u00fcrliche Ufer<\/strong>, <strong>Felsen<\/strong>, eine <strong>vielf\u00e4ltige Fauna<\/strong>&#8230; Sie k\u00f6nnen hier sogar eine Kreuzfahrt oder eine F\u00e4hr\u00fcberfahrt von Le Verdon aus unternehmen. F\u00fcr Kulturinteressierte bietet die Region auch <strong>Festivals<\/strong>, <strong>Ausstellungen <\/strong>und<strong> Kulturtouren<\/strong>.<\/p>\n<\/div>\n<\/div>\n<\/section>\n\n<section class=\"wp-block-group page-maillage has-global-padding is-layout-constrained wp-block-group-is-layout-constrained\">\n<div class=\"wp-block-group is-horizontal is-layout-flex wp-container-core-group-is-layout-1b39ef27 wp-block-group-is-layout-flex\">\n<figure class=\"wp-block-image size-large\" style=\"margin-top:0px;margin-right:0px;margin-bottom:0px;margin-left:0px\"><img decoding=\"async\" width=\"63\" height=\"94\" src=\"https:\/\/www.camping-des-familles.com\/wp-content\/uploads\/2025\/09\/Vector-24.svg\" alt=\"Vector (24)\" class=\"wp-image-653\" style=\"object-fit:cover\"\/><\/figure>\n\n\n\n<div class=\"wp-block-group h1-like has-custom-color-1-color has-text-color has-link-color wp-elements-fc35ceb83925a3657af295233134565a has-global-padding is-layout-constrained wp-block-group-is-layout-constrained\">\n<p class=\"has-custom-color-3-color has-text-color has-link-color has-pp-woodland-font-family wp-elements-345414fea7b9898b905e03e1609a1a18\" style=\"font-size:clamp(52.9px, 3.306rem + ((1vw - 3.2px) * 4.398), 107px);font-style:normal;font-weight:200;text-transform:uppercase\">Entdecken Sie<br\/><span>Sport, Geschmack und Str\u00e4nde<\/span><\/p>\n<\/div>\n<\/div>\n\n\n\n<div class=\"wp-block-query is-layout-flow wp-block-query-is-layout-flow\"><ul class=\"animated fadeInUp wp-block-post-template is-layout-flow wp-block-post-template-is-layout-flow\"><li class=\"wp-block-post post-2430 page type-page status-publish has-post-thumbnail hentry\">\n\n<figure class=\"wp-block-image\"><img decoding=\"async\" src=\"https:\/\/www.camping-des-familles.com\/wp-content\/uploads\/2025\/10\/kayak_activites.jpg\" alt=\"Sportliche Aktivit\u00e4ten\"\/><\/figure>\n\n\n\n<p class=\"has-text-align-center has-base-2-color has-text-color has-link-color has-pp-woodland-font-family wp-elements-6ced9490183e5f4edfb72dbec622f35f\" style=\"font-size:clamp(18.959px, 1.185rem + ((1vw - 3.2px) * 0.898), 30px);text-transform:uppercase\">Sportliche Aktivit\u00e4ten<\/p>\n\n\n<a class=\"is-style-lien-cover wp-block-read-more\" href=\"https:\/\/www.camping-des-familles.com\/de\/sportliche-aktivitaten-medoc\/\" target=\"_self\">Weiterlesen<span class=\"screen-reader-text\">: Sportliche Aktivit\u00e4ten<\/span><\/a>\n<\/li><li class=\"wp-block-post post-2427 page type-page status-publish has-post-thumbnail hentry\">\n\n<figure class=\"wp-block-image\"><img decoding=\"async\" src=\"https:\/\/www.camping-des-familles.com\/wp-content\/uploads\/2025\/10\/Gastronomie-et-vins-scaled.jpg\" alt=\"Gastronomie und Wein\"\/><\/figure>\n\n\n\n<p class=\"has-text-align-center has-base-2-color has-text-color has-link-color has-pp-woodland-font-family wp-elements-6ced9490183e5f4edfb72dbec622f35f\" style=\"font-size:clamp(18.959px, 1.185rem + ((1vw - 3.2px) * 0.898), 30px);text-transform:uppercase\">Gastronomie und Wein<\/p>\n\n\n<a class=\"is-style-lien-cover wp-block-read-more\" href=\"https:\/\/www.camping-des-familles.com\/de\/gastronomie-weine-medoc\/\" target=\"_self\">Weiterlesen<span class=\"screen-reader-text\">: Gastronomie und Wein<\/span><\/a>\n<\/li><li class=\"wp-block-post post-2481 page type-page status-publish has-post-thumbnail hentry\">\n\n<figure class=\"wp-block-image\"><img decoding=\"async\" src=\"https:\/\/www.camping-des-familles.com\/wp-content\/uploads\/2025\/10\/vue-aerienne-ocean-plage.jpg\" alt=\"Die Str\u00e4nde\"\/><\/figure>\n\n\n\n<p class=\"has-text-align-center has-base-2-color has-text-color has-link-color has-pp-woodland-font-family wp-elements-6ced9490183e5f4edfb72dbec622f35f\" style=\"font-size:clamp(18.959px, 1.185rem + ((1vw - 3.2px) * 0.898), 30px);text-transform:uppercase\">Die Str\u00e4nde<\/p>\n\n\n<a class=\"is-style-lien-cover wp-block-read-more\" href=\"https:\/\/www.camping-des-familles.com\/de\/tourismus-straende-medoc\/\" target=\"_self\">Weiterlesen<span class=\"screen-reader-text\">: Die Str\u00e4nde<\/span><\/a>\n<\/li><\/ul><\/div>\n<\/section>\n","protected":false},"excerpt":{"rendered":"<p>Entdecken Sie das M\u00e9doc und seine Sch\u00e4tze Im M\u00e9doc gibt es nicht nur feine Sandstr\u00e4nde! Unser Campingplatz in der N\u00e4he von Soulac-sur-Mer ist auch ein ausgezeichneter Ausgangspunkt, um das M\u00e9doc in Sachen Kulturerbe und Kultur zu erkunden. Majest\u00e4tische Leuchtt\u00fcrme, malerische D\u00f6rfer, farbenfrohe M\u00e4rkte, Traditionen und die lokale Gastronomie bilden eine Region, in der es viel [&hellip;]<\/p>\n","protected":false},"author":1,"featured_media":1385,"parent":0,"menu_order":0,"comment_status":"closed","ping_status":"closed","template":"","meta":{"_acf_changed":false,"_seopress_robots_primary_cat":"","_seopress_titles_title":"Tourismus im M\u00e9doc I Kulturerbe und Kultur des M\u00e9doc","_seopress_titles_desc":"Vom Camping des Familles in der N\u00e4he von Soulac-sur-Mer aus k\u00f6nnen Sie das Kulturerbe und die Kultur des M\u00e9doc entdecken: Leuchtt\u00fcrme, malerische D\u00f6rfer, M\u00e4rkte, Gastronomie und historische St\u00e4tten.","_seopress_robots_index":"","_gt_ctv_global_id":"14469","_gt_ctv_id_group":false,"inline_featured_image":false,"gt_fse_maillage_image":"https:\/\/www.camping-des-familles.com\/wp-content\/uploads\/2025\/10\/Soulac-sur-Mer.jpg","gt_fse_maillage_titre":"Kulturerbe und Kultur","gt_fse_maillage_alt":"Kulturerbe und Kultur","gt_fse_maillage_resume":"","_gt_maillage_image":0,"_gt_maillage_video":0,"_gt_maillage_title":"","footnotes":""},"categories":[],"tags":[],"class_list":["post-2608","page","type-page","status-publish","has-post-thumbnail","hentry"],"acf":[],"_links":{"self":[{"href":"https:\/\/www.camping-des-familles.com\/de\/wp-json\/wp\/v2\/pages\/2608","targetHints":{"allow":["GET"]}}],"collection":[{"href":"https:\/\/www.camping-des-familles.com\/de\/wp-json\/wp\/v2\/pages"}],"about":[{"href":"https:\/\/www.camping-des-familles.com\/de\/wp-json\/wp\/v2\/types\/page"}],"author":[{"embeddable":true,"href":"https:\/\/www.camping-des-familles.com\/de\/wp-json\/wp\/v2\/users\/1"}],"replies":[{"embeddable":true,"href":"https:\/\/www.camping-des-familles.com\/de\/wp-json\/wp\/v2\/comments?post=2608"}],"version-history":[{"count":18,"href":"https:\/\/www.camping-des-familles.com\/de\/wp-json\/wp\/v2\/pages\/2608\/revisions"}],"predecessor-version":[{"id":4258,"href":"https:\/\/www.camping-des-familles.com\/de\/wp-json\/wp\/v2\/pages\/2608\/revisions\/4258"}],"wp:featuredmedia":[{"embeddable":true,"href":"https:\/\/www.camping-des-familles.com\/de\/wp-json\/wp\/v2\/media\/1385"}],"wp:attachment":[{"href":"https:\/\/www.camping-des-familles.com\/de\/wp-json\/wp\/v2\/media?parent=2608"}],"wp:term":[{"taxonomy":"category","embeddable":true,"href":"https:\/\/www.camping-des-familles.com\/de\/wp-json\/wp\/v2\/categories?post=2608"},{"taxonomy":"post_tag","embeddable":true,"href":"https:\/\/www.camping-des-familles.com\/de\/wp-json\/wp\/v2\/tags?post=2608"}],"curies":[{"name":"wp","href":"https:\/\/api.w.org\/{rel}","templated":true}]}}