{"id":2604,"date":"2025-09-22T13:58:43","date_gmt":"2025-09-22T11:58:43","guid":{"rendered":"https:\/\/www.camping-des-familles.com\/camping-ecologique-grayan-et-l-hopital\/"},"modified":"2025-11-11T10:07:06","modified_gmt":"2025-11-11T09:07:06","slug":"oekologischer-campingplatz-grayan-et-l-hopital","status":"publish","type":"page","link":"https:\/\/www.camping-des-familles.com\/de\/oekologischer-campingplatz-grayan-et-l-hopital\/","title":{"rendered":"Unsere Verpflichtungen"},"content":{"rendered":"\n<section class=\"wp-block-group home-third bis has-global-padding is-layout-constrained wp-block-group-is-layout-constrained\">\n<div class=\"wp-block-columns is-layout-flex wp-container-core-columns-is-layout-28f84493 wp-block-columns-is-layout-flex\">\n<div class=\"wp-block-column is-vertically-aligned-center right is-layout-flow wp-block-column-is-layout-flow\" style=\"flex-basis:50%\">\n<h1 class=\"wp-block-heading has-text-align-left full-width has-damirone-font-family has-custom-color-1-color has-text-color\" style=\"margin-top:0px;margin-right:0px;margin-bottom:0px;margin-left:0px;padding-bottom:var(--wp--preset--spacing--20);font-size:clamp(28.836px, 1.802rem + ((1vw - 3.2px) * 1.721), 50px);font-style:normal;font-weight:400;line-height:1.2;text-transform:uppercase\">\u00d6kologischer Campingplatz <strong>in der N\u00e4he von Soulac-sur-Mer<\/strong><\/h1>\n\n\n\n<p class=\"has-custom-color-3-color has-text-color has-link-color wp-elements-d9abeb0ca6a648b0d227e5e91b89dfea\" style=\"line-height:1.9\">Auf Camping des Familles Ecolodge glauben wir, dass es m\u00f6glich ist, <strong>Komfort und Umweltfreundlichkeit<\/strong> miteinander zu verbinden. Unser \u00f6kologischer Campingplatz in der N\u00e4he von Soulac-sur-Mer liegt inmitten der Natur und ist f\u00fcr diejenigen gedacht, die eine <strong>authentische Umgebung<\/strong> suchen, in der die Natur gesch\u00fctzt und aufgewertet wird. Hier genie\u00dfen Sie einen beruhigenden Aufenthalt mit <a href=\"https:\/\/www.camping-des-familles.com\/de\/campingplatz-dienstleistungen-grayan-et-l-hopital\/\" data-type=\"page\" data-id=\"16\">unserem 4-Sterne-Service in der N\u00e4he von Soulac-sur-Mer<\/a> in einer Umgebung, in der das Auto auf dem Parkplatz bleibt, um das <strong>Abschalten<\/strong> und die<strong> R\u00fcckbesinnung auf das Wesentliche<\/strong> zu f\u00f6rdern. Ein <strong>engagierter Ansatz<\/strong>, der aus dem <a href=\"https:\/\/www.camping-des-familles.com\/de\/\" data-type=\"page\" data-id=\"8\">Campingplatz im M\u00e9doc<\/a> mehr als nur einen Urlaubsort macht.   <\/p>\n<\/div>\n\n\n\n<div class=\"wp-block-column left is-layout-flow wp-block-column-is-layout-flow\" style=\"flex-basis:50%\">\n<div class=\"wp-block-group is-layout-flow wp-block-group-is-layout-flow\">\n<div class=\"wp-block-group is-layout-flow wp-block-group-is-layout-flow\">\n<figure class=\"wp-block-image size-full gt-gsap-fadeIn\"><img decoding=\"async\" width=\"2500\" height=\"1667\" src=\"https:\/\/www.camping-des-familles.com\/wp-content\/uploads\/2025\/10\/camping-des-familles-dans-la-nature.jpg\" alt=\"Familiencamping in der Natur\" class=\"wp-image-1063\" style=\"aspect-ratio:2\/3;object-fit:cover\" srcset=\"https:\/\/www.camping-des-familles.com\/wp-content\/uploads\/2025\/10\/camping-des-familles-dans-la-nature.jpg 2500w, https:\/\/www.camping-des-familles.com\/wp-content\/uploads\/2025\/10\/camping-des-familles-dans-la-nature-300x200.jpg 300w, https:\/\/www.camping-des-familles.com\/wp-content\/uploads\/2025\/10\/camping-des-familles-dans-la-nature-1024x683.jpg 1024w, https:\/\/www.camping-des-familles.com\/wp-content\/uploads\/2025\/10\/camping-des-familles-dans-la-nature-768x512.jpg 768w, https:\/\/www.camping-des-familles.com\/wp-content\/uploads\/2025\/10\/camping-des-familles-dans-la-nature-1536x1024.jpg 1536w, https:\/\/www.camping-des-familles.com\/wp-content\/uploads\/2025\/10\/camping-des-familles-dans-la-nature-2048x1366.jpg 2048w\" sizes=\"(max-width: 2500px) 100vw, 2500px\" \/><\/figure>\n<\/div>\n<\/div>\n<\/div>\n<\/div>\n<\/section>\n\n<section class=\"wp-block-group home-fourth page-two has-custom-color-1-background-color has-background has-global-padding is-layout-constrained wp-block-group-is-layout-constrained\">\n<div class=\"wp-block-group has-global-padding is-content-justification-center is-layout-constrained wp-container-core-group-is-layout-519de150 wp-block-group-is-layout-constrained\" style=\"margin-top:0px;margin-right:0px;margin-bottom:0px;margin-left:0px\">\n<h2 class=\"wp-block-heading has-text-align-center full-width has-damirone-font-family has-base-2-color has-text-color\" style=\"margin-top:0px;margin-right:0px;margin-bottom:0px;margin-left:0px;font-size:clamp(24.034px, 1.502rem + ((1vw - 3.2px) * 1.298), 40px);font-style:normal;font-weight:400;line-height:1.2;text-transform:uppercase\"><span>Unsere Verpflichtungen<\/span><strong> <\/strong>\u00d6kologische Verantwortung<\/h2>\n<\/div>\n\n\n\n<div class=\"wp-block-group has-global-padding is-content-justification-center is-layout-constrained wp-container-core-group-is-layout-8f5500b1 wp-block-group-is-layout-constrained\" style=\"margin-top:0px;margin-right:0px;margin-bottom:0px;margin-left:0px;padding-bottom:var(--wp--preset--spacing--30)\">\n<p class=\"has-text-align-center full-width has-base-2-color has-text-color has-link-color has-poppins-font-family wp-elements-53d642a5d48f18af6d05877c6df1711c\" style=\"margin-top:0px;margin-right:0px;margin-bottom:0px;margin-left:0px;font-size:clamp(14px, 0.875rem + ((1vw - 3.2px) * 0.325), 18px);font-style:normal;font-weight:300;line-height:1.9\">Unser \u00f6kologischer Campingplatz im M\u00e9doc setzt<strong> konkrete Ma\u00dfnahmen<\/strong> ein, um seinen \u00f6kologischen Fu\u00dfabdruck zu begrenzen. Dies beginnt mit einem <g id=\"gid_1\">vern\u00fcnftigen<\/g> Wasser- und <g id=\"gid_1\">Energiemanagement<\/g>, einer einfachen<g id=\"gid_3\"> M\u00fclltrennung<\/g>, der<g id=\"gid_3\"> Reduzierung von Abf\u00e4llen<\/g>, aber auch der Verwendung von <g id=\"gid_4\">nachhaltigen Materialien <\/g>f\u00fcr die Einrichtung des Platzes. <g id=\"gid_5\">Solarbeleuchtung<\/g> und die<g id=\"gid_6\">harmonische Integration der Unterk\u00fcnfte<\/g> in die Landschaft sind ein integraler Bestandteil unserer Vision von <g id=\"gid_7\">nachhaltigem Tourismus<\/g>. Jede Geste z\u00e4hlt und wir ermutigen unsere G\u00e4ste, sich ebenfalls <strong>umweltfreundlicher<\/strong> zu verhalten.   <br\/><\/p>\n<\/div>\n\n\n\n<div class=\"wp-block-cover alignfull blob-image gt-gsap-fadeInUp\" style=\"min-height:80vh;aspect-ratio:unset;\"><img decoding=\"async\" width=\"2000\" height=\"1250\" class=\"wp-block-cover__image-background wp-image-1070 size-full\" alt=\"tris selectif\" src=\"https:\/\/www.camping-des-familles.com\/wp-content\/uploads\/2025\/10\/tris-selectif.jpg\" data-object-fit=\"cover\" srcset=\"https:\/\/www.camping-des-familles.com\/wp-content\/uploads\/2025\/10\/tris-selectif.jpg 2000w, https:\/\/www.camping-des-familles.com\/wp-content\/uploads\/2025\/10\/tris-selectif-300x188.jpg 300w, https:\/\/www.camping-des-familles.com\/wp-content\/uploads\/2025\/10\/tris-selectif-1024x640.jpg 1024w, https:\/\/www.camping-des-familles.com\/wp-content\/uploads\/2025\/10\/tris-selectif-768x480.jpg 768w, https:\/\/www.camping-des-familles.com\/wp-content\/uploads\/2025\/10\/tris-selectif-1536x960.jpg 1536w\" sizes=\"(max-width: 2000px) 100vw, 2000px\" \/><span aria-hidden=\"true\" class=\"wp-block-cover__background has-background-dim wp-block-cover__gradient-background has-background-gradient\" style=\"background:linear-gradient(0deg,rgb(1,1,1) 0%,rgba(0,0,0,0.34) 72%)\"><\/span><div class=\"wp-block-cover__inner-container is-layout-flow wp-block-cover-is-layout-flow\">\n<p class=\"has-text-align-center h1-like has-pp-woodland-font-family\" style=\"font-size:clamp(67.975px, 4.248rem + ((1vw - 3.2px) * 6.506), 148px);line-height:1\">Tourismus<strong> <\/strong><br\/><span><strong>Nachhaltig<\/strong><\/span><\/p>\n<\/div><\/div>\n<\/section>\n\n<section class=\"wp-block-group home-third page-third has-global-padding is-layout-constrained wp-block-group-is-layout-constrained\">\n<div class=\"wp-block-columns is-layout-flex wp-container-core-columns-is-layout-28f84493 wp-block-columns-is-layout-flex\">\n<div class=\"wp-block-column left is-layout-flow wp-block-column-is-layout-flow\" style=\"flex-basis:50%\">\n<div data-swiper=\"{&quot;speed&quot;:400,&quot;spaceBetween&quot;:16,&quot;slidesPerView&quot;:1,&quot;createElements&quot;:true,&quot;loop&quot;:true,&quot;freemode&quot;:true,&quot;breakpoints&quot;:[{&quot;slidesPerView&quot;:1}],&quot;pagination&quot;:false,&quot;effect&quot;:&quot;fade&quot;,&quot;navigation&quot;:false}\" class=\"wp-block-group gt-is-slider gt-is-slider-desktop is-layout-flow wp-block-group-is-layout-flow\">\n<div class=\"wp-block-group is-layout-flow wp-block-group-is-layout-flow\">\n<figure class=\"wp-block-image size-full is-resized gt-gsap-fadeIn\"><img decoding=\"async\" width=\"900\" height=\"900\" src=\"https:\/\/www.camping-des-familles.com\/wp-content\/uploads\/2025\/10\/ecodolges-dans-le-medoc.jpg\" alt=\"ecodolges im Medoc\" class=\"wp-image-1077\" style=\"width:auto;height:900px\" srcset=\"https:\/\/www.camping-des-familles.com\/wp-content\/uploads\/2025\/10\/ecodolges-dans-le-medoc.jpg 900w, https:\/\/www.camping-des-familles.com\/wp-content\/uploads\/2025\/10\/ecodolges-dans-le-medoc-300x300.jpg 300w, https:\/\/www.camping-des-familles.com\/wp-content\/uploads\/2025\/10\/ecodolges-dans-le-medoc-150x150.jpg 150w, https:\/\/www.camping-des-familles.com\/wp-content\/uploads\/2025\/10\/ecodolges-dans-le-medoc-768x768.jpg 768w\" sizes=\"(max-width: 900px) 100vw, 900px\" \/><\/figure>\n<\/div>\n<\/div>\n<\/div>\n\n\n\n<div class=\"wp-block-column is-vertically-aligned-center right is-layout-flow wp-block-column-is-layout-flow\" style=\"flex-basis:50%\">\n<h2 class=\"wp-block-heading\" style=\"text-transform:uppercase\">Unsere Ma\u00dfnahmen <span>f\u00fcr die Umwelt<\/span><\/h2>\n\n\n\n<p class=\"has-custom-color-3-color has-text-color has-link-color wp-elements-9d2b9b8625f452e072f36628cb726a8b\" style=\"line-height:1.9\">Wir haben uns entschieden, die <strong>sanfte Mobilit\u00e4t<\/strong> zu f\u00f6rdern: Verleih von Fahrr\u00e4dern und elektrischen Rollern vor Ort, einfacher Zugang zu Radwegen und unmittelbare N\u00e4he zu den Str\u00e4nden. Die bewaldete Umgebung des Campingplatzes ist erhalten geblieben. Die Installation von<strong> Sonnenkollektoren auf den Sanit\u00e4ranlagen<\/strong> des Campingplatzes und deren <strong>Wassersparsystem <\/strong>helfen uns, unseren Energieverbrauch zu senken. Unser Bar-Restaurant bevorzugt <g id=\"gid_3\">kurze Wege <\/g>mit <g id=\"gid_4\">lokalen<\/g> und saisonalen <g id=\"gid_4\">Produkten<\/g>. Wir sind auch Partner des <a href=\"https:\/\/www.pnr-medoc.fr\/\" target=\"_blank\" rel=\"noreferrer noopener\">Regionalen Naturparks M\u00e9doc<\/a>! Wir m\u00f6chten Ihnen einen<strong> verantwortungsvollen Urlaub<\/strong> <strong>auf<\/strong> einem \u00f6kologischen Campingplatz im M\u00e9doc bieten, wo die Natur mehr als nur eine Kulisse ist: Sie steht im <strong>Mittelpunkt Ihres Aufenthalts <\/strong>und <a href=\"https:\/\/www.camping-des-familles.com\/de\/campingplatz-animation-grayan-et-l-hopital\/\" data-type=\"page\" data-id=\"20\">der im M\u00e9doc angebotenen Animationen <\/a>.   <br\/><\/p>\n<\/div>\n<\/div>\n<\/section>\n\n<section class=\"wp-block-group page-maillage has-global-padding is-layout-constrained wp-block-group-is-layout-constrained\">\n<div class=\"wp-block-group is-horizontal is-layout-flex wp-container-core-group-is-layout-1b39ef27 wp-block-group-is-layout-flex\">\n<figure class=\"wp-block-image size-large\" style=\"margin-top:0px;margin-right:0px;margin-bottom:0px;margin-left:0px\"><img decoding=\"async\" width=\"63\" height=\"94\" src=\"https:\/\/www.camping-des-familles.com\/wp-content\/uploads\/2025\/09\/Vector-24.svg\" alt=\"Vector (24)\" class=\"wp-image-653\" style=\"object-fit:cover\"\/><\/figure>\n\n\n\n<div class=\"wp-block-group h1-like has-custom-color-1-color has-text-color has-link-color wp-elements-eeaf5323bf37ec28f59636f9f6ad0737 has-global-padding is-layout-constrained wp-block-group-is-layout-constrained\">\n<p class=\"has-custom-color-3-color has-text-color has-link-color has-pp-woodland-font-family wp-elements-9206113987f3214b6c421778532f1e4b\" style=\"font-size:clamp(52.9px, 3.306rem + ((1vw - 3.2px) * 4.398), 107px);font-style:normal;font-weight:200;text-transform:uppercase\">Entdecken Sie <span>die Kunst der Unterhaltung und des Genie\u00dfens<\/span><\/p>\n<\/div>\n<\/div>\n\n\n\n<div class=\"wp-block-query is-layout-flow wp-block-query-is-layout-flow\"><ul class=\"animated fadeInUp wp-block-post-template is-layout-flow wp-block-post-template-is-layout-flow\"><li class=\"wp-block-post post-2521 page type-page status-publish has-post-thumbnail hentry\">\n\n<figure class=\"wp-block-image\"><img decoding=\"async\" src=\"https:\/\/www.camping-des-familles.com\/wp-content\/uploads\/2025\/10\/Zumba-au-camping-medoc-e1759409631954.jpg\" alt=\"Zumba auf dem Campingplatz Medoc\"\/><\/figure>\n\n\n\n<p class=\"has-text-align-center has-base-2-color has-text-color has-link-color has-pp-woodland-font-family wp-elements-6ced9490183e5f4edfb72dbec622f35f\" style=\"font-size:clamp(18.959px, 1.185rem + ((1vw - 3.2px) * 0.898), 30px);text-transform:uppercase\">Unsere Animationen<\/p>\n\n\n<a class=\"is-style-lien-cover wp-block-read-more\" href=\"https:\/\/www.camping-des-familles.com\/de\/campingplatz-animation-grayan-et-l-hopital\/\" target=\"_self\">Weiterlesen<span class=\"screen-reader-text\">: Unsere Animationen<\/span><\/a>\n<\/li><li class=\"wp-block-post post-2567 page type-page status-publish has-post-thumbnail hentry\">\n\n<figure class=\"wp-block-image\"><img decoding=\"async\" src=\"https:\/\/www.camping-des-familles.com\/wp-content\/uploads\/2025\/10\/epicerie-a-proximite-du-camping-medoc.jpg\" alt=\"Lebensmittelgesch\u00e4ft in der N\u00e4he des Campingplatzes M\u00e9doc\"\/><\/figure>\n\n\n\n<p class=\"has-text-align-center has-base-2-color has-text-color has-link-color has-pp-woodland-font-family wp-elements-6ced9490183e5f4edfb72dbec622f35f\" style=\"font-size:clamp(18.959px, 1.185rem + ((1vw - 3.2px) * 0.898), 30px);text-transform:uppercase\">Unsere Dienstleistungen<\/p>\n\n\n<a class=\"is-style-lien-cover wp-block-read-more\" href=\"https:\/\/www.camping-des-familles.com\/de\/campingplatz-dienstleistungen-grayan-et-l-hopital\/\" target=\"_self\">Weiterlesen<span class=\"screen-reader-text\">: Unsere Dienstleistungen<\/span><\/a>\n<\/li><li class=\"wp-block-post post-2545 page type-page status-publish has-post-thumbnail hentry\">\n\n<figure class=\"wp-block-image\"><img decoding=\"async\" src=\"https:\/\/www.camping-des-familles.com\/wp-content\/uploads\/2025\/10\/soiree-moules-frites-camping-pres-de-Soulac-sur-Mer-e1759409962301.jpg\" alt=\"Abend mit Muscheln und Pommes Frites auf dem Campingplatz in der N\u00e4he von Soulac-sur-Mer\"\/><\/figure>\n\n\n\n<p class=\"has-text-align-center has-base-2-color has-text-color has-link-color has-pp-woodland-font-family wp-elements-6ced9490183e5f4edfb72dbec622f35f\" style=\"font-size:clamp(18.959px, 1.185rem + ((1vw - 3.2px) * 0.898), 30px);text-transform:uppercase\">Restauration<\/p>\n\n\n<a class=\"is-style-lien-cover wp-block-read-more\" href=\"https:\/\/www.camping-des-familles.com\/de\/bar-restaurant-grayan-et-l-hopital\/\" target=\"_self\">Weiterlesen<span class=\"screen-reader-text\">: Restauration<\/span><\/a>\n<\/li><\/ul><\/div>\n<\/section>\n","protected":false},"excerpt":{"rendered":"<p>\u00d6kologischer Campingplatz in der N\u00e4he von Soulac-sur-Mer Auf Camping des Familles Ecolodge glauben wir, dass es m\u00f6glich ist, Komfort und Umweltfreundlichkeit miteinander zu verbinden. Unser \u00f6kologischer Campingplatz in der N\u00e4he von Soulac-sur-Mer liegt inmitten der Natur und ist f\u00fcr diejenigen gedacht, die eine authentische Umgebung suchen, in der die Natur gesch\u00fctzt und aufgewertet wird. Hier [&hellip;]<\/p>\n","protected":false},"author":1,"featured_media":1091,"parent":0,"menu_order":0,"comment_status":"closed","ping_status":"closed","template":"","meta":{"_acf_changed":false,"_seopress_robots_primary_cat":"","_seopress_titles_title":"Umweltbewusster Campingplatz in der N\u00e4he von Soulac-sur-Mer im M\u00e9doc","_seopress_titles_desc":"Entdecken Sie den Camping des Familles Ecolodge, einen \u00f6kologischen und umweltbewussten Campingplatz in der N\u00e4he von Soulac-sur-Mer im M\u00e9doc. Genie\u00dfen Sie einen Aufenthalt inmitten der Natur, 4-Sterne-Service und konkrete Ma\u00dfnahmen zum Schutz der Umwelt: erneuerbare Energien, sanfte Mobilit\u00e4t und lokale Produkte. ","_seopress_robots_index":"","_gt_ctv_global_id":"14469","_gt_ctv_id_group":false,"inline_featured_image":false,"gt_fse_maillage_image":"https:\/\/www.camping-des-familles.com\/wp-content\/uploads\/2025\/10\/ecotourisme-au-medoc.jpg","gt_fse_maillage_titre":"Unsere Verpflichtungen","gt_fse_maillage_alt":"Unsere Verpflichtungen","gt_fse_maillage_resume":"","_gt_maillage_image":0,"_gt_maillage_video":0,"_gt_maillage_title":"","footnotes":""},"categories":[],"tags":[],"class_list":["post-2604","page","type-page","status-publish","has-post-thumbnail","hentry"],"acf":[],"_links":{"self":[{"href":"https:\/\/www.camping-des-familles.com\/de\/wp-json\/wp\/v2\/pages\/2604","targetHints":{"allow":["GET"]}}],"collection":[{"href":"https:\/\/www.camping-des-familles.com\/de\/wp-json\/wp\/v2\/pages"}],"about":[{"href":"https:\/\/www.camping-des-familles.com\/de\/wp-json\/wp\/v2\/types\/page"}],"author":[{"embeddable":true,"href":"https:\/\/www.camping-des-familles.com\/de\/wp-json\/wp\/v2\/users\/1"}],"replies":[{"embeddable":true,"href":"https:\/\/www.camping-des-familles.com\/de\/wp-json\/wp\/v2\/comments?post=2604"}],"version-history":[{"count":13,"href":"https:\/\/www.camping-des-familles.com\/de\/wp-json\/wp\/v2\/pages\/2604\/revisions"}],"predecessor-version":[{"id":4238,"href":"https:\/\/www.camping-des-familles.com\/de\/wp-json\/wp\/v2\/pages\/2604\/revisions\/4238"}],"wp:featuredmedia":[{"embeddable":true,"href":"https:\/\/www.camping-des-familles.com\/de\/wp-json\/wp\/v2\/media\/1091"}],"wp:attachment":[{"href":"https:\/\/www.camping-des-familles.com\/de\/wp-json\/wp\/v2\/media?parent=2604"}],"wp:term":[{"taxonomy":"category","embeddable":true,"href":"https:\/\/www.camping-des-familles.com\/de\/wp-json\/wp\/v2\/categories?post=2604"},{"taxonomy":"post_tag","embeddable":true,"href":"https:\/\/www.camping-des-familles.com\/de\/wp-json\/wp\/v2\/tags?post=2604"}],"curies":[{"name":"wp","href":"https:\/\/api.w.org\/{rel}","templated":true}]}}