{"id":2595,"date":"2025-09-22T13:58:34","date_gmt":"2025-09-22T11:58:34","guid":{"rendered":"https:\/\/www.camping-des-familles.com\/accueil\/"},"modified":"2025-12-09T12:10:26","modified_gmt":"2025-12-09T11:10:26","slug":"accueil","status":"publish","type":"page","link":"https:\/\/www.camping-des-familles.com\/de\/","title":{"rendered":"Startseite"},"content":{"rendered":"\n<section class=\"wp-block-group gt_sidemosaique_002 has-custom-color-3-background-color has-background is-layout-flow wp-block-group-is-layout-flow\">\n<div class=\"wp-block-columns is-layout-flex wp-container-core-columns-is-layout-7fc3d43a wp-block-columns-is-layout-flex\">\n<div class=\"wp-block-column is-vertically-aligned-top left is-layout-flow wp-block-column-is-layout-flow\" style=\"flex-basis:60%\">\n<iframe width=\"100%\" height=\"550\" src=\"https:\/\/www.youtube.com\/embed\/1toF_9imjMk?si=25-jr5Lbkvu-_pHn&#038;rel=0\" title=\"Familiencampingplatz\" frameborder=\"0\" allow=\"accelerometer; autoplay; clipboard-write; encrypted-media; gyroscope; picture-in-picture; web-share\" referrerpolicy=\"strict-origin-when-cross-origin\" allowfullscreen=\"\"><\/iframe>\n\n\n\n<div class=\"wp-block-group bottom is-layout-flow wp-block-group-is-layout-flow\">\n<div class=\"wp-block-group title-group is-nowrap is-layout-flex wp-container-core-group-is-layout-6c531013 wp-block-group-is-layout-flex\">\n<figure class=\"wp-block-image size-large\"><img decoding=\"async\" width=\"75\" height=\"75\" src=\"https:\/\/www.camping-des-familles.com\/wp-content\/uploads\/2025\/09\/Vector-9.svg\" alt=\"Vector (9)\" class=\"wp-image-221\"\/><\/figure>\n\n\n\n<h1 class=\"wp-block-heading has-custom-color-4-color has-text-color has-link-color wp-elements-1e66a584109bc7dd475706672b0760c5\" style=\"text-transform:uppercase\"><span>Campingplatz im M\u00e9doc<\/span>, <br\/>in der N\u00e4he von Soulac-sur-Mer<\/h1>\n<\/div>\n\n\n\n<p class=\"has-custom-color-4-color has-text-color has-link-color wp-elements-1d30644fbeb6804d30f174bfcd8bd3cb\" style=\"line-height:1.9\">Lust auf einen <strong>ruhigen Urlaub inmitten der Natur<\/strong>? Der Ecolodge Familiencampingplatz in Grayan-et-l&#8217;H\u00f4pital empf\u00e4ngt Sie in einer <strong>freundlichen Atmosph\u00e4re<\/strong>, nur wenige Schritte vom Ozean entfernt (5 Minuten mit dem Auto und 15 Minuten mit dem Fahrrad \u00fcber gesicherte Radwege). Unser Campingplatz im M\u00e9doc ist der ideale Ausgangspunkt, um die <strong>Str\u00e4nde<\/strong>, <strong>W\u00e4lder <\/strong>und <strong>Weinsch\u00e4tze<\/strong> der Region zu <strong>erkunden<\/strong>. Unsere Mitarbeiter hei\u00dfen Sie herzlich willkommen und sorgen f\u00fcr einen <strong>einfachen<\/strong>, <strong>authentischen <\/strong>und <strong>erholsamen<\/strong> <strong>Urlaub<\/strong>. Hier k\u00f6nnen Sie das Auto stehen lassen und die frische Luft genie\u00dfen, <strong>zu Fu\u00df oder mit dem Fahrrad<\/strong>, in aller Gelassenheit.     <\/p>\n<\/div>\n<\/div>\n\n\n\n<div class=\"wp-block-column right is-layout-flow wp-block-column-is-layout-flow\" style=\"flex-basis:40%\">\n<div class=\"wp-block-group h1-like is-layout-flow wp-block-group-is-layout-flow\">\n<p class=\"has-custom-color-4-color has-text-color has-link-color has-pp-woodland-font-family wp-elements-58fdb8d6a112f436b4f7b0493e9b7d59\" style=\"font-size:clamp(50.171px, 3.136rem + ((1vw - 3.2px) * 4.051), 100px);font-style:normal;font-weight:200;text-transform:uppercase\">Kurs <br\/>auf<br\/>Gelassenheit<\/p>\n<\/div>\n\n\n\n<figure class=\"wp-block-image size-full is-resized has-custom-border first-img gt-gsap-fadeIn\"><img decoding=\"async\" width=\"1707\" height=\"2560\" src=\"https:\/\/www.camping-des-familles.com\/wp-content\/uploads\/2025\/10\/Vacances-en-van-camping-des-familles-scaled.jpg\" alt=\"Familienurlaub im Campingbus\" class=\"wp-image-2130\" style=\"border-radius:5px;box-shadow:var(--wp--preset--shadow--deep);width:auto;height:705px\" srcset=\"https:\/\/www.camping-des-familles.com\/wp-content\/uploads\/2025\/10\/Vacances-en-van-camping-des-familles-scaled.jpg 1707w, https:\/\/www.camping-des-familles.com\/wp-content\/uploads\/2025\/10\/Vacances-en-van-camping-des-familles-200x300.jpg 200w, https:\/\/www.camping-des-familles.com\/wp-content\/uploads\/2025\/10\/Vacances-en-van-camping-des-familles-683x1024.jpg 683w, https:\/\/www.camping-des-familles.com\/wp-content\/uploads\/2025\/10\/Vacances-en-van-camping-des-familles-768x1152.jpg 768w, https:\/\/www.camping-des-familles.com\/wp-content\/uploads\/2025\/10\/Vacances-en-van-camping-des-familles-1024x1536.jpg 1024w, https:\/\/www.camping-des-familles.com\/wp-content\/uploads\/2025\/10\/Vacances-en-van-camping-des-familles-1365x2048.jpg 1365w\" sizes=\"(max-width: 1707px) 100vw, 1707px\" \/><\/figure>\n<\/div>\n<\/div>\n<\/section>\n\n<section class=\"wp-block-group gt_cta-multiple_004 bis is-layout-flow wp-block-group-is-layout-flow\" style=\"padding-bottom:var(--wp--preset--spacing--60)\">\n<div class=\"wp-block-columns alignwide top is-layout-flex wp-container-core-columns-is-layout-18fd109e wp-block-columns-is-layout-flex\" style=\"border-radius:0px;margin-top:0px;margin-right:0px;margin-bottom:0px;margin-left:0px;padding-top:0px;padding-right:0px;padding-bottom:0px;padding-left:0px\">\n<div class=\"wp-block-column is-vertically-aligned-center left is-layout-flow wp-block-column-is-layout-flow\" style=\"flex-basis:36%\">\n<div class=\"wp-block-group is-vertical is-content-justification-left is-nowrap is-layout-flex wp-container-core-group-is-layout-7c2e7db4 wp-block-group-is-layout-flex\" style=\"border-radius:0px;margin-top:0px;margin-right:0px;margin-bottom:0px;margin-left:0px;padding-top:0px;padding-right:0px;padding-bottom:0px;padding-left:0px\">\n<div class=\"wp-block-group h1-like has-pp-woodland-font-family has-global-padding is-layout-constrained wp-block-group-is-layout-constrained\">\n<p class=\"has-custom-color-1-color has-text-color has-link-color wp-elements-1d1fa77b387b93d2409582a9b5913a51\" style=\"font-size:clamp(50.171px, 3.136rem + ((1vw - 3.2px) * 4.051), 100px);font-style:normal;font-weight:300;text-transform:uppercase\">Bewegen,<br\/> schmecken,<br\/><span>vibrieren!<\/span><\/p>\n<\/div>\n<\/div>\n<\/div>\n\n\n\n<div class=\"wp-block-column is-vertically-aligned-center right is-layout-flow wp-block-column-is-layout-flow\" style=\"flex-basis:59%\">\n<div class=\"wp-block-group is-nowrap is-layout-flex wp-container-core-group-is-layout-cd9ab148 wp-block-group-is-layout-flex\">\n<figure class=\"wp-block-image size-full\"><img decoding=\"async\" width=\"87\" height=\"88\" src=\"https:\/\/www.camping-des-familles.com\/wp-content\/uploads\/2025\/09\/planche-de-surf-1.svg\" alt=\"Surfbrett 1\" class=\"wp-image-226\" style=\"object-fit:cover\"\/><\/figure>\n\n\n\n<h2 class=\"wp-block-heading has-text-align-left full-width has-gotham-rounded-font-family has-custom-color-1-color has-text-color\" style=\"margin-top:0px;margin-right:0px;margin-bottom:0px;margin-left:0px;font-size:clamp(27.894px, 1.743rem + ((1vw - 3.2px) * 1.635), 48px);font-style:normal;font-weight:300;line-height:1.0;text-transform:uppercase\"><span>4-Sterne-Service und Aktivit\u00e4ten<\/span><br\/> f\u00fcr einen ruhigen Aufenthalt<\/h2>\n<\/div>\n\n\n\n<p class=\"has-text-align-left full-width has-custom-color-1-color has-text-color has-gotham-rounded-font-family\" style=\"margin-top:0px;margin-right:0px;margin-bottom:0px;margin-left:0px;font-size:clamp(14px, 0.875rem + ((1vw - 3.2px) * 0.244), 17px);font-style:normal;font-weight:300;line-height:1.9\">Der Camping des Familles Ecolodge bietet Ihnen einen <a href=\"https:\/\/www.camping-des-familles.com\/de\/campingplatz-dienstleistungen-grayan-et-l-hopital\/\" data-type=\"page\" data-id=\"16\"><strong>4-Sterne-Service<\/strong><\/a> im M\u00e9doc, um Ihren Aufenthalt zu erleichtern: <a href=\"https:\/\/www.camping-des-familles.com\/de\/bar-restaurant-grayan-et-l-hopital\/\" data-type=\"page\" data-id=\"32\"><strong>Bar-Restaurant in der N\u00e4he von Soulac-sur-Mer<\/strong><\/a> mit Gerichten zum Mitnehmen, Snackbar, Lebensmittelgesch\u00e4ft, Brot- und Geb\u00e4ckverkauf am Morgen. Tags\u00fcber k\u00f6nnen Sie sich dank unserer vielf\u00e4ltigen Einrichtungen entspannen oder vergn\u00fcgen: <strong>beheizter Pool<\/strong>, <strong>Planschbecken<\/strong>,  <strong>Spielplatz<\/strong>, <strong>Trampolin<\/strong>, <strong>Bouleplatz<\/strong>, <strong>Spielzimmer<\/strong>, <strong>Tischfu\u00dfball<\/strong>, <strong>Billard<\/strong> und <strong>Tischtennis<\/strong> Des <strong>v\u00e9los et trottinettes \u00e9lectriques tout terrain <\/strong>sont \u00e9galement disponibles \u00e0 la location pour d\u00e9couvrir les alentours. Am Abend wird es gesellig mit <a href=\"https:\/\/www.camping-des-familles.com\/de\/campingplatz-animation-grayan-et-l-hopital\/\" data-type=\"page\" data-id=\"20\">Animationen im M\u00e9doc<\/a> und <strong>festlichen Abenden <\/strong>f\u00fcr Gro\u00df und Klein!<br\/><\/p>\n<\/div>\n<\/div>\n\n\n\n<div data-swiper=\"{&quot;speed&quot;:400,&quot;spaceBetween&quot;:16,&quot;slidesPerView&quot;:3,&quot;createElements&quot;:true,&quot;loop&quot;:true,&quot;freemode&quot;:true,&quot;pagination&quot;:{&quot;el&quot;:&quot;.swiper-pagination&quot;,&quot;dynamicBullets&quot;:true},&quot;breakpoints&quot;:{&quot;0&quot;:{&quot;slidesPerView&quot;:1},&quot;1280&quot;:{&quot;slidesPerView&quot;:3}},&quot;navigation&quot;:false}\" class=\"wp-block-group bottom gt-is-slider gt-is-slider-desktop has-global-padding is-layout-constrained wp-block-group-is-layout-constrained\">\n<div class=\"wp-block-group is-layout-flow wp-block-group-is-layout-flow\"><a href=\"https:\/\/www.camping-des-familles.com\/camping-services-grayan-et-l-hopital\/\"    class=\"cta-2 wp-block-tiptip-hyperlink-group-block\" >\n<div class=\"wp-block-cover alignwide is-light has-custom-content-position is-position-top-center blob-image\" style=\"border-radius:5px\"><img decoding=\"async\" width=\"2000\" height=\"1350\" class=\"wp-block-cover__image-background wp-image-2138 size-full\" alt=\"Animations camping des familles m\u00e9doc\" src=\"https:\/\/www.camping-des-familles.com\/wp-content\/uploads\/2025\/10\/Animations-camping-des-familles-medoc.webp\" data-object-fit=\"cover\" srcset=\"https:\/\/www.camping-des-familles.com\/wp-content\/uploads\/2025\/10\/Animations-camping-des-familles-medoc.webp 2000w, https:\/\/www.camping-des-familles.com\/wp-content\/uploads\/2025\/10\/Animations-camping-des-familles-medoc-300x203.webp 300w, https:\/\/www.camping-des-familles.com\/wp-content\/uploads\/2025\/10\/Animations-camping-des-familles-medoc-1024x691.webp 1024w, https:\/\/www.camping-des-familles.com\/wp-content\/uploads\/2025\/10\/Animations-camping-des-familles-medoc-768x518.webp 768w, https:\/\/www.camping-des-familles.com\/wp-content\/uploads\/2025\/10\/Animations-camping-des-familles-medoc-1536x1037.webp 1536w\" sizes=\"(max-width: 2000px) 100vw, 2000px\" \/><span aria-hidden=\"true\" class=\"wp-block-cover__background has-custom-color-1-background-color has-background-dim-30 has-background-dim\"><\/span><div class=\"wp-block-cover__inner-container is-layout-flow wp-block-cover-is-layout-flow\">\n<div class=\"wp-block-group cta-content has-background is-horizontal is-content-justification-left is-nowrap is-layout-flex wp-container-core-group-is-layout-69c50b29 wp-block-group-is-layout-flex\" style=\"border-radius:0px;background-color:#FFFFFF00;min-height:731px;margin-top:0px;margin-right:0px;margin-bottom:0px;margin-left:0px;padding-top:0px;padding-right:0px;padding-bottom:0px;padding-left:var(--wp--preset--spacing--40)\">\n<figure class=\"wp-block-image size-large is-resized\" style=\"margin-top:0px;margin-right:0px;margin-bottom:0px;margin-left:0px\"><img decoding=\"async\" width=\"145\" height=\"141\" src=\"https:\/\/www.camping-des-familles.com\/wp-content\/uploads\/2025\/09\/Frame-1000005936.svg\" alt=\"Frame 1000005936\" class=\"wp-image-455\" style=\"width:94.97830963134766px\"\/><\/figure>\n\n\n\n<div class=\"wp-block-group has-global-padding is-content-justification-left is-layout-constrained wp-container-core-group-is-layout-9bc554a6 wp-block-group-is-layout-constrained\" style=\"margin-top:0px;margin-right:0px;margin-bottom:0px;margin-left:0px\">\n<p class=\"wp-block-heading has-gotham-rounded-font-family has-custom-color-4-color has-text-color has-pp-woodland-font-family\" style=\"margin-top:0px;margin-right:0px;margin-bottom:0px;margin-left:0px;font-size:clamp(22.041px, 1.378rem + ((1vw - 3.2px) * 1.135), 36px);font-style:normal;font-weight:200;line-height:1.0\">Entdecken Sie<\/p>\n\n\n\n<p class=\"has-custom-color-4-color has-text-color has-link-color has-pp-woodland-font-family wp-elements-e2332356818ead6a6ee78ac770c553b5\" style=\"font-size:clamp(33.419px, 2.089rem + ((1vw - 3.2px) * 2.161), 60px);font-style:normal;font-weight:700;text-transform:uppercase\">Dienstleistungen<\/p>\n<\/div>\n<\/div>\n<\/div><\/div>\n<\/a><\/div>\n\n\n\n<div class=\"wp-block-group is-layout-flow wp-block-group-is-layout-flow\"><a href=\"https:\/\/www.camping-des-familles.com\/bar-restaurant-grayan-et-l-hopital\/\"    class=\"cta-2 wp-block-tiptip-hyperlink-group-block\" >\n<div class=\"wp-block-cover alignwide has-custom-content-position is-position-top-center blob-image\" style=\"border-radius:0px\"><img decoding=\"async\" width=\"1707\" height=\"2560\" class=\"wp-block-cover__image-background wp-image-1645 size-full\" alt=\"bar cocktail camping des familles\" src=\"https:\/\/www.camping-des-familles.com\/wp-content\/uploads\/2025\/10\/bar-cocktail-camping-des-familles-scaled.jpg\" data-object-fit=\"cover\" srcset=\"https:\/\/www.camping-des-familles.com\/wp-content\/uploads\/2025\/10\/bar-cocktail-camping-des-familles-scaled.jpg 1707w, https:\/\/www.camping-des-familles.com\/wp-content\/uploads\/2025\/10\/bar-cocktail-camping-des-familles-200x300.jpg 200w, https:\/\/www.camping-des-familles.com\/wp-content\/uploads\/2025\/10\/bar-cocktail-camping-des-familles-683x1024.jpg 683w, https:\/\/www.camping-des-familles.com\/wp-content\/uploads\/2025\/10\/bar-cocktail-camping-des-familles-768x1152.jpg 768w, https:\/\/www.camping-des-familles.com\/wp-content\/uploads\/2025\/10\/bar-cocktail-camping-des-familles-1024x1536.jpg 1024w, https:\/\/www.camping-des-familles.com\/wp-content\/uploads\/2025\/10\/bar-cocktail-camping-des-familles-1365x2048.jpg 1365w\" sizes=\"(max-width: 1707px) 100vw, 1707px\" \/><span aria-hidden=\"true\" class=\"wp-block-cover__background has-custom-color-1-background-color has-background-dim-30 has-background-dim\"><\/span><div class=\"wp-block-cover__inner-container is-layout-flow wp-block-cover-is-layout-flow\">\n<div class=\"wp-block-group cta-content has-background is-horizontal is-content-justification-left is-nowrap is-layout-flex wp-container-core-group-is-layout-69c50b29 wp-block-group-is-layout-flex\" style=\"border-radius:0px;background-color:#FFFFFF00;min-height:731px;margin-top:0px;margin-right:0px;margin-bottom:0px;margin-left:0px;padding-top:0px;padding-right:0px;padding-bottom:0px;padding-left:var(--wp--preset--spacing--40)\">\n<figure class=\"wp-block-image size-large is-resized\" style=\"margin-top:0px;margin-right:0px;margin-bottom:0px;margin-left:0px\"><img decoding=\"async\" width=\"145\" height=\"141\" src=\"https:\/\/www.camping-des-familles.com\/wp-content\/uploads\/2025\/09\/Frame-1000005936.svg\" alt=\"Frame 1000005936\" class=\"wp-image-455\" style=\"width:94.97830963134766px\"\/><\/figure>\n\n\n\n<div class=\"wp-block-group has-global-padding is-content-justification-left is-layout-constrained wp-container-core-group-is-layout-9bc554a6 wp-block-group-is-layout-constrained\" style=\"margin-top:0px;margin-right:0px;margin-bottom:0px;margin-left:0px\">\n<p class=\"wp-block-heading has-gotham-rounded-font-family has-custom-color-4-color has-text-color has-pp-woodland-font-family\" style=\"margin-top:0px;margin-right:0px;margin-bottom:0px;margin-left:0px;font-size:clamp(22.041px, 1.378rem + ((1vw - 3.2px) * 1.135), 36px);font-style:normal;font-weight:200;line-height:1.0\">Entdecken Sie<\/p>\n\n\n\n<p class=\"has-custom-color-4-color has-text-color has-link-color has-pp-woodland-font-family wp-elements-36fdb27bc5d04280c9f35d741d12abeb\" style=\"font-size:clamp(33.419px, 2.089rem + ((1vw - 3.2px) * 2.161), 60px);font-style:normal;font-weight:700;text-transform:uppercase\">Das Bar-Restaurant<\/p>\n<\/div>\n<\/div>\n<\/div><\/div>\n<\/a><\/div>\n\n\n\n<div class=\"wp-block-group is-layout-flow wp-block-group-is-layout-flow\"><a href=\"https:\/\/www.camping-des-familles.com\/activites-sportives-medoc\/\"    class=\"cta-2 wp-block-tiptip-hyperlink-group-block\" >\n<div class=\"wp-block-cover alignwide has-custom-content-position is-position-top-center blob-image\" style=\"border-radius:0px\"><img decoding=\"async\" width=\"1620\" height=\"1080\" class=\"wp-block-cover__image-background wp-image-2382 size-full\" alt=\"zosh-mountain-15\" src=\"https:\/\/www.camping-des-familles.com\/wp-content\/uploads\/2025\/10\/zosh-mountain-15.jpg\" data-object-fit=\"cover\" srcset=\"https:\/\/www.camping-des-familles.com\/wp-content\/uploads\/2025\/10\/zosh-mountain-15.jpg 1620w, https:\/\/www.camping-des-familles.com\/wp-content\/uploads\/2025\/10\/zosh-mountain-15-300x200.jpg 300w, https:\/\/www.camping-des-familles.com\/wp-content\/uploads\/2025\/10\/zosh-mountain-15-1024x683.jpg 1024w, https:\/\/www.camping-des-familles.com\/wp-content\/uploads\/2025\/10\/zosh-mountain-15-768x512.jpg 768w, https:\/\/www.camping-des-familles.com\/wp-content\/uploads\/2025\/10\/zosh-mountain-15-1536x1024.jpg 1536w\" sizes=\"(max-width: 1620px) 100vw, 1620px\" \/><span aria-hidden=\"true\" class=\"wp-block-cover__background has-custom-color-1-background-color has-background-dim-30 has-background-dim\"><\/span><div class=\"wp-block-cover__inner-container is-layout-flow wp-block-cover-is-layout-flow\">\n<div class=\"wp-block-group cta-content has-background is-horizontal is-content-justification-left is-nowrap is-layout-flex wp-container-core-group-is-layout-69c50b29 wp-block-group-is-layout-flex\" style=\"border-radius:0px;background-color:#FFFFFF00;min-height:731px;margin-top:0px;margin-right:0px;margin-bottom:0px;margin-left:0px;padding-top:0px;padding-right:0px;padding-bottom:0px;padding-left:var(--wp--preset--spacing--40)\">\n<figure class=\"wp-block-image size-large is-resized\" style=\"margin-top:0px;margin-right:0px;margin-bottom:0px;margin-left:0px\"><img decoding=\"async\" width=\"145\" height=\"141\" src=\"https:\/\/www.camping-des-familles.com\/wp-content\/uploads\/2025\/09\/Frame-1000005936.svg\" alt=\"Frame 1000005936\" class=\"wp-image-455\" style=\"width:94.97830963134766px\"\/><\/figure>\n\n\n\n<div class=\"wp-block-group has-global-padding is-content-justification-left is-layout-constrained wp-container-core-group-is-layout-9bc554a6 wp-block-group-is-layout-constrained\" style=\"margin-top:0px;margin-right:0px;margin-bottom:0px;margin-left:0px\">\n<p class=\"wp-block-heading has-gotham-rounded-font-family has-custom-color-4-color has-text-color has-pp-woodland-font-family\" style=\"margin-top:0px;margin-right:0px;margin-bottom:0px;margin-left:0px;font-size:clamp(22.041px, 1.378rem + ((1vw - 3.2px) * 1.135), 36px);font-style:normal;font-weight:200;line-height:1.0\">Entdecken Sie<\/p>\n\n\n\n<p class=\"has-custom-color-4-color has-text-color has-link-color has-pp-woodland-font-family wp-elements-c710b85572c78fb14f5737395d143fee\" style=\"font-size:clamp(33.419px, 2.089rem + ((1vw - 3.2px) * 2.161), 60px);font-style:normal;font-weight:700;text-transform:uppercase\">Sportliche Aktivit\u00e4ten<\/p>\n<\/div>\n<\/div>\n<\/div><\/div>\n<\/a><\/div>\n<\/div>\n<\/section>\n\n<section class=\"wp-block-group home-second gt-hide-mobile gt-hide-desktop is-layout-flow wp-block-group-is-layout-flow\">\n<div class=\"wp-block-cover alignfull has-parallax has-custom-content-position is-position-bottom-center blob-image\" style=\"min-height:150vh;aspect-ratio:unset;\"><div role=\"img\" aria-label=\"SPA Hammam pr\u00e8s de Grayan-et-l\u2019H\u00f4pital\" class=\"wp-block-cover__image-background wp-image-1866 size-full has-parallax\" style=\"background-position:50% 50%;background-image:url(https:\/\/www.camping-des-familles.com\/wp-content\/uploads\/2025\/10\/SPA-Hammam-pres-de-Grayan-et-lHopital-1.jpg)\"><\/div><span aria-hidden=\"true\" class=\"wp-block-cover__background has-background-dim-0 has-background-dim\" style=\"background-color:#755440\"><\/span><div class=\"wp-block-cover__inner-container is-layout-flow wp-block-cover-is-layout-flow\">\n<div class=\"wp-block-group top is-vertical is-content-justification-center is-layout-flex wp-container-core-group-is-layout-a019ff3b wp-block-group-is-layout-flex\" style=\"border-radius:0px;margin-top:0px;margin-right:0px;margin-bottom:0px;margin-left:0px;padding-top:0px;padding-right:17.55352783203125px;padding-bottom:0px;padding-left:17.5537109375px\">\n<div class=\"wp-block-group h1-like has-global-padding is-layout-constrained wp-block-group-is-layout-constrained\">\n<p class=\"has-text-align-center has-custom-color-4-color has-text-color has-link-color has-pp-woodland-font-family wp-elements-e6431d6a480972a69b55a3de7170926d\" style=\"font-size:clamp(57.464px, 3.592rem + ((1vw - 3.2px) * 5.003), 119px);font-style:normal;font-weight:200;text-transform:uppercase\"><span>Instant<\/span><br\/>H\u00e4ngender<\/p>\n<\/div>\n\n\n\n<div class=\"wp-block-group white-circle has-background is-vertical is-content-justification-center is-layout-flex wp-container-core-group-is-layout-e94e8dc5 wp-block-group-is-layout-flex\" style=\"border-radius:50px;background-color:#85765fb8;margin-top:0px;margin-right:0px;margin-bottom:0px;margin-left:0px;padding-top:0px;padding-right:0px;padding-bottom:0px;padding-left:0px\">\n<figure class=\"wp-block-image size-large is-resized\" style=\"margin-top:0px;margin-right:0px;margin-bottom:0px;margin-left:0px\"><img decoding=\"async\" width=\"120\" height=\"90\" src=\"https:\/\/www.camping-des-familles.com\/wp-content\/uploads\/2025\/09\/Layer_x0020_1.svg\" alt=\"Layer_x0020_1\" class=\"wp-image-236\" style=\"width:115px\"\/><\/figure>\n\n\n\n<div class=\"wp-block-group has-global-padding is-content-justification-center is-layout-constrained wp-container-core-group-is-layout-20e69b80 wp-block-group-is-layout-constrained\" style=\"margin-top:0px;margin-right:0px;margin-bottom:0px;margin-left:0px\">\n<p class=\"has-text-align-center wp-block-heading text-nowrap has-damirone-font-family has-custom-color-4-color has-text-color has-pp-woodland-font-family\" style=\"font-size:clamp(17.905px, 1.119rem + ((1vw - 3.2px) * 0.821), 28px);\">Entspannung<\/p>\n<\/div>\n<\/div>\n\n\n\n<div class=\"wp-block-group white-circle has-background is-vertical is-content-justification-center is-layout-flex wp-container-core-group-is-layout-3e0a07d8 wp-block-group-is-layout-flex\" style=\"border-radius:50px;background-color:#85765fb8;margin-top:0px;margin-right:0px;margin-bottom:0px;margin-left:0px;padding-top:0px;padding-right:0px;padding-bottom:0px;padding-left:0px\">\n<figure class=\"wp-block-image size-large is-resized\" style=\"margin-top:0px;margin-right:0px;margin-bottom:0px;margin-left:0px\"><img decoding=\"async\" width=\"128\" height=\"81\" src=\"https:\/\/www.camping-des-familles.com\/wp-content\/uploads\/2025\/09\/Layer_x0020_1-1.svg\" alt=\"Layer_x0020_1 (1)\" class=\"wp-image-241\" style=\"width:108px\"\/><\/figure>\n\n\n\n<div class=\"wp-block-group has-global-padding is-content-justification-center is-layout-constrained wp-container-core-group-is-layout-20e69b80 wp-block-group-is-layout-constrained\" style=\"margin-top:0px;margin-right:0px;margin-bottom:0px;margin-left:0px\">\n<p class=\"has-text-align-center wp-block-heading text-nowrap has-damirone-font-family has-custom-color-4-color has-text-color has-pp-woodland-font-family\" style=\"font-size:clamp(17.905px, 1.119rem + ((1vw - 3.2px) * 0.821), 28px);text-transform:capitalize\">Flucht<\/p>\n<\/div>\n<\/div>\n\n\n\n<div class=\"wp-block-group white-circle has-custom-color-3-background-color has-background is-vertical is-content-justification-center is-layout-flex wp-container-core-group-is-layout-e94e8dc5 wp-block-group-is-layout-flex\" style=\"border-radius:50px;margin-top:0px;margin-right:0px;margin-bottom:0px;margin-left:0px;padding-top:0px;padding-right:0px;padding-bottom:0px;padding-left:0px\">\n<figure class=\"wp-block-image size-large is-resized\" style=\"margin-top:0px;margin-right:0px;margin-bottom:0px;margin-left:0px\"><img decoding=\"async\" width=\"90\" height=\"91\" src=\"https:\/\/www.camping-des-familles.com\/wp-content\/uploads\/2025\/09\/calme-1.svg\" alt=\"ruhig 1\" class=\"wp-image-246\" style=\"width:108.76891326904297px\"\/><\/figure>\n\n\n\n<div class=\"wp-block-group has-global-padding is-content-justification-center is-layout-constrained wp-container-core-group-is-layout-1a6330c8 wp-block-group-is-layout-constrained\" style=\"margin-top:0px;margin-right:0px;margin-bottom:0px;margin-left:0px\">\n<p class=\"has-text-align-center wp-block-heading text-nowrap has-damirone-font-family has-custom-color-4-color has-text-color has-pp-woodland-font-family\" style=\"font-size:clamp(17.905px, 1.119rem + ((1vw - 3.2px) * 0.821), 28px);\">Ruhe<\/p>\n<\/div>\n<\/div>\n<\/div>\n\n\n\n<div class=\"wp-block-group bottom has-custom-color-3-background-color has-background is-vertical is-content-justification-stretch is-nowrap is-layout-flex wp-container-core-group-is-layout-d3bfd06e wp-block-group-is-layout-flex\" style=\"border-radius:0px;margin-top:0px;margin-right:0px;margin-bottom:0px;margin-left:0px;padding-top:var(--wp--preset--spacing--30);padding-right:0px;padding-bottom:var(--wp--preset--spacing--60);padding-left:0px\">\n<div class=\"wp-block-group has-global-padding is-content-justification-center is-layout-constrained wp-container-core-group-is-layout-0785c223 wp-block-group-is-layout-constrained\" style=\"margin-top:0px;margin-right:0px;margin-bottom:0px;margin-left:0px\">\n<h2 class=\"wp-block-heading has-text-align-center full-width has-damirone-font-family has-custom-color-4-color has-text-color\" style=\"margin-top:0px;margin-right:0px;margin-bottom:0px;margin-left:0px;font-size:clamp(27.894px, 1.743rem + ((1vw - 3.2px) * 1.635), 48px);font-style:normal;font-weight:400;line-height:1.2;text-transform:uppercase\"><span>Entspannen Sie sich: Wellness, Spa<\/span><br\/>und Sinnesparcours<\/h2>\n<\/div>\n\n\n\n<div class=\"wp-block-group has-global-padding is-content-justification-center is-layout-constrained wp-container-core-group-is-layout-6e8eba2e wp-block-group-is-layout-constrained\" style=\"margin-top:0px;margin-right:0px;margin-bottom:0px;margin-left:0px;padding-right:16rem;padding-left:16rem\">\n<p class=\"has-text-align-center full-width has-custom-color-4-color has-text-color has-poppins-font-family\" style=\"margin-top:0px;margin-right:0px;margin-bottom:0px;margin-left:0px;font-size:clamp(14px, 0.875rem + ((1vw - 3.2px) * 0.325), 18px);font-style:normal;font-weight:300;line-height:1.9\">Unser Campingplatz l\u00e4dt Sie mit seinem <strong>einzigartigen Wellnessbereich im M\u00e9doc<\/strong> zum Entspannen ein. Nutzen Sie unser Spa, <strong>Hammam, Sauna, Jacuzzi<\/strong> und Sinnesparcours f\u00fcr einen Moment der puren Entspannung. Eine wahre Oase der Ruhe, die Sie nach einem Tag am Meer oder einer Radtour entdecken k\u00f6nnen.  <\/p>\n<\/div>\n\n\n<a href=\"https:\/\/www.camping-des-familles.com\/camping-bien-etre-spa-grayan-et-l-hopital\/\"    class=\"btn-1 wp-block-tiptip-hyperlink-group-block\" >\n<div class=\"wp-block-group is-nowrap is-layout-flex wp-container-core-group-is-layout-f1189ed3 wp-block-group-is-layout-flex\">\n<figure class=\"wp-block-image size-full is-style-rounded wp-duotone-unset-4 is-style-rounded--1\"><img decoding=\"async\" width=\"24\" height=\"28\" src=\"https:\/\/www.camping-des-familles.com\/wp-content\/uploads\/2025\/09\/Vector-19.svg\" alt=\"Vector (19)\" class=\"wp-image-509\" style=\"aspect-ratio:0.6666666666666666;object-fit:contain\"\/><\/figure>\n\n\n\n<p class=\"has-pp-woodland-font-family\" style=\"font-size:clamp(15.747px, 0.984rem + ((1vw - 3.2px) * 0.671), 24px);text-transform:uppercase\">Wellness und Spa<\/p>\n<\/div>\n<\/a><\/div>\n<\/div><\/div>\n<\/section>\n\n<section class=\"wp-block-group gt_2-cta_009 is-layout-flow wp-block-group-is-layout-flow\" style=\"padding-top:var(--wp--preset--spacing--40);padding-bottom:var(--wp--preset--spacing--60)\">\n<div class=\"wp-block-group full-width is-vertical is-content-justification-stretch is-nowrap is-layout-flex wp-container-core-group-is-layout-ebdabf98 wp-block-group-is-layout-flex\" style=\"border-radius:0px;margin-top:0px;margin-right:0px;margin-bottom:0px;margin-left:0px;padding-top:var(--wp--preset--spacing--40);padding-right:0px;padding-bottom:0px;padding-left:0px\">\n<div class=\"wp-block-group h1-like has-global-padding is-layout-constrained wp-block-group-is-layout-constrained\">\n<p class=\"has-custom-color-3-color has-text-color has-link-color has-pp-woodland-font-family wp-elements-dfc3ddf9e1d0a352e250ca98d83633bf\" style=\"font-size:clamp(50.171px, 3.136rem + ((1vw - 3.2px) * 4.051), 100px);font-style:normal;font-weight:200;text-transform:uppercase\">Natur, Ruhe<br\/><span>und Wasseroase<\/span><\/p>\n<\/div>\n\n\n\n<div data-swiper=\"{&quot;speed&quot;:400,&quot;spaceBetween&quot;:30,&quot;slidesPerView&quot;:1.5,&quot;createElements&quot;:true,&quot;loop&quot;:true,&quot;freemode&quot;:true,&quot;pagination&quot;:{&quot;el&quot;:&quot;.swiper-pagination&quot;,&quot;dynamicBullets&quot;:true},&quot;breakpoints&quot;:{&quot;0&quot;:{&quot;slidesPerView&quot;:1},&quot;599&quot;:{&quot;slidesPerView&quot;:1.5}},&quot;navigation&quot;:false,&quot;autoplay&quot;:{&quot;delay&quot;:3000,&quot;disableOnInteraction&quot;:false}}\" class=\"wp-block-group gt-is-slider gt-is-slider-desktop has-global-padding is-layout-constrained wp-block-group-is-layout-constrained\">\n<figure class=\"wp-block-image size-full animated fadeInRight\"><img decoding=\"async\" src=\"https:\/\/www.camping-des-familles.com\/wp-content\/uploads\/2025\/10\/piscine-camping-des-familles-e1759756645640.jpg\" alt=\"Schwimmbad Familiencamping\" class=\"wp-image-1213\"\/><\/figure>\n\n\n\n<figure class=\"wp-block-image size-full animated fadeInRight delay-200ms\"><img decoding=\"async\" width=\"1920\" height=\"2560\" src=\"https:\/\/www.camping-des-familles.com\/wp-content\/uploads\/2025\/10\/enfant-dans-la-piscine-du-camping-des-familles-scaled.jpg\" alt=\"Kind im Pool des Familiencampingplatzes\" class=\"wp-image-2144\" srcset=\"https:\/\/www.camping-des-familles.com\/wp-content\/uploads\/2025\/10\/enfant-dans-la-piscine-du-camping-des-familles-scaled.jpg 1920w, https:\/\/www.camping-des-familles.com\/wp-content\/uploads\/2025\/10\/enfant-dans-la-piscine-du-camping-des-familles-225x300.jpg 225w, https:\/\/www.camping-des-familles.com\/wp-content\/uploads\/2025\/10\/enfant-dans-la-piscine-du-camping-des-familles-768x1024.jpg 768w, https:\/\/www.camping-des-familles.com\/wp-content\/uploads\/2025\/10\/enfant-dans-la-piscine-du-camping-des-familles-1152x1536.jpg 1152w, https:\/\/www.camping-des-familles.com\/wp-content\/uploads\/2025\/10\/enfant-dans-la-piscine-du-camping-des-familles-1536x2048.jpg 1536w\" sizes=\"(max-width: 1920px) 100vw, 1920px\" \/><\/figure>\n\n\n\n<figure class=\"wp-block-image size-full animated fadeInRight delay-100ms\"><img decoding=\"async\" width=\"2500\" height=\"1875\" src=\"https:\/\/www.camping-des-familles.com\/wp-content\/uploads\/2025\/10\/piscine-camping-familles.jpg\" alt=\"Schwimmbad Familiencamping\" class=\"wp-image-2288\" srcset=\"https:\/\/www.camping-des-familles.com\/wp-content\/uploads\/2025\/10\/piscine-camping-familles.jpg 2500w, https:\/\/www.camping-des-familles.com\/wp-content\/uploads\/2025\/10\/piscine-camping-familles-300x225.jpg 300w, https:\/\/www.camping-des-familles.com\/wp-content\/uploads\/2025\/10\/piscine-camping-familles-1024x768.jpg 1024w, https:\/\/www.camping-des-familles.com\/wp-content\/uploads\/2025\/10\/piscine-camping-familles-768x576.jpg 768w, https:\/\/www.camping-des-familles.com\/wp-content\/uploads\/2025\/10\/piscine-camping-familles-1536x1152.jpg 1536w, https:\/\/www.camping-des-familles.com\/wp-content\/uploads\/2025\/10\/piscine-camping-familles-2048x1536.jpg 2048w\" sizes=\"(max-width: 2500px) 100vw, 2500px\" \/><\/figure>\n<\/div>\n\n\n\n<div class=\"wp-block-group full-width bottom is-vertical is-content-justification-left is-nowrap is-layout-flex wp-container-core-group-is-layout-ae809007 wp-block-group-is-layout-flex\" style=\"border-radius:0px;margin-top:0px;margin-right:0px;margin-bottom:0px;margin-left:0px;padding-top:0px;padding-right:20rem;padding-bottom:0px;padding-left:var(--wp--preset--spacing--60)\">\n<div class=\"wp-block-group full-width is-horizontal is-content-justification-left is-nowrap is-layout-flex wp-container-core-group-is-layout-275bb7d1 wp-block-group-is-layout-flex\" style=\"border-radius:0px;margin-top:0px;margin-right:0px;margin-bottom:0px;margin-left:0px;padding-top:0px;padding-right:0px;padding-bottom:0px;padding-left:0px\">\n<figure class=\"wp-block-image size-full\" style=\"margin-top:0px;margin-right:0px;margin-bottom:0px;margin-left:0px\"><img decoding=\"async\" width=\"87\" height=\"87\" src=\"https:\/\/www.camping-des-familles.com\/wp-content\/uploads\/2025\/09\/planche-de-surf-1-1.svg\" alt=\"Surfbrett 1 (1)\" class=\"wp-image-256\" style=\"object-fit:cover\"\/><\/figure>\n\n\n\n<h2 class=\"wp-block-heading has-custom-color-3-color has-text-color has-link-color wp-elements-29ca85ee9d94a3ab9dc3315d280457af\" style=\"text-transform:uppercase\">Campingplatz mit <span>Wasserpark im M\u00e9doc<\/span><\/h2>\n<\/div>\n\n\n\n<div class=\"wp-block-group is-layout-flow wp-block-group-is-layout-flow\" style=\"margin-top:0px;margin-right:0px;margin-bottom:0px;margin-left:0px;padding-right:var(--wp--preset--spacing--40)\">\n<p class=\"has-text-align-left full-width has-text-color has-mona-sans-font-family\" style=\"color:rgba(132,118,95,1);margin-top:0px;margin-right:0px;margin-bottom:0px;margin-left:0px;font-size:clamp(14px, 0.875rem + ((1vw - 3.2px) * 0.244), 17px);font-style:normal;font-weight:200;line-height:1.9\">Der Campingplatz im M\u00e9doc verf\u00fcgt \u00fcber einen kompletten <strong>Wasserbereich<\/strong>, der ideal f\u00fcr Spa\u00df und Entspannung mit der ganzen Familie ist. Die Kinder genie\u00dfen die <g id=\"gid_1\">Wasserspiele, eine kleine Rutsche und ein sicheres<\/g> <g id=\"gid_2\">Planschbecken<\/g>, w\u00e4hrend die Eltern sich im <g id=\"gid_2\">gro\u00dfen beheizten Pool<\/g> entspannen. Dieser Bereich ist die ganze Saison \u00fcber ge\u00f6ffnet und ist einer der <strong>beliebtesten Aufenthaltsorte<\/strong> unserer Ferieng\u00e4ste!  <\/p>\n<\/div>\n\n\n<a href=\"https:\/\/www.camping-des-familles.com\/camping-piscine-chauffee-grayan-et-l-hopital\/\"    class=\"btn-1 wp-block-tiptip-hyperlink-group-block\" >\n<div class=\"wp-block-group is-nowrap is-layout-flex wp-container-core-group-is-layout-f1189ed3 wp-block-group-is-layout-flex\">\n<figure class=\"wp-block-image size-full has-custom-border is-style-rounded wp-duotone-unset-8 is-style-rounded--5\"><img decoding=\"async\" width=\"24\" height=\"28\" src=\"https:\/\/www.camping-des-familles.com\/wp-content\/uploads\/2025\/09\/Vector-20.svg\" alt=\"Vector (20)\" class=\"has-border-color wp-image-518\" style=\"border-color:#f9f3ee;border-width:1px;border-radius:5px;aspect-ratio:0.6666666666666666;object-fit:contain\"\/><\/figure>\n\n\n\n<p class=\"has-custom-color-3-color has-text-color has-link-color has-pp-woodland-font-family wp-elements-e1094b9a4b4c11a8ae58c5a852ddd84b\" style=\"font-size:clamp(15.747px, 0.984rem + ((1vw - 3.2px) * 0.671), 24px);text-transform:uppercase\">Wasserpark<\/p>\n<\/div>\n<\/a><\/div>\n<\/div>\n<\/section>\n\n<section class=\"wp-block-group home-fourth has-custom-color-1-background-color has-background has-global-padding is-layout-constrained wp-block-group-is-layout-constrained\">\n<div class=\"wp-block-group top is-layout-flow wp-block-group-is-layout-flow\">\n<div class=\"wp-block-group is-vertical is-content-justification-center is-layout-flex wp-container-core-group-is-layout-44edecb3 wp-block-group-is-layout-flex\" style=\"margin-top:0px;margin-right:0px;margin-bottom:0px;margin-left:0px\">\n<figure class=\"wp-block-image size-large\"><img decoding=\"async\" width=\"75\" height=\"75\" src=\"https:\/\/www.camping-des-familles.com\/wp-content\/uploads\/2025\/09\/Vector-9.svg\" alt=\"Vector (9)\" class=\"wp-image-221\"\/><\/figure>\n\n\n\n<h2 class=\"wp-block-heading has-text-align-center full-width has-damirone-font-family has-custom-color-4-color has-text-color\" style=\"margin-top:0px;margin-right:0px;margin-bottom:0px;margin-left:0px;font-size:clamp(27.894px, 1.743rem + ((1vw - 3.2px) * 1.635), 48px);font-style:normal;font-weight:400;line-height:1.2;text-transform:uppercase\"><span>Mietunterk\u00fcnfte<\/span><br\/>in der N\u00e4he von Soulac-sur-Mer<\/h2>\n<\/div>\n\n\n\n<div class=\"wp-block-group has-global-padding is-content-justification-center is-layout-constrained wp-container-core-group-is-layout-519de150 wp-block-group-is-layout-constrained\" style=\"margin-top:0px;margin-right:0px;margin-bottom:0px;margin-left:0px\">\n<p class=\"has-text-align-center full-width has-custom-color-4-color has-text-color has-link-color has-poppins-font-family wp-elements-b64f0ca04f3b42171c6a857758720fba\" style=\"margin-top:0px;margin-right:0px;margin-bottom:0px;margin-left:0px;font-size:clamp(14px, 0.875rem + ((1vw - 3.2px) * 0.325), 18px);font-style:normal;font-weight:300;line-height:1.9\">In einem 2 Hektar gro\u00dfen Park mit B\u00e4umen sind unsere <a href=\"https:\/\/www.camping-des-familles.com\/de\/mieten-stellplatz-grayan-et-l-hopital\/\" data-type=\"page\" data-id=\"40\">Stellpl\u00e4tze f\u00fcr Zelte, Wohnwagen oder Wohnmobile im M\u00e9doc<\/a> ger\u00e4umig und mit B\u00e4umen bepflanzt. Wir bieten auch <strong>Cottages, Lodges und Ecolodges<\/strong> f\u00fcr einen Aufenthalt mit allem Komfort. 5 km vom Strand entfernt (15 Minuten mit dem Fahrrad \u00fcber den Radweg), ist jedes <a href=\"https:\/\/www.camping-des-familles.com\/location-cottage-grayan-et-l-hopital\/\" data-type=\"page\" data-id=\"36\">Mietobjekt in der N\u00e4he von Soulac-sur-Mer<\/a> so konzipiert, dass es Ihnen Ruhe, Privatsph\u00e4re und Natur bietet. Der Komfort stimmt, ebenso wie das Preis-Leistungs-Verh\u00e4ltnis, mit vielen <a href=\"https:\/\/www.camping-des-familles.com\/de\/gunstiges-camping-grayan-und-l-hopital\/\" data-type=\"page\" data-id=\"44\">Sonderangeboten f\u00fcr einen g\u00fcnstigen Aufenthalt im M\u00e9doc<\/a>. Ideal f\u00fcr einen Aufenthalt mit der Familie, zu zweit oder mit Freunden.<\/p>\n<\/div>\n\n\n\n<div class=\"wp-block-group btn-banner is-horizontal is-content-justification-center is-nowrap is-layout-flex wp-container-core-group-is-layout-51154a8d wp-block-group-is-layout-flex\" style=\"border-radius:0px;margin-top:0px;margin-right:0px;margin-bottom:0px;margin-left:0px;padding-top:0px;padding-right:0px;padding-bottom:0px;padding-left:0px\"><a href=\"https:\/\/www.camping-des-familles.com\/location-mobil-home-grayan-et-l-hopital\/\"    class=\"btn-1 wp-block-tiptip-hyperlink-group-block\" >\n<div class=\"wp-block-group is-nowrap is-layout-flex wp-container-core-group-is-layout-f1189ed3 wp-block-group-is-layout-flex\">\n<figure class=\"wp-block-image size-full is-resized has-custom-border is-style-rounded wp-duotone-unset-12 is-style-rounded--9\"><img decoding=\"async\" width=\"24\" height=\"26\" src=\"https:\/\/www.camping-des-familles.com\/wp-content\/uploads\/2025\/09\/Vector-8.svg\" alt=\"Vector (8)\" class=\"wp-image-211\" style=\"border-style:none;border-width:0px;border-radius:0px;object-fit:cover;width:20px;height:30px\"\/><\/figure>\n\n\n\n<p class=\"has-custom-color-4-color has-text-color has-link-color has-pp-woodland-font-family wp-elements-33238eca7ddc4e556468d25f25377bb0\" style=\"font-size:clamp(20px, 1.25rem + ((1vw - 3.2px) * 0.976), 32px);text-transform:uppercase\">Unsere Mietobjekte<\/p>\n<\/div>\n<\/a>\n\n<a href=\"https:\/\/www.camping-des-familles.com\/location-emplacement-grayan-et-l-hopital\/\"    class=\"btn-1 wp-block-tiptip-hyperlink-group-block\" >\n<div class=\"wp-block-group is-nowrap is-layout-flex wp-container-core-group-is-layout-f1189ed3 wp-block-group-is-layout-flex\">\n<figure class=\"wp-block-image size-full is-resized has-custom-border is-style-rounded wp-duotone-unset-16 is-style-rounded--13\"><img decoding=\"async\" width=\"24\" height=\"26\" src=\"https:\/\/www.camping-des-familles.com\/wp-content\/uploads\/2025\/09\/Vector-8.svg\" alt=\"Vector (8)\" class=\"wp-image-211\" style=\"border-style:none;border-width:0px;border-radius:0px;object-fit:cover;width:20px;height:30px\"\/><\/figure>\n\n\n\n<p class=\"has-custom-color-4-color has-text-color has-link-color has-pp-woodland-font-family wp-elements-764b0d68e83d3ffa2aaa01c4a69af588\" style=\"font-size:clamp(20px, 1.25rem + ((1vw - 3.2px) * 0.976), 32px);text-transform:uppercase\">Standorte<\/p>\n<\/div>\n<\/a>\n\n<a href=\"https:\/\/www.camping-des-familles.com\/camping-pas-cher-grayan-et-l-hopital\/\"    class=\"btn-1 wp-block-tiptip-hyperlink-group-block\" >\n<div class=\"wp-block-group is-nowrap is-layout-flex wp-container-core-group-is-layout-f1189ed3 wp-block-group-is-layout-flex\">\n<figure class=\"wp-block-image size-full is-resized has-custom-border is-style-rounded wp-duotone-unset-20 is-style-rounded--17\"><img decoding=\"async\" width=\"24\" height=\"26\" src=\"https:\/\/www.camping-des-familles.com\/wp-content\/uploads\/2025\/09\/Vector-8.svg\" alt=\"Vector (8)\" class=\"wp-image-211\" style=\"border-style:none;border-width:0px;border-radius:0px;object-fit:cover;width:20px;height:30px\"\/><\/figure>\n\n\n\n<p class=\"has-custom-color-4-color has-text-color has-link-color has-pp-woodland-font-family wp-elements-5059808a7d01eba383ebc42ae939c479\" style=\"font-size:clamp(20px, 1.25rem + ((1vw - 3.2px) * 0.976), 32px);text-transform:uppercase\">Unsere Preise<\/p>\n<\/div>\n<\/a><\/div>\n<\/div>\n\n\n\n<div data-swiper=\"{&quot;speed&quot;:400,&quot;spaceBetween&quot;:16,&quot;slidesPerView&quot;:1,&quot;createElements&quot;:true,&quot;loop&quot;:true,&quot;freemode&quot;:true,&quot;pagination&quot;:{&quot;el&quot;:&quot;.swiper-pagination&quot;,&quot;dynamicBullets&quot;:true},&quot;breakpoints&quot;:[{&quot;slidesPerView&quot;:1}],&quot;navigation&quot;:false,&quot;effect&quot;:&quot;fade&quot;}\" class=\"wp-block-group gt-is-slider gt-is-slider-desktop is-layout-flow wp-block-group-is-layout-flow\"><a href=\"https:\/\/www.camping-des-familles.com\/location-mobil-home-grayan-et-l-hopital\/\"    class=\"animated fadeInUp wp-block-tiptip-hyperlink-group-block\" >\n<div class=\"wp-block-cover alignfull blob-image animated fadeInUp\" style=\"min-height:90vh;aspect-ratio:unset;\"><img decoding=\"async\" width=\"2000\" height=\"1500\" class=\"wp-block-cover__image-background wp-image-1691 size-full\" alt=\"Locations camping des familles\" src=\"https:\/\/www.camping-des-familles.com\/wp-content\/uploads\/2025\/10\/Locations-camping-des-familles.jpg\" data-object-fit=\"cover\" srcset=\"https:\/\/www.camping-des-familles.com\/wp-content\/uploads\/2025\/10\/Locations-camping-des-familles.jpg 2000w, https:\/\/www.camping-des-familles.com\/wp-content\/uploads\/2025\/10\/Locations-camping-des-familles-300x225.jpg 300w, https:\/\/www.camping-des-familles.com\/wp-content\/uploads\/2025\/10\/Locations-camping-des-familles-1024x768.jpg 1024w, https:\/\/www.camping-des-familles.com\/wp-content\/uploads\/2025\/10\/Locations-camping-des-familles-768x576.jpg 768w, https:\/\/www.camping-des-familles.com\/wp-content\/uploads\/2025\/10\/Locations-camping-des-familles-1536x1152.jpg 1536w\" sizes=\"(max-width: 2000px) 100vw, 2000px\" \/><span aria-hidden=\"true\" class=\"wp-block-cover__background has-background-dim wp-block-cover__gradient-background has-background-gradient\" style=\"background:linear-gradient(0deg,rgb(1,1,1) 0%,rgba(0,0,0,0.34) 72%)\"><\/span><div class=\"wp-block-cover__inner-container is-layout-flow wp-block-cover-is-layout-flow\">\n<p class=\"has-text-align-center h1-like has-custom-color-4-color has-text-color has-link-color has-pp-woodland-font-family wp-elements-0685fbc6d9229bdce855cde838e7b29b\" style=\"font-size:clamp(52.9px, 3.306rem + ((1vw - 3.2px) * 4.398), 107px);font-style:normal;font-weight:200;text-transform:capitalize\"><span>Ihr Refugium<\/span><br\/>inmitten der Natur<\/p>\n<\/div><\/div>\n<\/a>\n\n<a href=\"https:\/\/www.camping-des-familles.com\/location-emplacement-grayan-et-l-hopital\/\"    class=\"wp-block-tiptip-hyperlink-group-block\" >\n<div class=\"wp-block-cover alignfull blob-image\" style=\"min-height:90vh;aspect-ratio:unset;\"><img decoding=\"async\" width=\"2025\" height=\"1350\" class=\"wp-block-cover__image-background wp-image-1537 size-full\" alt=\"emplacement camping car proche de l'oc\u00e9an m\u00e9doc\" src=\"https:\/\/www.camping-des-familles.com\/wp-content\/uploads\/2025\/10\/emplacement-camping-car-proche-de-locean-medoc.jpg\" data-object-fit=\"cover\" srcset=\"https:\/\/www.camping-des-familles.com\/wp-content\/uploads\/2025\/10\/emplacement-camping-car-proche-de-locean-medoc.jpg 2025w, https:\/\/www.camping-des-familles.com\/wp-content\/uploads\/2025\/10\/emplacement-camping-car-proche-de-locean-medoc-300x200.jpg 300w, https:\/\/www.camping-des-familles.com\/wp-content\/uploads\/2025\/10\/emplacement-camping-car-proche-de-locean-medoc-1024x683.jpg 1024w, https:\/\/www.camping-des-familles.com\/wp-content\/uploads\/2025\/10\/emplacement-camping-car-proche-de-locean-medoc-768x512.jpg 768w, https:\/\/www.camping-des-familles.com\/wp-content\/uploads\/2025\/10\/emplacement-camping-car-proche-de-locean-medoc-1536x1024.jpg 1536w\" sizes=\"(max-width: 2025px) 100vw, 2025px\" \/><span aria-hidden=\"true\" class=\"wp-block-cover__background has-background-dim wp-block-cover__gradient-background has-background-gradient\" style=\"background:linear-gradient(0deg,rgb(1,1,1) 0%,rgba(0,0,0,0.34) 72%)\"><\/span><div class=\"wp-block-cover__inner-container is-layout-flow wp-block-cover-is-layout-flow\">\n<p class=\"has-text-align-center h1-like has-custom-color-4-color has-text-color has-link-color has-pp-woodland-font-family wp-elements-a8ea1df46096fc78cc29cd6f984c62e5\" style=\"font-size:clamp(52.9px, 3.306rem + ((1vw - 3.2px) * 4.398), 107px);font-style:normal;font-weight:200;text-transform:capitalize\"><span>Ihr Nest <\/span><br\/>im Herzen des Waldes<\/p>\n<\/div><\/div>\n<\/a>\n\n<a href=\"https:\/\/www.camping-des-familles.com\/camping-pas-cher-grayan-et-l-hopital\/\"    class=\"wp-block-tiptip-hyperlink-group-block\" >\n<div class=\"wp-block-cover alignfull blob-image\" style=\"min-height:90vh;aspect-ratio:unset;\"><img decoding=\"async\" width=\"1707\" height=\"2560\" class=\"wp-block-cover__image-background wp-image-2152 size-full\" alt=\"cocon famille camping des familles\" src=\"https:\/\/www.camping-des-familles.com\/wp-content\/uploads\/2025\/10\/cocon-famille-camping-des-familles.webp\" data-object-fit=\"cover\" srcset=\"https:\/\/www.camping-des-familles.com\/wp-content\/uploads\/2025\/10\/cocon-famille-camping-des-familles.webp 1707w, https:\/\/www.camping-des-familles.com\/wp-content\/uploads\/2025\/10\/cocon-famille-camping-des-familles-200x300.webp 200w, https:\/\/www.camping-des-familles.com\/wp-content\/uploads\/2025\/10\/cocon-famille-camping-des-familles-683x1024.webp 683w, https:\/\/www.camping-des-familles.com\/wp-content\/uploads\/2025\/10\/cocon-famille-camping-des-familles-768x1152.webp 768w, https:\/\/www.camping-des-familles.com\/wp-content\/uploads\/2025\/10\/cocon-famille-camping-des-familles-1024x1536.webp 1024w, https:\/\/www.camping-des-familles.com\/wp-content\/uploads\/2025\/10\/cocon-famille-camping-des-familles-1366x2048.webp 1366w\" sizes=\"(max-width: 1707px) 100vw, 1707px\" \/><span aria-hidden=\"true\" class=\"wp-block-cover__background has-background-dim wp-block-cover__gradient-background has-background-gradient\" style=\"background:linear-gradient(0deg,rgb(1,1,1) 0%,rgba(0,0,0,0.34) 72%)\"><\/span><div class=\"wp-block-cover__inner-container is-layout-flow wp-block-cover-is-layout-flow\">\n<p class=\"has-text-align-center h1-like has-custom-color-4-color has-text-color has-link-color has-pp-woodland-font-family wp-elements-abc83123851679ec665ddd97d044ca0b\" style=\"font-size:clamp(52.9px, 3.306rem + ((1vw - 3.2px) * 4.398), 107px);font-style:normal;font-weight:200;text-transform:capitalize\"><span>Ihr Kokon<\/span><br\/>im Schatten der Kiefern<\/p>\n<\/div><\/div>\n<\/a><\/div>\n<\/section>\n\n<section class=\"wp-block-group gt_cta-multiple_004 is-layout-flow wp-block-group-is-layout-flow\" style=\"padding-bottom:var(--wp--preset--spacing--60)\">\n<div class=\"wp-block-columns alignwide top is-layout-flex wp-container-core-columns-is-layout-18fd109e wp-block-columns-is-layout-flex\" style=\"border-radius:0px;margin-top:0px;margin-right:0px;margin-bottom:0px;margin-left:0px;padding-top:0px;padding-right:0px;padding-bottom:0px;padding-left:0px\">\n<div class=\"wp-block-column is-vertically-aligned-center left is-layout-flow wp-block-column-is-layout-flow\" style=\"flex-basis:40%\">\n<div class=\"wp-block-group is-vertical is-content-justification-left is-nowrap is-layout-flex wp-container-core-group-is-layout-7c2e7db4 wp-block-group-is-layout-flex\" style=\"border-radius:0px;margin-top:0px;margin-right:0px;margin-bottom:0px;margin-left:0px;padding-top:0px;padding-right:0px;padding-bottom:0px;padding-left:0px\">\n<div class=\"wp-block-group h1-like has-pp-woodland-font-family has-global-padding is-layout-constrained wp-block-group-is-layout-constrained\">\n<p class=\"has-custom-color-3-color has-text-color has-link-color wp-elements-a3618d8eae996b8d9d2995bc1ea356bc\" style=\"font-size:clamp(50.171px, 3.136rem + ((1vw - 3.2px) * 4.051), 100px);font-style:normal;font-weight:300;text-transform:uppercase\">ein<span>lebenswertes<\/span> Gebiet<\/p>\n<\/div>\n<\/div>\n<\/div>\n\n\n\n<div class=\"wp-block-column is-vertically-aligned-center right is-layout-flow wp-block-column-is-layout-flow\" style=\"flex-basis:59%\">\n<div class=\"wp-block-group title-group is-nowrap is-layout-flex wp-container-core-group-is-layout-b6e95508 wp-block-group-is-layout-flex\">\n<figure class=\"wp-block-image size-full\"><img decoding=\"async\" width=\"63\" height=\"94\" src=\"https:\/\/www.camping-des-familles.com\/wp-content\/uploads\/2025\/09\/Vector-24.svg\" alt=\"Vector (24)\" class=\"wp-image-653\" style=\"object-fit:cover\"\/><\/figure>\n\n\n\n<h2 class=\"wp-block-heading has-text-align-left full-width has-gotham-rounded-font-family has-custom-color-3-color has-text-color\" style=\"margin-top:0px;margin-right:0px;margin-bottom:0px;margin-left:0px;font-size:clamp(27.894px, 1.743rem + ((1vw - 3.2px) * 1.635), 48px);font-style:normal;font-weight:300;line-height:1.0;text-transform:uppercase\"><span>Aufenthalt im M\u00e9doc:<\/span><br\/> Gastronomie, Str\u00e4nde und Farniente<\/h2>\n<\/div>\n\n\n\n<p class=\"has-text-align-left full-width has-custom-color-3-color has-text-color has-gotham-rounded-font-family\" style=\"margin-top:0px;margin-right:0px;margin-bottom:0px;margin-left:0px;font-size:clamp(14px, 0.875rem + ((1vw - 3.2px) * 0.244), 17px);font-style:normal;font-weight:300;line-height:1.9\">Das M\u00e9doc ist ein wahres Juwel an der Atlantikk\u00fcste und h\u00e4lt viele <strong>\u00dcberraschungen f\u00fcr Sie bereit<\/strong>:<a href=\"https:\/\/www.camping-des-familles.com\/de\/tourismus-straende-medoc\/\" data-type=\"page\" data-id=\"48\"> lange Str\u00e4nde in der N\u00e4he des Campingplatzes bei Soulac-sur-Mer<\/a>, <strong>die mit der Blauen Flagge ausgezeichnet sind, Pinienw\u00e4lder, Fahrradwege, lokale M\u00e4rkte, kleine typische H\u00e4fen, Fischerh\u00fctten in Talais<\/strong>&#8230; Nicht zu vergessen die Weinstra\u00dfe und die regionalen Produkte. F\u00fcr die J\u00fcngeren gibt es jede Menge Aktivit\u00e4ten: Skatepark, Basketball- und Fu\u00dfballplatz nur 5 Minuten zu Fu\u00df entfernt!<\/p>\n\n\n\n<p>Ihr Urlaub wird reich an Entdeckungen und Begegnungen sein. Lassen Sie sich die lokale Gastronomie nicht entgehen und besuchen Sie die <strong>Austernz\u00fcchter der Gegend<\/strong> f\u00fcr eine einzigartige Verkostung. Sie werden auch die Gelegenheit haben, mit der Familie eine Runde Golf zu spielen: wir sind nur 2 Minuten von der <strong>Balata Golf Practice<\/strong> entfernt! Ganz in der N\u00e4he k\u00f6nnen Sie auch an den <strong>Teichen von La Barreyre<\/strong> angeln. <\/p>\n\n\n\n<p class=\"has-text-align-left full-width has-custom-color-3-color has-text-color has-gotham-rounded-font-family\" style=\"margin-top:0px;margin-right:0px;margin-bottom:0px;margin-left:0px;font-size:clamp(14px, 0.875rem + ((1vw - 3.2px) * 0.244), 17px);font-style:normal;font-weight:300;line-height:1.9\">Wenn Sie sich auf unserem Campingplatz in der N\u00e4he von Soulac-sur-Mer aufhalten, profitieren Sie von einer idealen Lage zwischen Ozean, Natur, <a href=\"https:\/\/www.camping-des-familles.com\/de\/gastronomie-weine-medoc\/\" data-type=\"page\" data-id=\"58\">Gastronomie und der Weinstra\u00dfe des M\u00e9doc<\/a>. Faulenzen, Besichtigungen, um das <a href=\"https:\/\/www.camping-des-familles.com\/de\/kulturerbe-kultur-medoc\/\" data-type=\"page\" data-id=\"52\">Kulturerbe und die Kultur des M\u00e9doc<\/a> zu <a href=\"https:\/\/www.camping-des-familles.com\/de\/sportliche-aktivitaten-medoc\/\" data-type=\"page\" data-id=\"54\">entdecken, oder sportliche Aktivit\u00e4ten in der N\u00e4he von Soulac-sur-Mer<\/a>: f\u00fcr jeden das richtige Programm!<\/p>\n<\/div>\n<\/div>\n\n\n\n<div data-swiper=\"{&quot;speed&quot;:400,&quot;spaceBetween&quot;:16,&quot;slidesPerView&quot;:3,&quot;createElements&quot;:true,&quot;loop&quot;:true,&quot;freemode&quot;:true,&quot;breakpoints&quot;:{&quot;0&quot;:{&quot;slidesPerView&quot;:1},&quot;1280&quot;:{&quot;slidesPerView&quot;:3}},&quot;navigation&quot;:false}\" class=\"wp-block-group bottom gt-is-slider gt-is-slider-desktop is-content-justification-center is-nowrap is-layout-flex wp-container-core-group-is-layout-23441af8 wp-block-group-is-layout-flex\">\n<div class=\"wp-block-group is-layout-flow wp-block-group-is-layout-flow\"><a href=\"https:\/\/www.camping-des-familles.com\/tourisme-plages-medoc\/\"    class=\"cta-2 wp-block-tiptip-hyperlink-group-block\" >\n<div class=\"wp-block-cover alignwide is-light has-custom-content-position is-position-top-center blob-image\" style=\"border-radius:0px\"><img decoding=\"async\" width=\"1312\" height=\"1350\" class=\"wp-block-cover__image-background wp-image-1714 size-full\" alt=\"vue aerienne ocean plage\" src=\"https:\/\/www.camping-des-familles.com\/wp-content\/uploads\/2025\/10\/vue-aerienne-ocean-plage-1-e1759758711818.jpg\" data-object-fit=\"cover\" srcset=\"https:\/\/www.camping-des-familles.com\/wp-content\/uploads\/2025\/10\/vue-aerienne-ocean-plage-1-e1759758711818.jpg 1312w, https:\/\/www.camping-des-familles.com\/wp-content\/uploads\/2025\/10\/vue-aerienne-ocean-plage-1-e1759758711818-292x300.jpg 292w, https:\/\/www.camping-des-familles.com\/wp-content\/uploads\/2025\/10\/vue-aerienne-ocean-plage-1-e1759758711818-995x1024.jpg 995w, https:\/\/www.camping-des-familles.com\/wp-content\/uploads\/2025\/10\/vue-aerienne-ocean-plage-1-e1759758711818-768x790.jpg 768w\" sizes=\"(max-width: 1312px) 100vw, 1312px\" \/><span aria-hidden=\"true\" class=\"wp-block-cover__background has-custom-color-1-background-color has-background-dim-30 has-background-dim\"><\/span><div class=\"wp-block-cover__inner-container is-layout-flow wp-block-cover-is-layout-flow\">\n<div class=\"wp-block-group cta-content has-background is-horizontal is-content-justification-left is-nowrap is-layout-flex wp-container-core-group-is-layout-69c50b29 wp-block-group-is-layout-flex\" style=\"border-radius:0px;background-color:#FFFFFF00;min-height:731px;margin-top:0px;margin-right:0px;margin-bottom:0px;margin-left:0px;padding-top:0px;padding-right:0px;padding-bottom:0px;padding-left:var(--wp--preset--spacing--40)\">\n<figure class=\"wp-block-image size-large is-resized\" style=\"margin-top:0px;margin-right:0px;margin-bottom:0px;margin-left:0px\"><img decoding=\"async\" width=\"145\" height=\"141\" src=\"https:\/\/www.camping-des-familles.com\/wp-content\/uploads\/2025\/09\/Frame-1000005936.svg\" alt=\"Frame 1000005936\" class=\"wp-image-455\" style=\"width:94.97830963134766px\"\/><\/figure>\n\n\n\n<div class=\"wp-block-group has-global-padding is-content-justification-left is-layout-constrained wp-container-core-group-is-layout-9bc554a6 wp-block-group-is-layout-constrained\" style=\"margin-top:0px;margin-right:0px;margin-bottom:0px;margin-left:0px\">\n<p class=\"wp-block-heading has-gotham-rounded-font-family has-custom-color-4-color has-text-color has-pp-woodland-font-family\" style=\"margin-top:0px;margin-right:0px;margin-bottom:0px;margin-left:0px;font-size:clamp(22.041px, 1.378rem + ((1vw - 3.2px) * 1.135), 36px);font-style:normal;font-weight:200;line-height:1.0\">Entdecken Sie<\/p>\n\n\n\n<p class=\"has-custom-color-4-color has-text-color has-link-color has-pp-woodland-font-family wp-elements-1e67f4c75b193dea492dd528d00759c0\" style=\"font-size:clamp(33.419px, 2.089rem + ((1vw - 3.2px) * 2.161), 60px);font-style:normal;font-weight:700;text-transform:uppercase\">Die Str\u00e4nde<\/p>\n<\/div>\n<\/div>\n<\/div><\/div>\n<\/a><\/div>\n\n\n\n<div class=\"wp-block-group is-layout-flow wp-block-group-is-layout-flow\"><a href=\"https:\/\/www.camping-des-familles.com\/patrimoine-culture-medoc\/\"    class=\"cta-2 wp-block-tiptip-hyperlink-group-block\" >\n<div class=\"wp-block-cover alignwide is-light has-custom-content-position is-position-top-center blob-image\" style=\"border-radius:0px\"><img decoding=\"async\" width=\"427\" height=\"640\" class=\"wp-block-cover__image-background wp-image-1702 size-full\" alt=\"phare de cordouan\" src=\"https:\/\/www.camping-des-familles.com\/wp-content\/uploads\/2025\/10\/phare-de-cordouan-1.jpg\" data-object-fit=\"cover\" srcset=\"https:\/\/www.camping-des-familles.com\/wp-content\/uploads\/2025\/10\/phare-de-cordouan-1.jpg 427w, https:\/\/www.camping-des-familles.com\/wp-content\/uploads\/2025\/10\/phare-de-cordouan-1-200x300.jpg 200w\" sizes=\"(max-width: 427px) 100vw, 427px\" \/><span aria-hidden=\"true\" class=\"wp-block-cover__background has-custom-color-1-background-color has-background-dim-30 has-background-dim\"><\/span><div class=\"wp-block-cover__inner-container is-layout-flow wp-block-cover-is-layout-flow\">\n<div class=\"wp-block-group cta-content has-background is-horizontal is-content-justification-left is-nowrap is-layout-flex wp-container-core-group-is-layout-69c50b29 wp-block-group-is-layout-flex\" style=\"border-radius:0px;background-color:#FFFFFF00;min-height:731px;margin-top:0px;margin-right:0px;margin-bottom:0px;margin-left:0px;padding-top:0px;padding-right:0px;padding-bottom:0px;padding-left:var(--wp--preset--spacing--40)\">\n<figure class=\"wp-block-image size-large is-resized\" style=\"margin-top:0px;margin-right:0px;margin-bottom:0px;margin-left:0px\"><img decoding=\"async\" width=\"145\" height=\"141\" src=\"https:\/\/www.camping-des-familles.com\/wp-content\/uploads\/2025\/09\/Frame-1000005936.svg\" alt=\"Frame 1000005936\" class=\"wp-image-455\" style=\"width:94.97830963134766px\"\/><\/figure>\n\n\n\n<div class=\"wp-block-group has-global-padding is-content-justification-left is-layout-constrained wp-container-core-group-is-layout-9bc554a6 wp-block-group-is-layout-constrained\" style=\"margin-top:0px;margin-right:0px;margin-bottom:0px;margin-left:0px\">\n<p class=\"wp-block-heading has-gotham-rounded-font-family has-custom-color-4-color has-text-color has-pp-woodland-font-family\" style=\"margin-top:0px;margin-right:0px;margin-bottom:0px;margin-left:0px;font-size:clamp(22.041px, 1.378rem + ((1vw - 3.2px) * 1.135), 36px);font-style:normal;font-weight:200;line-height:1.0\">Entdecken Sie<\/p>\n\n\n\n<p class=\"has-custom-color-4-color has-text-color has-link-color has-pp-woodland-font-family wp-elements-650b473dc9de8278b185b635bf65e6f2\" style=\"font-size:clamp(33.419px, 2.089rem + ((1vw - 3.2px) * 2.161), 60px);font-style:normal;font-weight:700;text-transform:uppercase\">Das Kulturerbe<\/p>\n<\/div>\n<\/div>\n<\/div><\/div>\n<\/a><\/div>\n\n\n\n<div class=\"wp-block-group is-layout-flow wp-block-group-is-layout-flow\"><a href=\"https:\/\/www.camping-des-familles.com\/activites-sportives-medoc\/\"    class=\"cta-2 wp-block-tiptip-hyperlink-group-block\" >\n<div class=\"wp-block-cover alignwide is-light has-custom-content-position is-position-top-center blob-image\" style=\"border-radius:0px\"><img decoding=\"async\" width=\"2000\" height=\"2500\" class=\"wp-block-cover__image-background wp-image-2234 size-full\" alt=\"plages proches du camping au m\u00e9doc\" src=\"https:\/\/www.camping-des-familles.com\/wp-content\/uploads\/2025\/10\/plages-proches-du-camping-au-medoc.webp\" data-object-fit=\"cover\" srcset=\"https:\/\/www.camping-des-familles.com\/wp-content\/uploads\/2025\/10\/plages-proches-du-camping-au-medoc.webp 2000w, https:\/\/www.camping-des-familles.com\/wp-content\/uploads\/2025\/10\/plages-proches-du-camping-au-medoc-240x300.webp 240w, https:\/\/www.camping-des-familles.com\/wp-content\/uploads\/2025\/10\/plages-proches-du-camping-au-medoc-819x1024.webp 819w, https:\/\/www.camping-des-familles.com\/wp-content\/uploads\/2025\/10\/plages-proches-du-camping-au-medoc-768x960.webp 768w, https:\/\/www.camping-des-familles.com\/wp-content\/uploads\/2025\/10\/plages-proches-du-camping-au-medoc-1229x1536.webp 1229w, https:\/\/www.camping-des-familles.com\/wp-content\/uploads\/2025\/10\/plages-proches-du-camping-au-medoc-1638x2048.webp 1638w\" sizes=\"(max-width: 2000px) 100vw, 2000px\" \/><span aria-hidden=\"true\" class=\"wp-block-cover__background has-custom-color-1-background-color has-background-dim-30 has-background-dim\"><\/span><div class=\"wp-block-cover__inner-container is-layout-flow wp-block-cover-is-layout-flow\">\n<div class=\"wp-block-group cta-content has-background is-horizontal is-content-justification-left is-nowrap is-layout-flex wp-container-core-group-is-layout-69c50b29 wp-block-group-is-layout-flex\" style=\"border-radius:0px;background-color:#FFFFFF00;min-height:731px;margin-top:0px;margin-right:0px;margin-bottom:0px;margin-left:0px;padding-top:0px;padding-right:0px;padding-bottom:0px;padding-left:var(--wp--preset--spacing--40)\">\n<figure class=\"wp-block-image size-large is-resized\" style=\"margin-top:0px;margin-right:0px;margin-bottom:0px;margin-left:0px\"><img decoding=\"async\" width=\"145\" height=\"141\" src=\"https:\/\/www.camping-des-familles.com\/wp-content\/uploads\/2025\/09\/Frame-1000005936.svg\" alt=\"Frame 1000005936\" class=\"wp-image-455\" style=\"width:94.97830963134766px\"\/><\/figure>\n\n\n\n<div class=\"wp-block-group has-global-padding is-content-justification-left is-layout-constrained wp-container-core-group-is-layout-9bc554a6 wp-block-group-is-layout-constrained\" style=\"margin-top:0px;margin-right:0px;margin-bottom:0px;margin-left:0px\">\n<p class=\"wp-block-heading has-gotham-rounded-font-family has-custom-color-4-color has-text-color has-pp-woodland-font-family\" style=\"margin-top:0px;margin-right:0px;margin-bottom:0px;margin-left:0px;font-size:clamp(22.041px, 1.378rem + ((1vw - 3.2px) * 1.135), 36px);font-style:normal;font-weight:200;line-height:1.0\">Entdecken Sie<\/p>\n\n\n\n<p class=\"has-custom-color-4-color has-text-color has-link-color has-pp-woodland-font-family wp-elements-c562e05415619b38415804d290d3eb8e\" style=\"font-size:clamp(33.419px, 2.089rem + ((1vw - 3.2px) * 2.161), 60px);font-style:normal;font-weight:700;text-transform:uppercase\">Sport<\/p>\n<\/div>\n<\/div>\n<\/div><\/div>\n<\/a><\/div>\n\n\n\n<div class=\"wp-block-group is-layout-flow wp-block-group-is-layout-flow\"><a href=\"https:\/\/www.camping-des-familles.com\/gastronomie-vins-medoc\/\"    class=\"cta-2 wp-block-tiptip-hyperlink-group-block\" >\n<div class=\"wp-block-cover alignwide has-custom-content-position is-position-top-center blob-image\" style=\"border-radius:0px\"><img decoding=\"async\" width=\"2000\" height=\"1506\" class=\"wp-block-cover__image-background wp-image-2240 size-full\" alt=\"gastronomie et vins m\u00e9doc\" src=\"https:\/\/www.camping-des-familles.com\/wp-content\/uploads\/2025\/10\/gastronomie-et-vins-medoc.webp\" data-object-fit=\"cover\" srcset=\"https:\/\/www.camping-des-familles.com\/wp-content\/uploads\/2025\/10\/gastronomie-et-vins-medoc.webp 2000w, https:\/\/www.camping-des-familles.com\/wp-content\/uploads\/2025\/10\/gastronomie-et-vins-medoc-300x226.webp 300w, https:\/\/www.camping-des-familles.com\/wp-content\/uploads\/2025\/10\/gastronomie-et-vins-medoc-1024x771.webp 1024w, https:\/\/www.camping-des-familles.com\/wp-content\/uploads\/2025\/10\/gastronomie-et-vins-medoc-768x578.webp 768w, https:\/\/www.camping-des-familles.com\/wp-content\/uploads\/2025\/10\/gastronomie-et-vins-medoc-1536x1157.webp 1536w\" sizes=\"(max-width: 2000px) 100vw, 2000px\" \/><span aria-hidden=\"true\" class=\"wp-block-cover__background has-custom-color-1-background-color has-background-dim-30 has-background-dim\"><\/span><div class=\"wp-block-cover__inner-container is-layout-flow wp-block-cover-is-layout-flow\">\n<div class=\"wp-block-group cta-content has-background is-horizontal is-content-justification-left is-nowrap is-layout-flex wp-container-core-group-is-layout-69c50b29 wp-block-group-is-layout-flex\" style=\"border-radius:0px;background-color:#FFFFFF00;min-height:731px;margin-top:0px;margin-right:0px;margin-bottom:0px;margin-left:0px;padding-top:0px;padding-right:0px;padding-bottom:0px;padding-left:var(--wp--preset--spacing--40)\">\n<figure class=\"wp-block-image size-large is-resized\" style=\"margin-top:0px;margin-right:0px;margin-bottom:0px;margin-left:0px\"><img decoding=\"async\" width=\"145\" height=\"141\" src=\"https:\/\/www.camping-des-familles.com\/wp-content\/uploads\/2025\/09\/Frame-1000005936.svg\" alt=\"Frame 1000005936\" class=\"wp-image-455\" style=\"width:94.97830963134766px\"\/><\/figure>\n\n\n\n<div class=\"wp-block-group has-global-padding is-content-justification-left is-layout-constrained wp-container-core-group-is-layout-9bc554a6 wp-block-group-is-layout-constrained\" style=\"margin-top:0px;margin-right:0px;margin-bottom:0px;margin-left:0px\">\n<p class=\"wp-block-heading has-gotham-rounded-font-family has-custom-color-4-color has-text-color has-pp-woodland-font-family\" style=\"margin-top:0px;margin-right:0px;margin-bottom:0px;margin-left:0px;font-size:clamp(22.041px, 1.378rem + ((1vw - 3.2px) * 1.135), 36px);font-style:normal;font-weight:200;line-height:1.0\">Entdecken Sie<\/p>\n\n\n\n<p class=\"has-custom-color-4-color has-text-color has-link-color has-pp-woodland-font-family wp-elements-6702a26ccd144cf1a47b49a3934d9488\" style=\"font-size:clamp(33.419px, 2.089rem + ((1vw - 3.2px) * 2.161), 60px);font-style:normal;font-weight:700;text-transform:uppercase\">Die Gastronomie<\/p>\n<\/div>\n<\/div>\n<\/div><\/div>\n<\/a><\/div>\n<\/div>\n<\/section>\n\n<section class=\"wp-block-group gt_avis_009 is-layout-flow wp-block-group-is-layout-flow\">\n<div class=\"wp-block-cover is-light has-parallax\" style=\"padding-right:var(--wp--preset--spacing--60);padding-left:var(--wp--preset--spacing--60);min-height:100vh;aspect-ratio:unset;\"><div role=\"img\" aria-label=\"plage cote m\u00e9doc\" class=\"wp-block-cover__image-background wp-image-1737 size-large has-parallax\" style=\"background-position:50% 50%;background-image:url(https:\/\/www.camping-des-familles.com\/wp-content\/uploads\/2025\/10\/plage-cote-medoc-1024x576.jpg)\"><\/div><span aria-hidden=\"true\" class=\"wp-block-cover__background has-background-dim-0 has-background-dim\" style=\"background-color:#a59d90\"><\/span><div class=\"wp-block-cover__inner-container has-global-padding is-layout-constrained wp-container-core-cover-is-layout-8dd13e6d wp-block-cover-is-layout-constrained\">\n<div class=\"wp-block-group has-custom-color-3-background-color has-background has-global-padding is-layout-constrained wp-container-core-group-is-layout-3bfa357b wp-block-group-is-layout-constrained\" style=\"padding-top:var(--wp--preset--spacing--50);padding-right:var(--wp--preset--spacing--40);padding-bottom:var(--wp--preset--spacing--50);padding-left:var(--wp--preset--spacing--40)\">\n<div class=\"wp-block-columns is-layout-flex wp-container-core-columns-is-layout-28f84493 wp-block-columns-is-layout-flex\">\n<div class=\"wp-block-column is-layout-flow wp-block-column-is-layout-flow\">\n<p class=\"has-custom-color-4-color has-text-color has-link-color wp-elements-6490a75ba5d45eccf7b19ca617a2325e\" style=\"font-size:clamp(16.293px, 1.018rem + ((1vw - 3.2px) * 0.708), 25px);text-transform:uppercase\">Kundenmeinung<\/p>\n\n\n\n<div class=\"wp-block-group h1-like has-global-padding is-layout-constrained wp-block-group-is-layout-constrained\">\n<p class=\"has-custom-color-4-color has-text-color has-link-color has-pp-woodland-font-family wp-elements-6d2972f0a6be4fbd0a26a650dc6615c9\" style=\"font-size:clamp(57.838px, 3.615rem + ((1vw - 3.2px) * 5.054), 120px);font-style:normal;font-weight:200;line-height:1;text-transform:uppercase\">ihre<br\/><span>Erz\u00e4hlung.<\/span><\/p>\n<\/div>\n<\/div>\n\n\n\n<div class=\"wp-block-column is-layout-flow wp-block-column-is-layout-flow\"><pre class=\"ti-widget\"><template id=\"trustindex-google-widget-html\"><div class=\" ti-widget  ti-goog ti-disable-font ti-review-text-mode-readmore ti-content-align-left\" data-no-translation=\"true\" data-time-locale=\"il y a %d %s|aujourd'hui|jour|jours|semaine|semaines|mois|mois|ann\u00e9e|ans\" data-layout-id=\"37\" data-layout-category=\"slider\" data-set-id=\"light-background\" data-pid=\"\" data-language=\"fr\" data-close-locale=\"Fermer\" data-css-version=\"2\" data-reply-by-locale=\"R\u00e9ponse du propri\u00e9taire\" data-pager-autoplay-timeout=\"6\"> <div class=\"ti-widget-container ti-col-1\"> <div class=\"ti-reviews-container\"> <div class=\"ti-controls\"> <div class=\"ti-next\" aria-label=\"Avis suivante\" role=\"button\"><\/div> <div class=\"ti-prev\" aria-label=\"Avis pr\u00e9c\u00e9dent\" role=\"button\"><\/div> <\/div> <div class=\"ti-reviews-container-wrapper\">  <div data-empty=\"0\" data-time=\"1757289600\" class=\"ti-review-item source-Google ti-image-layout-thumbnail\" data-id=\"cfcd208495d565ef66e7dff9f98764da\"> <div class=\"ti-inner\"> <div class=\"ti-review-header\"> <trustindex-image class=\"ti-platform-icon\" data-imgurl=\"https:\/\/cdn.trustindex.io\/assets\/platform\/Google\/icon.svg\" alt=\"\" width=\"20\" height=\"20\" loading=\"lazy\"><\/trustindex-image> <div class=\"ti-profile-img\"> <trustindex-image data-imgurl=\"https:\/\/lh3.googleusercontent.com\/a\/ACg8ocKXqGu6bw4f7JxalLcjHi6o0Xya2O2VIrjb_KNFZmVHpEMoig=w64-h64-c-rp-mo-br100\" alt=\"Fabrice Fouache profile picture\" loading=\"lazy\"><\/trustindex-image> <\/div> <div class=\"ti-profile-details\"> <div class=\"ti-name\"> Fabrice Fouache <\/div> <div class=\"ti-date\"><\/div> <\/div> <\/div> <span class=\"ti-stars\"><trustindex-image class=\"ti-star\" data-imgurl=\"https:\/\/cdn.trustindex.io\/assets\/platform\/Google\/star\/f.svg\" alt=\"Google\" width=\"17\" height=\"17\" loading=\"lazy\"><\/trustindex-image><trustindex-image class=\"ti-star\" data-imgurl=\"https:\/\/cdn.trustindex.io\/assets\/platform\/Google\/star\/f.svg\" alt=\"Google\" width=\"17\" height=\"17\" loading=\"lazy\"><\/trustindex-image><trustindex-image class=\"ti-star\" data-imgurl=\"https:\/\/cdn.trustindex.io\/assets\/platform\/Google\/star\/f.svg\" alt=\"Google\" width=\"17\" height=\"17\" loading=\"lazy\"><\/trustindex-image><trustindex-image class=\"ti-star\" data-imgurl=\"https:\/\/cdn.trustindex.io\/assets\/platform\/Google\/star\/f.svg\" alt=\"Google\" width=\"17\" height=\"17\" loading=\"lazy\"><\/trustindex-image><trustindex-image class=\"ti-star\" data-imgurl=\"https:\/\/cdn.trustindex.io\/assets\/platform\/Google\/star\/f.svg\" alt=\"Google\" width=\"17\" height=\"17\" loading=\"lazy\"><\/trustindex-image><span class=\"ti-verified-review ti-verified-platform\"><span class=\"ti-verified-tooltip\">Trustindex v\u00e9rifie que la source originale de l'avis est Google.<\/span><\/span><\/span> <div class=\"ti-review-text-container ti-review-content\"><!-- R-CONTENT -->Super camping, calme et ombrag\u00e9. Propri\u00e9taires tr\u00e8s accueillant et \u00e0 l'\u00e9coute. Propret\u00e9 irr\u00e9prochable. Emplacements tr\u00e8s spacieux malgr\u00e9 une installation imposante. Restaurant et service super sympa.H\u00e2te aux vacances 2023 pour revenir passer un super s\u00e9jour dans votre camping.<!-- R-CONTENT --><\/div> <span class=\"ti-read-more\" data-container=\".ti-review-content\" data-collapse-text=\"Cacher\" data-open-text=\"Lire la suite\"><\/span> <\/div> <\/div>  <div data-empty=\"0\" data-time=\"1756598400\" class=\"ti-review-item source-Google ti-image-layout-thumbnail\" data-id=\"cfcd208495d565ef66e7dff9f98764da\"> <div class=\"ti-inner\"> <div class=\"ti-review-header\"> <trustindex-image class=\"ti-platform-icon\" data-imgurl=\"https:\/\/cdn.trustindex.io\/assets\/platform\/Google\/icon.svg\" alt=\"\" width=\"20\" height=\"20\" loading=\"lazy\"><\/trustindex-image> <div class=\"ti-profile-img\"> <trustindex-image data-imgurl=\"https:\/\/lh3.googleusercontent.com\/a\/ACg8ocI-70ugHoyvjqtCQockUoiezZplM_rloRqgqTIeuqcvyzLkBA=w64-h64-c-rp-mo-ba2-br100\" alt=\"Emmanuel Limagne profile picture\" loading=\"lazy\"><\/trustindex-image> <\/div> <div class=\"ti-profile-details\"> <div class=\"ti-name\"> Emmanuel Limagne <\/div> <div class=\"ti-date\"><\/div> <\/div> <\/div> <span class=\"ti-stars\"><trustindex-image class=\"ti-star\" data-imgurl=\"https:\/\/cdn.trustindex.io\/assets\/platform\/Google\/star\/f.svg\" alt=\"Google\" width=\"17\" height=\"17\" loading=\"lazy\"><\/trustindex-image><trustindex-image class=\"ti-star\" data-imgurl=\"https:\/\/cdn.trustindex.io\/assets\/platform\/Google\/star\/f.svg\" alt=\"Google\" width=\"17\" height=\"17\" loading=\"lazy\"><\/trustindex-image><trustindex-image class=\"ti-star\" data-imgurl=\"https:\/\/cdn.trustindex.io\/assets\/platform\/Google\/star\/f.svg\" alt=\"Google\" width=\"17\" height=\"17\" loading=\"lazy\"><\/trustindex-image><trustindex-image class=\"ti-star\" data-imgurl=\"https:\/\/cdn.trustindex.io\/assets\/platform\/Google\/star\/f.svg\" alt=\"Google\" width=\"17\" height=\"17\" loading=\"lazy\"><\/trustindex-image><trustindex-image class=\"ti-star\" data-imgurl=\"https:\/\/cdn.trustindex.io\/assets\/platform\/Google\/star\/f.svg\" alt=\"Google\" width=\"17\" height=\"17\" loading=\"lazy\"><\/trustindex-image><span class=\"ti-verified-review ti-verified-platform\"><span class=\"ti-verified-tooltip\">Trustindex v\u00e9rifie que la source originale de l'avis est Google.<\/span><\/span><\/span> <div class=\"ti-review-text-container ti-review-content\"><!-- R-CONTENT -->Tr\u00e8s bon s\u00e9jour dans un vrai camping au calme et tr\u00e8s bien tenu. Il porte bien son nom on est bien en famille en s\u00e9curit\u00e9 et proche de l'oc\u00e9an.\nTr\u00e8s bon accueil, le personnel est tr\u00e8s agr\u00e9able.\nTr\u00e8s propre et bien tenu.\nCamping familial o\u00f9 il r\u00e8gne une bonne ambiance.<!-- R-CONTENT --><\/div> <span class=\"ti-read-more\" data-container=\".ti-review-content\" data-collapse-text=\"Cacher\" data-open-text=\"Lire la suite\"><\/span> <\/div> <\/div>  <div data-empty=\"0\" data-time=\"1756598400\" class=\"ti-review-item source-Google ti-image-layout-thumbnail\" data-id=\"cfcd208495d565ef66e7dff9f98764da\"> <div class=\"ti-inner\"> <div class=\"ti-review-header\"> <trustindex-image class=\"ti-platform-icon\" data-imgurl=\"https:\/\/cdn.trustindex.io\/assets\/platform\/Google\/icon.svg\" alt=\"\" width=\"20\" height=\"20\" loading=\"lazy\"><\/trustindex-image> <div class=\"ti-profile-img\"> <trustindex-image data-imgurl=\"https:\/\/lh3.googleusercontent.com\/a-\/ALV-UjVMacSwRhM1Y6Awe5vUO6ly5GP29YlgHp6G8HAoVhNmfzdyZgxG=w64-h64-c-rp-mo-br100\" alt=\"Nathalie Moal profile picture\" loading=\"lazy\"><\/trustindex-image> <\/div> <div class=\"ti-profile-details\"> <div class=\"ti-name\"> Nathalie Moal <\/div> <div class=\"ti-date\"><\/div> <\/div> <\/div> <span class=\"ti-stars\"><trustindex-image class=\"ti-star\" data-imgurl=\"https:\/\/cdn.trustindex.io\/assets\/platform\/Google\/star\/f.svg\" alt=\"Google\" width=\"17\" height=\"17\" loading=\"lazy\"><\/trustindex-image><trustindex-image class=\"ti-star\" data-imgurl=\"https:\/\/cdn.trustindex.io\/assets\/platform\/Google\/star\/f.svg\" alt=\"Google\" width=\"17\" height=\"17\" loading=\"lazy\"><\/trustindex-image><trustindex-image class=\"ti-star\" data-imgurl=\"https:\/\/cdn.trustindex.io\/assets\/platform\/Google\/star\/f.svg\" alt=\"Google\" width=\"17\" height=\"17\" loading=\"lazy\"><\/trustindex-image><trustindex-image class=\"ti-star\" data-imgurl=\"https:\/\/cdn.trustindex.io\/assets\/platform\/Google\/star\/f.svg\" alt=\"Google\" width=\"17\" height=\"17\" loading=\"lazy\"><\/trustindex-image><trustindex-image class=\"ti-star\" data-imgurl=\"https:\/\/cdn.trustindex.io\/assets\/platform\/Google\/star\/f.svg\" alt=\"Google\" width=\"17\" height=\"17\" loading=\"lazy\"><\/trustindex-image><span class=\"ti-verified-review ti-verified-platform\"><span class=\"ti-verified-tooltip\">Trustindex v\u00e9rifie que la source originale de l'avis est Google.<\/span><\/span><\/span> <div class=\"ti-review-text-container ti-review-content\"><!-- R-CONTENT -->Petit camping tr\u00e8s calme . Tr\u00e8s bon accueil, patron tr\u00e8s gentils. Soir\u00e9e moule frite extra<!-- R-CONTENT --><\/div> <span class=\"ti-read-more\" data-container=\".ti-review-content\" data-collapse-text=\"Cacher\" data-open-text=\"Lire la suite\"><\/span> <\/div> <\/div>  <div data-empty=\"0\" data-time=\"1756598400\" class=\"ti-review-item source-Google ti-image-layout-thumbnail\" data-id=\"cfcd208495d565ef66e7dff9f98764da\"> <div class=\"ti-inner\"> <div class=\"ti-review-header\"> <trustindex-image class=\"ti-platform-icon\" data-imgurl=\"https:\/\/cdn.trustindex.io\/assets\/platform\/Google\/icon.svg\" alt=\"\" width=\"20\" height=\"20\" loading=\"lazy\"><\/trustindex-image> <div class=\"ti-profile-img\"> <trustindex-image data-imgurl=\"https:\/\/lh3.googleusercontent.com\/a\/ACg8ocJrBOYV3wv-mKC22EN9EG8V9JnOtec_C0vf3fOmYfQH-rmCrA=w64-h64-c-rp-mo-br100\" alt=\"anthony lhommeau profile picture\" loading=\"lazy\"><\/trustindex-image> <\/div> <div class=\"ti-profile-details\"> <div class=\"ti-name\"> anthony lhommeau <\/div> <div class=\"ti-date\"><\/div> <\/div> <\/div> <span class=\"ti-stars\"><trustindex-image class=\"ti-star\" data-imgurl=\"https:\/\/cdn.trustindex.io\/assets\/platform\/Google\/star\/f.svg\" alt=\"Google\" width=\"17\" height=\"17\" loading=\"lazy\"><\/trustindex-image><trustindex-image class=\"ti-star\" data-imgurl=\"https:\/\/cdn.trustindex.io\/assets\/platform\/Google\/star\/f.svg\" alt=\"Google\" width=\"17\" height=\"17\" loading=\"lazy\"><\/trustindex-image><trustindex-image class=\"ti-star\" data-imgurl=\"https:\/\/cdn.trustindex.io\/assets\/platform\/Google\/star\/f.svg\" alt=\"Google\" width=\"17\" height=\"17\" loading=\"lazy\"><\/trustindex-image><trustindex-image class=\"ti-star\" data-imgurl=\"https:\/\/cdn.trustindex.io\/assets\/platform\/Google\/star\/f.svg\" alt=\"Google\" width=\"17\" height=\"17\" loading=\"lazy\"><\/trustindex-image><trustindex-image class=\"ti-star\" data-imgurl=\"https:\/\/cdn.trustindex.io\/assets\/platform\/Google\/star\/f.svg\" alt=\"Google\" width=\"17\" height=\"17\" loading=\"lazy\"><\/trustindex-image><span class=\"ti-verified-review ti-verified-platform\"><span class=\"ti-verified-tooltip\">Trustindex v\u00e9rifie que la source originale de l'avis est Google.<\/span><\/span><\/span> <div class=\"ti-review-text-container ti-review-content\"><!-- R-CONTENT -->Au top, camping \u00e0 taille humaine<!-- R-CONTENT --><\/div> <span class=\"ti-read-more\" data-container=\".ti-review-content\" data-collapse-text=\"Cacher\" data-open-text=\"Lire la suite\"><\/span> <\/div> <\/div>  <div data-empty=\"0\" data-time=\"1756512000\" class=\"ti-review-item source-Google ti-image-layout-thumbnail\" data-id=\"cfcd208495d565ef66e7dff9f98764da\"> <div class=\"ti-inner\"> <div class=\"ti-review-header\"> <trustindex-image class=\"ti-platform-icon\" data-imgurl=\"https:\/\/cdn.trustindex.io\/assets\/platform\/Google\/icon.svg\" alt=\"\" width=\"20\" height=\"20\" loading=\"lazy\"><\/trustindex-image> <div class=\"ti-profile-img\"> <trustindex-image data-imgurl=\"https:\/\/lh3.googleusercontent.com\/a-\/ALV-UjVHwrDGnilTqnUi-dTy0HVGaZpkVvLuCfT8zM_KHcgifuhYQzIPuA=w64-h64-c-rp-mo-ba2-br100\" alt=\"Elodie Bisounours profile picture\" loading=\"lazy\"><\/trustindex-image> <\/div> <div class=\"ti-profile-details\"> <div class=\"ti-name\"> Elodie Bisounours <\/div> <div class=\"ti-date\"><\/div> <\/div> <\/div> <span class=\"ti-stars\"><trustindex-image class=\"ti-star\" data-imgurl=\"https:\/\/cdn.trustindex.io\/assets\/platform\/Google\/star\/f.svg\" alt=\"Google\" width=\"17\" height=\"17\" loading=\"lazy\"><\/trustindex-image><trustindex-image class=\"ti-star\" data-imgurl=\"https:\/\/cdn.trustindex.io\/assets\/platform\/Google\/star\/f.svg\" alt=\"Google\" width=\"17\" height=\"17\" loading=\"lazy\"><\/trustindex-image><trustindex-image class=\"ti-star\" data-imgurl=\"https:\/\/cdn.trustindex.io\/assets\/platform\/Google\/star\/f.svg\" alt=\"Google\" width=\"17\" height=\"17\" loading=\"lazy\"><\/trustindex-image><trustindex-image class=\"ti-star\" data-imgurl=\"https:\/\/cdn.trustindex.io\/assets\/platform\/Google\/star\/f.svg\" alt=\"Google\" width=\"17\" height=\"17\" loading=\"lazy\"><\/trustindex-image><trustindex-image class=\"ti-star\" data-imgurl=\"https:\/\/cdn.trustindex.io\/assets\/platform\/Google\/star\/f.svg\" alt=\"Google\" width=\"17\" height=\"17\" loading=\"lazy\"><\/trustindex-image><span class=\"ti-verified-review ti-verified-platform\"><span class=\"ti-verified-tooltip\">Trustindex v\u00e9rifie que la source originale de l'avis est Google.<\/span><\/span><\/span> <div class=\"ti-review-text-container ti-review-content\"><!-- R-CONTENT -->Camping tr\u00e8s agr\u00e9able et calme, petite piscine mais tr\u00e8s bien pour nous, le g\u00e9rant \u00e9tait aux petits soins sur tout et nous a tr\u00e8s bien accueilli.\nNous n'avons pas fait attention aux animations mais lorsque nous sommes pass\u00e9s devant le concours de p\u00e9tanque beaucoup de lots \u00e9taient \u00e0 gagner notamment des troph\u00e9es que j'ai trouv\u00e9 vraiment chouette \u00e0 gagner et le concours \u00e0 dur\u00e9 longtemps et avait l'air bien amusant.\nJ'ai pass\u00e9 une agr\u00e9able semaine l\u00e0 bas, le seul soucis que je pourrais noter \u00e9tait les douches qui \u00e9taient dehors et o\u00f9 il n'y avait que de l'eau froide et la lumi\u00e8re ne fonctionnait pas mais nous avons donc pris notre douche derri\u00e8re la piscine aux douches plus en int\u00e9rieur qui elles \u00e9taient parfaites\n\nPetit point qui nous as bien fait rigol\u00e9 et plaisir, nous \u00e9tions souvent seuls dans la piscine et le g\u00e9rant est venu allum\u00e9 les jets d'eau rien que pour nous lorsqu'il nous a vus, je le remercie pour ce geste et sa gentillesse<!-- R-CONTENT --><\/div> <span class=\"ti-read-more\" data-container=\".ti-review-content\" data-collapse-text=\"Cacher\" data-open-text=\"Lire la suite\"><\/span> <\/div> <\/div>  <div data-empty=\"0\" data-time=\"1755993600\" class=\"ti-review-item source-Google ti-image-layout-thumbnail\" data-id=\"cfcd208495d565ef66e7dff9f98764da\"> <div class=\"ti-inner\"> <div class=\"ti-review-header\"> <trustindex-image class=\"ti-platform-icon\" data-imgurl=\"https:\/\/cdn.trustindex.io\/assets\/platform\/Google\/icon.svg\" alt=\"\" width=\"20\" height=\"20\" loading=\"lazy\"><\/trustindex-image> <div class=\"ti-profile-img\"> <trustindex-image data-imgurl=\"https:\/\/lh3.googleusercontent.com\/a\/ACg8ocJliG2rRvB_GlH2H9RpDwwyUAp95kG3ymA9rP5xDLZhFfWlYg=w64-h64-c-rp-mo-ba3-br100\" alt=\"Romy S profile picture\" loading=\"lazy\"><\/trustindex-image> <\/div> <div class=\"ti-profile-details\"> <div class=\"ti-name\"> Romy S <\/div> <div class=\"ti-date\"><\/div> <\/div> <\/div> <span class=\"ti-stars\"><trustindex-image class=\"ti-star\" data-imgurl=\"https:\/\/cdn.trustindex.io\/assets\/platform\/Google\/star\/f.svg\" alt=\"Google\" width=\"17\" height=\"17\" loading=\"lazy\"><\/trustindex-image><trustindex-image class=\"ti-star\" data-imgurl=\"https:\/\/cdn.trustindex.io\/assets\/platform\/Google\/star\/f.svg\" alt=\"Google\" width=\"17\" height=\"17\" loading=\"lazy\"><\/trustindex-image><trustindex-image class=\"ti-star\" data-imgurl=\"https:\/\/cdn.trustindex.io\/assets\/platform\/Google\/star\/f.svg\" alt=\"Google\" width=\"17\" height=\"17\" loading=\"lazy\"><\/trustindex-image><trustindex-image class=\"ti-star\" data-imgurl=\"https:\/\/cdn.trustindex.io\/assets\/platform\/Google\/star\/f.svg\" alt=\"Google\" width=\"17\" height=\"17\" loading=\"lazy\"><\/trustindex-image><trustindex-image class=\"ti-star\" data-imgurl=\"https:\/\/cdn.trustindex.io\/assets\/platform\/Google\/star\/e.svg\" alt=\"Google\" width=\"17\" height=\"17\" loading=\"lazy\"><\/trustindex-image><span class=\"ti-verified-review ti-verified-platform\"><span class=\"ti-verified-tooltip\">Trustindex v\u00e9rifie que la source originale de l'avis est Google.<\/span><\/span><\/span> <div class=\"ti-review-text-container ti-review-content\"><!-- R-CONTENT -->Camping tr\u00e8s agr\u00e9able \u00e0 quelques minutes des plages de Soulac-Sur-Mer. G\u00e9rante accueillante professionnelle et r\u00e9active. Camping dot\u00e9 de mobil-home spacieux et bien \u00e9quip\u00e9s ainsi que des jeux pour les enfants. Les espaces sont tr\u00e8s bien entretenus et les sanitaires toujours propres. Vous pourrez \u00e9galement profiter d'activit\u00e9s et soir\u00e9es sympathiques.\nSeul petit b\u00e9mol en terme de restauration o\u00f9 la, LE \u201dil n'y en plus\" a \u00e9t\u00e9 r\u00e9curent (certainement d\u00f9 \u00e0 l'approche de fin de saison) Ceci \u00e9tant, la cuisine est bien pr\u00e9par\u00e9e et les pizzas d\u00e9licieuses.\nNous avons pass\u00e9 un agr\u00e9able s\u00e9jour et recommandons le camping des familles.<!-- R-CONTENT --><\/div> <span class=\"ti-read-more\" data-container=\".ti-review-content\" data-collapse-text=\"Cacher\" data-open-text=\"Lire la suite\"><\/span> <\/div> <\/div>  <div data-empty=\"0\" data-time=\"1755907200\" class=\"ti-review-item source-Google ti-image-layout-thumbnail\" data-id=\"cfcd208495d565ef66e7dff9f98764da\"> <div class=\"ti-inner\"> <div class=\"ti-review-header\"> <trustindex-image class=\"ti-platform-icon\" data-imgurl=\"https:\/\/cdn.trustindex.io\/assets\/platform\/Google\/icon.svg\" alt=\"\" width=\"20\" height=\"20\" loading=\"lazy\"><\/trustindex-image> <div class=\"ti-profile-img\"> <trustindex-image data-imgurl=\"https:\/\/lh3.googleusercontent.com\/a-\/ALV-UjXMT01cjk79LtcWaK7ct2Vqr83LzkxEOtIpIdvhS5SvfMKnpnnd=w64-h64-c-rp-mo-ba3-br100\" alt=\"Markus Westarp profile picture\" loading=\"lazy\"><\/trustindex-image> <\/div> <div class=\"ti-profile-details\"> <div class=\"ti-name\"> Markus Westarp <\/div> <div class=\"ti-date\"><\/div> <\/div> <\/div> <span class=\"ti-stars\"><trustindex-image class=\"ti-star\" data-imgurl=\"https:\/\/cdn.trustindex.io\/assets\/platform\/Google\/star\/f.svg\" alt=\"Google\" width=\"17\" height=\"17\" loading=\"lazy\"><\/trustindex-image><trustindex-image class=\"ti-star\" data-imgurl=\"https:\/\/cdn.trustindex.io\/assets\/platform\/Google\/star\/f.svg\" alt=\"Google\" width=\"17\" height=\"17\" loading=\"lazy\"><\/trustindex-image><trustindex-image class=\"ti-star\" data-imgurl=\"https:\/\/cdn.trustindex.io\/assets\/platform\/Google\/star\/f.svg\" alt=\"Google\" width=\"17\" height=\"17\" loading=\"lazy\"><\/trustindex-image><trustindex-image class=\"ti-star\" data-imgurl=\"https:\/\/cdn.trustindex.io\/assets\/platform\/Google\/star\/f.svg\" alt=\"Google\" width=\"17\" height=\"17\" loading=\"lazy\"><\/trustindex-image><trustindex-image class=\"ti-star\" data-imgurl=\"https:\/\/cdn.trustindex.io\/assets\/platform\/Google\/star\/e.svg\" alt=\"Google\" width=\"17\" height=\"17\" loading=\"lazy\"><\/trustindex-image><span class=\"ti-verified-review ti-verified-platform\"><span class=\"ti-verified-tooltip\">Trustindex v\u00e9rifie que la source originale de l'avis est Google.<\/span><\/span><\/span> <div class=\"ti-review-text-container ti-review-content\"><!-- R-CONTENT -->Sehr sch\u00f6ner ruhiger Campingplatz. Nettes Personal, Sanit\u00e4ranlagen waren sauber. Der Pool war sauber und die Kids hatten ihren Spa\u00df. Die Betreiber waren steht's hilfbereit und immer freundlich und zuvorkommend. Hatten eine sch\u00f6ne Zeit.<!-- R-CONTENT --><\/div> <span class=\"ti-read-more\" data-container=\".ti-review-content\" data-collapse-text=\"Cacher\" data-open-text=\"Lire la suite\"><\/span> <\/div> <\/div>  <div data-empty=\"0\" data-time=\"1755907200\" class=\"ti-review-item source-Google ti-image-layout-thumbnail\" data-id=\"cfcd208495d565ef66e7dff9f98764da\"> <div class=\"ti-inner\"> <div class=\"ti-review-header\"> <trustindex-image class=\"ti-platform-icon\" data-imgurl=\"https:\/\/cdn.trustindex.io\/assets\/platform\/Google\/icon.svg\" alt=\"\" width=\"20\" height=\"20\" loading=\"lazy\"><\/trustindex-image> <div class=\"ti-profile-img\"> <trustindex-image data-imgurl=\"https:\/\/lh3.googleusercontent.com\/a-\/ALV-UjUH1d8OnaO9HWxEMP837ax7F1YE_9EyhF7LCONxMlMfffwY2ED1rA=w64-h64-c-rp-mo-br100\" alt=\"sandrine fournier profile picture\" loading=\"lazy\"><\/trustindex-image> <\/div> <div class=\"ti-profile-details\"> <div class=\"ti-name\"> sandrine fournier <\/div> <div class=\"ti-date\"><\/div> <\/div> <\/div> <span class=\"ti-stars\"><trustindex-image class=\"ti-star\" data-imgurl=\"https:\/\/cdn.trustindex.io\/assets\/platform\/Google\/star\/f.svg\" alt=\"Google\" width=\"17\" height=\"17\" loading=\"lazy\"><\/trustindex-image><trustindex-image class=\"ti-star\" data-imgurl=\"https:\/\/cdn.trustindex.io\/assets\/platform\/Google\/star\/f.svg\" alt=\"Google\" width=\"17\" height=\"17\" loading=\"lazy\"><\/trustindex-image><trustindex-image class=\"ti-star\" data-imgurl=\"https:\/\/cdn.trustindex.io\/assets\/platform\/Google\/star\/f.svg\" alt=\"Google\" width=\"17\" height=\"17\" loading=\"lazy\"><\/trustindex-image><trustindex-image class=\"ti-star\" data-imgurl=\"https:\/\/cdn.trustindex.io\/assets\/platform\/Google\/star\/f.svg\" alt=\"Google\" width=\"17\" height=\"17\" loading=\"lazy\"><\/trustindex-image><trustindex-image class=\"ti-star\" data-imgurl=\"https:\/\/cdn.trustindex.io\/assets\/platform\/Google\/star\/f.svg\" alt=\"Google\" width=\"17\" height=\"17\" loading=\"lazy\"><\/trustindex-image><span class=\"ti-verified-review ti-verified-platform\"><span class=\"ti-verified-tooltip\">Trustindex v\u00e9rifie que la source originale de l'avis est Google.<\/span><\/span><\/span> <div class=\"ti-review-text-container ti-review-content\"><!-- R-CONTENT -->Super camping, avec de super dirigeant. Tout le personnel est tr\u00e8s sympathique.\nC'est pour cela que l'on revient tous les ans<!-- R-CONTENT --><\/div> <span class=\"ti-read-more\" data-container=\".ti-review-content\" data-collapse-text=\"Cacher\" data-open-text=\"Lire la suite\"><\/span> <\/div> <\/div>  <\/div> <\/div> <div class=\"ti-controls-line\"> <div class=\"dot\"><\/div> <\/div>    <\/div> <\/div> <\/template><\/pre><div data-src=\"https:\/\/cdn.trustindex.io\/loader.js?wp-widget\" data-template-id=\"trustindex-google-widget-html\" data-css-url=\"https:\/\/www.camping-des-familles.com\/wp-content\/uploads\/trustindex-google-widget.css?1761902397\"><\/div>\n<\/div>\n<\/div>\n<\/div>\n<\/div><\/div>\n<\/section>\n\n<section class=\"wp-block-group home-ninth has-custom-color-4-background-color has-background has-global-padding is-layout-constrained wp-block-group-is-layout-constrained\">\n<div class=\"wp-block-columns is-layout-flex wp-container-core-columns-is-layout-28f84493 wp-block-columns-is-layout-flex\">\n<div class=\"wp-block-column is-vertically-aligned-center left is-layout-flow wp-block-column-is-layout-flow\">\n<p class=\"has-custom-color-3-color has-text-color has-link-color wp-elements-7b9300e76f2a9487e117b936f41a9402\" style=\"font-size:clamp(17.371px, 1.086rem + ((1vw - 3.2px) * 0.783), 27px);text-transform:uppercase\">Faq<\/p>\n\n\n\n<div class=\"wp-block-group like-title-content is-nowrap is-layout-flex wp-container-core-group-is-layout-f66f9956 wp-block-group-is-layout-flex\">\n<figure class=\"wp-block-image size-full\" style=\"margin-top:25px\"><img decoding=\"async\" width=\"70\" height=\"69\" src=\"https:\/\/www.camping-des-familles.com\/wp-content\/uploads\/2025\/09\/Vector-22.svg\" alt=\"Vector (22)\" class=\"wp-image-528\" style=\"object-fit:cover\"\/><\/figure>\n\n\n\n<div class=\"wp-block-group h1-like has-custom-color-1-color has-text-color has-link-color wp-elements-0a42448e26118e4d7d104854015d7263 has-global-padding is-layout-constrained wp-block-group-is-layout-constrained\">\n<p class=\"has-custom-color-3-color has-text-color has-link-color has-pp-woodland-font-family wp-elements-e067f6459581bd98b9815d95374115af\" style=\"font-size:clamp(52.9px, 3.306rem + ((1vw - 3.2px) * 4.398), 107px);font-style:normal;font-weight:200;text-transform:uppercase\">  Keine <br\/><span>Schattenseiten!<\/span><\/p>\n<\/div>\n<\/div>\n<\/div>\n\n\n\n<div class=\"wp-block-column right is-layout-flow wp-block-column-is-layout-flow\"><details style=\"--faq-color:#2b577c;\" class=\"gt-fse-faq animated fadeInUp wp-elements-e435870bd17128aabc9acde1773c6c2d wp-block-gt-gt-fse-faq has-text-color has-custom-color-4-color has-background has-custom-color-1-background-color has-pp-woodland-font-family\" data-wp-interactive=\"gt-fse-faq\" data-wp-context='{\"isOpen\": false}'>\n\t<summary aria-expanded=\"false\" class=\"gt-fse-faq-summary\" data-wp-on--click=\"actions.toggle\" data-wp-bind--aria-expanded=\"context.isOpen\">\n\t\t<div class=\"gt-fse-faq-summary-text\">\n\t\t\tWie weit ist der Campingplatz vom Strand entfernt?\t\t<\/div>\n\t\t<span class=\"gt-fse-faq-opener\"><\/span>\n\t<\/summary>\n\t<div class=\"gt-fse-faq-content\">\n\t\t\n\n<p>Der Campingplatz liegt 5 km vom Strand von Le Gurp entfernt. Erreichbar mit dem Auto (5 Minuten) oder sicher \u00fcber Radwege (15 Minuten). <\/p>\n\n\t<\/div>\n<\/details>\n\n\n\n<details style=\"--faq-color:#2b577c;\" class=\"gt-fse-faq animated fadeInUp delay-100ms wp-elements-3d51bb90f91182f65682affc32b488cf wp-block-gt-gt-fse-faq has-text-color has-custom-color-4-color has-background has-custom-color-1-background-color has-pp-woodland-font-family\" data-wp-interactive=\"gt-fse-faq\" data-wp-context='{\"isOpen\": false}'>\n\t<summary aria-expanded=\"false\" class=\"gt-fse-faq-summary\" data-wp-on--click=\"actions.toggle\" data-wp-bind--aria-expanded=\"context.isOpen\">\n\t\t<div class=\"gt-fse-faq-summary-text\">\n\t\t\tKann man auf dem Campingplatz Fahrr\u00e4der mieten?\t\t<\/div>\n\t\t<span class=\"gt-fse-faq-opener\"><\/span>\n\t<\/summary>\n\t<div class=\"gt-fse-faq-content\">\n\t\t\n\n<p>Es besteht die M\u00f6glichkeit, Fahrr\u00e4der und elektrische Gel\u00e4nde-Scooter zu mieten (4 Stunden, Tag, Woche).  <\/p>\n\n\t<\/div>\n<\/details>\n\n\n\n<details style=\"--faq-color:#2b577c;\" class=\"gt-fse-faq animated fadeInUp delay-200ms wp-elements-06572a0a016153380d7280cbf3b4aeeb wp-block-gt-gt-fse-faq has-text-color has-custom-color-4-color has-background has-custom-color-1-background-color has-pp-woodland-font-family\" data-wp-interactive=\"gt-fse-faq\" data-wp-context='{\"isOpen\": false}'>\n\t<summary aria-expanded=\"false\" class=\"gt-fse-faq-summary\" data-wp-on--click=\"actions.toggle\" data-wp-bind--aria-expanded=\"context.isOpen\">\n\t\t<div class=\"gt-fse-faq-summary-text\">\n\t\t\tGibt es ein Restaurant vor Ort?\t\t<\/div>\n\t\t<span class=\"gt-fse-faq-opener\"><\/span>\n\t<\/summary>\n\t<div class=\"gt-fse-faq-content\">\n\t\t\n\n<p>Die Bar\/Restaurant ist im Juli und August 7 Tage die Woche von 8.00 Uhr bis Mitternacht ge\u00f6ffnet. Fr\u00fchst\u00fcck, Snacks, Salate, Eis, Cr\u00eapes, Getr\u00e4nke und Tagesmen\u00fc. W\u00f6chentlich wechselnde Themenessen.  <\/p>\n\n\t<\/div>\n<\/details>\n\n\n\n<details style=\"--faq-color:#2b577c;\" class=\"gt-fse-faq animated fadeInUp delay-200ms wp-elements-ff95a63aec2a4d27f6b51ba8cfaf0e47 wp-block-gt-gt-fse-faq has-text-color has-custom-color-4-color has-background has-custom-color-1-background-color has-pp-woodland-font-family\" data-wp-interactive=\"gt-fse-faq\" data-wp-context='{\"isOpen\": false}'>\n\t<summary aria-expanded=\"false\" class=\"gt-fse-faq-summary\" data-wp-on--click=\"actions.toggle\" data-wp-bind--aria-expanded=\"context.isOpen\">\n\t\t<div class=\"gt-fse-faq-summary-text\">\n\t\t\tIst Wifi kostenlos und auf dem gesamten Gel\u00e4nde verf\u00fcgbar?\t\t<\/div>\n\t\t<span class=\"gt-fse-faq-opener\"><\/span>\n\t<\/summary>\n\t<div class=\"gt-fse-faq-content\">\n\t\t\n\n<p>In den Bereichen Gastronomie, Empfang und Kinderspielplatz ist er kostenlos.<\/p>\n\n\t<\/div>\n<\/details>\n\n\n\n<details style=\"--faq-color:#2b577c;\" class=\"gt-fse-faq animated fadeInUp delay-500ms wp-elements-492aeca2f35ac312fa4b0d5fa69c28bc wp-block-gt-gt-fse-faq has-text-color has-custom-color-4-color has-background has-custom-color-1-background-color has-pp-woodland-font-family\" data-wp-interactive=\"gt-fse-faq\" data-wp-context='{\"isOpen\": false}'>\n\t<summary aria-expanded=\"false\" class=\"gt-fse-faq-summary\" data-wp-on--click=\"actions.toggle\" data-wp-bind--aria-expanded=\"context.isOpen\">\n\t\t<div class=\"gt-fse-faq-summary-text\">\n\t\t\tIst der Pool beheizt?\t\t<\/div>\n\t\t<span class=\"gt-fse-faq-opener\"><\/span>\n\t<\/summary>\n\t<div class=\"gt-fse-faq-content\">\n\t\t\n\n<p>Der Pool ist von Juni bis September beheizt.<\/p>\n\n\t<\/div>\n<\/details>\n\n<\/div>\n<\/div>\n\n\n\n<div style=\"height:76px\" aria-hidden=\"true\" class=\"wp-block-spacer gt-hide-mobile\"><\/div>\n\n\n<div style=\"--documents-icon-width:50px;--documents-icon-height:50px;--documents-icon-border-radius:0px;--documents-icon-background-color:transparent;--documents-icon-color:#a99a82;--documents-icon-background-color-hover:transparent;--documents-icon-color-hover:#000000;--documents-direction:row;--documents-gap:10px;--documents-padding:0px;\" class=\"gt-fse-documents--row wp-block-gt-gt-fse-documents has-medium-font-size\">\n    \n                    <button\n                data-wp-interactive=\"gt-fse-documents\"\n                data-wp-on--click=\"actions.openLightbox\"\n                class=\"gt-fse-documents__item\"\n                data-file=\"https:\/\/www.camping-des-familles.com\/wp-content\/uploads\/2025\/10\/charte-ecoresponsable.pdf\"\n                title=\"\u00d6KOLOGISCH VERANTWORTLICHE CHARTA\">\n                                    <span class=\"gt-fse-documents__item__icon\" style=\"-webkit-mask-image:url(https:\/\/www.camping-des-familles.com\/wp-content\/uploads\/2025\/10\/ampoule-ecologique.svg);mask-image:url(https:\/\/www.camping-des-familles.com\/wp-content\/uploads\/2025\/10\/ampoule-ecologique.svg);\"><\/span>\n                                <span class=\"gt-fse-documents__item__name\">\u00d6KOLOGISCH VERANTWORTLICHE CHARTA<\/span>\n            <\/button>\n\n            \n                    <button\n                data-wp-interactive=\"gt-fse-documents\"\n                data-wp-on--click=\"actions.openLightbox\"\n                class=\"gt-fse-documents__item\"\n                data-file=\"https:\/\/www.camping-des-familles.com\/wp-content\/uploads\/2025\/10\/Reglement-interieur.pdf\"\n                title=\"HAUSORDNUNG\">\n                                    <span class=\"gt-fse-documents__item__icon\" style=\"-webkit-mask-image:url(https:\/\/www.camping-des-familles.com\/wp-content\/uploads\/2025\/10\/regles-1.svg);mask-image:url(https:\/\/www.camping-des-familles.com\/wp-content\/uploads\/2025\/10\/regles-1.svg);\"><\/span>\n                                <span class=\"gt-fse-documents__item__name\">HAUSORDNUNG<\/span>\n            <\/button>\n\n            \n                    <button\n                data-wp-interactive=\"gt-fse-documents\"\n                data-wp-on--click=\"actions.openLightbox\"\n                class=\"gt-fse-documents__item\"\n                data-file=\"https:\/\/www.camping-des-familles.com\/wp-content\/uploads\/2025\/10\/Plan-du-camping-2026.pdf\"\n                title=\"CAMPINGPLAN\">\n                                    <span class=\"gt-fse-documents__item__icon\" style=\"-webkit-mask-image:url(https:\/\/www.camping-des-familles.com\/wp-content\/uploads\/2025\/10\/plan-daction.svg);mask-image:url(https:\/\/www.camping-des-familles.com\/wp-content\/uploads\/2025\/10\/plan-daction.svg);\"><\/span>\n                                <span class=\"gt-fse-documents__item__name\">CAMPINGPLAN<\/span>\n            <\/button>\n\n            \n                    <button\n                data-wp-interactive=\"gt-fse-documents\"\n                data-wp-on--click=\"actions.openLightbox\"\n                class=\"gt-fse-documents__item\"\n                data-file=\"https:\/\/www.camping-des-familles.com\/wp-content\/uploads\/2025\/10\/CONDITIONS-GENERALES-DE-VENTES-CGV-camping-des-familles_compressed.pdf\"\n                title=\"AGB\">\n                                    <span class=\"gt-fse-documents__item__icon\" style=\"-webkit-mask-image:url(https:\/\/www.camping-des-familles.com\/wp-content\/uploads\/2025\/10\/contracter-1.svg);mask-image:url(https:\/\/www.camping-des-familles.com\/wp-content\/uploads\/2025\/10\/contracter-1.svg);\"><\/span>\n                                <span class=\"gt-fse-documents__item__name\">AGB<\/span>\n            <\/button>\n\n            \n<\/div><\/section>\n\n<p><\/p>\n","protected":false},"excerpt":{"rendered":"<p>Campingplatz im M\u00e9doc, in der N\u00e4he von Soulac-sur-Mer Lust auf einen ruhigen Urlaub inmitten der Natur? Der Ecolodge Familiencampingplatz in Grayan-et-l&#8217;H\u00f4pital empf\u00e4ngt Sie in einer freundlichen Atmosph\u00e4re, nur wenige Schritte vom Ozean entfernt (5 Minuten mit dem Auto und 15 Minuten mit dem Fahrrad \u00fcber gesicherte Radwege). Unser Campingplatz im M\u00e9doc ist der ideale Ausgangspunkt, [&hellip;]<\/p>\n","protected":false},"author":1,"featured_media":0,"parent":0,"menu_order":0,"comment_status":"closed","ping_status":"closed","template":"","meta":{"_acf_changed":false,"_seopress_robots_primary_cat":"","_seopress_titles_title":"Campingplatz in der N\u00e4he von Soulac-sur-Mer im M\u00e9doc","_seopress_titles_desc":"Campingplatz im M\u00e9doc in der N\u00e4he von Soulac-sur-Mer: beheizter Pool, Spa, Restaurant, Familienaktivit\u00e4ten und unber\u00fchrte Natur. \u00dcbernachten Sie im Camping des Familles Ecolodge, nur 5 Minuten vom Strand entfernt. ","_seopress_robots_index":"","_gt_ctv_global_id":"14469","_gt_ctv_id_group":false,"inline_featured_image":false,"gt_fse_maillage_image":"","gt_fse_maillage_titre":"Automatischer Entwurf","gt_fse_maillage_alt":"Automatischer Entwurf","gt_fse_maillage_resume":"","_gt_maillage_image":0,"_gt_maillage_video":0,"_gt_maillage_title":"","footnotes":""},"categories":[],"tags":[],"class_list":["post-2595","page","type-page","status-publish","hentry"],"acf":[],"_links":{"self":[{"href":"https:\/\/www.camping-des-familles.com\/de\/wp-json\/wp\/v2\/pages\/2595","targetHints":{"allow":["GET"]}}],"collection":[{"href":"https:\/\/www.camping-des-familles.com\/de\/wp-json\/wp\/v2\/pages"}],"about":[{"href":"https:\/\/www.camping-des-familles.com\/de\/wp-json\/wp\/v2\/types\/page"}],"author":[{"embeddable":true,"href":"https:\/\/www.camping-des-familles.com\/de\/wp-json\/wp\/v2\/users\/1"}],"replies":[{"embeddable":true,"href":"https:\/\/www.camping-des-familles.com\/de\/wp-json\/wp\/v2\/comments?post=2595"}],"version-history":[{"count":41,"href":"https:\/\/www.camping-des-familles.com\/de\/wp-json\/wp\/v2\/pages\/2595\/revisions"}],"predecessor-version":[{"id":4635,"href":"https:\/\/www.camping-des-familles.com\/de\/wp-json\/wp\/v2\/pages\/2595\/revisions\/4635"}],"wp:attachment":[{"href":"https:\/\/www.camping-des-familles.com\/de\/wp-json\/wp\/v2\/media?parent=2595"}],"wp:term":[{"taxonomy":"category","embeddable":true,"href":"https:\/\/www.camping-des-familles.com\/de\/wp-json\/wp\/v2\/categories?post=2595"},{"taxonomy":"post_tag","embeddable":true,"href":"https:\/\/www.camping-des-familles.com\/de\/wp-json\/wp\/v2\/tags?post=2595"}],"curies":[{"name":"wp","href":"https:\/\/api.w.org\/{rel}","templated":true}]}}