{"id":2567,"date":"2025-09-22T13:58:49","date_gmt":"2025-09-22T11:58:49","guid":{"rendered":"https:\/\/www.camping-des-familles.com\/camping-services-grayan-et-l-hopital\/"},"modified":"2025-11-11T10:03:01","modified_gmt":"2025-11-11T09:03:01","slug":"campingplatz-dienstleistungen-grayan-et-l-hopital","status":"publish","type":"page","link":"https:\/\/www.camping-des-familles.com\/de\/campingplatz-dienstleistungen-grayan-et-l-hopital\/","title":{"rendered":"Unsere Dienstleistungen"},"content":{"rendered":"\n<section class=\"wp-block-group home-third bis has-global-padding is-layout-constrained wp-block-group-is-layout-constrained\">\n<div class=\"wp-block-columns is-layout-flex wp-container-core-columns-is-layout-28f84493 wp-block-columns-is-layout-flex\">\n<div class=\"wp-block-column is-vertically-aligned-center right is-layout-flow wp-block-column-is-layout-flow\" style=\"flex-basis:50%\">\n<h1 class=\"wp-block-heading has-text-align-left full-width has-damirone-font-family has-custom-color-1-color has-text-color\" style=\"margin-top:0px;margin-right:0px;margin-bottom:0px;margin-left:0px;padding-bottom:var(--wp--preset--spacing--20);font-size:clamp(28.836px, 1.802rem + ((1vw - 3.2px) * 1.721), 50px);font-style:normal;font-weight:400;line-height:1.2;text-transform:uppercase\"><strong>Campingplatz mit Dienstleistungen<\/strong> <br\/>im M\u00e9doc<\/h1>\n\n\n\n<p class=\"has-custom-color-3-color has-text-color has-link-color wp-elements-c70dcaeddd6a69f1a264488c22397f68\" style=\"line-height:1.9\">Zwischen den sch\u00f6nsten Str\u00e4nden des M\u00e9doc und der Gironde-M\u00fcndung gelegen, ist der Campingplatz mit Service im M\u00e9doc das <strong>ideale Ziel<\/strong> f\u00fcr Ihren Urlaub. Nur wenige Minuten von den besten Surfspots entfernt, profitieren Sie von Einrichtungen, die <strong>Ihren Urlaub vereinfachen<\/strong>. <a href=\"https:\/\/www.camping-des-familles.com\/de\/\" data-type=\"page\" data-id=\"8\">Der Campingplatz im M\u00e9doc<\/a> empf\u00e4ngt Sie inmitten eines 2 Hektar gro\u00dfen<strong> Parks mit B\u00e4umen<\/strong>, in dem alles <strong>zu Fu\u00df oder mit dem Fahrrad erreichbar<\/strong> ist, damit Sie sich entspannen k\u00f6nnen. 800 Meter vom Zentrum des Dorfes Grayan-et-l&#8217;H\u00f4pital entfernt finden Sie alle <strong>Gesch\u00e4fte <\/strong>und <strong>sportlichen und kulturellen Aktivit\u00e4ten<\/strong>.   <\/p>\n<\/div>\n\n\n\n<div class=\"wp-block-column left is-layout-flow wp-block-column-is-layout-flow\" style=\"flex-basis:50%\">\n<div class=\"wp-block-group is-layout-flow wp-block-group-is-layout-flow\">\n<div class=\"wp-block-group is-layout-flow wp-block-group-is-layout-flow\">\n<figure class=\"wp-block-image size-full is-resized gt-gsap-fadeIn\"><img decoding=\"async\" width=\"900\" height=\"900\" src=\"https:\/\/www.camping-des-familles.com\/wp-content\/uploads\/2025\/10\/ecotourisme-camping-au-medoc.jpg\" alt=\"&#xD6;kotourismus Camping im Medoc\" class=\"wp-image-1116\" style=\"width:auto;height:900px\" srcset=\"https:\/\/www.camping-des-familles.com\/wp-content\/uploads\/2025\/10\/ecotourisme-camping-au-medoc.jpg 900w, https:\/\/www.camping-des-familles.com\/wp-content\/uploads\/2025\/10\/ecotourisme-camping-au-medoc-300x300.jpg 300w, https:\/\/www.camping-des-familles.com\/wp-content\/uploads\/2025\/10\/ecotourisme-camping-au-medoc-150x150.jpg 150w, https:\/\/www.camping-des-familles.com\/wp-content\/uploads\/2025\/10\/ecotourisme-camping-au-medoc-768x768.jpg 768w\" sizes=\"(max-width: 900px) 100vw, 900px\" \/><\/figure>\n<\/div>\n<\/div>\n<\/div>\n<\/div>\n<\/section>\n\n<section class=\"wp-block-group home-fourth page-two has-custom-color-1-background-color has-background has-global-padding is-layout-constrained wp-block-group-is-layout-constrained\">\n<div class=\"wp-block-group has-global-padding is-content-justification-center is-layout-constrained wp-container-core-group-is-layout-519de150 wp-block-group-is-layout-constrained\" style=\"margin-top:0px;margin-right:0px;margin-bottom:0px;margin-left:0px\">\n<h2 class=\"wp-block-heading has-text-align-center full-width has-damirone-font-family has-base-2-color has-text-color\" style=\"margin-top:0px;margin-right:0px;margin-bottom:0px;margin-left:0px;font-size:clamp(24.034px, 1.502rem + ((1vw - 3.2px) * 1.298), 40px);font-style:normal;font-weight:400;line-height:1.2;text-transform:uppercase\"><span>Willkommen auf dem Campingplatz <\/span> in Grayan-et-l&#8217;H\u00f4pital<\/h2>\n<\/div>\n\n\n\n<div class=\"wp-block-group has-global-padding is-content-justification-center is-layout-constrained wp-container-core-group-is-layout-8f5500b1 wp-block-group-is-layout-constrained\" style=\"margin-top:0px;margin-right:0px;margin-bottom:0px;margin-left:0px;padding-bottom:var(--wp--preset--spacing--30)\">\n<p class=\"has-text-align-center full-width has-base-2-color has-text-color has-link-color has-poppins-font-family wp-elements-99e93d616ec413bef1a96fa33be4cf6f\" style=\"margin-top:0px;margin-right:0px;margin-bottom:0px;margin-left:0px;font-size:clamp(14px, 0.875rem + ((1vw - 3.2px) * 0.325), 18px);font-style:normal;font-weight:300;line-height:1.9\">Bei Ihrer Ankunft werden Sie von unserem Team an der Rezeption des Campingplatzes in einer <strong>famili\u00e4ren und herzlichen Atmosph\u00e4re<\/strong> empfangen. Wir versorgen Sie mit allen n\u00fctzlichen Informationen \u00fcber <g id=\"gid_1\">die Region<\/g>, die Aktivit\u00e4ten in der N\u00e4he, die lokalen M\u00e4rkte und die Wanderrouten. Unsere <g id=\"gid_2\">\u00d6ffnungszeiten richten sich nach der Saison <\/g>, so dass wir immer f\u00fcr Sie da sind, wenn Sie uns brauchen: von 8.00 bis 13.00 Uhr und von 14.00 bis 19.00 Uhr in der <g id=\"gid_3\">Hauptsaison<\/g> (Samstag und Sonntag von 8.00 bis 20.00 Uhr) und von 9.00 bis 12.00 Uhr und von 16.00 bis 18.00 Uhr in der <g id=\"gid_4\">Nebensaison<\/g>. Nutzen Sie den <strong>kostenlosen Wifi<\/strong> im Restaurant, auf dem Spielplatz, im Schwimmbad und im Empfangsbereich (kostenpflichtig auf dem Rest der Anlage).   <\/p>\n<\/div>\n\n\n\n<div class=\"wp-block-cover alignfull blob-image gt-gsap-fadeInUp\" style=\"min-height:80vh;aspect-ratio:unset;\"><img decoding=\"async\" width=\"1861\" height=\"1135\" class=\"wp-block-cover__image-background wp-image-1099 size-full\" alt=\"AIRE JEUX\" src=\"https:\/\/www.camping-des-familles.com\/wp-content\/uploads\/2025\/10\/AIRE-JEUX.jpg\" data-object-fit=\"cover\" srcset=\"https:\/\/www.camping-des-familles.com\/wp-content\/uploads\/2025\/10\/AIRE-JEUX.jpg 1861w, https:\/\/www.camping-des-familles.com\/wp-content\/uploads\/2025\/10\/AIRE-JEUX-300x183.jpg 300w, https:\/\/www.camping-des-familles.com\/wp-content\/uploads\/2025\/10\/AIRE-JEUX-1024x625.jpg 1024w, https:\/\/www.camping-des-familles.com\/wp-content\/uploads\/2025\/10\/AIRE-JEUX-768x468.jpg 768w, https:\/\/www.camping-des-familles.com\/wp-content\/uploads\/2025\/10\/AIRE-JEUX-1536x937.jpg 1536w\" sizes=\"(max-width: 1861px) 100vw, 1861px\" \/><span aria-hidden=\"true\" class=\"wp-block-cover__background has-background-dim wp-block-cover__gradient-background has-background-gradient\" style=\"background:linear-gradient(0deg,rgb(1,1,1) 0%,rgba(0,0,0,0.34) 72%)\"><\/span><div class=\"wp-block-cover__inner-container is-layout-flow wp-block-cover-is-layout-flow\">\n<p class=\"has-text-align-center h1-like has-pp-woodland-font-family\" style=\"font-size:clamp(67.975px, 4.248rem + ((1vw - 3.2px) * 6.506), 148px);line-height:1\">Atmosph\u00e4re<br\/><span>Familie<\/span><\/p>\n<\/div><\/div>\n<\/section>\n\n<section class=\"wp-block-group home-third page-third has-global-padding is-layout-constrained wp-block-group-is-layout-constrained\">\n<div class=\"wp-block-columns is-layout-flex wp-container-core-columns-is-layout-28f84493 wp-block-columns-is-layout-flex\">\n<div class=\"wp-block-column left is-layout-flow wp-block-column-is-layout-flow\" style=\"flex-basis:50%\">\n<div data-swiper=\"{&quot;speed&quot;:400,&quot;spaceBetween&quot;:16,&quot;slidesPerView&quot;:1,&quot;createElements&quot;:true,&quot;loop&quot;:true,&quot;freemode&quot;:true,&quot;breakpoints&quot;:[{&quot;slidesPerView&quot;:1}],&quot;pagination&quot;:false,&quot;effect&quot;:&quot;fade&quot;,&quot;navigation&quot;:false}\" class=\"wp-block-group gt-is-slider gt-is-slider-desktop is-layout-flow wp-block-group-is-layout-flow\">\n<div class=\"wp-block-group is-layout-flow wp-block-group-is-layout-flow\">\n<figure class=\"wp-block-image size-full is-resized gt-gsap-fadeIn\"><img decoding=\"async\" width=\"920\" height=\"900\" src=\"https:\/\/www.camping-des-familles.com\/wp-content\/uploads\/2025\/10\/Piste-cyclables-au-medoc-e1759405981853.jpg\" alt=\"Radwege im Medoc\" class=\"wp-image-1122\" style=\"object-fit:cover;width:900px;height:900px\" srcset=\"https:\/\/www.camping-des-familles.com\/wp-content\/uploads\/2025\/10\/Piste-cyclables-au-medoc-e1759405981853.jpg 920w, https:\/\/www.camping-des-familles.com\/wp-content\/uploads\/2025\/10\/Piste-cyclables-au-medoc-e1759405981853-300x293.jpg 300w, https:\/\/www.camping-des-familles.com\/wp-content\/uploads\/2025\/10\/Piste-cyclables-au-medoc-e1759405981853-768x751.jpg 768w\" sizes=\"(max-width: 920px) 100vw, 920px\" \/><\/figure>\n<\/div>\n<\/div>\n<\/div>\n\n\n\n<div class=\"wp-block-column is-vertically-aligned-center right is-layout-flow wp-block-column-is-layout-flow\" style=\"flex-basis:50%\">\n<h2 class=\"wp-block-heading has-custom-color-1-color has-text-color has-link-color wp-elements-4c1f0e772e98e81f4cca1eee4b966f7e\" style=\"text-transform:uppercase\">Empfang von <span>Radfahrern und Wanderern<\/span><\/h2>\n\n\n\n<p class=\"has-custom-color-3-color has-text-color has-link-color wp-elements-1211924c53013ab0a133e031223f675d\" style=\"line-height:1.9\">Der Camping des Familles Ecolodge ist mit dem G\u00fctesiegel <strong>Accueil V\u00e9lo<\/strong> ausgezeichnet und liegt ganz in der N\u00e4he von <strong>W\u00e4ldern <\/strong>mit Radwegen und <strong>-pfaden<\/strong>, mit speziellen Dienstleistungen: Fahrradschuppen, Reparaturset, Dokumentation \u00fcber die Radwege des M\u00e9doc&#8230; Ideal f\u00fcr <strong>Radtouristen<\/strong> auf einer Rundreise, f\u00fcr einen Zwischenstopp auf der <strong>V\u00e9lodyss\u00e9e <\/strong>oder um <strong>die Umgebung zu Fu\u00df<\/strong> mit Ihrem Rucksack auf dem R\u00fccken <strong>zu erkunden<\/strong>. Wir bieten Ihnen Elektro-Roller an. <strong><a href=\"https:\/\/www.camping-des-familles.com\/de\/sportliche-aktivitaten-medoc\/#trottinette-electrique\">Elektrische Roller<\/a><\/strong> zu mieten, um die Umgebung auf spielerische und unterhaltsame Weise zu erkunden! <br\/>Der Campingplatz mit Service in der N\u00e4he von Soulac-sur-Mer ist das perfekte Ziel, wenn Sie einen <a href=\"https:\/\/www.camping-des-familles.com\/de\/oekologischer-campingplatz-grayan-et-l-hopital\/\" data-type=\"page\" data-id=\"12\">umweltfreundlichen Urlaub im M\u00e9doc<\/a> verbringen m\u00f6chten. <\/p>\n<\/div>\n<\/div>\n<\/section>\n\n<section class=\"wp-block-group home-third bis has-global-padding is-layout-constrained wp-block-group-is-layout-constrained\">\n<div class=\"wp-block-columns is-layout-flex wp-container-core-columns-is-layout-28f84493 wp-block-columns-is-layout-flex\">\n<div class=\"wp-block-column is-vertically-aligned-center right is-layout-flow wp-block-column-is-layout-flow\" style=\"flex-basis:50%\">\n<h2 class=\"wp-block-heading has-text-align-left full-width has-damirone-font-family has-custom-color-1-color has-text-color\" style=\"margin-top:0px;margin-right:0px;margin-bottom:0px;margin-left:0px;padding-bottom:var(--wp--preset--spacing--20);font-size:clamp(28.836px, 1.802rem + ((1vw - 3.2px) * 1.721), 50px);font-style:normal;font-weight:400;line-height:1.2;text-transform:uppercase\">Reisen Sie <span>mit Ihrem Haustier<\/span><\/h2>\n\n\n\n<p class=\"has-custom-color-3-color has-text-color has-link-color wp-elements-a1c557cfbead846e3cf2a1ac92fb0f72\" style=\"line-height:1.9\">Unsere <strong>vierbeinigen Freunde sind <\/strong>auf dem Campingplatz mit Service im M\u00e9doc <strong>herzlich willkommen <\/strong>. Hunde (au\u00dfer Kategorie 1 und 2), die<g id=\"gid_1\"> t\u00e4towiert und geimpft<\/g> sind, sind bis zu<g id=\"gid_2\">einem<\/g> Hund<g id=\"gid_2\">pro Unterkunft<\/g> erlaubt. So k\u00f6nnen Sie Ihren Urlaub ausnahmslos mit der ganzen Familie genie\u00dfen!  <\/p>\n<\/div>\n\n\n\n<div class=\"wp-block-column left is-layout-flow wp-block-column-is-layout-flow\" style=\"flex-basis:50%\">\n<div class=\"wp-block-group is-layout-flow wp-block-group-is-layout-flow\">\n<div class=\"wp-block-group is-layout-flow wp-block-group-is-layout-flow\">\n<figure class=\"wp-block-image size-full is-resized gt-gsap-fadeIn\"><img decoding=\"async\" width=\"942\" height=\"873\" src=\"https:\/\/www.camping-des-familles.com\/wp-content\/uploads\/2025\/10\/chien-au-camping-e1760103450144.jpg\" alt=\"Hund auf dem Campingplatz\" class=\"wp-image-1110\" style=\"width:auto;height:900px\" srcset=\"https:\/\/www.camping-des-familles.com\/wp-content\/uploads\/2025\/10\/chien-au-camping-e1760103450144.jpg 942w, https:\/\/www.camping-des-familles.com\/wp-content\/uploads\/2025\/10\/chien-au-camping-e1760103450144-300x278.jpg 300w, https:\/\/www.camping-des-familles.com\/wp-content\/uploads\/2025\/10\/chien-au-camping-e1760103450144-768x712.jpg 768w\" sizes=\"(max-width: 942px) 100vw, 942px\" \/><\/figure>\n<\/div>\n<\/div>\n<\/div>\n<\/div>\n<\/section>\n\n<section class=\"wp-block-group home-fourth page-two has-custom-color-1-background-color has-background has-global-padding is-layout-constrained wp-block-group-is-layout-constrained\">\n<div class=\"wp-block-group has-global-padding is-content-justification-center is-layout-constrained wp-container-core-group-is-layout-519de150 wp-block-group-is-layout-constrained\" style=\"margin-top:0px;margin-right:0px;margin-bottom:0px;margin-left:0px\">\n<h2 class=\"wp-block-heading has-text-align-center full-width has-damirone-font-family has-base-2-color has-text-color\" style=\"margin-top:0px;margin-right:0px;margin-bottom:0px;margin-left:0px;font-size:clamp(24.034px, 1.502rem + ((1vw - 3.2px) * 1.298), 40px);font-style:normal;font-weight:400;line-height:1.2;text-transform:uppercase\"><span>Brot- <\/span> und Geb\u00e4ckverkauf<\/h2>\n<\/div>\n\n\n\n<div class=\"wp-block-group has-global-padding is-content-justification-center is-layout-constrained wp-container-core-group-is-layout-8f5500b1 wp-block-group-is-layout-constrained\" style=\"margin-top:0px;margin-right:0px;margin-bottom:0px;margin-left:0px;padding-bottom:var(--wp--preset--spacing--30)\">\n<p class=\"has-text-align-center full-width has-base-2-color has-text-color has-link-color has-poppins-font-family wp-elements-2afcaf6054b7e6b3be34271f6ca12cca\" style=\"margin-top:0px;margin-right:0px;margin-bottom:0px;margin-left:0px;font-size:clamp(14px, 0.875rem + ((1vw - 3.2px) * 0.325), 18px);font-style:normal;font-weight:300;line-height:1.9\">Was gibt es Sch\u00f6neres als den<strong>Duft von Geb\u00e4ck beim Aufwachen<\/strong> w\u00e4hrend Ihres Urlaubs?<\/p>\n\n\n\n<p class=\"has-text-align-center full-width has-base-2-color has-text-color has-link-color has-poppins-font-family wp-elements-ba511ae0ac52921175a8ce65befccea3\" style=\"margin-top:0px;margin-right:0px;margin-bottom:0px;margin-left:0px;font-size:clamp(14px, 0.875rem + ((1vw - 3.2px) * 0.325), 18px);font-style:normal;font-weight:300;line-height:1.9\">Auf dem Campingplatz mit Service in der N\u00e4he von Soulac-sur-Mer k\u00f6nnen Sie am Vortag vor 18:00 Uhr <strong>Croissants und Baguettes<\/strong> bestellen, die ab 8:00 Uhr an der Rezeption erh\u00e4ltlich sind oder auf der Terrasse der Bar genossen werden k\u00f6nnen. Ein<strong> einfacher Genuss <\/strong>f\u00fcr einen guten Start in den Tag. <\/p>\n<\/div>\n\n\n\n<div class=\"wp-block-cover alignfull blob-image gt-gsap-fadeInUp\" style=\"min-height:80vh;aspect-ratio:unset;\"><img decoding=\"async\" width=\"2000\" height=\"1250\" class=\"wp-block-cover__image-background wp-image-1127 size-full\" alt=\"d\u00e9p\u00f4t de pain au camping m\u00e9doc\" src=\"https:\/\/www.camping-des-familles.com\/wp-content\/uploads\/2025\/10\/depot-de-pain-au-camping-medoc.jpg\" data-object-fit=\"cover\" srcset=\"https:\/\/www.camping-des-familles.com\/wp-content\/uploads\/2025\/10\/depot-de-pain-au-camping-medoc.jpg 2000w, https:\/\/www.camping-des-familles.com\/wp-content\/uploads\/2025\/10\/depot-de-pain-au-camping-medoc-300x188.jpg 300w, https:\/\/www.camping-des-familles.com\/wp-content\/uploads\/2025\/10\/depot-de-pain-au-camping-medoc-1024x640.jpg 1024w, https:\/\/www.camping-des-familles.com\/wp-content\/uploads\/2025\/10\/depot-de-pain-au-camping-medoc-768x480.jpg 768w, https:\/\/www.camping-des-familles.com\/wp-content\/uploads\/2025\/10\/depot-de-pain-au-camping-medoc-1536x960.jpg 1536w\" sizes=\"(max-width: 2000px) 100vw, 2000px\" \/><span aria-hidden=\"true\" class=\"wp-block-cover__background has-background-dim wp-block-cover__gradient-background has-background-gradient\" style=\"background:linear-gradient(0deg,rgb(1,1,1) 0%,rgba(0,0,0,0.34) 72%)\"><\/span><div class=\"wp-block-cover__inner-container is-layout-flow wp-block-cover-is-layout-flow\">\n<p class=\"has-text-align-center h1-like has-pp-woodland-font-family\" style=\"font-size:clamp(67.975px, 4.248rem + ((1vw - 3.2px) * 6.506), 148px);line-height:1\">Kleine<br\/><span>Vergn\u00fcgen<strong> <\/strong><\/span> <\/p>\n<\/div><\/div>\n<\/section>\n\n<section class=\"wp-block-group home-third page-third has-global-padding is-layout-constrained wp-block-group-is-layout-constrained\">\n<div class=\"wp-block-columns is-layout-flex wp-container-core-columns-is-layout-ec2e7a44 wp-block-columns-is-layout-flex\" style=\"padding-top:0;padding-bottom:0\">\n<div class=\"wp-block-column left is-layout-flow wp-block-column-is-layout-flow\" style=\"flex-basis:50%\">\n<div data-swiper=\"{&quot;speed&quot;:400,&quot;spaceBetween&quot;:16,&quot;slidesPerView&quot;:1,&quot;createElements&quot;:true,&quot;loop&quot;:true,&quot;freemode&quot;:true,&quot;breakpoints&quot;:[{&quot;slidesPerView&quot;:1}],&quot;pagination&quot;:false,&quot;effect&quot;:&quot;fade&quot;,&quot;navigation&quot;:false}\" class=\"wp-block-group gt-is-slider gt-is-slider-desktop is-layout-flow wp-block-group-is-layout-flow\">\n<div class=\"wp-block-group is-layout-flow wp-block-group-is-layout-flow\">\n<figure class=\"wp-block-image size-full is-resized gt-gsap-fadeIn\"><img decoding=\"async\" width=\"942\" height=\"900\" src=\"https:\/\/www.camping-des-familles.com\/wp-content\/uploads\/2025\/10\/location-de-serviettes.jpg\" alt=\"Verleih von Handt&#xFC;chern\" class=\"wp-image-1134\" style=\"width:auto;height:900px\" srcset=\"https:\/\/www.camping-des-familles.com\/wp-content\/uploads\/2025\/10\/location-de-serviettes.jpg 942w, https:\/\/www.camping-des-familles.com\/wp-content\/uploads\/2025\/10\/location-de-serviettes-300x287.jpg 300w, https:\/\/www.camping-des-familles.com\/wp-content\/uploads\/2025\/10\/location-de-serviettes-768x734.jpg 768w\" sizes=\"(max-width: 942px) 100vw, 942px\" \/><\/figure>\n<\/div>\n<\/div>\n<\/div>\n\n\n\n<div class=\"wp-block-column is-vertically-aligned-center right is-layout-flow wp-block-column-is-layout-flow\" style=\"flex-basis:50%\">\n<h2 class=\"wp-block-heading has-custom-color-1-color has-text-color has-link-color wp-elements-fe28abdce608d312315bc295cd044ffe\" style=\"text-transform:uppercase\">Zus\u00e4tzliche Anmietungen <span>f\u00fcr mehr Komfort<\/span><\/h2>\n\n\n\n<p class=\"has-custom-color-3-color has-text-color has-link-color wp-elements-57a2e23b0e96083a24b4f04eda5c9a16\" style=\"line-height:1.9\">K\u00fchlschrank, Kinderstuhl, Babybett, Bettw\u00e4sche, Handt\u00fccher, W\u00e4scheservice oder Reinigungspauschale&#8230; Nutzen Sie unseren <strong>Service \u00e0 la carte<\/strong>, unsere Infrastruktur und die <a href=\"https:\/\/www.camping-des-familles.com\/de\/campingplatz-animation-grayan-et-l-hopital\/\" data-type=\"page\" data-id=\"20\">Familienanimation im M\u00e9doc <\/a>, um Ihren Koffer zu erleichtern und einen unvergesslichen Aufenthalt zu verbringen. <strong>Bettw\u00e4sche<\/strong> ist in der <strong>Premium-Kategorie<\/strong> <strong>enthalten<\/strong>. Profitieren Sie von <strong>-20% auf die Reinigungspauschale <\/strong>Ihrer Unterkunft, wenn Sie diese Leistung im Voraus buchen.<\/p>\n<\/div>\n<\/div>\n<\/section>\n\n<section class=\"wp-block-group home-third bis has-global-padding is-layout-constrained wp-block-group-is-layout-constrained\" style=\"padding-top:0;padding-bottom:0\">\n<div class=\"wp-block-columns is-layout-flex wp-container-core-columns-is-layout-28f84493 wp-block-columns-is-layout-flex\">\n<div class=\"wp-block-column is-vertically-aligned-center right is-layout-flow wp-block-column-is-layout-flow\" style=\"flex-basis:50%\">\n<h2 class=\"wp-block-heading has-text-align-left full-width has-damirone-font-family has-custom-color-1-color has-text-color\" style=\"margin-top:0px;margin-right:0px;margin-bottom:0px;margin-left:0px;padding-bottom:var(--wp--preset--spacing--20);font-size:clamp(28.836px, 1.802rem + ((1vw - 3.2px) * 1.721), 50px);font-style:normal;font-weight:400;line-height:1.2;text-transform:uppercase\">Lebensmittelgesch\u00e4ft und Gesch\u00e4fte <span>in der N\u00e4he<\/span><\/h2>\n\n\n\n<p class=\"has-custom-color-3-color has-text-color has-link-color wp-elements-72578112e517a891a6e6970ae02677c1\" style=\"line-height:1.9\">Ein <strong>Lebensmittelgesch\u00e4ft<\/strong> mit den wichtigsten Produkten ist vor Ort vorhanden. Nur<strong> 800 m vom Campingplatz <\/strong>mit Service im M\u00e9doc entfernt finden Sie alle Annehmlichkeiten im Zentrum des Dorfes: <strong>Supermarkt<\/strong>, <strong>Tabakladen<\/strong>, <strong>Restaurants <\/strong>und<strong> Gesundheitsdienste<\/strong>. Praktisch f\u00fcr einen<strong> Urlaub ohne Auto<\/strong>!  <\/p>\n<\/div>\n\n\n\n<div class=\"wp-block-column left is-layout-flow wp-block-column-is-layout-flow\" style=\"flex-basis:50%\">\n<div class=\"wp-block-group is-layout-flow wp-block-group-is-layout-flow\">\n<div class=\"wp-block-group is-layout-flow wp-block-group-is-layout-flow\">\n<figure class=\"wp-block-image size-full is-resized gt-gsap-fadeIn\"><img decoding=\"async\" width=\"942\" height=\"900\" src=\"https:\/\/www.camping-des-familles.com\/wp-content\/uploads\/2025\/10\/epicerie-a-proximite-du-camping-medoc.jpg\" alt=\"Lebensmittelgesch&#xE4;ft in der N&#xE4;he des Campingplatzes M&#xE9;doc\" class=\"wp-image-1139\" style=\"width:auto;height:900px\" srcset=\"https:\/\/www.camping-des-familles.com\/wp-content\/uploads\/2025\/10\/epicerie-a-proximite-du-camping-medoc.jpg 942w, https:\/\/www.camping-des-familles.com\/wp-content\/uploads\/2025\/10\/epicerie-a-proximite-du-camping-medoc-300x287.jpg 300w, https:\/\/www.camping-des-familles.com\/wp-content\/uploads\/2025\/10\/epicerie-a-proximite-du-camping-medoc-768x734.jpg 768w\" sizes=\"(max-width: 942px) 100vw, 942px\" \/><\/figure>\n<\/div>\n<\/div>\n<\/div>\n<\/div>\n<\/section>\n\n<section class=\"wp-block-group page-maillage has-global-padding is-layout-constrained wp-block-group-is-layout-constrained\">\n<div class=\"wp-block-group is-horizontal is-layout-flex wp-container-core-group-is-layout-1b39ef27 wp-block-group-is-layout-flex\">\n<figure class=\"wp-block-image size-large\" style=\"margin-top:0px;margin-right:0px;margin-bottom:0px;margin-left:0px\"><img decoding=\"async\" width=\"63\" height=\"94\" src=\"https:\/\/www.camping-des-familles.com\/wp-content\/uploads\/2025\/09\/Vector-24.svg\" alt=\"Vector (24)\" class=\"wp-image-653\" style=\"object-fit:cover\"\/><\/figure>\n\n\n\n<div class=\"wp-block-group h1-like has-custom-color-1-color has-text-color has-link-color wp-elements-79bca9d4e912177ee9edf17221abd173 has-global-padding is-layout-constrained wp-block-group-is-layout-constrained\">\n<p class=\"has-custom-color-3-color has-text-color has-link-color has-pp-woodland-font-family wp-elements-7d517af6e026435504756efe57530d8d\" style=\"font-size:clamp(52.9px, 3.306rem + ((1vw - 3.2px) * 4.398), 107px);font-style:normal;font-weight:200;text-transform:uppercase\">Tauchen Sie ein<span>, bewegen Sie sich, <\/span><br\/><span>genie\u00dfen Sie!<\/span><\/p>\n<\/div>\n<\/div>\n\n\n\n<div class=\"wp-block-query is-layout-flow wp-block-query-is-layout-flow\"><ul class=\"animated fadeInUp wp-block-post-template is-layout-flow wp-block-post-template-is-layout-flow\"><li class=\"wp-block-post post-2514 page type-page status-publish has-post-thumbnail hentry\">\n\n<figure class=\"wp-block-image\"><img decoding=\"async\" src=\"https:\/\/www.camping-des-familles.com\/wp-content\/uploads\/2025\/10\/piscine-camping-des-familles.jpg\" alt=\"Schwimmbad Familiencamping\"\/><\/figure>\n\n\n\n<p class=\"has-text-align-center has-base-2-color has-text-color has-link-color has-pp-woodland-font-family wp-elements-6ced9490183e5f4edfb72dbec622f35f\" style=\"font-size:clamp(18.959px, 1.185rem + ((1vw - 3.2px) * 0.898), 30px);text-transform:uppercase\">Wasserpark<\/p>\n\n\n<a class=\"is-style-lien-cover wp-block-read-more\" href=\"https:\/\/www.camping-des-familles.com\/de\/campingplatz-mit-beheiztem-schwimmbad-grayan-et-l-hopital\/\" target=\"_self\">Weiterlesen<span class=\"screen-reader-text\">: Wasserpark<\/span><\/a>\n<\/li><li class=\"wp-block-post post-2521 page type-page status-publish has-post-thumbnail hentry\">\n\n<figure class=\"wp-block-image\"><img decoding=\"async\" src=\"https:\/\/www.camping-des-familles.com\/wp-content\/uploads\/2025\/10\/Zumba-au-camping-medoc-e1759409631954.jpg\" alt=\"Zumba auf dem Campingplatz Medoc\"\/><\/figure>\n\n\n\n<p class=\"has-text-align-center has-base-2-color has-text-color has-link-color has-pp-woodland-font-family wp-elements-6ced9490183e5f4edfb72dbec622f35f\" style=\"font-size:clamp(18.959px, 1.185rem + ((1vw - 3.2px) * 0.898), 30px);text-transform:uppercase\">Unsere Animationen<\/p>\n\n\n<a class=\"is-style-lien-cover wp-block-read-more\" href=\"https:\/\/www.camping-des-familles.com\/de\/campingplatz-animation-grayan-et-l-hopital\/\" target=\"_self\">Weiterlesen<span class=\"screen-reader-text\">: Unsere Animationen<\/span><\/a>\n<\/li><li class=\"wp-block-post post-2545 page type-page status-publish has-post-thumbnail hentry\">\n\n<figure class=\"wp-block-image\"><img decoding=\"async\" src=\"https:\/\/www.camping-des-familles.com\/wp-content\/uploads\/2025\/10\/soiree-moules-frites-camping-pres-de-Soulac-sur-Mer-e1759409962301.jpg\" alt=\"Abend mit Muscheln und Pommes Frites auf dem Campingplatz in der N\u00e4he von Soulac-sur-Mer\"\/><\/figure>\n\n\n\n<p class=\"has-text-align-center has-base-2-color has-text-color has-link-color has-pp-woodland-font-family wp-elements-6ced9490183e5f4edfb72dbec622f35f\" style=\"font-size:clamp(18.959px, 1.185rem + ((1vw - 3.2px) * 0.898), 30px);text-transform:uppercase\">Restauration<\/p>\n\n\n<a class=\"is-style-lien-cover wp-block-read-more\" href=\"https:\/\/www.camping-des-familles.com\/de\/bar-restaurant-grayan-et-l-hopital\/\" target=\"_self\">Weiterlesen<span class=\"screen-reader-text\">: Restauration<\/span><\/a>\n<\/li><\/ul><\/div>\n<\/section>\n","protected":false},"excerpt":{"rendered":"<p>Campingplatz mit Dienstleistungen im M\u00e9doc Zwischen den sch\u00f6nsten Str\u00e4nden des M\u00e9doc und der Gironde-M\u00fcndung gelegen, ist der Campingplatz mit Service im M\u00e9doc das ideale Ziel f\u00fcr Ihren Urlaub. Nur wenige Minuten von den besten Surfspots entfernt, profitieren Sie von Einrichtungen, die Ihren Urlaub vereinfachen. Der Campingplatz im M\u00e9doc empf\u00e4ngt Sie inmitten eines 2 Hektar gro\u00dfen [&hellip;]<\/p>\n","protected":false},"author":1,"featured_media":1147,"parent":0,"menu_order":0,"comment_status":"closed","ping_status":"closed","template":"","meta":{"_acf_changed":false,"_seopress_robots_primary_cat":"","_seopress_titles_title":"Campingplatz mit Dienstleistungen in der N\u00e4he von Soulac-sur-Mer I 4-Sterne-Campingplatz M\u00e9doc","_seopress_titles_desc":"Genie\u00dfen Sie den 4-Sterne-Service des Camping des Familles in der N\u00e4he von Soulac-sur-Mer: Wifi, Brotverkauf, Fahrradverleih, Fahrradempfang, Haustiere erlaubt und Gesch\u00e4fte in der N\u00e4he.","_seopress_robots_index":"","_gt_ctv_global_id":"14469","_gt_ctv_id_group":false,"inline_featured_image":false,"gt_fse_maillage_image":"https:\/\/www.camping-des-familles.com\/wp-content\/uploads\/2025\/10\/epicerie-a-proximite-du-camping-medoc.jpg","gt_fse_maillage_titre":"Unsere Dienstleistungen","gt_fse_maillage_alt":"Lebensmittelgesch\u00e4ft in der N\u00e4he des Campingplatzes M\u00e9doc","gt_fse_maillage_resume":"","_gt_maillage_image":0,"_gt_maillage_video":0,"_gt_maillage_title":"","footnotes":""},"categories":[],"tags":[],"class_list":["post-2567","page","type-page","status-publish","has-post-thumbnail","hentry"],"acf":[],"_links":{"self":[{"href":"https:\/\/www.camping-des-familles.com\/de\/wp-json\/wp\/v2\/pages\/2567","targetHints":{"allow":["GET"]}}],"collection":[{"href":"https:\/\/www.camping-des-familles.com\/de\/wp-json\/wp\/v2\/pages"}],"about":[{"href":"https:\/\/www.camping-des-familles.com\/de\/wp-json\/wp\/v2\/types\/page"}],"author":[{"embeddable":true,"href":"https:\/\/www.camping-des-familles.com\/de\/wp-json\/wp\/v2\/users\/1"}],"replies":[{"embeddable":true,"href":"https:\/\/www.camping-des-familles.com\/de\/wp-json\/wp\/v2\/comments?post=2567"}],"version-history":[{"count":15,"href":"https:\/\/www.camping-des-familles.com\/de\/wp-json\/wp\/v2\/pages\/2567\/revisions"}],"predecessor-version":[{"id":4206,"href":"https:\/\/www.camping-des-familles.com\/de\/wp-json\/wp\/v2\/pages\/2567\/revisions\/4206"}],"wp:featuredmedia":[{"embeddable":true,"href":"https:\/\/www.camping-des-familles.com\/de\/wp-json\/wp\/v2\/media\/1147"}],"wp:attachment":[{"href":"https:\/\/www.camping-des-familles.com\/de\/wp-json\/wp\/v2\/media?parent=2567"}],"wp:term":[{"taxonomy":"category","embeddable":true,"href":"https:\/\/www.camping-des-familles.com\/de\/wp-json\/wp\/v2\/categories?post=2567"},{"taxonomy":"post_tag","embeddable":true,"href":"https:\/\/www.camping-des-familles.com\/de\/wp-json\/wp\/v2\/tags?post=2567"}],"curies":[{"name":"wp","href":"https:\/\/api.w.org\/{rel}","templated":true}]}}