{"id":2545,"date":"2025-09-22T13:59:21","date_gmt":"2025-09-22T11:59:21","guid":{"rendered":"https:\/\/www.camping-des-familles.com\/bar-restaurant-grayan-et-l-hopital\/"},"modified":"2025-11-11T15:26:04","modified_gmt":"2025-11-11T14:26:04","slug":"bar-restaurant-grayan-et-l-hopital","status":"publish","type":"page","link":"https:\/\/www.camping-des-familles.com\/de\/bar-restaurant-grayan-et-l-hopital\/","title":{"rendered":"Restauration"},"content":{"rendered":"\n<section class=\"wp-block-group home-third bis has-global-padding is-layout-constrained wp-block-group-is-layout-constrained\">\n<div class=\"wp-block-columns is-layout-flex wp-container-core-columns-is-layout-28f84493 wp-block-columns-is-layout-flex\">\n<div class=\"wp-block-column is-vertically-aligned-center right is-layout-flow wp-block-column-is-layout-flow\" style=\"flex-basis:50%\">\n<h1 class=\"wp-block-heading has-text-align-left full-width has-damirone-font-family has-custom-color-1-color has-text-color\" style=\"margin-top:0px;margin-right:0px;margin-bottom:0px;margin-left:0px;padding-bottom:var(--wp--preset--spacing--20);font-size:clamp(28.836px, 1.802rem + ((1vw - 3.2px) * 1.721), 50px);font-style:normal;font-weight:400;line-height:1.2;text-transform:uppercase\">Bar-Restaurant <span>in der N\u00e4he von Soulac-sur-Mer<\/span><\/h1>\n\n\n\n<p class=\"has-custom-color-3-color has-text-color has-link-color wp-elements-6a7888f05d37125024c23cf0cd54861a\" style=\"line-height:1.9\">Da Urlaub auch mit <strong>Gaumenfreuden<\/strong> verbunden ist, bietet Ihnen der Camping des Familles Ecolodge ein <strong>geselliges und schmackhaftes Restaurantangebot<\/strong>. Unser Bar-Restaurant in der N\u00e4he von Soulac-sur-Mer empf\u00e4ngt Sie zu einfachen und leckeren Mahlzeiten. In einer <g id=\"gid_2\">entspannten und famili\u00e4ren Atmosph\u00e4re<\/g> genie\u00dfen Sie abwechslungsreiche, hausgemachte Gerichte, die Sie auf der Terrasse teilen oder mitnehmen k\u00f6nnen. Dieser Raum auf unserem <a href=\"https:\/\/www.camping-des-familles.com\/de\/\" data-type=\"page\" data-id=\"8\">Campingplatz im M\u00e9doc<\/a> wird schnell zu einem <strong>Ort der Begegnung<\/strong>, <strong>des Austauschs <\/strong>und <strong>der Entspannung<\/strong> zu jeder Tageszeit.   <br\/><\/p>\n<\/div>\n\n\n\n<div class=\"wp-block-column left is-layout-flow wp-block-column-is-layout-flow\" style=\"flex-basis:50%\">\n<div class=\"wp-block-group is-layout-flow wp-block-group-is-layout-flow\">\n<div class=\"wp-block-group is-layout-flow wp-block-group-is-layout-flow\">\n<figure class=\"wp-block-image size-full is-resized gt-gsap-fadeIn\"><img decoding=\"async\" width=\"965\" height=\"1146\" src=\"https:\/\/www.camping-des-familles.com\/wp-content\/uploads\/2025\/10\/soiree-moules-frites-camping-pres-de-Soulac-sur-Mer-e1759409962301.jpg\" alt=\"Abend mit Muscheln und Pommes Frites auf dem Campingplatz in der N&#xE4;he von Soulac-sur-Mer\" class=\"wp-image-1261\" style=\"width:auto;height:900px\" srcset=\"https:\/\/www.camping-des-familles.com\/wp-content\/uploads\/2025\/10\/soiree-moules-frites-camping-pres-de-Soulac-sur-Mer-e1759409962301.jpg 965w, https:\/\/www.camping-des-familles.com\/wp-content\/uploads\/2025\/10\/soiree-moules-frites-camping-pres-de-Soulac-sur-Mer-e1759409962301-253x300.jpg 253w, https:\/\/www.camping-des-familles.com\/wp-content\/uploads\/2025\/10\/soiree-moules-frites-camping-pres-de-Soulac-sur-Mer-e1759409962301-862x1024.jpg 862w, https:\/\/www.camping-des-familles.com\/wp-content\/uploads\/2025\/10\/soiree-moules-frites-camping-pres-de-Soulac-sur-Mer-e1759409962301-768x912.jpg 768w\" sizes=\"(max-width: 965px) 100vw, 965px\" \/><\/figure>\n<\/div>\n<\/div>\n<\/div>\n<\/div>\n<\/section>\n\n<section class=\"wp-block-group home-fourth page-two has-custom-color-1-background-color has-background has-global-padding is-layout-constrained wp-block-group-is-layout-constrained\">\n<div class=\"wp-block-group has-global-padding is-content-justification-center is-layout-constrained wp-container-core-group-is-layout-519de150 wp-block-group-is-layout-constrained\" style=\"margin-top:0px;margin-right:0px;margin-bottom:0px;margin-left:0px\">\n<h2 class=\"wp-block-heading has-text-align-center full-width has-damirone-font-family has-base-2-color has-text-color\" style=\"margin-top:0px;margin-right:0px;margin-bottom:0px;margin-left:0px;font-size:clamp(24.034px, 1.502rem + ((1vw - 3.2px) * 1.298), 40px);font-style:normal;font-weight:400;line-height:1.2;text-transform:uppercase\">Vor Ort <span>zu genie\u00dfen<\/span> <\/h2>\n<\/div>\n\n\n\n<div class=\"wp-block-group has-global-padding is-content-justification-center is-layout-constrained wp-container-core-group-is-layout-8f5500b1 wp-block-group-is-layout-constrained\" style=\"margin-top:0px;margin-right:0px;margin-bottom:0px;margin-left:0px;padding-bottom:var(--wp--preset--spacing--30)\">\n<p class=\"has-text-align-center full-width has-base-2-color has-text-color has-link-color has-poppins-font-family wp-elements-c3506742366d97615f3223f24ae12e07\" style=\"margin-top:0px;margin-right:0px;margin-bottom:0px;margin-left:0px;font-size:clamp(14px, 0.875rem + ((1vw - 3.2px) * 0.325), 18px);font-style:normal;font-weight:300;line-height:1.9\">Unser Restaurant in der N\u00e4he von Soulac-sur-Mer bietet Ihnen eine<strong> Brasserie-Karte <\/strong> mit Fr\u00fchst\u00fcck, Snacks und Abendessen an: frische Salate, Burger, Bretter zum Teilen, Pizzas und lokale Spezialit\u00e4ten. Am Abend k\u00f6nnen Sie <strong>sich auf der Terrasse niederlassen<\/strong>, um in einer nat\u00fcrlichen Umgebung mit B\u00e4umen zu speisen. In der Bar k\u00f6nnen Sie auch einen Kaffee, einen Aperitif oder ein Eis nach dem Strand- oder Schwimmbadbesuch genie\u00dfen. Ein idealer Ort, um <strong>sich mit der Familie <\/strong>oder<strong> mit Freunden<\/strong> in<strong> guter Stimmung<\/strong> <strong>zu treffen <\/strong>!   <br\/><\/p>\n<\/div>\n\n\n\n<div class=\"wp-block-cover alignfull blob-image gt-gsap-fadeInUp\" style=\"min-height:80vh;aspect-ratio:unset;\"><img decoding=\"async\" width=\"2000\" height=\"1250\" class=\"wp-block-cover__image-background wp-image-1266 size-full\" alt=\"planches \u00e0 partager amis\" src=\"https:\/\/www.camping-des-familles.com\/wp-content\/uploads\/2025\/10\/planches-a-partager-amis.jpg\" data-object-fit=\"cover\" srcset=\"https:\/\/www.camping-des-familles.com\/wp-content\/uploads\/2025\/10\/planches-a-partager-amis.jpg 2000w, https:\/\/www.camping-des-familles.com\/wp-content\/uploads\/2025\/10\/planches-a-partager-amis-300x188.jpg 300w, https:\/\/www.camping-des-familles.com\/wp-content\/uploads\/2025\/10\/planches-a-partager-amis-1024x640.jpg 1024w, https:\/\/www.camping-des-familles.com\/wp-content\/uploads\/2025\/10\/planches-a-partager-amis-768x480.jpg 768w, https:\/\/www.camping-des-familles.com\/wp-content\/uploads\/2025\/10\/planches-a-partager-amis-1536x960.jpg 1536w\" sizes=\"(max-width: 2000px) 100vw, 2000px\" \/><span aria-hidden=\"true\" class=\"wp-block-cover__background has-background-dim wp-block-cover__gradient-background has-background-gradient\" style=\"background:linear-gradient(0deg,rgb(1,1,1) 0%,rgba(0,0,0,0.34) 72%)\"><\/span><div class=\"wp-block-cover__inner-container is-layout-flow wp-block-cover-is-layout-flow\">\n<p class=\"has-text-align-center h1-like has-pp-woodland-font-family\" style=\"font-size:clamp(67.975px, 4.248rem + ((1vw - 3.2px) * 6.506), 148px);line-height:1\">Teilen<br\/><span>und genie\u00dfen<\/span> <\/p>\n<\/div><\/div>\n<\/section>\n\n<section class=\"wp-block-group home-third page-third has-global-padding is-layout-constrained wp-block-group-is-layout-constrained\">\n<div class=\"wp-block-columns is-layout-flex wp-container-core-columns-is-layout-28f84493 wp-block-columns-is-layout-flex\">\n<div class=\"wp-block-column left is-layout-flow wp-block-column-is-layout-flow\" style=\"flex-basis:50%\">\n<div data-swiper=\"{&quot;speed&quot;:400,&quot;spaceBetween&quot;:16,&quot;slidesPerView&quot;:1,&quot;createElements&quot;:true,&quot;loop&quot;:true,&quot;freemode&quot;:true,&quot;breakpoints&quot;:[{&quot;slidesPerView&quot;:1}],&quot;pagination&quot;:false,&quot;effect&quot;:&quot;fade&quot;,&quot;navigation&quot;:false}\" class=\"wp-block-group gt-is-slider gt-is-slider-desktop is-layout-flow wp-block-group-is-layout-flow\">\n<div class=\"wp-block-group is-layout-flow wp-block-group-is-layout-flow\">\n<figure class=\"wp-block-image size-full is-resized gt-gsap-fadeIn\"><img decoding=\"async\" width=\"942\" height=\"900\" src=\"https:\/\/www.camping-des-familles.com\/wp-content\/uploads\/2025\/10\/plats-a-importer-camping.jpg\" alt=\"Importgerichte Camping\" class=\"wp-image-1271\" style=\"width:auto;height:900px\" srcset=\"https:\/\/www.camping-des-familles.com\/wp-content\/uploads\/2025\/10\/plats-a-importer-camping.jpg 942w, https:\/\/www.camping-des-familles.com\/wp-content\/uploads\/2025\/10\/plats-a-importer-camping-300x287.jpg 300w, https:\/\/www.camping-des-familles.com\/wp-content\/uploads\/2025\/10\/plats-a-importer-camping-768x734.jpg 768w\" sizes=\"(max-width: 942px) 100vw, 942px\" \/><\/figure>\n<\/div>\n<\/div>\n<\/div>\n\n\n\n<div class=\"wp-block-column is-vertically-aligned-center right is-layout-flow wp-block-column-is-layout-flow\" style=\"flex-basis:50%\">\n<h2 class=\"wp-block-heading\" style=\"text-transform:uppercase\">Formeln <span>zum Mitnehmen<\/span><\/h2>\n\n\n\n<p class=\"has-custom-color-3-color has-text-color has-link-color wp-elements-bb9e6913447251ca9bddde4b4f6ec1ad\">M\u00f6chten Sie lieber auf Ihrer Terrasse essen oder ein <strong>Picknick<\/strong> veranstalten? Entscheiden Sie sich f\u00fcr<g id=\"gid_1\"> unsere Gerichte zum Mitnehmen <\/g>: Pizza, Pommes frites, Burger, Salate&#8230; Eine praktische L\u00f6sung, um <g id=\"gid_2\">Ihre Freizeit zu genie\u00dfen<\/g>, ohne in die K\u00fcche gehen zu m\u00fcssen. Der morgendliche Brot- und Geb\u00e4ckservice rundet das Angebot des Restaurants im M\u00e9doc ab.  <\/p>\n<\/div>\n<\/div>\n<\/section>\n\n<section class=\"wp-block-group home-third bis has-global-padding is-layout-constrained wp-block-group-is-layout-constrained\">\n<div class=\"wp-block-columns is-layout-flex wp-container-core-columns-is-layout-28f84493 wp-block-columns-is-layout-flex\">\n<div class=\"wp-block-column is-vertically-aligned-center right is-layout-flow wp-block-column-is-layout-flow\" style=\"flex-basis:50%\">\n<h2 class=\"wp-block-heading has-text-align-left full-width has-damirone-font-family has-custom-color-1-color has-text-color\" style=\"margin-top:0px;margin-right:0px;margin-bottom:0px;margin-left:0px;padding-bottom:var(--wp--preset--spacing--20);font-size:clamp(28.836px, 1.802rem + ((1vw - 3.2px) * 1.721), 50px);font-style:normal;font-weight:400;line-height:1.2;text-transform:uppercase\">Themenmahlzeiten <span>im Restaurant im M\u00e9doc<\/span><\/h2>\n\n\n\n<p class=\"has-custom-color-3-color has-text-color has-link-color wp-elements-c6988577627d7d9638bfe9daede9b0ed\" style=\"line-height:1.9\">W\u00e4hrend der gesamten Saison bietet Ihnen unser Restaurant im M\u00e9doc <strong>gesellige Themenabende<\/strong>: Miesmuscheln mit Pommes frites, Riesenplancha, Barbecue&#8230; Festliche Momente, die <strong>Gro\u00df und Klein<\/strong> an gro\u00dfen Tischen <strong>zusammenbringen<\/strong>. Diese gastronomischen Veranstaltungen tragen zur herzlichen Atmosph\u00e4re des Campingplatzes bei und erm\u00f6glichen es Ihnen, <g id=\"gid_2\">die lokalen Geschm\u00e4cker zu entdecken<\/g> und mit anderen zu teilen. Denken Sie daran zu reservieren, um sich Ihren Platz zu sichern!  <br\/><\/p>\n<\/div>\n\n\n\n<div class=\"wp-block-column left is-layout-flow wp-block-column-is-layout-flow\" style=\"flex-basis:50%\">\n<div class=\"wp-block-group is-layout-flow wp-block-group-is-layout-flow\">\n<div class=\"wp-block-group is-layout-flow wp-block-group-is-layout-flow\">\n<figure class=\"wp-block-image size-full is-resized gt-gsap-fadeIn\"><img decoding=\"async\" width=\"942\" height=\"900\" src=\"https:\/\/www.camping-des-familles.com\/wp-content\/uploads\/2025\/10\/soiree-barbecue-grill.jpg\" alt=\"Grillabend\" class=\"wp-image-1281\" style=\"width:auto;height:900px\" srcset=\"https:\/\/www.camping-des-familles.com\/wp-content\/uploads\/2025\/10\/soiree-barbecue-grill.jpg 942w, https:\/\/www.camping-des-familles.com\/wp-content\/uploads\/2025\/10\/soiree-barbecue-grill-300x287.jpg 300w, https:\/\/www.camping-des-familles.com\/wp-content\/uploads\/2025\/10\/soiree-barbecue-grill-768x734.jpg 768w\" sizes=\"(max-width: 942px) 100vw, 942px\" \/><\/figure>\n<\/div>\n<\/div>\n<\/div>\n<\/div>\n<\/section>\n\n<section class=\"wp-block-group page-maillage has-global-padding is-layout-constrained wp-block-group-is-layout-constrained\">\n<div class=\"wp-block-group is-horizontal is-layout-flex wp-container-core-group-is-layout-1b39ef27 wp-block-group-is-layout-flex\">\n<figure class=\"wp-block-image size-large\" style=\"margin-top:0px;margin-right:0px;margin-bottom:0px;margin-left:0px\"><img decoding=\"async\" width=\"63\" height=\"94\" src=\"https:\/\/www.camping-des-familles.com\/wp-content\/uploads\/2025\/09\/Vector-24.svg\" alt=\"Vector (24)\" class=\"wp-image-653\" style=\"object-fit:cover\"\/><\/figure>\n\n\n\n<div class=\"wp-block-group h1-like has-custom-color-1-color has-text-color has-link-color wp-elements-a65dd8a31a5727be7e8dcee245d02aca has-global-padding is-layout-constrained wp-block-group-is-layout-constrained\">\n<p class=\"has-custom-color-3-color has-text-color has-link-color has-pp-woodland-font-family wp-elements-21762bca99b5bccee91083d318731624\" style=\"font-size:clamp(52.9px, 3.306rem + ((1vw - 3.2px) * 4.398), 107px);font-style:normal;font-weight:200;text-transform:uppercase\">Entdecken Sie<br\/><span>Dienstleistungen, Wasser und Unterhaltung<\/span><\/p>\n<\/div>\n<\/div>\n\n\n\n<div class=\"wp-block-query is-layout-flow wp-block-query-is-layout-flow\"><ul class=\"animated fadeInUp wp-block-post-template is-layout-flow wp-block-post-template-is-layout-flow\"><li class=\"wp-block-post post-2514 page type-page status-publish has-post-thumbnail hentry\">\n\n<figure class=\"wp-block-image\"><img decoding=\"async\" src=\"https:\/\/www.camping-des-familles.com\/wp-content\/uploads\/2025\/10\/piscine-camping-des-familles.jpg\" alt=\"Schwimmbad Familiencamping\"\/><\/figure>\n\n\n\n<p class=\"has-text-align-center has-base-2-color has-text-color has-link-color has-pp-woodland-font-family wp-elements-6ced9490183e5f4edfb72dbec622f35f\" style=\"font-size:clamp(18.959px, 1.185rem + ((1vw - 3.2px) * 0.898), 30px);text-transform:uppercase\">Wasserpark<\/p>\n\n\n<a class=\"is-style-lien-cover wp-block-read-more\" href=\"https:\/\/www.camping-des-familles.com\/de\/campingplatz-mit-beheiztem-schwimmbad-grayan-et-l-hopital\/\" target=\"_self\">Weiterlesen<span class=\"screen-reader-text\">: Wasserpark<\/span><\/a>\n<\/li><li class=\"wp-block-post post-2521 page type-page status-publish has-post-thumbnail hentry\">\n\n<figure class=\"wp-block-image\"><img decoding=\"async\" src=\"https:\/\/www.camping-des-familles.com\/wp-content\/uploads\/2025\/10\/Zumba-au-camping-medoc-e1759409631954.jpg\" alt=\"Zumba auf dem Campingplatz Medoc\"\/><\/figure>\n\n\n\n<p class=\"has-text-align-center has-base-2-color has-text-color has-link-color has-pp-woodland-font-family wp-elements-6ced9490183e5f4edfb72dbec622f35f\" style=\"font-size:clamp(18.959px, 1.185rem + ((1vw - 3.2px) * 0.898), 30px);text-transform:uppercase\">Unsere Animationen<\/p>\n\n\n<a class=\"is-style-lien-cover wp-block-read-more\" href=\"https:\/\/www.camping-des-familles.com\/de\/campingplatz-animation-grayan-et-l-hopital\/\" target=\"_self\">Weiterlesen<span class=\"screen-reader-text\">: Unsere Animationen<\/span><\/a>\n<\/li><li class=\"wp-block-post post-2567 page type-page status-publish has-post-thumbnail hentry\">\n\n<figure class=\"wp-block-image\"><img decoding=\"async\" src=\"https:\/\/www.camping-des-familles.com\/wp-content\/uploads\/2025\/10\/epicerie-a-proximite-du-camping-medoc.jpg\" alt=\"Lebensmittelgesch\u00e4ft in der N\u00e4he des Campingplatzes M\u00e9doc\"\/><\/figure>\n\n\n\n<p class=\"has-text-align-center has-base-2-color has-text-color has-link-color has-pp-woodland-font-family wp-elements-6ced9490183e5f4edfb72dbec622f35f\" style=\"font-size:clamp(18.959px, 1.185rem + ((1vw - 3.2px) * 0.898), 30px);text-transform:uppercase\">Unsere Dienstleistungen<\/p>\n\n\n<a class=\"is-style-lien-cover wp-block-read-more\" href=\"https:\/\/www.camping-des-familles.com\/de\/campingplatz-dienstleistungen-grayan-et-l-hopital\/\" target=\"_self\">Weiterlesen<span class=\"screen-reader-text\">: Unsere Dienstleistungen<\/span><\/a>\n<\/li><\/ul><\/div>\n<\/section>\n","protected":false},"excerpt":{"rendered":"<p>Bar-Restaurant in der N\u00e4he von Soulac-sur-Mer Da Urlaub auch mit Gaumenfreuden verbunden ist, bietet Ihnen der Camping des Familles Ecolodge ein geselliges und schmackhaftes Restaurantangebot. Unser Bar-Restaurant in der N\u00e4he von Soulac-sur-Mer empf\u00e4ngt Sie zu einfachen und leckeren Mahlzeiten. In einer entspannten und famili\u00e4ren Atmosph\u00e4re genie\u00dfen Sie abwechslungsreiche, hausgemachte Gerichte, die Sie auf der Terrasse [&hellip;]<\/p>\n","protected":false},"author":1,"featured_media":2546,"parent":0,"menu_order":0,"comment_status":"closed","ping_status":"closed","template":"","meta":{"_acf_changed":false,"_seopress_robots_primary_cat":"","_seopress_titles_title":"Restaurant in der N\u00e4he von Soulac-sur-Mer | Bar, Restaurant M\u00e9doc","_seopress_titles_desc":"Genie\u00dfen Sie hausgemachte Gerichte im Bar-Restaurant des Camping des Familles in der N\u00e4he von Soulac-sur-Mer: Fr\u00fchst\u00fcck, Abendessen, Gerichte zum Mitnehmen und Themenabende im M\u00e9doc.","_seopress_robots_index":"","_gt_ctv_global_id":"14469","_gt_ctv_id_group":false,"inline_featured_image":false,"gt_fse_maillage_image":"https:\/\/www.camping-des-familles.com\/wp-content\/uploads\/2025\/10\/soiree-moules-frites-camping-pres-de-Soulac-sur-Mer-e1759409962301.jpg","gt_fse_maillage_titre":"Restauration","gt_fse_maillage_alt":"Abend mit Muscheln und Pommes Frites auf dem Campingplatz in der N\u00e4he von Soulac-sur-Mer","gt_fse_maillage_resume":"","_gt_maillage_image":0,"_gt_maillage_video":0,"_gt_maillage_title":"","footnotes":""},"categories":[],"tags":[],"class_list":["post-2545","page","type-page","status-publish","has-post-thumbnail","hentry"],"acf":[],"_links":{"self":[{"href":"https:\/\/www.camping-des-familles.com\/de\/wp-json\/wp\/v2\/pages\/2545","targetHints":{"allow":["GET"]}}],"collection":[{"href":"https:\/\/www.camping-des-familles.com\/de\/wp-json\/wp\/v2\/pages"}],"about":[{"href":"https:\/\/www.camping-des-familles.com\/de\/wp-json\/wp\/v2\/types\/page"}],"author":[{"embeddable":true,"href":"https:\/\/www.camping-des-familles.com\/de\/wp-json\/wp\/v2\/users\/1"}],"replies":[{"embeddable":true,"href":"https:\/\/www.camping-des-familles.com\/de\/wp-json\/wp\/v2\/comments?post=2545"}],"version-history":[{"count":15,"href":"https:\/\/www.camping-des-familles.com\/de\/wp-json\/wp\/v2\/pages\/2545\/revisions"}],"predecessor-version":[{"id":4370,"href":"https:\/\/www.camping-des-familles.com\/de\/wp-json\/wp\/v2\/pages\/2545\/revisions\/4370"}],"wp:featuredmedia":[{"embeddable":true,"href":"https:\/\/www.camping-des-familles.com\/de\/wp-json\/wp\/v2\/media\/2546"}],"wp:attachment":[{"href":"https:\/\/www.camping-des-familles.com\/de\/wp-json\/wp\/v2\/media?parent=2545"}],"wp:term":[{"taxonomy":"category","embeddable":true,"href":"https:\/\/www.camping-des-familles.com\/de\/wp-json\/wp\/v2\/categories?post=2545"},{"taxonomy":"post_tag","embeddable":true,"href":"https:\/\/www.camping-des-familles.com\/de\/wp-json\/wp\/v2\/tags?post=2545"}],"curies":[{"name":"wp","href":"https:\/\/api.w.org\/{rel}","templated":true}]}}