{"id":2537,"date":"2025-09-22T13:59:27","date_gmt":"2025-09-22T11:59:27","guid":{"rendered":"https:\/\/www.camping-des-familles.com\/location-mobil-home-grayan-et-l-hopital\/"},"modified":"2025-12-12T11:34:14","modified_gmt":"2025-12-12T10:34:14","slug":"vermietung-mobilheim-grayan-et-l-hopital","status":"publish","type":"page","link":"https:\/\/www.camping-des-familles.com\/de\/vermietung-mobilheim-grayan-et-l-hopital\/","title":{"rendered":"Vermietung"},"content":{"rendered":"\n<section class=\"wp-block-group alignfull gt-reveal fiche-content page-hebergement has-global-padding is-layout-constrained wp-container-core-group-is-layout-0ce4e8f2 wp-block-group-is-layout-constrained\" style=\"padding-top:var(--wp--preset--spacing--30);padding-bottom:var(--wp--preset--spacing--30)\">\n<h1 class=\"wp-block-heading has-text-align-center full-width has-damirone-font-family has-custom-color-1-color has-text-color\" style=\"margin-top:0px;margin-right:0px;margin-bottom:0px;margin-left:0px;padding-bottom:var(--wp--preset--spacing--20);font-size:clamp(28.836px, 1.802rem + ((1vw - 3.2px) * 1.721), 50px);font-style:normal;font-weight:400;line-height:1.2;text-transform:uppercase\"><span>Vermietung von Cottage<\/span> <br\/>im M\u00e9doc<\/h1>\n\n\n\n<p class=\"has-text-align-center has-custom-color-3-color has-text-color has-link-color gt-no-padding-mobile wp-elements-d2a748cacd8f6087220c029c5af8d074\" style=\"padding-right:var(--wp--preset--spacing--60);padding-left:var(--wp--preset--spacing--60);line-height:1.9\">Entdecken Sie unsere <strong>komfortablen Unterk\u00fcnfte <\/strong>f\u00fcr einen Urlaub in v\u00f6lliger Freiheit in einem Cottage zur Miete im M\u00e9doc. Inmitten eines 2 Hektar gro\u00dfen Parks mit B\u00e4umen bietet Ihnen der Camping des Familles Ecolodge verschiedene Unterk\u00fcnfte f\u00fcr alle Bed\u00fcrfnisse: <g id=\"gid_1\">Paare<\/g>, <g id=\"gid_2\">Familien<\/g>, <g id=\"gid_3\">Surfer <\/g>oder <g id=\"gid_4\">Wanderer<\/g>. Unser <a href=\"https:\/\/www.camping-des-familles.com\/de\/\" data-type=\"page\" data-id=\"8\">Campingplatz in der N\u00e4he von Soulac-sur-Mer<\/a> liegt nur <strong>5 km vom Strand entfernt<\/strong> und garantiert Ihnen einen ruhigen und erholsamen Aufenthalt in der N\u00e4he von <strong>Aktivit\u00e4ten und Gesch\u00e4ften<\/strong>. Sie profitieren von einer funktionellen Unterkunft in einer <strong>gr\u00fcnen Umgebung<\/strong>, <strong>in Harmonie mit der Umwelt<\/strong>.     <br\/><\/p>\n\n\n\n<div class=\"wp-block-group has-global-padding is-layout-constrained wp-block-group-is-layout-constrained\" style=\"padding-top:var(--wp--preset--spacing--40);padding-bottom:var(--wp--preset--spacing--40)\">\n<div\n    class=\"gt-hebergements-filtres gt-hebergements-filtres--accordeons  gt-hebergements-filtres--grid wp-block-gt-gt-fse-hebergements\"    data-wp-interactive=\"gt\/fse\/filtres\"\n    data-wp-on--keydown=\"actions.handleKeydown\"\n    data-wp-on-document--click=\"actions.outsideClick\"\n    data-wp-context='{\"isSidebar\":false,\"isSidebarOpen\":true,\"isStickyButton\":false,\"isAccordeon\":true}'>\n    <div class=\"gt-hebergements-actions\">\n        \n        <button\n            class=\"gt-hebergements-open-button \"\n            data-wp-on--click=\"actions.toggleSidebar\"\n            data-wp-bind--aria-expanded=\"context.isSidebarOpen\"\n            data-wp-class--active=\"state.activeCheckboxes\"\n            style=\"display:flex;align-items:center;gap:0;flex-direction:row;\">\n                        <span class=\"gt-hebergements-label-button\">Filtres<\/span>\n            <span\n                data-wp-text=\"state.activeCheckboxes\"\n                data-wp-bind--hidden=\"!state.activeCheckboxes\"><\/span>\n        <\/button>\n\n        <div data-wp-bind--hidden=\"!state.activeCheckboxes\">\n            <button\n                class=\"gt-hebergements-reset-button\"\n                data-wp-on--click=\"actions.clearAllFilters\">\n                <i class=\"fas fa-undo-alt\"><\/i>\n                Zur\u00fccksetzen            <\/button>\n        <\/div>\n    <\/div>\n\n    <div\n        class=\"gt-hebergements-filtres__sidebar\"\n        data-wp-bind--hidden=\"!context.isSidebarOpen\"\n        data-wp-class--opened=\"context.isSidebarOpen\"\n\n                style=\"grid-template-columns: repeat(auto-fit, minmax(3rem, 1fr))\"\n        >\n                                                            <div\n                    class=\"gt-hebergements-filtre closed\"\n                    data-gt-filtre-name=\"capacities\"\n                    data-gt-cookie=\"gtCapacities\"\n                    aria-expanded=\"\"\n                    data-gt-filtre-operator=\"&gt;=\">\n\n                                        <p\n                        class=\"gt-hebergements-filtre__name\"\n                        data-wp-on--click=\"actions.toggleFilter\"\n                        style=\"\n                            background-color: #84765f;\n                            color: #f9f3ee;\n                            border-radius: 0px;\n                            padding: 0.5rem 1rem 0.5rem 1rem;\n                        \">\n                        <span>\n                            Anzahl der Personen                            <span\n                                class=\"gt-hebergements-filtre__count\"\n                                data-wp-bind--hidden=\"!state.count.capacities\"\n                                data-wp-text=\"state.count.capacities\"\n                                hidden>\n                            <\/span>\n                        <\/span>\n                    <\/p>\n                    <div\n                        class=\"gt-hebergements-filtre__content\"\n                        style=\"\n                            background-color: #84765f;\n                            color: #f9f3ee;\n                            border-radius: 0px;\n                            padding: 0.5rem 1rem 0.5rem 1rem;\n                        \">\n                        <label>\n                            <input\n                                type=\"checkbox\"\n                                name=\"capacities[]\"\n                                data-wp-on--click=\"actions.clearFilter\"\n                                value=\"\"\n                                checked \/>\n                            <span class=\"custom-checkbox\"><\/span>\n                            Alle                        <\/label>\n\n                                                                                <label>\n                                <input\n                                    type=\"checkbox\"\n                                    name=\"capacities[]\"\n                                    data-wp-on--click=\"actions.runFilters\"\n                                    value=\"45\"\n                                     \/>\n                                <span class=\"custom-checkbox\"><\/span>\n                                1                                                            <\/label>\n                                                                                <label>\n                                <input\n                                    type=\"checkbox\"\n                                    name=\"capacities[]\"\n                                    data-wp-on--click=\"actions.runFilters\"\n                                    value=\"38\"\n                                     \/>\n                                <span class=\"custom-checkbox\"><\/span>\n                                2                                                            <\/label>\n                                                                                <label>\n                                <input\n                                    type=\"checkbox\"\n                                    name=\"capacities[]\"\n                                    data-wp-on--click=\"actions.runFilters\"\n                                    value=\"39\"\n                                     \/>\n                                <span class=\"custom-checkbox\"><\/span>\n                                3                                                            <\/label>\n                                                                                <label>\n                                <input\n                                    type=\"checkbox\"\n                                    name=\"capacities[]\"\n                                    data-wp-on--click=\"actions.runFilters\"\n                                    value=\"25\"\n                                     \/>\n                                <span class=\"custom-checkbox\"><\/span>\n                                4                                                            <\/label>\n                                                                                <label>\n                                <input\n                                    type=\"checkbox\"\n                                    name=\"capacities[]\"\n                                    data-wp-on--click=\"actions.runFilters\"\n                                    value=\"40\"\n                                     \/>\n                                <span class=\"custom-checkbox\"><\/span>\n                                5                                                            <\/label>\n                                                                                <label>\n                                <input\n                                    type=\"checkbox\"\n                                    name=\"capacities[]\"\n                                    data-wp-on--click=\"actions.runFilters\"\n                                    value=\"33\"\n                                     \/>\n                                <span class=\"custom-checkbox\"><\/span>\n                                6                                                            <\/label>\n                                            <\/div>\n                <\/div>\n                                                                                                                                                <div\n                    class=\"gt-hebergements-filtre closed\"\n                    data-gt-filtre-name=\"rooms\"\n                    data-gt-cookie=\"gtRooms\"\n                    aria-expanded=\"\"\n                    data-gt-filtre-operator=\"OR\">\n\n                                        <p\n                        class=\"gt-hebergements-filtre__name\"\n                        data-wp-on--click=\"actions.toggleFilter\"\n                        style=\"\n                            background-color: #84765f;\n                            color: #f9f3ee;\n                            border-radius: 0px;\n                            padding: 0.5rem 1rem 0.5rem 1rem;\n                        \">\n                        <span>\n                            Anzahl der Zimmer                            <span\n                                class=\"gt-hebergements-filtre__count\"\n                                data-wp-bind--hidden=\"!state.count.rooms\"\n                                data-wp-text=\"state.count.rooms\"\n                                hidden>\n                            <\/span>\n                        <\/span>\n                    <\/p>\n                    <div\n                        class=\"gt-hebergements-filtre__content\"\n                        style=\"\n                            background-color: #84765f;\n                            color: #f9f3ee;\n                            border-radius: 0px;\n                            padding: 0.5rem 1rem 0.5rem 1rem;\n                        \">\n                        <label>\n                            <input\n                                type=\"checkbox\"\n                                name=\"rooms[]\"\n                                data-wp-on--click=\"actions.clearFilter\"\n                                value=\"\"\n                                checked \/>\n                            <span class=\"custom-checkbox\"><\/span>\n                            Alle                        <\/label>\n\n                                                                                <label>\n                                <input\n                                    type=\"checkbox\"\n                                    name=\"rooms[]\"\n                                    data-wp-on--click=\"actions.runFilters\"\n                                    value=\"26\"\n                                     \/>\n                                <span class=\"custom-checkbox\"><\/span>\n                                2                                                            <\/label>\n                                                                                <label>\n                                <input\n                                    type=\"checkbox\"\n                                    name=\"rooms[]\"\n                                    data-wp-on--click=\"actions.runFilters\"\n                                    value=\"34\"\n                                     \/>\n                                <span class=\"custom-checkbox\"><\/span>\n                                3                                                            <\/label>\n                                            <\/div>\n                <\/div>\n                                                                <div\n                    class=\"gt-hebergements-filtre closed\"\n                    data-gt-filtre-name=\"bathrooms\"\n                    data-gt-cookie=\"gtBathrooms\"\n                    aria-expanded=\"\"\n                    data-gt-filtre-operator=\"OR\">\n\n                                        <p\n                        class=\"gt-hebergements-filtre__name\"\n                        data-wp-on--click=\"actions.toggleFilter\"\n                        style=\"\n                            background-color: #84765f;\n                            color: #f9f3ee;\n                            border-radius: 0px;\n                            padding: 0.5rem 1rem 0.5rem 1rem;\n                        \">\n                        <span>\n                            Anzahl der Badezimmer                            <span\n                                class=\"gt-hebergements-filtre__count\"\n                                data-wp-bind--hidden=\"!state.count.bathrooms\"\n                                data-wp-text=\"state.count.bathrooms\"\n                                hidden>\n                            <\/span>\n                        <\/span>\n                    <\/p>\n                    <div\n                        class=\"gt-hebergements-filtre__content\"\n                        style=\"\n                            background-color: #84765f;\n                            color: #f9f3ee;\n                            border-radius: 0px;\n                            padding: 0.5rem 1rem 0.5rem 1rem;\n                        \">\n                        <label>\n                            <input\n                                type=\"checkbox\"\n                                name=\"bathrooms[]\"\n                                data-wp-on--click=\"actions.clearFilter\"\n                                value=\"\"\n                                checked \/>\n                            <span class=\"custom-checkbox\"><\/span>\n                            Alle                        <\/label>\n\n                                                                                <label>\n                                <input\n                                    type=\"checkbox\"\n                                    name=\"bathrooms[]\"\n                                    data-wp-on--click=\"actions.runFilters\"\n                                    value=\"27\"\n                                     \/>\n                                <span class=\"custom-checkbox\"><\/span>\n                                1                                                            <\/label>\n                                                                                <label>\n                                <input\n                                    type=\"checkbox\"\n                                    name=\"bathrooms[]\"\n                                    data-wp-on--click=\"actions.runFilters\"\n                                    value=\"37\"\n                                     \/>\n                                <span class=\"custom-checkbox\"><\/span>\n                                2                                                            <\/label>\n                                            <\/div>\n                <\/div>\n                                            <\/div>\n<\/div>\n\n\n<div data-wp-context=\"{}\" data-wp-interactive=\"core\/query\" data-wp-key=\"1\" data-wp-router-region=\"query-1\" class=\"wp-block-query alignwide gt-fse-hebergements is-layout-flow wp-block-query-is-layout-flow gt-fse-widgets-ctv-open-product\"><ul class=\"columns-3 wp-block-post-template is-layout-grid wp-container-core-post-template-is-layout-6d3fbd8f wp-block-post-template-is-layout-grid gt-fse-widgets-ctv-open-product\"><li data-gt-Thelis-product-id=\"\" data-gt-bathrooms=\"37\" data-gt-campings=\"\" data-gt-capacities=\"33\" data-gt-ctv-product-id=\"111958\" data-gt-gammes=\"\" data-gt-options=\"\" data-gt-rooms=\"34\" data-gt-superficies=\"36\" data-gt-types=\"24\" data-wp-key=\"post-template-item-2703\" class=\"wp-block-post post-2703 hebergement type-hebergement status-publish has-post-thumbnail hentry gt-hebergements-types-locatifs gt-hebergements-nombre-personnes-33 gt-hebergements-nombre-chambres-34 gt-hebergements-nombre-sdb-37 gt-hebergements-superficie-36 gt-fse-widgets-ctv-open-product\">\n<figure style=\"aspect-ratio:4\/3;\" class=\"hebergement-featured-image wp-block-post-featured-image gt-fse-widgets-ctv-open-product\"><img decoding=\"async\" width=\"2560\" height=\"1419\" src=\"https:\/\/www.camping-des-familles.com\/wp-content\/uploads\/2025\/12\/Premium-3ch-2sdb-scaled.jpg\" class=\"attachment-full size-full wp-post-image gt-fse-widgets-ctv-open-product\" alt=\"Premium 3Sch 2sdb\" style=\"border-radius:0px;width:100%;height:100%;object-fit:cover;\" srcset=\"https:\/\/www.camping-des-familles.com\/wp-content\/uploads\/2025\/12\/Premium-3ch-2sdb-scaled.jpg 2560w, https:\/\/www.camping-des-familles.com\/wp-content\/uploads\/2025\/12\/Premium-3ch-2sdb-300x166.jpg 300w, https:\/\/www.camping-des-familles.com\/wp-content\/uploads\/2025\/12\/Premium-3ch-2sdb-1024x567.jpg 1024w, https:\/\/www.camping-des-familles.com\/wp-content\/uploads\/2025\/12\/Premium-3ch-2sdb-768x426.jpg 768w, https:\/\/www.camping-des-familles.com\/wp-content\/uploads\/2025\/12\/Premium-3ch-2sdb-1536x851.jpg 1536w, https:\/\/www.camping-des-familles.com\/wp-content\/uploads\/2025\/12\/Premium-3ch-2sdb-2048x1135.jpg 2048w\" sizes=\"(max-width: 2560px) 100vw, 2560px\" \/><\/figure>\n\n\n<div class=\"wp-block-group gt-hebergement-content is-content-justification-center is-nowrap is-layout-flex wp-container-core-group-is-layout-dad6e7c6 wp-block-group-is-layout-flex gt-fse-widgets-ctv-open-product\" style=\"padding-top:var(--wp--preset--spacing--10);padding-right:var(--wp--preset--spacing--10);padding-bottom:var(--wp--preset--spacing--10);padding-left:var(--wp--preset--spacing--10)\">\n<div class=\"wp-block-group has-global-padding is-layout-constrained wp-block-group-is-layout-constrained gt-fse-widgets-ctv-open-product\">\n<p class=\"has-text-align-left hebergement-title has-custom-color-1-color has-text-color has-link-color has-pp-woodland-font-family wp-elements-ad327c4a8e76e78cdeb84c30899babdd gt-fse-widgets-ctv-open-product\" style=\"font-size:clamp(1.119rem, 1.119rem + ((1vw - 0.2rem) * 0.821), 1.75rem);\">Cottage Familien<\/p>\n<\/div>\n<\/div>\n\n\n\n<div class=\"wp-block-group gt-hebergement-foot is-layout-flow wp-container-core-group-is-layout-a77db08e wp-block-group-is-layout-flow gt-fse-widgets-ctv-open-product\">\n\n\n<div class=\"wp-block-group is-content-justification-center is-layout-flex wp-container-core-group-is-layout-266b37b4 wp-block-group-is-layout-flex gt-fse-widgets-ctv-open-product\" style=\"margin-top:0;margin-bottom:var(--wp--preset--spacing--20)\">\n<div class=\"wp-block-group hebergement-info is-horizontal is-content-justification-center is-nowrap is-layout-flex wp-container-core-group-is-layout-8d39ddb4 wp-block-group-is-layout-flex gt-fse-widgets-ctv-open-product\">\n<figure class=\"wp-block-image size-medium is-resized wp-duotone-unset-1 gt-fse-widgets-ctv-open-product\"><img decoding=\"async\" src=\"https:\/\/fermedes4chenes.fr\/wp-content\/uploads\/2024\/12\/utilisateur.svg\" alt=\"Benutzer\" class=\"wp-image-2009 gt-fse-widgets-ctv-open-product\" style=\"width:25px\"\/><\/figure>\n\n\n\n<div class=\"wp-block-group is-nowrap is-layout-flex wp-container-core-group-is-layout-4b0a85f0 wp-block-group-is-layout-flex gt-fse-widgets-ctv-open-product\"><div class=\"taxonomy-gt-hebergements-nombre-personnes wp-block-post-terms gt-fse-widgets-ctv-open-product\"><span class=\"gt-fse-widgets-ctv-open-product\"><span class=\"gt-hebergements-option-name gt-fse-widgets-ctv-open-product\">6<\/span><\/span><\/div>\n\n\n<p class=\"gt-fse-widgets-ctv-open-product\">Pers.<\/p>\n<\/div>\n<\/div>\n\n\n\n<div class=\"wp-block-group hebergement-info is-horizontal is-content-justification-center is-nowrap is-layout-flex wp-container-core-group-is-layout-8d39ddb4 wp-block-group-is-layout-flex gt-fse-widgets-ctv-open-product\">\n<figure class=\"wp-block-image size-full is-resized wp-duotone-unset-2 gt-fse-widgets-ctv-open-product\"><img decoding=\"async\" src=\"https:\/\/fermedes4chenes.fr\/wp-content\/uploads\/2024\/12\/lit.svg\" alt=\"Bett\" class=\"wp-image-1999 gt-fse-widgets-ctv-open-product\" style=\"width:25px\"\/><\/figure>\n\n\n\n<div class=\"wp-block-group is-nowrap is-layout-flex wp-container-core-group-is-layout-4b0a85f0 wp-block-group-is-layout-flex gt-fse-widgets-ctv-open-product\"><div class=\"taxonomy-gt-hebergements-nombre-chambres wp-block-post-terms gt-fse-widgets-ctv-open-product\"><span class=\"gt-fse-widgets-ctv-open-product\"><span class=\"gt-hebergements-option-name gt-fse-widgets-ctv-open-product\">3<\/span><\/span><\/div>\n\n\n<p class=\"gt-fse-widgets-ctv-open-product\">Zi.<\/p>\n<\/div>\n<\/div>\n\n\n\n<div class=\"wp-block-group hebergement-info is-horizontal is-content-justification-center is-nowrap is-layout-flex wp-container-core-group-is-layout-8d39ddb4 wp-block-group-is-layout-flex gt-fse-widgets-ctv-open-product\">\n<figure class=\"wp-block-image size-medium is-resized gt-fse-widgets-ctv-open-product\"><img decoding=\"async\" src=\"https:\/\/fermedes4chenes.fr\/wp-content\/uploads\/2024\/12\/surface.svg\" alt=\"Oberfl&#xE4;che\" class=\"wp-image-1994 gt-fse-widgets-ctv-open-product\" style=\"width:25px\"\/><\/figure>\n\n\n\n<div class=\"wp-block-group is-nowrap is-layout-flex wp-container-core-group-is-layout-4b0a85f0 wp-block-group-is-layout-flex gt-fse-widgets-ctv-open-product\"><div class=\"taxonomy-gt-hebergements-superficie wp-block-post-terms gt-fse-widgets-ctv-open-product\"><span class=\"gt-fse-widgets-ctv-open-product\"><span class=\"gt-hebergements-option-name gt-fse-widgets-ctv-open-product\">36<\/span><\/span><\/div>\n\n\n<p class=\"gt-fse-widgets-ctv-open-product\"><sup class=\"gt-fse-widgets-ctv-open-product\">m2<\/sup><\/p>\n<\/div>\n<\/div>\n\n\n\n<div class=\"wp-block-group hebergement-info is-horizontal is-content-justification-center is-nowrap is-layout-flex wp-container-core-group-is-layout-8d39ddb4 wp-block-group-is-layout-flex gt-fse-widgets-ctv-open-product\">\n<figure class=\"wp-block-image size-medium is-resized gt-fse-widgets-ctv-open-product\"><img decoding=\"async\" width=\"512\" height=\"512\" src=\"https:\/\/www.camping-des-familles.com\/wp-content\/uploads\/2025\/12\/douche.svg\" alt=\"Dusche\" class=\"wp-image-4660 gt-fse-widgets-ctv-open-product\" style=\"width:25px\"\/><\/figure>\n\n\n\n<div class=\"wp-block-group is-nowrap is-layout-flex wp-container-core-group-is-layout-4b0a85f0 wp-block-group-is-layout-flex gt-fse-widgets-ctv-open-product\"><div class=\"taxonomy-gt-hebergements-nombre-sdb wp-block-post-terms gt-fse-widgets-ctv-open-product\"><span class=\"gt-fse-widgets-ctv-open-product\"><span class=\"gt-hebergements-option-name gt-fse-widgets-ctv-open-product\">2<\/span><\/span><\/div>\n\n\n<p class=\"gt-fse-widgets-ctv-open-product\">Bdz.<\/p>\n<\/div>\n<\/div>\n<\/div>\n<\/div>\n\n<\/li><li data-gt-Thelis-product-id=\"\" data-gt-bathrooms=\"27\" data-gt-campings=\"\" data-gt-capacities=\"33\" data-gt-ctv-product-id=\"81606\" data-gt-gammes=\"\" data-gt-options=\"\" data-gt-rooms=\"34\" data-gt-superficies=\"36\" data-gt-types=\"24\" data-wp-key=\"post-template-item-2676\" class=\"wp-block-post post-2676 hebergement type-hebergement status-publish has-post-thumbnail hentry gt-hebergements-types-locatifs gt-hebergements-nombre-personnes-33 gt-hebergements-nombre-chambres-34 gt-hebergements-nombre-sdb-27 gt-hebergements-superficie-36 gt-fse-widgets-ctv-open-product\">\n<figure style=\"aspect-ratio:4\/3;\" class=\"hebergement-featured-image wp-block-post-featured-image gt-fse-widgets-ctv-open-product\"><img decoding=\"async\" width=\"972\" height=\"729\" src=\"https:\/\/www.camping-des-familles.com\/wp-content\/uploads\/2025\/10\/Mobilhome-PREMIUM-3-CH-6-PERS-36m\u00b2-TV-CLIM-LV-DRAPS-inclus-a-la-semaine.png\" class=\"attachment-full size-full wp-post-image gt-fse-widgets-ctv-open-product\" alt=\"Mobilheim PREMIUM 3 ZIMMER - 6 PERS 36m\u00b2 - TV + KLIMA + LV + DRAPS (pro Woche im Preis inbegriffen)\" style=\"border-radius:0px;width:100%;height:100%;object-fit:cover;\" srcset=\"https:\/\/www.camping-des-familles.com\/wp-content\/uploads\/2025\/10\/Mobilhome-PREMIUM-3-CH-6-PERS-36m\u00b2-TV-CLIM-LV-DRAPS-inclus-a-la-semaine.png 972w, https:\/\/www.camping-des-familles.com\/wp-content\/uploads\/2025\/10\/Mobilhome-PREMIUM-3-CH-6-PERS-36m\u00b2-TV-CLIM-LV-DRAPS-inclus-a-la-semaine-300x225.png 300w, https:\/\/www.camping-des-familles.com\/wp-content\/uploads\/2025\/10\/Mobilhome-PREMIUM-3-CH-6-PERS-36m\u00b2-TV-CLIM-LV-DRAPS-inclus-a-la-semaine-768x576.png 768w\" sizes=\"(max-width: 972px) 100vw, 972px\" \/><\/figure>\n\n\n<div class=\"wp-block-group gt-hebergement-content is-content-justification-center is-nowrap is-layout-flex wp-container-core-group-is-layout-dad6e7c6 wp-block-group-is-layout-flex gt-fse-widgets-ctv-open-product\" style=\"padding-top:var(--wp--preset--spacing--10);padding-right:var(--wp--preset--spacing--10);padding-bottom:var(--wp--preset--spacing--10);padding-left:var(--wp--preset--spacing--10)\">\n<div class=\"wp-block-group has-global-padding is-layout-constrained wp-block-group-is-layout-constrained gt-fse-widgets-ctv-open-product\">\n<p class=\"has-text-align-left hebergement-title has-custom-color-1-color has-text-color has-link-color has-pp-woodland-font-family wp-elements-ad327c4a8e76e78cdeb84c30899babdd gt-fse-widgets-ctv-open-product\" style=\"font-size:clamp(1.119rem, 1.119rem + ((1vw - 0.2rem) * 0.821), 1.75rem);\">Cottage Familien<\/p>\n<\/div>\n<\/div>\n\n\n\n<div class=\"wp-block-group gt-hebergement-foot is-layout-flow wp-container-core-group-is-layout-a77db08e wp-block-group-is-layout-flow gt-fse-widgets-ctv-open-product\">\n\n\n<div class=\"wp-block-group is-content-justification-center is-layout-flex wp-container-core-group-is-layout-266b37b4 wp-block-group-is-layout-flex gt-fse-widgets-ctv-open-product\" style=\"margin-top:0;margin-bottom:var(--wp--preset--spacing--20)\">\n<div class=\"wp-block-group hebergement-info is-horizontal is-content-justification-center is-nowrap is-layout-flex wp-container-core-group-is-layout-8d39ddb4 wp-block-group-is-layout-flex gt-fse-widgets-ctv-open-product\">\n<figure class=\"wp-block-image size-medium is-resized wp-duotone-unset-3 gt-fse-widgets-ctv-open-product\"><img decoding=\"async\" src=\"https:\/\/fermedes4chenes.fr\/wp-content\/uploads\/2024\/12\/utilisateur.svg\" alt=\"Benutzer\" class=\"wp-image-2009 gt-fse-widgets-ctv-open-product\" style=\"width:25px\"\/><\/figure>\n\n\n\n<div class=\"wp-block-group is-nowrap is-layout-flex wp-container-core-group-is-layout-4b0a85f0 wp-block-group-is-layout-flex gt-fse-widgets-ctv-open-product\"><div class=\"taxonomy-gt-hebergements-nombre-personnes wp-block-post-terms gt-fse-widgets-ctv-open-product\"><span class=\"gt-fse-widgets-ctv-open-product\"><span class=\"gt-hebergements-option-name gt-fse-widgets-ctv-open-product\">6<\/span><\/span><\/div>\n\n\n<p class=\"gt-fse-widgets-ctv-open-product\">Pers.<\/p>\n<\/div>\n<\/div>\n\n\n\n<div class=\"wp-block-group hebergement-info is-horizontal is-content-justification-center is-nowrap is-layout-flex wp-container-core-group-is-layout-8d39ddb4 wp-block-group-is-layout-flex gt-fse-widgets-ctv-open-product\">\n<figure class=\"wp-block-image size-full is-resized wp-duotone-unset-4 gt-fse-widgets-ctv-open-product\"><img decoding=\"async\" src=\"https:\/\/fermedes4chenes.fr\/wp-content\/uploads\/2024\/12\/lit.svg\" alt=\"Bett\" class=\"wp-image-1999 gt-fse-widgets-ctv-open-product\" style=\"width:25px\"\/><\/figure>\n\n\n\n<div class=\"wp-block-group is-nowrap is-layout-flex wp-container-core-group-is-layout-4b0a85f0 wp-block-group-is-layout-flex gt-fse-widgets-ctv-open-product\"><div class=\"taxonomy-gt-hebergements-nombre-chambres wp-block-post-terms gt-fse-widgets-ctv-open-product\"><span class=\"gt-fse-widgets-ctv-open-product\"><span class=\"gt-hebergements-option-name gt-fse-widgets-ctv-open-product\">3<\/span><\/span><\/div>\n\n\n<p class=\"gt-fse-widgets-ctv-open-product\">Zi.<\/p>\n<\/div>\n<\/div>\n\n\n\n<div class=\"wp-block-group hebergement-info is-horizontal is-content-justification-center is-nowrap is-layout-flex wp-container-core-group-is-layout-8d39ddb4 wp-block-group-is-layout-flex gt-fse-widgets-ctv-open-product\">\n<figure class=\"wp-block-image size-medium is-resized gt-fse-widgets-ctv-open-product\"><img decoding=\"async\" src=\"https:\/\/fermedes4chenes.fr\/wp-content\/uploads\/2024\/12\/surface.svg\" alt=\"Oberfl&#xE4;che\" class=\"wp-image-1994 gt-fse-widgets-ctv-open-product\" style=\"width:25px\"\/><\/figure>\n\n\n\n<div class=\"wp-block-group is-nowrap is-layout-flex wp-container-core-group-is-layout-4b0a85f0 wp-block-group-is-layout-flex gt-fse-widgets-ctv-open-product\"><div class=\"taxonomy-gt-hebergements-superficie wp-block-post-terms gt-fse-widgets-ctv-open-product\"><span class=\"gt-fse-widgets-ctv-open-product\"><span class=\"gt-hebergements-option-name gt-fse-widgets-ctv-open-product\">36<\/span><\/span><\/div>\n\n\n<p class=\"gt-fse-widgets-ctv-open-product\"><sup class=\"gt-fse-widgets-ctv-open-product\">m2<\/sup><\/p>\n<\/div>\n<\/div>\n\n\n\n<div class=\"wp-block-group hebergement-info is-horizontal is-content-justification-center is-nowrap is-layout-flex wp-container-core-group-is-layout-8d39ddb4 wp-block-group-is-layout-flex gt-fse-widgets-ctv-open-product\">\n<figure class=\"wp-block-image size-medium is-resized gt-fse-widgets-ctv-open-product\"><img decoding=\"async\" width=\"512\" height=\"512\" src=\"https:\/\/www.camping-des-familles.com\/wp-content\/uploads\/2025\/12\/douche.svg\" alt=\"Dusche\" class=\"wp-image-4660 gt-fse-widgets-ctv-open-product\" style=\"width:25px\"\/><\/figure>\n\n\n\n<div class=\"wp-block-group is-nowrap is-layout-flex wp-container-core-group-is-layout-4b0a85f0 wp-block-group-is-layout-flex gt-fse-widgets-ctv-open-product\"><div class=\"taxonomy-gt-hebergements-nombre-sdb wp-block-post-terms gt-fse-widgets-ctv-open-product\"><span class=\"gt-fse-widgets-ctv-open-product\"><span class=\"gt-hebergements-option-name gt-fse-widgets-ctv-open-product\">1<\/span><\/span><\/div>\n\n\n<p class=\"gt-fse-widgets-ctv-open-product\">Bdz.<\/p>\n<\/div>\n<\/div>\n<\/div>\n<\/div>\n\n<\/li><li data-gt-Thelis-product-id=\"\" data-gt-bathrooms=\"27\" data-gt-campings=\"\" data-gt-capacities=\"25\" data-gt-ctv-product-id=\"124149\" data-gt-gammes=\"\" data-gt-options=\"47,48,46\" data-gt-rooms=\"26\" data-gt-superficies=\"30\" data-gt-types=\"24\" data-wp-key=\"post-template-item-2731\" class=\"wp-block-post post-2731 hebergement type-hebergement status-publish has-post-thumbnail hentry gt-hebergements-options-clim gt-hebergements-options-lave-vaisselle gt-hebergements-options-tv gt-hebergements-types-locatifs gt-hebergements-nombre-personnes-25 gt-hebergements-nombre-chambres-26 gt-hebergements-nombre-sdb-27 gt-hebergements-superficie-30 gt-fse-widgets-ctv-open-product\">\n<figure style=\"aspect-ratio:4\/3;\" class=\"hebergement-featured-image wp-block-post-featured-image gt-fse-widgets-ctv-open-product\"><img decoding=\"async\" width=\"2560\" height=\"1541\" src=\"https:\/\/www.camping-des-familles.com\/wp-content\/uploads\/2025\/10\/premium-2ch-D-scaled.jpg\" class=\"attachment-full size-full wp-post-image gt-fse-widgets-ctv-open-product\" alt=\"premium 2Zi D\" style=\"border-radius:0px;width:100%;height:100%;object-fit:cover;\" srcset=\"https:\/\/www.camping-des-familles.com\/wp-content\/uploads\/2025\/10\/premium-2ch-D-scaled.jpg 2560w, https:\/\/www.camping-des-familles.com\/wp-content\/uploads\/2025\/10\/premium-2ch-D-300x181.jpg 300w, https:\/\/www.camping-des-familles.com\/wp-content\/uploads\/2025\/10\/premium-2ch-D-1024x616.jpg 1024w, https:\/\/www.camping-des-familles.com\/wp-content\/uploads\/2025\/10\/premium-2ch-D-768x462.jpg 768w, https:\/\/www.camping-des-familles.com\/wp-content\/uploads\/2025\/10\/premium-2ch-D-1536x925.jpg 1536w, https:\/\/www.camping-des-familles.com\/wp-content\/uploads\/2025\/10\/premium-2ch-D-2048x1233.jpg 2048w\" sizes=\"(max-width: 2560px) 100vw, 2560px\" \/><\/figure>\n\n\n<div class=\"wp-block-group gt-hebergement-content is-content-justification-center is-nowrap is-layout-flex wp-container-core-group-is-layout-dad6e7c6 wp-block-group-is-layout-flex gt-fse-widgets-ctv-open-product\" style=\"padding-top:var(--wp--preset--spacing--10);padding-right:var(--wp--preset--spacing--10);padding-bottom:var(--wp--preset--spacing--10);padding-left:var(--wp--preset--spacing--10)\">\n<div class=\"wp-block-group has-global-padding is-layout-constrained wp-block-group-is-layout-constrained gt-fse-widgets-ctv-open-product\">\n<p class=\"has-text-align-left hebergement-title has-custom-color-1-color has-text-color has-link-color has-pp-woodland-font-family wp-elements-ad327c4a8e76e78cdeb84c30899babdd gt-fse-widgets-ctv-open-product\" style=\"font-size:clamp(1.119rem, 1.119rem + ((1vw - 0.2rem) * 0.821), 1.75rem);\">Cottage Familien<\/p>\n<\/div>\n<\/div>\n\n\n\n<div class=\"wp-block-group gt-hebergement-foot is-layout-flow wp-container-core-group-is-layout-a77db08e wp-block-group-is-layout-flow gt-fse-widgets-ctv-open-product\"><div class=\"taxonomy-gt-hebergements-options wp-block-post-terms gt-fse-widgets-ctv-open-product\"><span class=\"option-clim gt-fse-widgets-ctv-open-product\"><img decoding=\"async\" class=\"gt-hebergements-option-icon gt-fse-widgets-ctv-open-product\" src=\"https:\/\/www.camping-des-familles.com\/wp-content\/uploads\/2025\/12\/climatisation.svg\" alt=\"Clim\" style=\"display: inline-block; width: 1.5rem; height: 1.5rem; margin-right: 0.5rem; vertical-align: middle;\" \/><span class=\"gt-hebergements-option-name gt-fse-widgets-ctv-open-product\">Clim<\/span><\/span><span class=\"wp-block-post-terms__separator gt-fse-widgets-ctv-open-product\">, <\/span><span class=\"option-lave-vaisselle gt-fse-widgets-ctv-open-product\"><img decoding=\"async\" class=\"gt-hebergements-option-icon gt-fse-widgets-ctv-open-product\" src=\"https:\/\/www.camping-des-familles.com\/wp-content\/uploads\/2025\/12\/lave-vaisselle.svg\" alt=\"Lave-vaisselle\" style=\"display: inline-block; width: 1.5rem; height: 1.5rem; margin-right: 0.5rem; vertical-align: middle;\" \/><span class=\"gt-hebergements-option-name gt-fse-widgets-ctv-open-product\">Lave-vaisselle<\/span><\/span><span class=\"wp-block-post-terms__separator gt-fse-widgets-ctv-open-product\">, <\/span><span class=\"option-tv gt-fse-widgets-ctv-open-product\"><img decoding=\"async\" class=\"gt-hebergements-option-icon gt-fse-widgets-ctv-open-product\" src=\"https:\/\/www.camping-des-familles.com\/wp-content\/uploads\/2025\/12\/moniteur-tv.svg\" alt=\"TV\" style=\"display: inline-block; width: 1.5rem; height: 1.5rem; margin-right: 0.5rem; vertical-align: middle;\" \/><span class=\"gt-hebergements-option-name gt-fse-widgets-ctv-open-product\">TV<\/span><\/span><\/div>\n\n\n<div class=\"wp-block-group is-content-justification-center is-layout-flex wp-container-core-group-is-layout-266b37b4 wp-block-group-is-layout-flex gt-fse-widgets-ctv-open-product\" style=\"margin-top:0;margin-bottom:var(--wp--preset--spacing--20)\">\n<div class=\"wp-block-group hebergement-info is-horizontal is-content-justification-center is-nowrap is-layout-flex wp-container-core-group-is-layout-8d39ddb4 wp-block-group-is-layout-flex gt-fse-widgets-ctv-open-product\">\n<figure class=\"wp-block-image size-medium is-resized wp-duotone-unset-5 gt-fse-widgets-ctv-open-product\"><img decoding=\"async\" src=\"https:\/\/fermedes4chenes.fr\/wp-content\/uploads\/2024\/12\/utilisateur.svg\" alt=\"Benutzer\" class=\"wp-image-2009 gt-fse-widgets-ctv-open-product\" style=\"width:25px\"\/><\/figure>\n\n\n\n<div class=\"wp-block-group is-nowrap is-layout-flex wp-container-core-group-is-layout-4b0a85f0 wp-block-group-is-layout-flex gt-fse-widgets-ctv-open-product\"><div class=\"taxonomy-gt-hebergements-nombre-personnes wp-block-post-terms gt-fse-widgets-ctv-open-product\"><span class=\"gt-fse-widgets-ctv-open-product\"><span class=\"gt-hebergements-option-name gt-fse-widgets-ctv-open-product\">4<\/span><\/span><\/div>\n\n\n<p class=\"gt-fse-widgets-ctv-open-product\">Pers.<\/p>\n<\/div>\n<\/div>\n\n\n\n<div class=\"wp-block-group hebergement-info is-horizontal is-content-justification-center is-nowrap is-layout-flex wp-container-core-group-is-layout-8d39ddb4 wp-block-group-is-layout-flex gt-fse-widgets-ctv-open-product\">\n<figure class=\"wp-block-image size-full is-resized wp-duotone-unset-6 gt-fse-widgets-ctv-open-product\"><img decoding=\"async\" src=\"https:\/\/fermedes4chenes.fr\/wp-content\/uploads\/2024\/12\/lit.svg\" alt=\"Bett\" class=\"wp-image-1999 gt-fse-widgets-ctv-open-product\" style=\"width:25px\"\/><\/figure>\n\n\n\n<div class=\"wp-block-group is-nowrap is-layout-flex wp-container-core-group-is-layout-4b0a85f0 wp-block-group-is-layout-flex gt-fse-widgets-ctv-open-product\"><div class=\"taxonomy-gt-hebergements-nombre-chambres wp-block-post-terms gt-fse-widgets-ctv-open-product\"><span class=\"gt-fse-widgets-ctv-open-product\"><span class=\"gt-hebergements-option-name gt-fse-widgets-ctv-open-product\">2<\/span><\/span><\/div>\n\n\n<p class=\"gt-fse-widgets-ctv-open-product\">Zi.<\/p>\n<\/div>\n<\/div>\n\n\n\n<div class=\"wp-block-group hebergement-info is-horizontal is-content-justification-center is-nowrap is-layout-flex wp-container-core-group-is-layout-8d39ddb4 wp-block-group-is-layout-flex gt-fse-widgets-ctv-open-product\">\n<figure class=\"wp-block-image size-medium is-resized gt-fse-widgets-ctv-open-product\"><img decoding=\"async\" src=\"https:\/\/fermedes4chenes.fr\/wp-content\/uploads\/2024\/12\/surface.svg\" alt=\"Oberfl&#xE4;che\" class=\"wp-image-1994 gt-fse-widgets-ctv-open-product\" style=\"width:25px\"\/><\/figure>\n\n\n\n<div class=\"wp-block-group is-nowrap is-layout-flex wp-container-core-group-is-layout-4b0a85f0 wp-block-group-is-layout-flex gt-fse-widgets-ctv-open-product\"><div class=\"taxonomy-gt-hebergements-superficie wp-block-post-terms gt-fse-widgets-ctv-open-product\"><span class=\"gt-fse-widgets-ctv-open-product\"><span class=\"gt-hebergements-option-name gt-fse-widgets-ctv-open-product\">32<\/span><\/span><\/div>\n\n\n<p class=\"gt-fse-widgets-ctv-open-product\"><sup class=\"gt-fse-widgets-ctv-open-product\">m2<\/sup><\/p>\n<\/div>\n<\/div>\n\n\n\n<div class=\"wp-block-group hebergement-info is-horizontal is-content-justification-center is-nowrap is-layout-flex wp-container-core-group-is-layout-8d39ddb4 wp-block-group-is-layout-flex gt-fse-widgets-ctv-open-product\">\n<figure class=\"wp-block-image size-medium is-resized gt-fse-widgets-ctv-open-product\"><img decoding=\"async\" width=\"512\" height=\"512\" src=\"https:\/\/www.camping-des-familles.com\/wp-content\/uploads\/2025\/12\/douche.svg\" alt=\"Dusche\" class=\"wp-image-4660 gt-fse-widgets-ctv-open-product\" style=\"width:25px\"\/><\/figure>\n\n\n\n<div class=\"wp-block-group is-nowrap is-layout-flex wp-container-core-group-is-layout-4b0a85f0 wp-block-group-is-layout-flex gt-fse-widgets-ctv-open-product\"><div class=\"taxonomy-gt-hebergements-nombre-sdb wp-block-post-terms gt-fse-widgets-ctv-open-product\"><span class=\"gt-fse-widgets-ctv-open-product\"><span class=\"gt-hebergements-option-name gt-fse-widgets-ctv-open-product\">1<\/span><\/span><\/div>\n\n\n<p class=\"gt-fse-widgets-ctv-open-product\">Bdz.<\/p>\n<\/div>\n<\/div>\n<\/div>\n<\/div>\n\n<\/li><li data-gt-Thelis-product-id=\"\" data-gt-bathrooms=\"27\" data-gt-campings=\"\" data-gt-capacities=\"25\" data-gt-ctv-product-id=\"111636\" data-gt-gammes=\"\" data-gt-options=\"47,48,46\" data-gt-rooms=\"26\" data-gt-superficies=\"30\" data-gt-types=\"24\" data-wp-key=\"post-template-item-2724\" class=\"wp-block-post post-2724 hebergement type-hebergement status-publish has-post-thumbnail hentry gt-hebergements-options-clim gt-hebergements-options-lave-vaisselle gt-hebergements-options-tv gt-hebergements-types-locatifs gt-hebergements-nombre-personnes-25 gt-hebergements-nombre-chambres-26 gt-hebergements-nombre-sdb-27 gt-hebergements-superficie-30 gt-fse-widgets-ctv-open-product\">\n<figure style=\"aspect-ratio:4\/3;\" class=\"hebergement-featured-image wp-block-post-featured-image gt-fse-widgets-ctv-open-product\"><img decoding=\"async\" width=\"2560\" height=\"1541\" src=\"https:\/\/www.camping-des-familles.com\/wp-content\/uploads\/2025\/10\/premium-2ch-D-scaled.jpg\" class=\"attachment-full size-full wp-post-image gt-fse-widgets-ctv-open-product\" alt=\"premium 2Zi D\" style=\"border-radius:0px;width:100%;height:100%;object-fit:cover;\" srcset=\"https:\/\/www.camping-des-familles.com\/wp-content\/uploads\/2025\/10\/premium-2ch-D-scaled.jpg 2560w, https:\/\/www.camping-des-familles.com\/wp-content\/uploads\/2025\/10\/premium-2ch-D-300x181.jpg 300w, https:\/\/www.camping-des-familles.com\/wp-content\/uploads\/2025\/10\/premium-2ch-D-1024x616.jpg 1024w, https:\/\/www.camping-des-familles.com\/wp-content\/uploads\/2025\/10\/premium-2ch-D-768x462.jpg 768w, https:\/\/www.camping-des-familles.com\/wp-content\/uploads\/2025\/10\/premium-2ch-D-1536x925.jpg 1536w, https:\/\/www.camping-des-familles.com\/wp-content\/uploads\/2025\/10\/premium-2ch-D-2048x1233.jpg 2048w\" sizes=\"(max-width: 2560px) 100vw, 2560px\" \/><\/figure>\n\n\n<div class=\"wp-block-group gt-hebergement-content is-content-justification-center is-nowrap is-layout-flex wp-container-core-group-is-layout-dad6e7c6 wp-block-group-is-layout-flex gt-fse-widgets-ctv-open-product\" style=\"padding-top:var(--wp--preset--spacing--10);padding-right:var(--wp--preset--spacing--10);padding-bottom:var(--wp--preset--spacing--10);padding-left:var(--wp--preset--spacing--10)\">\n<div class=\"wp-block-group has-global-padding is-layout-constrained wp-block-group-is-layout-constrained gt-fse-widgets-ctv-open-product\">\n<p class=\"has-text-align-left hebergement-title has-custom-color-1-color has-text-color has-link-color has-pp-woodland-font-family wp-elements-ad327c4a8e76e78cdeb84c30899babdd gt-fse-widgets-ctv-open-product\" style=\"font-size:clamp(1.119rem, 1.119rem + ((1vw - 0.2rem) * 0.821), 1.75rem);\">Cottage Familien<\/p>\n<\/div>\n<\/div>\n\n\n\n<div class=\"wp-block-group gt-hebergement-foot is-layout-flow wp-container-core-group-is-layout-a77db08e wp-block-group-is-layout-flow gt-fse-widgets-ctv-open-product\"><div class=\"taxonomy-gt-hebergements-options wp-block-post-terms gt-fse-widgets-ctv-open-product\"><span class=\"option-clim gt-fse-widgets-ctv-open-product\"><img decoding=\"async\" class=\"gt-hebergements-option-icon gt-fse-widgets-ctv-open-product\" src=\"https:\/\/www.camping-des-familles.com\/wp-content\/uploads\/2025\/12\/climatisation.svg\" alt=\"Clim\" style=\"display: inline-block; width: 1.5rem; height: 1.5rem; margin-right: 0.5rem; vertical-align: middle;\" \/><span class=\"gt-hebergements-option-name gt-fse-widgets-ctv-open-product\">Clim<\/span><\/span><span class=\"wp-block-post-terms__separator gt-fse-widgets-ctv-open-product\">, <\/span><span class=\"option-lave-vaisselle gt-fse-widgets-ctv-open-product\"><img decoding=\"async\" class=\"gt-hebergements-option-icon gt-fse-widgets-ctv-open-product\" src=\"https:\/\/www.camping-des-familles.com\/wp-content\/uploads\/2025\/12\/lave-vaisselle.svg\" alt=\"Lave-vaisselle\" style=\"display: inline-block; width: 1.5rem; height: 1.5rem; margin-right: 0.5rem; vertical-align: middle;\" \/><span class=\"gt-hebergements-option-name gt-fse-widgets-ctv-open-product\">Lave-vaisselle<\/span><\/span><span class=\"wp-block-post-terms__separator gt-fse-widgets-ctv-open-product\">, <\/span><span class=\"option-tv gt-fse-widgets-ctv-open-product\"><img decoding=\"async\" class=\"gt-hebergements-option-icon gt-fse-widgets-ctv-open-product\" src=\"https:\/\/www.camping-des-familles.com\/wp-content\/uploads\/2025\/12\/moniteur-tv.svg\" alt=\"TV\" style=\"display: inline-block; width: 1.5rem; height: 1.5rem; margin-right: 0.5rem; vertical-align: middle;\" \/><span class=\"gt-hebergements-option-name gt-fse-widgets-ctv-open-product\">TV<\/span><\/span><\/div>\n\n\n<div class=\"wp-block-group is-content-justification-center is-layout-flex wp-container-core-group-is-layout-266b37b4 wp-block-group-is-layout-flex gt-fse-widgets-ctv-open-product\" style=\"margin-top:0;margin-bottom:var(--wp--preset--spacing--20)\">\n<div class=\"wp-block-group hebergement-info is-horizontal is-content-justification-center is-nowrap is-layout-flex wp-container-core-group-is-layout-8d39ddb4 wp-block-group-is-layout-flex gt-fse-widgets-ctv-open-product\">\n<figure class=\"wp-block-image size-medium is-resized wp-duotone-unset-7 gt-fse-widgets-ctv-open-product\"><img decoding=\"async\" src=\"https:\/\/fermedes4chenes.fr\/wp-content\/uploads\/2024\/12\/utilisateur.svg\" alt=\"Benutzer\" class=\"wp-image-2009 gt-fse-widgets-ctv-open-product\" style=\"width:25px\"\/><\/figure>\n\n\n\n<div class=\"wp-block-group is-nowrap is-layout-flex wp-container-core-group-is-layout-4b0a85f0 wp-block-group-is-layout-flex gt-fse-widgets-ctv-open-product\"><div class=\"taxonomy-gt-hebergements-nombre-personnes wp-block-post-terms gt-fse-widgets-ctv-open-product\"><span class=\"gt-fse-widgets-ctv-open-product\"><span class=\"gt-hebergements-option-name gt-fse-widgets-ctv-open-product\">4<\/span><\/span><\/div>\n\n\n<p class=\"gt-fse-widgets-ctv-open-product\">Pers.<\/p>\n<\/div>\n<\/div>\n\n\n\n<div class=\"wp-block-group hebergement-info is-horizontal is-content-justification-center is-nowrap is-layout-flex wp-container-core-group-is-layout-8d39ddb4 wp-block-group-is-layout-flex gt-fse-widgets-ctv-open-product\">\n<figure class=\"wp-block-image size-full is-resized wp-duotone-unset-8 gt-fse-widgets-ctv-open-product\"><img decoding=\"async\" src=\"https:\/\/fermedes4chenes.fr\/wp-content\/uploads\/2024\/12\/lit.svg\" alt=\"Bett\" class=\"wp-image-1999 gt-fse-widgets-ctv-open-product\" style=\"width:25px\"\/><\/figure>\n\n\n\n<div class=\"wp-block-group is-nowrap is-layout-flex wp-container-core-group-is-layout-4b0a85f0 wp-block-group-is-layout-flex gt-fse-widgets-ctv-open-product\"><div class=\"taxonomy-gt-hebergements-nombre-chambres wp-block-post-terms gt-fse-widgets-ctv-open-product\"><span class=\"gt-fse-widgets-ctv-open-product\"><span class=\"gt-hebergements-option-name gt-fse-widgets-ctv-open-product\">2<\/span><\/span><\/div>\n\n\n<p class=\"gt-fse-widgets-ctv-open-product\">Zi.<\/p>\n<\/div>\n<\/div>\n\n\n\n<div class=\"wp-block-group hebergement-info is-horizontal is-content-justification-center is-nowrap is-layout-flex wp-container-core-group-is-layout-8d39ddb4 wp-block-group-is-layout-flex gt-fse-widgets-ctv-open-product\">\n<figure class=\"wp-block-image size-medium is-resized gt-fse-widgets-ctv-open-product\"><img decoding=\"async\" src=\"https:\/\/fermedes4chenes.fr\/wp-content\/uploads\/2024\/12\/surface.svg\" alt=\"Oberfl&#xE4;che\" class=\"wp-image-1994 gt-fse-widgets-ctv-open-product\" style=\"width:25px\"\/><\/figure>\n\n\n\n<div class=\"wp-block-group is-nowrap is-layout-flex wp-container-core-group-is-layout-4b0a85f0 wp-block-group-is-layout-flex gt-fse-widgets-ctv-open-product\"><div class=\"taxonomy-gt-hebergements-superficie wp-block-post-terms gt-fse-widgets-ctv-open-product\"><span class=\"gt-fse-widgets-ctv-open-product\"><span class=\"gt-hebergements-option-name gt-fse-widgets-ctv-open-product\">32<\/span><\/span><\/div>\n\n\n<p class=\"gt-fse-widgets-ctv-open-product\"><sup class=\"gt-fse-widgets-ctv-open-product\">m2<\/sup><\/p>\n<\/div>\n<\/div>\n\n\n\n<div class=\"wp-block-group hebergement-info is-horizontal is-content-justification-center is-nowrap is-layout-flex wp-container-core-group-is-layout-8d39ddb4 wp-block-group-is-layout-flex gt-fse-widgets-ctv-open-product\">\n<figure class=\"wp-block-image size-medium is-resized gt-fse-widgets-ctv-open-product\"><img decoding=\"async\" width=\"512\" height=\"512\" src=\"https:\/\/www.camping-des-familles.com\/wp-content\/uploads\/2025\/12\/douche.svg\" alt=\"Dusche\" class=\"wp-image-4660 gt-fse-widgets-ctv-open-product\" style=\"width:25px\"\/><\/figure>\n\n\n\n<div class=\"wp-block-group is-nowrap is-layout-flex wp-container-core-group-is-layout-4b0a85f0 wp-block-group-is-layout-flex gt-fse-widgets-ctv-open-product\"><div class=\"taxonomy-gt-hebergements-nombre-sdb wp-block-post-terms gt-fse-widgets-ctv-open-product\"><span class=\"gt-fse-widgets-ctv-open-product\"><span class=\"gt-hebergements-option-name gt-fse-widgets-ctv-open-product\">1<\/span><\/span><\/div>\n\n\n<p class=\"gt-fse-widgets-ctv-open-product\">Bdz.<\/p>\n<\/div>\n<\/div>\n<\/div>\n<\/div>\n\n<\/li><li data-gt-Thelis-product-id=\"\" data-gt-bathrooms=\"27\" data-gt-campings=\"\" data-gt-capacities=\"25\" data-gt-ctv-product-id=\"72811\" data-gt-gammes=\"\" data-gt-options=\"\" data-gt-rooms=\"26\" data-gt-superficies=\"30\" data-gt-types=\"24\" data-wp-key=\"post-template-item-2683\" class=\"wp-block-post post-2683 hebergement type-hebergement status-publish has-post-thumbnail hentry gt-hebergements-types-locatifs gt-hebergements-nombre-personnes-25 gt-hebergements-nombre-chambres-26 gt-hebergements-nombre-sdb-27 gt-hebergements-superficie-30 gt-fse-widgets-ctv-open-product\">\n<figure style=\"aspect-ratio:4\/3;\" class=\"hebergement-featured-image wp-block-post-featured-image gt-fse-widgets-ctv-open-product\"><img decoding=\"async\" width=\"2000\" height=\"1500\" src=\"https:\/\/www.camping-des-familles.com\/wp-content\/uploads\/2025\/10\/LODGE-2-CH-4-PERS-32m\u00b2.jpg\" class=\"attachment-full size-full wp-post-image gt-fse-widgets-ctv-open-product\" alt=\"LODGE 2 CH - 4 PERS 32m\u00b2.\" style=\"border-radius:0px;width:100%;height:100%;object-fit:cover;\" srcset=\"https:\/\/www.camping-des-familles.com\/wp-content\/uploads\/2025\/10\/LODGE-2-CH-4-PERS-32m\u00b2.jpg 2000w, https:\/\/www.camping-des-familles.com\/wp-content\/uploads\/2025\/10\/LODGE-2-CH-4-PERS-32m\u00b2-300x225.jpg 300w, https:\/\/www.camping-des-familles.com\/wp-content\/uploads\/2025\/10\/LODGE-2-CH-4-PERS-32m\u00b2-1024x768.jpg 1024w, https:\/\/www.camping-des-familles.com\/wp-content\/uploads\/2025\/10\/LODGE-2-CH-4-PERS-32m\u00b2-768x576.jpg 768w, https:\/\/www.camping-des-familles.com\/wp-content\/uploads\/2025\/10\/LODGE-2-CH-4-PERS-32m\u00b2-1536x1152.jpg 1536w\" sizes=\"(max-width: 2000px) 100vw, 2000px\" \/><\/figure>\n\n\n<div class=\"wp-block-group gt-hebergement-content is-content-justification-center is-nowrap is-layout-flex wp-container-core-group-is-layout-dad6e7c6 wp-block-group-is-layout-flex gt-fse-widgets-ctv-open-product\" style=\"padding-top:var(--wp--preset--spacing--10);padding-right:var(--wp--preset--spacing--10);padding-bottom:var(--wp--preset--spacing--10);padding-left:var(--wp--preset--spacing--10)\">\n<div class=\"wp-block-group has-global-padding is-layout-constrained wp-block-group-is-layout-constrained gt-fse-widgets-ctv-open-product\">\n<p class=\"has-text-align-left hebergement-title has-custom-color-1-color has-text-color has-link-color has-pp-woodland-font-family wp-elements-ad327c4a8e76e78cdeb84c30899babdd gt-fse-widgets-ctv-open-product\" style=\"font-size:clamp(1.119rem, 1.119rem + ((1vw - 0.2rem) * 0.821), 1.75rem);\">Ecolodge<\/p>\n<\/div>\n<\/div>\n\n\n\n<div class=\"wp-block-group gt-hebergement-foot is-layout-flow wp-container-core-group-is-layout-a77db08e wp-block-group-is-layout-flow gt-fse-widgets-ctv-open-product\">\n\n\n<div class=\"wp-block-group is-content-justification-center is-layout-flex wp-container-core-group-is-layout-266b37b4 wp-block-group-is-layout-flex gt-fse-widgets-ctv-open-product\" style=\"margin-top:0;margin-bottom:var(--wp--preset--spacing--20)\">\n<div class=\"wp-block-group hebergement-info is-horizontal is-content-justification-center is-nowrap is-layout-flex wp-container-core-group-is-layout-8d39ddb4 wp-block-group-is-layout-flex gt-fse-widgets-ctv-open-product\">\n<figure class=\"wp-block-image size-medium is-resized wp-duotone-unset-9 gt-fse-widgets-ctv-open-product\"><img decoding=\"async\" src=\"https:\/\/fermedes4chenes.fr\/wp-content\/uploads\/2024\/12\/utilisateur.svg\" alt=\"Benutzer\" class=\"wp-image-2009 gt-fse-widgets-ctv-open-product\" style=\"width:25px\"\/><\/figure>\n\n\n\n<div class=\"wp-block-group is-nowrap is-layout-flex wp-container-core-group-is-layout-4b0a85f0 wp-block-group-is-layout-flex gt-fse-widgets-ctv-open-product\"><div class=\"taxonomy-gt-hebergements-nombre-personnes wp-block-post-terms gt-fse-widgets-ctv-open-product\"><span class=\"gt-fse-widgets-ctv-open-product\"><span class=\"gt-hebergements-option-name gt-fse-widgets-ctv-open-product\">4<\/span><\/span><\/div>\n\n\n<p class=\"gt-fse-widgets-ctv-open-product\">Pers.<\/p>\n<\/div>\n<\/div>\n\n\n\n<div class=\"wp-block-group hebergement-info is-horizontal is-content-justification-center is-nowrap is-layout-flex wp-container-core-group-is-layout-8d39ddb4 wp-block-group-is-layout-flex gt-fse-widgets-ctv-open-product\">\n<figure class=\"wp-block-image size-full is-resized wp-duotone-unset-10 gt-fse-widgets-ctv-open-product\"><img decoding=\"async\" src=\"https:\/\/fermedes4chenes.fr\/wp-content\/uploads\/2024\/12\/lit.svg\" alt=\"Bett\" class=\"wp-image-1999 gt-fse-widgets-ctv-open-product\" style=\"width:25px\"\/><\/figure>\n\n\n\n<div class=\"wp-block-group is-nowrap is-layout-flex wp-container-core-group-is-layout-4b0a85f0 wp-block-group-is-layout-flex gt-fse-widgets-ctv-open-product\"><div class=\"taxonomy-gt-hebergements-nombre-chambres wp-block-post-terms gt-fse-widgets-ctv-open-product\"><span class=\"gt-fse-widgets-ctv-open-product\"><span class=\"gt-hebergements-option-name gt-fse-widgets-ctv-open-product\">2<\/span><\/span><\/div>\n\n\n<p class=\"gt-fse-widgets-ctv-open-product\">Zi.<\/p>\n<\/div>\n<\/div>\n\n\n\n<div class=\"wp-block-group hebergement-info is-horizontal is-content-justification-center is-nowrap is-layout-flex wp-container-core-group-is-layout-8d39ddb4 wp-block-group-is-layout-flex gt-fse-widgets-ctv-open-product\">\n<figure class=\"wp-block-image size-medium is-resized gt-fse-widgets-ctv-open-product\"><img decoding=\"async\" src=\"https:\/\/fermedes4chenes.fr\/wp-content\/uploads\/2024\/12\/surface.svg\" alt=\"Oberfl&#xE4;che\" class=\"wp-image-1994 gt-fse-widgets-ctv-open-product\" style=\"width:25px\"\/><\/figure>\n\n\n\n<div class=\"wp-block-group is-nowrap is-layout-flex wp-container-core-group-is-layout-4b0a85f0 wp-block-group-is-layout-flex gt-fse-widgets-ctv-open-product\"><div class=\"taxonomy-gt-hebergements-superficie wp-block-post-terms gt-fse-widgets-ctv-open-product\"><span class=\"gt-fse-widgets-ctv-open-product\"><span class=\"gt-hebergements-option-name gt-fse-widgets-ctv-open-product\">32<\/span><\/span><\/div>\n\n\n<p class=\"gt-fse-widgets-ctv-open-product\"><sup class=\"gt-fse-widgets-ctv-open-product\">m2<\/sup><\/p>\n<\/div>\n<\/div>\n\n\n\n<div class=\"wp-block-group hebergement-info is-horizontal is-content-justification-center is-nowrap is-layout-flex wp-container-core-group-is-layout-8d39ddb4 wp-block-group-is-layout-flex gt-fse-widgets-ctv-open-product\">\n<figure class=\"wp-block-image size-medium is-resized gt-fse-widgets-ctv-open-product\"><img decoding=\"async\" width=\"512\" height=\"512\" src=\"https:\/\/www.camping-des-familles.com\/wp-content\/uploads\/2025\/12\/douche.svg\" alt=\"Dusche\" class=\"wp-image-4660 gt-fse-widgets-ctv-open-product\" style=\"width:25px\"\/><\/figure>\n\n\n\n<div class=\"wp-block-group is-nowrap is-layout-flex wp-container-core-group-is-layout-4b0a85f0 wp-block-group-is-layout-flex gt-fse-widgets-ctv-open-product\"><div class=\"taxonomy-gt-hebergements-nombre-sdb wp-block-post-terms gt-fse-widgets-ctv-open-product\"><span class=\"gt-fse-widgets-ctv-open-product\"><span class=\"gt-hebergements-option-name gt-fse-widgets-ctv-open-product\">1<\/span><\/span><\/div>\n\n\n<p class=\"gt-fse-widgets-ctv-open-product\">Bdz.<\/p>\n<\/div>\n<\/div>\n<\/div>\n<\/div>\n\n<\/li><li data-gt-Thelis-product-id=\"\" data-gt-bathrooms=\"27\" data-gt-campings=\"\" data-gt-capacities=\"25\" data-gt-ctv-product-id=\"111609\" data-gt-gammes=\"\" data-gt-options=\"\" data-gt-rooms=\"26\" data-gt-superficies=\"30\" data-gt-types=\"24\" data-wp-key=\"post-template-item-2707\" class=\"wp-block-post post-2707 hebergement type-hebergement status-publish has-post-thumbnail hentry gt-hebergements-types-locatifs gt-hebergements-nombre-personnes-25 gt-hebergements-nombre-chambres-26 gt-hebergements-nombre-sdb-27 gt-hebergements-superficie-30 gt-fse-widgets-ctv-open-product\">\n<figure style=\"aspect-ratio:4\/3;\" class=\"hebergement-featured-image wp-block-post-featured-image gt-fse-widgets-ctv-open-product\"><img decoding=\"async\" width=\"2000\" height=\"1656\" src=\"https:\/\/www.camping-des-familles.com\/wp-content\/uploads\/2025\/10\/ecolodge-camping-medoc.jpg\" class=\"attachment-full size-full wp-post-image gt-fse-widgets-ctv-open-product\" alt=\"ecolodge camping m\u00e9doc\" style=\"border-radius:0px;width:100%;height:100%;object-fit:cover;\" srcset=\"https:\/\/www.camping-des-familles.com\/wp-content\/uploads\/2025\/10\/ecolodge-camping-medoc.jpg 2000w, https:\/\/www.camping-des-familles.com\/wp-content\/uploads\/2025\/10\/ecolodge-camping-medoc-300x248.jpg 300w, https:\/\/www.camping-des-familles.com\/wp-content\/uploads\/2025\/10\/ecolodge-camping-medoc-1024x848.jpg 1024w, https:\/\/www.camping-des-familles.com\/wp-content\/uploads\/2025\/10\/ecolodge-camping-medoc-768x636.jpg 768w, https:\/\/www.camping-des-familles.com\/wp-content\/uploads\/2025\/10\/ecolodge-camping-medoc-1536x1272.jpg 1536w\" sizes=\"(max-width: 2000px) 100vw, 2000px\" \/><\/figure>\n\n\n<div class=\"wp-block-group gt-hebergement-content is-content-justification-center is-nowrap is-layout-flex wp-container-core-group-is-layout-dad6e7c6 wp-block-group-is-layout-flex gt-fse-widgets-ctv-open-product\" style=\"padding-top:var(--wp--preset--spacing--10);padding-right:var(--wp--preset--spacing--10);padding-bottom:var(--wp--preset--spacing--10);padding-left:var(--wp--preset--spacing--10)\">\n<div class=\"wp-block-group has-global-padding is-layout-constrained wp-block-group-is-layout-constrained gt-fse-widgets-ctv-open-product\">\n<p class=\"has-text-align-left hebergement-title has-custom-color-1-color has-text-color has-link-color has-pp-woodland-font-family wp-elements-ad327c4a8e76e78cdeb84c30899babdd gt-fse-widgets-ctv-open-product\" style=\"font-size:clamp(1.119rem, 1.119rem + ((1vw - 0.2rem) * 0.821), 1.75rem);\">Ecolodge<\/p>\n<\/div>\n<\/div>\n\n\n\n<div class=\"wp-block-group gt-hebergement-foot is-layout-flow wp-container-core-group-is-layout-a77db08e wp-block-group-is-layout-flow gt-fse-widgets-ctv-open-product\">\n\n\n<div class=\"wp-block-group is-content-justification-center is-layout-flex wp-container-core-group-is-layout-266b37b4 wp-block-group-is-layout-flex gt-fse-widgets-ctv-open-product\" style=\"margin-top:0;margin-bottom:var(--wp--preset--spacing--20)\">\n<div class=\"wp-block-group hebergement-info is-horizontal is-content-justification-center is-nowrap is-layout-flex wp-container-core-group-is-layout-8d39ddb4 wp-block-group-is-layout-flex gt-fse-widgets-ctv-open-product\">\n<figure class=\"wp-block-image size-medium is-resized wp-duotone-unset-11 gt-fse-widgets-ctv-open-product\"><img decoding=\"async\" src=\"https:\/\/fermedes4chenes.fr\/wp-content\/uploads\/2024\/12\/utilisateur.svg\" alt=\"Benutzer\" class=\"wp-image-2009 gt-fse-widgets-ctv-open-product\" style=\"width:25px\"\/><\/figure>\n\n\n\n<div class=\"wp-block-group is-nowrap is-layout-flex wp-container-core-group-is-layout-4b0a85f0 wp-block-group-is-layout-flex gt-fse-widgets-ctv-open-product\"><div class=\"taxonomy-gt-hebergements-nombre-personnes wp-block-post-terms gt-fse-widgets-ctv-open-product\"><span class=\"gt-fse-widgets-ctv-open-product\"><span class=\"gt-hebergements-option-name gt-fse-widgets-ctv-open-product\">4<\/span><\/span><\/div>\n\n\n<p class=\"gt-fse-widgets-ctv-open-product\">Pers.<\/p>\n<\/div>\n<\/div>\n\n\n\n<div class=\"wp-block-group hebergement-info is-horizontal is-content-justification-center is-nowrap is-layout-flex wp-container-core-group-is-layout-8d39ddb4 wp-block-group-is-layout-flex gt-fse-widgets-ctv-open-product\">\n<figure class=\"wp-block-image size-full is-resized wp-duotone-unset-12 gt-fse-widgets-ctv-open-product\"><img decoding=\"async\" src=\"https:\/\/fermedes4chenes.fr\/wp-content\/uploads\/2024\/12\/lit.svg\" alt=\"Bett\" class=\"wp-image-1999 gt-fse-widgets-ctv-open-product\" style=\"width:25px\"\/><\/figure>\n\n\n\n<div class=\"wp-block-group is-nowrap is-layout-flex wp-container-core-group-is-layout-4b0a85f0 wp-block-group-is-layout-flex gt-fse-widgets-ctv-open-product\"><div class=\"taxonomy-gt-hebergements-nombre-chambres wp-block-post-terms gt-fse-widgets-ctv-open-product\"><span class=\"gt-fse-widgets-ctv-open-product\"><span class=\"gt-hebergements-option-name gt-fse-widgets-ctv-open-product\">2<\/span><\/span><\/div>\n\n\n<p class=\"gt-fse-widgets-ctv-open-product\">Zi.<\/p>\n<\/div>\n<\/div>\n\n\n\n<div class=\"wp-block-group hebergement-info is-horizontal is-content-justification-center is-nowrap is-layout-flex wp-container-core-group-is-layout-8d39ddb4 wp-block-group-is-layout-flex gt-fse-widgets-ctv-open-product\">\n<figure class=\"wp-block-image size-medium is-resized gt-fse-widgets-ctv-open-product\"><img decoding=\"async\" src=\"https:\/\/fermedes4chenes.fr\/wp-content\/uploads\/2024\/12\/surface.svg\" alt=\"Oberfl&#xE4;che\" class=\"wp-image-1994 gt-fse-widgets-ctv-open-product\" style=\"width:25px\"\/><\/figure>\n\n\n\n<div class=\"wp-block-group is-nowrap is-layout-flex wp-container-core-group-is-layout-4b0a85f0 wp-block-group-is-layout-flex gt-fse-widgets-ctv-open-product\"><div class=\"taxonomy-gt-hebergements-superficie wp-block-post-terms gt-fse-widgets-ctv-open-product\"><span class=\"gt-fse-widgets-ctv-open-product\"><span class=\"gt-hebergements-option-name gt-fse-widgets-ctv-open-product\">32<\/span><\/span><\/div>\n\n\n<p class=\"gt-fse-widgets-ctv-open-product\"><sup class=\"gt-fse-widgets-ctv-open-product\">m2<\/sup><\/p>\n<\/div>\n<\/div>\n\n\n\n<div class=\"wp-block-group hebergement-info is-horizontal is-content-justification-center is-nowrap is-layout-flex wp-container-core-group-is-layout-8d39ddb4 wp-block-group-is-layout-flex gt-fse-widgets-ctv-open-product\">\n<figure class=\"wp-block-image size-medium is-resized gt-fse-widgets-ctv-open-product\"><img decoding=\"async\" width=\"512\" height=\"512\" src=\"https:\/\/www.camping-des-familles.com\/wp-content\/uploads\/2025\/12\/douche.svg\" alt=\"Dusche\" class=\"wp-image-4660 gt-fse-widgets-ctv-open-product\" style=\"width:25px\"\/><\/figure>\n\n\n\n<div class=\"wp-block-group is-nowrap is-layout-flex wp-container-core-group-is-layout-4b0a85f0 wp-block-group-is-layout-flex gt-fse-widgets-ctv-open-product\"><div class=\"taxonomy-gt-hebergements-nombre-sdb wp-block-post-terms gt-fse-widgets-ctv-open-product\"><span class=\"gt-fse-widgets-ctv-open-product\"><span class=\"gt-hebergements-option-name gt-fse-widgets-ctv-open-product\">1<\/span><\/span><\/div>\n\n\n<p class=\"gt-fse-widgets-ctv-open-product\">Bdz.<\/p>\n<\/div>\n<\/div>\n<\/div>\n<\/div>\n\n<\/li><li data-gt-Thelis-product-id=\"\" data-gt-bathrooms=\"27\" data-gt-campings=\"\" data-gt-capacities=\"33\" data-gt-ctv-product-id=\"72814\" data-gt-gammes=\"\" data-gt-options=\"\" data-gt-rooms=\"34\" data-gt-superficies=\"35\" data-gt-types=\"24\" data-wp-key=\"post-template-item-2675\" class=\"wp-block-post post-2675 hebergement type-hebergement status-publish has-post-thumbnail hentry gt-hebergements-types-locatifs gt-hebergements-nombre-personnes-33 gt-hebergements-nombre-chambres-34 gt-hebergements-nombre-sdb-27 gt-hebergements-superficie-35 gt-fse-widgets-ctv-open-product\">\n<figure style=\"aspect-ratio:4\/3;\" class=\"hebergement-featured-image wp-block-post-featured-image gt-fse-widgets-ctv-open-product\"><img decoding=\"async\" width=\"1348\" height=\"918\" src=\"https:\/\/www.camping-des-familles.com\/wp-content\/uploads\/2025\/10\/MH-WELCOME-1.jpg\" class=\"attachment-full size-full wp-post-image gt-fse-widgets-ctv-open-product\" alt=\"MH WELCOME\" style=\"border-radius:0px;width:100%;height:100%;object-fit:cover;\" srcset=\"https:\/\/www.camping-des-familles.com\/wp-content\/uploads\/2025\/10\/MH-WELCOME-1.jpg 1348w, https:\/\/www.camping-des-familles.com\/wp-content\/uploads\/2025\/10\/MH-WELCOME-1-300x204.jpg 300w, https:\/\/www.camping-des-familles.com\/wp-content\/uploads\/2025\/10\/MH-WELCOME-1-1024x697.jpg 1024w, https:\/\/www.camping-des-familles.com\/wp-content\/uploads\/2025\/10\/MH-WELCOME-1-768x523.jpg 768w\" sizes=\"(max-width: 1348px) 100vw, 1348px\" \/><\/figure>\n\n\n<div class=\"wp-block-group gt-hebergement-content is-content-justification-center is-nowrap is-layout-flex wp-container-core-group-is-layout-dad6e7c6 wp-block-group-is-layout-flex gt-fse-widgets-ctv-open-product\" style=\"padding-top:var(--wp--preset--spacing--10);padding-right:var(--wp--preset--spacing--10);padding-bottom:var(--wp--preset--spacing--10);padding-left:var(--wp--preset--spacing--10)\">\n<div class=\"wp-block-group has-global-padding is-layout-constrained wp-block-group-is-layout-constrained gt-fse-widgets-ctv-open-product\">\n<p class=\"has-text-align-left hebergement-title has-custom-color-1-color has-text-color has-link-color has-pp-woodland-font-family wp-elements-ad327c4a8e76e78cdeb84c30899babdd gt-fse-widgets-ctv-open-product\" style=\"font-size:clamp(1.119rem, 1.119rem + ((1vw - 0.2rem) * 0.821), 1.75rem);\">Cottage des Pins<\/p>\n<\/div>\n<\/div>\n\n\n\n<div class=\"wp-block-group gt-hebergement-foot is-layout-flow wp-container-core-group-is-layout-a77db08e wp-block-group-is-layout-flow gt-fse-widgets-ctv-open-product\">\n\n\n<div class=\"wp-block-group is-content-justification-center is-layout-flex wp-container-core-group-is-layout-266b37b4 wp-block-group-is-layout-flex gt-fse-widgets-ctv-open-product\" style=\"margin-top:0;margin-bottom:var(--wp--preset--spacing--20)\">\n<div class=\"wp-block-group hebergement-info is-horizontal is-content-justification-center is-nowrap is-layout-flex wp-container-core-group-is-layout-8d39ddb4 wp-block-group-is-layout-flex gt-fse-widgets-ctv-open-product\">\n<figure class=\"wp-block-image size-medium is-resized wp-duotone-unset-13 gt-fse-widgets-ctv-open-product\"><img decoding=\"async\" src=\"https:\/\/fermedes4chenes.fr\/wp-content\/uploads\/2024\/12\/utilisateur.svg\" alt=\"Benutzer\" class=\"wp-image-2009 gt-fse-widgets-ctv-open-product\" style=\"width:25px\"\/><\/figure>\n\n\n\n<div class=\"wp-block-group is-nowrap is-layout-flex wp-container-core-group-is-layout-4b0a85f0 wp-block-group-is-layout-flex gt-fse-widgets-ctv-open-product\"><div class=\"taxonomy-gt-hebergements-nombre-personnes wp-block-post-terms gt-fse-widgets-ctv-open-product\"><span class=\"gt-fse-widgets-ctv-open-product\"><span class=\"gt-hebergements-option-name gt-fse-widgets-ctv-open-product\">6<\/span><\/span><\/div>\n\n\n<p class=\"gt-fse-widgets-ctv-open-product\">Pers.<\/p>\n<\/div>\n<\/div>\n\n\n\n<div class=\"wp-block-group hebergement-info is-horizontal is-content-justification-center is-nowrap is-layout-flex wp-container-core-group-is-layout-8d39ddb4 wp-block-group-is-layout-flex gt-fse-widgets-ctv-open-product\">\n<figure class=\"wp-block-image size-full is-resized wp-duotone-unset-14 gt-fse-widgets-ctv-open-product\"><img decoding=\"async\" src=\"https:\/\/fermedes4chenes.fr\/wp-content\/uploads\/2024\/12\/lit.svg\" alt=\"Bett\" class=\"wp-image-1999 gt-fse-widgets-ctv-open-product\" style=\"width:25px\"\/><\/figure>\n\n\n\n<div class=\"wp-block-group is-nowrap is-layout-flex wp-container-core-group-is-layout-4b0a85f0 wp-block-group-is-layout-flex gt-fse-widgets-ctv-open-product\"><div class=\"taxonomy-gt-hebergements-nombre-chambres wp-block-post-terms gt-fse-widgets-ctv-open-product\"><span class=\"gt-fse-widgets-ctv-open-product\"><span class=\"gt-hebergements-option-name gt-fse-widgets-ctv-open-product\">3<\/span><\/span><\/div>\n\n\n<p class=\"gt-fse-widgets-ctv-open-product\">Zi.<\/p>\n<\/div>\n<\/div>\n\n\n\n<div class=\"wp-block-group hebergement-info is-horizontal is-content-justification-center is-nowrap is-layout-flex wp-container-core-group-is-layout-8d39ddb4 wp-block-group-is-layout-flex gt-fse-widgets-ctv-open-product\">\n<figure class=\"wp-block-image size-medium is-resized gt-fse-widgets-ctv-open-product\"><img decoding=\"async\" src=\"https:\/\/fermedes4chenes.fr\/wp-content\/uploads\/2024\/12\/surface.svg\" alt=\"Oberfl&#xE4;che\" class=\"wp-image-1994 gt-fse-widgets-ctv-open-product\" style=\"width:25px\"\/><\/figure>\n\n\n\n<div class=\"wp-block-group is-nowrap is-layout-flex wp-container-core-group-is-layout-4b0a85f0 wp-block-group-is-layout-flex gt-fse-widgets-ctv-open-product\"><div class=\"taxonomy-gt-hebergements-superficie wp-block-post-terms gt-fse-widgets-ctv-open-product\"><span class=\"gt-fse-widgets-ctv-open-product\"><span class=\"gt-hebergements-option-name gt-fse-widgets-ctv-open-product\">31<\/span><\/span><\/div>\n\n\n<p class=\"gt-fse-widgets-ctv-open-product\"><sup class=\"gt-fse-widgets-ctv-open-product\">m2<\/sup><\/p>\n<\/div>\n<\/div>\n\n\n\n<div class=\"wp-block-group hebergement-info is-horizontal is-content-justification-center is-nowrap is-layout-flex wp-container-core-group-is-layout-8d39ddb4 wp-block-group-is-layout-flex gt-fse-widgets-ctv-open-product\">\n<figure class=\"wp-block-image size-medium is-resized gt-fse-widgets-ctv-open-product\"><img decoding=\"async\" width=\"512\" height=\"512\" src=\"https:\/\/www.camping-des-familles.com\/wp-content\/uploads\/2025\/12\/douche.svg\" alt=\"Dusche\" class=\"wp-image-4660 gt-fse-widgets-ctv-open-product\" style=\"width:25px\"\/><\/figure>\n\n\n\n<div class=\"wp-block-group is-nowrap is-layout-flex wp-container-core-group-is-layout-4b0a85f0 wp-block-group-is-layout-flex gt-fse-widgets-ctv-open-product\"><div class=\"taxonomy-gt-hebergements-nombre-sdb wp-block-post-terms gt-fse-widgets-ctv-open-product\"><span class=\"gt-fse-widgets-ctv-open-product\"><span class=\"gt-hebergements-option-name gt-fse-widgets-ctv-open-product\">1<\/span><\/span><\/div>\n\n\n<p class=\"gt-fse-widgets-ctv-open-product\">Bdz.<\/p>\n<\/div>\n<\/div>\n<\/div>\n<\/div>\n\n<\/li><li data-gt-Thelis-product-id=\"\" data-gt-bathrooms=\"27\" data-gt-campings=\"\" data-gt-capacities=\"33\" data-gt-ctv-product-id=\"111605\" data-gt-gammes=\"\" data-gt-options=\"\" data-gt-rooms=\"34\" data-gt-superficies=\"35\" data-gt-types=\"24\" data-wp-key=\"post-template-item-2698\" class=\"wp-block-post post-2698 hebergement type-hebergement status-publish has-post-thumbnail hentry gt-hebergements-types-locatifs gt-hebergements-nombre-personnes-33 gt-hebergements-nombre-chambres-34 gt-hebergements-nombre-sdb-27 gt-hebergements-superficie-35 gt-fse-widgets-ctv-open-product\">\n<figure style=\"aspect-ratio:4\/3;\" class=\"hebergement-featured-image wp-block-post-featured-image gt-fse-widgets-ctv-open-product\"><img decoding=\"async\" width=\"1348\" height=\"918\" src=\"https:\/\/www.camping-des-familles.com\/wp-content\/uploads\/2025\/10\/MH-WELCOME-e1759750456608.jpg\" class=\"attachment-full size-full wp-post-image gt-fse-widgets-ctv-open-product\" alt=\"MH WELCOME\" style=\"border-radius:0px;width:100%;height:100%;object-fit:cover;\" \/><\/figure>\n\n\n<div class=\"wp-block-group gt-hebergement-content is-content-justification-center is-nowrap is-layout-flex wp-container-core-group-is-layout-dad6e7c6 wp-block-group-is-layout-flex gt-fse-widgets-ctv-open-product\" style=\"padding-top:var(--wp--preset--spacing--10);padding-right:var(--wp--preset--spacing--10);padding-bottom:var(--wp--preset--spacing--10);padding-left:var(--wp--preset--spacing--10)\">\n<div class=\"wp-block-group has-global-padding is-layout-constrained wp-block-group-is-layout-constrained gt-fse-widgets-ctv-open-product\">\n<p class=\"has-text-align-left hebergement-title has-custom-color-1-color has-text-color has-link-color has-pp-woodland-font-family wp-elements-ad327c4a8e76e78cdeb84c30899babdd gt-fse-widgets-ctv-open-product\" style=\"font-size:clamp(1.119rem, 1.119rem + ((1vw - 0.2rem) * 0.821), 1.75rem);\">Cottage des Pins<\/p>\n<\/div>\n<\/div>\n\n\n\n<div class=\"wp-block-group gt-hebergement-foot is-layout-flow wp-container-core-group-is-layout-a77db08e wp-block-group-is-layout-flow gt-fse-widgets-ctv-open-product\">\n\n\n<div class=\"wp-block-group is-content-justification-center is-layout-flex wp-container-core-group-is-layout-266b37b4 wp-block-group-is-layout-flex gt-fse-widgets-ctv-open-product\" style=\"margin-top:0;margin-bottom:var(--wp--preset--spacing--20)\">\n<div class=\"wp-block-group hebergement-info is-horizontal is-content-justification-center is-nowrap is-layout-flex wp-container-core-group-is-layout-8d39ddb4 wp-block-group-is-layout-flex gt-fse-widgets-ctv-open-product\">\n<figure class=\"wp-block-image size-medium is-resized wp-duotone-unset-15 gt-fse-widgets-ctv-open-product\"><img decoding=\"async\" src=\"https:\/\/fermedes4chenes.fr\/wp-content\/uploads\/2024\/12\/utilisateur.svg\" alt=\"Benutzer\" class=\"wp-image-2009 gt-fse-widgets-ctv-open-product\" style=\"width:25px\"\/><\/figure>\n\n\n\n<div class=\"wp-block-group is-nowrap is-layout-flex wp-container-core-group-is-layout-4b0a85f0 wp-block-group-is-layout-flex gt-fse-widgets-ctv-open-product\"><div class=\"taxonomy-gt-hebergements-nombre-personnes wp-block-post-terms gt-fse-widgets-ctv-open-product\"><span class=\"gt-fse-widgets-ctv-open-product\"><span class=\"gt-hebergements-option-name gt-fse-widgets-ctv-open-product\">6<\/span><\/span><\/div>\n\n\n<p class=\"gt-fse-widgets-ctv-open-product\">Pers.<\/p>\n<\/div>\n<\/div>\n\n\n\n<div class=\"wp-block-group hebergement-info is-horizontal is-content-justification-center is-nowrap is-layout-flex wp-container-core-group-is-layout-8d39ddb4 wp-block-group-is-layout-flex gt-fse-widgets-ctv-open-product\">\n<figure class=\"wp-block-image size-full is-resized wp-duotone-unset-16 gt-fse-widgets-ctv-open-product\"><img decoding=\"async\" src=\"https:\/\/fermedes4chenes.fr\/wp-content\/uploads\/2024\/12\/lit.svg\" alt=\"Bett\" class=\"wp-image-1999 gt-fse-widgets-ctv-open-product\" style=\"width:25px\"\/><\/figure>\n\n\n\n<div class=\"wp-block-group is-nowrap is-layout-flex wp-container-core-group-is-layout-4b0a85f0 wp-block-group-is-layout-flex gt-fse-widgets-ctv-open-product\"><div class=\"taxonomy-gt-hebergements-nombre-chambres wp-block-post-terms gt-fse-widgets-ctv-open-product\"><span class=\"gt-fse-widgets-ctv-open-product\"><span class=\"gt-hebergements-option-name gt-fse-widgets-ctv-open-product\">3<\/span><\/span><\/div>\n\n\n<p class=\"gt-fse-widgets-ctv-open-product\">Zi.<\/p>\n<\/div>\n<\/div>\n\n\n\n<div class=\"wp-block-group hebergement-info is-horizontal is-content-justification-center is-nowrap is-layout-flex wp-container-core-group-is-layout-8d39ddb4 wp-block-group-is-layout-flex gt-fse-widgets-ctv-open-product\">\n<figure class=\"wp-block-image size-medium is-resized gt-fse-widgets-ctv-open-product\"><img decoding=\"async\" src=\"https:\/\/fermedes4chenes.fr\/wp-content\/uploads\/2024\/12\/surface.svg\" alt=\"Oberfl&#xE4;che\" class=\"wp-image-1994 gt-fse-widgets-ctv-open-product\" style=\"width:25px\"\/><\/figure>\n\n\n\n<div class=\"wp-block-group is-nowrap is-layout-flex wp-container-core-group-is-layout-4b0a85f0 wp-block-group-is-layout-flex gt-fse-widgets-ctv-open-product\"><div class=\"taxonomy-gt-hebergements-superficie wp-block-post-terms gt-fse-widgets-ctv-open-product\"><span class=\"gt-fse-widgets-ctv-open-product\"><span class=\"gt-hebergements-option-name gt-fse-widgets-ctv-open-product\">31<\/span><\/span><\/div>\n\n\n<p class=\"gt-fse-widgets-ctv-open-product\"><sup class=\"gt-fse-widgets-ctv-open-product\">m2<\/sup><\/p>\n<\/div>\n<\/div>\n\n\n\n<div class=\"wp-block-group hebergement-info is-horizontal is-content-justification-center is-nowrap is-layout-flex wp-container-core-group-is-layout-8d39ddb4 wp-block-group-is-layout-flex gt-fse-widgets-ctv-open-product\">\n<figure class=\"wp-block-image size-medium is-resized gt-fse-widgets-ctv-open-product\"><img decoding=\"async\" width=\"512\" height=\"512\" src=\"https:\/\/www.camping-des-familles.com\/wp-content\/uploads\/2025\/12\/douche.svg\" alt=\"Dusche\" class=\"wp-image-4660 gt-fse-widgets-ctv-open-product\" style=\"width:25px\"\/><\/figure>\n\n\n\n<div class=\"wp-block-group is-nowrap is-layout-flex wp-container-core-group-is-layout-4b0a85f0 wp-block-group-is-layout-flex gt-fse-widgets-ctv-open-product\"><div class=\"taxonomy-gt-hebergements-nombre-sdb wp-block-post-terms gt-fse-widgets-ctv-open-product\"><span class=\"gt-fse-widgets-ctv-open-product\"><span class=\"gt-hebergements-option-name gt-fse-widgets-ctv-open-product\">1<\/span><\/span><\/div>\n\n\n<p class=\"gt-fse-widgets-ctv-open-product\">Bdz.<\/p>\n<\/div>\n<\/div>\n<\/div>\n<\/div>\n\n<\/li><li data-gt-Thelis-product-id=\"\" data-gt-bathrooms=\"27\" data-gt-campings=\"\" data-gt-capacities=\"25\" data-gt-ctv-product-id=\"118933\" data-gt-gammes=\"\" data-gt-options=\"\" data-gt-rooms=\"26\" data-gt-superficies=\"28\" data-gt-types=\"24\" data-wp-key=\"post-template-item-2715\" class=\"wp-block-post post-2715 hebergement type-hebergement status-publish has-post-thumbnail hentry gt-hebergements-types-locatifs gt-hebergements-nombre-personnes-25 gt-hebergements-nombre-chambres-26 gt-hebergements-nombre-sdb-27 gt-hebergements-superficie-28 gt-fse-widgets-ctv-open-product\">\n<figure style=\"aspect-ratio:4\/3;\" class=\"hebergement-featured-image wp-block-post-featured-image gt-fse-widgets-ctv-open-product\"><img decoding=\"async\" width=\"2500\" height=\"1877\" src=\"https:\/\/www.camping-des-familles.com\/wp-content\/uploads\/2025\/09\/MH-CABANE.jpg\" class=\"attachment-full size-full wp-post-image gt-fse-widgets-ctv-open-product\" alt=\"MH CABANE\" style=\"border-radius:0px;width:100%;height:100%;object-fit:cover;\" srcset=\"https:\/\/www.camping-des-familles.com\/wp-content\/uploads\/2025\/09\/MH-CABANE.jpg 2500w, https:\/\/www.camping-des-familles.com\/wp-content\/uploads\/2025\/09\/MH-CABANE-300x225.jpg 300w, https:\/\/www.camping-des-familles.com\/wp-content\/uploads\/2025\/09\/MH-CABANE-1024x769.jpg 1024w, https:\/\/www.camping-des-familles.com\/wp-content\/uploads\/2025\/09\/MH-CABANE-768x577.jpg 768w, https:\/\/www.camping-des-familles.com\/wp-content\/uploads\/2025\/09\/MH-CABANE-1536x1153.jpg 1536w, https:\/\/www.camping-des-familles.com\/wp-content\/uploads\/2025\/09\/MH-CABANE-2048x1538.jpg 2048w\" sizes=\"(max-width: 2500px) 100vw, 2500px\" \/><\/figure>\n\n\n<div class=\"wp-block-group gt-hebergement-content is-content-justification-center is-nowrap is-layout-flex wp-container-core-group-is-layout-dad6e7c6 wp-block-group-is-layout-flex gt-fse-widgets-ctv-open-product\" style=\"padding-top:var(--wp--preset--spacing--10);padding-right:var(--wp--preset--spacing--10);padding-bottom:var(--wp--preset--spacing--10);padding-left:var(--wp--preset--spacing--10)\">\n<div class=\"wp-block-group has-global-padding is-layout-constrained wp-block-group-is-layout-constrained gt-fse-widgets-ctv-open-product\">\n<p class=\"has-text-align-left hebergement-title has-custom-color-1-color has-text-color has-link-color has-pp-woodland-font-family wp-elements-ad327c4a8e76e78cdeb84c30899babdd gt-fse-widgets-ctv-open-product\" style=\"font-size:clamp(1.119rem, 1.119rem + ((1vw - 0.2rem) * 0.821), 1.75rem);\">SURFEUR Lodge<\/p>\n<\/div>\n<\/div>\n\n\n\n<div class=\"wp-block-group gt-hebergement-foot is-layout-flow wp-container-core-group-is-layout-a77db08e wp-block-group-is-layout-flow gt-fse-widgets-ctv-open-product\">\n\n\n<div class=\"wp-block-group is-content-justification-center is-layout-flex wp-container-core-group-is-layout-266b37b4 wp-block-group-is-layout-flex gt-fse-widgets-ctv-open-product\" style=\"margin-top:0;margin-bottom:var(--wp--preset--spacing--20)\">\n<div class=\"wp-block-group hebergement-info is-horizontal is-content-justification-center is-nowrap is-layout-flex wp-container-core-group-is-layout-8d39ddb4 wp-block-group-is-layout-flex gt-fse-widgets-ctv-open-product\">\n<figure class=\"wp-block-image size-medium is-resized wp-duotone-unset-17 gt-fse-widgets-ctv-open-product\"><img decoding=\"async\" src=\"https:\/\/fermedes4chenes.fr\/wp-content\/uploads\/2024\/12\/utilisateur.svg\" alt=\"Benutzer\" class=\"wp-image-2009 gt-fse-widgets-ctv-open-product\" style=\"width:25px\"\/><\/figure>\n\n\n\n<div class=\"wp-block-group is-nowrap is-layout-flex wp-container-core-group-is-layout-4b0a85f0 wp-block-group-is-layout-flex gt-fse-widgets-ctv-open-product\"><div class=\"taxonomy-gt-hebergements-nombre-personnes wp-block-post-terms gt-fse-widgets-ctv-open-product\"><span class=\"gt-fse-widgets-ctv-open-product\"><span class=\"gt-hebergements-option-name gt-fse-widgets-ctv-open-product\">4<\/span><\/span><\/div>\n\n\n<p class=\"gt-fse-widgets-ctv-open-product\">Pers.<\/p>\n<\/div>\n<\/div>\n\n\n\n<div class=\"wp-block-group hebergement-info is-horizontal is-content-justification-center is-nowrap is-layout-flex wp-container-core-group-is-layout-8d39ddb4 wp-block-group-is-layout-flex gt-fse-widgets-ctv-open-product\">\n<figure class=\"wp-block-image size-full is-resized wp-duotone-unset-18 gt-fse-widgets-ctv-open-product\"><img decoding=\"async\" src=\"https:\/\/fermedes4chenes.fr\/wp-content\/uploads\/2024\/12\/lit.svg\" alt=\"Bett\" class=\"wp-image-1999 gt-fse-widgets-ctv-open-product\" style=\"width:25px\"\/><\/figure>\n\n\n\n<div class=\"wp-block-group is-nowrap is-layout-flex wp-container-core-group-is-layout-4b0a85f0 wp-block-group-is-layout-flex gt-fse-widgets-ctv-open-product\"><div class=\"taxonomy-gt-hebergements-nombre-chambres wp-block-post-terms gt-fse-widgets-ctv-open-product\"><span class=\"gt-fse-widgets-ctv-open-product\"><span class=\"gt-hebergements-option-name gt-fse-widgets-ctv-open-product\">2<\/span><\/span><\/div>\n\n\n<p class=\"gt-fse-widgets-ctv-open-product\">Zi.<\/p>\n<\/div>\n<\/div>\n\n\n\n<div class=\"wp-block-group hebergement-info is-horizontal is-content-justification-center is-nowrap is-layout-flex wp-container-core-group-is-layout-8d39ddb4 wp-block-group-is-layout-flex gt-fse-widgets-ctv-open-product\">\n<figure class=\"wp-block-image size-medium is-resized gt-fse-widgets-ctv-open-product\"><img decoding=\"async\" src=\"https:\/\/fermedes4chenes.fr\/wp-content\/uploads\/2024\/12\/surface.svg\" alt=\"Oberfl&#xE4;che\" class=\"wp-image-1994 gt-fse-widgets-ctv-open-product\" style=\"width:25px\"\/><\/figure>\n\n\n\n<div class=\"wp-block-group is-nowrap is-layout-flex wp-container-core-group-is-layout-4b0a85f0 wp-block-group-is-layout-flex gt-fse-widgets-ctv-open-product\"><div class=\"taxonomy-gt-hebergements-superficie wp-block-post-terms gt-fse-widgets-ctv-open-product\"><span class=\"gt-fse-widgets-ctv-open-product\"><span class=\"gt-hebergements-option-name gt-fse-widgets-ctv-open-product\">24<\/span><\/span><\/div>\n\n\n<p class=\"gt-fse-widgets-ctv-open-product\"><sup class=\"gt-fse-widgets-ctv-open-product\">m2<\/sup><\/p>\n<\/div>\n<\/div>\n\n\n\n<div class=\"wp-block-group hebergement-info is-horizontal is-content-justification-center is-nowrap is-layout-flex wp-container-core-group-is-layout-8d39ddb4 wp-block-group-is-layout-flex gt-fse-widgets-ctv-open-product\">\n<figure class=\"wp-block-image size-medium is-resized gt-fse-widgets-ctv-open-product\"><img decoding=\"async\" width=\"512\" height=\"512\" src=\"https:\/\/www.camping-des-familles.com\/wp-content\/uploads\/2025\/12\/douche.svg\" alt=\"Dusche\" class=\"wp-image-4660 gt-fse-widgets-ctv-open-product\" style=\"width:25px\"\/><\/figure>\n\n\n\n<div class=\"wp-block-group is-nowrap is-layout-flex wp-container-core-group-is-layout-4b0a85f0 wp-block-group-is-layout-flex gt-fse-widgets-ctv-open-product\"><div class=\"taxonomy-gt-hebergements-nombre-sdb wp-block-post-terms gt-fse-widgets-ctv-open-product\"><span class=\"gt-fse-widgets-ctv-open-product\"><span class=\"gt-hebergements-option-name gt-fse-widgets-ctv-open-product\">1<\/span><\/span><\/div>\n\n\n<p class=\"gt-fse-widgets-ctv-open-product\">Bdz.<\/p>\n<\/div>\n<\/div>\n<\/div>\n<\/div>\n\n<\/li><li data-gt-Thelis-product-id=\"\" data-gt-bathrooms=\"27\" data-gt-campings=\"\" data-gt-capacities=\"25\" data-gt-ctv-product-id=\"149556\" data-gt-gammes=\"\" data-gt-options=\"47\" data-gt-rooms=\"26\" data-gt-superficies=\"28\" data-gt-types=\"24\" data-wp-key=\"post-template-item-4865\" class=\"wp-block-post post-4865 hebergement type-hebergement status-publish has-post-thumbnail hentry gt-hebergements-options-clim gt-hebergements-types-locatifs gt-hebergements-nombre-personnes-25 gt-hebergements-nombre-chambres-26 gt-hebergements-nombre-sdb-27 gt-hebergements-superficie-28 gt-fse-widgets-ctv-open-product\">\n<figure style=\"aspect-ratio:4\/3;\" class=\"hebergement-featured-image wp-block-post-featured-image gt-fse-widgets-ctv-open-product\"><img decoding=\"async\" width=\"2500\" height=\"1875\" src=\"https:\/\/www.camping-des-familles.com\/wp-content\/uploads\/2026\/03\/MH-CABANE5.jpg\" class=\"attachment-full size-full wp-post-image gt-fse-widgets-ctv-open-product\" alt=\"MH CABANE5\" style=\"border-radius:0px;width:100%;height:100%;object-fit:cover;\" srcset=\"https:\/\/www.camping-des-familles.com\/wp-content\/uploads\/2026\/03\/MH-CABANE5.jpg 2500w, https:\/\/www.camping-des-familles.com\/wp-content\/uploads\/2026\/03\/MH-CABANE5-300x225.jpg 300w, https:\/\/www.camping-des-familles.com\/wp-content\/uploads\/2026\/03\/MH-CABANE5-1024x768.jpg 1024w, https:\/\/www.camping-des-familles.com\/wp-content\/uploads\/2026\/03\/MH-CABANE5-768x576.jpg 768w, https:\/\/www.camping-des-familles.com\/wp-content\/uploads\/2026\/03\/MH-CABANE5-1536x1152.jpg 1536w, https:\/\/www.camping-des-familles.com\/wp-content\/uploads\/2026\/03\/MH-CABANE5-2048x1536.jpg 2048w\" sizes=\"(max-width: 2500px) 100vw, 2500px\" \/><\/figure>\n\n\n<div class=\"wp-block-group gt-hebergement-content is-content-justification-center is-nowrap is-layout-flex wp-container-core-group-is-layout-dad6e7c6 wp-block-group-is-layout-flex gt-fse-widgets-ctv-open-product\" style=\"padding-top:var(--wp--preset--spacing--10);padding-right:var(--wp--preset--spacing--10);padding-bottom:var(--wp--preset--spacing--10);padding-left:var(--wp--preset--spacing--10)\">\n<div class=\"wp-block-group has-global-padding is-layout-constrained wp-block-group-is-layout-constrained gt-fse-widgets-ctv-open-product\">\n<p class=\"has-text-align-left hebergement-title has-custom-color-1-color has-text-color has-link-color has-pp-woodland-font-family wp-elements-ad327c4a8e76e78cdeb84c30899babdd gt-fse-widgets-ctv-open-product\" style=\"font-size:clamp(1.119rem, 1.119rem + ((1vw - 0.2rem) * 0.821), 1.75rem);\">LODGE SURFEUR &#8211; Ankunft Samstag (Juli und August)<\/p>\n<\/div>\n<\/div>\n\n\n\n<div class=\"wp-block-group gt-hebergement-foot is-layout-flow wp-container-core-group-is-layout-a77db08e wp-block-group-is-layout-flow gt-fse-widgets-ctv-open-product\"><div class=\"taxonomy-gt-hebergements-options wp-block-post-terms gt-fse-widgets-ctv-open-product\"><span class=\"option-clim gt-fse-widgets-ctv-open-product\"><img decoding=\"async\" class=\"gt-hebergements-option-icon gt-fse-widgets-ctv-open-product\" src=\"https:\/\/www.camping-des-familles.com\/wp-content\/uploads\/2025\/12\/climatisation.svg\" alt=\"Clim\" style=\"display: inline-block; width: 1.5rem; height: 1.5rem; margin-right: 0.5rem; vertical-align: middle;\" \/><span class=\"gt-hebergements-option-name gt-fse-widgets-ctv-open-product\">Clim<\/span><\/span><\/div>\n\n\n<div class=\"wp-block-group is-content-justification-center is-layout-flex wp-container-core-group-is-layout-266b37b4 wp-block-group-is-layout-flex gt-fse-widgets-ctv-open-product\" style=\"margin-top:0;margin-bottom:var(--wp--preset--spacing--20)\">\n<div class=\"wp-block-group hebergement-info is-horizontal is-content-justification-center is-nowrap is-layout-flex wp-container-core-group-is-layout-8d39ddb4 wp-block-group-is-layout-flex gt-fse-widgets-ctv-open-product\">\n<figure class=\"wp-block-image size-medium is-resized wp-duotone-unset-19 gt-fse-widgets-ctv-open-product\"><img decoding=\"async\" src=\"https:\/\/fermedes4chenes.fr\/wp-content\/uploads\/2024\/12\/utilisateur.svg\" alt=\"Benutzer\" class=\"wp-image-2009 gt-fse-widgets-ctv-open-product\" style=\"width:25px\"\/><\/figure>\n\n\n\n<div class=\"wp-block-group is-nowrap is-layout-flex wp-container-core-group-is-layout-4b0a85f0 wp-block-group-is-layout-flex gt-fse-widgets-ctv-open-product\"><div class=\"taxonomy-gt-hebergements-nombre-personnes wp-block-post-terms gt-fse-widgets-ctv-open-product\"><span class=\"gt-fse-widgets-ctv-open-product\"><span class=\"gt-hebergements-option-name gt-fse-widgets-ctv-open-product\">4<\/span><\/span><\/div>\n\n\n<p class=\"gt-fse-widgets-ctv-open-product\">Pers.<\/p>\n<\/div>\n<\/div>\n\n\n\n<div class=\"wp-block-group hebergement-info is-horizontal is-content-justification-center is-nowrap is-layout-flex wp-container-core-group-is-layout-8d39ddb4 wp-block-group-is-layout-flex gt-fse-widgets-ctv-open-product\">\n<figure class=\"wp-block-image size-full is-resized wp-duotone-unset-20 gt-fse-widgets-ctv-open-product\"><img decoding=\"async\" src=\"https:\/\/fermedes4chenes.fr\/wp-content\/uploads\/2024\/12\/lit.svg\" alt=\"Bett\" class=\"wp-image-1999 gt-fse-widgets-ctv-open-product\" style=\"width:25px\"\/><\/figure>\n\n\n\n<div class=\"wp-block-group is-nowrap is-layout-flex wp-container-core-group-is-layout-4b0a85f0 wp-block-group-is-layout-flex gt-fse-widgets-ctv-open-product\"><div class=\"taxonomy-gt-hebergements-nombre-chambres wp-block-post-terms gt-fse-widgets-ctv-open-product\"><span class=\"gt-fse-widgets-ctv-open-product\"><span class=\"gt-hebergements-option-name gt-fse-widgets-ctv-open-product\">2<\/span><\/span><\/div>\n\n\n<p class=\"gt-fse-widgets-ctv-open-product\">Zi.<\/p>\n<\/div>\n<\/div>\n\n\n\n<div class=\"wp-block-group hebergement-info is-horizontal is-content-justification-center is-nowrap is-layout-flex wp-container-core-group-is-layout-8d39ddb4 wp-block-group-is-layout-flex gt-fse-widgets-ctv-open-product\">\n<figure class=\"wp-block-image size-medium is-resized gt-fse-widgets-ctv-open-product\"><img decoding=\"async\" src=\"https:\/\/fermedes4chenes.fr\/wp-content\/uploads\/2024\/12\/surface.svg\" alt=\"Oberfl&#xE4;che\" class=\"wp-image-1994 gt-fse-widgets-ctv-open-product\" style=\"width:25px\"\/><\/figure>\n\n\n\n<div class=\"wp-block-group is-nowrap is-layout-flex wp-container-core-group-is-layout-4b0a85f0 wp-block-group-is-layout-flex gt-fse-widgets-ctv-open-product\"><div class=\"taxonomy-gt-hebergements-superficie wp-block-post-terms gt-fse-widgets-ctv-open-product\"><span class=\"gt-fse-widgets-ctv-open-product\"><span class=\"gt-hebergements-option-name gt-fse-widgets-ctv-open-product\">24<\/span><\/span><\/div>\n\n\n<p class=\"gt-fse-widgets-ctv-open-product\"><sup class=\"gt-fse-widgets-ctv-open-product\">m2<\/sup><\/p>\n<\/div>\n<\/div>\n\n\n\n<div class=\"wp-block-group hebergement-info is-horizontal is-content-justification-center is-nowrap is-layout-flex wp-container-core-group-is-layout-8d39ddb4 wp-block-group-is-layout-flex gt-fse-widgets-ctv-open-product\">\n<figure class=\"wp-block-image size-medium is-resized gt-fse-widgets-ctv-open-product\"><img decoding=\"async\" width=\"512\" height=\"512\" src=\"https:\/\/www.camping-des-familles.com\/wp-content\/uploads\/2025\/12\/douche.svg\" alt=\"Dusche\" class=\"wp-image-4660 gt-fse-widgets-ctv-open-product\" style=\"width:25px\"\/><\/figure>\n\n\n\n<div class=\"wp-block-group is-nowrap is-layout-flex wp-container-core-group-is-layout-4b0a85f0 wp-block-group-is-layout-flex gt-fse-widgets-ctv-open-product\"><div class=\"taxonomy-gt-hebergements-nombre-sdb wp-block-post-terms gt-fse-widgets-ctv-open-product\"><span class=\"gt-fse-widgets-ctv-open-product\"><span class=\"gt-hebergements-option-name gt-fse-widgets-ctv-open-product\">1<\/span><\/span><\/div>\n\n\n<p class=\"gt-fse-widgets-ctv-open-product\">Bdz.<\/p>\n<\/div>\n<\/div>\n<\/div>\n<\/div>\n\n<\/li><li data-gt-Thelis-product-id=\"\" data-gt-bathrooms=\"27\" data-gt-campings=\"\" data-gt-capacities=\"25\" data-gt-ctv-product-id=\"111593\" data-gt-gammes=\"\" data-gt-options=\"\" data-gt-rooms=\"26\" data-gt-superficies=\"32\" data-gt-types=\"24\" data-wp-key=\"post-template-item-2723\" class=\"wp-block-post post-2723 hebergement type-hebergement status-publish has-post-thumbnail hentry gt-hebergements-types-locatifs gt-hebergements-nombre-personnes-25 gt-hebergements-nombre-chambres-26 gt-hebergements-nombre-sdb-27 gt-hebergements-superficie-32 gt-fse-widgets-ctv-open-product\">\n<figure style=\"aspect-ratio:4\/3;\" class=\"hebergement-featured-image wp-block-post-featured-image gt-fse-widgets-ctv-open-product\"><img decoding=\"async\" width=\"2074\" height=\"1539\" src=\"https:\/\/www.camping-des-familles.com\/wp-content\/uploads\/2025\/12\/cottage-des-pins-2ch-3.png\" class=\"attachment-full size-full wp-post-image gt-fse-widgets-ctv-open-product\" alt=\"Cottage des pins 2Zi (3)\" style=\"border-radius:0px;width:100%;height:100%;object-fit:cover;\" srcset=\"https:\/\/www.camping-des-familles.com\/wp-content\/uploads\/2025\/12\/cottage-des-pins-2ch-3.png 2074w, https:\/\/www.camping-des-familles.com\/wp-content\/uploads\/2025\/12\/cottage-des-pins-2ch-3-300x223.png 300w, https:\/\/www.camping-des-familles.com\/wp-content\/uploads\/2025\/12\/cottage-des-pins-2ch-3-1024x760.png 1024w, https:\/\/www.camping-des-familles.com\/wp-content\/uploads\/2025\/12\/cottage-des-pins-2ch-3-768x570.png 768w, https:\/\/www.camping-des-familles.com\/wp-content\/uploads\/2025\/12\/cottage-des-pins-2ch-3-1536x1140.png 1536w, https:\/\/www.camping-des-familles.com\/wp-content\/uploads\/2025\/12\/cottage-des-pins-2ch-3-2048x1520.png 2048w\" sizes=\"(max-width: 2074px) 100vw, 2074px\" \/><\/figure>\n\n\n<div class=\"wp-block-group gt-hebergement-content is-content-justification-center is-nowrap is-layout-flex wp-container-core-group-is-layout-dad6e7c6 wp-block-group-is-layout-flex gt-fse-widgets-ctv-open-product\" style=\"padding-top:var(--wp--preset--spacing--10);padding-right:var(--wp--preset--spacing--10);padding-bottom:var(--wp--preset--spacing--10);padding-left:var(--wp--preset--spacing--10)\">\n<div class=\"wp-block-group has-global-padding is-layout-constrained wp-block-group-is-layout-constrained gt-fse-widgets-ctv-open-product\">\n<p class=\"has-text-align-left hebergement-title has-custom-color-1-color has-text-color has-link-color has-pp-woodland-font-family wp-elements-ad327c4a8e76e78cdeb84c30899babdd gt-fse-widgets-ctv-open-product\" style=\"font-size:clamp(1.119rem, 1.119rem + ((1vw - 0.2rem) * 0.821), 1.75rem);\">Cottage des Pins<\/p>\n<\/div>\n<\/div>\n\n\n\n<div class=\"wp-block-group gt-hebergement-foot is-layout-flow wp-container-core-group-is-layout-a77db08e wp-block-group-is-layout-flow gt-fse-widgets-ctv-open-product\">\n\n\n<div class=\"wp-block-group is-content-justification-center is-layout-flex wp-container-core-group-is-layout-266b37b4 wp-block-group-is-layout-flex gt-fse-widgets-ctv-open-product\" style=\"margin-top:0;margin-bottom:var(--wp--preset--spacing--20)\">\n<div class=\"wp-block-group hebergement-info is-horizontal is-content-justification-center is-nowrap is-layout-flex wp-container-core-group-is-layout-8d39ddb4 wp-block-group-is-layout-flex gt-fse-widgets-ctv-open-product\">\n<figure class=\"wp-block-image size-medium is-resized wp-duotone-unset-21 gt-fse-widgets-ctv-open-product\"><img decoding=\"async\" src=\"https:\/\/fermedes4chenes.fr\/wp-content\/uploads\/2024\/12\/utilisateur.svg\" alt=\"Benutzer\" class=\"wp-image-2009 gt-fse-widgets-ctv-open-product\" style=\"width:25px\"\/><\/figure>\n\n\n\n<div class=\"wp-block-group is-nowrap is-layout-flex wp-container-core-group-is-layout-4b0a85f0 wp-block-group-is-layout-flex gt-fse-widgets-ctv-open-product\"><div class=\"taxonomy-gt-hebergements-nombre-personnes wp-block-post-terms gt-fse-widgets-ctv-open-product\"><span class=\"gt-fse-widgets-ctv-open-product\"><span class=\"gt-hebergements-option-name gt-fse-widgets-ctv-open-product\">4<\/span><\/span><\/div>\n\n\n<p class=\"gt-fse-widgets-ctv-open-product\">Pers.<\/p>\n<\/div>\n<\/div>\n\n\n\n<div class=\"wp-block-group hebergement-info is-horizontal is-content-justification-center is-nowrap is-layout-flex wp-container-core-group-is-layout-8d39ddb4 wp-block-group-is-layout-flex gt-fse-widgets-ctv-open-product\">\n<figure class=\"wp-block-image size-full is-resized wp-duotone-unset-22 gt-fse-widgets-ctv-open-product\"><img decoding=\"async\" src=\"https:\/\/fermedes4chenes.fr\/wp-content\/uploads\/2024\/12\/lit.svg\" alt=\"Bett\" class=\"wp-image-1999 gt-fse-widgets-ctv-open-product\" style=\"width:25px\"\/><\/figure>\n\n\n\n<div class=\"wp-block-group is-nowrap is-layout-flex wp-container-core-group-is-layout-4b0a85f0 wp-block-group-is-layout-flex gt-fse-widgets-ctv-open-product\"><div class=\"taxonomy-gt-hebergements-nombre-chambres wp-block-post-terms gt-fse-widgets-ctv-open-product\"><span class=\"gt-fse-widgets-ctv-open-product\"><span class=\"gt-hebergements-option-name gt-fse-widgets-ctv-open-product\">2<\/span><\/span><\/div>\n\n\n<p class=\"gt-fse-widgets-ctv-open-product\">Zi.<\/p>\n<\/div>\n<\/div>\n\n\n\n<div class=\"wp-block-group hebergement-info is-horizontal is-content-justification-center is-nowrap is-layout-flex wp-container-core-group-is-layout-8d39ddb4 wp-block-group-is-layout-flex gt-fse-widgets-ctv-open-product\">\n<figure class=\"wp-block-image size-medium is-resized gt-fse-widgets-ctv-open-product\"><img decoding=\"async\" src=\"https:\/\/fermedes4chenes.fr\/wp-content\/uploads\/2024\/12\/surface.svg\" alt=\"Oberfl&#xE4;che\" class=\"wp-image-1994 gt-fse-widgets-ctv-open-product\" style=\"width:25px\"\/><\/figure>\n\n\n\n<div class=\"wp-block-group is-nowrap is-layout-flex wp-container-core-group-is-layout-4b0a85f0 wp-block-group-is-layout-flex gt-fse-widgets-ctv-open-product\"><div class=\"taxonomy-gt-hebergements-superficie wp-block-post-terms gt-fse-widgets-ctv-open-product\"><span class=\"gt-fse-widgets-ctv-open-product\"><span class=\"gt-hebergements-option-name gt-fse-widgets-ctv-open-product\">28<\/span><\/span><\/div>\n\n\n<p class=\"gt-fse-widgets-ctv-open-product\"><sup class=\"gt-fse-widgets-ctv-open-product\">m2<\/sup><\/p>\n<\/div>\n<\/div>\n\n\n\n<div class=\"wp-block-group hebergement-info is-horizontal is-content-justification-center is-nowrap is-layout-flex wp-container-core-group-is-layout-8d39ddb4 wp-block-group-is-layout-flex gt-fse-widgets-ctv-open-product\">\n<figure class=\"wp-block-image size-medium is-resized gt-fse-widgets-ctv-open-product\"><img decoding=\"async\" width=\"512\" height=\"512\" src=\"https:\/\/www.camping-des-familles.com\/wp-content\/uploads\/2025\/12\/douche.svg\" alt=\"Dusche\" class=\"wp-image-4660 gt-fse-widgets-ctv-open-product\" style=\"width:25px\"\/><\/figure>\n\n\n\n<div class=\"wp-block-group is-nowrap is-layout-flex wp-container-core-group-is-layout-4b0a85f0 wp-block-group-is-layout-flex gt-fse-widgets-ctv-open-product\"><div class=\"taxonomy-gt-hebergements-nombre-sdb wp-block-post-terms gt-fse-widgets-ctv-open-product\"><span class=\"gt-fse-widgets-ctv-open-product\"><span class=\"gt-hebergements-option-name gt-fse-widgets-ctv-open-product\">1<\/span><\/span><\/div>\n\n\n<p class=\"gt-fse-widgets-ctv-open-product\">Bdz.<\/p>\n<\/div>\n<\/div>\n<\/div>\n<\/div>\n\n<\/li><li data-gt-Thelis-product-id=\"\" data-gt-bathrooms=\"27\" data-gt-campings=\"\" data-gt-capacities=\"25\" data-gt-ctv-product-id=\"72817\" data-gt-gammes=\"\" data-gt-options=\"\" data-gt-rooms=\"26\" data-gt-superficies=\"32\" data-gt-types=\"24\" data-wp-key=\"post-template-item-2716\" class=\"wp-block-post post-2716 hebergement type-hebergement status-publish has-post-thumbnail hentry gt-hebergements-types-locatifs gt-hebergements-nombre-personnes-25 gt-hebergements-nombre-chambres-26 gt-hebergements-nombre-sdb-27 gt-hebergements-superficie-32 gt-fse-widgets-ctv-open-product\">\n<figure style=\"aspect-ratio:4\/3;\" class=\"hebergement-featured-image wp-block-post-featured-image gt-fse-widgets-ctv-open-product\"><img decoding=\"async\" width=\"2074\" height=\"1539\" src=\"https:\/\/www.camping-des-familles.com\/wp-content\/uploads\/2025\/12\/cottage-des-pins-2ch-3.png\" class=\"attachment-full size-full wp-post-image gt-fse-widgets-ctv-open-product\" alt=\"Cottage des pins 2Zi (3)\" style=\"border-radius:0px;width:100%;height:100%;object-fit:cover;\" srcset=\"https:\/\/www.camping-des-familles.com\/wp-content\/uploads\/2025\/12\/cottage-des-pins-2ch-3.png 2074w, https:\/\/www.camping-des-familles.com\/wp-content\/uploads\/2025\/12\/cottage-des-pins-2ch-3-300x223.png 300w, https:\/\/www.camping-des-familles.com\/wp-content\/uploads\/2025\/12\/cottage-des-pins-2ch-3-1024x760.png 1024w, https:\/\/www.camping-des-familles.com\/wp-content\/uploads\/2025\/12\/cottage-des-pins-2ch-3-768x570.png 768w, https:\/\/www.camping-des-familles.com\/wp-content\/uploads\/2025\/12\/cottage-des-pins-2ch-3-1536x1140.png 1536w, https:\/\/www.camping-des-familles.com\/wp-content\/uploads\/2025\/12\/cottage-des-pins-2ch-3-2048x1520.png 2048w\" sizes=\"(max-width: 2074px) 100vw, 2074px\" \/><\/figure>\n\n\n<div class=\"wp-block-group gt-hebergement-content is-content-justification-center is-nowrap is-layout-flex wp-container-core-group-is-layout-dad6e7c6 wp-block-group-is-layout-flex gt-fse-widgets-ctv-open-product\" style=\"padding-top:var(--wp--preset--spacing--10);padding-right:var(--wp--preset--spacing--10);padding-bottom:var(--wp--preset--spacing--10);padding-left:var(--wp--preset--spacing--10)\">\n<div class=\"wp-block-group has-global-padding is-layout-constrained wp-block-group-is-layout-constrained gt-fse-widgets-ctv-open-product\">\n<p class=\"has-text-align-left hebergement-title has-custom-color-1-color has-text-color has-link-color has-pp-woodland-font-family wp-elements-ad327c4a8e76e78cdeb84c30899babdd gt-fse-widgets-ctv-open-product\" style=\"font-size:clamp(1.119rem, 1.119rem + ((1vw - 0.2rem) * 0.821), 1.75rem);\">Cottage des Pins<\/p>\n<\/div>\n<\/div>\n\n\n\n<div class=\"wp-block-group gt-hebergement-foot is-layout-flow wp-container-core-group-is-layout-a77db08e wp-block-group-is-layout-flow gt-fse-widgets-ctv-open-product\">\n\n\n<div class=\"wp-block-group is-content-justification-center is-layout-flex wp-container-core-group-is-layout-266b37b4 wp-block-group-is-layout-flex gt-fse-widgets-ctv-open-product\" style=\"margin-top:0;margin-bottom:var(--wp--preset--spacing--20)\">\n<div class=\"wp-block-group hebergement-info is-horizontal is-content-justification-center is-nowrap is-layout-flex wp-container-core-group-is-layout-8d39ddb4 wp-block-group-is-layout-flex gt-fse-widgets-ctv-open-product\">\n<figure class=\"wp-block-image size-medium is-resized wp-duotone-unset-23 gt-fse-widgets-ctv-open-product\"><img decoding=\"async\" src=\"https:\/\/fermedes4chenes.fr\/wp-content\/uploads\/2024\/12\/utilisateur.svg\" alt=\"Benutzer\" class=\"wp-image-2009 gt-fse-widgets-ctv-open-product\" style=\"width:25px\"\/><\/figure>\n\n\n\n<div class=\"wp-block-group is-nowrap is-layout-flex wp-container-core-group-is-layout-4b0a85f0 wp-block-group-is-layout-flex gt-fse-widgets-ctv-open-product\"><div class=\"taxonomy-gt-hebergements-nombre-personnes wp-block-post-terms gt-fse-widgets-ctv-open-product\"><span class=\"gt-fse-widgets-ctv-open-product\"><span class=\"gt-hebergements-option-name gt-fse-widgets-ctv-open-product\">4<\/span><\/span><\/div>\n\n\n<p class=\"gt-fse-widgets-ctv-open-product\">Pers.<\/p>\n<\/div>\n<\/div>\n\n\n\n<div class=\"wp-block-group hebergement-info is-horizontal is-content-justification-center is-nowrap is-layout-flex wp-container-core-group-is-layout-8d39ddb4 wp-block-group-is-layout-flex gt-fse-widgets-ctv-open-product\">\n<figure class=\"wp-block-image size-full is-resized wp-duotone-unset-24 gt-fse-widgets-ctv-open-product\"><img decoding=\"async\" src=\"https:\/\/fermedes4chenes.fr\/wp-content\/uploads\/2024\/12\/lit.svg\" alt=\"Bett\" class=\"wp-image-1999 gt-fse-widgets-ctv-open-product\" style=\"width:25px\"\/><\/figure>\n\n\n\n<div class=\"wp-block-group is-nowrap is-layout-flex wp-container-core-group-is-layout-4b0a85f0 wp-block-group-is-layout-flex gt-fse-widgets-ctv-open-product\"><div class=\"taxonomy-gt-hebergements-nombre-chambres wp-block-post-terms gt-fse-widgets-ctv-open-product\"><span class=\"gt-fse-widgets-ctv-open-product\"><span class=\"gt-hebergements-option-name gt-fse-widgets-ctv-open-product\">2<\/span><\/span><\/div>\n\n\n<p class=\"gt-fse-widgets-ctv-open-product\">Zi.<\/p>\n<\/div>\n<\/div>\n\n\n\n<div class=\"wp-block-group hebergement-info is-horizontal is-content-justification-center is-nowrap is-layout-flex wp-container-core-group-is-layout-8d39ddb4 wp-block-group-is-layout-flex gt-fse-widgets-ctv-open-product\">\n<figure class=\"wp-block-image size-medium is-resized gt-fse-widgets-ctv-open-product\"><img decoding=\"async\" src=\"https:\/\/fermedes4chenes.fr\/wp-content\/uploads\/2024\/12\/surface.svg\" alt=\"Oberfl&#xE4;che\" class=\"wp-image-1994 gt-fse-widgets-ctv-open-product\" style=\"width:25px\"\/><\/figure>\n\n\n\n<div class=\"wp-block-group is-nowrap is-layout-flex wp-container-core-group-is-layout-4b0a85f0 wp-block-group-is-layout-flex gt-fse-widgets-ctv-open-product\"><div class=\"taxonomy-gt-hebergements-superficie wp-block-post-terms gt-fse-widgets-ctv-open-product\"><span class=\"gt-fse-widgets-ctv-open-product\"><span class=\"gt-hebergements-option-name gt-fse-widgets-ctv-open-product\">28<\/span><\/span><\/div>\n\n\n<p class=\"gt-fse-widgets-ctv-open-product\"><sup class=\"gt-fse-widgets-ctv-open-product\">m2<\/sup><\/p>\n<\/div>\n<\/div>\n\n\n\n<div class=\"wp-block-group hebergement-info is-horizontal is-content-justification-center is-nowrap is-layout-flex wp-container-core-group-is-layout-8d39ddb4 wp-block-group-is-layout-flex gt-fse-widgets-ctv-open-product\">\n<figure class=\"wp-block-image size-medium is-resized gt-fse-widgets-ctv-open-product\"><img decoding=\"async\" width=\"512\" height=\"512\" src=\"https:\/\/www.camping-des-familles.com\/wp-content\/uploads\/2025\/12\/douche.svg\" alt=\"Dusche\" class=\"wp-image-4660 gt-fse-widgets-ctv-open-product\" style=\"width:25px\"\/><\/figure>\n\n\n\n<div class=\"wp-block-group is-nowrap is-layout-flex wp-container-core-group-is-layout-4b0a85f0 wp-block-group-is-layout-flex gt-fse-widgets-ctv-open-product\"><div class=\"taxonomy-gt-hebergements-nombre-sdb wp-block-post-terms gt-fse-widgets-ctv-open-product\"><span class=\"gt-fse-widgets-ctv-open-product\"><span class=\"gt-hebergements-option-name gt-fse-widgets-ctv-open-product\">1<\/span><\/span><\/div>\n\n\n<p class=\"gt-fse-widgets-ctv-open-product\">Bdz.<\/p>\n<\/div>\n<\/div>\n<\/div>\n<\/div>\n\n<\/li><li data-gt-Thelis-product-id=\"\" data-gt-bathrooms=\"27\" data-gt-campings=\"\" data-gt-capacities=\"25\" data-gt-ctv-product-id=\"72819\" data-gt-gammes=\"\" data-gt-options=\"\" data-gt-rooms=\"26\" data-gt-superficies=\"29\" data-gt-types=\"24,43\" data-wp-key=\"post-template-item-2709\" class=\"wp-block-post post-2709 hebergement type-hebergement status-publish hentry gt-hebergements-types-locatifs gt-hebergements-types-offres gt-hebergements-nombre-personnes-25 gt-hebergements-nombre-chambres-26 gt-hebergements-nombre-sdb-27 gt-hebergements-superficie-29 gt-fse-widgets-ctv-open-product\">\n\n\n\n<div class=\"wp-block-group gt-hebergement-content is-content-justification-center is-nowrap is-layout-flex wp-container-core-group-is-layout-dad6e7c6 wp-block-group-is-layout-flex gt-fse-widgets-ctv-open-product\" style=\"padding-top:var(--wp--preset--spacing--10);padding-right:var(--wp--preset--spacing--10);padding-bottom:var(--wp--preset--spacing--10);padding-left:var(--wp--preset--spacing--10)\">\n<div class=\"wp-block-group has-global-padding is-layout-constrained wp-block-group-is-layout-constrained gt-fse-widgets-ctv-open-product\">\n<p class=\"has-text-align-left hebergement-title has-custom-color-1-color has-text-color has-link-color has-pp-woodland-font-family wp-elements-ad327c4a8e76e78cdeb84c30899babdd gt-fse-widgets-ctv-open-product\" style=\"font-size:clamp(1.119rem, 1.119rem + ((1vw - 0.2rem) * 0.821), 1.75rem);\">Cottage Nature<\/p>\n<\/div>\n<\/div>\n\n\n\n<div class=\"wp-block-group gt-hebergement-foot is-layout-flow wp-container-core-group-is-layout-a77db08e wp-block-group-is-layout-flow gt-fse-widgets-ctv-open-product\">\n\n\n<div class=\"wp-block-group is-content-justification-center is-layout-flex wp-container-core-group-is-layout-266b37b4 wp-block-group-is-layout-flex gt-fse-widgets-ctv-open-product\" style=\"margin-top:0;margin-bottom:var(--wp--preset--spacing--20)\">\n<div class=\"wp-block-group hebergement-info is-horizontal is-content-justification-center is-nowrap is-layout-flex wp-container-core-group-is-layout-8d39ddb4 wp-block-group-is-layout-flex gt-fse-widgets-ctv-open-product\">\n<figure class=\"wp-block-image size-medium is-resized wp-duotone-unset-25 gt-fse-widgets-ctv-open-product\"><img decoding=\"async\" src=\"https:\/\/fermedes4chenes.fr\/wp-content\/uploads\/2024\/12\/utilisateur.svg\" alt=\"Benutzer\" class=\"wp-image-2009 gt-fse-widgets-ctv-open-product\" style=\"width:25px\"\/><\/figure>\n\n\n\n<div class=\"wp-block-group is-nowrap is-layout-flex wp-container-core-group-is-layout-4b0a85f0 wp-block-group-is-layout-flex gt-fse-widgets-ctv-open-product\"><div class=\"taxonomy-gt-hebergements-nombre-personnes wp-block-post-terms gt-fse-widgets-ctv-open-product\"><span class=\"gt-fse-widgets-ctv-open-product\"><span class=\"gt-hebergements-option-name gt-fse-widgets-ctv-open-product\">4<\/span><\/span><\/div>\n\n\n<p class=\"gt-fse-widgets-ctv-open-product\">Pers.<\/p>\n<\/div>\n<\/div>\n\n\n\n<div class=\"wp-block-group hebergement-info is-horizontal is-content-justification-center is-nowrap is-layout-flex wp-container-core-group-is-layout-8d39ddb4 wp-block-group-is-layout-flex gt-fse-widgets-ctv-open-product\">\n<figure class=\"wp-block-image size-full is-resized wp-duotone-unset-26 gt-fse-widgets-ctv-open-product\"><img decoding=\"async\" src=\"https:\/\/fermedes4chenes.fr\/wp-content\/uploads\/2024\/12\/lit.svg\" alt=\"Bett\" class=\"wp-image-1999 gt-fse-widgets-ctv-open-product\" style=\"width:25px\"\/><\/figure>\n\n\n\n<div class=\"wp-block-group is-nowrap is-layout-flex wp-container-core-group-is-layout-4b0a85f0 wp-block-group-is-layout-flex gt-fse-widgets-ctv-open-product\"><div class=\"taxonomy-gt-hebergements-nombre-chambres wp-block-post-terms gt-fse-widgets-ctv-open-product\"><span class=\"gt-fse-widgets-ctv-open-product\"><span class=\"gt-hebergements-option-name gt-fse-widgets-ctv-open-product\">2<\/span><\/span><\/div>\n\n\n<p class=\"gt-fse-widgets-ctv-open-product\">Zi.<\/p>\n<\/div>\n<\/div>\n\n\n\n<div class=\"wp-block-group hebergement-info is-horizontal is-content-justification-center is-nowrap is-layout-flex wp-container-core-group-is-layout-8d39ddb4 wp-block-group-is-layout-flex gt-fse-widgets-ctv-open-product\">\n<figure class=\"wp-block-image size-medium is-resized gt-fse-widgets-ctv-open-product\"><img decoding=\"async\" src=\"https:\/\/fermedes4chenes.fr\/wp-content\/uploads\/2024\/12\/surface.svg\" alt=\"Oberfl&#xE4;che\" class=\"wp-image-1994 gt-fse-widgets-ctv-open-product\" style=\"width:25px\"\/><\/figure>\n\n\n\n<div class=\"wp-block-group is-nowrap is-layout-flex wp-container-core-group-is-layout-4b0a85f0 wp-block-group-is-layout-flex gt-fse-widgets-ctv-open-product\"><div class=\"taxonomy-gt-hebergements-superficie wp-block-post-terms gt-fse-widgets-ctv-open-product\"><span class=\"gt-fse-widgets-ctv-open-product\"><span class=\"gt-hebergements-option-name gt-fse-widgets-ctv-open-product\">20<\/span><\/span><\/div>\n\n\n<p class=\"gt-fse-widgets-ctv-open-product\"><sup class=\"gt-fse-widgets-ctv-open-product\">m2<\/sup><\/p>\n<\/div>\n<\/div>\n\n\n\n<div class=\"wp-block-group hebergement-info is-horizontal is-content-justification-center is-nowrap is-layout-flex wp-container-core-group-is-layout-8d39ddb4 wp-block-group-is-layout-flex gt-fse-widgets-ctv-open-product\">\n<figure class=\"wp-block-image size-medium is-resized gt-fse-widgets-ctv-open-product\"><img decoding=\"async\" width=\"512\" height=\"512\" src=\"https:\/\/www.camping-des-familles.com\/wp-content\/uploads\/2025\/12\/douche.svg\" alt=\"Dusche\" class=\"wp-image-4660 gt-fse-widgets-ctv-open-product\" style=\"width:25px\"\/><\/figure>\n\n\n\n<div class=\"wp-block-group is-nowrap is-layout-flex wp-container-core-group-is-layout-4b0a85f0 wp-block-group-is-layout-flex gt-fse-widgets-ctv-open-product\"><div class=\"taxonomy-gt-hebergements-nombre-sdb wp-block-post-terms gt-fse-widgets-ctv-open-product\"><span class=\"gt-fse-widgets-ctv-open-product\"><span class=\"gt-hebergements-option-name gt-fse-widgets-ctv-open-product\">1<\/span><\/span><\/div>\n\n\n<p class=\"gt-fse-widgets-ctv-open-product\">Bdz.<\/p>\n<\/div>\n<\/div>\n<\/div>\n<\/div>\n\n<\/li><\/ul><\/div>\n<\/div>\n\n\n\n<div style=\"height:6rem\" aria-hidden=\"true\" class=\"wp-block-spacer gt-hide-mobile\"><\/div>\n<\/section>\n\n<section class=\"wp-block-group home-fourth page-two has-custom-color-1-background-color has-background has-global-padding is-layout-constrained wp-block-group-is-layout-constrained\">\n<div class=\"wp-block-group has-global-padding is-content-justification-center is-layout-constrained wp-container-core-group-is-layout-519de150 wp-block-group-is-layout-constrained\" style=\"margin-top:0px;margin-right:0px;margin-bottom:0px;margin-left:0px\">\n<h2 class=\"wp-block-heading has-text-align-center full-width has-damirone-font-family has-base-2-color has-text-color\" style=\"margin-top:0px;margin-right:0px;margin-bottom:0px;margin-left:0px;font-size:clamp(24.034px, 1.502rem + ((1vw - 3.2px) * 1.298), 40px);font-style:normal;font-weight:400;line-height:1.2;text-transform:uppercase\"><span>Ecolodges zu vermieten <\/span>im M\u00e9doc<\/h2>\n<\/div>\n\n\n\n<div class=\"wp-block-group has-global-padding is-content-justification-center is-layout-constrained wp-container-core-group-is-layout-8f5500b1 wp-block-group-is-layout-constrained\" style=\"margin-top:0px;margin-right:0px;margin-bottom:0px;margin-left:0px;padding-bottom:var(--wp--preset--spacing--30)\">\n<p class=\"has-text-align-center full-width has-base-2-color has-text-color has-link-color has-poppins-font-family wp-elements-ec6a7ebed2f27fb4e45e98013d3517c1\" style=\"margin-top:0px;margin-right:0px;margin-bottom:0px;margin-left:0px;font-size:clamp(14px, 0.875rem + ((1vw - 3.2px) * 0.325), 18px);font-style:normal;font-weight:300;line-height:1.9\">Wenn Sie den <strong>Charme von Holz<\/strong> genie\u00dfen m\u00f6chten, ohne auf den <strong>Komfort der Moderne<\/strong> zu verzichten, entscheiden Sie sich f\u00fcr die Vermietung von Ecolodges im M\u00e9doc. Sie k\u00f6nnen bis zu <strong>4 Personen<\/strong> beherbergen und sind perfekt ausgestattet, um Ihnen einen <strong>ruhigen Aufenthalt im Schatten der Kiefern<\/strong> zu garantieren. Profitieren Sie von einer <g id=\"gid_4\">\u00fcberdachten Terrasse<\/g> mit einem Tisch und 6 St\u00fchlen, einer <g id=\"gid_5\">Klimaanlage <\/g>und <g id=\"gid_6\">bequemen Betten<\/g>. W\u00e4hlen Sie zwischen einem Cottage im M\u00e9doc oder <a href=\"https:\/\/www.camping-des-familles.com\/de\/mieten-stellplatz-grayan-et-l-hopital\/\" data-type=\"page\" data-id=\"40\">einem Zeltplatz in der N\u00e4he von Soulac-sur-Mer<\/a>: Sie werden Ihren Urlaub in jedem Fall genie\u00dfen!     <br\/><\/p>\n<\/div>\n\n\n\n<div class=\"wp-block-cover alignfull blob-image gt-gsap-fadeInUp\" style=\"min-height:80vh;aspect-ratio:unset;\"><img decoding=\"async\" width=\"2000\" height=\"1656\" class=\"wp-block-cover__image-background wp-image-1486 size-full\" alt=\"ecolodge camping m\u00e9doc\" src=\"https:\/\/www.camping-des-familles.com\/wp-content\/uploads\/2025\/10\/ecolodge-camping-medoc.jpg\" data-object-fit=\"cover\" srcset=\"https:\/\/www.camping-des-familles.com\/wp-content\/uploads\/2025\/10\/ecolodge-camping-medoc.jpg 2000w, https:\/\/www.camping-des-familles.com\/wp-content\/uploads\/2025\/10\/ecolodge-camping-medoc-300x248.jpg 300w, https:\/\/www.camping-des-familles.com\/wp-content\/uploads\/2025\/10\/ecolodge-camping-medoc-1024x848.jpg 1024w, https:\/\/www.camping-des-familles.com\/wp-content\/uploads\/2025\/10\/ecolodge-camping-medoc-768x636.jpg 768w, https:\/\/www.camping-des-familles.com\/wp-content\/uploads\/2025\/10\/ecolodge-camping-medoc-1536x1272.jpg 1536w\" sizes=\"(max-width: 2000px) 100vw, 2000px\" \/><span aria-hidden=\"true\" class=\"wp-block-cover__background has-background-dim wp-block-cover__gradient-background has-background-gradient\" style=\"background:linear-gradient(0deg,rgb(1,1,1) 0%,rgba(0,0,0,0.34) 72%)\"><\/span><div class=\"wp-block-cover__inner-container is-layout-flow wp-block-cover-is-layout-flow\">\n<p class=\"has-text-align-center h1-like has-pp-woodland-font-family\" style=\"font-size:clamp(67.975px, 4.248rem + ((1vw - 3.2px) * 6.506), 148px);line-height:1\">Alle<br\/><span>Komfort<\/span><\/p>\n<\/div><\/div>\n<\/section>\n\n<section class=\"wp-block-group home-third page-third has-global-padding is-layout-constrained wp-block-group-is-layout-constrained\">\n<div class=\"wp-block-columns is-layout-flex wp-container-core-columns-is-layout-28f84493 wp-block-columns-is-layout-flex\">\n<div class=\"wp-block-column left is-layout-flow wp-block-column-is-layout-flow\" style=\"flex-basis:50%\">\n<div data-swiper=\"{&quot;speed&quot;:400,&quot;spaceBetween&quot;:16,&quot;slidesPerView&quot;:1,&quot;createElements&quot;:true,&quot;loop&quot;:true,&quot;freemode&quot;:true,&quot;breakpoints&quot;:[{&quot;slidesPerView&quot;:1}],&quot;pagination&quot;:false,&quot;effect&quot;:&quot;fade&quot;,&quot;navigation&quot;:false}\" class=\"wp-block-group gt-is-slider gt-is-slider-desktop is-layout-flow wp-block-group-is-layout-flow\">\n<div class=\"wp-block-group is-layout-flow wp-block-group-is-layout-flow\">\n<figure class=\"wp-block-image size-full is-resized gt-gsap-fadeIn\"><img decoding=\"async\" width=\"1920\" height=\"2040\" src=\"https:\/\/www.camping-des-familles.com\/wp-content\/uploads\/2025\/10\/MOBIL-HOME-MALIN-CONFORT-MEDOC-scaled-e1759750531412.jpg\" alt=\"MOBIL HOME MALIN CONFORT MEDOC\" class=\"wp-image-1510\" style=\"width:auto;height:900px\" srcset=\"https:\/\/www.camping-des-familles.com\/wp-content\/uploads\/2025\/10\/MOBIL-HOME-MALIN-CONFORT-MEDOC-scaled-e1759750531412.jpg 1920w, https:\/\/www.camping-des-familles.com\/wp-content\/uploads\/2025\/10\/MOBIL-HOME-MALIN-CONFORT-MEDOC-scaled-e1759750531412-282x300.jpg 282w, https:\/\/www.camping-des-familles.com\/wp-content\/uploads\/2025\/10\/MOBIL-HOME-MALIN-CONFORT-MEDOC-scaled-e1759750531412-964x1024.jpg 964w, https:\/\/www.camping-des-familles.com\/wp-content\/uploads\/2025\/10\/MOBIL-HOME-MALIN-CONFORT-MEDOC-scaled-e1759750531412-768x816.jpg 768w, https:\/\/www.camping-des-familles.com\/wp-content\/uploads\/2025\/10\/MOBIL-HOME-MALIN-CONFORT-MEDOC-scaled-e1759750531412-1446x1536.jpg 1446w\" sizes=\"(max-width: 1920px) 100vw, 1920px\" \/><\/figure>\n<\/div>\n<\/div>\n<\/div>\n\n\n\n<div class=\"wp-block-column is-vertically-aligned-center right is-layout-flow wp-block-column-is-layout-flow\" style=\"flex-basis:50%\">\n<h2 class=\"wp-block-heading\" style=\"text-transform:uppercase\">Unsere Auswahl an Cottages zum Mieten in <span>der N\u00e4he von Soulac-sur-Mer<\/span><\/h2>\n\n\n\n<p class=\"has-custom-color-3-color has-text-color has-link-color wp-elements-5616b4cab75f1dd68120883624452381\" style=\"line-height:1.9\">Sie suchen eine Unterkunft ganz aus Holz, in <strong>der N\u00e4he der Natur<\/strong>? Entdecken Sie unsere <strong>Surfer Lodges<\/strong>, die ideal f\u00fcr einen entspannten Urlaub <strong>nur wenige Minuten vom Ozean entfernt<\/strong> sind (der n\u00e4chste Strand ist in nur 15 Minuten mit dem Fahrrad zu erreichen). Diese Ferienunterk\u00fcnfte im M\u00e9doc sind f\u00fcr <strong>4 Personen<\/strong> geeignet und verf\u00fcgen \u00fcber eine halb\u00fcberdachte Terrasse und einen Fernseher. Einfach, gut eingerichtet und praktisch, sind sie ideal f\u00fcr Urlauber, die ein <a href=\"https:\/\/www.camping-des-familles.com\/de\/gunstiges-camping-grayan-und-l-hopital\/\" data-type=\"page\" data-id=\"44\">gutes Preis-Leistungs-Verh\u00e4ltnis f\u00fcr einen Aufenthalt in der N\u00e4he von Soulac-sur-Mer<\/a> suchen. Wenn Sie sich f\u00fcr diese Art von Unterkunft entscheiden, haben Sie Zugang zu allen Dienstleistungen des Campingplatzes: <strong>beheizter Pool<\/strong>, <strong>Animation<\/strong>, <strong>Bar<\/strong>, <strong>Restaurant <\/strong>und <strong>Verleih von Fahrr\u00e4dern und<\/strong> <strong>Elektrorollern<\/strong>.    <\/p>\n\n\n\n<p class=\"has-custom-color-3-color has-text-color has-link-color wp-elements-73250075f10e0ecfb4c0399afc8dfc0d\" style=\"line-height:1.9\">M\u00f6chten Sie lieber mehr Platz? Die <strong>Cottages<\/strong> <strong>Les Pins<\/strong> ( <strong> 4 bis 6 Personen)<\/strong> sind die perfekte L\u00f6sung f\u00fcr Familien. Sie verf\u00fcgen \u00fcber separate Schlafzimmer, eine K\u00fcchenzeile, ein Badezimmer und eine halb\u00fcberdachte Terrasse f\u00fcr Mahlzeiten im Freien.  <\/p>\n\n\n\n<p class=\"has-custom-color-3-color has-text-color has-link-color wp-elements-c6d84e28a19d3301a0b6ad1fc84c452b\" style=\"line-height:1.9\">Unsere Unterk\u00fcnfte <strong>Cottage Nature, f\u00fcr 4 Personen<\/strong>, sind eine preiswerte und komfortable Alternative. F\u00fcr einen noch gem\u00fctlicheren Aufenthalt entscheiden Sie sich f\u00fcr die <strong>Cottages Families<\/strong>, mit Klimaanlage, TV, Geschirrsp\u00fcler, XL-Bettw\u00e4sche und Bettw\u00e4sche inklusive. <\/p>\n<\/div>\n<\/div>\n<\/section>\n\n<section class=\"wp-block-group home-third bis has-global-padding is-layout-constrained wp-block-group-is-layout-constrained\">\n<div class=\"wp-block-columns is-layout-flex wp-container-core-columns-is-layout-28f84493 wp-block-columns-is-layout-flex\">\n<div class=\"wp-block-column is-vertically-aligned-center right is-layout-flow wp-block-column-is-layout-flow\" style=\"flex-basis:50%\">\n<h2 class=\"wp-block-heading has-text-align-left full-width has-damirone-font-family has-custom-color-1-color has-text-color\" style=\"margin-top:0px;margin-right:0px;margin-bottom:0px;margin-left:0px;padding-bottom:var(--wp--preset--spacing--20);font-size:clamp(28.836px, 1.802rem + ((1vw - 3.2px) * 1.721), 50px);font-style:normal;font-weight:400;line-height:1.2;text-transform:uppercase\">Ihre Unterkunft <span>mit allem Komfort<\/span><\/h2>\n\n\n\n<p class=\"has-custom-color-3-color has-text-color has-link-color wp-elements-59eeb66f7ab4adbc6de5f76739d52771\" style=\"line-height:1.9\">Jedes Cottage verf\u00fcgt \u00fcber einen <strong>ger\u00e4umigen Stell<\/strong>platz in einer ruhigen und gr\u00fcnen Umgebung. Die Ausstattung unserer Unterk\u00fcnfte erm\u00f6glicht Ihnen <strong>einen ruhigen und entspannten Aufenthalt<\/strong>: TV, voll ausgestattete K\u00fcche, Klimaanlage, bequeme Betten&#8230; Ob Sie eine Woche oder ein Wochenende hier <strong>verbringen<\/strong>, Sie werden die perfekte Kombination aus <strong>Natur<\/strong>, <strong>Komfort <\/strong>und <strong>Geselligkeit<\/strong> finden. Ob zu zweit, mit Freunden oder mit der Familie, mieten Sie ein Cottage in der N\u00e4he von Soulac-sur-Mer und genie\u00dfen Sie die Region in vollen Z\u00fcgen.  <\/p>\n\n\n\n<p class=\"has-custom-color-3-color has-text-color has-link-color wp-elements-51893235b164b2d95a60e18592324a78\" style=\"line-height:1.9\"><\/p>\n<\/div>\n\n\n\n<div class=\"wp-block-column left is-layout-flow wp-block-column-is-layout-flow\" style=\"flex-basis:50%\">\n<div class=\"wp-block-group is-layout-flow wp-block-group-is-layout-flow\">\n<div class=\"wp-block-group is-layout-flow wp-block-group-is-layout-flow\">\n<figure class=\"wp-block-image size-full is-resized gt-gsap-fadeIn\"><img decoding=\"async\" width=\"1875\" height=\"2192\" src=\"https:\/\/www.camping-des-familles.com\/wp-content\/uploads\/2025\/10\/MH-CABANE-CAMPING-MEDOC-e1759750658633.jpg\" alt=\"MH CABANE CAMPING MEDOC\" class=\"wp-image-1516\" style=\"width:auto;height:900px\" srcset=\"https:\/\/www.camping-des-familles.com\/wp-content\/uploads\/2025\/10\/MH-CABANE-CAMPING-MEDOC-e1759750658633.jpg 1875w, https:\/\/www.camping-des-familles.com\/wp-content\/uploads\/2025\/10\/MH-CABANE-CAMPING-MEDOC-e1759750658633-257x300.jpg 257w, https:\/\/www.camping-des-familles.com\/wp-content\/uploads\/2025\/10\/MH-CABANE-CAMPING-MEDOC-e1759750658633-876x1024.jpg 876w, https:\/\/www.camping-des-familles.com\/wp-content\/uploads\/2025\/10\/MH-CABANE-CAMPING-MEDOC-e1759750658633-768x898.jpg 768w, https:\/\/www.camping-des-familles.com\/wp-content\/uploads\/2025\/10\/MH-CABANE-CAMPING-MEDOC-e1759750658633-1314x1536.jpg 1314w, https:\/\/www.camping-des-familles.com\/wp-content\/uploads\/2025\/10\/MH-CABANE-CAMPING-MEDOC-e1759750658633-1752x2048.jpg 1752w\" sizes=\"(max-width: 1875px) 100vw, 1875px\" \/><\/figure>\n<\/div>\n<\/div>\n<\/div>\n<\/div>\n<\/section>\n\n<section class=\"wp-block-group page-maillage has-global-padding is-layout-constrained wp-block-group-is-layout-constrained\">\n<div class=\"wp-block-group is-horizontal is-layout-flex wp-container-core-group-is-layout-1b39ef27 wp-block-group-is-layout-flex\">\n<figure class=\"wp-block-image size-large\" style=\"margin-top:0px;margin-right:0px;margin-bottom:0px;margin-left:0px\"><img decoding=\"async\" width=\"63\" height=\"94\" src=\"https:\/\/www.camping-des-familles.com\/wp-content\/uploads\/2025\/09\/Vector-24.svg\" alt=\"Vector (24)\" class=\"wp-image-653\" style=\"object-fit:cover\"\/><\/figure>\n\n\n\n<div class=\"wp-block-group h1-like has-custom-color-1-color has-text-color has-link-color wp-elements-e5ef787af29fbf1a6e2e94b6580d329d has-global-padding is-layout-constrained wp-block-group-is-layout-constrained\">\n<p class=\"has-custom-color-3-color has-text-color has-link-color has-pp-woodland-font-family wp-elements-c89e9e134eb4b112c005eef1815d1a86\" style=\"font-size:clamp(52.9px, 3.306rem + ((1vw - 3.2px) * 4.398), 107px);font-style:normal;font-weight:200;text-transform:uppercase\">Entdecken Sie<br\/><span>unsere Preise, Stellpl\u00e4tze und Dienstleistungen<\/span><\/p>\n<\/div>\n<\/div>\n\n\n\n<div class=\"wp-block-query is-layout-flow wp-block-query-is-layout-flow\"><ul class=\"animated fadeInUp wp-block-post-template is-layout-flow wp-block-post-template-is-layout-flow\"><li class=\"wp-block-post post-2469 page type-page status-publish has-post-thumbnail hentry\">\n\n<figure class=\"wp-block-image\"><img decoding=\"async\" src=\"https:\/\/www.camping-des-familles.com\/wp-content\/uploads\/2025\/10\/camping-des-familles-medoc.jpg\" alt=\"Stellplatz\"\/><\/figure>\n\n\n\n<p class=\"has-text-align-center has-base-2-color has-text-color has-link-color has-pp-woodland-font-family wp-elements-6ced9490183e5f4edfb72dbec622f35f\" style=\"font-size:clamp(18.959px, 1.185rem + ((1vw - 3.2px) * 0.898), 30px);text-transform:uppercase\">Stellplatz<\/p>\n\n\n<a class=\"is-style-lien-cover wp-block-read-more\" href=\"https:\/\/www.camping-des-familles.com\/de\/mieten-stellplatz-grayan-et-l-hopital\/\" target=\"_self\">Weiterlesen<span class=\"screen-reader-text\">: Stellplatz<\/span><\/a>\n<\/li><li class=\"wp-block-post post-2567 page type-page status-publish has-post-thumbnail hentry\">\n\n<figure class=\"wp-block-image\"><img decoding=\"async\" src=\"https:\/\/www.camping-des-familles.com\/wp-content\/uploads\/2025\/10\/epicerie-a-proximite-du-camping-medoc.jpg\" alt=\"Lebensmittelgesch\u00e4ft in der N\u00e4he des Campingplatzes M\u00e9doc\"\/><\/figure>\n\n\n\n<p class=\"has-text-align-center has-base-2-color has-text-color has-link-color has-pp-woodland-font-family wp-elements-6ced9490183e5f4edfb72dbec622f35f\" style=\"font-size:clamp(18.959px, 1.185rem + ((1vw - 3.2px) * 0.898), 30px);text-transform:uppercase\">Unsere Dienstleistungen<\/p>\n\n\n<a class=\"is-style-lien-cover wp-block-read-more\" href=\"https:\/\/www.camping-des-familles.com\/de\/campingplatz-dienstleistungen-grayan-et-l-hopital\/\" target=\"_self\">Weiterlesen<span class=\"screen-reader-text\">: Unsere Dienstleistungen<\/span><\/a>\n<\/li><li class=\"wp-block-post post-2464 page type-page status-publish has-post-thumbnail hentry\">\n\n<figure class=\"wp-block-image\"><img decoding=\"async\" src=\"https:\/\/www.camping-des-familles.com\/wp-content\/uploads\/2025\/10\/malin-4-pers-c.jpg\" alt=\"malin-4-pers-c\"\/><\/figure>\n\n\n\n<p class=\"has-text-align-center has-base-2-color has-text-color has-link-color has-pp-woodland-font-family wp-elements-6ced9490183e5f4edfb72dbec622f35f\" style=\"font-size:clamp(18.959px, 1.185rem + ((1vw - 3.2px) * 0.898), 30px);text-transform:uppercase\">Preise und Sonderangebote<\/p>\n\n\n<a class=\"is-style-lien-cover wp-block-read-more\" href=\"https:\/\/www.camping-des-familles.com\/de\/gunstiges-camping-grayan-und-l-hopital\/\" target=\"_self\">Weiterlesen<span class=\"screen-reader-text\">: Preise und Sonderangebote<\/span><\/a>\n<\/li><\/ul><\/div>\n<\/section>\n","protected":false},"excerpt":{"rendered":"<p>Vermietung von Cottage im M\u00e9doc Entdecken Sie unsere komfortablen Unterk\u00fcnfte f\u00fcr einen Urlaub in v\u00f6lliger Freiheit in einem Cottage zur Miete im M\u00e9doc. Inmitten eines 2 Hektar gro\u00dfen Parks mit B\u00e4umen bietet Ihnen der Camping des Familles Ecolodge verschiedene Unterk\u00fcnfte f\u00fcr alle Bed\u00fcrfnisse: Paare, Familien, Surfer oder Wanderer. Unser Campingplatz in der N\u00e4he von Soulac-sur-Mer [&hellip;]<\/p>\n","protected":false},"author":1,"featured_media":1473,"parent":0,"menu_order":0,"comment_status":"closed","ping_status":"closed","template":"","meta":{"_acf_changed":false,"_seopress_robots_primary_cat":"","_seopress_titles_title":"Vermietung Cottage M\u00e9doc | Vermietung Cottage in der N\u00e4he von Soulac-sur-Mer","_seopress_titles_desc":"Mieten Sie ein Cottage, eine Lodge oder eine Ecolodge auf dem Camping des Familles in der N\u00e4he von Soulac-sur-Mer: Unterk\u00fcnfte mit allem Komfort, ger\u00e4umig und gut ausgestattet f\u00fcr einen Urlaub mit der Familie oder mit Freunden im M\u00e9doc.","_seopress_robots_index":"","_gt_ctv_global_id":"14469","_gt_ctv_id_group":false,"inline_featured_image":false,"gt_fse_maillage_image":"https:\/\/www.camping-des-familles.com\/wp-content\/uploads\/2025\/10\/Locations-camping-des-familles-au-medoc.jpg","gt_fse_maillage_titre":"Mietwohnungen","gt_fse_maillage_alt":"Camping-Unterk\u00fcnfte f\u00fcr Familien im Medoc","gt_fse_maillage_resume":"","_gt_maillage_image":0,"_gt_maillage_video":0,"_gt_maillage_title":"","footnotes":""},"categories":[],"tags":[],"class_list":["post-2537","page","type-page","status-publish","has-post-thumbnail","hentry"],"acf":[],"_links":{"self":[{"href":"https:\/\/www.camping-des-familles.com\/de\/wp-json\/wp\/v2\/pages\/2537","targetHints":{"allow":["GET"]}}],"collection":[{"href":"https:\/\/www.camping-des-familles.com\/de\/wp-json\/wp\/v2\/pages"}],"about":[{"href":"https:\/\/www.camping-des-familles.com\/de\/wp-json\/wp\/v2\/types\/page"}],"author":[{"embeddable":true,"href":"https:\/\/www.camping-des-familles.com\/de\/wp-json\/wp\/v2\/users\/1"}],"replies":[{"embeddable":true,"href":"https:\/\/www.camping-des-familles.com\/de\/wp-json\/wp\/v2\/comments?post=2537"}],"version-history":[{"count":27,"href":"https:\/\/www.camping-des-familles.com\/de\/wp-json\/wp\/v2\/pages\/2537\/revisions"}],"predecessor-version":[{"id":4696,"href":"https:\/\/www.camping-des-familles.com\/de\/wp-json\/wp\/v2\/pages\/2537\/revisions\/4696"}],"wp:featuredmedia":[{"embeddable":true,"href":"https:\/\/www.camping-des-familles.com\/de\/wp-json\/wp\/v2\/media\/1473"}],"wp:attachment":[{"href":"https:\/\/www.camping-des-familles.com\/de\/wp-json\/wp\/v2\/media?parent=2537"}],"wp:term":[{"taxonomy":"category","embeddable":true,"href":"https:\/\/www.camping-des-familles.com\/de\/wp-json\/wp\/v2\/categories?post=2537"},{"taxonomy":"post_tag","embeddable":true,"href":"https:\/\/www.camping-des-familles.com\/de\/wp-json\/wp\/v2\/tags?post=2537"}],"curies":[{"name":"wp","href":"https:\/\/api.w.org\/{rel}","templated":true}]}}