{"id":2521,"date":"2025-09-22T13:58:55","date_gmt":"2025-09-22T11:58:55","guid":{"rendered":"https:\/\/www.camping-des-familles.com\/camping-animations-grayan-et-l-hopital\/"},"modified":"2025-11-11T10:11:39","modified_gmt":"2025-11-11T09:11:39","slug":"campingplatz-animation-grayan-et-l-hopital","status":"publish","type":"page","link":"https:\/\/www.camping-des-familles.com\/de\/campingplatz-animation-grayan-et-l-hopital\/","title":{"rendered":"Unsere Animationen"},"content":{"rendered":"\n<section class=\"wp-block-group home-third bis has-global-padding is-layout-constrained wp-block-group-is-layout-constrained\">\n<div class=\"wp-block-columns is-layout-flex wp-container-core-columns-is-layout-28f84493 wp-block-columns-is-layout-flex\">\n<div class=\"wp-block-column is-vertically-aligned-center right is-layout-flow wp-block-column-is-layout-flow\" style=\"flex-basis:50%\">\n<h1 class=\"wp-block-heading has-text-align-left full-width has-damirone-font-family has-custom-color-1-color has-text-color\" style=\"margin-top:0px;margin-right:0px;margin-bottom:0px;margin-left:0px;padding-bottom:var(--wp--preset--spacing--20);font-size:clamp(28.836px, 1.802rem + ((1vw - 3.2px) * 1.721), 50px);font-style:normal;font-weight:400;line-height:1.2;text-transform:uppercase\">Campingplatz mit Animation in <span>der N\u00e4he von Soulac-sur-Mer<\/span><\/h1>\n\n\n\n<p class=\"has-custom-color-3-color has-text-color has-link-color wp-elements-a95736198081fd2a9b664329ed5d547b\" style=\"line-height:1.9\">Auf unserem <a href=\"https:\/\/www.camping-des-familles.com\/de\/\" data-type=\"page\" data-id=\"8\">Campingplatz in der N\u00e4he von Soulac-sur-Mer<\/a> erleben Sie einen Urlaub, der von <strong>gemeinsamen Momenten<\/strong> und <strong>guter Laune<\/strong> gepr\u00e4gt ist. Unser Campingplatz mit Animationen im M\u00e9doc legt gro\u00dfen Wert auf ein <strong>abwechslungsreiches Freizeitangebot f\u00fcr die ganze Familie<\/strong>. Hier kommen Gro\u00df und Klein auf ihre Kosten: Zwischen Spielen, Turnieren, festlichen Abenden und entspannenden Momenten schafft jeder seine eigenen Erinnerungen. Dieherzliche und <strong>wohlwollende Atmosph\u00e4re<\/strong> unseres Campingplatzes f\u00f6rdert Begegnungen und die Freude am <strong>Zusammensein<\/strong>, in aller Einfachheit und im Herzen der Natur w\u00e4hrend Ihres <a href=\"https:\/\/www.camping-des-familles.com\/de\/oekologischer-campingplatz-grayan-et-l-hopital\/\" data-type=\"page\" data-id=\"12\">umweltbewussten Aufenthalts im <\/a>M\u00e9doc. <\/p>\n<\/div>\n\n\n\n<div class=\"wp-block-column left is-layout-flow wp-block-column-is-layout-flow\" style=\"flex-basis:50%\">\n<div class=\"wp-block-group is-layout-flow wp-block-group-is-layout-flow\">\n<div class=\"wp-block-group is-layout-flow wp-block-group-is-layout-flow\">\n<figure class=\"wp-block-image size-full is-resized gt-gsap-fadeIn\"><img decoding=\"async\" width=\"900\" height=\"900\" src=\"https:\/\/www.camping-des-familles.com\/wp-content\/uploads\/2025\/10\/famille-heureuse-au-camping-des-familles.jpg\" alt=\"gl&#xFC;ckliche Familie auf dem Familiencampingplatz\" class=\"wp-image-1154\" style=\"width:auto;height:900px\" srcset=\"https:\/\/www.camping-des-familles.com\/wp-content\/uploads\/2025\/10\/famille-heureuse-au-camping-des-familles.jpg 900w, https:\/\/www.camping-des-familles.com\/wp-content\/uploads\/2025\/10\/famille-heureuse-au-camping-des-familles-300x300.jpg 300w, https:\/\/www.camping-des-familles.com\/wp-content\/uploads\/2025\/10\/famille-heureuse-au-camping-des-familles-150x150.jpg 150w, https:\/\/www.camping-des-familles.com\/wp-content\/uploads\/2025\/10\/famille-heureuse-au-camping-des-familles-768x768.jpg 768w\" sizes=\"(max-width: 900px) 100vw, 900px\" \/><\/figure>\n<\/div>\n<\/div>\n<\/div>\n<\/div>\n<\/section>\n\n<section class=\"wp-block-group home-fourth page-two has-custom-color-1-background-color has-background has-global-padding is-layout-constrained wp-block-group-is-layout-constrained\">\n<div class=\"wp-block-group has-global-padding is-content-justification-center is-layout-constrained wp-container-core-group-is-layout-519de150 wp-block-group-is-layout-constrained\" style=\"margin-top:0px;margin-right:0px;margin-bottom:0px;margin-left:0px\">\n<h2 class=\"wp-block-heading has-text-align-center full-width has-damirone-font-family has-base-2-color has-text-color\" style=\"margin-top:0px;margin-right:0px;margin-bottom:0px;margin-left:0px;font-size:clamp(24.034px, 1.502rem + ((1vw - 3.2px) * 1.298), 40px);font-style:normal;font-weight:400;line-height:1.2;text-transform:uppercase\"><span>Kinderclub <\/span> ab 5 Jahren<\/h2>\n<\/div>\n\n\n\n<div class=\"wp-block-group has-global-padding is-content-justification-center is-layout-constrained wp-container-core-group-is-layout-8f5500b1 wp-block-group-is-layout-constrained\" style=\"margin-top:0px;margin-right:0px;margin-bottom:0px;margin-left:0px;padding-bottom:var(--wp--preset--spacing--30)\">\n<p class=\"has-text-align-center full-width has-base-2-color has-text-color has-link-color has-poppins-font-family wp-elements-731b45a7501516115c24780d03e34dad\" style=\"margin-top:0px;margin-right:0px;margin-bottom:0px;margin-left:0px;font-size:clamp(14px, 0.875rem + ((1vw - 3.2px) * 0.325), 18px);font-style:normal;font-weight:300;line-height:1.9\">Unsere Animateure begr\u00fc\u00dfen Ihre Kinder ab 5 Jahren in einem <strong>Raum, der der Freizeit <\/strong>und der <strong>Kreativit\u00e4t<\/strong> <strong>gewidmet <\/strong>ist. Montag bis Freitag von 10.00 bis 12.00 Uhr. Zeichenwettbewerbe, Schatzsuche, Gruppenspiele, Mini-Olympiaden und Basteln bestimmen den Rhythmus der Vormittage. Neben dem Club nutzen sie auch den<strong>Spielplatz<\/strong>, das <strong>Trampolin<\/strong>, das <strong>Planschbecken <\/strong>, <strong>Tischtennis<\/strong>&#8230; Sie k\u00f6nnen sich <strong>in aller Sicherheit am\u00fcsieren<\/strong>, w\u00e4hrend die Eltern sich am Pool des Campingplatzes mit Animationen im M\u00e9doc entspannen!   <\/p>\n<\/div>\n\n\n\n<div class=\"wp-block-cover alignfull blob-image gt-gsap-fadeInUp\" style=\"min-height:80vh;aspect-ratio:unset;\"><img decoding=\"async\" width=\"1861\" height=\"1135\" class=\"wp-block-cover__image-background wp-image-1160 size-full\" alt=\"activit\u00e9s enfants camping m\u00e9doc\" src=\"https:\/\/www.camping-des-familles.com\/wp-content\/uploads\/2025\/10\/activites-enfants-camping-medoc.jpg\" style=\"object-position:17% 100%\" data-object-fit=\"cover\" data-object-position=\"17% 100%\" srcset=\"https:\/\/www.camping-des-familles.com\/wp-content\/uploads\/2025\/10\/activites-enfants-camping-medoc.jpg 1861w, https:\/\/www.camping-des-familles.com\/wp-content\/uploads\/2025\/10\/activites-enfants-camping-medoc-300x183.jpg 300w, https:\/\/www.camping-des-familles.com\/wp-content\/uploads\/2025\/10\/activites-enfants-camping-medoc-1024x625.jpg 1024w, https:\/\/www.camping-des-familles.com\/wp-content\/uploads\/2025\/10\/activites-enfants-camping-medoc-768x468.jpg 768w, https:\/\/www.camping-des-familles.com\/wp-content\/uploads\/2025\/10\/activites-enfants-camping-medoc-1536x937.jpg 1536w\" sizes=\"(max-width: 1861px) 100vw, 1861px\" \/><span aria-hidden=\"true\" class=\"wp-block-cover__background has-background-dim wp-block-cover__gradient-background has-background-gradient\" style=\"background:linear-gradient(0deg,rgb(1,1,1) 0%,rgba(0,0,0,0.34) 72%)\"><\/span><div class=\"wp-block-cover__inner-container is-layout-flow wp-block-cover-is-layout-flow\">\n<p class=\"has-text-align-center h1-like has-pp-woodland-font-family\" style=\"font-size:clamp(67.975px, 4.248rem + ((1vw - 3.2px) * 6.506), 148px);line-height:1\">Spa\u00df haben<br\/> sich <span>entfalten<\/span><\/p>\n<\/div><\/div>\n<\/section>\n\n<section class=\"wp-block-group home-third page-third has-global-padding is-layout-constrained wp-block-group-is-layout-constrained\">\n<div class=\"wp-block-columns is-layout-flex wp-container-core-columns-is-layout-28f84493 wp-block-columns-is-layout-flex\">\n<div class=\"wp-block-column left is-layout-flow wp-block-column-is-layout-flow\" style=\"flex-basis:50%\">\n<div data-swiper=\"{&quot;speed&quot;:400,&quot;spaceBetween&quot;:16,&quot;slidesPerView&quot;:1,&quot;createElements&quot;:true,&quot;loop&quot;:true,&quot;freemode&quot;:true,&quot;breakpoints&quot;:[{&quot;slidesPerView&quot;:1}],&quot;pagination&quot;:false,&quot;effect&quot;:&quot;fade&quot;,&quot;navigation&quot;:false}\" class=\"wp-block-group gt-is-slider gt-is-slider-desktop is-layout-flow wp-block-group-is-layout-flow\">\n<div class=\"wp-block-group is-layout-flow wp-block-group-is-layout-flow\">\n<figure class=\"wp-block-image size-full is-resized gt-gsap-fadeIn\"><img decoding=\"async\" width=\"903\" height=\"936\" src=\"https:\/\/www.camping-des-familles.com\/wp-content\/uploads\/2025\/10\/Activite-petanque-camping-au-medoc-e1759408107653.jpg\" alt=\"Aktivit&#xE4;t Boulespiel Camping im Medoc\" class=\"wp-image-1180\" style=\"width:auto;height:900px\" srcset=\"https:\/\/www.camping-des-familles.com\/wp-content\/uploads\/2025\/10\/Activite-petanque-camping-au-medoc-e1759408107653.jpg 903w, https:\/\/www.camping-des-familles.com\/wp-content\/uploads\/2025\/10\/Activite-petanque-camping-au-medoc-e1759408107653-289x300.jpg 289w, https:\/\/www.camping-des-familles.com\/wp-content\/uploads\/2025\/10\/Activite-petanque-camping-au-medoc-e1759408107653-768x796.jpg 768w\" sizes=\"(max-width: 903px) 100vw, 903px\" \/><\/figure>\n<\/div>\n<\/div>\n<\/div>\n\n\n\n<div class=\"wp-block-column is-vertically-aligned-center right is-layout-flow wp-block-column-is-layout-flow\" style=\"flex-basis:50%\">\n<h2 class=\"wp-block-heading has-custom-color-1-color has-text-color has-link-color wp-elements-5b89e0c428e17a4bd63a4fd8adeae9bb\" style=\"text-transform:uppercase\">Spielplatz und Sportanlagen <span>im M\u00e9doc<\/span><\/h2>\n\n\n\n<p class=\"has-custom-color-3-color has-text-color has-link-color wp-elements-9fa9d7a6d3d86babb686a256418a40df\" style=\"line-height:1.9\">Der Campingplatz mit Animationen in der N\u00e4he von Soulac-sur-Mer bietet Ihnen <a href=\"https:\/\/www.camping-des-familles.com\/de\/campingplatz-dienstleistungen-grayan-et-l-hopital\/\" data-type=\"page\" data-id=\"16\">4-Sterne-Service im M\u00e9doc<\/a> und verf\u00fcgt \u00fcber einen <strong>gro\u00dfen Spielplatz mit Rutschen<\/strong>, <strong>Kletterger\u00fcsten<\/strong> und <strong>Schaukeln<\/strong>, nicht zu vergessen die Einrichtungen f\u00fcr Teenager: <strong>Tischfu\u00dfball<\/strong>, <strong>Billard<\/strong>, <strong>Tischtennisplatten <\/strong>und <strong>Felder f\u00fcr Boule- <\/strong>oder <strong>Volleyballturniere<\/strong>. Eine echte Animationszone unter freiem Himmel, nur wenige Schritte von den Unterk\u00fcnften entfernt.<\/p>\n<\/div>\n<\/div>\n<\/section>\n\n<section class=\"wp-block-group home-third bis has-global-padding is-layout-constrained wp-block-group-is-layout-constrained\">\n<div class=\"wp-block-columns is-layout-flex wp-container-core-columns-is-layout-28f84493 wp-block-columns-is-layout-flex\">\n<div class=\"wp-block-column is-vertically-aligned-center right is-layout-flow wp-block-column-is-layout-flow\" style=\"flex-basis:50%\">\n<h2 class=\"wp-block-heading has-text-align-left full-width has-damirone-font-family has-custom-color-1-color has-text-color\" style=\"margin-top:0px;margin-right:0px;margin-bottom:0px;margin-left:0px;padding-bottom:var(--wp--preset--spacing--20);font-size:clamp(28.836px, 1.802rem + ((1vw - 3.2px) * 1.721), 50px);font-style:normal;font-weight:400;line-height:1.2;text-transform:uppercase\">Familienanimation <span>auf dem Campingplatz<\/span><\/h2>\n\n\n\n<p class=\"has-custom-color-3-color has-text-color has-link-color wp-elements-fcf6f78face54e54dc149c3267ce2968\" style=\"line-height:1.9\">Jede Woche wird ein <strong>abwechslungsreiches Programm<\/strong> f\u00fcr Familien angeboten: Tanz- oder Zumba-Einf\u00fchrungen, Entspannungs\u00fcbungen, Sportturniere, eine riesige Zielscheibe&#8230; Und f\u00fcr die Ruhesuchenden: Faulenzen am Pool, Lesen im Schatten oder eine Fahrradtour. Verpassen Sie nicht unsere <strong>Weinproben<\/strong>, <strong>gemeinsame Grillabende<\/strong> und <strong>Aperitifs<\/strong> in der Bar des Campingplatzes mit Animationen im M\u00e9doc! <br\/><\/p>\n<\/div>\n\n\n\n<div class=\"wp-block-column left is-layout-flow wp-block-column-is-layout-flow\" style=\"flex-basis:50%\">\n<div class=\"wp-block-group is-layout-flow wp-block-group-is-layout-flow\">\n<div class=\"wp-block-group is-layout-flow wp-block-group-is-layout-flow\">\n<figure class=\"wp-block-image size-full is-resized gt-gsap-fadeIn\"><img decoding=\"async\" width=\"942\" height=\"900\" src=\"https:\/\/www.camping-des-familles.com\/wp-content\/uploads\/2025\/10\/zumba-au-camping-des-familles.jpg\" alt=\"Zumba auf dem Familiencampingplatz\" class=\"wp-image-1197\" style=\"width:auto;height:900px\" srcset=\"https:\/\/www.camping-des-familles.com\/wp-content\/uploads\/2025\/10\/zumba-au-camping-des-familles.jpg 942w, https:\/\/www.camping-des-familles.com\/wp-content\/uploads\/2025\/10\/zumba-au-camping-des-familles-300x287.jpg 300w, https:\/\/www.camping-des-familles.com\/wp-content\/uploads\/2025\/10\/zumba-au-camping-des-familles-768x734.jpg 768w\" sizes=\"(max-width: 942px) 100vw, 942px\" \/><\/figure>\n<\/div>\n<\/div>\n<\/div>\n<\/div>\n<\/section>\n\n<section class=\"wp-block-group home-fourth page-two has-custom-color-1-background-color has-background has-global-padding is-layout-constrained wp-block-group-is-layout-constrained\">\n<div class=\"wp-block-group has-global-padding is-content-justification-center is-layout-constrained wp-container-core-group-is-layout-519de150 wp-block-group-is-layout-constrained\" style=\"margin-top:0px;margin-right:0px;margin-bottom:0px;margin-left:0px\">\n<h2 class=\"wp-block-heading has-text-align-center full-width has-damirone-font-family has-base-2-color has-text-color\" style=\"margin-top:0px;margin-right:0px;margin-bottom:0px;margin-left:0px;font-size:clamp(24.034px, 1.502rem + ((1vw - 3.2px) * 1.298), 40px);font-style:normal;font-weight:400;line-height:1.2;text-transform:uppercase\"><span>Animierte Abende <\/span> f\u00fcr die ganze Familie<\/h2>\n<\/div>\n\n\n\n<div class=\"wp-block-group has-global-padding is-content-justification-center is-layout-constrained wp-container-core-group-is-layout-8f5500b1 wp-block-group-is-layout-constrained\" style=\"margin-top:0px;margin-right:0px;margin-bottom:0px;margin-left:0px;padding-bottom:var(--wp--preset--spacing--30)\">\n<p class=\"has-text-align-center full-width has-base-2-color has-text-color has-link-color has-poppins-font-family wp-elements-a6353ea757396e3a740d0f9171b56d6c\" style=\"margin-top:0px;margin-right:0px;margin-bottom:0px;margin-left:0px;font-size:clamp(14px, 0.875rem + ((1vw - 3.2px) * 0.325), 18px);font-style:normal;font-weight:300;line-height:1.9\">Wenn die Nacht hereinbricht, steigt die Stimmung mit unseren <strong>Themenabenden<\/strong>: Disco, Karaoke, Musikspiele, Konzerte oder Nachtm\u00e4rkte. Gro\u00df und Klein gehen mit <g id=\"gid_1\">Sternen in den Augen<\/g> nach Hause, in einer Atmosph\u00e4re, die die Ruhe des Campingplatzes mit Animationen in der N\u00e4he von Soulac-sur-Mer respektiert. So k\u00f6nnen Sie Ihre Tage<strong> in Freude und guter Laune<\/strong> ausklingen lassen!  <\/p>\n<\/div>\n\n\n\n<div class=\"wp-block-cover alignfull blob-image gt-gsap-fadeInUp\" style=\"min-height:80vh;aspect-ratio:unset;\"><img decoding=\"async\" width=\"2560\" height=\"1707\" class=\"wp-block-cover__image-background wp-image-1203 size-full\" alt=\"animation soir\u00e9e disco\" src=\"https:\/\/www.camping-des-familles.com\/wp-content\/uploads\/2025\/10\/animation-soiree-disco-scaled-e1759408733921.jpg\" data-object-fit=\"cover\" srcset=\"https:\/\/www.camping-des-familles.com\/wp-content\/uploads\/2025\/10\/animation-soiree-disco-scaled-e1759408733921.jpg 2560w, https:\/\/www.camping-des-familles.com\/wp-content\/uploads\/2025\/10\/animation-soiree-disco-scaled-e1759408733921-300x200.jpg 300w, https:\/\/www.camping-des-familles.com\/wp-content\/uploads\/2025\/10\/animation-soiree-disco-scaled-e1759408733921-1024x683.jpg 1024w, https:\/\/www.camping-des-familles.com\/wp-content\/uploads\/2025\/10\/animation-soiree-disco-scaled-e1759408733921-768x512.jpg 768w, https:\/\/www.camping-des-familles.com\/wp-content\/uploads\/2025\/10\/animation-soiree-disco-scaled-e1759408733921-1536x1024.jpg 1536w, https:\/\/www.camping-des-familles.com\/wp-content\/uploads\/2025\/10\/animation-soiree-disco-scaled-e1759408733921-2048x1366.jpg 2048w\" sizes=\"(max-width: 2560px) 100vw, 2560px\" \/><span aria-hidden=\"true\" class=\"wp-block-cover__background has-background-dim wp-block-cover__gradient-background has-background-gradient\" style=\"background:linear-gradient(0deg,rgb(1,1,1) 0%,rgba(0,0,0,0.34) 72%)\"><\/span><div class=\"wp-block-cover__inner-container is-layout-flow wp-block-cover-is-layout-flow\">\n<p class=\"has-text-align-center h1-like has-pp-woodland-font-family\" style=\"font-size:clamp(67.975px, 4.248rem + ((1vw - 3.2px) * 6.506), 148px);line-height:1\"><span>Animierte<\/span> Abende<br\/><\/p>\n<\/div><\/div>\n<\/section>\n\n<section class=\"wp-block-group page-maillage has-global-padding is-layout-constrained wp-block-group-is-layout-constrained\">\n<div class=\"wp-block-group is-horizontal is-layout-flex wp-container-core-group-is-layout-1b39ef27 wp-block-group-is-layout-flex\">\n<figure class=\"wp-block-image size-large\" style=\"margin-top:0px;margin-right:0px;margin-bottom:0px;margin-left:0px\"><img decoding=\"async\" width=\"63\" height=\"94\" src=\"https:\/\/www.camping-des-familles.com\/wp-content\/uploads\/2025\/09\/Vector-24.svg\" alt=\"Vector (24)\" class=\"wp-image-653\" style=\"object-fit:cover\"\/><\/figure>\n\n\n\n<div class=\"wp-block-group h1-like has-custom-color-1-color has-text-color has-link-color wp-elements-b18616bcc7dfd7268065fbcc959bb3bc has-global-padding is-layout-constrained wp-block-group-is-layout-constrained\">\n<p class=\"has-custom-color-3-color has-text-color has-link-color has-pp-woodland-font-family wp-elements-ada8a465a993d7d82bf260d939d2daa8\" style=\"font-size:clamp(52.9px, 3.306rem + ((1vw - 3.2px) * 4.398), 107px);font-style:normal;font-weight:200;text-transform:uppercase\">Entdecken Sie<span> unseren Campingplatz und seine Dienstleistungen <\/span> <\/p>\n<\/div>\n<\/div>\n\n\n\n<div class=\"wp-block-query is-layout-flow wp-block-query-is-layout-flow\"><ul class=\"animated fadeInUp wp-block-post-template is-layout-flow wp-block-post-template-is-layout-flow\"><li class=\"wp-block-post post-2514 page type-page status-publish has-post-thumbnail hentry\">\n\n<figure class=\"wp-block-image\"><img decoding=\"async\" src=\"https:\/\/www.camping-des-familles.com\/wp-content\/uploads\/2025\/10\/piscine-camping-des-familles.jpg\" alt=\"Schwimmbad Familiencamping\"\/><\/figure>\n\n\n\n<p class=\"has-text-align-center has-base-2-color has-text-color has-link-color has-pp-woodland-font-family wp-elements-6ced9490183e5f4edfb72dbec622f35f\" style=\"font-size:clamp(18.959px, 1.185rem + ((1vw - 3.2px) * 0.898), 30px);text-transform:uppercase\">Wasserpark<\/p>\n\n\n<a class=\"is-style-lien-cover wp-block-read-more\" href=\"https:\/\/www.camping-des-familles.com\/de\/campingplatz-mit-beheiztem-schwimmbad-grayan-et-l-hopital\/\" target=\"_self\">Weiterlesen<span class=\"screen-reader-text\">: Wasserpark<\/span><\/a>\n<\/li><li class=\"wp-block-post post-2604 page type-page status-publish has-post-thumbnail hentry\">\n\n<figure class=\"wp-block-image\"><img decoding=\"async\" src=\"https:\/\/www.camping-des-familles.com\/wp-content\/uploads\/2025\/10\/ecotourisme-au-medoc.jpg\" alt=\"Unsere Verpflichtungen\"\/><\/figure>\n\n\n\n<p class=\"has-text-align-center has-base-2-color has-text-color has-link-color has-pp-woodland-font-family wp-elements-6ced9490183e5f4edfb72dbec622f35f\" style=\"font-size:clamp(18.959px, 1.185rem + ((1vw - 3.2px) * 0.898), 30px);text-transform:uppercase\">Unsere Verpflichtungen<\/p>\n\n\n<a class=\"is-style-lien-cover wp-block-read-more\" href=\"https:\/\/www.camping-des-familles.com\/de\/oekologischer-campingplatz-grayan-et-l-hopital\/\" target=\"_self\">Weiterlesen<span class=\"screen-reader-text\">: Unsere Verpflichtungen<\/span><\/a>\n<\/li><li class=\"wp-block-post post-2567 page type-page status-publish has-post-thumbnail hentry\">\n\n<figure class=\"wp-block-image\"><img decoding=\"async\" src=\"https:\/\/www.camping-des-familles.com\/wp-content\/uploads\/2025\/10\/epicerie-a-proximite-du-camping-medoc.jpg\" alt=\"Lebensmittelgesch\u00e4ft in der N\u00e4he des Campingplatzes M\u00e9doc\"\/><\/figure>\n\n\n\n<p class=\"has-text-align-center has-base-2-color has-text-color has-link-color has-pp-woodland-font-family wp-elements-6ced9490183e5f4edfb72dbec622f35f\" style=\"font-size:clamp(18.959px, 1.185rem + ((1vw - 3.2px) * 0.898), 30px);text-transform:uppercase\">Unsere Dienstleistungen<\/p>\n\n\n<a class=\"is-style-lien-cover wp-block-read-more\" href=\"https:\/\/www.camping-des-familles.com\/de\/campingplatz-dienstleistungen-grayan-et-l-hopital\/\" target=\"_self\">Weiterlesen<span class=\"screen-reader-text\">: Unsere Dienstleistungen<\/span><\/a>\n<\/li><\/ul><\/div>\n<\/section>\n","protected":false},"excerpt":{"rendered":"<p>Campingplatz mit Animation in der N\u00e4he von Soulac-sur-Mer Auf unserem Campingplatz in der N\u00e4he von Soulac-sur-Mer erleben Sie einen Urlaub, der von gemeinsamen Momenten und guter Laune gepr\u00e4gt ist. Unser Campingplatz mit Animationen im M\u00e9doc legt gro\u00dfen Wert auf ein abwechslungsreiches Freizeitangebot f\u00fcr die ganze Familie. Hier kommen Gro\u00df und Klein auf ihre Kosten: Zwischen [&hellip;]<\/p>\n","protected":false},"author":1,"featured_media":1152,"parent":0,"menu_order":0,"comment_status":"closed","ping_status":"closed","template":"","meta":{"_acf_changed":false,"_seopress_robots_primary_cat":"","_seopress_titles_title":"Camping Animationen in der N\u00e4he von Soulac-sur-Mer | Club enfants M\u00e9doc","_seopress_titles_desc":"Auf dem Familiencampingplatz in der N\u00e4he von Soulac-sur-Mer k\u00f6nnen Sie von einem abwechslungsreichen Unterhaltungsprogramm profitieren: Kinderclub ab 5 Jahren, Sportturniere, festliche Abende und Familienaktivit\u00e4ten im M\u00e9doc.","_seopress_robots_index":"","_gt_ctv_global_id":"14469","_gt_ctv_id_group":false,"inline_featured_image":false,"gt_fse_maillage_image":"https:\/\/www.camping-des-familles.com\/wp-content\/uploads\/2025\/10\/Zumba-au-camping-medoc-e1759409631954.jpg","gt_fse_maillage_titre":"Unsere Animationen","gt_fse_maillage_alt":"Zumba auf dem Campingplatz Medoc","gt_fse_maillage_resume":"","_gt_maillage_image":0,"_gt_maillage_video":0,"_gt_maillage_title":"","footnotes":""},"categories":[],"tags":[],"class_list":["post-2521","page","type-page","status-publish","has-post-thumbnail","hentry"],"acf":[],"_links":{"self":[{"href":"https:\/\/www.camping-des-familles.com\/de\/wp-json\/wp\/v2\/pages\/2521","targetHints":{"allow":["GET"]}}],"collection":[{"href":"https:\/\/www.camping-des-familles.com\/de\/wp-json\/wp\/v2\/pages"}],"about":[{"href":"https:\/\/www.camping-des-familles.com\/de\/wp-json\/wp\/v2\/types\/page"}],"author":[{"embeddable":true,"href":"https:\/\/www.camping-des-familles.com\/de\/wp-json\/wp\/v2\/users\/1"}],"replies":[{"embeddable":true,"href":"https:\/\/www.camping-des-familles.com\/de\/wp-json\/wp\/v2\/comments?post=2521"}],"version-history":[{"count":17,"href":"https:\/\/www.camping-des-familles.com\/de\/wp-json\/wp\/v2\/pages\/2521\/revisions"}],"predecessor-version":[{"id":4284,"href":"https:\/\/www.camping-des-familles.com\/de\/wp-json\/wp\/v2\/pages\/2521\/revisions\/4284"}],"wp:featuredmedia":[{"embeddable":true,"href":"https:\/\/www.camping-des-familles.com\/de\/wp-json\/wp\/v2\/media\/1152"}],"wp:attachment":[{"href":"https:\/\/www.camping-des-familles.com\/de\/wp-json\/wp\/v2\/media?parent=2521"}],"wp:term":[{"taxonomy":"category","embeddable":true,"href":"https:\/\/www.camping-des-familles.com\/de\/wp-json\/wp\/v2\/categories?post=2521"},{"taxonomy":"post_tag","embeddable":true,"href":"https:\/\/www.camping-des-familles.com\/de\/wp-json\/wp\/v2\/tags?post=2521"}],"curies":[{"name":"wp","href":"https:\/\/api.w.org\/{rel}","templated":true}]}}