{"id":2514,"date":"2025-09-22T13:59:04","date_gmt":"2025-09-22T11:59:04","guid":{"rendered":"https:\/\/www.camping-des-familles.com\/camping-piscine-chauffee-grayan-et-l-hopital\/"},"modified":"2025-11-11T15:24:38","modified_gmt":"2025-11-11T14:24:38","slug":"campingplatz-mit-beheiztem-schwimmbad-grayan-et-l-hopital","status":"publish","type":"page","link":"https:\/\/www.camping-des-familles.com\/de\/campingplatz-mit-beheiztem-schwimmbad-grayan-et-l-hopital\/","title":{"rendered":"Wasserpark"},"content":{"rendered":"\n<section class=\"wp-block-group home-third bis has-global-padding is-layout-constrained wp-block-group-is-layout-constrained\">\n<div class=\"wp-block-columns is-layout-flex wp-container-core-columns-is-layout-28f84493 wp-block-columns-is-layout-flex\">\n<div class=\"wp-block-column is-vertically-aligned-center right is-layout-flow wp-block-column-is-layout-flow\" style=\"flex-basis:50%\">\n<h1 class=\"wp-block-heading has-text-align-left full-width has-damirone-font-family has-custom-color-1-color has-text-color\" style=\"margin-top:0px;margin-right:0px;margin-bottom:0px;margin-left:0px;padding-bottom:var(--wp--preset--spacing--20);font-size:clamp(28.836px, 1.802rem + ((1vw - 3.2px) * 1.721), 50px);font-style:normal;font-weight:400;line-height:1.2;text-transform:uppercase\">Campingplatz mit beheiztem Schwimmbad <span>im M\u00e9doc<\/span><\/h1>\n\n\n\n<p class=\"has-custom-color-3-color has-text-color has-link-color wp-elements-ddfc716c36209f0c77afcc8953025ec8\" style=\"line-height:1.9\">M\u00f6chten Sie sich erfrischen, entspannen oder einfach nur Spa\u00df haben? Der Camping des Familles Ecolodge verf\u00fcgt \u00fcber einen <g id=\"gid_0\">echten Wasserpark <\/g>, der allen W\u00fcnschen gerecht wird. Unser Campingplatz mit beheiztem Schwimmbad in Grayan-et-l&#8217;H\u00f4pital im M\u00e9doc ist ideal gelegen und bietet Ihnen eine <strong>Umgebung<\/strong>, in der Sie sich mitten in <strong>der Natur<\/strong> und nur wenige Minuten von den Str\u00e4nden entfernt <strong>entspannen k\u00f6nnen<\/strong>. Ab dem Fr\u00fchjahr k\u00f6nnen Sie dank der<g id=\"gid_3\"> idealen Wassertemperatur<\/g> zu jeder Jahreszeit baden. Tauchen Sie bei Ihrem n\u00e4chsten Urlaub auf einem <a href=\"https:\/\/www.camping-des-familles.com\/de\/\" data-type=\"page\" data-id=\"8\">Campingplatz in der N\u00e4he von Soulac-sur-Mer<\/a> in eine <strong>gesellige und famili\u00e4re Wasserwelt<\/strong> ein.      <\/p>\n<\/div>\n\n\n\n<div class=\"wp-block-column left is-layout-flow wp-block-column-is-layout-flow\" style=\"flex-basis:50%\">\n<div class=\"wp-block-group is-layout-flow wp-block-group-is-layout-flow\">\n<div class=\"wp-block-group is-layout-flow wp-block-group-is-layout-flow\">\n<figure class=\"wp-block-image size-full is-resized gt-gsap-fadeIn\"><img decoding=\"async\" width=\"1920\" height=\"2560\" src=\"https:\/\/www.camping-des-familles.com\/wp-content\/uploads\/2025\/09\/image_ed0629-scaled.webp\" alt=\"image_ed0629\" class=\"wp-image-136\" style=\"width:auto;height:900px\" srcset=\"https:\/\/www.camping-des-familles.com\/wp-content\/uploads\/2025\/09\/image_ed0629-scaled.webp 1920w, https:\/\/www.camping-des-familles.com\/wp-content\/uploads\/2025\/09\/image_ed0629-225x300.webp 225w, https:\/\/www.camping-des-familles.com\/wp-content\/uploads\/2025\/09\/image_ed0629-768x1024.webp 768w, https:\/\/www.camping-des-familles.com\/wp-content\/uploads\/2025\/09\/image_ed0629-1152x1536.webp 1152w, https:\/\/www.camping-des-familles.com\/wp-content\/uploads\/2025\/09\/image_ed0629-1536x2048.webp 1536w\" sizes=\"(max-width: 1920px) 100vw, 1920px\" \/><\/figure>\n<\/div>\n<\/div>\n<\/div>\n<\/div>\n<\/section>\n\n<section class=\"wp-block-group home-fourth page-two has-custom-color-1-background-color has-background has-global-padding is-layout-constrained wp-block-group-is-layout-constrained\">\n<div class=\"wp-block-group top has-global-padding is-layout-constrained wp-block-group-is-layout-constrained\">\n<div class=\"wp-block-group has-global-padding is-content-justification-center is-layout-constrained wp-container-core-group-is-layout-519de150 wp-block-group-is-layout-constrained\" style=\"margin-top:0px;margin-right:0px;margin-bottom:0px;margin-left:0px\">\n<h2 class=\"wp-block-heading has-text-align-center full-width has-damirone-font-family has-base-2-color has-text-color\" style=\"margin-top:0px;margin-right:0px;margin-bottom:0px;margin-left:0px;font-size:clamp(24.034px, 1.502rem + ((1vw - 3.2px) * 1.298), 40px);font-style:normal;font-weight:400;line-height:1.2;text-transform:uppercase\"><span>Wasserpark<\/span> f\u00fcr Gro\u00df und Klein<\/h2>\n<\/div>\n\n\n\n<div class=\"wp-block-group has-global-padding is-content-justification-center is-layout-constrained wp-container-core-group-is-layout-8f5500b1 wp-block-group-is-layout-constrained\" style=\"margin-top:0px;margin-right:0px;margin-bottom:0px;margin-left:0px;padding-bottom:var(--wp--preset--spacing--30)\">\n<p class=\"has-text-align-center full-width has-base-2-color has-text-color has-link-color has-poppins-font-family wp-elements-0e60b244df3ea4680244f0bc2d238077\" style=\"margin-top:0px;margin-right:0px;margin-bottom:0px;margin-left:0px;font-size:clamp(14px, 0.875rem + ((1vw - 3.2px) * 0.325), 18px);font-style:normal;font-weight:300;line-height:1.9\">Unsere Badelandschaft verf\u00fchrt alle Generationen: ein <strong>gro\u00dfes beheiztes Schwimmbad<\/strong> zum Schwimmen und Entspannen, ein<strong> Planschbecken f\u00fcr die Kleinsten<\/strong>,<strong> spielerische Wasserspiele<\/strong>, eine <strong>kleine Rutsche f\u00fcr Kinder<\/strong>&#8230; und gro\u00dfe Fl\u00e4chen um das Becken herum, um in der Sonne zu faulenzen. Die gesamte Anlage ist gesichert, damit die Kinder <g id=\"gid_4\">in aller Ruhe<\/g> und unter dem wachsamen Auge ihrer Eltern spielen k\u00f6nnen, da das Schwimmen nicht \u00fcberwacht wird. Dies ist der ideale Ort, um abwechselnd zu <strong>baden<\/strong>, zu <strong>lachen <\/strong>und <strong>Momente<\/strong> der Zweisamkeit zu erleben.  <\/p>\n<\/div>\n<\/div>\n\n\n\n<div class=\"wp-block-cover alignfull blob-image gt-gsap-fadeInUp\" style=\"min-height:80vh;aspect-ratio:unset;\"><img decoding=\"async\" width=\"2000\" height=\"1500\" class=\"wp-block-cover__image-background wp-image-1218 size-full\" alt=\"piscine camping des familles au m\u00e9doc\" src=\"https:\/\/www.camping-des-familles.com\/wp-content\/uploads\/2025\/10\/piscine-camping-des-familles-au-medoc.jpg\" data-object-fit=\"cover\" srcset=\"https:\/\/www.camping-des-familles.com\/wp-content\/uploads\/2025\/10\/piscine-camping-des-familles-au-medoc.jpg 2000w, https:\/\/www.camping-des-familles.com\/wp-content\/uploads\/2025\/10\/piscine-camping-des-familles-au-medoc-300x225.jpg 300w, https:\/\/www.camping-des-familles.com\/wp-content\/uploads\/2025\/10\/piscine-camping-des-familles-au-medoc-1024x768.jpg 1024w, https:\/\/www.camping-des-familles.com\/wp-content\/uploads\/2025\/10\/piscine-camping-des-familles-au-medoc-768x576.jpg 768w, https:\/\/www.camping-des-familles.com\/wp-content\/uploads\/2025\/10\/piscine-camping-des-familles-au-medoc-1536x1152.jpg 1536w\" sizes=\"(max-width: 2000px) 100vw, 2000px\" \/><span aria-hidden=\"true\" class=\"wp-block-cover__background has-background-dim wp-block-cover__gradient-background has-background-gradient\" style=\"background:linear-gradient(0deg,rgb(1,1,1) 0%,rgba(0,0,0,0.34) 72%)\"><\/span><div class=\"wp-block-cover__inner-container is-layout-flow wp-block-cover-is-layout-flow\">\n<p class=\"has-text-align-center h1-like has-pp-woodland-font-family\" style=\"font-size:clamp(67.975px, 4.248rem + ((1vw - 3.2px) * 6.506), 148px);line-height:1\">Lachen<br\/><span>Splash<\/span><\/p>\n<\/div><\/div>\n<\/section>\n\n<section class=\"wp-block-group home-third page-third has-global-padding is-layout-constrained wp-block-group-is-layout-constrained\">\n<div class=\"wp-block-columns is-layout-flex wp-container-core-columns-is-layout-28f84493 wp-block-columns-is-layout-flex\">\n<div class=\"wp-block-column left is-layout-flow wp-block-column-is-layout-flow\" style=\"flex-basis:50%\">\n<div data-swiper=\"{&quot;speed&quot;:400,&quot;spaceBetween&quot;:16,&quot;slidesPerView&quot;:1,&quot;createElements&quot;:true,&quot;loop&quot;:true,&quot;freemode&quot;:true,&quot;breakpoints&quot;:[{&quot;slidesPerView&quot;:1}],&quot;pagination&quot;:false,&quot;effect&quot;:&quot;fade&quot;,&quot;navigation&quot;:false}\" class=\"wp-block-group gt-is-slider gt-is-slider-desktop is-layout-flow wp-block-group-is-layout-flow\">\n<div class=\"wp-block-group is-layout-flow wp-block-group-is-layout-flow\">\n<figure class=\"wp-block-image size-full is-resized gt-gsap-fadeIn\"><img decoding=\"async\" width=\"942\" height=\"900\" src=\"https:\/\/www.camping-des-familles.com\/wp-content\/uploads\/2025\/10\/camping-avec-piscine-pres-de-Soulac-sur-Mer.jpg\" alt=\"Campingplatz mit Pool in der N&#xE4;he von Soulac-sur-Mer\" class=\"wp-image-1240\" style=\"width:auto;height:900px\" srcset=\"https:\/\/www.camping-des-familles.com\/wp-content\/uploads\/2025\/10\/camping-avec-piscine-pres-de-Soulac-sur-Mer.jpg 942w, https:\/\/www.camping-des-familles.com\/wp-content\/uploads\/2025\/10\/camping-avec-piscine-pres-de-Soulac-sur-Mer-300x287.jpg 300w, https:\/\/www.camping-des-familles.com\/wp-content\/uploads\/2025\/10\/camping-avec-piscine-pres-de-Soulac-sur-Mer-768x734.jpg 768w\" sizes=\"(max-width: 942px) 100vw, 942px\" \/><\/figure>\n<\/div>\n<\/div>\n<\/div>\n\n\n\n<div class=\"wp-block-column is-vertically-aligned-center right is-layout-flow wp-block-column-is-layout-flow\" style=\"flex-basis:50%\">\n<h2 class=\"wp-block-heading\" style=\"text-transform:uppercase\">Faulenzen auf einem Campingplatz mit Schwimmbad in <span>der N\u00e4he von Soulac-sur-Mer<\/span><\/h2>\n\n\n\n<p class=\"has-custom-color-3-color has-text-color has-link-color wp-elements-bf25b80b717d488e1bec47831d3df4e2\" style=\"line-height:1.9\">Es gibt nichts Sch\u00f6neres als eine Pause auf einer<strong> Liege im Schatten eines Sonnenschirms<\/strong> oder ein <strong>erfrischendes <\/strong>Bad nach einer Fahrradtour. Ob Sie nun faulenzen oder aktiv sein wollen, unser Campingplatz mit beheiztem Schwimmbad in der N\u00e4he von Soulac-sur-Mer garantiert Ihnen einen Moment des Abschaltens. Der Poolbereich ist das <strong>Herzst\u00fcck des Campingplatzes<\/strong>: der Ort, an dem man sich trifft, teilt und entspannt, immer in einer herzlichen und famili\u00e4ren Atmosph\u00e4re.    <\/p>\n\n\n\n<p class=\"has-custom-color-3-color has-text-color has-link-color wp-elements-cee19e97b8a4647ee3a3b78e94543e3e\">Die <strong>Abende am Wasser<\/strong>, ruhig und sanft, beschlie\u00dfen die Tage voller Entdeckungen und L\u00e4cheln.<\/p>\n<\/div>\n<\/div>\n<\/section>\n\n<section class=\"wp-block-group page-maillage has-global-padding is-layout-constrained wp-block-group-is-layout-constrained\">\n<div class=\"wp-block-group title-group is-horizontal is-layout-flex wp-container-core-group-is-layout-1b39ef27 wp-block-group-is-layout-flex\">\n<figure class=\"wp-block-image size-large\" style=\"margin-top:0px;margin-right:0px;margin-bottom:0px;margin-left:0px\"><img decoding=\"async\" width=\"63\" height=\"94\" src=\"https:\/\/www.camping-des-familles.com\/wp-content\/uploads\/2025\/09\/Vector-24.svg\" alt=\"Vector (24)\" class=\"wp-image-653\" style=\"object-fit:cover\"\/><\/figure>\n\n\n\n<div class=\"wp-block-group h1-like has-custom-color-1-color has-text-color has-link-color wp-elements-a880d6b0ddabe1a27558980b310b5219 has-global-padding is-layout-constrained wp-block-group-is-layout-constrained\">\n<p class=\"has-custom-color-3-color has-text-color has-link-color has-pp-woodland-font-family wp-elements-5a4feda3f4e532a967143cdcdf0cdc1f\" style=\"font-size:clamp(52.9px, 3.306rem + ((1vw - 3.2px) * 4.398), 107px);font-style:normal;font-weight:200;text-transform:uppercase\">Entdecken Sie <span>Service, Gastronomie und Wellness<\/span><\/p>\n<\/div>\n<\/div>\n\n\n\n<div class=\"wp-block-query is-layout-flow wp-block-query-is-layout-flow\"><ul class=\"animated fadeInUp wp-block-post-template is-layout-flow wp-block-post-template-is-layout-flow\"><li class=\"wp-block-post post-2521 page type-page status-publish has-post-thumbnail hentry\">\n\n<figure class=\"wp-block-image\"><img decoding=\"async\" src=\"https:\/\/www.camping-des-familles.com\/wp-content\/uploads\/2025\/10\/Zumba-au-camping-medoc-e1759409631954.jpg\" alt=\"Zumba auf dem Campingplatz Medoc\"\/><\/figure>\n\n\n\n<p class=\"has-text-align-center has-base-2-color has-text-color has-link-color has-pp-woodland-font-family wp-elements-6ced9490183e5f4edfb72dbec622f35f\" style=\"font-size:clamp(18.959px, 1.185rem + ((1vw - 3.2px) * 0.898), 30px);text-transform:uppercase\">Unsere Animationen<\/p>\n\n\n<a class=\"is-style-lien-cover wp-block-read-more\" href=\"https:\/\/www.camping-des-familles.com\/de\/campingplatz-animation-grayan-et-l-hopital\/\" target=\"_self\">Weiterlesen<span class=\"screen-reader-text\">: Unsere Animationen<\/span><\/a>\n<\/li><li class=\"wp-block-post post-2567 page type-page status-publish has-post-thumbnail hentry\">\n\n<figure class=\"wp-block-image\"><img decoding=\"async\" src=\"https:\/\/www.camping-des-familles.com\/wp-content\/uploads\/2025\/10\/epicerie-a-proximite-du-camping-medoc.jpg\" alt=\"Lebensmittelgesch\u00e4ft in der N\u00e4he des Campingplatzes M\u00e9doc\"\/><\/figure>\n\n\n\n<p class=\"has-text-align-center has-base-2-color has-text-color has-link-color has-pp-woodland-font-family wp-elements-6ced9490183e5f4edfb72dbec622f35f\" style=\"font-size:clamp(18.959px, 1.185rem + ((1vw - 3.2px) * 0.898), 30px);text-transform:uppercase\">Unsere Dienstleistungen<\/p>\n\n\n<a class=\"is-style-lien-cover wp-block-read-more\" href=\"https:\/\/www.camping-des-familles.com\/de\/campingplatz-dienstleistungen-grayan-et-l-hopital\/\" target=\"_self\">Weiterlesen<span class=\"screen-reader-text\">: Unsere Dienstleistungen<\/span><\/a>\n<\/li><li class=\"wp-block-post post-2545 page type-page status-publish has-post-thumbnail hentry\">\n\n<figure class=\"wp-block-image\"><img decoding=\"async\" src=\"https:\/\/www.camping-des-familles.com\/wp-content\/uploads\/2025\/10\/soiree-moules-frites-camping-pres-de-Soulac-sur-Mer-e1759409962301.jpg\" alt=\"Abend mit Muscheln und Pommes Frites auf dem Campingplatz in der N\u00e4he von Soulac-sur-Mer\"\/><\/figure>\n\n\n\n<p class=\"has-text-align-center has-base-2-color has-text-color has-link-color has-pp-woodland-font-family wp-elements-6ced9490183e5f4edfb72dbec622f35f\" style=\"font-size:clamp(18.959px, 1.185rem + ((1vw - 3.2px) * 0.898), 30px);text-transform:uppercase\">Restauration<\/p>\n\n\n<a class=\"is-style-lien-cover wp-block-read-more\" href=\"https:\/\/www.camping-des-familles.com\/de\/bar-restaurant-grayan-et-l-hopital\/\" target=\"_self\">Weiterlesen<span class=\"screen-reader-text\">: Restauration<\/span><\/a>\n<\/li><\/ul><\/div>\n<\/section>\n","protected":false},"excerpt":{"rendered":"<p>Campingplatz mit beheiztem Schwimmbad im M\u00e9doc M\u00f6chten Sie sich erfrischen, entspannen oder einfach nur Spa\u00df haben? Der Camping des Familles Ecolodge verf\u00fcgt \u00fcber einen echten Wasserpark , der allen W\u00fcnschen gerecht wird. Unser Campingplatz mit beheiztem Schwimmbad in Grayan-et-l&#8217;H\u00f4pital im M\u00e9doc ist ideal gelegen und bietet Ihnen eine Umgebung, in der Sie sich mitten in [&hellip;]<\/p>\n","protected":false},"author":1,"featured_media":2515,"parent":0,"menu_order":0,"comment_status":"closed","ping_status":"closed","template":"","meta":{"_acf_changed":false,"_seopress_robots_primary_cat":"","_seopress_titles_title":"Campingplatz mit beheiztem Schwimmbad in der N\u00e4he von Soulac-sur-Mer im M\u00e9doc","_seopress_titles_desc":"Auf dem Familiencampingplatz in der N\u00e4he von Soulac-sur-Mer gibt es einen beheizten Swimmingpool, ein Planschbecken und Wasserspiele f\u00fcr Kinder. Faulenzen, entspannen und baden Sie mit Ihrer Familie im M\u00e9doc. ","_seopress_robots_index":"","_gt_ctv_global_id":"14469","_gt_ctv_id_group":false,"inline_featured_image":false,"gt_fse_maillage_image":"https:\/\/www.camping-des-familles.com\/wp-content\/uploads\/2025\/10\/piscine-camping-des-familles.jpg","gt_fse_maillage_titre":"Wasserpark","gt_fse_maillage_alt":"Schwimmbad Familiencamping","gt_fse_maillage_resume":"","_gt_maillage_image":0,"_gt_maillage_video":0,"_gt_maillage_title":"","footnotes":""},"categories":[],"tags":[],"class_list":["post-2514","page","type-page","status-publish","has-post-thumbnail","hentry"],"acf":[],"_links":{"self":[{"href":"https:\/\/www.camping-des-familles.com\/de\/wp-json\/wp\/v2\/pages\/2514","targetHints":{"allow":["GET"]}}],"collection":[{"href":"https:\/\/www.camping-des-familles.com\/de\/wp-json\/wp\/v2\/pages"}],"about":[{"href":"https:\/\/www.camping-des-familles.com\/de\/wp-json\/wp\/v2\/types\/page"}],"author":[{"embeddable":true,"href":"https:\/\/www.camping-des-familles.com\/de\/wp-json\/wp\/v2\/users\/1"}],"replies":[{"embeddable":true,"href":"https:\/\/www.camping-des-familles.com\/de\/wp-json\/wp\/v2\/comments?post=2514"}],"version-history":[{"count":13,"href":"https:\/\/www.camping-des-familles.com\/de\/wp-json\/wp\/v2\/pages\/2514\/revisions"}],"predecessor-version":[{"id":4362,"href":"https:\/\/www.camping-des-familles.com\/de\/wp-json\/wp\/v2\/pages\/2514\/revisions\/4362"}],"wp:featuredmedia":[{"embeddable":true,"href":"https:\/\/www.camping-des-familles.com\/de\/wp-json\/wp\/v2\/media\/2515"}],"wp:attachment":[{"href":"https:\/\/www.camping-des-familles.com\/de\/wp-json\/wp\/v2\/media?parent=2514"}],"wp:term":[{"taxonomy":"category","embeddable":true,"href":"https:\/\/www.camping-des-familles.com\/de\/wp-json\/wp\/v2\/categories?post=2514"},{"taxonomy":"post_tag","embeddable":true,"href":"https:\/\/www.camping-des-familles.com\/de\/wp-json\/wp\/v2\/tags?post=2514"}],"curies":[{"name":"wp","href":"https:\/\/api.w.org\/{rel}","templated":true}]}}