{"id":2481,"date":"2025-09-22T13:59:56","date_gmt":"2025-09-22T11:59:56","guid":{"rendered":"https:\/\/www.camping-des-familles.com\/tourisme-plages-medoc\/"},"modified":"2025-11-11T10:12:01","modified_gmt":"2025-11-11T09:12:01","slug":"tourismus-straende-medoc","status":"publish","type":"page","link":"https:\/\/www.camping-des-familles.com\/de\/tourismus-straende-medoc\/","title":{"rendered":"Die Str\u00e4nde"},"content":{"rendered":"\n<section class=\"wp-block-group home-third bis has-global-padding is-layout-constrained wp-block-group-is-layout-constrained\">\n<div class=\"wp-block-columns is-layout-flex wp-container-core-columns-is-layout-28f84493 wp-block-columns-is-layout-flex\">\n<div class=\"wp-block-column is-vertically-aligned-center right is-layout-flow wp-block-column-is-layout-flow\" style=\"flex-basis:50%\">\n<h1 class=\"wp-block-heading has-text-align-left full-width has-damirone-font-family has-custom-color-1-color has-text-color\" style=\"margin-top:0px;margin-right:0px;margin-bottom:0px;margin-left:0px;padding-bottom:var(--wp--preset--spacing--20);font-size:clamp(28.836px, 1.802rem + ((1vw - 3.2px) * 1.721), 50px);font-style:normal;font-weight:400;line-height:1.2;text-transform:uppercase\">Entdecken Sie die Str\u00e4nde <span>in der Umgebung<\/span><\/h1>\n\n\n\n<p class=\"has-custom-color-3-color has-text-color has-link-color wp-elements-7ad1083d392dd155c3ee703f0dcaf03a\" style=\"line-height:1.9\">Lust auf feinen Sand, den Ozean und die Natur? Willkommen auf dem Camping des Familles Ecolodge, dem idealen Ausgangspunkt, um die sch\u00f6nsten Str\u00e4nde im M\u00e9doc zu entdecken. Von unserem <g id=\"gid_0\">Campingplatz in der N\u00e4he von Soulac-sur-Mer<\/g> aus k\u00f6nnen Sie mit dem Fahrrad oder einem <g id=\"gid_1\">gel\u00e4ndeg\u00e4ngigen Elektroroller<\/g> zu den Str\u00e4nden von <g id=\"gid_2\">Montalivet<\/g>, <g id=\"gid_3\">Le Gurp<\/g>, <g id=\"gid_4\">Soulac-sur-Mer<\/g> oder <g id=\"gid_5\">Hourtin<\/g> fahren. Alle sind schnell und einfach zu erreichen und bieten eine <strong>ideale Umgebung zum Schwimmen<\/strong>, <strong>Surfen<\/strong>,<strong> Spielen am Strand<\/strong> oder f\u00fcr ein <strong>Picknick<\/strong>. Ein Urlaub<strong> mit den F\u00fc\u00dfen im Wasser<\/strong> erwartet Sie an dieser unber\u00fchrten und wilden K\u00fcste.    <\/p>\n<\/div>\n\n\n\n<div class=\"wp-block-column left is-layout-flow wp-block-column-is-layout-flow\" style=\"flex-basis:50%\">\n<div class=\"wp-block-group is-layout-flow wp-block-group-is-layout-flow\">\n<div class=\"wp-block-group is-layout-flow wp-block-group-is-layout-flow\">\n<figure class=\"wp-block-image size-full is-resized gt-gsap-fadeIn\"><img decoding=\"async\" width=\"1271\" height=\"2560\" src=\"https:\/\/www.camping-des-familles.com\/wp-content\/uploads\/2025\/10\/Plage-Arros-edited-scaled.jpg\" alt=\"Strand Arros\" class=\"wp-image-3459\" style=\"width:auto;height:900px\" srcset=\"https:\/\/www.camping-des-familles.com\/wp-content\/uploads\/2025\/10\/Plage-Arros-edited-scaled.jpg 1271w, https:\/\/www.camping-des-familles.com\/wp-content\/uploads\/2025\/10\/Plage-Arros-edited-149x300.jpg 149w, https:\/\/www.camping-des-familles.com\/wp-content\/uploads\/2025\/10\/Plage-Arros-edited-508x1024.jpg 508w, https:\/\/www.camping-des-familles.com\/wp-content\/uploads\/2025\/10\/Plage-Arros-edited-768x1547.jpg 768w, https:\/\/www.camping-des-familles.com\/wp-content\/uploads\/2025\/10\/Plage-Arros-edited-763x1536.jpg 763w, https:\/\/www.camping-des-familles.com\/wp-content\/uploads\/2025\/10\/Plage-Arros-edited-1017x2048.jpg 1017w\" sizes=\"(max-width: 1271px) 100vw, 1271px\" \/><\/figure>\n<\/div>\n<\/div>\n<\/div>\n<\/div>\n<\/section>\n\n<section class=\"wp-block-group home-fourth page-two has-custom-color-1-background-color has-background has-global-padding is-layout-constrained wp-block-group-is-layout-constrained\">\n<div class=\"wp-block-group has-global-padding is-content-justification-center is-layout-constrained wp-container-core-group-is-layout-519de150 wp-block-group-is-layout-constrained\" style=\"margin-top:0px;margin-right:0px;margin-bottom:0px;margin-left:0px\">\n<h2 class=\"wp-block-heading has-text-align-center full-width has-damirone-font-family has-base-2-color has-text-color\" style=\"margin-top:0px;margin-right:0px;margin-bottom:0px;margin-left:0px;font-size:clamp(24.034px, 1.502rem + ((1vw - 3.2px) * 1.298), 40px);font-style:normal;font-weight:400;line-height:1.2;text-transform:uppercase\"><span>Die sch\u00f6nsten Str\u00e4nde<\/span> des M\u00e9doc<\/h2>\n<\/div>\n\n\n\n<div class=\"wp-block-group has-global-padding is-content-justification-center is-layout-constrained wp-container-core-group-is-layout-8f5500b1 wp-block-group-is-layout-constrained\" style=\"margin-top:0px;margin-right:0px;margin-bottom:0px;margin-left:0px;padding-bottom:var(--wp--preset--spacing--30)\">\n<p class=\"has-text-align-center full-width has-base-2-color has-text-color has-link-color has-poppins-font-family wp-elements-e1947b25ae3d91cb63cd6835fde17c6c\" style=\"margin-top:0px;margin-right:0px;margin-bottom:0px;margin-left:0px;font-size:clamp(14px, 0.875rem + ((1vw - 3.2px) * 0.325), 18px);font-style:normal;font-weight:300;line-height:1.9\">Mit seiner kilometerlangen K\u00fcste bietet das M\u00e9doc eine <strong>Postkartenkulisse<\/strong>. Die <g id=\"gid_1\">langen Sandstr\u00e4nde <\/g>, die von D\u00fcnen und Kiefern ges\u00e4umt werden und mit der<g id=\"gid_2\"> Blauen Flagge<\/g> ausgezeichnet sind, werden Sie begeistern. Der <a href=\"https:\/\/www.medoc-atlantique.com\/sit\/plage-surveillee-du-gurp-7098603\/\" target=\"_blank\" rel=\"noreferrer noopener nofollow\">Strand von Le Gurp<\/a>, nur 5 km entfernt, ist mit seinen <strong>sanften Wellen<\/strong> und dem <strong>bewachten Strand<\/strong> perfekt f\u00fcr Familien geeignet. <a href=\"https:\/\/www.vendaysmontalivet.com\/\" target=\"_blank\" rel=\"noreferrer noopener nofollow\">Montalivet<\/a> ist ein <strong>lebhafterer<\/strong> Ort, der f\u00fcr <strong>seinen Markt <\/strong>und <strong>seine Aktivit\u00e4ten<\/strong> bekannt ist. Weiter im Norden bietet der Strand von <g id=\"gid_10\">Verdon-sur-Mer<\/g> einen <g id=\"gid_11\">einzigartigen Blick auf den Leuchtturm von Cordouan<\/g>. Wenn Sie lieber etwas weiter weg vom Stadtzentrum sind, ist der <a href=\"https:\/\/www.medoc-atlantique.com\/sit\/plage-surveillee-lamelie-7125044\/\" target=\"_blank\" rel=\"noreferrer noopener nofollow\">Strand von L&#8217;Am\u00e9lie<\/a> der ideale Ort f\u00fcr ein beaufsichtigtes Familienbad in einer gesch\u00fctzten, wilden Umgebung. Dies sind <strong>unumg\u00e4ngliche Spots<\/strong>, um die Sonne und den Ozean zu genie\u00dfen und die <a href=\"https:\/\/www.camping-des-familles.com\/de\/sportliche-aktivitaten-medoc\/\" data-type=\"page\" data-id=\"54\">sportlichen Aktivit\u00e4ten in der N\u00e4he von Soulac-sur-Mer<\/a> in aller Freiheit auszu\u00fcben.     <br\/><\/p>\n<\/div>\n\n\n\n<div class=\"wp-block-cover alignfull blob-image gt-gsap-fadeInUp\" style=\"min-height:80vh;aspect-ratio:unset;\"><img decoding=\"async\" width=\"2160\" height=\"1350\" class=\"wp-block-cover__image-background wp-image-1361 size-full\" alt=\"Plage Ganivelle\" src=\"https:\/\/www.camping-des-familles.com\/wp-content\/uploads\/2025\/10\/Plage-Ganivelle.jpg\" data-object-fit=\"cover\" srcset=\"https:\/\/www.camping-des-familles.com\/wp-content\/uploads\/2025\/10\/Plage-Ganivelle.jpg 2160w, https:\/\/www.camping-des-familles.com\/wp-content\/uploads\/2025\/10\/Plage-Ganivelle-300x188.jpg 300w, https:\/\/www.camping-des-familles.com\/wp-content\/uploads\/2025\/10\/Plage-Ganivelle-1024x640.jpg 1024w, https:\/\/www.camping-des-familles.com\/wp-content\/uploads\/2025\/10\/Plage-Ganivelle-768x480.jpg 768w, https:\/\/www.camping-des-familles.com\/wp-content\/uploads\/2025\/10\/Plage-Ganivelle-1536x960.jpg 1536w, https:\/\/www.camping-des-familles.com\/wp-content\/uploads\/2025\/10\/Plage-Ganivelle-2048x1280.jpg 2048w\" sizes=\"(max-width: 2160px) 100vw, 2160px\" \/><span aria-hidden=\"true\" class=\"wp-block-cover__background has-background-dim wp-block-cover__gradient-background has-background-gradient\" style=\"background:linear-gradient(0deg,rgb(1,1,1) 0%,rgba(0,0,0,0.34) 72%)\"><\/span><div class=\"wp-block-cover__inner-container is-layout-flow wp-block-cover-is-layout-flow\">\n<p class=\"has-text-align-center h1-like has-pp-woodland-font-family\" style=\"font-size:clamp(67.975px, 4.248rem + ((1vw - 3.2px) * 6.506), 148px);line-height:1\">Wellen <br\/><span>Sanfte <\/span> Wellen  <\/p>\n<\/div><\/div>\n<\/section>\n\n<section class=\"wp-block-group home-third page-third has-global-padding is-layout-constrained wp-block-group-is-layout-constrained\">\n<div class=\"wp-block-columns is-layout-flex wp-container-core-columns-is-layout-28f84493 wp-block-columns-is-layout-flex\">\n<div class=\"wp-block-column left is-layout-flow wp-block-column-is-layout-flow\" style=\"flex-basis:50%\">\n<div data-swiper=\"{&quot;speed&quot;:400,&quot;spaceBetween&quot;:16,&quot;slidesPerView&quot;:1,&quot;createElements&quot;:true,&quot;loop&quot;:true,&quot;freemode&quot;:true,&quot;breakpoints&quot;:[{&quot;slidesPerView&quot;:1}],&quot;pagination&quot;:false,&quot;effect&quot;:&quot;fade&quot;,&quot;navigation&quot;:false}\" class=\"wp-block-group gt-is-slider gt-is-slider-desktop is-layout-flow wp-block-group-is-layout-flow\">\n<div class=\"wp-block-group is-layout-flow wp-block-group-is-layout-flow\">\n<figure class=\"wp-block-image size-full is-resized gt-gsap-fadeIn\"><img decoding=\"async\" width=\"1707\" height=\"2560\" src=\"https:\/\/www.camping-des-familles.com\/wp-content\/uploads\/2025\/10\/surf-pres-de-Soulac-sur-Mer-scaled.jpg\" alt=\"surf in der N&#xE4;he von Soulac-sur-Mer\" class=\"wp-image-1351\" style=\"width:auto;height:900px\" srcset=\"https:\/\/www.camping-des-familles.com\/wp-content\/uploads\/2025\/10\/surf-pres-de-Soulac-sur-Mer-scaled.jpg 1707w, https:\/\/www.camping-des-familles.com\/wp-content\/uploads\/2025\/10\/surf-pres-de-Soulac-sur-Mer-200x300.jpg 200w, https:\/\/www.camping-des-familles.com\/wp-content\/uploads\/2025\/10\/surf-pres-de-Soulac-sur-Mer-683x1024.jpg 683w, https:\/\/www.camping-des-familles.com\/wp-content\/uploads\/2025\/10\/surf-pres-de-Soulac-sur-Mer-768x1152.jpg 768w, https:\/\/www.camping-des-familles.com\/wp-content\/uploads\/2025\/10\/surf-pres-de-Soulac-sur-Mer-1024x1536.jpg 1024w, https:\/\/www.camping-des-familles.com\/wp-content\/uploads\/2025\/10\/surf-pres-de-Soulac-sur-Mer-1365x2048.jpg 1365w\" sizes=\"(max-width: 1707px) 100vw, 1707px\" \/><\/figure>\n<\/div>\n<\/div>\n<\/div>\n\n\n\n<div class=\"wp-block-column is-vertically-aligned-center right is-layout-flow wp-block-column-is-layout-flow\" style=\"flex-basis:50%\">\n<h2 class=\"wp-block-heading\" style=\"text-transform:uppercase\">Bade- und Surfvergn\u00fcgen <span>in unmittelbarer N\u00e4he des Campingplatzes<\/span><\/h2>\n\n\n\n<p class=\"has-custom-color-3-color has-text-color has-link-color wp-elements-482a085c69e14b88529ef5b3ad37c64f\" style=\"line-height:1.9\">Das M\u00e9doc ist ein <strong>idealer Spielplatz<\/strong> f\u00fcr <strong>Anf\u00e4nger und erfahrene Surfer<\/strong>. Mehrere <strong>Surfschulen<\/strong> bieten Kindern und Erwachsenen die M\u00f6glichkeit, sich mit den Wellen des Atlantiks vertraut zu machen. Surfen ist ein Teil der <g id=\"gid_3\">Kultur des M\u00e9doc<\/g>, da die Str\u00e4nde ein wahres Paradies f\u00fcr Wassersportler sind. Die <a href=\"https:\/\/www.medoc-atlantique.com\/surf\/\" target=\"_blank\" rel=\"noreferrer noopener nofollow\">Surfkultur ist im M\u00e9doc allgegenw\u00e4rtig<\/a> und wenn Sie auf dem Camping des Familles Ecolodge wohnen, sind Sie nur <strong>ein paar Pedaltritte <\/strong>vom <strong>perfekten Spot entfernt, um es zu versuchen<\/strong>. <br\/><strong> Farniente-Liebhaber<\/strong> kommen auch nicht zu kurz: Cocktails am Wasser, Entdeckung der <a href=\"https:\/\/www.camping-des-familles.com\/de\/gastronomie-weine-medoc\/\" data-type=\"page\" data-id=\"58\">Gastronomie und der Weine des M\u00e9doc<\/a>, Schwimmen mit der Familie oder lange Spazierg\u00e4nge am Strand&#8230; <strong>jeder findet seinen eigenen Rhythmus<\/strong>.   <\/p>\n\n\n\n<p class=\"has-custom-color-3-color has-text-color has-link-color wp-elements-51893235b164b2d95a60e18592324a78\" style=\"line-height:1.9\"><\/p>\n<\/div>\n<\/div>\n<\/section>\n\n<section class=\"wp-block-group home-third bis has-global-padding is-layout-constrained wp-block-group-is-layout-constrained\">\n<div class=\"wp-block-columns is-layout-flex wp-container-core-columns-is-layout-28f84493 wp-block-columns-is-layout-flex\">\n<div class=\"wp-block-column is-vertically-aligned-center right is-layout-flow wp-block-column-is-layout-flow\" style=\"flex-basis:50%\">\n<h2 class=\"wp-block-heading has-text-align-left full-width has-damirone-font-family has-custom-color-1-color has-text-color\" style=\"margin-top:0px;margin-right:0px;margin-bottom:0px;margin-left:0px;padding-bottom:var(--wp--preset--spacing--20);font-size:clamp(28.836px, 1.802rem + ((1vw - 3.2px) * 1.721), 50px);font-style:normal;font-weight:400;line-height:1.2;text-transform:uppercase\">Die <span>Gironde-M\u00fcndung<\/span> durchstreifen<\/h2>\n\n\n\n<p class=\"has-custom-color-3-color has-text-color has-link-color wp-elements-ca1b17c920bbf62b53144835f91e0920\" style=\"line-height:1.9\">Reisen Sie nicht ab, ohne sich die Zeit genommen zu haben, die M\u00fcndung der Gironde zu erkunden. Dieses<strong> in Westeuropa einzigartige Gebiet<\/strong> ist an manchen Stellen 12 km breit und beherbergt <strong>Inseln<\/strong>, <strong>S\u00fcmpfe<\/strong>, <strong>bunte Schollen<\/strong> und eine <strong>au\u00dfergew\u00f6hnliche Tierwelt<\/strong>. Nutzen Sie Ihren Aufenthalt, um die kleinen H\u00e4fen wie <a href=\"https:\/\/www.medoc-atlantique.com\/sit\/port-de-saint-vivien-de-medoc-7098517\/\" target=\"_blank\" rel=\"noreferrer noopener nofollow\">Saint-Vivien<\/a> oder <a href=\"https:\/\/www.medoc-atlantique.com\/estuaire\/talais\/\" target=\"_blank\" rel=\"noreferrer noopener nofollow\">Talais<\/a> zu besuchen, oder machen Sie eine Kreuzfahrt zum <a href=\"https:\/\/www.phare-de-cordouan.fr\/\" target=\"_blank\" rel=\"noreferrer noopener nofollow\">Leuchtturm von Cordouan<\/a> (von den Franzosen zum zweitbeliebtesten Denkmal gew\u00e4hlt).  <br\/><\/p>\n<\/div>\n\n\n\n<div class=\"wp-block-column left is-layout-flow wp-block-column-is-layout-flow\" style=\"flex-basis:50%\">\n<div class=\"wp-block-group is-layout-flow wp-block-group-is-layout-flow\">\n<div class=\"wp-block-group is-layout-flow wp-block-group-is-layout-flow\">\n<figure class=\"wp-block-image size-full is-resized gt-gsap-fadeIn\"><img decoding=\"async\" width=\"942\" height=\"900\" src=\"https:\/\/www.camping-des-familles.com\/wp-content\/uploads\/2025\/10\/phare-de-Cordouan-.jpg\" alt=\"Leuchtturm von Cordouan\" class=\"wp-image-1371\" style=\"width:auto;height:900px\" srcset=\"https:\/\/www.camping-des-familles.com\/wp-content\/uploads\/2025\/10\/phare-de-Cordouan-.jpg 942w, https:\/\/www.camping-des-familles.com\/wp-content\/uploads\/2025\/10\/phare-de-Cordouan--300x287.jpg 300w, https:\/\/www.camping-des-familles.com\/wp-content\/uploads\/2025\/10\/phare-de-Cordouan--768x734.jpg 768w\" sizes=\"(max-width: 942px) 100vw, 942px\" \/><\/figure>\n<\/div>\n<\/div>\n<\/div>\n<\/div>\n<\/section>\n\n<section class=\"wp-block-group page-maillage has-global-padding is-layout-constrained wp-block-group-is-layout-constrained\">\n<div class=\"wp-block-group is-horizontal is-layout-flex wp-container-core-group-is-layout-1b39ef27 wp-block-group-is-layout-flex\">\n<figure class=\"wp-block-image size-large\" style=\"margin-top:0px;margin-right:0px;margin-bottom:0px;margin-left:0px\"><img decoding=\"async\" width=\"63\" height=\"94\" src=\"https:\/\/www.camping-des-familles.com\/wp-content\/uploads\/2025\/09\/Vector-24.svg\" alt=\"Vector (24)\" class=\"wp-image-653\" style=\"object-fit:cover\"\/><\/figure>\n\n\n\n<div class=\"wp-block-group h1-like has-custom-color-1-color has-text-color has-link-color wp-elements-898ac425d5b0057c011f8bd80cdea3f9 has-global-padding is-layout-constrained wp-block-group-is-layout-constrained\">\n<p class=\"has-custom-color-3-color has-text-color has-link-color has-pp-woodland-font-family wp-elements-e83009a99c7b669fbaefafc9765f7699\" style=\"font-size:clamp(52.9px, 3.306rem + ((1vw - 3.2px) * 4.398), 107px);font-style:normal;font-weight:200;text-transform:uppercase\">Entdecken Sie <span>Freizeit, Wein und Geschichte<\/span><\/p>\n<\/div>\n<\/div>\n\n\n\n<div class=\"wp-block-query is-layout-flow wp-block-query-is-layout-flow\"><ul class=\"animated fadeInUp wp-block-post-template is-layout-flow wp-block-post-template-is-layout-flow\"><li class=\"wp-block-post post-2430 page type-page status-publish has-post-thumbnail hentry\">\n\n<figure class=\"wp-block-image\"><img decoding=\"async\" src=\"https:\/\/www.camping-des-familles.com\/wp-content\/uploads\/2025\/10\/kayak_activites.jpg\" alt=\"Sportliche Aktivit\u00e4ten\"\/><\/figure>\n\n\n\n<p class=\"has-text-align-center has-base-2-color has-text-color has-link-color has-pp-woodland-font-family wp-elements-6ced9490183e5f4edfb72dbec622f35f\" style=\"font-size:clamp(18.959px, 1.185rem + ((1vw - 3.2px) * 0.898), 30px);text-transform:uppercase\">Sportliche Aktivit\u00e4ten<\/p>\n\n\n<a class=\"is-style-lien-cover wp-block-read-more\" href=\"https:\/\/www.camping-des-familles.com\/de\/sportliche-aktivitaten-medoc\/\" target=\"_self\">Weiterlesen<span class=\"screen-reader-text\">: Sportliche Aktivit\u00e4ten<\/span><\/a>\n<\/li><li class=\"wp-block-post post-2427 page type-page status-publish has-post-thumbnail hentry\">\n\n<figure class=\"wp-block-image\"><img decoding=\"async\" src=\"https:\/\/www.camping-des-familles.com\/wp-content\/uploads\/2025\/10\/Gastronomie-et-vins-scaled.jpg\" alt=\"Gastronomie und Wein\"\/><\/figure>\n\n\n\n<p class=\"has-text-align-center has-base-2-color has-text-color has-link-color has-pp-woodland-font-family wp-elements-6ced9490183e5f4edfb72dbec622f35f\" style=\"font-size:clamp(18.959px, 1.185rem + ((1vw - 3.2px) * 0.898), 30px);text-transform:uppercase\">Gastronomie und Wein<\/p>\n\n\n<a class=\"is-style-lien-cover wp-block-read-more\" href=\"https:\/\/www.camping-des-familles.com\/de\/gastronomie-weine-medoc\/\" target=\"_self\">Weiterlesen<span class=\"screen-reader-text\">: Gastronomie und Wein<\/span><\/a>\n<\/li><li class=\"wp-block-post post-2608 page type-page status-publish has-post-thumbnail hentry\">\n\n<figure class=\"wp-block-image\"><img decoding=\"async\" src=\"https:\/\/www.camping-des-familles.com\/wp-content\/uploads\/2025\/10\/Soulac-sur-Mer.jpg\" alt=\"Kulturerbe und Kultur\"\/><\/figure>\n\n\n\n<p class=\"has-text-align-center has-base-2-color has-text-color has-link-color has-pp-woodland-font-family wp-elements-6ced9490183e5f4edfb72dbec622f35f\" style=\"font-size:clamp(18.959px, 1.185rem + ((1vw - 3.2px) * 0.898), 30px);text-transform:uppercase\">Kulturerbe und Kultur<\/p>\n\n\n<a class=\"is-style-lien-cover wp-block-read-more\" href=\"https:\/\/www.camping-des-familles.com\/de\/kulturerbe-kultur-medoc\/\" target=\"_self\">Weiterlesen<span class=\"screen-reader-text\">: Kulturerbe und Kultur<\/span><\/a>\n<\/li><\/ul><\/div>\n<\/section>\n","protected":false},"excerpt":{"rendered":"<p>Entdecken Sie die Str\u00e4nde in der Umgebung Lust auf feinen Sand, den Ozean und die Natur? Willkommen auf dem Camping des Familles Ecolodge, dem idealen Ausgangspunkt, um die sch\u00f6nsten Str\u00e4nde im M\u00e9doc zu entdecken. Von unserem Campingplatz in der N\u00e4he von Soulac-sur-Mer aus k\u00f6nnen Sie mit dem Fahrrad oder einem gel\u00e4ndeg\u00e4ngigen Elektroroller zu den Str\u00e4nden [&hellip;]<\/p>\n","protected":false},"author":1,"featured_media":1323,"parent":0,"menu_order":0,"comment_status":"closed","ping_status":"closed","template":"","meta":{"_acf_changed":false,"_seopress_robots_primary_cat":"","_seopress_titles_title":"Entdeckung der sch\u00f6nsten Str\u00e4nde des M\u00e9doc vom Campingplatz aus","_seopress_titles_desc":"Vom Camping des Familles in der N\u00e4he von Soulac-sur-Mer aus k\u00f6nnen Sie die sch\u00f6nsten Str\u00e4nde des M\u00e9doc entdecken: Schwimmen, Surfen, Faulenzen und Spazierg\u00e4nge mit der Familie oder mit Freunden.","_seopress_robots_index":"","_gt_ctv_global_id":"14469","_gt_ctv_id_group":false,"inline_featured_image":false,"gt_fse_maillage_image":"https:\/\/www.camping-des-familles.com\/wp-content\/uploads\/2025\/10\/vue-aerienne-ocean-plage.jpg","gt_fse_maillage_titre":"Die Str\u00e4nde","gt_fse_maillage_alt":"Die Str\u00e4nde","gt_fse_maillage_resume":"","_gt_maillage_image":0,"_gt_maillage_video":0,"_gt_maillage_title":"","footnotes":""},"categories":[],"tags":[],"class_list":["post-2481","page","type-page","status-publish","has-post-thumbnail","hentry"],"acf":[],"_links":{"self":[{"href":"https:\/\/www.camping-des-familles.com\/de\/wp-json\/wp\/v2\/pages\/2481","targetHints":{"allow":["GET"]}}],"collection":[{"href":"https:\/\/www.camping-des-familles.com\/de\/wp-json\/wp\/v2\/pages"}],"about":[{"href":"https:\/\/www.camping-des-familles.com\/de\/wp-json\/wp\/v2\/types\/page"}],"author":[{"embeddable":true,"href":"https:\/\/www.camping-des-familles.com\/de\/wp-json\/wp\/v2\/users\/1"}],"replies":[{"embeddable":true,"href":"https:\/\/www.camping-des-familles.com\/de\/wp-json\/wp\/v2\/comments?post=2481"}],"version-history":[{"count":19,"href":"https:\/\/www.camping-des-familles.com\/de\/wp-json\/wp\/v2\/pages\/2481\/revisions"}],"predecessor-version":[{"id":4286,"href":"https:\/\/www.camping-des-familles.com\/de\/wp-json\/wp\/v2\/pages\/2481\/revisions\/4286"}],"wp:featuredmedia":[{"embeddable":true,"href":"https:\/\/www.camping-des-familles.com\/de\/wp-json\/wp\/v2\/media\/1323"}],"wp:attachment":[{"href":"https:\/\/www.camping-des-familles.com\/de\/wp-json\/wp\/v2\/media?parent=2481"}],"wp:term":[{"taxonomy":"category","embeddable":true,"href":"https:\/\/www.camping-des-familles.com\/de\/wp-json\/wp\/v2\/categories?post=2481"},{"taxonomy":"post_tag","embeddable":true,"href":"https:\/\/www.camping-des-familles.com\/de\/wp-json\/wp\/v2\/tags?post=2481"}],"curies":[{"name":"wp","href":"https:\/\/api.w.org\/{rel}","templated":true}]}}