{"id":2469,"date":"2025-09-22T13:59:35","date_gmt":"2025-09-22T11:59:35","guid":{"rendered":"https:\/\/www.camping-des-familles.com\/location-emplacement-grayan-et-l-hopital\/"},"modified":"2025-11-11T09:53:25","modified_gmt":"2025-11-11T08:53:25","slug":"mieten-stellplatz-grayan-et-l-hopital","status":"publish","type":"page","link":"https:\/\/www.camping-des-familles.com\/de\/mieten-stellplatz-grayan-et-l-hopital\/","title":{"rendered":"Stellplatz"},"content":{"rendered":"\n<section class=\"wp-block-group alignfull gt-reveal fiche-content page-hebergement has-global-padding is-layout-constrained wp-container-core-group-is-layout-19e250f3 wp-block-group-is-layout-constrained\">\n<div class=\"wp-block-group has-global-padding is-layout-constrained wp-block-group-is-layout-constrained\" style=\"padding-top:var(--wp--preset--spacing--40);padding-bottom:var(--wp--preset--spacing--40)\">\n<h1 class=\"wp-block-heading has-text-align-center full-width has-damirone-font-family has-custom-color-1-color has-text-color\" style=\"margin-top:0px;margin-right:0px;margin-bottom:0px;margin-left:0px;padding-bottom:var(--wp--preset--spacing--20);font-size:clamp(28.836px, 1.802rem + ((1vw - 3.2px) * 1.721), 50px);font-style:normal;font-weight:400;line-height:1.2;text-transform:uppercase\"><span>Mieten Sie einen Stellplatz<\/span><br\/>in der N\u00e4he von Soulac-sur-Mer<\/h1>\n\n\n\n<p class=\"has-text-align-center has-custom-color-3-color has-text-color has-link-color gt-no-padding-mobile wp-elements-d36fda0b06df6343880b89f927f866df\" style=\"padding-right:var(--wp--preset--spacing--60);padding-left:var(--wp--preset--spacing--60);line-height:1.9\">Sind Sie ein Liebhaber des <strong>traditionellen Campings <\/strong>? Entscheiden Sie sich f\u00fcr einen Stellplatz in der N\u00e4he von Soulac-sur-Mer in einer <strong>nat\u00fcrlichen<\/strong>, <strong>ruhigen <\/strong>und <strong>schattigen<\/strong> <strong>Umgebung<\/strong>. Der Camping des Familles Ecolodge empf\u00e4ngt Sie in Grayan-et-l&#8217;H\u00f4pital, 5 km von den Str\u00e4nden entfernt, f\u00fcr einen authentischen Aufenthalt im <strong>Zelt<\/strong>, <strong>Wohnwagen <\/strong>oder <strong>Wohnmobil<\/strong>. Auf unserem <a href=\"https:\/\/www.camping-des-familles.com\/de\/\" data-type=\"page\" data-id=\"8\">Campingplatz im M\u00e9doc<\/a> k\u00f6nnen Sie Ihr Fahrzeug abstellen, die Seeluft einatmen und die <strong>umliegende Natur<\/strong> genie\u00dfen. Hier gibt es keinen Stress: alles ist auf Ihren Komfort und Ihre Ruhe ausgerichtet.    <br\/><\/p>\n\n\n\n<div data-wp-context=\"{}\" data-wp-interactive=\"core\/query\" data-wp-key=\"1\" data-wp-router-region=\"query-1\" class=\"wp-block-query alignwide gt-fse-hebergements is-layout-flow wp-block-query-is-layout-flow gt-fse-widgets-ctv-open-product\"><ul class=\"columns-3 wp-block-post-template is-layout-grid wp-container-core-post-template-is-layout-6d3fbd8f wp-block-post-template-is-layout-grid gt-fse-widgets-ctv-open-product\"><li data-gt-Thelis-product-id=\"\" data-gt-bathrooms=\"\" data-gt-campings=\"\" data-gt-capacities=\"38,39,25,40,33\" data-gt-ctv-product-id=\"111561\" data-gt-gammes=\"\" data-gt-options=\"\" data-gt-rooms=\"\" data-gt-superficies=\"42\" data-gt-types=\"31,43\" data-wp-key=\"post-template-item-2693\" class=\"wp-block-post post-2693 hebergement type-hebergement status-publish has-post-thumbnail hentry gt-hebergements-types-emplacements gt-hebergements-types-offres gt-hebergements-nombre-personnes-38 gt-hebergements-nombre-personnes-39 gt-hebergements-nombre-personnes-25 gt-hebergements-nombre-personnes-40 gt-hebergements-nombre-personnes-33 gt-hebergements-superficie-42 gt-fse-widgets-ctv-open-product\">\n<figure style=\"aspect-ratio:4\/3;\" class=\"hebergement-featured-image wp-block-post-featured-image gt-fse-widgets-ctv-open-product\"><img decoding=\"async\" width=\"2022\" height=\"1350\" src=\"https:\/\/www.camping-des-familles.com\/wp-content\/uploads\/2025\/10\/emplacements-camping-car-medoc-e1759751044839.jpg\" class=\"attachment-full size-full wp-post-image gt-fse-widgets-ctv-open-product\" alt=\"stellpl\u00e4tze f\u00fcr wohnmobile m\u00e9doc\" style=\"border-radius:0px;width:100%;height:100%;object-fit:cover;\" \/><\/figure>\n\n\n<div class=\"wp-block-group gt-hebergement-content is-content-justification-center is-nowrap is-layout-flex wp-container-core-group-is-layout-dad6e7c6 wp-block-group-is-layout-flex gt-fse-widgets-ctv-open-product\" style=\"padding-top:var(--wp--preset--spacing--10);padding-right:var(--wp--preset--spacing--10);padding-bottom:var(--wp--preset--spacing--10);padding-left:var(--wp--preset--spacing--10)\">\n<div class=\"wp-block-group has-global-padding is-layout-constrained wp-block-group-is-layout-constrained gt-fse-widgets-ctv-open-product\">\n<p class=\"hebergement-title has-custom-color-1-color has-text-color has-link-color has-pp-woodland-font-family wp-elements-415647ea71c39b808a9308772272f0dd gt-fse-widgets-ctv-open-product\" style=\"font-size:clamp(1.119rem, 1.119rem + ((1vw - 0.2rem) * 0.821), 1.75rem);\">Pauschale CAMPING CAR &amp; VAN (inkl. Strom)<\/p>\n<\/div>\n<\/div>\n\n\n\n<div class=\"wp-block-group gt-hebergement-foot is-layout-flow wp-container-core-group-is-layout-a77db08e wp-block-group-is-layout-flow gt-fse-widgets-ctv-open-product\">\n<div class=\"wp-block-group is-content-justification-center is-layout-flex wp-container-core-group-is-layout-54e55615 wp-block-group-is-layout-flex gt-fse-widgets-ctv-open-product\" style=\"margin-top:0;margin-bottom:var(--wp--preset--spacing--20)\">\n<div class=\"wp-block-group hebergement-info is-horizontal is-content-justification-center is-nowrap is-layout-flex wp-container-core-group-is-layout-8d39ddb4 wp-block-group-is-layout-flex gt-fse-widgets-ctv-open-product\">\n<figure class=\"wp-block-image size-medium is-resized wp-duotone-unset-1 gt-fse-widgets-ctv-open-product\"><img decoding=\"async\" src=\"https:\/\/fermedes4chenes.fr\/wp-content\/uploads\/2024\/12\/utilisateur.svg\" alt=\"Benutzer\" class=\"wp-image-2009 gt-fse-widgets-ctv-open-product\" style=\"width:25px\"\/><\/figure>\n\n\n\n<div class=\"wp-block-group is-nowrap is-layout-flex wp-container-core-group-is-layout-4b0a85f0 wp-block-group-is-layout-flex gt-fse-widgets-ctv-open-product\"><div class=\"taxonomy-gt-hebergements-nombre-personnes wp-block-post-terms gt-fse-widgets-ctv-open-product\"><span class=\"gt-fse-widgets-ctv-open-product\"><span class=\"gt-hebergements-option-name gt-fse-widgets-ctv-open-product\">2<\/span><\/span><span class=\"wp-block-post-terms__separator gt-fse-widgets-ctv-open-product\">, <\/span><span class=\"gt-fse-widgets-ctv-open-product\"><span class=\"gt-hebergements-option-name gt-fse-widgets-ctv-open-product\">3<\/span><\/span><span class=\"wp-block-post-terms__separator gt-fse-widgets-ctv-open-product\">, <\/span><span class=\"gt-fse-widgets-ctv-open-product\"><span class=\"gt-hebergements-option-name gt-fse-widgets-ctv-open-product\">4<\/span><\/span><span class=\"wp-block-post-terms__separator gt-fse-widgets-ctv-open-product\">, <\/span><span class=\"gt-fse-widgets-ctv-open-product\"><span class=\"gt-hebergements-option-name gt-fse-widgets-ctv-open-product\">5<\/span><\/span><span class=\"wp-block-post-terms__separator gt-fse-widgets-ctv-open-product\">, <\/span><span class=\"gt-fse-widgets-ctv-open-product\"><span class=\"gt-hebergements-option-name gt-fse-widgets-ctv-open-product\">6<\/span><\/span><\/div>\n\n\n<p class=\"gt-fse-widgets-ctv-open-product\">Pers.<\/p>\n<\/div>\n<\/div>\n\n\n\n<div class=\"wp-block-group hebergement-info is-horizontal is-content-justification-center is-nowrap is-layout-flex wp-container-core-group-is-layout-8d39ddb4 wp-block-group-is-layout-flex gt-fse-widgets-ctv-open-product\">\n<figure class=\"wp-block-image size-full is-resized wp-duotone-unset-2 gt-fse-widgets-ctv-open-product\"><img decoding=\"async\" src=\"https:\/\/fermedes4chenes.fr\/wp-content\/uploads\/2024\/12\/lit.svg\" alt=\"Bett\" class=\"wp-image-1999 gt-fse-widgets-ctv-open-product\" style=\"width:25px\"\/><\/figure>\n\n\n\n<div class=\"wp-block-group is-nowrap is-layout-flex wp-container-core-group-is-layout-4b0a85f0 wp-block-group-is-layout-flex gt-fse-widgets-ctv-open-product\">\n\n\n<p class=\"gt-fse-widgets-ctv-open-product\">Zi.<\/p>\n<\/div>\n<\/div>\n\n\n\n<div class=\"wp-block-group hebergement-info is-horizontal is-content-justification-center is-nowrap is-layout-flex wp-container-core-group-is-layout-8d39ddb4 wp-block-group-is-layout-flex gt-fse-widgets-ctv-open-product\">\n<figure class=\"wp-block-image size-medium is-resized gt-fse-widgets-ctv-open-product\"><img decoding=\"async\" src=\"https:\/\/fermedes4chenes.fr\/wp-content\/uploads\/2024\/12\/surface.svg\" alt=\"Oberfl&#xE4;che\" class=\"wp-image-1994 gt-fse-widgets-ctv-open-product\" style=\"width:25px\"\/><\/figure>\n\n\n\n<div class=\"wp-block-group is-nowrap is-layout-flex wp-container-core-group-is-layout-4b0a85f0 wp-block-group-is-layout-flex gt-fse-widgets-ctv-open-product\"><div class=\"taxonomy-gt-hebergements-superficie wp-block-post-terms gt-fse-widgets-ctv-open-product\"><span class=\"gt-fse-widgets-ctv-open-product\"><span class=\"gt-hebergements-option-name gt-fse-widgets-ctv-open-product\">100<\/span><\/span><\/div>\n\n\n<p class=\"gt-fse-widgets-ctv-open-product\"><sup class=\"gt-fse-widgets-ctv-open-product\">m2<\/sup><\/p>\n<\/div>\n<\/div>\n<\/div>\n<\/div>\n\n<\/li><li data-gt-Thelis-product-id=\"\" data-gt-bathrooms=\"\" data-gt-campings=\"\" data-gt-capacities=\"38,39,25,40,33\" data-gt-ctv-product-id=\"72810\" data-gt-gammes=\"\" data-gt-options=\"\" data-gt-rooms=\"\" data-gt-superficies=\"42\" data-gt-types=\"31\" data-wp-key=\"post-template-item-2728\" class=\"wp-block-post post-2728 hebergement type-hebergement status-publish has-post-thumbnail hentry gt-hebergements-types-emplacements gt-hebergements-nombre-personnes-38 gt-hebergements-nombre-personnes-39 gt-hebergements-nombre-personnes-25 gt-hebergements-nombre-personnes-40 gt-hebergements-nombre-personnes-33 gt-hebergements-superficie-42 gt-fse-widgets-ctv-open-product\">\n<figure style=\"aspect-ratio:4\/3;\" class=\"hebergement-featured-image wp-block-post-featured-image gt-fse-widgets-ctv-open-product\"><img decoding=\"async\" width=\"2000\" height=\"1503\" src=\"https:\/\/www.camping-des-familles.com\/wp-content\/uploads\/2025\/10\/Emplacement-voiture-tente-ou-caravane_.jpg\" class=\"attachment-full size-full wp-post-image gt-fse-widgets-ctv-open-product\" alt=\"Emplacement voiture tente ou caravane_\" style=\"border-radius:0px;width:100%;height:100%;object-fit:cover;\" srcset=\"https:\/\/www.camping-des-familles.com\/wp-content\/uploads\/2025\/10\/Emplacement-voiture-tente-ou-caravane_.jpg 2000w, https:\/\/www.camping-des-familles.com\/wp-content\/uploads\/2025\/10\/Emplacement-voiture-tente-ou-caravane_-300x225.jpg 300w, https:\/\/www.camping-des-familles.com\/wp-content\/uploads\/2025\/10\/Emplacement-voiture-tente-ou-caravane_-1024x770.jpg 1024w, https:\/\/www.camping-des-familles.com\/wp-content\/uploads\/2025\/10\/Emplacement-voiture-tente-ou-caravane_-768x577.jpg 768w, https:\/\/www.camping-des-familles.com\/wp-content\/uploads\/2025\/10\/Emplacement-voiture-tente-ou-caravane_-1536x1154.jpg 1536w\" sizes=\"(max-width: 2000px) 100vw, 2000px\" \/><\/figure>\n\n\n<div class=\"wp-block-group gt-hebergement-content is-content-justification-center is-nowrap is-layout-flex wp-container-core-group-is-layout-dad6e7c6 wp-block-group-is-layout-flex gt-fse-widgets-ctv-open-product\" style=\"padding-top:var(--wp--preset--spacing--10);padding-right:var(--wp--preset--spacing--10);padding-bottom:var(--wp--preset--spacing--10);padding-left:var(--wp--preset--spacing--10)\">\n<div class=\"wp-block-group has-global-padding is-layout-constrained wp-block-group-is-layout-constrained gt-fse-widgets-ctv-open-product\">\n<p class=\"hebergement-title has-custom-color-1-color has-text-color has-link-color has-pp-woodland-font-family wp-elements-415647ea71c39b808a9308772272f0dd gt-fse-widgets-ctv-open-product\" style=\"font-size:clamp(1.119rem, 1.119rem + ((1vw - 0.2rem) * 0.821), 1.75rem);\">Stellplatz: Auto + Zelt oder Wohnwagen (inkl. Strom)<\/p>\n<\/div>\n<\/div>\n\n\n\n<div class=\"wp-block-group gt-hebergement-foot is-layout-flow wp-container-core-group-is-layout-a77db08e wp-block-group-is-layout-flow gt-fse-widgets-ctv-open-product\">\n<div class=\"wp-block-group is-content-justification-center is-layout-flex wp-container-core-group-is-layout-54e55615 wp-block-group-is-layout-flex gt-fse-widgets-ctv-open-product\" style=\"margin-top:0;margin-bottom:var(--wp--preset--spacing--20)\">\n<div class=\"wp-block-group hebergement-info is-horizontal is-content-justification-center is-nowrap is-layout-flex wp-container-core-group-is-layout-8d39ddb4 wp-block-group-is-layout-flex gt-fse-widgets-ctv-open-product\">\n<figure class=\"wp-block-image size-medium is-resized wp-duotone-unset-3 gt-fse-widgets-ctv-open-product\"><img decoding=\"async\" src=\"https:\/\/fermedes4chenes.fr\/wp-content\/uploads\/2024\/12\/utilisateur.svg\" alt=\"Benutzer\" class=\"wp-image-2009 gt-fse-widgets-ctv-open-product\" style=\"width:25px\"\/><\/figure>\n\n\n\n<div class=\"wp-block-group is-nowrap is-layout-flex wp-container-core-group-is-layout-4b0a85f0 wp-block-group-is-layout-flex gt-fse-widgets-ctv-open-product\"><div class=\"taxonomy-gt-hebergements-nombre-personnes wp-block-post-terms gt-fse-widgets-ctv-open-product\"><span class=\"gt-fse-widgets-ctv-open-product\"><span class=\"gt-hebergements-option-name gt-fse-widgets-ctv-open-product\">2<\/span><\/span><span class=\"wp-block-post-terms__separator gt-fse-widgets-ctv-open-product\">, <\/span><span class=\"gt-fse-widgets-ctv-open-product\"><span class=\"gt-hebergements-option-name gt-fse-widgets-ctv-open-product\">3<\/span><\/span><span class=\"wp-block-post-terms__separator gt-fse-widgets-ctv-open-product\">, <\/span><span class=\"gt-fse-widgets-ctv-open-product\"><span class=\"gt-hebergements-option-name gt-fse-widgets-ctv-open-product\">4<\/span><\/span><span class=\"wp-block-post-terms__separator gt-fse-widgets-ctv-open-product\">, <\/span><span class=\"gt-fse-widgets-ctv-open-product\"><span class=\"gt-hebergements-option-name gt-fse-widgets-ctv-open-product\">5<\/span><\/span><span class=\"wp-block-post-terms__separator gt-fse-widgets-ctv-open-product\">, <\/span><span class=\"gt-fse-widgets-ctv-open-product\"><span class=\"gt-hebergements-option-name gt-fse-widgets-ctv-open-product\">6<\/span><\/span><\/div>\n\n\n<p class=\"gt-fse-widgets-ctv-open-product\">Pers.<\/p>\n<\/div>\n<\/div>\n\n\n\n<div class=\"wp-block-group hebergement-info is-horizontal is-content-justification-center is-nowrap is-layout-flex wp-container-core-group-is-layout-8d39ddb4 wp-block-group-is-layout-flex gt-fse-widgets-ctv-open-product\">\n<figure class=\"wp-block-image size-full is-resized wp-duotone-unset-4 gt-fse-widgets-ctv-open-product\"><img decoding=\"async\" src=\"https:\/\/fermedes4chenes.fr\/wp-content\/uploads\/2024\/12\/lit.svg\" alt=\"Bett\" class=\"wp-image-1999 gt-fse-widgets-ctv-open-product\" style=\"width:25px\"\/><\/figure>\n\n\n\n<div class=\"wp-block-group is-nowrap is-layout-flex wp-container-core-group-is-layout-4b0a85f0 wp-block-group-is-layout-flex gt-fse-widgets-ctv-open-product\">\n\n\n<p class=\"gt-fse-widgets-ctv-open-product\">Zi.<\/p>\n<\/div>\n<\/div>\n\n\n\n<div class=\"wp-block-group hebergement-info is-horizontal is-content-justification-center is-nowrap is-layout-flex wp-container-core-group-is-layout-8d39ddb4 wp-block-group-is-layout-flex gt-fse-widgets-ctv-open-product\">\n<figure class=\"wp-block-image size-medium is-resized gt-fse-widgets-ctv-open-product\"><img decoding=\"async\" src=\"https:\/\/fermedes4chenes.fr\/wp-content\/uploads\/2024\/12\/surface.svg\" alt=\"Oberfl&#xE4;che\" class=\"wp-image-1994 gt-fse-widgets-ctv-open-product\" style=\"width:25px\"\/><\/figure>\n\n\n\n<div class=\"wp-block-group is-nowrap is-layout-flex wp-container-core-group-is-layout-4b0a85f0 wp-block-group-is-layout-flex gt-fse-widgets-ctv-open-product\"><div class=\"taxonomy-gt-hebergements-superficie wp-block-post-terms gt-fse-widgets-ctv-open-product\"><span class=\"gt-fse-widgets-ctv-open-product\"><span class=\"gt-hebergements-option-name gt-fse-widgets-ctv-open-product\">100<\/span><\/span><\/div>\n\n\n<p class=\"gt-fse-widgets-ctv-open-product\"><sup class=\"gt-fse-widgets-ctv-open-product\">m2<\/sup><\/p>\n<\/div>\n<\/div>\n<\/div>\n<\/div>\n\n<\/li><li data-gt-Thelis-product-id=\"\" data-gt-bathrooms=\"\" data-gt-campings=\"\" data-gt-capacities=\"38,39,25,40,33\" data-gt-ctv-product-id=\"111565\" data-gt-gammes=\"\" data-gt-options=\"\" data-gt-rooms=\"\" data-gt-superficies=\"42\" data-gt-types=\"31,43\" data-wp-key=\"post-template-item-2692\" class=\"wp-block-post post-2692 hebergement type-hebergement status-publish has-post-thumbnail hentry gt-hebergements-types-emplacements gt-hebergements-types-offres gt-hebergements-nombre-personnes-38 gt-hebergements-nombre-personnes-39 gt-hebergements-nombre-personnes-25 gt-hebergements-nombre-personnes-40 gt-hebergements-nombre-personnes-33 gt-hebergements-superficie-42 gt-fse-widgets-ctv-open-product\">\n<figure style=\"aspect-ratio:4\/3;\" class=\"hebergement-featured-image wp-block-post-featured-image gt-fse-widgets-ctv-open-product\"><img decoding=\"async\" width=\"2000\" height=\"1250\" src=\"https:\/\/www.camping-des-familles.com\/wp-content\/uploads\/2025\/10\/Forfait-RANDONNEURS-CYCLISTES.jpg\" class=\"attachment-full size-full wp-post-image gt-fse-widgets-ctv-open-product\" alt=\"Pauschalangebot f\u00fcr Wanderer und Radfahrer\" style=\"border-radius:0px;width:100%;height:100%;object-fit:cover;\" srcset=\"https:\/\/www.camping-des-familles.com\/wp-content\/uploads\/2025\/10\/Forfait-RANDONNEURS-CYCLISTES.jpg 2000w, https:\/\/www.camping-des-familles.com\/wp-content\/uploads\/2025\/10\/Forfait-RANDONNEURS-CYCLISTES-300x188.jpg 300w, https:\/\/www.camping-des-familles.com\/wp-content\/uploads\/2025\/10\/Forfait-RANDONNEURS-CYCLISTES-1024x640.jpg 1024w, https:\/\/www.camping-des-familles.com\/wp-content\/uploads\/2025\/10\/Forfait-RANDONNEURS-CYCLISTES-768x480.jpg 768w, https:\/\/www.camping-des-familles.com\/wp-content\/uploads\/2025\/10\/Forfait-RANDONNEURS-CYCLISTES-1536x960.jpg 1536w\" sizes=\"(max-width: 2000px) 100vw, 2000px\" \/><\/figure>\n\n\n<div class=\"wp-block-group gt-hebergement-content is-content-justification-center is-nowrap is-layout-flex wp-container-core-group-is-layout-dad6e7c6 wp-block-group-is-layout-flex gt-fse-widgets-ctv-open-product\" style=\"padding-top:var(--wp--preset--spacing--10);padding-right:var(--wp--preset--spacing--10);padding-bottom:var(--wp--preset--spacing--10);padding-left:var(--wp--preset--spacing--10)\">\n<div class=\"wp-block-group has-global-padding is-layout-constrained wp-block-group-is-layout-constrained gt-fse-widgets-ctv-open-product\">\n<p class=\"hebergement-title has-custom-color-1-color has-text-color has-link-color has-pp-woodland-font-family wp-elements-415647ea71c39b808a9308772272f0dd gt-fse-widgets-ctv-open-product\" style=\"font-size:clamp(1.119rem, 1.119rem + ((1vw - 0.2rem) * 0.821), 1.75rem);\">Pauschalangebot f\u00fcr Wanderer und Radfahrer<\/p>\n<\/div>\n<\/div>\n\n\n\n<div class=\"wp-block-group gt-hebergement-foot is-layout-flow wp-container-core-group-is-layout-a77db08e wp-block-group-is-layout-flow gt-fse-widgets-ctv-open-product\">\n<div class=\"wp-block-group is-content-justification-center is-layout-flex wp-container-core-group-is-layout-54e55615 wp-block-group-is-layout-flex gt-fse-widgets-ctv-open-product\" style=\"margin-top:0;margin-bottom:var(--wp--preset--spacing--20)\">\n<div class=\"wp-block-group hebergement-info is-horizontal is-content-justification-center is-nowrap is-layout-flex wp-container-core-group-is-layout-8d39ddb4 wp-block-group-is-layout-flex gt-fse-widgets-ctv-open-product\">\n<figure class=\"wp-block-image size-medium is-resized wp-duotone-unset-5 gt-fse-widgets-ctv-open-product\"><img decoding=\"async\" src=\"https:\/\/fermedes4chenes.fr\/wp-content\/uploads\/2024\/12\/utilisateur.svg\" alt=\"Benutzer\" class=\"wp-image-2009 gt-fse-widgets-ctv-open-product\" style=\"width:25px\"\/><\/figure>\n\n\n\n<div class=\"wp-block-group is-nowrap is-layout-flex wp-container-core-group-is-layout-4b0a85f0 wp-block-group-is-layout-flex gt-fse-widgets-ctv-open-product\"><div class=\"taxonomy-gt-hebergements-nombre-personnes wp-block-post-terms gt-fse-widgets-ctv-open-product\"><span class=\"gt-fse-widgets-ctv-open-product\"><span class=\"gt-hebergements-option-name gt-fse-widgets-ctv-open-product\">2<\/span><\/span><span class=\"wp-block-post-terms__separator gt-fse-widgets-ctv-open-product\">, <\/span><span class=\"gt-fse-widgets-ctv-open-product\"><span class=\"gt-hebergements-option-name gt-fse-widgets-ctv-open-product\">3<\/span><\/span><span class=\"wp-block-post-terms__separator gt-fse-widgets-ctv-open-product\">, <\/span><span class=\"gt-fse-widgets-ctv-open-product\"><span class=\"gt-hebergements-option-name gt-fse-widgets-ctv-open-product\">4<\/span><\/span><span class=\"wp-block-post-terms__separator gt-fse-widgets-ctv-open-product\">, <\/span><span class=\"gt-fse-widgets-ctv-open-product\"><span class=\"gt-hebergements-option-name gt-fse-widgets-ctv-open-product\">5<\/span><\/span><span class=\"wp-block-post-terms__separator gt-fse-widgets-ctv-open-product\">, <\/span><span class=\"gt-fse-widgets-ctv-open-product\"><span class=\"gt-hebergements-option-name gt-fse-widgets-ctv-open-product\">6<\/span><\/span><\/div>\n\n\n<p class=\"gt-fse-widgets-ctv-open-product\">Pers.<\/p>\n<\/div>\n<\/div>\n\n\n\n<div class=\"wp-block-group hebergement-info is-horizontal is-content-justification-center is-nowrap is-layout-flex wp-container-core-group-is-layout-8d39ddb4 wp-block-group-is-layout-flex gt-fse-widgets-ctv-open-product\">\n<figure class=\"wp-block-image size-full is-resized wp-duotone-unset-6 gt-fse-widgets-ctv-open-product\"><img decoding=\"async\" src=\"https:\/\/fermedes4chenes.fr\/wp-content\/uploads\/2024\/12\/lit.svg\" alt=\"Bett\" class=\"wp-image-1999 gt-fse-widgets-ctv-open-product\" style=\"width:25px\"\/><\/figure>\n\n\n\n<div class=\"wp-block-group is-nowrap is-layout-flex wp-container-core-group-is-layout-4b0a85f0 wp-block-group-is-layout-flex gt-fse-widgets-ctv-open-product\">\n\n\n<p class=\"gt-fse-widgets-ctv-open-product\">Zi.<\/p>\n<\/div>\n<\/div>\n\n\n\n<div class=\"wp-block-group hebergement-info is-horizontal is-content-justification-center is-nowrap is-layout-flex wp-container-core-group-is-layout-8d39ddb4 wp-block-group-is-layout-flex gt-fse-widgets-ctv-open-product\">\n<figure class=\"wp-block-image size-medium is-resized gt-fse-widgets-ctv-open-product\"><img decoding=\"async\" src=\"https:\/\/fermedes4chenes.fr\/wp-content\/uploads\/2024\/12\/surface.svg\" alt=\"Oberfl&#xE4;che\" class=\"wp-image-1994 gt-fse-widgets-ctv-open-product\" style=\"width:25px\"\/><\/figure>\n\n\n\n<div class=\"wp-block-group is-nowrap is-layout-flex wp-container-core-group-is-layout-4b0a85f0 wp-block-group-is-layout-flex gt-fse-widgets-ctv-open-product\"><div class=\"taxonomy-gt-hebergements-superficie wp-block-post-terms gt-fse-widgets-ctv-open-product\"><span class=\"gt-fse-widgets-ctv-open-product\"><span class=\"gt-hebergements-option-name gt-fse-widgets-ctv-open-product\">100<\/span><\/span><\/div>\n\n\n<p class=\"gt-fse-widgets-ctv-open-product\"><sup class=\"gt-fse-widgets-ctv-open-product\">m2<\/sup><\/p>\n<\/div>\n<\/div>\n<\/div>\n<\/div>\n\n<\/li><\/ul><\/div>\n<\/div>\n\n\n\n<div style=\"height:6rem\" aria-hidden=\"true\" class=\"wp-block-spacer gt-hide-mobile\"><\/div>\n<\/section>\n\n<section class=\"wp-block-group home-fourth page-two has-custom-color-1-background-color has-background has-global-padding is-layout-constrained wp-block-group-is-layout-constrained\">\n<div class=\"wp-block-group has-global-padding is-content-justification-center is-layout-constrained wp-container-core-group-is-layout-519de150 wp-block-group-is-layout-constrained\" style=\"margin-top:0px;margin-right:0px;margin-bottom:0px;margin-left:0px\">\n<h2 class=\"wp-block-heading has-text-align-center full-width has-damirone-font-family has-base-2-color has-text-color\" style=\"margin-top:0px;margin-right:0px;margin-bottom:0px;margin-left:0px;font-size:clamp(24.034px, 1.502rem + ((1vw - 3.2px) * 1.298), 40px);font-style:normal;font-weight:400;line-height:1.2;text-transform:uppercase\"><span>Stellpl\u00e4tze f\u00fcr Zelte,<\/span> Wohnwagen, Vans und Transporter<\/h2>\n<\/div>\n\n\n\n<div class=\"wp-block-group has-global-padding is-content-justification-center is-layout-constrained wp-container-core-group-is-layout-8f5500b1 wp-block-group-is-layout-constrained\" style=\"margin-top:0px;margin-right:0px;margin-bottom:0px;margin-left:0px;padding-bottom:var(--wp--preset--spacing--30)\">\n<p class=\"has-text-align-center full-width has-base-2-color has-text-color has-link-color has-poppins-font-family wp-elements-f8101619db54b3a0262a7ba697834604\" style=\"margin-top:0px;margin-right:0px;margin-bottom:0px;margin-left:0px;font-size:clamp(14px, 0.875rem + ((1vw - 3.2px) * 0.325), 18px);font-style:normal;font-weight:300;line-height:1.9\">Unsere Stellpl\u00e4tze sind<strong>ca. 100 m\u00b2<\/strong> gro\u00df, eben, abgegrenzt und schattig, mit der M\u00f6glichkeit eines <strong>Stromanschlusses<\/strong>. Ob Sie alleine, mit der Familie oder mit dem Van campen, hier finden Sie den idealen Platz f\u00fcr Ihr Lager. Alle Stellpl\u00e4tze im M\u00e9doc bieten Zugang zu den Einrichtungen des Campingplatzes: <strong>moderne Sanit\u00e4ranlagen<\/strong>, <strong>beheizter Pool<\/strong>, <strong>Spielplatz<\/strong>, <strong>Bar<\/strong>, <strong>Restaurant<\/strong>, <strong>Animation <\/strong>und <strong>Brotverkauf<\/strong>. Eine <strong>gute<\/strong> Gelegenheit, das Camping-Erlebnis in einer <strong>sicheren und einladenden Umgebung<\/strong> zu genie\u00dfen.   <\/p>\n<\/div>\n\n\n\n<div class=\"wp-block-cover alignfull blob-image gt-gsap-fadeInUp\" style=\"min-height:80vh;aspect-ratio:unset;\"><img decoding=\"async\" width=\"1600\" height=\"896\" class=\"wp-block-cover__image-background wp-image-2318 size-full\" alt=\"van life familles chien\" src=\"https:\/\/www.camping-des-familles.com\/wp-content\/uploads\/2025\/10\/van-life-familles-chien.jpg\" style=\"object-position:55% 11%\" data-object-fit=\"cover\" data-object-position=\"55% 11%\" srcset=\"https:\/\/www.camping-des-familles.com\/wp-content\/uploads\/2025\/10\/van-life-familles-chien.jpg 1600w, https:\/\/www.camping-des-familles.com\/wp-content\/uploads\/2025\/10\/van-life-familles-chien-300x168.jpg 300w, https:\/\/www.camping-des-familles.com\/wp-content\/uploads\/2025\/10\/van-life-familles-chien-1024x573.jpg 1024w, https:\/\/www.camping-des-familles.com\/wp-content\/uploads\/2025\/10\/van-life-familles-chien-768x430.jpg 768w, https:\/\/www.camping-des-familles.com\/wp-content\/uploads\/2025\/10\/van-life-familles-chien-1536x860.jpg 1536w\" sizes=\"(max-width: 1600px) 100vw, 1600px\" \/><span aria-hidden=\"true\" class=\"wp-block-cover__background has-background-dim wp-block-cover__gradient-background has-background-gradient\" style=\"background:linear-gradient(0deg,rgb(1,1,1) 0%,rgba(0,0,0,0.34) 72%)\"><\/span><div class=\"wp-block-cover__inner-container is-layout-flow wp-block-cover-is-layout-flow\">\n<p class=\"has-text-align-center h1-like has-pp-woodland-font-family\" style=\"font-size:clamp(67.975px, 4.248rem + ((1vw - 3.2px) * 6.506), 148px);line-height:1\">Van<br\/><span>oder Wohnmobil<\/span><\/p>\n<\/div><\/div>\n<\/section>\n\n<section class=\"wp-block-group home-third page-third has-global-padding is-layout-constrained wp-block-group-is-layout-constrained\">\n<div class=\"wp-block-columns is-layout-flex wp-container-core-columns-is-layout-28f84493 wp-block-columns-is-layout-flex\">\n<div class=\"wp-block-column left is-layout-flow wp-block-column-is-layout-flow\" style=\"flex-basis:50%\">\n<div data-swiper=\"{&quot;speed&quot;:400,&quot;spaceBetween&quot;:16,&quot;slidesPerView&quot;:1,&quot;createElements&quot;:true,&quot;loop&quot;:true,&quot;freemode&quot;:true,&quot;breakpoints&quot;:[{&quot;slidesPerView&quot;:1}],&quot;pagination&quot;:false,&quot;effect&quot;:&quot;fade&quot;,&quot;navigation&quot;:false}\" class=\"wp-block-group gt-is-slider gt-is-slider-desktop is-layout-flow wp-block-group-is-layout-flow\">\n<div class=\"wp-block-group is-layout-flow wp-block-group-is-layout-flow\">\n<figure class=\"wp-block-image size-full is-resized gt-gsap-fadeIn\"><img decoding=\"async\" width=\"1350\" height=\"1350\" src=\"https:\/\/www.camping-des-familles.com\/wp-content\/uploads\/2025\/10\/empalcements-camping-des-familles-dans-le-medoc-edited.jpg\" alt=\"Pf&#xE4;hlungen Familiencamping im Medoc\" class=\"wp-image-2222\" style=\"width:auto;height:900px\" srcset=\"https:\/\/www.camping-des-familles.com\/wp-content\/uploads\/2025\/10\/empalcements-camping-des-familles-dans-le-medoc-edited.jpg 1350w, https:\/\/www.camping-des-familles.com\/wp-content\/uploads\/2025\/10\/empalcements-camping-des-familles-dans-le-medoc-edited-300x300.jpg 300w, https:\/\/www.camping-des-familles.com\/wp-content\/uploads\/2025\/10\/empalcements-camping-des-familles-dans-le-medoc-edited-1024x1024.jpg 1024w, https:\/\/www.camping-des-familles.com\/wp-content\/uploads\/2025\/10\/empalcements-camping-des-familles-dans-le-medoc-edited-150x150.jpg 150w, https:\/\/www.camping-des-familles.com\/wp-content\/uploads\/2025\/10\/empalcements-camping-des-familles-dans-le-medoc-edited-768x768.jpg 768w\" sizes=\"(max-width: 1350px) 100vw, 1350px\" \/><\/figure>\n<\/div>\n<\/div>\n<\/div>\n\n\n\n<div class=\"wp-block-column is-vertically-aligned-center right is-layout-flow wp-block-column-is-layout-flow\" style=\"flex-basis:50%\">\n<h2 class=\"wp-block-heading\" style=\"text-transform:uppercase\">Wohnmobilstellpl\u00e4tze <span>im M\u00e9doc<\/span><\/h2>\n\n\n\n<p class=\"has-custom-color-3-color has-text-color has-link-color wp-elements-a2ded85a5447db82befcdcc399d7aa5f\" style=\"line-height:1.9\">Der Campingplatz verf\u00fcgt auch \u00fcber einen <strong>Wohnmobilstellplatz<\/strong> mit Wasser, <strong>Strom <\/strong>und <strong>schnellem und einfachem Zugang zu den Str\u00e4nden<\/strong> (15 Minuten mit dem Fahrrad auf dem sicheren Radweg). Ein perfekter Ausgangspunkt f\u00fcr die Erkundung der Region, von Soulac-sur-Mer \u00fcber die Weinstra\u00dfe bis zu den gro\u00dfen Seen. F\u00fcr <strong>eine Nacht oder einen l\u00e4ngeren Aufenthalt<\/strong> sind Sie auf unserem Stellplatz im M\u00e9doc herzlich willkommen.  <\/p>\n<\/div>\n<\/div>\n<\/section>\n\n<section class=\"wp-block-group home-third bis has-global-padding is-layout-constrained wp-block-group-is-layout-constrained\">\n<div class=\"wp-block-columns is-layout-flex wp-container-core-columns-is-layout-28f84493 wp-block-columns-is-layout-flex\">\n<div class=\"wp-block-column is-vertically-aligned-center right is-layout-flow wp-block-column-is-layout-flow\" style=\"flex-basis:50%\">\n<h2 class=\"wp-block-heading has-text-align-left full-width has-damirone-font-family has-custom-color-1-color has-text-color\" style=\"margin-top:0px;margin-right:0px;margin-bottom:0px;margin-left:0px;padding-bottom:var(--wp--preset--spacing--20);font-size:clamp(28.836px, 1.802rem + ((1vw - 3.2px) * 1.721), 50px);font-style:normal;font-weight:400;line-height:1.2;text-transform:uppercase\"><span>Zus\u00e4tzlich<\/span> zu mietende Einrichtungen<\/h2>\n\n\n\n<p class=\"has-custom-color-3-color has-text-color has-link-color wp-elements-2f60216ed54361521baac56bef87e73c\" style=\"line-height:1.9\">F\u00fcr einen <strong>optimalen Komfort<\/strong> k\u00f6nnen Sie Ihren Aufenthalt mit einem K\u00fchlschrank, einem Kinderbett oder -stuhl, Bettw\u00e4sche und Handt\u00fcchern oder einer Reinigungspauschale vervollst\u00e4ndigen. Diese Leistungen erm\u00f6glichen Ihnen, <strong>mit leichtem Gep\u00e4ck zu reisen und trotzdem Ihre Unabh\u00e4ngigkeit zu bewahren<\/strong>. Entdecken Sie auch unsere <a href=\"https:\/\/www.camping-des-familles.com\/de\/vermietung-mobilheim-grayan-et-l-hopital\/\" data-type=\"page\" data-id=\"36\">Mobilheime, die Sie in der N\u00e4he von Soulac-sur-Mer mieten k\u00f6nnen<\/a>, um Ihren <strong>Urlaub abwechslungsreich<\/strong> zu gestalten!  <br\/><\/p>\n<\/div>\n\n\n\n<div class=\"wp-block-column left is-layout-flow wp-block-column-is-layout-flow\" style=\"flex-basis:50%\">\n<div class=\"wp-block-group is-layout-flow wp-block-group-is-layout-flow\">\n<div class=\"wp-block-group is-layout-flow wp-block-group-is-layout-flow\">\n<figure class=\"wp-block-image size-full is-resized gt-gsap-fadeIn\"><img decoding=\"async\" width=\"940\" height=\"874\" src=\"https:\/\/www.camping-des-familles.com\/wp-content\/uploads\/2025\/10\/location-de-serviettes-1-e1760108481758.jpg\" alt=\"Verleih von Handt&#xFC;chern\" class=\"wp-image-1547\" style=\"width:auto;height:900px\" srcset=\"https:\/\/www.camping-des-familles.com\/wp-content\/uploads\/2025\/10\/location-de-serviettes-1-e1760108481758.jpg 940w, https:\/\/www.camping-des-familles.com\/wp-content\/uploads\/2025\/10\/location-de-serviettes-1-e1760108481758-300x279.jpg 300w, https:\/\/www.camping-des-familles.com\/wp-content\/uploads\/2025\/10\/location-de-serviettes-1-e1760108481758-768x714.jpg 768w\" sizes=\"(max-width: 940px) 100vw, 940px\" \/><\/figure>\n<\/div>\n<\/div>\n<\/div>\n<\/div>\n<\/section>\n\n<section class=\"wp-block-group home-third page-third has-global-padding is-layout-constrained wp-block-group-is-layout-constrained\">\n<div class=\"wp-block-columns is-layout-flex wp-container-core-columns-is-layout-28f84493 wp-block-columns-is-layout-flex\">\n<div class=\"wp-block-column left is-layout-flow wp-block-column-is-layout-flow\" style=\"flex-basis:50%\">\n<div data-swiper=\"{&quot;speed&quot;:400,&quot;spaceBetween&quot;:16,&quot;slidesPerView&quot;:1,&quot;createElements&quot;:true,&quot;loop&quot;:true,&quot;freemode&quot;:true,&quot;breakpoints&quot;:[{&quot;slidesPerView&quot;:1}],&quot;pagination&quot;:false,&quot;effect&quot;:&quot;fade&quot;,&quot;navigation&quot;:false}\" class=\"wp-block-group gt-is-slider gt-is-slider-desktop is-layout-flow wp-block-group-is-layout-flow\">\n<div class=\"wp-block-group is-layout-flow wp-block-group-is-layout-flow\">\n<figure class=\"wp-block-image size-full is-resized gt-gsap-fadeIn\"><img decoding=\"async\" width=\"942\" height=\"900\" src=\"https:\/\/www.camping-des-familles.com\/wp-content\/uploads\/2025\/10\/mobilite-reduite.jpg\" alt=\"eingeschr&#xE4;nkte Mobilit&#xE4;t\" class=\"wp-image-1557\" style=\"width:auto;height:900px\" srcset=\"https:\/\/www.camping-des-familles.com\/wp-content\/uploads\/2025\/10\/mobilite-reduite.jpg 942w, https:\/\/www.camping-des-familles.com\/wp-content\/uploads\/2025\/10\/mobilite-reduite-300x287.jpg 300w, https:\/\/www.camping-des-familles.com\/wp-content\/uploads\/2025\/10\/mobilite-reduite-768x734.jpg 768w\" sizes=\"(max-width: 942px) 100vw, 942px\" \/><\/figure>\n<\/div>\n<\/div>\n<\/div>\n\n\n\n<div class=\"wp-block-column is-vertically-aligned-center right is-layout-flow wp-block-column-is-layout-flow\" style=\"flex-basis:50%\">\n<h2 class=\"wp-block-heading\" style=\"text-transform:uppercase\">Unsere modernen und hochwertigen Sanit\u00e4ranlagen <span>mit PMR-Zugang<\/span><\/h2>\n\n\n\n<p class=\"has-custom-color-3-color has-text-color has-link-color wp-elements-0dd960d6632bcd92c94c529cdc909403\" style=\"line-height:1.9\">Unsere Sanit\u00e4ranlagen sind <strong>sauber, ger\u00e4umig <\/strong>und <strong>f\u00fcr Personen mit eingeschr\u00e4nkter Mobilit\u00e4t zug\u00e4nglich<\/strong>. Sie werden regelm\u00e4\u00dfig gewartet, um <strong>Komfort und Hygiene<\/strong> f\u00fcr alle Urlauber zu gew\u00e4hrleisten. Duschen, Waschbecken, WCs, Geschirrsp\u00fcler: alles ist vorhanden f\u00fcr einen unbeschwerten Aufenthalt. Wir legen gro\u00dfen Wert auf die Qualit\u00e4t Ihres Urlaubs auf unserem <a href=\"https:\/\/www.camping-des-familles.com\/de\/gunstiges-camping-grayan-und-l-hopital\/\" data-type=\"page\" data-id=\"44\">g\u00fcnstigen Campingplatz im M\u00e9doc<\/a>.   <br\/><\/p>\n<\/div>\n<\/div>\n<\/section>\n\n<section class=\"wp-block-group page-maillage has-global-padding is-layout-constrained wp-block-group-is-layout-constrained\">\n<div class=\"wp-block-group is-horizontal is-layout-flex wp-container-core-group-is-layout-1b39ef27 wp-block-group-is-layout-flex\">\n<figure class=\"wp-block-image size-large\" style=\"margin-top:0px;margin-right:0px;margin-bottom:0px;margin-left:0px\"><img decoding=\"async\" width=\"63\" height=\"94\" src=\"https:\/\/www.camping-des-familles.com\/wp-content\/uploads\/2025\/09\/Vector-24.svg\" alt=\"Vector (24)\" class=\"wp-image-653\" style=\"object-fit:cover\"\/><\/figure>\n\n\n\n<div class=\"wp-block-group h1-like has-custom-color-1-color has-text-color has-link-color wp-elements-843d5a55ab0b3ee944cb87e30804b041 has-global-padding is-layout-constrained wp-block-group-is-layout-constrained\">\n<p class=\"has-custom-color-3-color has-text-color has-link-color has-pp-woodland-font-family wp-elements-026ded9f6dd1d2ae29d35f434880502b\" style=\"font-size:clamp(52.9px, 3.306rem + ((1vw - 3.2px) * 4.398), 107px);font-style:normal;font-weight:200;text-transform:uppercase\">Entdecken Sie<br\/> <span>unsere Aufenthalte und Dienstleistungen<\/span><\/p>\n<\/div>\n<\/div>\n\n\n\n<div class=\"wp-block-query is-layout-flow wp-block-query-is-layout-flow\"><ul class=\"animated fadeInUp wp-block-post-template is-layout-flow wp-block-post-template-is-layout-flow\"><li class=\"wp-block-post post-2537 page type-page status-publish has-post-thumbnail hentry\">\n\n<figure class=\"wp-block-image\"><img decoding=\"async\" src=\"https:\/\/www.camping-des-familles.com\/wp-content\/uploads\/2025\/10\/Locations-camping-des-familles-au-medoc.jpg\" alt=\"Camping-Unterk\u00fcnfte f\u00fcr Familien im Medoc\"\/><\/figure>\n\n\n\n<p class=\"has-text-align-center has-base-2-color has-text-color has-link-color has-pp-woodland-font-family wp-elements-6ced9490183e5f4edfb72dbec622f35f\" style=\"font-size:clamp(18.959px, 1.185rem + ((1vw - 3.2px) * 0.898), 30px);text-transform:uppercase\">Mietwohnungen<\/p>\n\n\n<a class=\"is-style-lien-cover wp-block-read-more\" href=\"https:\/\/www.camping-des-familles.com\/de\/vermietung-mobilheim-grayan-et-l-hopital\/\" target=\"_self\">Weiterlesen<span class=\"screen-reader-text\">: Vermietung<\/span><\/a>\n<\/li><li class=\"wp-block-post post-2567 page type-page status-publish has-post-thumbnail hentry\">\n\n<figure class=\"wp-block-image\"><img decoding=\"async\" src=\"https:\/\/www.camping-des-familles.com\/wp-content\/uploads\/2025\/10\/epicerie-a-proximite-du-camping-medoc.jpg\" alt=\"Lebensmittelgesch\u00e4ft in der N\u00e4he des Campingplatzes M\u00e9doc\"\/><\/figure>\n\n\n\n<p class=\"has-text-align-center has-base-2-color has-text-color has-link-color has-pp-woodland-font-family wp-elements-6ced9490183e5f4edfb72dbec622f35f\" style=\"font-size:clamp(18.959px, 1.185rem + ((1vw - 3.2px) * 0.898), 30px);text-transform:uppercase\">Unsere Dienstleistungen<\/p>\n\n\n<a class=\"is-style-lien-cover wp-block-read-more\" href=\"https:\/\/www.camping-des-familles.com\/de\/campingplatz-dienstleistungen-grayan-et-l-hopital\/\" target=\"_self\">Weiterlesen<span class=\"screen-reader-text\">: Unsere Dienstleistungen<\/span><\/a>\n<\/li><li class=\"wp-block-post post-2464 page type-page status-publish has-post-thumbnail hentry\">\n\n<figure class=\"wp-block-image\"><img decoding=\"async\" src=\"https:\/\/www.camping-des-familles.com\/wp-content\/uploads\/2025\/10\/malin-4-pers-c.jpg\" alt=\"malin-4-pers-c\"\/><\/figure>\n\n\n\n<p class=\"has-text-align-center has-base-2-color has-text-color has-link-color has-pp-woodland-font-family wp-elements-6ced9490183e5f4edfb72dbec622f35f\" style=\"font-size:clamp(18.959px, 1.185rem + ((1vw - 3.2px) * 0.898), 30px);text-transform:uppercase\">Preise und Sonderangebote<\/p>\n\n\n<a class=\"is-style-lien-cover wp-block-read-more\" href=\"https:\/\/www.camping-des-familles.com\/de\/gunstiges-camping-grayan-und-l-hopital\/\" target=\"_self\">Weiterlesen<span class=\"screen-reader-text\">: Preise und Sonderangebote<\/span><\/a>\n<\/li><\/ul><\/div>\n<\/section>\n","protected":false},"excerpt":{"rendered":"<p>Mieten Sie einen Stellplatzin der N\u00e4he von Soulac-sur-Mer Sind Sie ein Liebhaber des traditionellen Campings ? Entscheiden Sie sich f\u00fcr einen Stellplatz in der N\u00e4he von Soulac-sur-Mer in einer nat\u00fcrlichen, ruhigen und schattigen Umgebung. Der Camping des Familles Ecolodge empf\u00e4ngt Sie in Grayan-et-l&#8217;H\u00f4pital, 5 km von den Str\u00e4nden entfernt, f\u00fcr einen authentischen Aufenthalt im Zelt, [&hellip;]<\/p>\n","protected":false},"author":1,"featured_media":1534,"parent":0,"menu_order":0,"comment_status":"closed","ping_status":"closed","template":"","meta":{"_acf_changed":false,"_seopress_robots_primary_cat":"","_seopress_titles_title":"Mieten Sie einen Stellplatz in der N\u00e4he von Soulac-sur-Mer | Caravaning M\u00e9doc","_seopress_titles_desc":"Mieten Sie einen schattigen Stellplatz f\u00fcr Zelt, Wohnwagen oder Wohnmobil auf dem Camping des Familles in der N\u00e4he von Soulac-sur-Mer. Service, moderne Sanit\u00e4ranlagen und Zugang zu den Str\u00e4nden im M\u00e9doc. ","_seopress_robots_index":"","_gt_ctv_global_id":"14469","_gt_ctv_id_group":false,"inline_featured_image":false,"gt_fse_maillage_image":"https:\/\/www.camping-des-familles.com\/wp-content\/uploads\/2025\/10\/camping-des-familles-medoc.jpg","gt_fse_maillage_titre":"Stellplatz","gt_fse_maillage_alt":"Stellplatz","gt_fse_maillage_resume":"","_gt_maillage_image":0,"_gt_maillage_video":0,"_gt_maillage_title":"","footnotes":""},"categories":[],"tags":[],"class_list":["post-2469","page","type-page","status-publish","has-post-thumbnail","hentry"],"acf":[],"_links":{"self":[{"href":"https:\/\/www.camping-des-familles.com\/de\/wp-json\/wp\/v2\/pages\/2469","targetHints":{"allow":["GET"]}}],"collection":[{"href":"https:\/\/www.camping-des-familles.com\/de\/wp-json\/wp\/v2\/pages"}],"about":[{"href":"https:\/\/www.camping-des-familles.com\/de\/wp-json\/wp\/v2\/types\/page"}],"author":[{"embeddable":true,"href":"https:\/\/www.camping-des-familles.com\/de\/wp-json\/wp\/v2\/users\/1"}],"replies":[{"embeddable":true,"href":"https:\/\/www.camping-des-familles.com\/de\/wp-json\/wp\/v2\/comments?post=2469"}],"version-history":[{"count":20,"href":"https:\/\/www.camping-des-familles.com\/de\/wp-json\/wp\/v2\/pages\/2469\/revisions"}],"predecessor-version":[{"id":4188,"href":"https:\/\/www.camping-des-familles.com\/de\/wp-json\/wp\/v2\/pages\/2469\/revisions\/4188"}],"wp:featuredmedia":[{"embeddable":true,"href":"https:\/\/www.camping-des-familles.com\/de\/wp-json\/wp\/v2\/media\/1534"}],"wp:attachment":[{"href":"https:\/\/www.camping-des-familles.com\/de\/wp-json\/wp\/v2\/media?parent=2469"}],"wp:term":[{"taxonomy":"category","embeddable":true,"href":"https:\/\/www.camping-des-familles.com\/de\/wp-json\/wp\/v2\/categories?post=2469"},{"taxonomy":"post_tag","embeddable":true,"href":"https:\/\/www.camping-des-familles.com\/de\/wp-json\/wp\/v2\/tags?post=2469"}],"curies":[{"name":"wp","href":"https:\/\/api.w.org\/{rel}","templated":true}]}}