{"id":2464,"date":"2025-09-22T13:59:42","date_gmt":"2025-09-22T11:59:42","guid":{"rendered":"https:\/\/www.camping-des-familles.com\/camping-pas-cher-grayan-et-l-hopital\/"},"modified":"2025-11-11T10:09:50","modified_gmt":"2025-11-11T09:09:50","slug":"gunstiges-camping-grayan-und-l-hopital","status":"publish","type":"page","link":"https:\/\/www.camping-des-familles.com\/de\/gunstiges-camping-grayan-und-l-hopital\/","title":{"rendered":"Preise und Sonderangebote"},"content":{"rendered":"\n<section class=\"wp-block-group alignfull gt-reveal fiche-content page-hebergement has-global-padding is-layout-constrained wp-container-core-group-is-layout-26f5e65e wp-block-group-is-layout-constrained\" style=\"padding-top:var(--wp--preset--spacing--40);padding-bottom:var(--wp--preset--spacing--30)\">\n<h1 class=\"wp-block-heading has-text-align-center full-width has-damirone-font-family has-custom-color-1-color has-text-color\" style=\"margin-top:0px;margin-right:0px;margin-bottom:0px;margin-left:0px;padding-bottom:var(--wp--preset--spacing--20);font-size:clamp(28.836px, 1.802rem + ((1vw - 3.2px) * 1.721), 50px);font-style:normal;font-weight:400;line-height:1.2;text-transform:uppercase\">Camping zum besten Preis <span>im M\u00e9doc<\/span><\/h1>\n\n\n\n<p class=\"has-text-align-center has-custom-color-3-color has-text-color has-link-color gt-no-padding-mobile wp-elements-30b55f63586e703f544c956ef95c52b8\" style=\"padding-right:var(--wp--preset--spacing--60);padding-left:var(--wp--preset--spacing--60);line-height:1.9\">Haben Sie Lust auf einen <strong>Urlaub am Meer<\/strong>, ohne Ihr Sparschwein zu zerrei\u00dfen? Camping des Familles Ecolodge bietet Ihnen ein <strong>ausgezeichnetes Preis-Leistungs-Verh\u00e4ltnis<\/strong> f\u00fcr einen komfortablen Aufenthalt in einer nat\u00fcrlichen und gem\u00fctlichen Umgebung. Unser g\u00fcnstiger Campingplatz im M\u00e9doc liegt in Grayan-et-l&#8217;H\u00f4pital und ist die clevere Wahl f\u00fcr einen <strong>gelungenen Urlaub zum kleinen Preis<\/strong>. Nur 5 km von den Str\u00e4nden und 15 Minuten mit dem Fahrrad entfernt, profitieren Sie von einer <g id=\"gid_3\">idealen Lage<\/g>,<g id=\"gid_4\">kompletten Einrichtungen<\/g> und einer <g id=\"gid_5\">famili\u00e4ren Atmosph\u00e4re<\/g>, und das alles zu einem erschwinglichen Preis. Entdecken Sie <a href=\"https:\/\/www.camping-des-familles.com\/de\/\" data-type=\"page\" data-id=\"8\">unseren Campingplatz in der N\u00e4he von Soulac-sur-Mer <\/a>und <strong>buchen Sie mit ruhigem Gewissen<\/strong>.     <\/p>\n<\/section>\n\n<div class=\"wp-block-group has-base-2-background-color has-background has-global-padding is-layout-constrained wp-block-group-is-layout-constrained\" style=\"padding-top:var(--wp--preset--spacing--40);padding-bottom:var(--wp--preset--spacing--40)\"><div class=\"wp-block-gt-gt-fse-widgets-ctv\" data-wp-interactive=\"gt\/ctv\/widgets\">\n\n                        <ctv-availability data-background-color=\"#FFFFFFFF\" data-background-color=\"#f9f3ee\"><\/ctv-availability>\n        \n    <\/div>\n<\/div>\n\n<section class=\"wp-block-group home-fourth page-two has-custom-color-1-background-color has-background has-global-padding is-layout-constrained wp-block-group-is-layout-constrained\">\n<div class=\"wp-block-group has-global-padding is-content-justification-center is-layout-constrained wp-container-core-group-is-layout-519de150 wp-block-group-is-layout-constrained\" style=\"margin-top:0px;margin-right:0px;margin-bottom:0px;margin-left:0px\">\n<h2 class=\"wp-block-heading has-text-align-center full-width has-damirone-font-family has-base-2-color has-text-color\" style=\"margin-top:0px;margin-right:0px;margin-bottom:0px;margin-left:0px;font-size:clamp(24.034px, 1.502rem + ((1vw - 3.2px) * 1.298), 40px);font-style:normal;font-weight:400;line-height:1.2;text-transform:uppercase\"><span>Komfortable Unterk\u00fcnfte<\/span> zum besten Preis<\/h2>\n<\/div>\n\n\n\n<div class=\"wp-block-group has-global-padding is-content-justification-center is-layout-constrained wp-container-core-group-is-layout-8f5500b1 wp-block-group-is-layout-constrained\" style=\"margin-top:0px;margin-right:0px;margin-bottom:0px;margin-left:0px;padding-bottom:var(--wp--preset--spacing--30)\">\n<p class=\"has-text-align-center full-width has-base-2-color has-text-color has-link-color has-poppins-font-family wp-elements-da6adeae583c610717affc51728d0cfd\" style=\"margin-top:0px;margin-right:0px;margin-bottom:0px;margin-left:0px;font-size:clamp(14px, 0.875rem + ((1vw - 3.2px) * 0.325), 18px);font-style:normal;font-weight:300;line-height:1.9\">Wir bieten verschiedene <a href=\"https:\/\/www.camping-des-familles.com\/de\/vermietung-mobilheim-grayan-et-l-hopital\/\" data-type=\"page\" data-id=\"36\">Mobilheimserien in der N\u00e4he von Soulac-sur-Mer<\/a> an, um allen W\u00fcnschen und Budgets gerecht zu werden: die Serie Malin f\u00fcr einen <strong>preiswerten Urlaub<\/strong>, die Serie Welcome f\u00fcr<strong> mehr Platz<\/strong> und die Serie Premium mit <strong>Klimaanlage und Bettw\u00e4sche inklusive<\/strong>. <a href=\"https:\/\/www.camping-des-familles.com\/de\/mieten-stellplatz-grayan-et-l-hopital\/\" data-type=\"page\" data-id=\"40\"> Im M\u00e9doc finden Sie auch ger\u00e4umige Stellpl\u00e4tze<\/a> f\u00fcr <strong>Zelte<\/strong>, <strong>Wohnwagen <\/strong>oder <strong>Wohnmobile<\/strong>. Alle unsere Unterk\u00fcnfte profitieren von den <strong>Dienstleistungen des Campingplatzes<\/strong>: beheizter Swimmingpool, Animationen, Verleih von Fahrr\u00e4dern und elektrischen Rollern, Bar-Restaurant&#8230; Ein <strong>echter Urlaub<\/strong> ohne Kompromisse beim Komfort!<\/p>\n<\/div>\n\n\n\n<div class=\"wp-block-cover alignfull blob-image gt-gsap-fadeInUp\" style=\"min-height:80vh;aspect-ratio:unset;\"><img decoding=\"async\" width=\"2048\" height=\"1274\" class=\"wp-block-cover__image-background wp-image-1574 size-full\" alt=\"Mobil home premium-6-pers-m\u00e9doc\" src=\"https:\/\/www.camping-des-familles.com\/wp-content\/uploads\/2025\/10\/Mobil-home-premium-6-pers-medoc.jpg\" data-object-fit=\"cover\" srcset=\"https:\/\/www.camping-des-familles.com\/wp-content\/uploads\/2025\/10\/Mobil-home-premium-6-pers-medoc.jpg 2048w, https:\/\/www.camping-des-familles.com\/wp-content\/uploads\/2025\/10\/Mobil-home-premium-6-pers-medoc-300x187.jpg 300w, https:\/\/www.camping-des-familles.com\/wp-content\/uploads\/2025\/10\/Mobil-home-premium-6-pers-medoc-1024x637.jpg 1024w, https:\/\/www.camping-des-familles.com\/wp-content\/uploads\/2025\/10\/Mobil-home-premium-6-pers-medoc-768x478.jpg 768w, https:\/\/www.camping-des-familles.com\/wp-content\/uploads\/2025\/10\/Mobil-home-premium-6-pers-medoc-1536x956.jpg 1536w\" sizes=\"(max-width: 2048px) 100vw, 2048px\" \/><span aria-hidden=\"true\" class=\"wp-block-cover__background has-background-dim wp-block-cover__gradient-background has-background-gradient\" style=\"background:linear-gradient(0deg,rgb(1,1,1) 0%,rgba(0,0,0,0.34) 72%)\"><\/span><div class=\"wp-block-cover__inner-container is-layout-flow wp-block-cover-is-layout-flow\">\n<p class=\"has-text-align-center h1-like has-pp-woodland-font-family\" style=\"font-size:clamp(67.975px, 4.248rem + ((1vw - 3.2px) * 6.506), 148px);line-height:1\">Komfort<br\/><span>zum kleinen Preis<\/span><\/p>\n<\/div><\/div>\n<\/section>\n\n<section class=\"wp-block-group home-third page-third has-global-padding is-layout-constrained wp-block-group-is-layout-constrained\">\n<div class=\"wp-block-columns is-layout-flex wp-container-core-columns-is-layout-28f84493 wp-block-columns-is-layout-flex\">\n<div class=\"wp-block-column left is-layout-flow wp-block-column-is-layout-flow\" style=\"flex-basis:50%\">\n<div data-swiper=\"{&quot;speed&quot;:400,&quot;spaceBetween&quot;:16,&quot;slidesPerView&quot;:1,&quot;createElements&quot;:true,&quot;loop&quot;:true,&quot;freemode&quot;:true,&quot;breakpoints&quot;:[{&quot;slidesPerView&quot;:1}],&quot;pagination&quot;:false,&quot;effect&quot;:&quot;fade&quot;,&quot;navigation&quot;:false}\" class=\"wp-block-group gt-is-slider gt-is-slider-desktop is-layout-flow wp-block-group-is-layout-flow\">\n<div class=\"wp-block-group is-layout-flow wp-block-group-is-layout-flow\">\n<figure class=\"wp-block-image size-full is-resized gt-gsap-fadeIn\"><img decoding=\"async\" width=\"1875\" height=\"1958\" src=\"https:\/\/www.camping-des-familles.com\/wp-content\/uploads\/2025\/10\/Mobil-home-cabane-prix-abordable-e1759752430327.jpg\" alt=\"Mobilheim H&#xFC;tte erschwinglicher Preis\" class=\"wp-image-1586\" style=\"width:auto;height:900px\" srcset=\"https:\/\/www.camping-des-familles.com\/wp-content\/uploads\/2025\/10\/Mobil-home-cabane-prix-abordable-e1759752430327.jpg 1875w, https:\/\/www.camping-des-familles.com\/wp-content\/uploads\/2025\/10\/Mobil-home-cabane-prix-abordable-e1759752430327-287x300.jpg 287w, https:\/\/www.camping-des-familles.com\/wp-content\/uploads\/2025\/10\/Mobil-home-cabane-prix-abordable-e1759752430327-981x1024.jpg 981w, https:\/\/www.camping-des-familles.com\/wp-content\/uploads\/2025\/10\/Mobil-home-cabane-prix-abordable-e1759752430327-768x802.jpg 768w, https:\/\/www.camping-des-familles.com\/wp-content\/uploads\/2025\/10\/Mobil-home-cabane-prix-abordable-e1759752430327-1471x1536.jpg 1471w\" sizes=\"(max-width: 1875px) 100vw, 1875px\" \/><\/figure>\n<\/div>\n<\/div>\n<\/div>\n\n\n\n<div class=\"wp-block-column is-vertically-aligned-center right is-layout-flow wp-block-column-is-layout-flow\" style=\"flex-basis:50%\">\n<h2 class=\"wp-block-heading\" style=\"text-transform:uppercase\">Campingplatz mit Sonderangeboten <span>in der N\u00e4he von Soulac-sur-Mer<\/span><\/h2>\n\n\n\n<p class=\"has-custom-color-3-color has-text-color has-link-color wp-elements-21a0fe642105e89afec3354f392728eb\" style=\"line-height:1.9\">Das ganze Jahr \u00fcber bieten wir <strong>Sonderangebote <\/strong>(Langzeitaufenthalte, Wander- und Radfahrertarife, Wochenendangebote au\u00dferhalb der Saison&#8230;), <strong>g\u00fcnstige Pakete<\/strong> (Unterkunft + Aktivit\u00e4ten).<strong> <\/strong>und <strong>gelegentliche Sonder<\/strong> angebote, um Ihnen den <strong>besten Preis<\/strong> zu bieten. Erm\u00e4\u00dfigungen f\u00fcr l\u00e4ngere Aufenthalte, Last-Minute-Angebote, Nebensaisonangebote&#8230; Schauen Sie regelm\u00e4\u00dfig auf unserer Seite vorbei, um nichts zu verpassen. Wenn Sie fr\u00fchzeitig buchen, erhalten Sie auch Zugang zu unseren beliebtesten <strong>Unterk\u00fcnften zu g\u00fcnstigen Preisen<\/strong>.  <\/p>\n\n\n<div class=\"wp-block-gt-gt-fse-widgets-ctv\" data-wp-interactive=\"gt\/ctv\/widgets\">\n\n            <ctv-offers data-display-mode=\"carousel\" ><\/ctv-offers>\n\n    <\/div>\n<\/div>\n<\/div>\n<\/section>\n\n<section class=\"wp-block-group home-third bis has-global-padding is-layout-constrained wp-block-group-is-layout-constrained\">\n<div class=\"wp-block-columns is-layout-flex wp-container-core-columns-is-layout-28f84493 wp-block-columns-is-layout-flex\">\n<div class=\"wp-block-column is-vertically-aligned-center right is-layout-flow wp-block-column-is-layout-flow\" style=\"flex-basis:50%\">\n<h2 class=\"wp-block-heading has-text-align-left full-width has-damirone-font-family has-custom-color-1-color has-text-color\" style=\"margin-top:0px;margin-right:0px;margin-bottom:0px;margin-left:0px;padding-bottom:var(--wp--preset--spacing--20);font-size:clamp(28.836px, 1.802rem + ((1vw - 3.2px) * 1.721), 50px);font-style:normal;font-weight:400;line-height:1.2;text-transform:uppercase\"><span>Live-Buchung<\/span><\/h2>\n\n\n\n<p class=\"has-custom-color-3-color has-text-color has-link-color wp-elements-74badb8fcb2bf9bd78f4d5d3e171f2fb\" style=\"line-height:1.9\">Um den besten garantierten Preis zu erhalten, empfehlen wir Ihnen,<strong> direkt \u00fcber unsere Website zu buchen<\/strong>. Sie <strong>profitieren nicht nur von den aktuellen Sonderangeboten<\/strong>, sondern vermeiden auch die zus\u00e4tzlichen Kosten f\u00fcr Drittplattformen. Die direkte Buchung ist <strong>einfach<\/strong>, <strong>schnell <\/strong>und <strong>sicher<\/strong>. Sie k\u00f6nnen uns auch anrufen, um eine <strong>pers\u00f6nliche Beratung<\/strong> zu erhalten: unser Team wird Sie gerne begleiten. Buchen Sie clever, buchen Sie direkt, auf einem g\u00fcnstigen Campingplatz in der N\u00e4he von Soulac-sur-Mer.    <\/p>\n<\/div>\n\n\n\n<div class=\"wp-block-column left is-layout-flow wp-block-column-is-layout-flow\" style=\"flex-basis:50%\">\n<div class=\"wp-block-group is-layout-flow wp-block-group-is-layout-flow\">\n<div class=\"wp-block-group is-layout-flow wp-block-group-is-layout-flow\">\n<figure class=\"wp-block-image size-full is-resized gt-gsap-fadeIn\"><img decoding=\"async\" width=\"990\" height=\"897\" src=\"https:\/\/www.camping-des-familles.com\/wp-content\/uploads\/2025\/10\/famille-heureuse-en-vacances-e1759752604389.jpg\" alt=\"gl&#xFC;ckliche Familie im Urlaub\" class=\"wp-image-1592\" style=\"width:auto;height:900px\" srcset=\"https:\/\/www.camping-des-familles.com\/wp-content\/uploads\/2025\/10\/famille-heureuse-en-vacances-e1759752604389.jpg 990w, https:\/\/www.camping-des-familles.com\/wp-content\/uploads\/2025\/10\/famille-heureuse-en-vacances-e1759752604389-300x272.jpg 300w, https:\/\/www.camping-des-familles.com\/wp-content\/uploads\/2025\/10\/famille-heureuse-en-vacances-e1759752604389-768x696.jpg 768w\" sizes=\"(max-width: 990px) 100vw, 990px\" \/><\/figure>\n<\/div>\n<\/div>\n<\/div>\n<\/div>\n<\/section>\n\n<section class=\"wp-block-group page-maillage has-global-padding is-layout-constrained wp-block-group-is-layout-constrained\">\n<div class=\"wp-block-group is-horizontal is-layout-flex wp-container-core-group-is-layout-1b39ef27 wp-block-group-is-layout-flex\">\n<figure class=\"wp-block-image size-large\" style=\"margin-top:0px;margin-right:0px;margin-bottom:0px;margin-left:0px\"><img decoding=\"async\" width=\"63\" height=\"94\" src=\"https:\/\/www.camping-des-familles.com\/wp-content\/uploads\/2025\/09\/Vector-24.svg\" alt=\"Vector (24)\" class=\"wp-image-653\" style=\"object-fit:cover\"\/><\/figure>\n\n\n\n<div class=\"wp-block-group h1-like has-custom-color-1-color has-text-color has-link-color wp-elements-44b9a8cb5110ebd41e2d92374ef50100 has-global-padding is-layout-constrained wp-block-group-is-layout-constrained\">\n<p class=\"has-custom-color-3-color has-text-color has-link-color has-pp-woodland-font-family wp-elements-48e491a7962240702cb0e67cff475d74\" style=\"font-size:clamp(52.9px, 3.306rem + ((1vw - 3.2px) * 4.398), 107px);font-style:normal;font-weight:200;text-transform:uppercase\">Entdecken Sie <span>Komfort, Natur und Service<\/span><\/p>\n<\/div>\n<\/div>\n\n\n\n<div class=\"wp-block-query is-layout-flow wp-block-query-is-layout-flow\"><ul class=\"animated fadeInUp wp-block-post-template is-layout-flow wp-block-post-template-is-layout-flow\"><li class=\"wp-block-post post-2469 page type-page status-publish has-post-thumbnail hentry\">\n\n<figure class=\"wp-block-image\"><img decoding=\"async\" src=\"https:\/\/www.camping-des-familles.com\/wp-content\/uploads\/2025\/10\/camping-des-familles-medoc.jpg\" alt=\"Stellplatz\"\/><\/figure>\n\n\n\n<p class=\"has-text-align-center has-base-2-color has-text-color has-link-color has-pp-woodland-font-family wp-elements-6ced9490183e5f4edfb72dbec622f35f\" style=\"font-size:clamp(18.959px, 1.185rem + ((1vw - 3.2px) * 0.898), 30px);text-transform:uppercase\">Stellplatz<\/p>\n\n\n<a class=\"is-style-lien-cover wp-block-read-more\" href=\"https:\/\/www.camping-des-familles.com\/de\/mieten-stellplatz-grayan-et-l-hopital\/\" target=\"_self\">Weiterlesen<span class=\"screen-reader-text\">: Stellplatz<\/span><\/a>\n<\/li><li class=\"wp-block-post post-2537 page type-page status-publish has-post-thumbnail hentry\">\n\n<figure class=\"wp-block-image\"><img decoding=\"async\" src=\"https:\/\/www.camping-des-familles.com\/wp-content\/uploads\/2025\/10\/Locations-camping-des-familles-au-medoc.jpg\" alt=\"Camping-Unterk\u00fcnfte f\u00fcr Familien im Medoc\"\/><\/figure>\n\n\n\n<p class=\"has-text-align-center has-base-2-color has-text-color has-link-color has-pp-woodland-font-family wp-elements-6ced9490183e5f4edfb72dbec622f35f\" style=\"font-size:clamp(18.959px, 1.185rem + ((1vw - 3.2px) * 0.898), 30px);text-transform:uppercase\">Mietwohnungen<\/p>\n\n\n<a class=\"is-style-lien-cover wp-block-read-more\" href=\"https:\/\/www.camping-des-familles.com\/de\/vermietung-mobilheim-grayan-et-l-hopital\/\" target=\"_self\">Weiterlesen<span class=\"screen-reader-text\">: Vermietung<\/span><\/a>\n<\/li><li class=\"wp-block-post post-2567 page type-page status-publish has-post-thumbnail hentry\">\n\n<figure class=\"wp-block-image\"><img decoding=\"async\" src=\"https:\/\/www.camping-des-familles.com\/wp-content\/uploads\/2025\/10\/epicerie-a-proximite-du-camping-medoc.jpg\" alt=\"Lebensmittelgesch\u00e4ft in der N\u00e4he des Campingplatzes M\u00e9doc\"\/><\/figure>\n\n\n\n<p class=\"has-text-align-center has-base-2-color has-text-color has-link-color has-pp-woodland-font-family wp-elements-6ced9490183e5f4edfb72dbec622f35f\" style=\"font-size:clamp(18.959px, 1.185rem + ((1vw - 3.2px) * 0.898), 30px);text-transform:uppercase\">Unsere Dienstleistungen<\/p>\n\n\n<a class=\"is-style-lien-cover wp-block-read-more\" href=\"https:\/\/www.camping-des-familles.com\/de\/campingplatz-dienstleistungen-grayan-et-l-hopital\/\" target=\"_self\">Weiterlesen<span class=\"screen-reader-text\">: Unsere Dienstleistungen<\/span><\/a>\n<\/li><\/ul><\/div>\n<\/section>\n","protected":false},"excerpt":{"rendered":"<p>Camping zum besten Preis im M\u00e9doc Haben Sie Lust auf einen Urlaub am Meer, ohne Ihr Sparschwein zu zerrei\u00dfen? Camping des Familles Ecolodge bietet Ihnen ein ausgezeichnetes Preis-Leistungs-Verh\u00e4ltnis f\u00fcr einen komfortablen Aufenthalt in einer nat\u00fcrlichen und gem\u00fctlichen Umgebung. Unser g\u00fcnstiger Campingplatz im M\u00e9doc liegt in Grayan-et-l&#8217;H\u00f4pital und ist die clevere Wahl f\u00fcr einen gelungenen Urlaub [&hellip;]<\/p>\n","protected":false},"author":1,"featured_media":1612,"parent":0,"menu_order":0,"comment_status":"closed","ping_status":"closed","template":"","meta":{"_acf_changed":false,"_seopress_robots_primary_cat":"","_seopress_titles_title":"G\u00fcnstiger Campingplatz Soulac-sur-Mer | Camping Promotionen M\u00e9doc","_seopress_titles_desc":"Genie\u00dfen Sie einen g\u00fcnstigen Urlaub auf dem Camping des Familles in der N\u00e4he von Soulac-sur-Mer: Mobilheime und Stellpl\u00e4tze zu g\u00fcnstigen Preisen, saisonale Angebote und Inklusivleistungen im M\u00e9doc.","_seopress_robots_index":"","_gt_ctv_global_id":"14469","_gt_ctv_id_group":false,"inline_featured_image":false,"gt_fse_maillage_image":"https:\/\/www.camping-des-familles.com\/wp-content\/uploads\/2025\/10\/malin-4-pers-c.jpg","gt_fse_maillage_titre":"Preise und Sonderangebote","gt_fse_maillage_alt":"malin-4-pers-c","gt_fse_maillage_resume":"","_gt_maillage_image":0,"_gt_maillage_video":0,"_gt_maillage_title":"","footnotes":""},"categories":[],"tags":[],"class_list":["post-2464","page","type-page","status-publish","has-post-thumbnail","hentry"],"acf":[],"_links":{"self":[{"href":"https:\/\/www.camping-des-familles.com\/de\/wp-json\/wp\/v2\/pages\/2464","targetHints":{"allow":["GET"]}}],"collection":[{"href":"https:\/\/www.camping-des-familles.com\/de\/wp-json\/wp\/v2\/pages"}],"about":[{"href":"https:\/\/www.camping-des-familles.com\/de\/wp-json\/wp\/v2\/types\/page"}],"author":[{"embeddable":true,"href":"https:\/\/www.camping-des-familles.com\/de\/wp-json\/wp\/v2\/users\/1"}],"replies":[{"embeddable":true,"href":"https:\/\/www.camping-des-familles.com\/de\/wp-json\/wp\/v2\/comments?post=2464"}],"version-history":[{"count":20,"href":"https:\/\/www.camping-des-familles.com\/de\/wp-json\/wp\/v2\/pages\/2464\/revisions"}],"predecessor-version":[{"id":4270,"href":"https:\/\/www.camping-des-familles.com\/de\/wp-json\/wp\/v2\/pages\/2464\/revisions\/4270"}],"wp:featuredmedia":[{"embeddable":true,"href":"https:\/\/www.camping-des-familles.com\/de\/wp-json\/wp\/v2\/media\/1612"}],"wp:attachment":[{"href":"https:\/\/www.camping-des-familles.com\/de\/wp-json\/wp\/v2\/media?parent=2464"}],"wp:term":[{"taxonomy":"category","embeddable":true,"href":"https:\/\/www.camping-des-familles.com\/de\/wp-json\/wp\/v2\/categories?post=2464"},{"taxonomy":"post_tag","embeddable":true,"href":"https:\/\/www.camping-des-familles.com\/de\/wp-json\/wp\/v2\/tags?post=2464"}],"curies":[{"name":"wp","href":"https:\/\/api.w.org\/{rel}","templated":true}]}}