{"id":2430,"date":"2025-09-22T14:00:25","date_gmt":"2025-09-22T12:00:25","guid":{"rendered":"https:\/\/www.camping-des-familles.com\/activites-sportives-medoc\/"},"modified":"2025-11-11T10:27:14","modified_gmt":"2025-11-11T09:27:14","slug":"sportliche-aktivitaten-medoc","status":"publish","type":"page","link":"https:\/\/www.camping-des-familles.com\/de\/sportliche-aktivitaten-medoc\/","title":{"rendered":"Sportliche Aktivit\u00e4ten"},"content":{"rendered":"\n<section class=\"wp-block-group home-third bis has-global-padding is-layout-constrained wp-block-group-is-layout-constrained\">\n<div class=\"wp-block-columns is-layout-flex wp-container-core-columns-is-layout-28f84493 wp-block-columns-is-layout-flex\">\n<div class=\"wp-block-column is-vertically-aligned-center right is-layout-flow wp-block-column-is-layout-flow\" style=\"flex-basis:50%\">\n<h1 class=\"wp-block-heading has-text-align-left full-width has-damirone-font-family has-custom-color-1-color has-text-color\" style=\"margin-top:0px;margin-right:0px;margin-bottom:0px;margin-left:0px;padding-bottom:var(--wp--preset--spacing--20);font-size:clamp(28.836px, 1.802rem + ((1vw - 3.2px) * 1.721), 50px);font-style:normal;font-weight:400;line-height:1.2;text-transform:uppercase\">Top-Aktivit\u00e4ten <span>in M\u00e9doc<\/span><\/h1>\n\n\n\n<p class=\"has-custom-color-3-color has-text-color has-link-color wp-elements-c9903e0a3d7cc5d5b7b4b65ad2d22de7\" style=\"line-height:1.9\">Im Herzen der<strong> Natur des M\u00e9doc<\/strong> ist der Camping des Familles Ecolodge ein idealer Ausgangspunkt f\u00fcr einen <strong>dynamischen und abwechslungsreichen Urlaub<\/strong>. Ob Sie nun Radfahren, Surfen oder andere Aktivit\u00e4ten im Freien bevorzugen, es gibt viele M\u00f6glichkeiten, um Ihren Aufenthalt voll und ganz zu genie\u00dfen. Von <a href=\"https:\/\/www.camping-des-familles.com\/de\/\" data-type=\"page\" data-id=\"8\">unserem Campingplatz im M\u00e9doc<\/a> aus haben Sie leichten Zugang zu einer Vielzahl von<strong>Familienaktivit\u00e4ten im M\u00e9doc<\/strong>, f\u00fcr Gro\u00df und Klein.   <\/p>\n<\/div>\n\n\n\n<div class=\"wp-block-column left is-layout-flow wp-block-column-is-layout-flow\" style=\"flex-basis:50%\">\n<div class=\"wp-block-group is-layout-flow wp-block-group-is-layout-flow\">\n<div class=\"wp-block-group is-layout-flow wp-block-group-is-layout-flow\">\n<figure class=\"wp-block-image size-full is-resized gt-gsap-fadeIn\"><img decoding=\"async\" width=\"1707\" height=\"2048\" src=\"https:\/\/www.camping-des-familles.com\/wp-content\/uploads\/2025\/10\/Trottinette-bois-scaled-e1760616365770.jpg\" alt=\"Holzroller\" class=\"wp-image-2332\" style=\"width:auto;height:900px\" srcset=\"https:\/\/www.camping-des-familles.com\/wp-content\/uploads\/2025\/10\/Trottinette-bois-scaled-e1760616365770.jpg 1707w, https:\/\/www.camping-des-familles.com\/wp-content\/uploads\/2025\/10\/Trottinette-bois-scaled-e1760616365770-250x300.jpg 250w, https:\/\/www.camping-des-familles.com\/wp-content\/uploads\/2025\/10\/Trottinette-bois-scaled-e1760616365770-854x1024.jpg 854w, https:\/\/www.camping-des-familles.com\/wp-content\/uploads\/2025\/10\/Trottinette-bois-scaled-e1760616365770-768x921.jpg 768w, https:\/\/www.camping-des-familles.com\/wp-content\/uploads\/2025\/10\/Trottinette-bois-scaled-e1760616365770-1280x1536.jpg 1280w\" sizes=\"(max-width: 1707px) 100vw, 1707px\" \/><\/figure>\n<\/div>\n<\/div>\n<\/div>\n<\/div>\n<\/section>\n\n<section id=\"trottinette-electrique\" class=\"wp-block-group home-fourth page-two has-custom-color-1-background-color has-background has-global-padding is-layout-constrained wp-block-group-is-layout-constrained\">\n<div class=\"wp-block-group has-global-padding is-content-justification-center is-layout-constrained wp-container-core-group-is-layout-519de150 wp-block-group-is-layout-constrained\" style=\"margin-top:0px;margin-right:0px;margin-bottom:0px;margin-left:0px\">\n<h2 class=\"wp-block-heading has-text-align-center full-width has-damirone-font-family has-base-2-color has-text-color\" style=\"margin-top:0px;margin-right:0px;margin-bottom:0px;margin-left:0px;font-size:clamp(24.034px, 1.502rem + ((1vw - 3.2px) * 1.298), 40px);font-style:normal;font-weight:400;line-height:1.2;text-transform:uppercase\"><span>Elektrischer Gel\u00e4nderoller<\/span> zu mieten<\/h2>\n<\/div>\n\n\n\n<div class=\"wp-block-group has-global-padding is-content-justification-center is-layout-constrained wp-container-core-group-is-layout-8f5500b1 wp-block-group-is-layout-constrained\" style=\"margin-top:0px;margin-right:0px;margin-bottom:0px;margin-left:0px;padding-bottom:var(--wp--preset--spacing--30)\">\n<p class=\"has-text-align-center full-width has-base-2-color has-text-color has-link-color has-poppins-font-family wp-elements-32e58f270ace4d4939f4aec4f4fd78de\" style=\"margin-top:0px;margin-right:0px;margin-bottom:0px;margin-left:0px;font-size:clamp(14px, 0.875rem + ((1vw - 3.2px) * 0.325), 18px);font-style:normal;font-weight:300;line-height:1.9\">Um die Umgebung auf andere Weise zu erkunden und das <a href=\"https:\/\/www.camping-des-familles.com\/de\/kulturerbe-kultur-medoc\/\" data-type=\"page\" data-id=\"52\">Kulturerbe und die Kultur des M\u00e9doc<\/a> zu entdecken, testen Sie den <strong>gel\u00e4ndeg\u00e4ngigen Elektroroller<\/strong>! Sie k\u00f6nnen ihn direkt vom Campingplatz aus mieten und die <strong>Wald-<\/strong> und<strong> Radwege<\/strong> spielerisch erkunden. Der Verleih ist f\u00fcr 4 Stunden oder einen ganzen Tag ab 14 Jahren m\u00f6glich. Eine <strong>originelle und umweltfreundliche Aktivit\u00e4t<\/strong>, die perfekt ist, um Grayan-et-l&#8217;H\u00f4pital und die Umgebung m\u00fchelos zu entdecken und dabei Spa\u00df zu haben.<\/p>\n\n\n\n<div class=\"wp-block-buttons is-content-justification-center is-layout-flex wp-container-core-buttons-is-layout-a89b3969 wp-block-buttons-is-layout-flex\">\n<div class=\"wp-block-button has-custom-width wp-block-button__width-25 is-style-outline is-style-outline--1\"><a class=\"wp-block-button__link has-base-color has-text-color has-link-color wp-element-button\" href=\"https:\/\/www.camping-des-familles.com\/wp-content\/uploads\/2025\/11\/tarif-et-plan-location-trott-V2.pdf\" target=\"_blank\" rel=\"noreferrer noopener\">Mietpreise<\/a><\/div>\n<\/div>\n<\/div>\n\n\n\n<div class=\"wp-block-cover alignfull blob-image gt-gsap-fadeInUp\" style=\"min-height:80vh;aspect-ratio:unset;\"><img decoding=\"async\" width=\"2560\" height=\"1362\" class=\"wp-block-cover__image-background wp-image-2335 size-full\" alt=\"Trottinette tout terrain dunes\" src=\"https:\/\/www.camping-des-familles.com\/wp-content\/uploads\/2025\/10\/Trottinette-tout-terrain-dunes-scaled.jpg\" data-object-fit=\"cover\" srcset=\"https:\/\/www.camping-des-familles.com\/wp-content\/uploads\/2025\/10\/Trottinette-tout-terrain-dunes-scaled.jpg 2560w, https:\/\/www.camping-des-familles.com\/wp-content\/uploads\/2025\/10\/Trottinette-tout-terrain-dunes-300x160.jpg 300w, https:\/\/www.camping-des-familles.com\/wp-content\/uploads\/2025\/10\/Trottinette-tout-terrain-dunes-1024x545.jpg 1024w, https:\/\/www.camping-des-familles.com\/wp-content\/uploads\/2025\/10\/Trottinette-tout-terrain-dunes-768x409.jpg 768w, https:\/\/www.camping-des-familles.com\/wp-content\/uploads\/2025\/10\/Trottinette-tout-terrain-dunes-1536x817.jpg 1536w, https:\/\/www.camping-des-familles.com\/wp-content\/uploads\/2025\/10\/Trottinette-tout-terrain-dunes-2048x1090.jpg 2048w\" sizes=\"(max-width: 2560px) 100vw, 2560px\" \/><span aria-hidden=\"true\" class=\"wp-block-cover__background has-background-dim wp-block-cover__gradient-background has-background-gradient\" style=\"background:linear-gradient(0deg,rgb(1,1,1) 0%,rgba(0,0,0,0.34) 72%)\"><\/span><div class=\"wp-block-cover__inner-container is-layout-flow wp-block-cover-is-layout-flow\">\n<p class=\"has-text-align-center h1-like has-pp-woodland-font-family\" style=\"font-size:clamp(67.975px, 4.248rem + ((1vw - 3.2px) * 6.506), 148px);line-height:1\">Alle<br\/><span>Grundst\u00fccke<\/span><\/p>\n<\/div><\/div>\n<\/section>\n\n<section class=\"wp-block-group home-third page-third has-global-padding is-layout-constrained wp-block-group-is-layout-constrained\">\n<div class=\"wp-block-columns is-layout-flex wp-container-core-columns-is-layout-28f84493 wp-block-columns-is-layout-flex\">\n<div class=\"wp-block-column left is-layout-flow wp-block-column-is-layout-flow\" style=\"flex-basis:50%\">\n<div data-swiper=\"{&quot;speed&quot;:400,&quot;spaceBetween&quot;:16,&quot;slidesPerView&quot;:1,&quot;createElements&quot;:true,&quot;loop&quot;:true,&quot;freemode&quot;:true,&quot;breakpoints&quot;:[{&quot;slidesPerView&quot;:1}],&quot;pagination&quot;:false,&quot;effect&quot;:&quot;fade&quot;,&quot;navigation&quot;:false}\" class=\"wp-block-group gt-is-slider gt-is-slider-desktop is-layout-flow wp-block-group-is-layout-flow\">\n<div class=\"wp-block-group is-layout-flow wp-block-group-is-layout-flow\">\n<figure class=\"wp-block-image size-full is-resized gt-gsap-fadeIn\"><img decoding=\"async\" width=\"1293\" height=\"1250\" src=\"https:\/\/www.camping-des-familles.com\/wp-content\/uploads\/2025\/10\/balades-a-poney--e1759502817135.jpg\" alt=\"Ponyreiten\" class=\"wp-image-1440\" style=\"width:auto;height:900px\" srcset=\"https:\/\/www.camping-des-familles.com\/wp-content\/uploads\/2025\/10\/balades-a-poney--e1759502817135.jpg 1293w, https:\/\/www.camping-des-familles.com\/wp-content\/uploads\/2025\/10\/balades-a-poney--e1759502817135-300x290.jpg 300w, https:\/\/www.camping-des-familles.com\/wp-content\/uploads\/2025\/10\/balades-a-poney--e1759502817135-1024x990.jpg 1024w, https:\/\/www.camping-des-familles.com\/wp-content\/uploads\/2025\/10\/balades-a-poney--e1759502817135-768x742.jpg 768w\" sizes=\"(max-width: 1293px) 100vw, 1293px\" \/><\/figure>\n<\/div>\n<\/div>\n<\/div>\n\n\n\n<div class=\"wp-block-column is-vertically-aligned-center right is-layout-flow wp-block-column-is-layout-flow\" style=\"flex-basis:50%\">\n<h2 class=\"wp-block-heading\" style=\"text-transform:uppercase\">Aktivit\u00e4ten f\u00fcr Ihre Kinder <span>in der N\u00e4he des Campingplatzes<\/span><\/h2>\n\n\n\n<p class=\"has-custom-color-3-color has-text-color has-link-color wp-elements-34fd1332c1bb5e725ac331e64dd64d87\" style=\"line-height:1.9\">Grayan-et-l&#8217;H\u00f4pital liegt <strong>zwischen Pinienw\u00e4ldern und wilden Str\u00e4nden<\/strong> und bietet eine Vielzahl von Aktivit\u00e4ten f\u00fcr Ihre Kinder. Familien werden im <g id=\"gid_1\">Parc de l&#8217;Aventure de Montalivet<\/g> mit <g id=\"gid_2\">Baumklettern<\/g> und<g id=\"gid_3\"> Spielen im Freien<\/g> ihr Gl\u00fcck finden. Zahlreiche<strong> Aktivit\u00e4ten f\u00fcr Kinder<\/strong> in der N\u00e4he von Soulac-sur-Mer sind ebenfalls m\u00f6glich: Minigolf, Ponyreiten oder Ausfl\u00fcge mit dem kleinen Zug, Citypark (5 Minuten zu Fu\u00df), Bodysurfing am Strand von Gurp, Einf\u00fchrung ins Angeln oder auch eine <a href=\"https:\/\/www.laforetderobin.com\/\" target=\"_blank\" rel=\"noreferrer noopener nofollow\">Einf\u00fchrung ins Bogenschie\u00dfen<\/a>!  <\/p>\n<\/div>\n<\/div>\n<\/section>\n\n<section class=\"wp-block-group home-third bis has-global-padding is-layout-constrained wp-block-group-is-layout-constrained\">\n<div class=\"wp-block-columns is-layout-flex wp-container-core-columns-is-layout-28f84493 wp-block-columns-is-layout-flex\">\n<div class=\"wp-block-column is-vertically-aligned-center right is-layout-flow wp-block-column-is-layout-flow\" style=\"flex-basis:50%\">\n<h2 class=\"wp-block-heading has-text-align-left full-width has-damirone-font-family has-custom-color-1-color has-text-color\" style=\"margin-top:0px;margin-right:0px;margin-bottom:0px;margin-left:0px;padding-bottom:var(--wp--preset--spacing--20);font-size:clamp(28.836px, 1.802rem + ((1vw - 3.2px) * 1.721), 50px);font-style:normal;font-weight:400;line-height:1.2;text-transform:uppercase\">Aktivit\u00e4ten <span>f\u00fcr die ganze Familie<\/span><\/h2>\n\n\n\n<p class=\"has-custom-color-3-color has-text-color has-link-color wp-elements-a9e336590926a460e708adc393c3af50\" style=\"line-height:1.9\">Das M\u00e9doc l\u00e4sst sich auch mit der Familie entdecken: <strong>Fahrradtouren<\/strong> auf der <a href=\"https:\/\/www.lavelodyssee.com\/\" target=\"_blank\" rel=\"noreferrer noopener\">V\u00e9lodyss\u00e9e<\/a>, <strong>lokale M\u00e4rkte<\/strong>, <strong>Bootsfahrten<\/strong>, <strong>Picknicks am Strand<\/strong> oder auch <strong>Besuche von Weing\u00fctern <\/strong>, um die <a href=\"https:\/\/www.camping-des-familles.com\/de\/gastronomie-weine-medoc\/\" data-type=\"page\" data-id=\"58\">Gastronomie und die Weine des M\u00e9doc<\/a> kennenzulernen.<\/p>\n\n\n\n<p class=\"has-custom-color-3-color has-text-color has-link-color wp-elements-d33b36062070adaae0363038dc0c3ceb\" style=\"line-height:1.9\">Naturliebhaber werden es genie\u00dfen, mit dem Fahrrad oder zu Fu\u00df durch die <strong>unber\u00fchrte Landschaft<\/strong> zu wandern, w\u00e4hrend Surfbegeisterte <strong>die Wellen am Strand von Gurp genie\u00dfen<\/strong> k\u00f6nnen. Nutzen Sie die <strong>lokalen Veranstaltungen<\/strong>, die w\u00e4hrend der Sommermonate organisiert werden: <a href=\"https:\/\/www.soulac1900.com\/\" target=\"_blank\" rel=\"noreferrer noopener nofollow\">Soulac 1900<\/a>, die <a href=\"https:\/\/www.westeurobikes.com\/show-bike-montalivet\/\" target=\"_blank\" rel=\"noreferrer noopener nofollow\">Showbike in Montalivet<\/a>, das <a href=\"https:\/\/www.medoc-atlantique.com\/tous-les-grands-evenements\/fetes-de-la-mer\/\" target=\"_blank\" rel=\"noreferrer noopener nofollow\">Meeresfest<\/a> von den Str\u00e4nden von Verdon bis zu den Str\u00e4nden von Lacanau oder der <a href=\"https:\/\/www.marathondumedoc.com\/\" target=\"_blank\" rel=\"noreferrer noopener nofollow\">Marathon der Schl\u00f6sser des M\u00e9doc<\/a>. <\/p>\n\n\n\n<p class=\"has-custom-color-3-color has-text-color has-link-color wp-elements-9c7cc3dd09c8c538b15b87edac3f7940\" style=\"line-height:1.9\">Geschichtsinteressierte k\u00f6nnen den Spuren der Pilger auf dem <strong>Jakobsweg<\/strong> folgen, indem sie die <a href=\"https:\/\/www.medoc-atlantique.com\/sit\/la-chapelle-saint-jean-baptiste-de-lhopital-7098846\/\" target=\"_blank\" rel=\"noreferrer noopener nofollow\">Kapelle Saint-Jean-Baptiste de l&#8217;H\u00f4pital<\/a> besuchen. Lokale Veranstaltungen wie das <strong>Motocross-Rennen Gurp TT <\/strong>oder <strong>Sommerfestivals<\/strong> beleben die Region das ganze Jahr \u00fcber.<\/p>\n<\/div>\n\n\n\n<div class=\"wp-block-column left is-layout-flow wp-block-column-is-layout-flow\" style=\"flex-basis:50%\">\n<div class=\"wp-block-group is-layout-flow wp-block-group-is-layout-flow\">\n<div class=\"wp-block-group is-layout-flow wp-block-group-is-layout-flow\">\n<figure class=\"wp-block-image size-full is-resized gt-gsap-fadeIn\"><img decoding=\"async\" width=\"550\" height=\"533\" src=\"https:\/\/www.camping-des-familles.com\/wp-content\/uploads\/2025\/10\/chemin-compostelle-GRAYAN-e1759503294892.jpg\" alt=\"Jakobsweg GRAYAN\" class=\"wp-image-1458\" style=\"width:auto;height:900px\" srcset=\"https:\/\/www.camping-des-familles.com\/wp-content\/uploads\/2025\/10\/chemin-compostelle-GRAYAN-e1759503294892.jpg 550w, https:\/\/www.camping-des-familles.com\/wp-content\/uploads\/2025\/10\/chemin-compostelle-GRAYAN-e1759503294892-300x291.jpg 300w\" sizes=\"(max-width: 550px) 100vw, 550px\" \/><\/figure>\n<\/div>\n<\/div>\n<\/div>\n<\/div>\n<\/section>\n\n<section class=\"wp-block-group home-third page-third has-global-padding is-layout-constrained wp-block-group-is-layout-constrained\">\n<div class=\"wp-block-columns is-layout-flex wp-container-core-columns-is-layout-28f84493 wp-block-columns-is-layout-flex\">\n<div class=\"wp-block-column left is-layout-flow wp-block-column-is-layout-flow\" style=\"flex-basis:50%\">\n<div data-swiper=\"{&quot;speed&quot;:400,&quot;spaceBetween&quot;:16,&quot;slidesPerView&quot;:1,&quot;createElements&quot;:true,&quot;loop&quot;:true,&quot;freemode&quot;:true,&quot;breakpoints&quot;:[{&quot;slidesPerView&quot;:1}],&quot;pagination&quot;:false,&quot;effect&quot;:&quot;fade&quot;,&quot;navigation&quot;:false}\" class=\"wp-block-group gt-is-slider gt-is-slider-desktop is-layout-flow wp-block-group-is-layout-flow\">\n<div class=\"wp-block-group is-layout-flow wp-block-group-is-layout-flow\">\n<figure class=\"wp-block-image size-full is-resized gt-gsap-fadeIn\"><img decoding=\"async\" width=\"1024\" height=\"1024\" src=\"https:\/\/www.camping-des-familles.com\/wp-content\/uploads\/2025\/10\/peche-aux-etangs-de-la-Barreyre-edited.jpg\" alt=\"Angeln an den Teichen von La Barreyre\" class=\"wp-image-2377\" style=\"width:auto;height:900px\" srcset=\"https:\/\/www.camping-des-familles.com\/wp-content\/uploads\/2025\/10\/peche-aux-etangs-de-la-Barreyre-edited.jpg 1024w, https:\/\/www.camping-des-familles.com\/wp-content\/uploads\/2025\/10\/peche-aux-etangs-de-la-Barreyre-edited-300x300.jpg 300w, https:\/\/www.camping-des-familles.com\/wp-content\/uploads\/2025\/10\/peche-aux-etangs-de-la-Barreyre-edited-150x150.jpg 150w, https:\/\/www.camping-des-familles.com\/wp-content\/uploads\/2025\/10\/peche-aux-etangs-de-la-Barreyre-edited-768x768.jpg 768w\" sizes=\"(max-width: 1024px) 100vw, 1024px\" \/><\/figure>\n<\/div>\n<\/div>\n<\/div>\n\n\n\n<div class=\"wp-block-column is-vertically-aligned-center right is-layout-flow wp-block-column-is-layout-flow\" style=\"flex-basis:50%\">\n<h3 class=\"wp-block-heading full-width has-damirone-font-family has-custom-color-1-color has-text-color\" style=\"margin-top:0px;margin-right:0px;margin-bottom:0px;margin-left:0px;padding-bottom:var(--wp--preset--spacing--20);font-size:clamp(28.836px, 1.802rem + ((1vw - 3.2px) * 1.721), 50px);font-style:normal;font-weight:400;line-height:1.2;text-transform:uppercase\">Outdoor-Aktivit\u00e4ten <strong><strong>im M\u00e9doc<\/strong>: Angeln, Golf und Skatepark<\/strong><\/h3>\n\n\n\n<p class=\"has-custom-color-3-color has-text-color has-link-color wp-elements-46277ae1e026f5592aa257622b25f99e\" style=\"line-height:1.9\">In der N\u00e4he des Campingplatzes Ecolodge gibt es zahlreiche Aktivit\u00e4ten, die Jung und Alt begeistern werden: <strong>Angeln an den<\/strong> <strong>Teichen von La Barreyre<\/strong> (5 Autominuten entfernt) f\u00fcr einen Moment der Ruhe am Wasser, eine Partie <strong>Golf im Golf de Balata<\/strong> f\u00fcr Liebhaber der Pr\u00e4zision oder eine Runde auf dem <a href=\"https:\/\/www.medoc-atlantique.com\/sit\/pumptrack-7107952\/\" target=\"_blank\" rel=\"noreferrer noopener nofollow\">Pumptrack und im Skatepark von Grayan<\/a> . Zwischen Natur, Sport und Entspannung versprechen Ihnen diese vielf\u00e4ltigen Aktivit\u00e4ten einen abwechslungsreichen und geselligen Urlaub im Herzen des M\u00e9doc.<\/p>\n<\/div>\n<\/div>\n<\/section>\n\n<section class=\"wp-block-group home-fourth page-two has-custom-color-1-background-color has-background has-global-padding is-layout-constrained wp-block-group-is-layout-constrained\">\n<div class=\"wp-block-group has-global-padding is-content-justification-center is-layout-constrained wp-container-core-group-is-layout-519de150 wp-block-group-is-layout-constrained\" style=\"margin-top:0px;margin-right:0px;margin-bottom:0px;margin-left:0px\">\n<h2 class=\"wp-block-heading has-text-align-center full-width has-damirone-font-family has-base-2-color has-text-color\" style=\"margin-top:0px;margin-right:0px;margin-bottom:0px;margin-left:0px;font-size:clamp(24.034px, 1.502rem + ((1vw - 3.2px) * 1.298), 40px);font-style:normal;font-weight:400;line-height:1.2;text-transform:uppercase\">Unsere sportlichen Aktivit\u00e4ten <span>in der N\u00e4he von Soulac-sur-Mer<\/span><\/h2>\n\n\n\n<p class=\"has-text-align-center has-base-color has-text-color has-link-color wp-elements-8fe886002301ecada2fe1736fce537b7\">M\u00f6chten Sie einen starken Nervenkitzel? Versuchen Sie es mit <g id=\"gid_0\">Surfen<\/g>, <g id=\"gid_1\">Jetski<\/g>, <g id=\"gid_2\">Paddeln <\/g>oder <g id=\"gid_3\">Tauchen<\/g>. Der <g id=\"gid_4\">Strand von Montalivet und Soulac-sur-Mer<\/g> sind<g id=\"gid_5\"> bekannte Orte<\/g> f\u00fcr Wassersportaktivit\u00e4ten im M\u00e9doc. Naturliebhaber kommen beim <strong>Wandern<\/strong>, <strong>Reiten <\/strong>oder <strong>Kanufahren <\/strong>auf den Seen und Fl\u00fcssen auf ihre Kosten. Vermietung von <span>gel\u00e4ndeg\u00e4ngigen Elektrorollern<\/span>    <\/p>\n\n\n\n<div style=\"height:45px\" aria-hidden=\"true\" class=\"wp-block-spacer gt-hide-mobile\"><\/div>\n<\/div>\n\n\n\n<div class=\"wp-block-cover alignfull blob-image gt-gsap-fadeInUp\" style=\"min-height:80vh;aspect-ratio:unset;\"><img decoding=\"async\" width=\"2560\" height=\"1707\" class=\"wp-block-cover__image-background wp-image-2360 size-full\" alt=\"sortie surf\" src=\"https:\/\/www.camping-des-familles.com\/wp-content\/uploads\/2025\/10\/sortie-surf-1-scaled.jpg\" data-object-fit=\"cover\" srcset=\"https:\/\/www.camping-des-familles.com\/wp-content\/uploads\/2025\/10\/sortie-surf-1-scaled.jpg 2560w, https:\/\/www.camping-des-familles.com\/wp-content\/uploads\/2025\/10\/sortie-surf-1-300x200.jpg 300w, https:\/\/www.camping-des-familles.com\/wp-content\/uploads\/2025\/10\/sortie-surf-1-1024x683.jpg 1024w, https:\/\/www.camping-des-familles.com\/wp-content\/uploads\/2025\/10\/sortie-surf-1-768x512.jpg 768w, https:\/\/www.camping-des-familles.com\/wp-content\/uploads\/2025\/10\/sortie-surf-1-1536x1024.jpg 1536w, https:\/\/www.camping-des-familles.com\/wp-content\/uploads\/2025\/10\/sortie-surf-1-2048x1365.jpg 2048w\" sizes=\"(max-width: 2560px) 100vw, 2560px\" \/><span aria-hidden=\"true\" class=\"wp-block-cover__background has-background-dim wp-block-cover__gradient-background has-background-gradient\" style=\"background:linear-gradient(0deg,rgb(1,1,1) 0%,rgba(0,0,0,0.34) 72%)\"><\/span><div class=\"wp-block-cover__inner-container is-layout-flow wp-block-cover-is-layout-flow\">\n<p class=\"has-text-align-center h1-like has-pp-woodland-font-family\" style=\"font-size:clamp(67.975px, 4.248rem + ((1vw - 3.2px) * 6.506), 148px);line-height:1\">Sport<br\/> <span>Wassersport<\/span><\/p>\n<\/div><\/div>\n<\/section>\n\n<section class=\"wp-block-group page-maillage has-global-padding is-layout-constrained wp-block-group-is-layout-constrained\">\n<div class=\"wp-block-group is-horizontal is-layout-flex wp-container-core-group-is-layout-1b39ef27 wp-block-group-is-layout-flex\">\n<figure class=\"wp-block-image size-large\" style=\"margin-top:0px;margin-right:0px;margin-bottom:0px;margin-left:0px\"><img decoding=\"async\" width=\"63\" height=\"94\" src=\"https:\/\/www.camping-des-familles.com\/wp-content\/uploads\/2025\/09\/Vector-24.svg\" alt=\"Vector (24)\" class=\"wp-image-653\" style=\"object-fit:cover\"\/><\/figure>\n\n\n\n<div class=\"wp-block-group h1-like has-custom-color-1-color has-text-color has-link-color wp-elements-9d551f75eeefd2760ef81f266aa02914 has-global-padding is-layout-constrained wp-block-group-is-layout-constrained\">\n<p class=\"has-custom-color-3-color has-text-color has-link-color has-pp-woodland-font-family wp-elements-c9cc38bbfa8e35b31f5618cb0f25d52e\" style=\"font-size:clamp(52.9px, 3.306rem + ((1vw - 3.2px) * 4.398), 107px);font-style:normal;font-weight:200;text-transform:uppercase\">Entdecken Sie<br\/><span>Geschichte, Geschmack und Str\u00e4nde<\/span><\/p>\n<\/div>\n<\/div>\n\n\n\n<div class=\"wp-block-query is-layout-flow wp-block-query-is-layout-flow\"><ul class=\"animated fadeInUp wp-block-post-template is-layout-flow wp-block-post-template-is-layout-flow\"><li class=\"wp-block-post post-2427 page type-page status-publish has-post-thumbnail hentry\">\n\n<figure class=\"wp-block-image\"><img decoding=\"async\" src=\"https:\/\/www.camping-des-familles.com\/wp-content\/uploads\/2025\/10\/Gastronomie-et-vins-scaled.jpg\" alt=\"Gastronomie und Wein\"\/><\/figure>\n\n\n\n<p class=\"has-text-align-center has-base-2-color has-text-color has-link-color has-pp-woodland-font-family wp-elements-6ced9490183e5f4edfb72dbec622f35f\" style=\"font-size:clamp(18.959px, 1.185rem + ((1vw - 3.2px) * 0.898), 30px);text-transform:uppercase\">Gastronomie und Wein<\/p>\n\n\n<a class=\"is-style-lien-cover wp-block-read-more\" href=\"https:\/\/www.camping-des-familles.com\/de\/gastronomie-weine-medoc\/\" target=\"_self\">Weiterlesen<span class=\"screen-reader-text\">: Gastronomie und Wein<\/span><\/a>\n<\/li><li class=\"wp-block-post post-2481 page type-page status-publish has-post-thumbnail hentry\">\n\n<figure class=\"wp-block-image\"><img decoding=\"async\" src=\"https:\/\/www.camping-des-familles.com\/wp-content\/uploads\/2025\/10\/vue-aerienne-ocean-plage.jpg\" alt=\"Die Str\u00e4nde\"\/><\/figure>\n\n\n\n<p class=\"has-text-align-center has-base-2-color has-text-color has-link-color has-pp-woodland-font-family wp-elements-6ced9490183e5f4edfb72dbec622f35f\" style=\"font-size:clamp(18.959px, 1.185rem + ((1vw - 3.2px) * 0.898), 30px);text-transform:uppercase\">Die Str\u00e4nde<\/p>\n\n\n<a class=\"is-style-lien-cover wp-block-read-more\" href=\"https:\/\/www.camping-des-familles.com\/de\/tourismus-straende-medoc\/\" target=\"_self\">Weiterlesen<span class=\"screen-reader-text\">: Die Str\u00e4nde<\/span><\/a>\n<\/li><li class=\"wp-block-post post-2608 page type-page status-publish has-post-thumbnail hentry\">\n\n<figure class=\"wp-block-image\"><img decoding=\"async\" src=\"https:\/\/www.camping-des-familles.com\/wp-content\/uploads\/2025\/10\/Soulac-sur-Mer.jpg\" alt=\"Kulturerbe und Kultur\"\/><\/figure>\n\n\n\n<p class=\"has-text-align-center has-base-2-color has-text-color has-link-color has-pp-woodland-font-family wp-elements-6ced9490183e5f4edfb72dbec622f35f\" style=\"font-size:clamp(18.959px, 1.185rem + ((1vw - 3.2px) * 0.898), 30px);text-transform:uppercase\">Kulturerbe und Kultur<\/p>\n\n\n<a class=\"is-style-lien-cover wp-block-read-more\" href=\"https:\/\/www.camping-des-familles.com\/de\/kulturerbe-kultur-medoc\/\" target=\"_self\">Weiterlesen<span class=\"screen-reader-text\">: Kulturerbe und Kultur<\/span><\/a>\n<\/li><\/ul><\/div>\n<\/section>\n","protected":false},"excerpt":{"rendered":"<p>Top-Aktivit\u00e4ten in M\u00e9doc Im Herzen der Natur des M\u00e9doc ist der Camping des Familles Ecolodge ein idealer Ausgangspunkt f\u00fcr einen dynamischen und abwechslungsreichen Urlaub. Ob Sie nun Radfahren, Surfen oder andere Aktivit\u00e4ten im Freien bevorzugen, es gibt viele M\u00f6glichkeiten, um Ihren Aufenthalt voll und ganz zu genie\u00dfen. Von unserem Campingplatz im M\u00e9doc aus haben Sie [&hellip;]<\/p>\n","protected":false},"author":1,"featured_media":1467,"parent":0,"menu_order":0,"comment_status":"closed","ping_status":"closed","template":"","meta":{"_acf_changed":false,"_seopress_robots_primary_cat":"","_seopress_titles_title":"Sportliche Aktivit\u00e4ten in der N\u00e4he von Soulac-sur-Mer im M\u00e9doc","_seopress_titles_desc":"Genie\u00dfen Sie vom Camping des Familles in der N\u00e4he von Soulac-sur-Mer aus die vielf\u00e4ltigen Sportaktivit\u00e4ten im M\u00e9doc: Surfen, Paddeln, Fahrradfahren, Elektroroller, Reiten und Freizeitaktivit\u00e4ten f\u00fcr die ganze Familie.","_seopress_robots_index":"","_gt_ctv_global_id":"14469","_gt_ctv_id_group":false,"inline_featured_image":false,"gt_fse_maillage_image":"https:\/\/www.camping-des-familles.com\/wp-content\/uploads\/2025\/10\/kayak_activites.jpg","gt_fse_maillage_titre":"Sportliche Aktivit\u00e4ten","gt_fse_maillage_alt":"Sportliche Aktivit\u00e4ten","gt_fse_maillage_resume":"","_gt_maillage_image":0,"_gt_maillage_video":0,"_gt_maillage_title":"","footnotes":""},"categories":[],"tags":[],"class_list":["post-2430","page","type-page","status-publish","has-post-thumbnail","hentry"],"acf":[],"_links":{"self":[{"href":"https:\/\/www.camping-des-familles.com\/de\/wp-json\/wp\/v2\/pages\/2430","targetHints":{"allow":["GET"]}}],"collection":[{"href":"https:\/\/www.camping-des-familles.com\/de\/wp-json\/wp\/v2\/pages"}],"about":[{"href":"https:\/\/www.camping-des-familles.com\/de\/wp-json\/wp\/v2\/types\/page"}],"author":[{"embeddable":true,"href":"https:\/\/www.camping-des-familles.com\/de\/wp-json\/wp\/v2\/users\/1"}],"replies":[{"embeddable":true,"href":"https:\/\/www.camping-des-familles.com\/de\/wp-json\/wp\/v2\/comments?post=2430"}],"version-history":[{"count":20,"href":"https:\/\/www.camping-des-familles.com\/de\/wp-json\/wp\/v2\/pages\/2430\/revisions"}],"predecessor-version":[{"id":4312,"href":"https:\/\/www.camping-des-familles.com\/de\/wp-json\/wp\/v2\/pages\/2430\/revisions\/4312"}],"wp:featuredmedia":[{"embeddable":true,"href":"https:\/\/www.camping-des-familles.com\/de\/wp-json\/wp\/v2\/media\/1467"}],"wp:attachment":[{"href":"https:\/\/www.camping-des-familles.com\/de\/wp-json\/wp\/v2\/media?parent=2430"}],"wp:term":[{"taxonomy":"category","embeddable":true,"href":"https:\/\/www.camping-des-familles.com\/de\/wp-json\/wp\/v2\/categories?post=2430"},{"taxonomy":"post_tag","embeddable":true,"href":"https:\/\/www.camping-des-familles.com\/de\/wp-json\/wp\/v2\/tags?post=2430"}],"curies":[{"name":"wp","href":"https:\/\/api.w.org\/{rel}","templated":true}]}}