{"id":2427,"date":"2025-09-22T14:00:39","date_gmt":"2025-09-22T12:00:39","guid":{"rendered":"https:\/\/www.camping-des-familles.com\/gastronomie-vins-medoc\/"},"modified":"2025-11-11T10:08:07","modified_gmt":"2025-11-11T09:08:07","slug":"gastronomie-weine-medoc","status":"publish","type":"page","link":"https:\/\/www.camping-des-familles.com\/de\/gastronomie-weine-medoc\/","title":{"rendered":"Gastronomie und Wein"},"content":{"rendered":"\n<section class=\"wp-block-group home-third bis has-global-padding is-layout-constrained wp-block-group-is-layout-constrained\">\n<div class=\"wp-block-columns is-layout-flex wp-container-core-columns-is-layout-28f84493 wp-block-columns-is-layout-flex\">\n<div class=\"wp-block-column is-vertically-aligned-center right is-layout-flow wp-block-column-is-layout-flow\" style=\"flex-basis:50%\">\n<h1 class=\"wp-block-heading has-text-align-left full-width has-damirone-font-family has-custom-color-1-color has-text-color\" style=\"margin-top:0px;margin-right:0px;margin-bottom:0px;margin-left:0px;padding-bottom:var(--wp--preset--spacing--20);font-size:clamp(28.836px, 1.802rem + ((1vw - 3.2px) * 1.721), 50px);font-style:normal;font-weight:400;line-height:1.2;text-transform:uppercase\">Entdeckung des lokalen Know-hows <span>im M\u00e9doc<\/span> <\/h1>\n\n\n\n<p class=\"has-custom-color-3-color has-text-color has-link-color wp-elements-976b1e432d59ace450e29cefdf64d978\" style=\"line-height:1.9\">Unsere Region ist auch ein Land der <strong>Aromen, <\/strong>der <strong>Traditionen, <\/strong>des <a href=\"https:\/\/www.camping-des-familles.com\/de\/kulturerbe-kultur-medoc\/\" data-type=\"page\" data-id=\"52\">Kulturerbes und der Kultur des M\u00e9doc<\/a>. W\u00e4hrend Ihres Aufenthalts auf dem <a href=\"https:\/\/www.camping-des-familles.com\/de\/\" data-type=\"page\" data-id=\"8\">Campingplatz in der N\u00e4he von Soulac-sur-Mer<\/a> k\u00f6nnen Sie die <strong>\u00f6rtlichen Handwerker und Produzenten <\/strong>kennen lernen und sich auf eine kulinarische Reise begeben. Prestigetr\u00e4chtige Weine, Meeresfr\u00fcchte, s\u00fc\u00dfe Leckereien und althergebrachte Handwerkskunst: alles ist hier vereint, um <a href=\"https:\/\/www.medoc-atlantique.com\/patrimoine\/esprit-epicurien\/vignobles-et-route-des-vins\/\" target=\"_blank\" rel=\"noreferrer noopener nofollow\">die Weine des M\u00e9doc zu entdecken<\/a> und einen <strong>genussvollen Tourismus an der frischen Luft<\/strong> zu genie\u00dfen. Bereiten Sie sich auf eine <strong>einzigartige geschmackliche und kulturelle Erfahrung vor<\/strong>.<br\/><\/p>\n<\/div>\n\n\n\n<div class=\"wp-block-column left is-layout-flow wp-block-column-is-layout-flow\" style=\"flex-basis:50%\">\n<div class=\"wp-block-group is-layout-flow wp-block-group-is-layout-flow\">\n<div class=\"wp-block-group is-layout-flow wp-block-group-is-layout-flow\">\n<figure class=\"wp-block-image size-full is-resized gt-gsap-fadeIn\"><img decoding=\"async\" width=\"1707\" height=\"2052\" src=\"https:\/\/www.camping-des-familles.com\/wp-content\/uploads\/2025\/10\/vins-du-medoc-scaled-e1759501888678.jpg\" alt=\"weine aus dem m&#xE9;doc\" class=\"wp-image-1403\" style=\"width:auto;height:900px\" srcset=\"https:\/\/www.camping-des-familles.com\/wp-content\/uploads\/2025\/10\/vins-du-medoc-scaled-e1759501888678.jpg 1707w, https:\/\/www.camping-des-familles.com\/wp-content\/uploads\/2025\/10\/vins-du-medoc-scaled-e1759501888678-250x300.jpg 250w, https:\/\/www.camping-des-familles.com\/wp-content\/uploads\/2025\/10\/vins-du-medoc-scaled-e1759501888678-852x1024.jpg 852w, https:\/\/www.camping-des-familles.com\/wp-content\/uploads\/2025\/10\/vins-du-medoc-scaled-e1759501888678-768x923.jpg 768w, https:\/\/www.camping-des-familles.com\/wp-content\/uploads\/2025\/10\/vins-du-medoc-scaled-e1759501888678-1278x1536.jpg 1278w, https:\/\/www.camping-des-familles.com\/wp-content\/uploads\/2025\/10\/vins-du-medoc-scaled-e1759501888678-1704x2048.jpg 1704w\" sizes=\"(max-width: 1707px) 100vw, 1707px\" \/><\/figure>\n<\/div>\n<\/div>\n<\/div>\n<\/div>\n<\/section>\n\n<section class=\"wp-block-group home-fourth page-two has-custom-color-1-background-color has-background has-global-padding is-layout-constrained wp-block-group-is-layout-constrained\">\n<div class=\"wp-block-group has-global-padding is-content-justification-center is-layout-constrained wp-container-core-group-is-layout-519de150 wp-block-group-is-layout-constrained\" style=\"margin-top:0px;margin-right:0px;margin-bottom:0px;margin-left:0px\">\n<h2 class=\"wp-block-heading has-text-align-center full-width has-damirone-font-family has-base-2-color has-text-color\" style=\"margin-top:0px;margin-right:0px;margin-bottom:0px;margin-left:0px;font-size:clamp(24.034px, 1.502rem + ((1vw - 3.2px) * 1.298), 40px);font-style:normal;font-weight:400;line-height:1.2;text-transform:uppercase\"><span>Heurige und Produzenten<\/span> erwarten Sie!<\/h2>\n<\/div>\n\n\n\n<div class=\"wp-block-group has-global-padding is-content-justification-center is-layout-constrained wp-container-core-group-is-layout-8f5500b1 wp-block-group-is-layout-constrained\" style=\"margin-top:0px;margin-right:0px;margin-bottom:0px;margin-left:0px;padding-bottom:var(--wp--preset--spacing--30)\">\n<p class=\"has-text-align-center full-width has-base-2-color has-text-color has-link-color has-poppins-font-family wp-elements-2e82adf8c612e913a9c83e8aa6576f36\" style=\"margin-top:0px;margin-right:0px;margin-bottom:0px;margin-left:0px;font-size:clamp(14px, 0.875rem + ((1vw - 3.2px) * 0.325), 18px);font-style:normal;font-weight:300;line-height:1.9\">Nach einem Tag mit den F\u00fc\u00dfen im Sand an den <a href=\"https:\/\/www.camping-des-familles.com\/de\/tourismus-straende-medoc\/\" data-type=\"page\" data-id=\"48\">Str\u00e4nden in der N\u00e4he des Campingplatzes im M\u00e9doc<\/a>, lassen Sie sich von den<strong> <\/strong><a href=\"https:\/\/www.sudouest.fr\/gironde\/de-guinguettes-en-guinguettes-balade-gastronomique-en-medoc-le-long-de-l-estuaire-16385869.php\" target=\"_blank\" rel=\"noreferrer noopener nofollow\">Guinguettes am Ufer der Flussm\u00fcndung<\/a>, die <strong>M\u00e4rkte von Soulac-sur-Mer<\/strong> und <strong>Montalivet<\/strong> oder die <strong>Direktverk\u00e4ufe der Erzeuger<\/strong>. Verpassen Sie nicht die ber\u00fchmten <a href=\"https:\/\/www.medoc-atlantique.com\/sit\/noisettines-du-medoc-7202276\/\" target=\"_blank\" rel=\"noreferrer noopener nofollow\">Noisettines du M\u00e9doc<\/a>: Urspr\u00fcnglich beschlossen Edith und Michel, damals N\u00e4herin und Koch, sich mit ihren wenigen Mitteln in diesem \u00fcber 200 Jahre alten, verfallenen Weinkeller niederzulassen, um dort ihr Familienleben aufzubauen. Michel beschloss, ein <strong>altes Rezept aus dem Jahr 1649<\/strong> f\u00fcr Edith neu zu erfinden und nach vielen Versuchen mit der Haselnuss, einer Frucht, die er schon immer geliebt hat, kreierte er die <strong>Noisettine<\/strong>.<\/p>\n\n\n\n<p><\/p>\n\n\n\n<p class=\"has-text-align-center full-width has-base-2-color has-text-color has-link-color has-poppins-font-family wp-elements-b4211e4fb08d385d9e1f636d9fd9fab5\" style=\"margin-top:0px;margin-right:0px;margin-bottom:0px;margin-left:0px;font-size:clamp(14px, 0.875rem + ((1vw - 3.2px) * 0.325), 18px);font-style:normal;font-weight:300;line-height:1.9\">In Saint-Vivien-de-M\u00e9doc gibt es einen ungew\u00f6hnlichen Betrieb, der Ihre Aufmerksamkeit auf sich ziehen sollte&#8230; Hier wird eine <strong>Mikroalge<\/strong> gez\u00fcchtet, die extrem reich an Mineralien und Vitaminen ist. Welche Spirulina ist das? Die <a href=\"https:\/\/www.medoc-atlantique.com\/sit\/spiruline-de-la-pointe-dargent-7094562\/\" target=\"_blank\" rel=\"noreferrer noopener nofollow\">Spirulina<\/a>. Sie versorgt Ihren K\u00f6rper mit allen N\u00e4hrstoffen, die er ben\u00f6tigt und ist eine <strong>bemerkenswerte Pflanze<\/strong>. Lernen Sie Jo\u00ebl und Tiphaine kennen, um alle ihre Geheimnisse zu erfahren!    <\/p>\n\n\n\n<p class=\"has-text-align-center full-width has-base-2-color has-text-color has-link-color has-poppins-font-family wp-elements-f9a0467247e9839616aa9201ba849851\" style=\"margin-top:0px;margin-right:0px;margin-bottom:0px;margin-left:0px;font-size:clamp(14px, 0.875rem + ((1vw - 3.2px) * 0.325), 18px);font-style:normal;font-weight:300;line-height:1.9\">Probieren Sie den <strong>lokalen Honig<\/strong>, die <strong>Austern, die in der M\u00fcndung gez\u00fcchtet<\/strong> werden, oder die <strong>Gambas aus dem M\u00e9doc<\/strong>. Jeder Bissen erz\u00e4hlt eine Geschichte. Lust auf handwerkliche Entdeckungen? Besuchen Sie die <a href=\"https:\/\/www.nadalie.fr\/\" target=\"_blank\" rel=\"noreferrer noopener nofollow\">Tonnellerie Nadali\u00e9<\/a> in Ludon-M\u00e9doc oder die <strong>Sch\u00f6pfer von Fu\u00dfmatten<\/strong> aus recycelten Seilen in Montalivet.   <\/p>\n<\/div>\n\n\n\n<div class=\"wp-block-cover alignfull blob-image gt-gsap-fadeInUp\" style=\"min-height:80vh;aspect-ratio:unset;\"><img decoding=\"async\" width=\"2400\" height=\"1350\" class=\"wp-block-cover__image-background wp-image-1413 size-full\" alt=\"Gastronomie huitres et Vin\" src=\"https:\/\/www.camping-des-familles.com\/wp-content\/uploads\/2025\/10\/Gastronomie-huitres-et-Vin.jpg\" data-object-fit=\"cover\" srcset=\"https:\/\/www.camping-des-familles.com\/wp-content\/uploads\/2025\/10\/Gastronomie-huitres-et-Vin.jpg 2400w, https:\/\/www.camping-des-familles.com\/wp-content\/uploads\/2025\/10\/Gastronomie-huitres-et-Vin-300x169.jpg 300w, https:\/\/www.camping-des-familles.com\/wp-content\/uploads\/2025\/10\/Gastronomie-huitres-et-Vin-1024x576.jpg 1024w, https:\/\/www.camping-des-familles.com\/wp-content\/uploads\/2025\/10\/Gastronomie-huitres-et-Vin-768x432.jpg 768w, https:\/\/www.camping-des-familles.com\/wp-content\/uploads\/2025\/10\/Gastronomie-huitres-et-Vin-1536x864.jpg 1536w, https:\/\/www.camping-des-familles.com\/wp-content\/uploads\/2025\/10\/Gastronomie-huitres-et-Vin-2048x1152.jpg 2048w\" sizes=\"(max-width: 2400px) 100vw, 2400px\" \/><span aria-hidden=\"true\" class=\"wp-block-cover__background has-background-dim wp-block-cover__gradient-background has-background-gradient\" style=\"background:linear-gradient(0deg,rgb(1,1,1) 0%,rgba(0,0,0,0.34) 72%)\"><\/span><div class=\"wp-block-cover__inner-container is-layout-flow wp-block-cover-is-layout-flow\">\n<p class=\"has-text-align-center h1-like has-pp-woodland-font-family\" style=\"font-size:clamp(67.975px, 4.248rem + ((1vw - 3.2px) * 6.506), 148px);line-height:1\">Lebendige <span>Region<\/span><\/p>\n<\/div><\/div>\n<\/section>\n\n<section class=\"wp-block-group home-third page-third has-global-padding is-layout-constrained wp-block-group-is-layout-constrained\">\n<div class=\"wp-block-columns is-layout-flex wp-container-core-columns-is-layout-28f84493 wp-block-columns-is-layout-flex\">\n<div class=\"wp-block-column left is-layout-flow wp-block-column-is-layout-flow\" style=\"flex-basis:50%\">\n<div data-swiper=\"{&quot;speed&quot;:400,&quot;spaceBetween&quot;:16,&quot;slidesPerView&quot;:1,&quot;createElements&quot;:true,&quot;loop&quot;:true,&quot;freemode&quot;:true,&quot;breakpoints&quot;:[{&quot;slidesPerView&quot;:1}],&quot;pagination&quot;:false,&quot;effect&quot;:&quot;fade&quot;,&quot;navigation&quot;:false}\" class=\"wp-block-group gt-is-slider gt-is-slider-desktop is-layout-flow wp-block-group-is-layout-flow\">\n<div class=\"wp-block-group is-layout-flow wp-block-group-is-layout-flow\">\n<figure class=\"wp-block-image size-full gt-gsap-fadeIn\"><img decoding=\"async\" width=\"1373\" height=\"1200\" src=\"https:\/\/www.camping-des-familles.com\/wp-content\/uploads\/2025\/10\/route-chateaux-vins-du-Medoc.webp\" alt=\"route ch&#xE2;teaux vins du M&#xE9;doc\" class=\"wp-image-2086\" style=\"aspect-ratio:1;object-fit:cover\" srcset=\"https:\/\/www.camping-des-familles.com\/wp-content\/uploads\/2025\/10\/route-chateaux-vins-du-Medoc.webp 1373w, https:\/\/www.camping-des-familles.com\/wp-content\/uploads\/2025\/10\/route-chateaux-vins-du-Medoc-300x262.webp 300w, https:\/\/www.camping-des-familles.com\/wp-content\/uploads\/2025\/10\/route-chateaux-vins-du-Medoc-1024x895.webp 1024w, https:\/\/www.camping-des-familles.com\/wp-content\/uploads\/2025\/10\/route-chateaux-vins-du-Medoc-768x671.webp 768w\" sizes=\"(max-width: 1373px) 100vw, 1373px\" \/><\/figure>\n<\/div>\n<\/div>\n<\/div>\n\n\n\n<div class=\"wp-block-column is-vertically-aligned-center right is-layout-flow wp-block-column-is-layout-flow\" style=\"flex-basis:50%\">\n<h2 class=\"wp-block-heading\" style=\"text-transform:uppercase\">Gro\u00dfe Krusten auf der Weinstra\u00dfe <span>des M\u00e9doc<\/span><\/h2>\n\n\n\n<p class=\"has-custom-color-3-color has-text-color has-link-color wp-elements-08cd6735e229159adaccc66b1c611a31\" style=\"line-height:1.9\">Fahren Sie auf der ber\u00fchmten Weinstra\u00dfe des M\u00e9doc, auch bekannt als <a href=\"https:\/\/www.winalist.fr\/blog\/vignobles-france\/vignoble-bordeaux\/route-des-vins-medoc?srsltid=AfmBOoo3KiryQzCrPd8ZfCZX1JGCT9TgQsYugBKDGqYlXQXqtkPrJMzf\" target=\"_blank\" rel=\"noreferrer noopener nofollow\">Route des Ch\u00e2teaux<\/a>, und entdecken Sie die ber\u00fchmten <strong>Weing\u00fcter zwischen Margaux<\/strong> und <strong>Verdon-sur-Mer<\/strong>. Diese emblematische Route erstreckt sich <strong>\u00fcber mehr als 80 km zwischen Bordeaux und Pointe de Grave<\/strong> in der Gironde. Sie bietet Weinliebhabern die Gelegenheit, einige der<strong> prestigetr\u00e4chtigsten Weing\u00fcter der Welt<\/strong> zu entdecken, wie die ber\u00fchmten Schl\u00f6sser Pauillac, Saint-Julien oder Saint-Est\u00e8phe. Es ist empfehlenswert, die Route <strong>von Norden nach S\u00fcden zu<\/strong> fahren, besonders im Sommer, um private Besuche auf den Weing\u00fctern zu genie\u00dfen. Auf Ihrem Weg genie\u00dfen Sie die <strong>abwechslungsreiche Landschaft<\/strong> zwischen <strong>Weinbergen<\/strong>, <strong>W\u00e4ldern <\/strong>und den <strong>Ufern der Gironde-M\u00fcndung <\/strong>. All dies, w\u00e4hrend Sie die<strong>Geschichte und das Know-how der Grands Crus des M\u00e9doc<\/strong> entdecken.  <\/p>\n\n\n\n<p class=\"has-custom-color-3-color has-text-color has-link-color wp-elements-51037780194990c5f9470a5796d0dc07\" style=\"line-height:1.9\">Weinproben, Besichtigungen von Weinkellern, Spazierg\u00e4nge durch die Weinberge&#8230; Dies ist ein <strong>Muss <\/strong>f\u00fcr Liebhaber gro\u00dfer Weine.  <\/p>\n<\/div>\n<\/div>\n<\/section>\n\n<section class=\"wp-block-group home-third bis has-global-padding is-layout-constrained wp-block-group-is-layout-constrained\">\n<div class=\"wp-block-columns is-layout-flex wp-container-core-columns-is-layout-28f84493 wp-block-columns-is-layout-flex\">\n<div class=\"wp-block-column is-vertically-aligned-center right is-layout-flow wp-block-column-is-layout-flow\" style=\"flex-basis:50%\">\n<h2 class=\"wp-block-heading has-text-align-left full-width has-damirone-font-family has-custom-color-1-color has-text-color\" style=\"margin-top:0px;margin-right:0px;margin-bottom:0px;margin-left:0px;padding-bottom:var(--wp--preset--spacing--20);font-size:clamp(28.836px, 1.802rem + ((1vw - 3.2px) * 1.721), 50px);font-style:normal;font-weight:400;line-height:1.2;text-transform:uppercase\">Familienbesuche <span>, um Handwerker zu treffen<\/span><\/h2>\n\n\n\n<p class=\"has-custom-color-3-color has-text-color has-link-color wp-elements-2a261988a9fb6a97146f475e29c3929e\" style=\"line-height:1.9\">Neben den Verkostungen bieten mehrere Websites auch die M\u00f6glichkeit, sich \u00fcber die Geschichte des Landes zu informieren.<strong> <\/strong><a href=\"https:\/\/www.lesgrappes.com\/vignerons\" target=\"_blank\" rel=\"noreferrer noopener nofollow\">P\u00e4dagogische F\u00fchrungen <\/a>f\u00fcr Kinder und Erwachsene Lernen Sie, die <strong>Aromen eines Weins<\/strong> zu erkennen, erfahren Sie, <strong>wie ein Fass entsteht<\/strong>, oder nehmen Sie an einem <strong>Kochworkshop<\/strong> teil. Diese Form des Tourismus auf der Weinstra\u00dfe im M\u00e9doc ist f\u00fcr <strong>Genie\u00dfer <\/strong>und <strong>neugierige Familien<\/strong> gleicherma\u00dfen geeignet. Wenn Sie lieber mit der ganzen Familie lachen und Spa\u00df haben m\u00f6chten, gibt es in <a href=\"https:\/\/www.camping-des-familles.com\/de\/sportliche-aktivitaten-medoc\/\" data-type=\"page\" data-id=\"54\">der N\u00e4he von Soulac-sur-Mer zahlreiche Sportm\u00f6glichkeiten<\/a>.<\/p>\n<\/div>\n\n\n\n<div class=\"wp-block-column left is-layout-flow wp-block-column-is-layout-flow\" style=\"flex-basis:50%\">\n<div class=\"wp-block-group is-layout-flow wp-block-group-is-layout-flow\">\n<div class=\"wp-block-group is-layout-flow wp-block-group-is-layout-flow\">\n<figure class=\"wp-block-image size-full is-resized gt-gsap-fadeIn\"><img decoding=\"async\" width=\"1203\" height=\"1280\" src=\"https:\/\/www.camping-des-familles.com\/wp-content\/uploads\/2025\/10\/Gastronomie13-vin-e1759502367171.jpg\" alt=\"  Weinfass Medoc  \" class=\"wp-image-1423\" style=\"width:auto;height:900px\" srcset=\"https:\/\/www.camping-des-familles.com\/wp-content\/uploads\/2025\/10\/Gastronomie13-vin-e1759502367171.jpg 1203w, https:\/\/www.camping-des-familles.com\/wp-content\/uploads\/2025\/10\/Gastronomie13-vin-e1759502367171-282x300.jpg 282w, https:\/\/www.camping-des-familles.com\/wp-content\/uploads\/2025\/10\/Gastronomie13-vin-e1759502367171-962x1024.jpg 962w, https:\/\/www.camping-des-familles.com\/wp-content\/uploads\/2025\/10\/Gastronomie13-vin-e1759502367171-768x817.jpg 768w\" sizes=\"(max-width: 1203px) 100vw, 1203px\" \/><\/figure>\n<\/div>\n<\/div>\n<\/div>\n<\/div>\n<\/section>\n\n<section class=\"wp-block-group page-maillage has-global-padding is-layout-constrained wp-block-group-is-layout-constrained\">\n<div class=\"wp-block-group is-horizontal is-layout-flex wp-container-core-group-is-layout-1b39ef27 wp-block-group-is-layout-flex\">\n<figure class=\"wp-block-image size-large\" style=\"margin-top:0px;margin-right:0px;margin-bottom:0px;margin-left:0px\"><img decoding=\"async\" width=\"63\" height=\"94\" src=\"https:\/\/www.camping-des-familles.com\/wp-content\/uploads\/2025\/09\/Vector-24.svg\" alt=\"Vector (24)\" class=\"wp-image-653\" style=\"object-fit:cover\"\/><\/figure>\n\n\n\n<div class=\"wp-block-group h1-like has-custom-color-1-color has-text-color has-link-color wp-elements-ff6ff53c93e9cea63fac01e266117cf4 has-global-padding is-layout-constrained wp-block-group-is-layout-constrained\">\n<p class=\"has-custom-color-3-color has-text-color has-link-color has-pp-woodland-font-family wp-elements-283410e1523dcf356f9301c01d4ff21b\" style=\"font-size:clamp(52.9px, 3.306rem + ((1vw - 3.2px) * 4.398), 107px);font-style:normal;font-weight:200;text-transform:uppercase\">Entdecken Sie<br\/><span>Kulturerbe, Sport und Str\u00e4nde<\/span><\/p>\n<\/div>\n<\/div>\n\n\n\n<div class=\"wp-block-query is-layout-flow wp-block-query-is-layout-flow\"><ul class=\"animated fadeInUp wp-block-post-template is-layout-flow wp-block-post-template-is-layout-flow\"><li class=\"wp-block-post post-2430 page type-page status-publish has-post-thumbnail hentry\">\n\n<figure class=\"wp-block-image\"><img decoding=\"async\" src=\"https:\/\/www.camping-des-familles.com\/wp-content\/uploads\/2025\/10\/kayak_activites.jpg\" alt=\"Sportliche Aktivit\u00e4ten\"\/><\/figure>\n\n\n\n<p class=\"has-text-align-center has-base-2-color has-text-color has-link-color has-pp-woodland-font-family wp-elements-6ced9490183e5f4edfb72dbec622f35f\" style=\"font-size:clamp(18.959px, 1.185rem + ((1vw - 3.2px) * 0.898), 30px);text-transform:uppercase\">Sportliche Aktivit\u00e4ten<\/p>\n\n\n<a class=\"is-style-lien-cover wp-block-read-more\" href=\"https:\/\/www.camping-des-familles.com\/de\/sportliche-aktivitaten-medoc\/\" target=\"_self\">Weiterlesen<span class=\"screen-reader-text\">: Sportliche Aktivit\u00e4ten<\/span><\/a>\n<\/li><li class=\"wp-block-post post-2481 page type-page status-publish has-post-thumbnail hentry\">\n\n<figure class=\"wp-block-image\"><img decoding=\"async\" src=\"https:\/\/www.camping-des-familles.com\/wp-content\/uploads\/2025\/10\/vue-aerienne-ocean-plage.jpg\" alt=\"Die Str\u00e4nde\"\/><\/figure>\n\n\n\n<p class=\"has-text-align-center has-base-2-color has-text-color has-link-color has-pp-woodland-font-family wp-elements-6ced9490183e5f4edfb72dbec622f35f\" style=\"font-size:clamp(18.959px, 1.185rem + ((1vw - 3.2px) * 0.898), 30px);text-transform:uppercase\">Die Str\u00e4nde<\/p>\n\n\n<a class=\"is-style-lien-cover wp-block-read-more\" href=\"https:\/\/www.camping-des-familles.com\/de\/tourismus-straende-medoc\/\" target=\"_self\">Weiterlesen<span class=\"screen-reader-text\">: Die Str\u00e4nde<\/span><\/a>\n<\/li><li class=\"wp-block-post post-2608 page type-page status-publish has-post-thumbnail hentry\">\n\n<figure class=\"wp-block-image\"><img decoding=\"async\" src=\"https:\/\/www.camping-des-familles.com\/wp-content\/uploads\/2025\/10\/Soulac-sur-Mer.jpg\" alt=\"Kulturerbe und Kultur\"\/><\/figure>\n\n\n\n<p class=\"has-text-align-center has-base-2-color has-text-color has-link-color has-pp-woodland-font-family wp-elements-6ced9490183e5f4edfb72dbec622f35f\" style=\"font-size:clamp(18.959px, 1.185rem + ((1vw - 3.2px) * 0.898), 30px);text-transform:uppercase\">Kulturerbe und Kultur<\/p>\n\n\n<a class=\"is-style-lien-cover wp-block-read-more\" href=\"https:\/\/www.camping-des-familles.com\/de\/kulturerbe-kultur-medoc\/\" target=\"_self\">Weiterlesen<span class=\"screen-reader-text\">: Kulturerbe und Kultur<\/span><\/a>\n<\/li><\/ul><\/div>\n<\/section>\n","protected":false},"excerpt":{"rendered":"<p>Entdeckung des lokalen Know-hows im M\u00e9doc Unsere Region ist auch ein Land der Aromen, der Traditionen, des Kulturerbes und der Kultur des M\u00e9doc. W\u00e4hrend Ihres Aufenthalts auf dem Campingplatz in der N\u00e4he von Soulac-sur-Mer k\u00f6nnen Sie die \u00f6rtlichen Handwerker und Produzenten kennen lernen und sich auf eine kulinarische Reise begeben. Prestigetr\u00e4chtige Weine, Meeresfr\u00fcchte, s\u00fc\u00dfe Leckereien [&hellip;]<\/p>\n","protected":false},"author":1,"featured_media":1400,"parent":0,"menu_order":0,"comment_status":"closed","ping_status":"closed","template":"","meta":{"_acf_changed":false,"_seopress_robots_primary_cat":"","_seopress_titles_title":"Weinstra\u00dfe des M\u00e9doc I Entdecken Sie die Gastronomie des M\u00e9doc","_seopress_titles_desc":"Entdecken Sie die Gastronomie und die Weine des M\u00e9doc vom Camping des Familles in der N\u00e4he von Soulac-sur-Mer aus: Verkostungen, M\u00e4rkte, Austern, Noisettines und die Route der Grands Crus.","_seopress_robots_index":"","_gt_ctv_global_id":"14469","_gt_ctv_id_group":false,"inline_featured_image":false,"gt_fse_maillage_image":"https:\/\/www.camping-des-familles.com\/wp-content\/uploads\/2025\/10\/Gastronomie-et-vins-scaled.jpg","gt_fse_maillage_titre":"Gastronomie und Wein","gt_fse_maillage_alt":"Gastronomie und Wein","gt_fse_maillage_resume":"","_gt_maillage_image":0,"_gt_maillage_video":0,"_gt_maillage_title":"","footnotes":""},"categories":[],"tags":[],"class_list":["post-2427","page","type-page","status-publish","has-post-thumbnail","hentry"],"acf":[],"_links":{"self":[{"href":"https:\/\/www.camping-des-familles.com\/de\/wp-json\/wp\/v2\/pages\/2427","targetHints":{"allow":["GET"]}}],"collection":[{"href":"https:\/\/www.camping-des-familles.com\/de\/wp-json\/wp\/v2\/pages"}],"about":[{"href":"https:\/\/www.camping-des-familles.com\/de\/wp-json\/wp\/v2\/types\/page"}],"author":[{"embeddable":true,"href":"https:\/\/www.camping-des-familles.com\/de\/wp-json\/wp\/v2\/users\/1"}],"replies":[{"embeddable":true,"href":"https:\/\/www.camping-des-familles.com\/de\/wp-json\/wp\/v2\/comments?post=2427"}],"version-history":[{"count":21,"href":"https:\/\/www.camping-des-familles.com\/de\/wp-json\/wp\/v2\/pages\/2427\/revisions"}],"predecessor-version":[{"id":4246,"href":"https:\/\/www.camping-des-familles.com\/de\/wp-json\/wp\/v2\/pages\/2427\/revisions\/4246"}],"wp:featuredmedia":[{"embeddable":true,"href":"https:\/\/www.camping-des-familles.com\/de\/wp-json\/wp\/v2\/media\/1400"}],"wp:attachment":[{"href":"https:\/\/www.camping-des-familles.com\/de\/wp-json\/wp\/v2\/media?parent=2427"}],"wp:term":[{"taxonomy":"category","embeddable":true,"href":"https:\/\/www.camping-des-familles.com\/de\/wp-json\/wp\/v2\/categories?post=2427"},{"taxonomy":"post_tag","embeddable":true,"href":"https:\/\/www.camping-des-familles.com\/de\/wp-json\/wp\/v2\/tags?post=2427"}],"curies":[{"name":"wp","href":"https:\/\/api.w.org\/{rel}","templated":true}]}}